{"id":6840,"date":"2025-07-28T08:45:21","date_gmt":"2025-07-28T06:45:21","guid":{"rendered":"https:\/\/sdf.hr\/nada\/vrt-dobre-nade\/"},"modified":"2025-07-28T08:48:26","modified_gmt":"2025-07-28T06:48:26","slug":"vrt-dobre-nade","status":"publish","type":"nada","link":"https:\/\/sdf.hr\/hr\/nada\/vrt-dobre-nade\/","title":{"rendered":"Vrt dobre Nade"},"content":{"rendered":"<p>Ima dana u kojima ve\u0161ma\u0161ina <strong>Nade \u0160imuni\u0107 <\/strong>ne prestaje raditi. Obi\u010dno se to desi kad se Nada spusti do obale Kupe pa otamo pokupi mokru odje\u0107u. Pripadala je ljudima u pokretu, migrantima koji su u potrazi za boljim \u017eivotom, rodbinom ili prijateljima uspjeli preplivati rijeku i tako prije\u0107i hrvatsko-slovensku granicu. Kupa ovdje, u selu Vukovci, smje\u0161tenom u slovenskoj op\u0107ini \u010crnomelj, protje\u010de to\u010dno ispod Nadine ku\u0107e. Nakon \u0161to temeljito probere robu, ova 70-godi\u0161njakinja izdvaja nosive komade. Opere ih, osu\u0161i, doda vi\u0161kove koje njen sin vi\u0161e ne nosi i naposljetku slo\u017ei u kartonsku kutiju. Odlo\u017eit \u0107e je na policu u vrtu kako bi se oni koji prije\u0111u Kupu mogli presvu\u0107i.<\/p>\n<p>&#8211; Recimo, vidjela sam dvojicu kako hodaju po ki\u0161i, bili su jako mr\u0161avi i skroz mokri. Pozvala sam ih, dala im da se presvuku i ne\u0161to za pojesti. Nekad bi se desilo da do\u0111u, a ja im nemam \u0161to za ponuditi pa sam se poslije nau\u010dila i po\u010dela kupovati zalihe sira, tosta ili dvopeka, za nek&#8217; se na\u0111e. Sad i u autu uvijek imam vode i ne\u0161to hrane u slu\u010daju da ih sretnem na cesti \u2013 obja\u0161njava Nada \u0160imuni\u0107.<\/p>\n<p>Budu\u0107i da \u017eivi na granici, na\u0161a sugovornica prakti\u010dki iz dvori\u0161ta svjedo\u010di posljedicama migracijske politike Europske unije: paljenju i ga\u0161enju Schengena, kretanju ljudi, nadlijetanju grani\u010darskih helikoptera i dronova, postupanju policije, migrantskim patnjama, pa i smrtima.<\/p>\n<p>&#8211; To su obespravljeni ljudi, nisu oni krivi \u0161to se ove dr\u017eave nisu mogle dogovoriti i napraviti neki razuman plan. \u0160teta je \u0161to ta, kao, napredna Europa, nije uspjela osmisliti neku normalnu obradu, postupati humano prema njima. A ne da oni moraju tako i\u0107i najte\u017eim mogu\u0107im putevima, birati strme, nesigurne stazice, planine, \u0161ikare, plivati po rijekama, povla\u010diti se ispod slapova, pa i hodati kroz minska polja \u2013 govori Nada.<\/p>\n<p>U svemu tome, ka\u017ee, najte\u017ee joj pada \u0161to se naj\u010de\u0161\u0107e radi o mladim ljudima i \u0161to rijetko tko shva\u0107a da su i oni ne\u010dija djeca.<\/p>\n<p>&#8211; Mo\u017ee\u0161 gledati na to sve kao da te se ne ti\u010de, a mo\u017ee\u0161 i izabrati biti \u010dovjek. Ljudske vrijednosti se znaju, \u010dovjek \u010dovjeku treba biti most, a ne vuk. Uostalom, ne smijemo zaboraviti na solidarnost \u2013 poentira umirovljenica, koja je ve\u0107i dio radnog vijeka provela u Zagrebu.<\/p>\n<p>U rodne Vukovce se vratila nakon odlaska u mirovinu, do koje je radila na administrativnim poslovima i u bolnici. Na vrhuncu Pokreta nesvrstanih, preko zagreba\u010dke Geotehnike, \u0161est je godina sa suprugom bila anga\u017eirana i na pomo\u0107i afri\u010dkim zemljama u razvoju. Zbog iskustva \u017eivota u Sudanu i Libiji, ka\u017ee, vrlo dobro zna kako funkcioniraju afri\u010dka dru\u0161tva.<\/p>\n<p>&#8211; Sudan je jako siroma\u0161na dr\u017eava, ali \u0107e tamo ljudi podijeliti s tobom i ono najmanje \u0161to imaju. Na\u0161i ljudi su ne\u0161to drugo \u2013 ako imaju vi\u0161ak, radije \u0107e ga baciti nego dati drugome. A ja ne pristajem na to. Jednostavno ne mogu gledati kako netko gladuje, smrzava se, umire, a da mu ne pomognem. Za\u0161to ne bih dala ako imam dovoljno svega? Pa pomagala sam i ljudima u ratu 1990-ih i nakon svega mi ni\u0161ta ne fali \u2013 govori Nada \u0160imuni\u0107, koja je po novome i glavna protagonistkinja filma &#8220;Suha roba&#8221;.<\/p>\n<figure id=\"attachment_6836\" aria-describedby=\"caption-attachment-6836\" style=\"width: 2560px\" class=\"wp-caption alignnone\"><img loading=\"lazy\" decoding=\"async\" class=\"wp-image-6836 size-full\" src=\"https:\/\/sdf.hr\/wp-content\/uploads\/2025\/07\/Nada-i-Toni_Tamara-Opacic-scaled.jpg\" alt=\"\" width=\"2560\" height=\"1667\" srcset=\"https:\/\/sdf.hr\/wp-content\/uploads\/2025\/07\/Nada-i-Toni_Tamara-Opacic-scaled.jpg 2560w, https:\/\/sdf.hr\/wp-content\/uploads\/2025\/07\/Nada-i-Toni_Tamara-Opacic-300x195.jpg 300w, https:\/\/sdf.hr\/wp-content\/uploads\/2025\/07\/Nada-i-Toni_Tamara-Opacic-1024x667.jpg 1024w, https:\/\/sdf.hr\/wp-content\/uploads\/2025\/07\/Nada-i-Toni_Tamara-Opacic-768x500.jpg 768w, https:\/\/sdf.hr\/wp-content\/uploads\/2025\/07\/Nada-i-Toni_Tamara-Opacic-1536x1000.jpg 1536w, https:\/\/sdf.hr\/wp-content\/uploads\/2025\/07\/Nada-i-Toni_Tamara-Opacic-2048x1334.jpg 2048w\" sizes=\"auto, (max-width: 2560px) 100vw, 2560px\" \/><figcaption id=\"caption-attachment-6836\" class=\"wp-caption-text\">Nada \u0160imuni\u0107 i Toni Jeleni\u0107 (Foto: Tamara Opa\u010di\u0107)<\/figcaption><\/figure>\n<p>Radi se o kratkom dokumentarcu redatelja <strong>Tonija Jeleni\u0107a<\/strong>, premijerno prikazanom na ovogodi\u0161njem izdanju Pula film festivala. Kad je Toni saznao za Nadu, odmah ga je zaintrigirala njena pri\u010da. Njeni naoko jednostavni postupci, govori redatelj, jaka su metafora, utjelovljenje ljudske dobrote.<\/p>\n<p>&#8211; Fasciniralo me i \u0161to je Nada kroz pranje, su\u0161enje i dijeljenje odba\u010dene robe posve\u0107ena recikla\u017ei, pretvaranju onoga \u0161to je za jedne sme\u0107e u blago za druge te \u0161to tako vra\u0107a ljudskost onima koji su zaboravljeni. No prije svega me fasciniralo to \u0161to uop\u0107e postoji osoba koja svoje slobodno vrijeme, umirovljeni\u010dke dane, provodi na takav na\u010din umjesto da, recimo, stalno gleda televiziju \u2013 obja\u0161njava Toni Jeleni\u0107.<\/p>\n<p>Redatelj dodaje kako mu je bilo va\u017eno da kroz Nadin portret ispri\u010da pri\u010du o migrantskim sudbinama, a da pritom ne postupi prvolopta\u0161ki, odnosno da ne prika\u017ee same ljude u pokretu, dramati\u010dne situacije kojima su izlo\u017eeni na migrantskim rutama.<\/p>\n<p>&#8211; Kad smo se nas dvoje upoznali, shvatio sam da moram snimiti taj film jer se naprosto sve poklopilo \u2013 od estetskih normi, filmskog narativa do ljudske pri\u010de. I jo\u0161 se na sve to ona zove Nada \u2013 isti\u010de Toni.<\/p>\n<p>S nedavnom premijerom u Puli, &#8220;Suha roba&#8221; je tek zapo\u010dela svoj festivalski put, a Nada i Toni pri\u017eeljkuju da film pogleda \u0161to vi\u0161e ljudi.<\/p>\n<p>&#8211; Mo\u017eda ih &#8220;Suha roba&#8221; inspirira da potra\u017ee dobrotu u sebi. Ako nekoga potaknemo da barem malo promisli o svom odnosu prema drugima, o solidarnosti, ve\u0107 smo puno napravili \u2013 isti\u010de Nada \u0160imuni\u0107.<\/p>\n<p>Daleko od festivalske vreve, Nada nastavlja tamo gdje je stala. Okru\u017eeni umiruju\u0107im zelenilom u dvori\u0161tu ispred njene ku\u0107e razgovaramo o migracijama. Varaju se oni koji tvrde da se ljudi u pokretu na tako riskantna putovanja daju iz obijesti. Ili oni koji pak misle da se radi o planiranom hiru, s ciljem realizacije rasisti\u010dkih fantazija o &#8220;zamijeni stanovni\u0161tva&#8221;. Migracije su potreba, pojava koja je, stara koliko i samo \u010dovje\u010danstvo, konstatiramo. Utoliko svim onima koji se daju na takav put ni rijeka Kupa ne predstavlja od ju\u010der riskantnu prepreku.<\/p>\n<p>Bio je maj 1999. godine kad je Nada u svom dvori\u0161tu po prvi put uo\u010dila tragove takvih prelazaka. U \u0161ikari iza ku\u0107e, prisje\u0107a se, tad je prona\u0161la odba\u010denu zemljopisnu kartu. Naknadno je saznala da je pripadala intelektualcu, politi\u010dkom migrantu iz Irana koji se preko Slovenije poku\u0161ao domo\u0107i zapada Europe.<\/p>\n<p>&#8211; Policija ga je lovila tu po mom vrtu, njihovi psi su mi pogazili svu travu. Prvo im je uspio pobje\u0107i, ali se onda odlu\u010dio kretati prema svjetlima, misle\u0107i da ide prema gradu. Zapravo je i\u0161ao prema grani\u010dnom prijelazu, upao je u zamku gdje su ga na kraju uhvatili. Nakon toga je vra\u0107en u Hrvatsku, u centar za strance Je\u017eevo \u2013 govori umirovljenica.<\/p>\n<p>Nadini susreti s policijom zaredali su se posljednjih godina, kad se za stalno vratila u Vukovce. Jednom se, ka\u017ee, i posva\u0111ala s njima.<\/p>\n<p>&#8211; Vozila sam se prema izlazu iz sela i ugledala mla\u0111eg \u010dovjeka, Afganistanca. Bio je bos, modrih nogu, sav potrgan i mokar pa sam ga autom dopeljala do ku\u0107e i dala mu suhu robu. Odjednom su se pojavila dva policajca i tri vojnika. Sko\u010dili su tu na njega, \u010dak su potegli pi\u0161tolj. Pitala sam ih \u010demu takvo postupanje. Jeste li vi Gestapo? Pa od koga se vi, kao, branite? Od golorukog, ranjenog \u010dovjeka? \u2013 pri\u010da Nada uzrujano.<\/p>\n<p>&#8211; Nije mi jasno kako netko mo\u017ee biti tako okrutan prema ijednom \u017eivom bi\u0107u. Pa sve i da ga ne poznaje\u0161, sutra se u takvoj situaciji mo\u017ee na\u0107i tvoj ro\u0111ak, tvoj brat. Da ne govorimo o svim onim majkama koje vi\u0161e nikada ne\u0107e vidjeti svoju djecu jer su se utopila u Kupi \u2013 dodaje ona.<\/p>\n<figure id=\"attachment_6838\" aria-describedby=\"caption-attachment-6838\" style=\"width: 1920px\" class=\"wp-caption alignnone\"><img loading=\"lazy\" decoding=\"async\" class=\"wp-image-6838 size-full\" src=\"https:\/\/sdf.hr\/wp-content\/uploads\/2025\/07\/Suha-roba.png\" alt=\"\" width=\"1920\" height=\"1080\" srcset=\"https:\/\/sdf.hr\/wp-content\/uploads\/2025\/07\/Suha-roba.png 1920w, https:\/\/sdf.hr\/wp-content\/uploads\/2025\/07\/Suha-roba-300x169.png 300w, https:\/\/sdf.hr\/wp-content\/uploads\/2025\/07\/Suha-roba-1024x576.png 1024w, https:\/\/sdf.hr\/wp-content\/uploads\/2025\/07\/Suha-roba-768x432.png 768w, https:\/\/sdf.hr\/wp-content\/uploads\/2025\/07\/Suha-roba-1536x864.png 1536w, https:\/\/sdf.hr\/wp-content\/uploads\/2025\/07\/Suha-roba-820x460.png 820w\" sizes=\"auto, (max-width: 1920px) 100vw, 1920px\" \/><figcaption id=\"caption-attachment-6838\" class=\"wp-caption-text\">Scena iz filma &#8220;Suha roba&#8221;<\/figcaption><\/figure>\n<p>Prema dostupnim podacima, na teritoriju Slovenije je od 2016. godine smrtno stradalo najmanje 48 migranata, dok je stvaran broj vjerojatno daleko ve\u0107i. Nepoznato je koliko ih se to\u010dno utopilo u Kupi, a dio tijela jo\u0161 uvijek nije prona\u0111en. S vremenom ih rijeka zna izbaciti na obalu. Tada se selom pro\u0161iri neugodan miris, govori Nada, \u010diji su sin <strong>Filip<\/strong> i partner <strong>Marijan<\/strong>, koji pritom nije najbolji pliva\u010d, u nekoliko navrata uskakali u Kupu kako bi pomogli unesre\u0107enima. To se desilo i 6. septembra pro\u0161le godine, ve\u010der prije Filipovog ro\u0111endana.<\/p>\n<p>&#8211; Taman smo iznijeli ve\u010deru tu vani na stol i za\u010duli neke glasove. Mislila sam da se ljudi kupaju dolje, ali mi je isto bilo nekako \u010dudno pa sam brzo sko\u010dila do rijeke. Kako je Kupa na tom dijelu prozirna, odmah sam vidjela tijelo na dnu. Sa svake strane rijeke plakao je po jedan mu\u0161karac. Vrisnula sam i pozvala sina \u2013 govori Nada \u0160imuni\u0107.<\/p>\n<p>&#8211; On je usko\u010dio, izronio ga i onda smo ga jedva izvukli van jer je obala na tom dijelu visoka. Odmah smo pozvali pomo\u0107, ubrzo su stigli vatrogasci i hitna i stvarno su se trudili, ali ga na kraju nisu uspjeli spasiti \u2013 nastavlja Nada dok iz futrole mobitela vadi papiri\u0107 s podacima o preminulom mladi\u0107u. Bio je to 23-godi\u0161nji <strong>Muhamed<\/strong> iz Maroka. Tijelo mu je na kraju vra\u0107eno u rodnu zemlju.<\/p>\n<p>Suo\u010dena sa smrtima prakti\u010dki na ku\u0107nom pragu, Nada isti\u010de da je ljuti kad ljudi za razli\u010dite neda\u0107e koje ih zadese krive migrante. Ka\u017ee da se obi\u010dno radi o zlonamjernim optu\u017ebama bez ikakvog upori\u0161ta u realnosti.<\/p>\n<p>&#8211; Gdje god da se ne\u0161to dogodi, njih odmah proglase krivima. A ja znam da nisu. Jer ako su igdje i\u0161ta mogli napraviti, mogli su tu kod mene. Kad je toplo, stalno mi je otvoren prozor. Uostalom, \u010desto me nema doma, odem do Pule, i mogli su mi slobodno upasti u ku\u0107u koja je na osami, a nikad nisu. Oni se \u017eure i nemaju vremena da se bave takvim glupostima, provaljivanjem i razbijanjem \u2013 pri\u010da ona.<\/p>\n<p>&#8211; Bio mi je u posjeti jedan ro\u0111ak iz Gorskog kotara i kad je vidio svu tu robu koju im dajem rekao je kako kod mene &#8220;o\u010dito dolaze neki drugi, pristojni migranti&#8221;. Ne, to su isti migranti, samo je nekom tamo kod vas po volji da ih okrivi. Pa hej, ti ljudi su me pitali smiju li ubrati jabuku sa stabla. Mo\u017eda sam svih ovih godina vidjela da su iz vrta uzeli paradajz ili papriku. Pa hvala Bogu da su uzeli \u2013 dodaje Nada.<\/p>\n<p>Ka\u017ee da u Vukovcima i okolici ima jo\u0161 ljudi koji su se solidarizirali te da je \u017ealosti \u0161to selo s godinama postaje sve pustije. Puno je, govori, praznih ku\u0107a i neobra\u0111ene zemlje, a zbog nedostatka stanovni\u0161tva te\u0161ko je i prona\u0107i osobu koja \u0107e joj po razumnoj cijeni pokositi oku\u0107nicu.<\/p>\n<p>&#8211; Istodobno Europska unija nema nikakav plan za ljude koji ovuda prolaze. Grupira ih po nekakvim centrima umjesto da ih se pusti, pa da normalno \u017eive i po selima, rasporede se, da nau\u010de jezik, posao i da na kraju rade. Svima bi nam bilo dobro \u2013 poentira ona.<\/p>\n<p>&#8211; Me\u0111utim, ovaj svijet kao da ide svome kraju. Danas jedino vrijede bogatstvo i skupi auti, skoro nikog nije briga za moralne vrijednosti. Pa zar to nije \u017ealosno, \u0161tetno? A zapravo bi trebali biti sretni ako nekome pomognete. To je ono \u0161to mene \u010dini zadovoljnom, to je tako lijep osje\u0107aj. Tako sam i sina odgajala. I na kraju dana mi je najva\u017enije to \u0161to je on ispao dobar \u010dovjek \u2013 zaklju\u010duje Nada \u0160imuni\u0107.<\/p>\n<p><em>pi\u0161e Tamara Opa\u010di\u0107<\/em><\/p>\n","protected":false},"excerpt":{"rendered":"<p>Jednostavno ne mogu gledati kako netko gladuje, smrzava se, umire, a da mu ne pomognem, govori umirovljenica Nada \u0160imuni\u0107. Migranti koji prije\u0111u Kupu na\u0107i \u0107e suhu odje\u0107u i hranu u njenom vrtu. Dokumentarac Tonija Jeleni\u0107a o Nadi imao je premijeru na Pula film festivalu<\/p>\n","protected":false},"featured_media":6835,"template":"","tags":[136],"atribut":[],"class_list":["post-6840","nada","type-nada","status-publish","has-post-thumbnail","hentry","tag-portret"],"acf":[],"yoast_head":"<!-- This site is optimized with the Yoast SEO plugin v27.4 - https:\/\/yoast.com\/product\/yoast-seo-wordpress\/ -->\n<title>Vrt dobre Nade - SDF - Srpski demokratski forum<\/title>\n<meta name=\"robots\" content=\"index, follow, max-snippet:-1, max-image-preview:large, max-video-preview:-1\" \/>\n<link rel=\"canonical\" href=\"https:\/\/sdf.hr\/hr\/nada\/vrt-dobre-nade\/\" \/>\n<meta property=\"og:locale\" content=\"hr_HR\" \/>\n<meta property=\"og:type\" content=\"article\" \/>\n<meta property=\"og:title\" content=\"Vrt dobre Nade - SDF - Srpski demokratski forum\" \/>\n<meta property=\"og:description\" content=\"Jednostavno ne mogu gledati kako netko gladuje, smrzava se, umire, a da mu ne pomognem, govori umirovljenica Nada \u0160imuni\u0107. Migranti koji prije\u0111u Kupu na\u0107i \u0107e suhu odje\u0107u i hranu u njenom vrtu. Dokumentarac Tonija Jeleni\u0107a o Nadi imao je premijeru na Pula film festivalu\" \/>\n<meta property=\"og:url\" content=\"https:\/\/sdf.hr\/hr\/nada\/vrt-dobre-nade\/\" \/>\n<meta property=\"og:site_name\" content=\"SDF - Srpski demokratski forum\" \/>\n<meta property=\"article:modified_time\" content=\"2025-07-28T06:48:26+00:00\" \/>\n<meta property=\"og:image\" content=\"https:\/\/sdf.hr\/wp-content\/uploads\/2025\/07\/Nada_Tamara-Opacic-scaled.jpg\" \/>\n\t<meta property=\"og:image:width\" content=\"2560\" \/>\n\t<meta property=\"og:image:height\" content=\"1718\" \/>\n\t<meta property=\"og:image:type\" content=\"image\/jpeg\" \/>\n<meta name=\"twitter:card\" content=\"summary_large_image\" \/>\n<meta name=\"twitter:label1\" content=\"Procijenjeno vrijeme \u010ditanja\" \/>\n\t<meta name=\"twitter:data1\" content=\"9 minuta\" \/>\n<script type=\"application\/ld+json\" class=\"yoast-schema-graph\">{\"@context\":\"https:\\\/\\\/schema.org\",\"@graph\":[{\"@type\":\"WebPage\",\"@id\":\"https:\\\/\\\/sdf.hr\\\/hr\\\/nada\\\/vrt-dobre-nade\\\/\",\"url\":\"https:\\\/\\\/sdf.hr\\\/hr\\\/nada\\\/vrt-dobre-nade\\\/\",\"name\":\"Vrt dobre Nade - SDF - Srpski demokratski forum\",\"isPartOf\":{\"@id\":\"https:\\\/\\\/sdf.hr\\\/#website\"},\"primaryImageOfPage\":{\"@id\":\"https:\\\/\\\/sdf.hr\\\/hr\\\/nada\\\/vrt-dobre-nade\\\/#primaryimage\"},\"image\":{\"@id\":\"https:\\\/\\\/sdf.hr\\\/hr\\\/nada\\\/vrt-dobre-nade\\\/#primaryimage\"},\"thumbnailUrl\":\"https:\\\/\\\/sdf.hr\\\/wp-content\\\/uploads\\\/2025\\\/07\\\/Nada_Tamara-Opacic-scaled.jpg\",\"datePublished\":\"2025-07-28T06:45:21+00:00\",\"dateModified\":\"2025-07-28T06:48:26+00:00\",\"breadcrumb\":{\"@id\":\"https:\\\/\\\/sdf.hr\\\/hr\\\/nada\\\/vrt-dobre-nade\\\/#breadcrumb\"},\"inLanguage\":\"hr\",\"potentialAction\":[{\"@type\":\"ReadAction\",\"target\":[\"https:\\\/\\\/sdf.hr\\\/hr\\\/nada\\\/vrt-dobre-nade\\\/\"]}]},{\"@type\":\"ImageObject\",\"inLanguage\":\"hr\",\"@id\":\"https:\\\/\\\/sdf.hr\\\/hr\\\/nada\\\/vrt-dobre-nade\\\/#primaryimage\",\"url\":\"https:\\\/\\\/sdf.hr\\\/wp-content\\\/uploads\\\/2025\\\/07\\\/Nada_Tamara-Opacic-scaled.jpg\",\"contentUrl\":\"https:\\\/\\\/sdf.hr\\\/wp-content\\\/uploads\\\/2025\\\/07\\\/Nada_Tamara-Opacic-scaled.jpg\",\"width\":2560,\"height\":1718,\"caption\":\"Nada \u0160imuni\u0107 (Foto: Tamara Opa\u010di\u0107)\"},{\"@type\":\"BreadcrumbList\",\"@id\":\"https:\\\/\\\/sdf.hr\\\/hr\\\/nada\\\/vrt-dobre-nade\\\/#breadcrumb\",\"itemListElement\":[{\"@type\":\"ListItem\",\"position\":1,\"name\":\"Po\u010detna stranica\",\"item\":\"https:\\\/\\\/sdf.hr\\\/hr\\\/\"},{\"@type\":\"ListItem\",\"position\":2,\"name\":\"Nada\",\"item\":\"https:\\\/\\\/sdf.hr\\\/nada\\\/\"},{\"@type\":\"ListItem\",\"position\":3,\"name\":\"Vrt dobre Nade\"}]},{\"@type\":\"WebSite\",\"@id\":\"https:\\\/\\\/sdf.hr\\\/#website\",\"url\":\"https:\\\/\\\/sdf.hr\\\/\",\"name\":\"SDF - Srpski demokratski forum\",\"description\":\"Srpski demokratski forum\",\"publisher\":{\"@id\":\"https:\\\/\\\/sdf.hr\\\/#organization\"},\"potentialAction\":[{\"@type\":\"SearchAction\",\"target\":{\"@type\":\"EntryPoint\",\"urlTemplate\":\"https:\\\/\\\/sdf.hr\\\/?s={search_term_string}\"},\"query-input\":{\"@type\":\"PropertyValueSpecification\",\"valueRequired\":true,\"valueName\":\"search_term_string\"}}],\"inLanguage\":\"hr\"},{\"@type\":\"Organization\",\"@id\":\"https:\\\/\\\/sdf.hr\\\/#organization\",\"name\":\"SDF - Srpski demokratski forum\",\"url\":\"https:\\\/\\\/sdf.hr\\\/\",\"logo\":{\"@type\":\"ImageObject\",\"inLanguage\":\"hr\",\"@id\":\"https:\\\/\\\/sdf.hr\\\/#\\\/schema\\\/logo\\\/image\\\/\",\"url\":\"https:\\\/\\\/sdf.hr\\\/wp-content\\\/uploads\\\/2021\\\/07\\\/logo-hr.svg\",\"contentUrl\":\"https:\\\/\\\/sdf.hr\\\/wp-content\\\/uploads\\\/2021\\\/07\\\/logo-hr.svg\",\"width\":271,\"height\":100,\"caption\":\"SDF - Srpski demokratski forum\"},\"image\":{\"@id\":\"https:\\\/\\\/sdf.hr\\\/#\\\/schema\\\/logo\\\/image\\\/\"}}]}<\/script>\n<!-- \/ Yoast SEO plugin. -->","yoast_head_json":{"title":"Vrt dobre Nade - SDF - Srpski demokratski forum","robots":{"index":"index","follow":"follow","max-snippet":"max-snippet:-1","max-image-preview":"max-image-preview:large","max-video-preview":"max-video-preview:-1"},"canonical":"https:\/\/sdf.hr\/hr\/nada\/vrt-dobre-nade\/","og_locale":"hr_HR","og_type":"article","og_title":"Vrt dobre Nade - SDF - Srpski demokratski forum","og_description":"Jednostavno ne mogu gledati kako netko gladuje, smrzava se, umire, a da mu ne pomognem, govori umirovljenica Nada \u0160imuni\u0107. Migranti koji prije\u0111u Kupu na\u0107i \u0107e suhu odje\u0107u i hranu u njenom vrtu. Dokumentarac Tonija Jeleni\u0107a o Nadi imao je premijeru na Pula film festivalu","og_url":"https:\/\/sdf.hr\/hr\/nada\/vrt-dobre-nade\/","og_site_name":"SDF - Srpski demokratski forum","article_modified_time":"2025-07-28T06:48:26+00:00","og_image":[{"width":2560,"height":1718,"url":"https:\/\/sdf.hr\/wp-content\/uploads\/2025\/07\/Nada_Tamara-Opacic-scaled.jpg","type":"image\/jpeg"}],"twitter_card":"summary_large_image","twitter_misc":{"Procijenjeno vrijeme \u010ditanja":"9 minuta"},"schema":{"@context":"https:\/\/schema.org","@graph":[{"@type":"WebPage","@id":"https:\/\/sdf.hr\/hr\/nada\/vrt-dobre-nade\/","url":"https:\/\/sdf.hr\/hr\/nada\/vrt-dobre-nade\/","name":"Vrt dobre Nade - SDF - Srpski demokratski forum","isPartOf":{"@id":"https:\/\/sdf.hr\/#website"},"primaryImageOfPage":{"@id":"https:\/\/sdf.hr\/hr\/nada\/vrt-dobre-nade\/#primaryimage"},"image":{"@id":"https:\/\/sdf.hr\/hr\/nada\/vrt-dobre-nade\/#primaryimage"},"thumbnailUrl":"https:\/\/sdf.hr\/wp-content\/uploads\/2025\/07\/Nada_Tamara-Opacic-scaled.jpg","datePublished":"2025-07-28T06:45:21+00:00","dateModified":"2025-07-28T06:48:26+00:00","breadcrumb":{"@id":"https:\/\/sdf.hr\/hr\/nada\/vrt-dobre-nade\/#breadcrumb"},"inLanguage":"hr","potentialAction":[{"@type":"ReadAction","target":["https:\/\/sdf.hr\/hr\/nada\/vrt-dobre-nade\/"]}]},{"@type":"ImageObject","inLanguage":"hr","@id":"https:\/\/sdf.hr\/hr\/nada\/vrt-dobre-nade\/#primaryimage","url":"https:\/\/sdf.hr\/wp-content\/uploads\/2025\/07\/Nada_Tamara-Opacic-scaled.jpg","contentUrl":"https:\/\/sdf.hr\/wp-content\/uploads\/2025\/07\/Nada_Tamara-Opacic-scaled.jpg","width":2560,"height":1718,"caption":"Nada \u0160imuni\u0107 (Foto: Tamara Opa\u010di\u0107)"},{"@type":"BreadcrumbList","@id":"https:\/\/sdf.hr\/hr\/nada\/vrt-dobre-nade\/#breadcrumb","itemListElement":[{"@type":"ListItem","position":1,"name":"Po\u010detna stranica","item":"https:\/\/sdf.hr\/hr\/"},{"@type":"ListItem","position":2,"name":"Nada","item":"https:\/\/sdf.hr\/nada\/"},{"@type":"ListItem","position":3,"name":"Vrt dobre Nade"}]},{"@type":"WebSite","@id":"https:\/\/sdf.hr\/#website","url":"https:\/\/sdf.hr\/","name":"SDF - Srpski demokratski forum","description":"Srpski demokratski forum","publisher":{"@id":"https:\/\/sdf.hr\/#organization"},"potentialAction":[{"@type":"SearchAction","target":{"@type":"EntryPoint","urlTemplate":"https:\/\/sdf.hr\/?s={search_term_string}"},"query-input":{"@type":"PropertyValueSpecification","valueRequired":true,"valueName":"search_term_string"}}],"inLanguage":"hr"},{"@type":"Organization","@id":"https:\/\/sdf.hr\/#organization","name":"SDF - Srpski demokratski forum","url":"https:\/\/sdf.hr\/","logo":{"@type":"ImageObject","inLanguage":"hr","@id":"https:\/\/sdf.hr\/#\/schema\/logo\/image\/","url":"https:\/\/sdf.hr\/wp-content\/uploads\/2021\/07\/logo-hr.svg","contentUrl":"https:\/\/sdf.hr\/wp-content\/uploads\/2021\/07\/logo-hr.svg","width":271,"height":100,"caption":"SDF - Srpski demokratski forum"},"image":{"@id":"https:\/\/sdf.hr\/#\/schema\/logo\/image\/"}}]}},"_links":{"self":[{"href":"https:\/\/sdf.hr\/hr\/wp-json\/wp\/v2\/nada\/6840","targetHints":{"allow":["GET"]}}],"collection":[{"href":"https:\/\/sdf.hr\/hr\/wp-json\/wp\/v2\/nada"}],"about":[{"href":"https:\/\/sdf.hr\/hr\/wp-json\/wp\/v2\/types\/nada"}],"wp:featuredmedia":[{"embeddable":true,"href":"https:\/\/sdf.hr\/hr\/wp-json\/wp\/v2\/media\/6835"}],"wp:attachment":[{"href":"https:\/\/sdf.hr\/hr\/wp-json\/wp\/v2\/media?parent=6840"}],"wp:term":[{"taxonomy":"post_tag","embeddable":true,"href":"https:\/\/sdf.hr\/hr\/wp-json\/wp\/v2\/tags?post=6840"},{"taxonomy":"atribut","embeddable":true,"href":"https:\/\/sdf.hr\/hr\/wp-json\/wp\/v2\/atribut?post=6840"}],"curies":[{"name":"wp","href":"https:\/\/api.w.org\/{rel}","templated":true}]}}