{"id":6858,"date":"2025-08-02T08:20:59","date_gmt":"2025-08-02T06:20:59","guid":{"rendered":"https:\/\/sdf.hr\/nada\/cokolad-pita\/"},"modified":"2025-08-02T08:21:52","modified_gmt":"2025-08-02T06:21:52","slug":"cokolad-pita","status":"publish","type":"nada","link":"https:\/\/sdf.hr\/hr\/nada\/cokolad-pita\/","title":{"rendered":"\u010cokolad pita"},"content":{"rendered":"<p>\u0160to vi\u0161e prou\u010davam staru kuharicu, sve sam uvjerenija da su to u ono vrijeme bili vrlo moderni recepti i da su slastice u njoj odraz tada\u0161njeg trenda. Znaju\u0107i da je obitelj <strong>Majeti\u0107<\/strong> po povratku iz SAD-a bila imu\u0107na te da su postali posjednici ugostiteljskog objekta i dvije ku\u0107e u Vrbovskom, vjerujem da se taj ekonomski status odra\u017eavao i u kuhinji te su si mogli priu\u0161titi kvalitetne i skupe namirnice poput \u010dokolade.<\/p>\n<p>Recept za ovu pitu je zapisan vrlo \u0161turo, navode se samo sastojci bez postupka izrade, pa je rekreiranje ovog kola\u010da bila pomalo avantura za koju nisam znala ho\u0107e li biti uspjeh ili \u0107e neslavno zavr\u0161iti. Ali pita je ba\u0161 divna! Rije\u010d je o prhkom kola\u010du s punjenjem od \u010dokolade i ora\u0161astih plodova. U originalnom receptu se navode orasi, a ja sam stavila pr\u017eene, mljevene lje\u0161njake. Ako volite prhke pite, \u010dokoladu i ora\u0161aste plodove, ovo morate probati. Kola\u010d je izgledom rustikalan, kao i sve pite pe\u010dene u okrugloj formi. Moja preporuka je da ga pe\u010dete u ve\u0107em plehu jer je meni ostalo vi\u0161ka tijesta i punjenja pa sam napravila i nekoliko manjih pita.<\/p>\n<p>U originalnom receptu stoji ovako: &#8220;\u010cokolad pita: 25 dkg putra, 25 dkg bra\u0161na, 7 dkg \u0161e\u0107era, 1 \u017eumanjak. Tijesto razdijeli na dvoje. F\u00fclla: 20 dkg \u0161e\u0107era, 4 \u017eumanjaka mije\u0161aj pol sata. 1 1\/2 tablica \u010dokolade, 6 bjelanjaka snijeg, 20 dkg samljetih oraha.&#8221;<\/p>\n<p>Nisam bila sigurna koliko je to tablica i pol \u010dokolade pa sam stavila 150 g otopljene \u010dokolade za kuhanje. Tako\u0111er, smanjila sam koli\u010dinu \u0161e\u0107era te dodala jedan vanilin \u0161e\u0107er u punjenje i jedan u tijesto. Mo\u017eete se poigrati s okusima pa staviti neke druge ora\u0161aste plodove (bademe, kikiriki, pistacio i sli\u010dno).<\/p>\n<p><em>\u00a0<\/em><\/p>\n<p><strong><em>Sastojci za tijesto:<\/em><\/strong><\/p>\n<p>250 g maslaca<\/p>\n<p>250 g bra\u0161na (150 g glatko, 100 g o\u0161tro)<\/p>\n<p>60 g \u0161e\u0107era<\/p>\n<p>1 vanilin \u0161e\u0107er<\/p>\n<p>1 \u017eumanjak<\/p>\n<p>prstohvat soli<\/p>\n<p>&nbsp;<\/p>\n<p><strong><em>Za punjenje:<\/em><\/strong><\/p>\n<p>120 g \u0161e\u0107era<\/p>\n<p>5 \u017eumanjaka<\/p>\n<p>150 g otopljenje \u010dokolade za kuhanje<\/p>\n<p>6 bjelanjaka<\/p>\n<p>200 g pr\u017eenih mljevenih lje\u0161njaka<\/p>\n<p>prstohvat soli<\/p>\n<p>&nbsp;<\/p>\n<p><strong><em>Priprema:<\/em><\/strong><\/p>\n<p>Najprije na tavici ili u pe\u0107nici popr\u017eite lje\u0161njake te ih ostavite da se ohlade pa ih sameljite. Za prhko tijesto pomije\u0161ajte obje vrste bra\u0161na. Naribajte hladni maslac te rukama natrljajte da dobijete mrvi\u010dast smjesu, poput pijeska. Dodajte obje vrste \u0161e\u0107era, prstohvat soli te \u017eumanjak i umijesite glatko tijesto. Ukoliko vam je presuho, mo\u017eete dodati \u017elicu hladnog mlijeka. Nemojte dugo mijesiti rukama da se masno\u0107a ne otopi. Tijesto podijelite na dva dijela, ve\u0107i i manji. Oba zamotajte u prozirnu foliju i stavite na hla\u0111enje. Ja sam ve\u0107i dio stavila u hladnjak, a manji dio u zamrziva\u010d jer sam ga kasnije ribala po vrhu pite. Vi mo\u017eete i gornji dio razvaljati pa prekriti pitu.<\/p>\n<p>Za punjenje dugo miksajte \u017eumanjke s obje vrste \u0161e\u0107era. Smjesa mora biti svijetla i gusta. \u010cokoladu otopite na pari pa ostavite par minuta da se malo ohladi. \u017dutoj smjesi dodajte otopljenu \u010dokoladu i mljevene lje\u0161njake pa sve skupa sjedinite. Dodajte izra\u0111eni snijeg od bjelanjaka s malo soli. \u0160patulom umije\u0161ajte snijeg.<\/p>\n<p>Uklju\u010dite pe\u0107nicu na 180 stupnjeva da se zagrije. Na pobra\u0161njenoj dasci razvaljajte ve\u0107i dio tijesta i smjestite ga u kalup oblo\u017een papirom za pe\u010denje ili namazan maslacem i posut bra\u0161nom. Koristila sam okrugli kalup za pite promjera 24 cm koji je plitak pa sam imala vi\u0161ak tijesta i punjenja. Idealan bi bio \u010detvrtasti i dublji, dimenzija cca 40 x 28 cm ili onaj za torte.<\/p>\n<p>Tijesto izbodite vilju\u0161kom pa stavite \u010dokoladni nadjev. Drugi dio tijesta mo\u017eete naribati ili razvaljati pa prekriti pitu. Pecite 25 do 30 minuta. Stavite na re\u0161etku da se ohladi pa pospite \u0161e\u0107erom u prahu ili naribajte \u010dokoladu. Mogao bi i\u0107i i \u010dokoladni gana\u0161 ako \u017eelite vi\u0161e \u010dokoladnog okusa. Pita savr\u0161eno pa\u0161e uz kuglu nekog finog sladoleda ili uz ledenu kavu.<\/p>\n<p>Dobar tek!<\/p>\n<p><em>pi\u0161e Valentina Vukadinovi\u0107<\/em><\/p>\n","protected":false},"excerpt":{"rendered":"<p>Rije\u010d je o prhkom kola\u010du s punjenjem od \u010dokolade i ora\u0161astih plodova. U originalnom receptu se navode orasi, a ja sam stavila pr\u017eene, mljevene lje\u0161njake. Ako volite prhke pite, ovo morate probati<\/p>\n","protected":false},"featured_media":6857,"template":"","tags":[42],"atribut":[],"class_list":["post-6858","nada","type-nada","status-publish","has-post-thumbnail","hentry","tag-gorski-kotao"],"acf":[],"yoast_head":"<!-- This site is optimized with the Yoast SEO plugin v27.4 - https:\/\/yoast.com\/product\/yoast-seo-wordpress\/ -->\n<title>\u010cokolad pita - SDF - Srpski demokratski forum<\/title>\n<meta name=\"robots\" content=\"index, follow, max-snippet:-1, max-image-preview:large, max-video-preview:-1\" \/>\n<link rel=\"canonical\" href=\"https:\/\/sdf.hr\/hr\/nada\/cokolad-pita\/\" \/>\n<meta property=\"og:locale\" content=\"hr_HR\" \/>\n<meta property=\"og:type\" content=\"article\" \/>\n<meta property=\"og:title\" content=\"\u010cokolad pita - SDF - Srpski demokratski forum\" \/>\n<meta property=\"og:description\" content=\"Rije\u010d je o prhkom kola\u010du s punjenjem od \u010dokolade i ora\u0161astih plodova. U originalnom receptu se navode orasi, a ja sam stavila pr\u017eene, mljevene lje\u0161njake. Ako volite prhke pite, ovo morate probati\" \/>\n<meta property=\"og:url\" content=\"https:\/\/sdf.hr\/hr\/nada\/cokolad-pita\/\" \/>\n<meta property=\"og:site_name\" content=\"SDF - Srpski demokratski forum\" \/>\n<meta property=\"article:modified_time\" content=\"2025-08-02T06:21:52+00:00\" \/>\n<meta property=\"og:image\" content=\"https:\/\/sdf.hr\/wp-content\/uploads\/2025\/07\/Pita-scaled.jpg\" \/>\n\t<meta property=\"og:image:width\" content=\"2560\" \/>\n\t<meta property=\"og:image:height\" content=\"1244\" \/>\n\t<meta property=\"og:image:type\" content=\"image\/jpeg\" \/>\n<meta name=\"twitter:card\" content=\"summary_large_image\" \/>\n<meta name=\"twitter:label1\" content=\"Procijenjeno vrijeme \u010ditanja\" \/>\n\t<meta name=\"twitter:data1\" content=\"3 minute\" \/>\n<script type=\"application\/ld+json\" class=\"yoast-schema-graph\">{\"@context\":\"https:\\\/\\\/schema.org\",\"@graph\":[{\"@type\":\"WebPage\",\"@id\":\"https:\\\/\\\/sdf.hr\\\/hr\\\/nada\\\/cokolad-pita\\\/\",\"url\":\"https:\\\/\\\/sdf.hr\\\/hr\\\/nada\\\/cokolad-pita\\\/\",\"name\":\"\u010cokolad pita - SDF - Srpski demokratski forum\",\"isPartOf\":{\"@id\":\"https:\\\/\\\/sdf.hr\\\/#website\"},\"primaryImageOfPage\":{\"@id\":\"https:\\\/\\\/sdf.hr\\\/hr\\\/nada\\\/cokolad-pita\\\/#primaryimage\"},\"image\":{\"@id\":\"https:\\\/\\\/sdf.hr\\\/hr\\\/nada\\\/cokolad-pita\\\/#primaryimage\"},\"thumbnailUrl\":\"https:\\\/\\\/sdf.hr\\\/wp-content\\\/uploads\\\/2025\\\/07\\\/Pita-scaled.jpg\",\"datePublished\":\"2025-08-02T06:20:59+00:00\",\"dateModified\":\"2025-08-02T06:21:52+00:00\",\"breadcrumb\":{\"@id\":\"https:\\\/\\\/sdf.hr\\\/hr\\\/nada\\\/cokolad-pita\\\/#breadcrumb\"},\"inLanguage\":\"hr\",\"potentialAction\":[{\"@type\":\"ReadAction\",\"target\":[\"https:\\\/\\\/sdf.hr\\\/hr\\\/nada\\\/cokolad-pita\\\/\"]}]},{\"@type\":\"ImageObject\",\"inLanguage\":\"hr\",\"@id\":\"https:\\\/\\\/sdf.hr\\\/hr\\\/nada\\\/cokolad-pita\\\/#primaryimage\",\"url\":\"https:\\\/\\\/sdf.hr\\\/wp-content\\\/uploads\\\/2025\\\/07\\\/Pita-scaled.jpg\",\"contentUrl\":\"https:\\\/\\\/sdf.hr\\\/wp-content\\\/uploads\\\/2025\\\/07\\\/Pita-scaled.jpg\",\"width\":2560,\"height\":1244},{\"@type\":\"BreadcrumbList\",\"@id\":\"https:\\\/\\\/sdf.hr\\\/hr\\\/nada\\\/cokolad-pita\\\/#breadcrumb\",\"itemListElement\":[{\"@type\":\"ListItem\",\"position\":1,\"name\":\"Po\u010detna stranica\",\"item\":\"https:\\\/\\\/sdf.hr\\\/hr\\\/\"},{\"@type\":\"ListItem\",\"position\":2,\"name\":\"Nada\",\"item\":\"https:\\\/\\\/sdf.hr\\\/nada\\\/\"},{\"@type\":\"ListItem\",\"position\":3,\"name\":\"\u010cokolad pita\"}]},{\"@type\":\"WebSite\",\"@id\":\"https:\\\/\\\/sdf.hr\\\/#website\",\"url\":\"https:\\\/\\\/sdf.hr\\\/\",\"name\":\"SDF - Srpski demokratski forum\",\"description\":\"Srpski demokratski forum\",\"publisher\":{\"@id\":\"https:\\\/\\\/sdf.hr\\\/#organization\"},\"potentialAction\":[{\"@type\":\"SearchAction\",\"target\":{\"@type\":\"EntryPoint\",\"urlTemplate\":\"https:\\\/\\\/sdf.hr\\\/?s={search_term_string}\"},\"query-input\":{\"@type\":\"PropertyValueSpecification\",\"valueRequired\":true,\"valueName\":\"search_term_string\"}}],\"inLanguage\":\"hr\"},{\"@type\":\"Organization\",\"@id\":\"https:\\\/\\\/sdf.hr\\\/#organization\",\"name\":\"SDF - Srpski demokratski forum\",\"url\":\"https:\\\/\\\/sdf.hr\\\/\",\"logo\":{\"@type\":\"ImageObject\",\"inLanguage\":\"hr\",\"@id\":\"https:\\\/\\\/sdf.hr\\\/#\\\/schema\\\/logo\\\/image\\\/\",\"url\":\"https:\\\/\\\/sdf.hr\\\/wp-content\\\/uploads\\\/2021\\\/07\\\/logo-hr.svg\",\"contentUrl\":\"https:\\\/\\\/sdf.hr\\\/wp-content\\\/uploads\\\/2021\\\/07\\\/logo-hr.svg\",\"width\":271,\"height\":100,\"caption\":\"SDF - Srpski demokratski forum\"},\"image\":{\"@id\":\"https:\\\/\\\/sdf.hr\\\/#\\\/schema\\\/logo\\\/image\\\/\"}}]}<\/script>\n<!-- \/ Yoast SEO plugin. -->","yoast_head_json":{"title":"\u010cokolad pita - SDF - Srpski demokratski forum","robots":{"index":"index","follow":"follow","max-snippet":"max-snippet:-1","max-image-preview":"max-image-preview:large","max-video-preview":"max-video-preview:-1"},"canonical":"https:\/\/sdf.hr\/hr\/nada\/cokolad-pita\/","og_locale":"hr_HR","og_type":"article","og_title":"\u010cokolad pita - SDF - Srpski demokratski forum","og_description":"Rije\u010d je o prhkom kola\u010du s punjenjem od \u010dokolade i ora\u0161astih plodova. U originalnom receptu se navode orasi, a ja sam stavila pr\u017eene, mljevene lje\u0161njake. Ako volite prhke pite, ovo morate probati","og_url":"https:\/\/sdf.hr\/hr\/nada\/cokolad-pita\/","og_site_name":"SDF - Srpski demokratski forum","article_modified_time":"2025-08-02T06:21:52+00:00","og_image":[{"width":2560,"height":1244,"url":"https:\/\/sdf.hr\/wp-content\/uploads\/2025\/07\/Pita-scaled.jpg","type":"image\/jpeg"}],"twitter_card":"summary_large_image","twitter_misc":{"Procijenjeno vrijeme \u010ditanja":"3 minute"},"schema":{"@context":"https:\/\/schema.org","@graph":[{"@type":"WebPage","@id":"https:\/\/sdf.hr\/hr\/nada\/cokolad-pita\/","url":"https:\/\/sdf.hr\/hr\/nada\/cokolad-pita\/","name":"\u010cokolad pita - SDF - Srpski demokratski forum","isPartOf":{"@id":"https:\/\/sdf.hr\/#website"},"primaryImageOfPage":{"@id":"https:\/\/sdf.hr\/hr\/nada\/cokolad-pita\/#primaryimage"},"image":{"@id":"https:\/\/sdf.hr\/hr\/nada\/cokolad-pita\/#primaryimage"},"thumbnailUrl":"https:\/\/sdf.hr\/wp-content\/uploads\/2025\/07\/Pita-scaled.jpg","datePublished":"2025-08-02T06:20:59+00:00","dateModified":"2025-08-02T06:21:52+00:00","breadcrumb":{"@id":"https:\/\/sdf.hr\/hr\/nada\/cokolad-pita\/#breadcrumb"},"inLanguage":"hr","potentialAction":[{"@type":"ReadAction","target":["https:\/\/sdf.hr\/hr\/nada\/cokolad-pita\/"]}]},{"@type":"ImageObject","inLanguage":"hr","@id":"https:\/\/sdf.hr\/hr\/nada\/cokolad-pita\/#primaryimage","url":"https:\/\/sdf.hr\/wp-content\/uploads\/2025\/07\/Pita-scaled.jpg","contentUrl":"https:\/\/sdf.hr\/wp-content\/uploads\/2025\/07\/Pita-scaled.jpg","width":2560,"height":1244},{"@type":"BreadcrumbList","@id":"https:\/\/sdf.hr\/hr\/nada\/cokolad-pita\/#breadcrumb","itemListElement":[{"@type":"ListItem","position":1,"name":"Po\u010detna stranica","item":"https:\/\/sdf.hr\/hr\/"},{"@type":"ListItem","position":2,"name":"Nada","item":"https:\/\/sdf.hr\/nada\/"},{"@type":"ListItem","position":3,"name":"\u010cokolad pita"}]},{"@type":"WebSite","@id":"https:\/\/sdf.hr\/#website","url":"https:\/\/sdf.hr\/","name":"SDF - Srpski demokratski forum","description":"Srpski demokratski forum","publisher":{"@id":"https:\/\/sdf.hr\/#organization"},"potentialAction":[{"@type":"SearchAction","target":{"@type":"EntryPoint","urlTemplate":"https:\/\/sdf.hr\/?s={search_term_string}"},"query-input":{"@type":"PropertyValueSpecification","valueRequired":true,"valueName":"search_term_string"}}],"inLanguage":"hr"},{"@type":"Organization","@id":"https:\/\/sdf.hr\/#organization","name":"SDF - Srpski demokratski forum","url":"https:\/\/sdf.hr\/","logo":{"@type":"ImageObject","inLanguage":"hr","@id":"https:\/\/sdf.hr\/#\/schema\/logo\/image\/","url":"https:\/\/sdf.hr\/wp-content\/uploads\/2021\/07\/logo-hr.svg","contentUrl":"https:\/\/sdf.hr\/wp-content\/uploads\/2021\/07\/logo-hr.svg","width":271,"height":100,"caption":"SDF - Srpski demokratski forum"},"image":{"@id":"https:\/\/sdf.hr\/#\/schema\/logo\/image\/"}}]}},"_links":{"self":[{"href":"https:\/\/sdf.hr\/hr\/wp-json\/wp\/v2\/nada\/6858","targetHints":{"allow":["GET"]}}],"collection":[{"href":"https:\/\/sdf.hr\/hr\/wp-json\/wp\/v2\/nada"}],"about":[{"href":"https:\/\/sdf.hr\/hr\/wp-json\/wp\/v2\/types\/nada"}],"wp:featuredmedia":[{"embeddable":true,"href":"https:\/\/sdf.hr\/hr\/wp-json\/wp\/v2\/media\/6857"}],"wp:attachment":[{"href":"https:\/\/sdf.hr\/hr\/wp-json\/wp\/v2\/media?parent=6858"}],"wp:term":[{"taxonomy":"post_tag","embeddable":true,"href":"https:\/\/sdf.hr\/hr\/wp-json\/wp\/v2\/tags?post=6858"},{"taxonomy":"atribut","embeddable":true,"href":"https:\/\/sdf.hr\/hr\/wp-json\/wp\/v2\/atribut?post=6858"}],"curies":[{"name":"wp","href":"https:\/\/api.w.org\/{rel}","templated":true}]}}