{"id":6876,"date":"2025-08-12T10:54:03","date_gmt":"2025-08-12T08:54:03","guid":{"rendered":"https:\/\/sdf.hr\/nada\/jadranka-s-tresnjevke\/"},"modified":"2025-08-12T10:54:25","modified_gmt":"2025-08-12T08:54:25","slug":"jadranka-s-tresnjevke","status":"publish","type":"nada","link":"https:\/\/sdf.hr\/hr\/nada\/jadranka-s-tresnjevke\/","title":{"rendered":"Jadranka s Tre\u0161njevke"},"content":{"rendered":"<p>Potomkinja sam tri generacije tre\u0161njeva\u010dkih radnica. Moja je prabaka bila vlasnica i voditeljica ugostiteljskog objekta na Ozaljskoj i, prema obiteljskoj predaji, svakog je jutra slagala \u010da\u0161ice s rakijom na \u0161ank kako bi do\u010dekale radnike prije no \u0161to odu na smjenu. Popijeno je pisala na dug, koji je napla\u0107ivala tek kad bi radnicima sjele pla\u0107e, a umirovljenicima mirovine. Moja baka, zaposlena od svoje 15. godine, bila je vi\u0161edesetljetna radnica tvrtke koja se tako\u0111er nalazila na Ozaljskoj. Odbila je dr\u017eavni stan jer &#8220;nekome treba vi\u0161e&#8221; i pomagala prabaki do njezinih posljednjih dana. Mama je odrastala u prabakinoj gostioni, bila je zaposlena od svoje 17. godine, i iako u odrasloj dobi nije radila na kvartu, tamo smo \u017eivjele, okru\u017eene \u017eenama iz obitelji, ali i susjedama, suradnicama i suputnicama.<\/p>\n<p>\u017dene iz moje obitelji nisu bile iznimka. Poznata kao prvi zagreba\u010dki radni\u010dki kvart, Tre\u0161njevka je bila prepuna takvih primjera su\u017eivota. Oni nisu bili izolirani, ve\u0107 dio jedne kolektivne povijesti \u010dija je akterica i <strong>Jadranka Klekar<\/strong>. Ova radnica i aktivistkinja stanuje na Tre\u0161njevci od rodne 1954., a &#8220;Jadrankin prvi \u017eivot&#8221; nedavno je memorijaliziran u istoimenoj knjizi \u010dije su koautorice <strong>Bo\u017eena Kon\u010di\u0107 Badurina<\/strong> i <strong>Olja Savi\u010devi\u0107 Ivan\u010devi\u0107<\/strong>. Oljina epska poema i Bo\u017eenine ilustracije ispisuju Jadrankin radni i osobni \u017eivot, od ranih obiteljskih iskustava preko zajedni\u0161tva u Hotelu Laguna do \u0161trajka ranih 2000-ih. Pri\u010da je to o ranoj selidbi iz obiteljskog doma, stambenim problemima, ugostiteljskom radu, djetetu, kolegicama i frizurama. No ponajvi\u0161e, to je pri\u010da o borbi.<\/p>\n<p>&#8220;Jadrankin prvi \u017eivot&#8221; zapravo je kulminacija dvaju razli\u010ditih puteva \u2013 njezinog osobnog, ali i tre\u0161njeva\u010dkog kolektivnog. Pod vodstvom udruge BLOK, na kvartu se od 2018. godine odvija niz projekata s ciljem obnavljanja i revalorizacije tre\u0161njeva\u010dke povijesti, posebice povijesti &#8220;malih&#8221; ljudi. Prikupljanjem materijala iz osobnih arhiva tre\u0161njeva\u010dkih \u017eitelja stvoren je Muzej susjedstva Tre\u0161njevka (MST), bogat virtualni fundus prepun zna\u010denja. BLOK je 2021. pozvao Bo\u017eenu da ga istra\u017ei, a ona je po\u010dela bilje\u017eiti radni\u010dke pri\u010de. Pritom je shvatila da se, iako sama nije s Tre\u0161njevke, radi o povijesti iznimno nalik njenoj.<\/p>\n<p>\u2013 Na nekim fotografijama sam prepoznavala svoju mamu, u fotografiji slasti\u010dareve k\u0107eri iz 1930-ih svoju baku, na nekoj tre\u0107oj fotografiji radni\u010dki stan iz 1960-ih u kakvom je \u017eivjela moja teta s obitelji. Pregledavanje tu\u0111ih fotografija o\u017eivljavalo je povijest moje vlastite obitelji \u2013 rekla mi je.<\/p>\n<p>Zajedno s Oljom, sljede\u0107e je tri godine provodila radionice \u010dije su polazi\u0161te tako\u0111er bili radni\u010dki \u017eivoti, kako sada\u0161njih sudionika i sudionica, tako i onih zabilje\u017eenih u fundusu MST-a. Jedna od fotografija koju su otkrile bila je upravo slika <strong>Jadranke Klekar<\/strong>, kako sa 16 godina prodaje cvije\u0107e na Tre\u0161njeva\u010dkom placu. Kada je donirala fotografiju, Jadranka se nije ni nadala takvoj suradnji.<\/p>\n<p>\u2013 U po\u010detku, bila sam donositeljica stvari iz pro\u0161losti. Kad god bih ne\u0161to donijela za Muzej susjedstva, uz to bih ne\u0161to i rekla. Nisam ni sanjala da \u0107e ovo biti rezultat. Dio mog \u017eivota ispri\u010dan u knjizi meni je bio jako va\u017ean, no u trenucima kad sam sura\u0111ivala s Bo\u017eenom i Oljom uop\u0107e nisam bila svjesna \u0161to sam sve u \u017eivotu pro\u0161la i kako je to izgledalo \u2013 ispri\u010dala mi je Jadranka.<\/p>\n<p>Kako je podijelila Bo\u017eena, ona je ve\u0107 u po\u010detku upoznavanja s Jadrankom prepoznala njezina iskustva kao bitno mjesto kolektivnog povezivanja:<\/p>\n<p>\u2013 Kad sam u fundusu otkrila Jadrankine fotografije i \u010dula njezinu \u017eivotnu pri\u010du, shvatila sam da \u0107e se u njoj prepoznati mnoge druge Jadranke njezine generacije, \u0161to je postalo jasno jo\u0161 na izlo\u017ebi koju su posjetile mnoge \u017eene iz kvarta.<\/p>\n<figure id=\"attachment_6872\" aria-describedby=\"caption-attachment-6872\" style=\"width: 1723px\" class=\"wp-caption alignnone\"><img loading=\"lazy\" decoding=\"async\" class=\"wp-image-6872 size-full\" src=\"https:\/\/sdf.hr\/wp-content\/uploads\/2025\/08\/Jadrankin-prvi-zivot1-scaled.jpg\" alt=\"\" width=\"1723\" height=\"2560\" srcset=\"https:\/\/sdf.hr\/wp-content\/uploads\/2025\/08\/Jadrankin-prvi-zivot1-scaled.jpg 1723w, https:\/\/sdf.hr\/wp-content\/uploads\/2025\/08\/Jadrankin-prvi-zivot1-202x300.jpg 202w, https:\/\/sdf.hr\/wp-content\/uploads\/2025\/08\/Jadrankin-prvi-zivot1-689x1024.jpg 689w, https:\/\/sdf.hr\/wp-content\/uploads\/2025\/08\/Jadrankin-prvi-zivot1-768x1141.jpg 768w, https:\/\/sdf.hr\/wp-content\/uploads\/2025\/08\/Jadrankin-prvi-zivot1-1034x1536.jpg 1034w, https:\/\/sdf.hr\/wp-content\/uploads\/2025\/08\/Jadrankin-prvi-zivot1-1378x2048.jpg 1378w\" sizes=\"auto, (max-width: 1723px) 100vw, 1723px\" \/><figcaption id=\"caption-attachment-6872\" class=\"wp-caption-text\">Iz knjige &#8220;Jadrankin prvi \u017eivot&#8221;<\/figcaption><\/figure>\n<p>Izlo\u017eba o kojoj govori bila je zapravo prvo uprizorenje &#8220;Jadrankinog prvog \u017eivota&#8221;. Odr\u017eana 2023. pod istim imenom, sastojala se od ilustracija temeljenih na Jadrankinim fotografijama te maketa i tlocrta stanova u kojima je \u017eivjela. Za razliku od mnogih svojih onodobnih kolega, nikada nije dobila dr\u017eavni stan, mnoga njezina prebivali\u0161ta nisu imala vode, a u jednom je \u017eivjela i bespravno. Kao samohrana majka i budu\u0107a sindikalistica, Jadranka je gradila gdje god je to mogla.<\/p>\n<p>Njezinu pri\u010du mnoge od nas prepoznajemo pod nekim drugim imenima i s drugim detaljima. No takve pri\u010de otkrivaju i ona \u0161ira kretanja, sustavna, ali \u010desto neprimjetna. Kako je svojedobno izlo\u017ebu o Jadranki opisala <strong>Ivana Peri\u0107<\/strong>, u njoj &#8220;kroz jedan \u017eivot izbijaju drugi \u017eivoti, mikropovijest Tre\u0161njevke i makropovijest sistema&#8221;. Bo\u017eena i Olja su odlu\u010dile da ta povijest mora biti sro\u010dena i dostupna u ukori\u010denom izdanju kako bi mogla doprijeti \u0161to \u0161ire.<\/p>\n<p>\u2013 Bilo nam je va\u017eno Jadrankinu pri\u010du zabilje\u017eiti u trajnijem formatu. Knjiga mo\u017ee i\u0107i od ruke do ruke, cirkulirati u zajednici i prona\u0107i svoje \u010ditatelje i izvan krugova publike koja prati izlo\u017ebe \u2013 ka\u017ee Bo\u017eena.<\/p>\n<p>Tako je na\u0161la put i do mene. Potaknuta pro\u010ditanim, sastala sam se s Jadrankom u kafi\u0107u na sedam minuta hoda od moje rodne ku\u0107e i pet od prabakine. Fri\u0161ko s frizure, u \u0161arenoj haljini i s &#8220;o\u010dima koje se lako otvaraju srcu&#8221; (kako ju je u knjizi opisala Olja), pri\u010dala mi je o sebi, o knjizi, o borbi, ratu i dana\u0161njici. Kao i mojim pramajkama, Jadrankin je prijeratni \u017eivot bio obilje\u017een susjedskom solidarno\u0161\u0107u.<\/p>\n<p>\u2013 Mi smo prvi u zgradi imali televizor. Nave\u010der bi nam susjedi pokucali na vrata, jedan bi nosio kavu, drugi kola\u010de i stisnuli bismo se u na\u0161a 24 kvadrata. Dolazili su gledati humoristi\u010dku emisiju poslije ve\u010dernjih vijesti. Nikome nije bilo tijesno, nitko se nije bunio, nikome nije palo na pamet da ka\u017ee &#8220;Ja te ne \u017eelim u svojoj ku\u0107i&#8221; \u2013 prepri\u010dala je.<\/p>\n<p>Iskustva poput zajedni\u010dkog gledanja rijetko dostupnih televizora, susjedskih ro\u0161tiljanja na dvori\u0161tima i posu\u0111ivanja odje\u0107e nisu jedinstvena Tre\u0161njevci, no amblematska su za kulturu koju je u njoj desetlje\u0107ima gajila radni\u010dka klasa. &#8220;Jadrankin prvi \u017eivot&#8221; opisuje niz sli\u010dnih, malih \u010dinova solidarnosti, a njihov je centar Hotel Laguna, gdje je radila punih 35 godina. Tamo se odvijao \u010ditav \u017eivot \u2013 od jedenja i tu\u0161iranja do rada, dru\u017eenja i brige za druge. Kako ju je u jednoj od Bo\u017eeninih ilustracija opisala Jadranka: &#8220;Nekad je u Laguni bilo puno ljudskosti i empatije prema drugome.&#8221;<\/p>\n<p>Dok sam \u010ditala taj dio poeme, prisje\u0107ala sam se kola\u010da koje je baka pekla za radne godi\u0161njice svojih suradnika i suradnica i hrenovki koje bi mi kuhale mamine kolegice kad bi me morala povesti u ured. Detalji takvih povijesti zaslu\u017euju bilje\u017eenje upravo jer nisu bili utopijski, ve\u0107 svakodnevni i znak jedne \u0161ire kulture. Oljinim rije\u010dima iz knjige, to su &#8220;tisu\u0107e neispri\u010danih \u017eivota u oknima \/ \u0161to sjaje u mraku&#8221;. Daju nam uvid u stvarne, slojevite \u017eivote i poma\u017eu nam kontekstualizirati politi\u010dko u osobnom. Bitno je da nam takvi zapisi zavr\u0161e u rukama i pred o\u010dima, kako bismo te iste o\u010di i otvorili.<\/p>\n<p>\u2013 Iskustva &#8220;obi\u010dnih&#8221; radnica, njihova svakodnevica i borbe za mene su ba\u0161 ona prava, va\u017ena i zanimljiva povijest koju treba zabilje\u017eiti. Ta iskustva su nijansiranija od onih koje prenosi slu\u017ebena povijest u kojoj uvijek ima ne\u010deg autoritarnog. Netko \u0107e se u tu\u0111em \u017eivotu prepoznati, netko \u0107e mo\u017eda suosje\u0107ati, netko drugi \u0107e vidjeti da homogeno iskustvo jednako za sve ne postoji. To je ve\u0107 dovoljno va\u017ean razlog za\u0161to je takve pri\u010de va\u017eno bilje\u017eiti i pamtiti \u2013 rekla je Bo\u017eena.<\/p>\n<figure id=\"attachment_6874\" aria-describedby=\"caption-attachment-6874\" style=\"width: 1723px\" class=\"wp-caption alignnone\"><img loading=\"lazy\" decoding=\"async\" class=\"wp-image-6874 size-full\" src=\"https:\/\/sdf.hr\/wp-content\/uploads\/2025\/08\/Jadrankin-prvi-zivot2-scaled.jpg\" alt=\"\" width=\"1723\" height=\"2560\" srcset=\"https:\/\/sdf.hr\/wp-content\/uploads\/2025\/08\/Jadrankin-prvi-zivot2-scaled.jpg 1723w, https:\/\/sdf.hr\/wp-content\/uploads\/2025\/08\/Jadrankin-prvi-zivot2-202x300.jpg 202w, https:\/\/sdf.hr\/wp-content\/uploads\/2025\/08\/Jadrankin-prvi-zivot2-689x1024.jpg 689w, https:\/\/sdf.hr\/wp-content\/uploads\/2025\/08\/Jadrankin-prvi-zivot2-768x1141.jpg 768w, https:\/\/sdf.hr\/wp-content\/uploads\/2025\/08\/Jadrankin-prvi-zivot2-1034x1536.jpg 1034w, https:\/\/sdf.hr\/wp-content\/uploads\/2025\/08\/Jadrankin-prvi-zivot2-1378x2048.jpg 1378w\" sizes=\"auto, (max-width: 1723px) 100vw, 1723px\" \/><figcaption id=\"caption-attachment-6874\" class=\"wp-caption-text\">Iz knjige &#8220;Jadrankin prvi \u017eivot&#8221;<\/figcaption><\/figure>\n<p>Kako saznajem iz pri\u010da poput Jadrankinih, ta solidarna svakodnevnica prenijela se i u opresivan kontekst rata devedesetih. Jadranka smatra da je i tu povijest va\u017eno bilje\u017eiti, iako je \u010desto zanemarivana.<\/p>\n<p>\u2013 Dosad nitko nije potezao pitanje \u017eena koje su tijekom rata najedanput, s jednim ili petero djece, ostale same i morale samostalno privre\u0111ivati i pla\u0107ati. Ljudi su zaboravljali, ljudi su se obnavljali, no mi sada, kroz ovu knjigu, pote\u017eemo to pitanje.<\/p>\n<p>U ratu, Hotel Laguna je bio smje\u0161taj za \u0161esto izbjeglica \u2013 &#8220;hotel prognanika i umornih radnika&#8221; \u2013 kako ga u ovom periodu opisuje Olja. Njegovo je osoblje, zajedno s Jadrankom, izbjeglice tretiralo kao goste i sustanare.<\/p>\n<p>\u2013 Mi konobari, sobarice i recepcioneri smo prije rata bili dosta povezani i bilo nam je va\u017eno da odradimo posao kako treba. Tako je ostalo i u ratu, neki od nas smo postali kao porodice. Svi smo o svima sve znali. Me\u0111usobno smo dijelili robu; prognanici su znali dobivati neke stvari, pa su davali i nama jer su oni od nas imali sve \u2013 podijelila je Jadranka.<\/p>\n<p>Kako potvr\u0111uju i moje pretkinje, ta se me\u0111usobno povratna solidarnost i kasnije odr\u017eala me\u0111u dijelovima populacije, no sustav ju je reducirao do to\u010dke u kojoj su takvi \u010dinovi iznimke. U Jadrankinom primjeru, dr\u017eava nije financirala prognanike iz Lagune, ve\u0107 hotel. On je zatim pre\u0161ao u privatno vlasni\u0161tvo te je do\u0161lo do degradacije uvjeta sve dok se radnicama i radnicima nije prestala ispla\u0107ivati pla\u0107a. Tada ve\u0107 povjerenica Sindikata turizma i usluga Hrvatske, Jadranka je 2001. organizirala dvomjese\u010dni \u0161trajk, a podr\u017eali su ga i prognanici. Podr\u0161ka je bila prisutna i \u0161ire, ali uvijek na tlu, me\u0111u susjedima \u2013 dok su mediji uglavnom prikazivali \u0161trajk kao antidr\u017eavan i danguba\u0161ki, kumice s Tre\u0161njeva\u010dkog placa hranile su Jadranku i njezinog sina. Iako je tijekom \u0161trajka dobila otkaz, on je ubrzo povu\u010den te je nastavila svoj radni \u017eivot. Pritom je ostala vjerna borbi za radni\u010dka prava; 2003. je postala predsjednica Samostalnog sindikata za uslu\u017ene djelatnosti, na \u010dijem je \u010delu i danas.<\/p>\n<p>Kako ka\u017ee i sama, &#8220;tu je i Jadrankin drugi \u017eivot&#8221; koji nije objavljen u knjizi, a tijekom kojeg se kvart stubokom mijenjao. Danas nema te nekada\u0161nje &#8220;otvorenosti srcu&#8221; kakva se 1970-ih skrivala u Jadrankinim o\u010dima i zajednici. Iako bih mogla pretvoriti ovaj tekst u lamentaciju o minulim vremenima \u2013 na kvartu danas vlada mnogo ve\u0107e otu\u0111enje, ljudi se dr\u017ee svojih malih krugova, ne poznaju susjede, ne poma\u017eu im jednako \u2013 knjiga me poziva da radije razmi\u0161ljam &#8220;o Tre\u0161njevci koja se ne predaje&#8221;. O\u017eivljavanje pri\u010da poput Jadrankinih kroz projekte poput Muzeja susjedstva mojoj rodnoj \u010detvrti vra\u0107a to\u010dke zna\u010denja iz kojih mo\u017eemo uzgojiti nove oblike solidarnosti i nove narative, te njima zasigurno mo\u017eemo povratiti naizgled izgubljeno. Mo\u017eda se uskoro rodi i okupljali\u0161te u kojem \u0107emo se mo\u0107i nadahnuti takvim pri\u010dama.<\/p>\n<p>\u2013 Htjela bih da dobijemo pravi pravcati, fizi\u010dki muzej u koji \u0107emo donositi stvari koje \u0107e tu ostati trajne \u2013 rekla mi je Jadranka.<\/p>\n<p>Na stranicama MST-a saznajem da bi se ta \u017eelja mogla i ostvariti \u2013 sudionici muzeja &#8220;rade na pronala\u017eenju stalne adrese&#8221;, a ve\u0107 su dostupne i skice modela upravljanja i prijedlozi prostora. U o\u010duvanju vlastite povijesti, Tre\u0161njevka se zaista ne predaje.<\/p>\n<p>Nakon razgovora s Jadrankom, navratila sam kod bake na ru\u010dak. Kao i uvijek u zadnje vrijeme, tema razgovora je bila koliko se kvart promijenio, koliko je vi\u0161e topline bilo prije, koliko su direktori brinuli za radnike i radnici za poduze\u0107a, a susjedi jedni o drugima. Podijelila sam s njom Jadrankinu pri\u010du, obe\u0107ala joj nabaviti primjerak knjige i povezati je s Muzejom susjedstva. Kasnije, na telefonu s mamom, dogovorila sam da kre\u0107emo bilje\u017eiti i vlastitu povijest na kvartu, barem za sebe. Oljinim stihovima, duh koji nose na\u0161e pretkinje, obi\u010dne \u017eene, na\u0161a je ostav\u0161tina: &#8220;Zaboravit \u0107emo male heroje s ulice \/ njima nikad i nismo pamtili imena \/ ali borba mnogih ostat \u0107e u naslje\u0111e.&#8221;<\/p>\n<p><em>pi\u0161e Julija Savi\u0107<\/em><\/p>\n","protected":false},"excerpt":{"rendered":"<p>Radnica i aktivistkinja Jadranka Klekar stanuje na Tre\u0161njevci od rodne 1954. Njen \u017eivot, od ranih obiteljskih iskustava preko zajedni\u0161tva u Hotelu Laguna do \u0161trajka ranih 2000-ih, nedavno je memorijaliziran u knjizi &#8220;Jadrankin prvi \u017eivot&#8221; s ilustracijama Bo\u017eene Kon\u010di\u0107 Badurina i epskom poemom Olje Savi\u010devi\u0107 Ivan\u010devi\u0107<\/p>\n","protected":false},"featured_media":6871,"template":"","tags":[136],"atribut":[],"class_list":["post-6876","nada","type-nada","status-publish","has-post-thumbnail","hentry","tag-portret"],"acf":[],"yoast_head":"<!-- This site is optimized with the Yoast SEO plugin v27.4 - https:\/\/yoast.com\/product\/yoast-seo-wordpress\/ -->\n<title>Jadranka s Tre\u0161njevke - SDF - Srpski demokratski forum<\/title>\n<meta name=\"robots\" content=\"index, follow, max-snippet:-1, max-image-preview:large, max-video-preview:-1\" \/>\n<link rel=\"canonical\" href=\"https:\/\/sdf.hr\/hr\/nada\/jadranka-s-tresnjevke\/\" \/>\n<meta property=\"og:locale\" content=\"hr_HR\" \/>\n<meta property=\"og:type\" content=\"article\" \/>\n<meta property=\"og:title\" content=\"Jadranka s Tre\u0161njevke - SDF - Srpski demokratski forum\" \/>\n<meta property=\"og:description\" content=\"Radnica i aktivistkinja Jadranka Klekar stanuje na Tre\u0161njevci od rodne 1954. Njen \u017eivot, od ranih obiteljskih iskustava preko zajedni\u0161tva u Hotelu Laguna do \u0161trajka ranih 2000-ih, nedavno je memorijaliziran u knjizi &quot;Jadrankin prvi \u017eivot&quot; s ilustracijama Bo\u017eene Kon\u010di\u0107 Badurina i epskom poemom Olje Savi\u010devi\u0107 Ivan\u010devi\u0107\" \/>\n<meta property=\"og:url\" content=\"https:\/\/sdf.hr\/hr\/nada\/jadranka-s-tresnjevke\/\" \/>\n<meta property=\"og:site_name\" content=\"SDF - Srpski demokratski forum\" \/>\n<meta property=\"article:modified_time\" content=\"2025-08-12T08:54:25+00:00\" \/>\n<meta property=\"og:image\" content=\"https:\/\/sdf.hr\/wp-content\/uploads\/2025\/08\/Olja-Jadranka-i-Bozena-scaled.jpg\" \/>\n\t<meta property=\"og:image:width\" content=\"2560\" \/>\n\t<meta property=\"og:image:height\" content=\"2120\" \/>\n\t<meta property=\"og:image:type\" content=\"image\/jpeg\" \/>\n<meta name=\"twitter:card\" content=\"summary_large_image\" \/>\n<meta name=\"twitter:label1\" content=\"Procijenjeno vrijeme \u010ditanja\" \/>\n\t<meta name=\"twitter:data1\" content=\"10 minuta\" \/>\n<script type=\"application\/ld+json\" class=\"yoast-schema-graph\">{\"@context\":\"https:\\\/\\\/schema.org\",\"@graph\":[{\"@type\":\"WebPage\",\"@id\":\"https:\\\/\\\/sdf.hr\\\/hr\\\/nada\\\/jadranka-s-tresnjevke\\\/\",\"url\":\"https:\\\/\\\/sdf.hr\\\/hr\\\/nada\\\/jadranka-s-tresnjevke\\\/\",\"name\":\"Jadranka s Tre\u0161njevke - SDF - Srpski demokratski forum\",\"isPartOf\":{\"@id\":\"https:\\\/\\\/sdf.hr\\\/#website\"},\"primaryImageOfPage\":{\"@id\":\"https:\\\/\\\/sdf.hr\\\/hr\\\/nada\\\/jadranka-s-tresnjevke\\\/#primaryimage\"},\"image\":{\"@id\":\"https:\\\/\\\/sdf.hr\\\/hr\\\/nada\\\/jadranka-s-tresnjevke\\\/#primaryimage\"},\"thumbnailUrl\":\"https:\\\/\\\/sdf.hr\\\/wp-content\\\/uploads\\\/2025\\\/08\\\/Olja-Jadranka-i-Bozena-scaled.jpg\",\"datePublished\":\"2025-08-12T08:54:03+00:00\",\"dateModified\":\"2025-08-12T08:54:25+00:00\",\"breadcrumb\":{\"@id\":\"https:\\\/\\\/sdf.hr\\\/hr\\\/nada\\\/jadranka-s-tresnjevke\\\/#breadcrumb\"},\"inLanguage\":\"hr\",\"potentialAction\":[{\"@type\":\"ReadAction\",\"target\":[\"https:\\\/\\\/sdf.hr\\\/hr\\\/nada\\\/jadranka-s-tresnjevke\\\/\"]}]},{\"@type\":\"ImageObject\",\"inLanguage\":\"hr\",\"@id\":\"https:\\\/\\\/sdf.hr\\\/hr\\\/nada\\\/jadranka-s-tresnjevke\\\/#primaryimage\",\"url\":\"https:\\\/\\\/sdf.hr\\\/wp-content\\\/uploads\\\/2025\\\/08\\\/Olja-Jadranka-i-Bozena-scaled.jpg\",\"contentUrl\":\"https:\\\/\\\/sdf.hr\\\/wp-content\\\/uploads\\\/2025\\\/08\\\/Olja-Jadranka-i-Bozena-scaled.jpg\",\"width\":2560,\"height\":2120,\"caption\":\"Olja, Jadranka i Bo\u017eena (Foto: Ivan Klekar)\"},{\"@type\":\"BreadcrumbList\",\"@id\":\"https:\\\/\\\/sdf.hr\\\/hr\\\/nada\\\/jadranka-s-tresnjevke\\\/#breadcrumb\",\"itemListElement\":[{\"@type\":\"ListItem\",\"position\":1,\"name\":\"Po\u010detna stranica\",\"item\":\"https:\\\/\\\/sdf.hr\\\/hr\\\/\"},{\"@type\":\"ListItem\",\"position\":2,\"name\":\"Nada\",\"item\":\"https:\\\/\\\/sdf.hr\\\/nada\\\/\"},{\"@type\":\"ListItem\",\"position\":3,\"name\":\"Jadranka s Tre\u0161njevke\"}]},{\"@type\":\"WebSite\",\"@id\":\"https:\\\/\\\/sdf.hr\\\/#website\",\"url\":\"https:\\\/\\\/sdf.hr\\\/\",\"name\":\"SDF - Srpski demokratski forum\",\"description\":\"Srpski demokratski forum\",\"publisher\":{\"@id\":\"https:\\\/\\\/sdf.hr\\\/#organization\"},\"potentialAction\":[{\"@type\":\"SearchAction\",\"target\":{\"@type\":\"EntryPoint\",\"urlTemplate\":\"https:\\\/\\\/sdf.hr\\\/?s={search_term_string}\"},\"query-input\":{\"@type\":\"PropertyValueSpecification\",\"valueRequired\":true,\"valueName\":\"search_term_string\"}}],\"inLanguage\":\"hr\"},{\"@type\":\"Organization\",\"@id\":\"https:\\\/\\\/sdf.hr\\\/#organization\",\"name\":\"SDF - Srpski demokratski forum\",\"url\":\"https:\\\/\\\/sdf.hr\\\/\",\"logo\":{\"@type\":\"ImageObject\",\"inLanguage\":\"hr\",\"@id\":\"https:\\\/\\\/sdf.hr\\\/#\\\/schema\\\/logo\\\/image\\\/\",\"url\":\"https:\\\/\\\/sdf.hr\\\/wp-content\\\/uploads\\\/2021\\\/07\\\/logo-hr.svg\",\"contentUrl\":\"https:\\\/\\\/sdf.hr\\\/wp-content\\\/uploads\\\/2021\\\/07\\\/logo-hr.svg\",\"width\":271,\"height\":100,\"caption\":\"SDF - Srpski demokratski forum\"},\"image\":{\"@id\":\"https:\\\/\\\/sdf.hr\\\/#\\\/schema\\\/logo\\\/image\\\/\"}}]}<\/script>\n<!-- \/ Yoast SEO plugin. -->","yoast_head_json":{"title":"Jadranka s Tre\u0161njevke - SDF - Srpski demokratski forum","robots":{"index":"index","follow":"follow","max-snippet":"max-snippet:-1","max-image-preview":"max-image-preview:large","max-video-preview":"max-video-preview:-1"},"canonical":"https:\/\/sdf.hr\/hr\/nada\/jadranka-s-tresnjevke\/","og_locale":"hr_HR","og_type":"article","og_title":"Jadranka s Tre\u0161njevke - SDF - Srpski demokratski forum","og_description":"Radnica i aktivistkinja Jadranka Klekar stanuje na Tre\u0161njevci od rodne 1954. Njen \u017eivot, od ranih obiteljskih iskustava preko zajedni\u0161tva u Hotelu Laguna do \u0161trajka ranih 2000-ih, nedavno je memorijaliziran u knjizi \"Jadrankin prvi \u017eivot\" s ilustracijama Bo\u017eene Kon\u010di\u0107 Badurina i epskom poemom Olje Savi\u010devi\u0107 Ivan\u010devi\u0107","og_url":"https:\/\/sdf.hr\/hr\/nada\/jadranka-s-tresnjevke\/","og_site_name":"SDF - Srpski demokratski forum","article_modified_time":"2025-08-12T08:54:25+00:00","og_image":[{"width":2560,"height":2120,"url":"https:\/\/sdf.hr\/wp-content\/uploads\/2025\/08\/Olja-Jadranka-i-Bozena-scaled.jpg","type":"image\/jpeg"}],"twitter_card":"summary_large_image","twitter_misc":{"Procijenjeno vrijeme \u010ditanja":"10 minuta"},"schema":{"@context":"https:\/\/schema.org","@graph":[{"@type":"WebPage","@id":"https:\/\/sdf.hr\/hr\/nada\/jadranka-s-tresnjevke\/","url":"https:\/\/sdf.hr\/hr\/nada\/jadranka-s-tresnjevke\/","name":"Jadranka s Tre\u0161njevke - SDF - Srpski demokratski forum","isPartOf":{"@id":"https:\/\/sdf.hr\/#website"},"primaryImageOfPage":{"@id":"https:\/\/sdf.hr\/hr\/nada\/jadranka-s-tresnjevke\/#primaryimage"},"image":{"@id":"https:\/\/sdf.hr\/hr\/nada\/jadranka-s-tresnjevke\/#primaryimage"},"thumbnailUrl":"https:\/\/sdf.hr\/wp-content\/uploads\/2025\/08\/Olja-Jadranka-i-Bozena-scaled.jpg","datePublished":"2025-08-12T08:54:03+00:00","dateModified":"2025-08-12T08:54:25+00:00","breadcrumb":{"@id":"https:\/\/sdf.hr\/hr\/nada\/jadranka-s-tresnjevke\/#breadcrumb"},"inLanguage":"hr","potentialAction":[{"@type":"ReadAction","target":["https:\/\/sdf.hr\/hr\/nada\/jadranka-s-tresnjevke\/"]}]},{"@type":"ImageObject","inLanguage":"hr","@id":"https:\/\/sdf.hr\/hr\/nada\/jadranka-s-tresnjevke\/#primaryimage","url":"https:\/\/sdf.hr\/wp-content\/uploads\/2025\/08\/Olja-Jadranka-i-Bozena-scaled.jpg","contentUrl":"https:\/\/sdf.hr\/wp-content\/uploads\/2025\/08\/Olja-Jadranka-i-Bozena-scaled.jpg","width":2560,"height":2120,"caption":"Olja, Jadranka i Bo\u017eena (Foto: Ivan Klekar)"},{"@type":"BreadcrumbList","@id":"https:\/\/sdf.hr\/hr\/nada\/jadranka-s-tresnjevke\/#breadcrumb","itemListElement":[{"@type":"ListItem","position":1,"name":"Po\u010detna stranica","item":"https:\/\/sdf.hr\/hr\/"},{"@type":"ListItem","position":2,"name":"Nada","item":"https:\/\/sdf.hr\/nada\/"},{"@type":"ListItem","position":3,"name":"Jadranka s Tre\u0161njevke"}]},{"@type":"WebSite","@id":"https:\/\/sdf.hr\/#website","url":"https:\/\/sdf.hr\/","name":"SDF - Srpski demokratski forum","description":"Srpski demokratski forum","publisher":{"@id":"https:\/\/sdf.hr\/#organization"},"potentialAction":[{"@type":"SearchAction","target":{"@type":"EntryPoint","urlTemplate":"https:\/\/sdf.hr\/?s={search_term_string}"},"query-input":{"@type":"PropertyValueSpecification","valueRequired":true,"valueName":"search_term_string"}}],"inLanguage":"hr"},{"@type":"Organization","@id":"https:\/\/sdf.hr\/#organization","name":"SDF - Srpski demokratski forum","url":"https:\/\/sdf.hr\/","logo":{"@type":"ImageObject","inLanguage":"hr","@id":"https:\/\/sdf.hr\/#\/schema\/logo\/image\/","url":"https:\/\/sdf.hr\/wp-content\/uploads\/2021\/07\/logo-hr.svg","contentUrl":"https:\/\/sdf.hr\/wp-content\/uploads\/2021\/07\/logo-hr.svg","width":271,"height":100,"caption":"SDF - Srpski demokratski forum"},"image":{"@id":"https:\/\/sdf.hr\/#\/schema\/logo\/image\/"}}]}},"_links":{"self":[{"href":"https:\/\/sdf.hr\/hr\/wp-json\/wp\/v2\/nada\/6876","targetHints":{"allow":["GET"]}}],"collection":[{"href":"https:\/\/sdf.hr\/hr\/wp-json\/wp\/v2\/nada"}],"about":[{"href":"https:\/\/sdf.hr\/hr\/wp-json\/wp\/v2\/types\/nada"}],"wp:featuredmedia":[{"embeddable":true,"href":"https:\/\/sdf.hr\/hr\/wp-json\/wp\/v2\/media\/6871"}],"wp:attachment":[{"href":"https:\/\/sdf.hr\/hr\/wp-json\/wp\/v2\/media?parent=6876"}],"wp:term":[{"taxonomy":"post_tag","embeddable":true,"href":"https:\/\/sdf.hr\/hr\/wp-json\/wp\/v2\/tags?post=6876"},{"taxonomy":"atribut","embeddable":true,"href":"https:\/\/sdf.hr\/hr\/wp-json\/wp\/v2\/atribut?post=6876"}],"curies":[{"name":"wp","href":"https:\/\/api.w.org\/{rel}","templated":true}]}}