{"id":6880,"date":"2025-08-14T14:02:19","date_gmt":"2025-08-14T12:02:19","guid":{"rendered":"https:\/\/sdf.hr\/nada\/iz-srca-stadiona\/"},"modified":"2025-08-14T14:05:42","modified_gmt":"2025-08-14T12:05:42","slug":"iz-srca-stadiona","status":"publish","type":"nada","link":"https:\/\/sdf.hr\/hr\/nada\/iz-srca-stadiona\/","title":{"rendered":"Iz srca stadiona"},"content":{"rendered":"<p>Prvo tiskano izdanje \u010dasopisa Africa Is a Country posve\u0107eno je analizi masovnih prosvjeda diljem Afrike u posljednjih 15 godina. O al\u017eirskim stadionima kao politi\u010dkim prostorima pi\u0161e al\u017eirski novinar <strong>Maher Mezahi<\/strong>, koji donosi kratki pregled najva\u017enijih doga\u0111anja na stadionima od sredine 20. stolje\u0107a naovamo. Mezahijev pregled, u jo\u0161 skra\u0107enijoj verziji, prenosimo ovdje.<\/p>\n<p>Godine 1945. stanovnici Setifa i Guelme organizirali su demonstracije zahtijevaju\u0107i neovisnost od Francuza. Prosvjedi su nasilno ugu\u0161eni, masakrom tisu\u0107a ljudi. Masakr se smatra prekretnicom u al\u017eirskom pokretu za neovisnost i ostavio je neizbrisiv trag u oba grada. \u017dene su po\u010dele bojati svoju tradicionalnu bijelu odje\u0107u u crno, a nogometni klubovi dvaju gradova usvojili su crno-bijele dresove u kojima i danas igraju. Krajem 1945. odigrana je i nogometna utakmica izme\u0111u doma\u0107eg kluba USM T\u00e9mouchent i europskog kluba iz B\u00e9ni Safa. Prema policijskom izvje\u0161\u0107u, navija\u010di iz A\u00efn T\u00e9mouchenta s tribina su po\u010deli pjevati pjesmu &#8220;Iz na\u0161ih planina&#8221;. Tekst je glasio: &#8220;Iz na\u0161ih planina dopirali su povici slobodnih ljudi \/ Povici koji pozivaju na neovisnost, neovisnost na\u0161e zemlje.&#8221;<\/p>\n<p>U aprilu 1956. MC Al\u017eir, zajedno sa svim ostalim nogometnim klubovima diljem Al\u017eira, zaustavio je sve sportske aktivnosti u znak podr\u0161ke pozivu Fronte narodnog oslobo\u0111enja (FLN) na bojkot prvenstva tijekom rata za neovisnost Al\u017eira. Odluka o bojkotu uslijedila je nakon utakmice izme\u0111u MC Al\u017eira i AS Saint-Eug\u00e8nea, kluba koji je predstavljao europsku doseljeni\u010dku populaciju. Nakon utakmice francuska policija i kolonijalni doseljenici pokrenuli su brutalne napade na lokalno stanovni\u0161tvo. Bojkot koji je po\u010deo na nogometnom prvenstvu brzo se pro\u0161irio na druga kulturna podru\u010dja, poput muzi\u010dkih prostora i kazali\u0161ta.<\/p>\n<p>Tijekom finala Al\u017eirskog kupa 1977., navija\u010di JS Kabjli iskoristili su va\u017enu utakmicu kako bi zagovarali prava amazi\u0161ke (berberske) zajednice u zemlji. Predsjednik Al\u017eira <strong>Houari Boum\u00e9dienne <\/strong>bio je prisutan na utakmici, a kroz protest navija\u010da adresirana je njegova kampanja arabizacije zemlje kojom se marginaliziralo amazi\u0161ki jezik i kulturu. Navija\u010di su na stadionu izvi\u017edali nacionalnu himnu i skandirali: &#8220;Anwa wigui? Imazighen&#8221; (&#8220;Tko smo mi? Mi smo Amazighi&#8221;).<\/p>\n<p>Pred kraj 1980-ih, nagli pad cijena nafte i nametnute mjere \u0161tednje diljem Al\u017eira su rezultirali nasilnim prosvjedima. Me\u0111u ostalim, navija\u010di su zapalili Ministarstvo mladih i sporta.<\/p>\n<p>Godine 2018., drugoliga\u0161ki nogometni klub AS Ain Mlila dospio je pod reflektore javnosti zbog stadionskog transparenta na kojem je bila karikatura saudijskog kralja <strong>Salmana<\/strong> i ameri\u010dkog predsjednika <strong>Donalda Trumpa<\/strong>, uz natpis &#8220;Dvije strane iste medalje&#8221;. Saudijska vlada brzo je reagirala i izrazila &#8220;ogor\u010denje zbog transparenta&#8221;, \u0161to je navelo al\u017eirske vlasti da izdaju formalnu ispriku, odnosno diplomatsku reakciju. Navija\u010di se nisu ispri\u010dali.<\/p>\n<p>Godine 2019. pjesme ultrasa, nekada rezervirane za nogometne stadione, postale su neslu\u017ebene himne pokreta Hirak. &#8220;La Casa Del Mouradia&#8221; navija\u010dke skupine kluba USM Al\u017eir posebno je uhvatila frustracije al\u017eirskog naroda tijekom protuvladinih prosvjeda. Stihovi idu: &#8220;U prvom (predsjedni\u010dkom mandatu), rekli bismo da je dobro \/ Napunili su nam glave desetlje\u0107em gra\u0111anskog rata \/ U drugom je pri\u010da postala jasna, La Casa Del Mouradia (predsjedni\u010dka rezidencija) \/ U tre\u0107em se zemlja prorijedila \/ Zahvaljuju\u0107i privatnim interesima.&#8221; Kako su se prosvjedi \u0161irili, druge navija\u010dke pjesme odjekivale su gradovima Al\u017eira, poja\u010davaju\u0107i poziv na promjene.<\/p>\n<p><em>pi\u0161e Ivana Peri\u0107<\/em><\/p>\n","protected":false},"excerpt":{"rendered":"<p>Al\u017eirski novinar Maher Mezahi iznio je za \u010dasopis Africa Is a Country pregled najva\u017enijih doga\u0111anja na stadionima od sredine 20. stolje\u0107a naovamo<\/p>\n","protected":false},"featured_media":6882,"template":"","tags":[40],"atribut":[],"class_list":["post-6880","nada","type-nada","status-publish","has-post-thumbnail","hentry","tag-dvokorak-naprijed"],"acf":[],"yoast_head":"<!-- This site is optimized with the Yoast SEO plugin v27.4 - https:\/\/yoast.com\/product\/yoast-seo-wordpress\/ -->\n<title>Iz srca stadiona - SDF - Srpski demokratski forum<\/title>\n<meta name=\"robots\" content=\"index, follow, max-snippet:-1, max-image-preview:large, max-video-preview:-1\" \/>\n<link rel=\"canonical\" href=\"https:\/\/sdf.hr\/hr\/nada\/iz-srca-stadiona\/\" \/>\n<meta property=\"og:locale\" content=\"hr_HR\" \/>\n<meta property=\"og:type\" content=\"article\" \/>\n<meta property=\"og:title\" content=\"Iz srca stadiona - SDF - Srpski demokratski forum\" \/>\n<meta property=\"og:description\" content=\"Al\u017eirski novinar Maher Mezahi iznio je za \u010dasopis Africa Is a Country pregled najva\u017enijih doga\u0111anja na stadionima od sredine 20. stolje\u0107a naovamo\" \/>\n<meta property=\"og:url\" content=\"https:\/\/sdf.hr\/hr\/nada\/iz-srca-stadiona\/\" \/>\n<meta property=\"og:site_name\" content=\"SDF - Srpski demokratski forum\" \/>\n<meta property=\"article:modified_time\" content=\"2025-08-14T12:05:42+00:00\" \/>\n<meta property=\"og:image\" content=\"https:\/\/sdf.hr\/wp-content\/uploads\/2025\/08\/124235131_maher-mezahi.jpg\" \/>\n\t<meta property=\"og:image:width\" content=\"976\" \/>\n\t<meta property=\"og:image:height\" content=\"549\" \/>\n\t<meta property=\"og:image:type\" content=\"image\/jpeg\" \/>\n<meta name=\"twitter:card\" content=\"summary_large_image\" \/>\n<meta name=\"twitter:label1\" content=\"Procijenjeno vrijeme \u010ditanja\" \/>\n\t<meta name=\"twitter:data1\" content=\"3 minute\" \/>\n<script type=\"application\/ld+json\" class=\"yoast-schema-graph\">{\"@context\":\"https:\\\/\\\/schema.org\",\"@graph\":[{\"@type\":\"WebPage\",\"@id\":\"https:\\\/\\\/sdf.hr\\\/hr\\\/nada\\\/iz-srca-stadiona\\\/\",\"url\":\"https:\\\/\\\/sdf.hr\\\/hr\\\/nada\\\/iz-srca-stadiona\\\/\",\"name\":\"Iz srca stadiona - SDF - Srpski demokratski forum\",\"isPartOf\":{\"@id\":\"https:\\\/\\\/sdf.hr\\\/#website\"},\"primaryImageOfPage\":{\"@id\":\"https:\\\/\\\/sdf.hr\\\/hr\\\/nada\\\/iz-srca-stadiona\\\/#primaryimage\"},\"image\":{\"@id\":\"https:\\\/\\\/sdf.hr\\\/hr\\\/nada\\\/iz-srca-stadiona\\\/#primaryimage\"},\"thumbnailUrl\":\"https:\\\/\\\/sdf.hr\\\/wp-content\\\/uploads\\\/2025\\\/08\\\/124235131_maher-mezahi.jpg\",\"datePublished\":\"2025-08-14T12:02:19+00:00\",\"dateModified\":\"2025-08-14T12:05:42+00:00\",\"breadcrumb\":{\"@id\":\"https:\\\/\\\/sdf.hr\\\/hr\\\/nada\\\/iz-srca-stadiona\\\/#breadcrumb\"},\"inLanguage\":\"hr\",\"potentialAction\":[{\"@type\":\"ReadAction\",\"target\":[\"https:\\\/\\\/sdf.hr\\\/hr\\\/nada\\\/iz-srca-stadiona\\\/\"]}]},{\"@type\":\"ImageObject\",\"inLanguage\":\"hr\",\"@id\":\"https:\\\/\\\/sdf.hr\\\/hr\\\/nada\\\/iz-srca-stadiona\\\/#primaryimage\",\"url\":\"https:\\\/\\\/sdf.hr\\\/wp-content\\\/uploads\\\/2025\\\/08\\\/124235131_maher-mezahi.jpg\",\"contentUrl\":\"https:\\\/\\\/sdf.hr\\\/wp-content\\\/uploads\\\/2025\\\/08\\\/124235131_maher-mezahi.jpg\",\"width\":976,\"height\":549,\"caption\":\"Maher Mezahi\"},{\"@type\":\"BreadcrumbList\",\"@id\":\"https:\\\/\\\/sdf.hr\\\/hr\\\/nada\\\/iz-srca-stadiona\\\/#breadcrumb\",\"itemListElement\":[{\"@type\":\"ListItem\",\"position\":1,\"name\":\"Po\u010detna stranica\",\"item\":\"https:\\\/\\\/sdf.hr\\\/hr\\\/\"},{\"@type\":\"ListItem\",\"position\":2,\"name\":\"Nada\",\"item\":\"https:\\\/\\\/sdf.hr\\\/nada\\\/\"},{\"@type\":\"ListItem\",\"position\":3,\"name\":\"Iz srca stadiona\"}]},{\"@type\":\"WebSite\",\"@id\":\"https:\\\/\\\/sdf.hr\\\/#website\",\"url\":\"https:\\\/\\\/sdf.hr\\\/\",\"name\":\"SDF - Srpski demokratski forum\",\"description\":\"Srpski demokratski forum\",\"publisher\":{\"@id\":\"https:\\\/\\\/sdf.hr\\\/#organization\"},\"potentialAction\":[{\"@type\":\"SearchAction\",\"target\":{\"@type\":\"EntryPoint\",\"urlTemplate\":\"https:\\\/\\\/sdf.hr\\\/?s={search_term_string}\"},\"query-input\":{\"@type\":\"PropertyValueSpecification\",\"valueRequired\":true,\"valueName\":\"search_term_string\"}}],\"inLanguage\":\"hr\"},{\"@type\":\"Organization\",\"@id\":\"https:\\\/\\\/sdf.hr\\\/#organization\",\"name\":\"SDF - Srpski demokratski forum\",\"url\":\"https:\\\/\\\/sdf.hr\\\/\",\"logo\":{\"@type\":\"ImageObject\",\"inLanguage\":\"hr\",\"@id\":\"https:\\\/\\\/sdf.hr\\\/#\\\/schema\\\/logo\\\/image\\\/\",\"url\":\"https:\\\/\\\/sdf.hr\\\/wp-content\\\/uploads\\\/2021\\\/07\\\/logo-hr.svg\",\"contentUrl\":\"https:\\\/\\\/sdf.hr\\\/wp-content\\\/uploads\\\/2021\\\/07\\\/logo-hr.svg\",\"width\":271,\"height\":100,\"caption\":\"SDF - Srpski demokratski forum\"},\"image\":{\"@id\":\"https:\\\/\\\/sdf.hr\\\/#\\\/schema\\\/logo\\\/image\\\/\"}}]}<\/script>\n<!-- \/ Yoast SEO plugin. -->","yoast_head_json":{"title":"Iz srca stadiona - SDF - Srpski demokratski forum","robots":{"index":"index","follow":"follow","max-snippet":"max-snippet:-1","max-image-preview":"max-image-preview:large","max-video-preview":"max-video-preview:-1"},"canonical":"https:\/\/sdf.hr\/hr\/nada\/iz-srca-stadiona\/","og_locale":"hr_HR","og_type":"article","og_title":"Iz srca stadiona - SDF - Srpski demokratski forum","og_description":"Al\u017eirski novinar Maher Mezahi iznio je za \u010dasopis Africa Is a Country pregled najva\u017enijih doga\u0111anja na stadionima od sredine 20. stolje\u0107a naovamo","og_url":"https:\/\/sdf.hr\/hr\/nada\/iz-srca-stadiona\/","og_site_name":"SDF - Srpski demokratski forum","article_modified_time":"2025-08-14T12:05:42+00:00","og_image":[{"width":976,"height":549,"url":"https:\/\/sdf.hr\/wp-content\/uploads\/2025\/08\/124235131_maher-mezahi.jpg","type":"image\/jpeg"}],"twitter_card":"summary_large_image","twitter_misc":{"Procijenjeno vrijeme \u010ditanja":"3 minute"},"schema":{"@context":"https:\/\/schema.org","@graph":[{"@type":"WebPage","@id":"https:\/\/sdf.hr\/hr\/nada\/iz-srca-stadiona\/","url":"https:\/\/sdf.hr\/hr\/nada\/iz-srca-stadiona\/","name":"Iz srca stadiona - SDF - Srpski demokratski forum","isPartOf":{"@id":"https:\/\/sdf.hr\/#website"},"primaryImageOfPage":{"@id":"https:\/\/sdf.hr\/hr\/nada\/iz-srca-stadiona\/#primaryimage"},"image":{"@id":"https:\/\/sdf.hr\/hr\/nada\/iz-srca-stadiona\/#primaryimage"},"thumbnailUrl":"https:\/\/sdf.hr\/wp-content\/uploads\/2025\/08\/124235131_maher-mezahi.jpg","datePublished":"2025-08-14T12:02:19+00:00","dateModified":"2025-08-14T12:05:42+00:00","breadcrumb":{"@id":"https:\/\/sdf.hr\/hr\/nada\/iz-srca-stadiona\/#breadcrumb"},"inLanguage":"hr","potentialAction":[{"@type":"ReadAction","target":["https:\/\/sdf.hr\/hr\/nada\/iz-srca-stadiona\/"]}]},{"@type":"ImageObject","inLanguage":"hr","@id":"https:\/\/sdf.hr\/hr\/nada\/iz-srca-stadiona\/#primaryimage","url":"https:\/\/sdf.hr\/wp-content\/uploads\/2025\/08\/124235131_maher-mezahi.jpg","contentUrl":"https:\/\/sdf.hr\/wp-content\/uploads\/2025\/08\/124235131_maher-mezahi.jpg","width":976,"height":549,"caption":"Maher Mezahi"},{"@type":"BreadcrumbList","@id":"https:\/\/sdf.hr\/hr\/nada\/iz-srca-stadiona\/#breadcrumb","itemListElement":[{"@type":"ListItem","position":1,"name":"Po\u010detna stranica","item":"https:\/\/sdf.hr\/hr\/"},{"@type":"ListItem","position":2,"name":"Nada","item":"https:\/\/sdf.hr\/nada\/"},{"@type":"ListItem","position":3,"name":"Iz srca stadiona"}]},{"@type":"WebSite","@id":"https:\/\/sdf.hr\/#website","url":"https:\/\/sdf.hr\/","name":"SDF - Srpski demokratski forum","description":"Srpski demokratski forum","publisher":{"@id":"https:\/\/sdf.hr\/#organization"},"potentialAction":[{"@type":"SearchAction","target":{"@type":"EntryPoint","urlTemplate":"https:\/\/sdf.hr\/?s={search_term_string}"},"query-input":{"@type":"PropertyValueSpecification","valueRequired":true,"valueName":"search_term_string"}}],"inLanguage":"hr"},{"@type":"Organization","@id":"https:\/\/sdf.hr\/#organization","name":"SDF - Srpski demokratski forum","url":"https:\/\/sdf.hr\/","logo":{"@type":"ImageObject","inLanguage":"hr","@id":"https:\/\/sdf.hr\/#\/schema\/logo\/image\/","url":"https:\/\/sdf.hr\/wp-content\/uploads\/2021\/07\/logo-hr.svg","contentUrl":"https:\/\/sdf.hr\/wp-content\/uploads\/2021\/07\/logo-hr.svg","width":271,"height":100,"caption":"SDF - Srpski demokratski forum"},"image":{"@id":"https:\/\/sdf.hr\/#\/schema\/logo\/image\/"}}]}},"_links":{"self":[{"href":"https:\/\/sdf.hr\/hr\/wp-json\/wp\/v2\/nada\/6880","targetHints":{"allow":["GET"]}}],"collection":[{"href":"https:\/\/sdf.hr\/hr\/wp-json\/wp\/v2\/nada"}],"about":[{"href":"https:\/\/sdf.hr\/hr\/wp-json\/wp\/v2\/types\/nada"}],"wp:featuredmedia":[{"embeddable":true,"href":"https:\/\/sdf.hr\/hr\/wp-json\/wp\/v2\/media\/6882"}],"wp:attachment":[{"href":"https:\/\/sdf.hr\/hr\/wp-json\/wp\/v2\/media?parent=6880"}],"wp:term":[{"taxonomy":"post_tag","embeddable":true,"href":"https:\/\/sdf.hr\/hr\/wp-json\/wp\/v2\/tags?post=6880"},{"taxonomy":"atribut","embeddable":true,"href":"https:\/\/sdf.hr\/hr\/wp-json\/wp\/v2\/atribut?post=6880"}],"curies":[{"name":"wp","href":"https:\/\/api.w.org\/{rel}","templated":true}]}}