{"id":6892,"date":"2025-08-16T08:01:35","date_gmt":"2025-08-16T06:01:35","guid":{"rendered":"https:\/\/sdf.hr\/nada\/pekmez-iz-pecnice\/"},"modified":"2025-08-16T08:10:04","modified_gmt":"2025-08-16T06:10:04","slug":"pekmez-iz-pecnice","status":"publish","type":"nada","link":"https:\/\/sdf.hr\/hr\/nada\/pekmez-iz-pecnice\/","title":{"rendered":"Pekmez iz pe\u0107nice"},"content":{"rendered":"<p>Kada nastupi obilje ljeta i dozrije slasno vo\u0107e poput marelica ili \u0161ljiva, volim pripremati pekmeze te na taj na\u010din sa\u010duvati okuse, mirise i boje ovog godi\u0161njeg doba. Osim \u0161to ih koristim u slasticama i kola\u010dima, za doru\u010dak volim pojesti \u0161nitu doma\u0107eg kruha s maslacem i doma\u0107im pekmezom. Do sada sam uvijek koristila metodu klasi\u010dnog kuhanja u loncu i dugog mije\u0161anja do \u017eeljene gusto\u0107e. No pekmeze mo\u017eete pripremiti i u pe\u0107nici. Taj na\u010din pripreme sam otkrila kod prijateljice i vrsne majstorice kuhinje <strong>Milice Beli\u010deve<\/strong> i odu\u0161evilo me koliko je okus bogatiji i puniji, a priprema jednostavnija. Tako\u0111er, tokom pripreme ni\u0161ta ne \u0161prica i pe\u0107nica \u0107e ostati \u010dista.<\/p>\n<p>Pekmez od \u0161ljiva sam radila uz dodatak \u0161e\u0107era i potpuno bez \u0161e\u0107era (odli\u010dno je ako imate jako zrele i slatke \u0161ljive), uz dodatak crnog vina, cimeta malo soli, a pekmez od marelica sam radila uz dodatak \u0161e\u0107era, limuna i malo soli. U oba slu\u010daja je sol izvukla slatko\u0107u iz vo\u0107a i dala balans u okusu. Donosim vam postupak i omjere za obje vrste vo\u0107a.<\/p>\n<p>&nbsp;<\/p>\n<p><em>Pekmez od marelica:<\/em><\/p>\n<p>3 kg o\u010di\u0161\u0107enih marelica<\/p>\n<p>500 g \u0161e\u0107era (ukoliko su marelice kiselije, stavite vi\u0161e)<\/p>\n<p>prstohvat soli<\/p>\n<p>sok dva limuna<\/p>\n<p>Marelice operite i izvadite im ko\u0161tice. O\u010distite sve o\u0161te\u0107ene dijelove kako se pekmez ne bi kvario. Nije ih potrebno guliti. Izva\u017eite masu i stavite u duboki lim za pe\u010denje ili veliki lonac koji vam mo\u017ee stati u pe\u0107nicu. Iscijedite sok dva limuna i prelijte preko vo\u0107a te malo posolite i sve promije\u0161ajte. Stavite pe\u0107i nepokriveno u pe\u0107nicu na 150 do 170 stupnjeva. Povremeno promije\u0161ajte i provjerite u kojoj fazi je vo\u0107e. Kada su marelice omek\u0161ale i pustile sok te se u mije\u0161anju raspadaju, dodajte \u0161e\u0107er. \u0160e\u0107er se dodaje u kasnijoj fazi da pekmez ne bi potamnio. Svakih 30 minuta provjerite gusto\u0107u i promije\u0161ajte. Meni je trebalo ukupno tri sata da dobijem \u017eeljenu gusto\u0107u, a sve ovisi kakvo je vo\u0107e te kakva vam je pe\u0107nica.<\/p>\n<p>Prikladne staklenke i poklopce operite pa stavite u pe\u0107nicu na 120 stupnjeva nekih 30 minuta. Na taj na\u010din \u0107ete ih sterilizirati. U vru\u0107e staklenke punite vru\u0107 pekmez te odmah \u010dvrsto zatvorite. Pazite da rubovi staklenke budu \u010disti. Napunjene staklenke vratite u uga\u0161enu pe\u0107nicu i ostavite da se postepeno hlade.<\/p>\n<p>&nbsp;<\/p>\n<p><em>Pekmez od \u0161ljiva:<\/em><\/p>\n<p>4 kg o\u010di\u0161\u0107enih \u0161ljiva<\/p>\n<p>400 g \u0161e\u0107era (mo\u017eete i bez \u0161e\u0107era)<\/p>\n<p>prstohvat soli<\/p>\n<p>2 dl crnog vina<\/p>\n<p>\u017eli\u010dica cimeta<\/p>\n<p>\u0160ljive operite i o\u010distite, dodajte im \u0161e\u0107er, vino i cimet te stavite u dublji lim ili lonac koji vam mo\u017ee stati u pe\u0107nicu. Stavite nepokriveno u pe\u0107nicu na 170 stupnjeva. U toku pe\u010denja povremeno promije\u0161ajte i provjerite gusto\u0107u. Ovisi koliko su \u0161ljive so\u010dne i koliko teku\u0107ine su ispustile, trebat \u0107e od dva do tri sata da pekmez bude gotov. Ako \u017eelite, mo\u017eete ga izraditi \u0161tapnim mikserom i jo\u0161 malo prokuhati na plinu do \u017eeljene gusto\u0107e. Ja sam ostavila da bude rustikalan i da se osjete komadi vo\u0107a. Staklenke pripremite na ve\u0107 gore opisan na\u010din.<\/p>\n<p>Ukoliko imate doma\u0107e vo\u0107e, pekmez \u0107e biti ukusniji i kvalitetniji jer ga mo\u017eete raditi kada je vo\u0107e potpuno zrelo. U\u017eivajte u okusima i mirisima ovako spremljenog ljeta u staklenke iz kojih miri\u0161i sre\u0107a, a mo\u017eete ih i poklanjati dragim ljudima jer svima \u0107e izmamiti osmijeh na lice.<\/p>\n<p>Dobar tek!<\/p>\n<p><em>pi\u0161e Valentina Vukadinovi\u0107<\/em><\/p>\n","protected":false},"excerpt":{"rendered":"<p>Ukoliko imate doma\u0107e vo\u0107e, pekmez \u0107e biti ukusniji i kvalitetniji jer ga mo\u017eete raditi kada je vo\u0107e potpuno zrelo. U\u017eivajte u okusima i mirisima ovako spremljenog ljeta u staklenke<\/p>\n","protected":false},"featured_media":6891,"template":"","tags":[42],"atribut":[],"class_list":["post-6892","nada","type-nada","status-publish","has-post-thumbnail","hentry","tag-gorski-kotao"],"acf":[],"yoast_head":"<!-- This site is optimized with the Yoast SEO plugin v27.4 - https:\/\/yoast.com\/product\/yoast-seo-wordpress\/ -->\n<title>Pekmez iz pe\u0107nice - SDF - Srpski demokratski forum<\/title>\n<meta name=\"robots\" content=\"index, follow, max-snippet:-1, max-image-preview:large, max-video-preview:-1\" \/>\n<link rel=\"canonical\" href=\"https:\/\/sdf.hr\/hr\/nada\/pekmez-iz-pecnice\/\" \/>\n<meta property=\"og:locale\" content=\"hr_HR\" \/>\n<meta property=\"og:type\" content=\"article\" \/>\n<meta property=\"og:title\" content=\"Pekmez iz pe\u0107nice - SDF - Srpski demokratski forum\" \/>\n<meta property=\"og:description\" content=\"Ukoliko imate doma\u0107e vo\u0107e, pekmez \u0107e biti ukusniji i kvalitetniji jer ga mo\u017eete raditi kada je vo\u0107e potpuno zrelo. U\u017eivajte u okusima i mirisima ovako spremljenog ljeta u staklenke\" \/>\n<meta property=\"og:url\" content=\"https:\/\/sdf.hr\/hr\/nada\/pekmez-iz-pecnice\/\" \/>\n<meta property=\"og:site_name\" content=\"SDF - Srpski demokratski forum\" \/>\n<meta property=\"article:modified_time\" content=\"2025-08-16T06:10:04+00:00\" \/>\n<meta property=\"og:image\" content=\"https:\/\/sdf.hr\/wp-content\/uploads\/2025\/08\/Pekmez-scaled.jpg\" \/>\n\t<meta property=\"og:image:width\" content=\"2560\" \/>\n\t<meta property=\"og:image:height\" content=\"1920\" \/>\n\t<meta property=\"og:image:type\" content=\"image\/jpeg\" \/>\n<meta name=\"twitter:card\" content=\"summary_large_image\" \/>\n<meta name=\"twitter:label1\" content=\"Procijenjeno vrijeme \u010ditanja\" \/>\n\t<meta name=\"twitter:data1\" content=\"3 minute\" \/>\n<script type=\"application\/ld+json\" class=\"yoast-schema-graph\">{\"@context\":\"https:\\\/\\\/schema.org\",\"@graph\":[{\"@type\":\"WebPage\",\"@id\":\"https:\\\/\\\/sdf.hr\\\/hr\\\/nada\\\/pekmez-iz-pecnice\\\/\",\"url\":\"https:\\\/\\\/sdf.hr\\\/hr\\\/nada\\\/pekmez-iz-pecnice\\\/\",\"name\":\"Pekmez iz pe\u0107nice - SDF - Srpski demokratski forum\",\"isPartOf\":{\"@id\":\"https:\\\/\\\/sdf.hr\\\/#website\"},\"primaryImageOfPage\":{\"@id\":\"https:\\\/\\\/sdf.hr\\\/hr\\\/nada\\\/pekmez-iz-pecnice\\\/#primaryimage\"},\"image\":{\"@id\":\"https:\\\/\\\/sdf.hr\\\/hr\\\/nada\\\/pekmez-iz-pecnice\\\/#primaryimage\"},\"thumbnailUrl\":\"https:\\\/\\\/sdf.hr\\\/wp-content\\\/uploads\\\/2025\\\/08\\\/Pekmez-scaled.jpg\",\"datePublished\":\"2025-08-16T06:01:35+00:00\",\"dateModified\":\"2025-08-16T06:10:04+00:00\",\"breadcrumb\":{\"@id\":\"https:\\\/\\\/sdf.hr\\\/hr\\\/nada\\\/pekmez-iz-pecnice\\\/#breadcrumb\"},\"inLanguage\":\"hr\",\"potentialAction\":[{\"@type\":\"ReadAction\",\"target\":[\"https:\\\/\\\/sdf.hr\\\/hr\\\/nada\\\/pekmez-iz-pecnice\\\/\"]}]},{\"@type\":\"ImageObject\",\"inLanguage\":\"hr\",\"@id\":\"https:\\\/\\\/sdf.hr\\\/hr\\\/nada\\\/pekmez-iz-pecnice\\\/#primaryimage\",\"url\":\"https:\\\/\\\/sdf.hr\\\/wp-content\\\/uploads\\\/2025\\\/08\\\/Pekmez-scaled.jpg\",\"contentUrl\":\"https:\\\/\\\/sdf.hr\\\/wp-content\\\/uploads\\\/2025\\\/08\\\/Pekmez-scaled.jpg\",\"width\":2560,\"height\":1920},{\"@type\":\"BreadcrumbList\",\"@id\":\"https:\\\/\\\/sdf.hr\\\/hr\\\/nada\\\/pekmez-iz-pecnice\\\/#breadcrumb\",\"itemListElement\":[{\"@type\":\"ListItem\",\"position\":1,\"name\":\"Po\u010detna stranica\",\"item\":\"https:\\\/\\\/sdf.hr\\\/hr\\\/\"},{\"@type\":\"ListItem\",\"position\":2,\"name\":\"Nada\",\"item\":\"https:\\\/\\\/sdf.hr\\\/nada\\\/\"},{\"@type\":\"ListItem\",\"position\":3,\"name\":\"Pekmez iz pe\u0107nice\"}]},{\"@type\":\"WebSite\",\"@id\":\"https:\\\/\\\/sdf.hr\\\/#website\",\"url\":\"https:\\\/\\\/sdf.hr\\\/\",\"name\":\"SDF - Srpski demokratski forum\",\"description\":\"Srpski demokratski forum\",\"publisher\":{\"@id\":\"https:\\\/\\\/sdf.hr\\\/#organization\"},\"potentialAction\":[{\"@type\":\"SearchAction\",\"target\":{\"@type\":\"EntryPoint\",\"urlTemplate\":\"https:\\\/\\\/sdf.hr\\\/?s={search_term_string}\"},\"query-input\":{\"@type\":\"PropertyValueSpecification\",\"valueRequired\":true,\"valueName\":\"search_term_string\"}}],\"inLanguage\":\"hr\"},{\"@type\":\"Organization\",\"@id\":\"https:\\\/\\\/sdf.hr\\\/#organization\",\"name\":\"SDF - Srpski demokratski forum\",\"url\":\"https:\\\/\\\/sdf.hr\\\/\",\"logo\":{\"@type\":\"ImageObject\",\"inLanguage\":\"hr\",\"@id\":\"https:\\\/\\\/sdf.hr\\\/#\\\/schema\\\/logo\\\/image\\\/\",\"url\":\"https:\\\/\\\/sdf.hr\\\/wp-content\\\/uploads\\\/2021\\\/07\\\/logo-hr.svg\",\"contentUrl\":\"https:\\\/\\\/sdf.hr\\\/wp-content\\\/uploads\\\/2021\\\/07\\\/logo-hr.svg\",\"width\":271,\"height\":100,\"caption\":\"SDF - Srpski demokratski forum\"},\"image\":{\"@id\":\"https:\\\/\\\/sdf.hr\\\/#\\\/schema\\\/logo\\\/image\\\/\"}}]}<\/script>\n<!-- \/ Yoast SEO plugin. -->","yoast_head_json":{"title":"Pekmez iz pe\u0107nice - SDF - Srpski demokratski forum","robots":{"index":"index","follow":"follow","max-snippet":"max-snippet:-1","max-image-preview":"max-image-preview:large","max-video-preview":"max-video-preview:-1"},"canonical":"https:\/\/sdf.hr\/hr\/nada\/pekmez-iz-pecnice\/","og_locale":"hr_HR","og_type":"article","og_title":"Pekmez iz pe\u0107nice - SDF - Srpski demokratski forum","og_description":"Ukoliko imate doma\u0107e vo\u0107e, pekmez \u0107e biti ukusniji i kvalitetniji jer ga mo\u017eete raditi kada je vo\u0107e potpuno zrelo. U\u017eivajte u okusima i mirisima ovako spremljenog ljeta u staklenke","og_url":"https:\/\/sdf.hr\/hr\/nada\/pekmez-iz-pecnice\/","og_site_name":"SDF - Srpski demokratski forum","article_modified_time":"2025-08-16T06:10:04+00:00","og_image":[{"width":2560,"height":1920,"url":"https:\/\/sdf.hr\/wp-content\/uploads\/2025\/08\/Pekmez-scaled.jpg","type":"image\/jpeg"}],"twitter_card":"summary_large_image","twitter_misc":{"Procijenjeno vrijeme \u010ditanja":"3 minute"},"schema":{"@context":"https:\/\/schema.org","@graph":[{"@type":"WebPage","@id":"https:\/\/sdf.hr\/hr\/nada\/pekmez-iz-pecnice\/","url":"https:\/\/sdf.hr\/hr\/nada\/pekmez-iz-pecnice\/","name":"Pekmez iz pe\u0107nice - SDF - Srpski demokratski forum","isPartOf":{"@id":"https:\/\/sdf.hr\/#website"},"primaryImageOfPage":{"@id":"https:\/\/sdf.hr\/hr\/nada\/pekmez-iz-pecnice\/#primaryimage"},"image":{"@id":"https:\/\/sdf.hr\/hr\/nada\/pekmez-iz-pecnice\/#primaryimage"},"thumbnailUrl":"https:\/\/sdf.hr\/wp-content\/uploads\/2025\/08\/Pekmez-scaled.jpg","datePublished":"2025-08-16T06:01:35+00:00","dateModified":"2025-08-16T06:10:04+00:00","breadcrumb":{"@id":"https:\/\/sdf.hr\/hr\/nada\/pekmez-iz-pecnice\/#breadcrumb"},"inLanguage":"hr","potentialAction":[{"@type":"ReadAction","target":["https:\/\/sdf.hr\/hr\/nada\/pekmez-iz-pecnice\/"]}]},{"@type":"ImageObject","inLanguage":"hr","@id":"https:\/\/sdf.hr\/hr\/nada\/pekmez-iz-pecnice\/#primaryimage","url":"https:\/\/sdf.hr\/wp-content\/uploads\/2025\/08\/Pekmez-scaled.jpg","contentUrl":"https:\/\/sdf.hr\/wp-content\/uploads\/2025\/08\/Pekmez-scaled.jpg","width":2560,"height":1920},{"@type":"BreadcrumbList","@id":"https:\/\/sdf.hr\/hr\/nada\/pekmez-iz-pecnice\/#breadcrumb","itemListElement":[{"@type":"ListItem","position":1,"name":"Po\u010detna stranica","item":"https:\/\/sdf.hr\/hr\/"},{"@type":"ListItem","position":2,"name":"Nada","item":"https:\/\/sdf.hr\/nada\/"},{"@type":"ListItem","position":3,"name":"Pekmez iz pe\u0107nice"}]},{"@type":"WebSite","@id":"https:\/\/sdf.hr\/#website","url":"https:\/\/sdf.hr\/","name":"SDF - Srpski demokratski forum","description":"Srpski demokratski forum","publisher":{"@id":"https:\/\/sdf.hr\/#organization"},"potentialAction":[{"@type":"SearchAction","target":{"@type":"EntryPoint","urlTemplate":"https:\/\/sdf.hr\/?s={search_term_string}"},"query-input":{"@type":"PropertyValueSpecification","valueRequired":true,"valueName":"search_term_string"}}],"inLanguage":"hr"},{"@type":"Organization","@id":"https:\/\/sdf.hr\/#organization","name":"SDF - Srpski demokratski forum","url":"https:\/\/sdf.hr\/","logo":{"@type":"ImageObject","inLanguage":"hr","@id":"https:\/\/sdf.hr\/#\/schema\/logo\/image\/","url":"https:\/\/sdf.hr\/wp-content\/uploads\/2021\/07\/logo-hr.svg","contentUrl":"https:\/\/sdf.hr\/wp-content\/uploads\/2021\/07\/logo-hr.svg","width":271,"height":100,"caption":"SDF - Srpski demokratski forum"},"image":{"@id":"https:\/\/sdf.hr\/#\/schema\/logo\/image\/"}}]}},"_links":{"self":[{"href":"https:\/\/sdf.hr\/hr\/wp-json\/wp\/v2\/nada\/6892","targetHints":{"allow":["GET"]}}],"collection":[{"href":"https:\/\/sdf.hr\/hr\/wp-json\/wp\/v2\/nada"}],"about":[{"href":"https:\/\/sdf.hr\/hr\/wp-json\/wp\/v2\/types\/nada"}],"wp:featuredmedia":[{"embeddable":true,"href":"https:\/\/sdf.hr\/hr\/wp-json\/wp\/v2\/media\/6891"}],"wp:attachment":[{"href":"https:\/\/sdf.hr\/hr\/wp-json\/wp\/v2\/media?parent=6892"}],"wp:term":[{"taxonomy":"post_tag","embeddable":true,"href":"https:\/\/sdf.hr\/hr\/wp-json\/wp\/v2\/tags?post=6892"},{"taxonomy":"atribut","embeddable":true,"href":"https:\/\/sdf.hr\/hr\/wp-json\/wp\/v2\/atribut?post=6892"}],"curies":[{"name":"wp","href":"https:\/\/api.w.org\/{rel}","templated":true}]}}