{"id":6909,"date":"2025-08-24T08:17:05","date_gmt":"2025-08-24T06:17:05","guid":{"rendered":"https:\/\/sdf.hr\/nada\/petar-kruzic-jos-uvijek-ima-nade-za-zivot-u-jadranu\/"},"modified":"2025-08-23T17:17:29","modified_gmt":"2025-08-23T15:17:29","slug":"petar-kruzic-jos-uvijek-ima-nade-za-zivot-u-jadranu","status":"publish","type":"nada","link":"https:\/\/sdf.hr\/hr\/nada\/petar-kruzic-jos-uvijek-ima-nade-za-zivot-u-jadranu\/","title":{"rendered":"Petar Kru\u017ei\u0107: Jo\u0161 uvijek ima nade za \u017eivot u Jadranu"},"content":{"rendered":"<p>Ako se u kafi\u0107 u Gra\u010danima u toplu ljetnu nedjeljnu ve\u010der nasu\u010de kit, u dobrim smo rukama. Na pitanje &#8220;je li netko ovdje morski biolog?&#8221; prvi put u \u017eivotu mo\u017eemo sa sigurno\u0161\u0107u potvrdno kimnuti glavom. S nama je <strong>Petar Kru\u017ei\u0107<\/strong>, redoviti profesor na Zoologijskom zavodu Prirodoslovno-matemati\u010dkog fakulteta u Zagrebu. Kad ne predaje biolo\u0161ku oceanografiju, Kru\u017ei\u0107 roni po Mediteranu i biva ne\u0161to kao podmorski detektiv, s posebnim fokusom na koralje. Jadran se zagrijava, vrijeme ne smijemo gubiti \u2013 zaronimo u razgovor!<\/p>\n<p><strong>Kako ste se zainteresirali za biologiju, i za\u0161to ba\u0161 za morsku biologiju?<\/strong><\/p>\n<p>Jedno vrijeme mi je u glavi bila medicina, roditelji su mi medicinari. Nekako je biologija presudila, a kasnije mi je bila napetija biologija mora. Cijeli studij me vukao na tu stranu \u2013 ribe, koralji, fascinacija morskim psima. Va\u017ean je bio i utjecaj <strong>Jacquesa Cousteaua<\/strong> i njegovih emisija o podmorju. Uvijek sam kao dijete tijekom ljeta bio preko mjesec dana na moru, i to je sigurno igralo ulogu.<\/p>\n<p><strong>Puno ronite ve\u0107 30 godina, to je sastavan dio va\u0161ih istra\u017eivanja. Jeste li i kao dje\u010dak ronili?<\/strong><\/p>\n<p>Ronio sam prije nego \u0161to sam plivao. Legao bih na madrac na napuhavanje, stavio masku i gledao \u0161to se doga\u0111a ispod povr\u0161ine. Oti\u0161ao bih tako i po sto metara od obale, odrasli su mi vikali da se vratim, a meni je bilo lijepo. Nisam razmi\u0161ljao o tome da ne znam jo\u0161 dobro plivati. Sje\u0107am se dobro prvog puta kad sam vidio dupina. Pod morem se ina\u010de rijetko vide, ali \u010duju se relativno \u010desto. Zna se dogoditi da vam pri\u0111u dosta blizu, a vi ih ne vidite. Volio bih nekad u \u017eivotu vidjeti kita, ali ne mo\u017eda roniti blizu njega. Ako vas gurnu perajama, mo\u017ee biti nezgodno. To su fascinantna bi\u0107a, treba ih po\u0161tovati. More je ipak njihovo podru\u010dje, oni tamo \u017eive, a mi smo gosti.<\/p>\n<p><strong>U fokusu va\u0161ih istra\u017eivanja su koralji, odnosno koraligenske zajednice. Kako je do toga do\u0161lo? I po \u010demu su specifi\u010dni koralji u Jadranskom moru, naspram drugih svjetskih mora?<\/strong><\/p>\n<p>Koraljima sam se po\u010deo baviti zaslugom mog prvog mentora, pokojnog <strong>Du\u0161ana Zavodnika<\/strong> s IRB-a u Rovinju. On me uputio na koralje, rekao mi da se nitko kod nas ne bavi time. Po\u010deo sam se baviti time i stvarno me zainteresiralo, a napredovao sam kroz rad s drugim mentorom, <strong>Helmutom Zibrowiusom<\/strong> sa Sveu\u010dili\u0161ta u Marseilleu. S njime sam radio dok sam bio u Marseilleu na stipendiji. Uvijek bi kazao da nema vremena, a dao je studentima apsolutno sve svoje vrijeme i puno me toga nau\u010dio.<\/p>\n<p>Koralji su jednostavno fascinantni, oni su arhitekti morskih stani\u0161ta, imate ih od plitkog dijela mora na pola metra dubine do velikih dubina, dublje i od 300 metara. Imamo dubokomorske koralje koji su nasred Jadrana, u podru\u010djima gdje je prili\u010dno jaka struja. Tamo \u017eive dubokomorski bijeli koralji koje mo\u017eemo promatrati jedino podmorskim dronovima (ROV), jer je te\u0161ko roniti na tim dubinama. Koralji koje ja primarno istra\u017eujem nalaze se na pli\u0107em podru\u010dju \u2013 promatram crvene gorgonije, crveni koralj koji se na\u017ealost vadi zbog nakita i stani\u0161ta su jako uni\u0161tena zbog toga.<\/p>\n<p>Mi smo jedina zemlja na svijetu koja ima strogo za\u0161ti\u0107enu vrstu, crveni koralj (<em>Corallium rubrum<\/em>), ali imamo i 12 koraljara koji imaju koncesiju za va\u0111enje tog koralja. Iako je, ponavljam, strogo za\u0161ti\u0107ena vrsta. Ove je godine kod Zadra opusto\u0161eno jedno od najve\u0107ih nalazi\u0161ta tog koralja. Strahovao sam da \u0107e to nalazi\u0161te uni\u0161titi marikultura koja se trebala \u0161iriti prema njemu, ali eto \u2013 koraljari su stigli prije.<\/p>\n<p><strong>Jadran se rapidno zagrijava i uvjeti u njemu postaju sve sli\u010dniji tropskim morima. Kako to utje\u010de na koralje i druge organizme u moru?<\/strong><\/p>\n<p>Da, temperature mora su sve vi\u0161e, i mjerenja to pokazuju. Prije 20-40 godina, na 40 metara dubine maksimalna ljetna temperatura je bila 12-15 stupnjeva, a sad je usred rujna ili listopada 22-24 stupnja, \u0161to je gotovo duplo vi\u0161e. Doktorirao sam na jednoj vrsti koralja koja je izvorno tropski koralj, ali se tijekom tisu\u0107a godina priviknuo na umjereno toplo more i nastavio \u017eivjeti u Mediteranu. Sad je taj izvorno tropski koralj ugro\u017een zbog klimatskih promjena u Jadranu, \u0161to je zaista grozno za vidjeti.<\/p>\n<p>Imate vrste koje \u017eive u hladnom moru, koje su navikle na te hladnije vode, i kad se voda zagrije, one su ugro\u017eene, dolazi do nekroza tkiva, bakterije ih napadaju. Dolazi do masovne smrtnosti, ne samo koralja, nego i drugih sesilnih organizama. Primarno su to po\u010deli pratiti u zapadnom dijelu Mediterana jo\u0161 1990-ih, a kasnije smo i mi uvidjeli da se to doga\u0111a i kod nas u Jadranu.<\/p>\n<figure id=\"attachment_6905\" aria-describedby=\"caption-attachment-6905\" style=\"width: 2560px\" class=\"wp-caption alignnone\"><img loading=\"lazy\" decoding=\"async\" class=\"wp-image-6905 size-full\" src=\"https:\/\/sdf.hr\/wp-content\/uploads\/2025\/08\/Kruzic2_Ranko-Suvar-scaled.jpg\" alt=\"\" width=\"2560\" height=\"1707\" srcset=\"https:\/\/sdf.hr\/wp-content\/uploads\/2025\/08\/Kruzic2_Ranko-Suvar-scaled.jpg 2560w, https:\/\/sdf.hr\/wp-content\/uploads\/2025\/08\/Kruzic2_Ranko-Suvar-300x200.jpg 300w, https:\/\/sdf.hr\/wp-content\/uploads\/2025\/08\/Kruzic2_Ranko-Suvar-1024x683.jpg 1024w, https:\/\/sdf.hr\/wp-content\/uploads\/2025\/08\/Kruzic2_Ranko-Suvar-768x512.jpg 768w, https:\/\/sdf.hr\/wp-content\/uploads\/2025\/08\/Kruzic2_Ranko-Suvar-1536x1024.jpg 1536w, https:\/\/sdf.hr\/wp-content\/uploads\/2025\/08\/Kruzic2_Ranko-Suvar-2048x1365.jpg 2048w\" sizes=\"auto, (max-width: 2560px) 100vw, 2560px\" \/><figcaption id=\"caption-attachment-6905\" class=\"wp-caption-text\">Za\u0161ti\u0107ena vrsta \u2013 crveni koralj (Foto: Ranko \u0160uvar\/CROPIX)<\/figcaption><\/figure>\n<p><strong>Primarno je velika smrtnost sesilnih morskih organizama?<\/strong><\/p>\n<p>Da, najvi\u0161e stradavaju vrste koje ne mogu pobje\u0107i. Stradava i koraligenska biocenoza koja je na ve\u0107im dubinama i koja je specifi\u010dna za Mediteran. Ribe se donekle adaptiraju, ali i za njih su to nagle i problemati\u010dne promjene. Neke vrste koje su komercijalne, recimo palamida koja se kod nas dosta lovi, ne vole pretjerano topla mora. Te ribe onda idu sve dublje, na dubine na kojima ih ribari ne mogu opasati mre\u017eama. Onda ribari, na\u017ealost, bacaju dinamit da upla\u0161e ribu, jer kad je palamida upla\u0161ena, pliva prema povr\u0161ini.<\/p>\n<p><strong>Zagrijavanje mora ima veoma \u0161tetne posljedice, ali \u0161tetne su i razli\u010dite metode i opseg ribarenja. Kakav je utjecaj ribarenja u Jadranu?<\/strong><\/p>\n<p>Stra\u0161no velik. Ne mo\u017eete ni zamisliti koliko ribolovnih alata ima posvuda. Ne samo u podru\u010djima koja nisu za\u0161ti\u0107ena, nego na Kornatima, Mljetu, dakle u nacionalnim parkovima. Postoji udruga Adriatic Guardian (Dru\u0161tvo za podvodne sportove Zagreb) koja se bavi va\u0111enjem tih mre\u017ea, ali to je ba\u0161 Sizifov posao. Koliko god da ih se izvadi, nove mre\u017ee se ostavljaju. Mre\u017ee tako stoje pod morem i riba se stalno lovi u njih, pa onda ta riba ugine i do\u0111u druge ribe koje se hrane njome, pa se i one ulove. Onda do\u0111u rakovi, jastozi, hlapovi. Mi smo prije dvije godine izvadili jednu mre\u017eu na Balunu, u Kornatima, na\u0161li smo \u010detiri-pet jastoga i dva hlapa koji su bili \u017eivi i \u010detiri-pet uginulih jastoga. Tu\u017eno za vidjeti. Apeliramo na ribare \u2013 kad im ostane mre\u017ea, da to dojave udruzi Adriatic Guardian.<\/p>\n<p><strong>Problem je i \u0161to se eventualne kontrole u nacionalnim parkovima provode samo u periodu turisti\u010dke sezone?<\/strong><\/p>\n<p>Da, preko zime nema kontrole jer nije turisti\u010dka sezona. To je dosta velik problem, jer se u to vrijeme najvi\u0161e ribari. A i za vrijeme turisti\u010dke sezone ve\u0107ina zaposlenika je na naplati ulaznica, a ne u poslovima nadzora. To je \u0161teta jer je jako puno krivolova i sidrenja gdje se ne bi smjelo sidriti, primjerice bacanja sidra u posidoniju, morsku cvjetnicu \u010dije su livade izuzetno vrijedno podmorsko stani\u0161te. Ronim 30 godina i nikad me nitko ni\u0161ta nije pitao, od pomorske policije do inspekcije, \u0161to i za\u0161to radim u moru. Nadam se da \u0107e se to mijenjati u bliskoj budu\u0107nosti, jer je nu\u017eno da se mijenja.<\/p>\n<p><strong>Na razini Europske unije zagovara se implementacija tzv. <em>no-take<\/em> morskih zona. Kakve su to zone i kako se to u praksi odnosi na Hrvatsku?<\/strong><\/p>\n<p>Za\u0161ti\u0107ena podru\u010dja ve\u0107 su sama po sebi <em>no-take<\/em> zone. To su nacionalni parkovi, dok u parkovima prirode imamo zone gdje se mo\u017ee ribariti samo za osobne potrebe, ali to je dosta apsurdno. Po novim regulativama EU-a Mediteran bi trebao imati 30 posto za\u0161tite, dakle 30 posto mora trebalo bi biti <em>no-take<\/em> zona. U Hrvatskoj bismo trebali jo\u0161 negdje 15 do 20 posto morskog podru\u010dja staviti pod za\u0161titu, a mi zagovaramo da se za\u0161titi i dodatna podru\u010dja obale i otoka, ne samo ona ribolovna. Imamo ve\u0107 problem s podru\u010djem koje spada pod Natura 2000, s time da su uzgajali\u0161ta koja su postojala prije progla\u0161enja tog podru\u010dja samo izbrisana s karte, iako i dalje postoje. Pritom nemaju rigoroznije kontrole zbog Nature 2000 \u2013 imate uzgajali\u0161ta ispod kojih se nalazi posidonija, a u studiji utjecaja na okoli\u0161 pi\u0161e da posidonije tamo nema.<\/p>\n<p>Mene pojedinci progla\u0161avaju protivnikom marikulture jer govorim ono \u0161to vidim na terenu. Nije to\u010dno da sam protivnik marikulture, ali nisam za to da se radi na krivi na\u010din, vrlo \u0161tetan za podmorje. Tako\u0111er, apsolutno sam protiv toga da imate uzgajali\u0161te koje je s po\u010detnih 900 tona sko\u010dilo na tri do \u010detiri tisu\u0107e tona, a da nisu ra\u0111ene dodatne studije. Marikultura je prljava industrija i, ako se ve\u0107 radi, onda se treba raditi tako da se nanosi \u0161to manje \u0161tete prirodi. \u017dalosno je da imam \u010dak i &#8220;kolege&#8221; biologe koji su potpuno zalu\u0111eni marikulturom i ne shva\u0107aju da bi biolog trebao upozoriti na one\u010di\u0161\u0107enje mora, a ne raditi suprotno. Ka\u017eu da je to sve prekrasno, da bi zbog marikulture mogle nastati neke nove biocenoze. Suludo!<\/p>\n<p><strong>Uzgajali\u0161ta se masovno \u0161ire po Jadranu, a o \u0161teti koju nanose jo\u0161 uvijek se rijetko javno govori?<\/strong><\/p>\n<p>Neke studije ka\u017eu da jedno ve\u0107e uzgajali\u0161te one\u010di\u0161\u0107uje podmorje kao kanalizacija jednog grada veli\u010dine npr. Biograda na Moru. Kad razmotrimo kakve posljedice ve\u0107 imamo zbog masovnog turizma, o marikulturi bi stvarno trebali dobro promisliti. Premijer <strong>Andrej Plenkovi\u0107 <\/strong>govori da moramo za\u0161tititi Jadran i biti najja\u010di u marikulturi. Zaista ne znam kako to mo\u017ee i\u0107i skupa u jednoj re\u010denici. Ako gledamo primjerice cvjetanje mora, prije 20-ak godina to se doga\u0111alo samo na sjeveru Jadrana, zbog rijeke Po, i odvijalo se u dva kratka intervala godi\u0161nje. Danas Jadran cvijeta uzdu\u017e i poprijeko, i vi\u0161e je <em>peakova<\/em> tj. vrhunaca cvjetanja tijekom godine. To je zbog kanalizacije, zbog turizma. Porasla je koli\u010dina hranjivih soli koje &#8220;hrane&#8221; fitoplankton.<\/p>\n<p>Kruzeri i turisti\u010dki brodovi izbacuju fekalije po \u010ditavom Jadranu i to se ne ka\u017enjava ili se ka\u017enjava minimalno. Svakakvog otpada je svugdje, svaki put kad smo stavili kameru oko Palagru\u017ee i Jabuke na otvorenom moru se vide boce, limenke, cipele, \u010dak i fri\u017eideri i ve\u0161ma\u0161ine. Sad imate i opasnih algi, sme\u0111ih algi, koje su se pojavile na Visu i Kornatima. O svemu tome nam valja razmi\u0161ljati kad se promovira investiranje u marikulturu. Moramo ulagati u bolje pro\u010di\u0161\u0107iva\u010de i recikliranje, tra\u017eiti za to sredstva od Europske unije. Iako je i to upitno jer vidimo da se u EU-u sve vi\u0161e ide prema oru\u017eju, pumpaju se vojni bud\u017eeti.<\/p>\n<figure id=\"attachment_6907\" aria-describedby=\"caption-attachment-6907\" style=\"width: 2560px\" class=\"wp-caption alignnone\"><img loading=\"lazy\" decoding=\"async\" class=\"wp-image-6907 size-full\" src=\"https:\/\/sdf.hr\/wp-content\/uploads\/2025\/08\/Kruzic3_Vanesa-Pandzic-scaled.jpg\" alt=\"\" width=\"2560\" height=\"1707\" srcset=\"https:\/\/sdf.hr\/wp-content\/uploads\/2025\/08\/Kruzic3_Vanesa-Pandzic-scaled.jpg 2560w, https:\/\/sdf.hr\/wp-content\/uploads\/2025\/08\/Kruzic3_Vanesa-Pandzic-300x200.jpg 300w, https:\/\/sdf.hr\/wp-content\/uploads\/2025\/08\/Kruzic3_Vanesa-Pandzic-1024x683.jpg 1024w, https:\/\/sdf.hr\/wp-content\/uploads\/2025\/08\/Kruzic3_Vanesa-Pandzic-768x512.jpg 768w, https:\/\/sdf.hr\/wp-content\/uploads\/2025\/08\/Kruzic3_Vanesa-Pandzic-1536x1024.jpg 1536w, https:\/\/sdf.hr\/wp-content\/uploads\/2025\/08\/Kruzic3_Vanesa-Pandzic-2048x1366.jpg 2048w\" sizes=\"auto, (max-width: 2560px) 100vw, 2560px\" \/><figcaption id=\"caption-attachment-6907\" class=\"wp-caption-text\">Petar Kru\u017ei\u0107 (Foto: Vanesa Pand\u017ei\u0107\/CROPIX)<\/figcaption><\/figure>\n<p><strong>Spomenuli ste da je cvjetanje mora prije bilo specifi\u010dno za sjever Jadrana, a sad se doga\u0111a svugdje. Ima li jo\u0161 nekih pojava koje su prije bile limitirane na jedan dio Jadrana, a sad su sveprisutne?<\/strong><\/p>\n<p>Riba papiga\u010da je bila specifi\u010dna za ju\u017eni Jadran, a ina\u010de je tropska riba i do\u0161la je u Mediteran prije 50-60 godina. \u0160irila se i dugo je bila prisutna samo na ju\u017enom dijelu Jadrana, ali kako se Jadran po\u010deo zagrijavati, sad populacije papiga\u010de imate skroz do otoka Cresa. Isto je i s ribom lavom (na\u0161im nazivom vatrenja\u010da), koja se pro\u0161irila tijekom posljednjih par godina. Najsjeverniji nalaz bio je u PP Tela\u0161\u0107ici, iz \u010dega je jasno da se privikla i na hladnije more.<\/p>\n<p>Jadran je oduvijek bio specifi\u010dan i po malim ribama, poput babica i glavo\u010da. Imamo jako puno endemskih vrsta, kolega <strong>Marcelo Kova\u010di\u0107<\/strong> iz Prirodoslovnog muzeja u Rijeci je opisao puno tih vrsta. Te sitne ribice su hrana ve\u0107ima, a ulaskom novih tropskih vrsta sad su dodatno ugro\u017eene. Riba lav je predator koji ih ugro\u017eava, jede. Me\u0111utim, svaka riba ima svojeg predatora. Kod nas su to kirnje, murine, i hobotnica. Ali uzmimo za primjer hobotnicu \u2013 hobotnica je prelovljena, sve ih manje ima i sve ih rje\u0111e vidimo kad ronimo. To je vrsta koju bi trebalo za\u0161tititi, ona bi mogla igrati ulogu u kontroli populacija invazivnih vrsta poput vatrenja\u010de. Ne bi trebalo biti puno problema oko za\u0161tite, jednostavno skinuti hobotnicu s jelovnika.<\/p>\n<p>Devastacija se doga\u0111a i u sferi jelovnika. Primjerice, trpovi imaju vrlo va\u017enu ulogu u Jadranu, oni gutaju pijesak, probavljaju organsku tvar i izbacuju \u010disti pijesak. Mi ih zovemo i saugeri ili usisava\u010di. S njih se prije par godina maknula stroga za\u0161tita i po\u010delo ih se sakupljati za prodaju Kinezima. Imate je\u017eince koji mogu kontrolirati sve te alge koje su se pojavile u Jadranu, ali je\u017eince se stalno vadi. U Hrvatskoj nismo neki veliki konzumenti je\u017einaca, ali Slovenci jesu, i Talijani i Francuzi, to sve \u0161aljemo njima. Takvih je primjera puno.<\/p>\n<p><strong>\u010cini se da politi\u010dari za za\u0161titu okoli\u0161a mare sve manje, ali gra\u0111ani se sve \u010de\u0161\u0107e organiziraju, prijavljuju one\u010di\u0161\u0107enja, objavljuju ih na dru\u0161tvenim mre\u017eama\u2026 Kakve promjene vidite na tom planu?<\/strong><\/p>\n<p>Politi\u010dari se stvarno nisu iskazali. \u010cisto za primjer, kad je bilo obilje\u017eavanje deset godina Nature 2000 u Lisinskom, do\u0161li su doma\u0107i politi\u010dari, neovisno o stranci koju zastupaju, bio je i predstavnik Europske komisije, itd. \u010cim su zavr\u0161ili prvi govori, svi su se oni digli i oti\u0161li, bio je stampedo. Nitko nije ostao na predavanjima, nitko zapravo nije ostao \u010duti koje su dobrobiti Nature 2000, a \u0161to je proma\u0161eno i \u0161to bi ubudu\u0107e trebalo raditi druga\u010dije. Volio bih da se slu\u0161aju upozorenja znanstvenika, da kad moji kolege iz Splita, Dubrovnika, Rovinja na ne\u0161to ukazuju, da se to krene popravljati, ali to se na\u017ealost ne doga\u0111a.<\/p>\n<p>Ono \u0161to se u pozitivnom smislu promijenilo u zadnjih desetak godina jest anga\u017eman gra\u0111ana, koji se sve vi\u0161e javljaju, prijavljuju probleme, povezuju se na dru\u0161tvenim mre\u017eama. Gra\u0111ani reagiraju na devastaciju Jadrana, ali problem je \u0161to institucije ne reagiraju ili reagiraju slabo. A problem je i \u0161to u nekim mjestima oni koji su se aktivirali ne pro\u0111u dobro \u2013 \u017ealosno je, recimo, da je neovisna kandidatkinja <strong>Petra Radi\u0107<\/strong> u Podgori izgubila izbore, a puno je napravila oko za\u0161tite obale i mora. Moram pohvaliti i Morski.hr kao medij, jer se trude izvje\u0161tavati o svemu \u0161to se doga\u0111a u Jadranu, i pozitivnom i negativnom.<\/p>\n<p><strong>Godinama predajete na Prirodoslovno-matemati\u010dkom fakultetu u Zagrebu. Kakvi su vam studenti i kakva im je perspektiva nakon studija?<\/strong><\/p>\n<p>Danas biologiju studiraju primarno ljudi koje tome vu\u010de ljubav iz osnovne i srednje \u0161kole. Te\u0161ko da vi\u0161e ijedan student razmi\u0161lja kako \u0107e jednom biti ministar ili ne\u0161to tako. Pla\u0107e su male u \u0161kolama, na fakultetima, u zavodima za za\u0161titu prirode. U svakoj generaciji ima sjajnih studenata, ali ljudi nakon studija \u010desto odlaze u druge profesije. Znam jako puno super kvalitetnih studenta koji rade u kafi\u0107ima ili du\u0107anima s visokom ili ni\u017eom modom. Studentica koja je diplomirala kod mene tra\u017eila je preporuku za rad u du\u0107anu cipela u Dublinu.<\/p>\n<p>Ljudi gledaju imati pla\u0107e s kojima \u0107e mo\u0107i di\u0107i neki kredit, planirati ne\u0161to za sebe u budu\u0107nosti. Obrazovanje vi\u0161e nije ta sfera, obrazovanje je danas politi\u010darima zadnja rupa na svirali. Ne govorim samo o fakultetskoj razini, imamo primjer Srednje pomorske \u0161kole u Splitu u kojoj sad \u017eele ukinuti smjer ribarsko-nauti\u010dkog tehni\u010dara. To je jedini srednjo\u0161kolski smjer u zemlji vezan za neki tip obrazovanja ribara i sad ga se planira ukinuti. A diplomirani biolozi nam masovno odlaze iz zemlje. O kakvoj onda budu\u0107nosti istra\u017eivanja i o\u010duvanja Jadrana mo\u017eemo pri\u010dati?<\/p>\n<p><strong>Horizont je sku\u010den, ali kad se podvu\u010de crta, ima li ne\u0161to \u0161to vam i dalje daje nadu?<\/strong><\/p>\n<p>Zapravo imam o\u010dekivanja primarno od mla\u0111ih generacija, od starijih ba\u0161 i ne. One najstarije generacije su znale \u010duvati prirodu, a ova moja generacija srednjih godina je devastirala apsolutno sve. Pola\u017eem nade u mla\u0111e ljude, oni sad svijet do\u017eivljavaju druga\u010dije i mislim da \u0107e ga poku\u0161ati za\u0161tititi. Volio bih da nastave raditi druga\u010dije nego \u0161to je moja generacija radila, da vi\u0161e razmi\u0161ljaju o odr\u017eivosti, da napravimo \u0161to se mo\u017ee da sa\u010duvamo taj na\u0161 Jadran. Ne mo\u017eemo ga spasiti od svega negativnog, neke posljedice klimatskih promjena i \u010dovjekova djelovanja ne mo\u017eemo vi\u0161e ispraviti, ali jo\u0161 uvijek ima nade za \u017eivot u Jadranu.<\/p>\n<p><em>razgovarala Ivana Peri\u0107<\/em><\/p>\n","protected":false},"excerpt":{"rendered":"<p>Pola\u017eem nade u mla\u0111e ljude, oni sad svijet do\u017eivljavaju druga\u010dije i mislim da \u0107e ga poku\u0161ati za\u0161tititi. Volio bih da nastave raditi druga\u010dije nego moja generacija, da vi\u0161e razmi\u0161ljaju o odr\u017eivosti, da napravimo \u0161to se mo\u017ee da sa\u010duvamo na\u0161 Jadran<\/p>\n","protected":false},"featured_media":6904,"template":"","tags":[29,173],"atribut":[],"class_list":["post-6909","nada","type-nada","status-publish","has-post-thumbnail","hentry","tag-intervju","tag-intervju-2-hr"],"acf":[],"yoast_head":"<!-- This site is optimized with the Yoast SEO plugin v27.4 - https:\/\/yoast.com\/product\/yoast-seo-wordpress\/ -->\n<title>Petar Kru\u017ei\u0107: Jo\u0161 uvijek ima nade za \u017eivot u Jadranu - SDF - Srpski demokratski forum<\/title>\n<meta name=\"robots\" content=\"index, follow, max-snippet:-1, max-image-preview:large, max-video-preview:-1\" \/>\n<link rel=\"canonical\" href=\"https:\/\/sdf.hr\/nada\/petar-kruzic-jos-uvijek-ima-nade-za-zivot-u-jadranu\/\" \/>\n<meta property=\"og:locale\" content=\"hr_HR\" \/>\n<meta property=\"og:type\" content=\"article\" \/>\n<meta property=\"og:title\" content=\"Petar Kru\u017ei\u0107: Jo\u0161 uvijek ima nade za \u017eivot u Jadranu - SDF - Srpski demokratski forum\" \/>\n<meta property=\"og:description\" content=\"Pola\u017eem nade u mla\u0111e ljude, oni sad svijet do\u017eivljavaju druga\u010dije i mislim da \u0107e ga poku\u0161ati za\u0161tititi. Volio bih da nastave raditi druga\u010dije nego moja generacija, da vi\u0161e razmi\u0161ljaju o odr\u017eivosti, da napravimo \u0161to se mo\u017ee da sa\u010duvamo na\u0161 Jadran\" \/>\n<meta property=\"og:url\" content=\"https:\/\/sdf.hr\/nada\/petar-kruzic-jos-uvijek-ima-nade-za-zivot-u-jadranu\/\" \/>\n<meta property=\"og:site_name\" content=\"SDF - Srpski demokratski forum\" \/>\n<meta property=\"og:image\" content=\"https:\/\/sdf.hr\/wp-content\/uploads\/2025\/08\/Kruzic1_Vanesa-Pandzic-scaled.jpg\" \/>\n\t<meta property=\"og:image:width\" content=\"2560\" \/>\n\t<meta property=\"og:image:height\" content=\"1707\" \/>\n\t<meta property=\"og:image:type\" content=\"image\/jpeg\" \/>\n<meta name=\"twitter:card\" content=\"summary_large_image\" \/>\n<meta name=\"twitter:label1\" content=\"Procijenjeno vrijeme \u010ditanja\" \/>\n\t<meta name=\"twitter:data1\" content=\"14 minuta\" \/>\n<script type=\"application\/ld+json\" class=\"yoast-schema-graph\">{\"@context\":\"https:\\\/\\\/schema.org\",\"@graph\":[{\"@type\":\"WebPage\",\"@id\":\"https:\\\/\\\/sdf.hr\\\/nada\\\/petar-kruzic-jos-uvijek-ima-nade-za-zivot-u-jadranu\\\/\",\"url\":\"https:\\\/\\\/sdf.hr\\\/nada\\\/petar-kruzic-jos-uvijek-ima-nade-za-zivot-u-jadranu\\\/\",\"name\":\"Petar Kru\u017ei\u0107: Jo\u0161 uvijek ima nade za \u017eivot u Jadranu - SDF - Srpski demokratski forum\",\"isPartOf\":{\"@id\":\"https:\\\/\\\/sdf.hr\\\/#website\"},\"primaryImageOfPage\":{\"@id\":\"https:\\\/\\\/sdf.hr\\\/nada\\\/petar-kruzic-jos-uvijek-ima-nade-za-zivot-u-jadranu\\\/#primaryimage\"},\"image\":{\"@id\":\"https:\\\/\\\/sdf.hr\\\/nada\\\/petar-kruzic-jos-uvijek-ima-nade-za-zivot-u-jadranu\\\/#primaryimage\"},\"thumbnailUrl\":\"https:\\\/\\\/sdf.hr\\\/wp-content\\\/uploads\\\/2025\\\/08\\\/Kruzic1_Vanesa-Pandzic-scaled.jpg\",\"datePublished\":\"2025-08-24T06:17:05+00:00\",\"breadcrumb\":{\"@id\":\"https:\\\/\\\/sdf.hr\\\/nada\\\/petar-kruzic-jos-uvijek-ima-nade-za-zivot-u-jadranu\\\/#breadcrumb\"},\"inLanguage\":\"hr\",\"potentialAction\":[{\"@type\":\"ReadAction\",\"target\":[\"https:\\\/\\\/sdf.hr\\\/nada\\\/petar-kruzic-jos-uvijek-ima-nade-za-zivot-u-jadranu\\\/\"]}]},{\"@type\":\"ImageObject\",\"inLanguage\":\"hr\",\"@id\":\"https:\\\/\\\/sdf.hr\\\/nada\\\/petar-kruzic-jos-uvijek-ima-nade-za-zivot-u-jadranu\\\/#primaryimage\",\"url\":\"https:\\\/\\\/sdf.hr\\\/wp-content\\\/uploads\\\/2025\\\/08\\\/Kruzic1_Vanesa-Pandzic-scaled.jpg\",\"contentUrl\":\"https:\\\/\\\/sdf.hr\\\/wp-content\\\/uploads\\\/2025\\\/08\\\/Kruzic1_Vanesa-Pandzic-scaled.jpg\",\"width\":2560,\"height\":1707,\"caption\":\"Petar Kru\u017ei\u0107 (Foto: Vanesa Pand\u017ei\u0107\\\/CROPIX)\"},{\"@type\":\"BreadcrumbList\",\"@id\":\"https:\\\/\\\/sdf.hr\\\/nada\\\/petar-kruzic-jos-uvijek-ima-nade-za-zivot-u-jadranu\\\/#breadcrumb\",\"itemListElement\":[{\"@type\":\"ListItem\",\"position\":1,\"name\":\"Po\u010detna stranica\",\"item\":\"https:\\\/\\\/sdf.hr\\\/hr\\\/\"},{\"@type\":\"ListItem\",\"position\":2,\"name\":\"Nada\",\"item\":\"https:\\\/\\\/sdf.hr\\\/nada\\\/\"},{\"@type\":\"ListItem\",\"position\":3,\"name\":\"Petar Kru\u017ei\u0107: Jo\u0161 uvijek ima nade za \u017eivot u Jadranu\"}]},{\"@type\":\"WebSite\",\"@id\":\"https:\\\/\\\/sdf.hr\\\/#website\",\"url\":\"https:\\\/\\\/sdf.hr\\\/\",\"name\":\"SDF - Srpski demokratski forum\",\"description\":\"Srpski demokratski forum\",\"publisher\":{\"@id\":\"https:\\\/\\\/sdf.hr\\\/#organization\"},\"potentialAction\":[{\"@type\":\"SearchAction\",\"target\":{\"@type\":\"EntryPoint\",\"urlTemplate\":\"https:\\\/\\\/sdf.hr\\\/?s={search_term_string}\"},\"query-input\":{\"@type\":\"PropertyValueSpecification\",\"valueRequired\":true,\"valueName\":\"search_term_string\"}}],\"inLanguage\":\"hr\"},{\"@type\":\"Organization\",\"@id\":\"https:\\\/\\\/sdf.hr\\\/#organization\",\"name\":\"SDF - Srpski demokratski forum\",\"url\":\"https:\\\/\\\/sdf.hr\\\/\",\"logo\":{\"@type\":\"ImageObject\",\"inLanguage\":\"hr\",\"@id\":\"https:\\\/\\\/sdf.hr\\\/#\\\/schema\\\/logo\\\/image\\\/\",\"url\":\"https:\\\/\\\/sdf.hr\\\/wp-content\\\/uploads\\\/2021\\\/07\\\/logo-hr.svg\",\"contentUrl\":\"https:\\\/\\\/sdf.hr\\\/wp-content\\\/uploads\\\/2021\\\/07\\\/logo-hr.svg\",\"width\":271,\"height\":100,\"caption\":\"SDF - Srpski demokratski forum\"},\"image\":{\"@id\":\"https:\\\/\\\/sdf.hr\\\/#\\\/schema\\\/logo\\\/image\\\/\"}}]}<\/script>\n<!-- \/ Yoast SEO plugin. -->","yoast_head_json":{"title":"Petar Kru\u017ei\u0107: Jo\u0161 uvijek ima nade za \u017eivot u Jadranu - SDF - Srpski demokratski forum","robots":{"index":"index","follow":"follow","max-snippet":"max-snippet:-1","max-image-preview":"max-image-preview:large","max-video-preview":"max-video-preview:-1"},"canonical":"https:\/\/sdf.hr\/nada\/petar-kruzic-jos-uvijek-ima-nade-za-zivot-u-jadranu\/","og_locale":"hr_HR","og_type":"article","og_title":"Petar Kru\u017ei\u0107: Jo\u0161 uvijek ima nade za \u017eivot u Jadranu - SDF - Srpski demokratski forum","og_description":"Pola\u017eem nade u mla\u0111e ljude, oni sad svijet do\u017eivljavaju druga\u010dije i mislim da \u0107e ga poku\u0161ati za\u0161tititi. Volio bih da nastave raditi druga\u010dije nego moja generacija, da vi\u0161e razmi\u0161ljaju o odr\u017eivosti, da napravimo \u0161to se mo\u017ee da sa\u010duvamo na\u0161 Jadran","og_url":"https:\/\/sdf.hr\/nada\/petar-kruzic-jos-uvijek-ima-nade-za-zivot-u-jadranu\/","og_site_name":"SDF - Srpski demokratski forum","og_image":[{"width":2560,"height":1707,"url":"https:\/\/sdf.hr\/wp-content\/uploads\/2025\/08\/Kruzic1_Vanesa-Pandzic-scaled.jpg","type":"image\/jpeg"}],"twitter_card":"summary_large_image","twitter_misc":{"Procijenjeno vrijeme \u010ditanja":"14 minuta"},"schema":{"@context":"https:\/\/schema.org","@graph":[{"@type":"WebPage","@id":"https:\/\/sdf.hr\/nada\/petar-kruzic-jos-uvijek-ima-nade-za-zivot-u-jadranu\/","url":"https:\/\/sdf.hr\/nada\/petar-kruzic-jos-uvijek-ima-nade-za-zivot-u-jadranu\/","name":"Petar Kru\u017ei\u0107: Jo\u0161 uvijek ima nade za \u017eivot u Jadranu - SDF - Srpski demokratski forum","isPartOf":{"@id":"https:\/\/sdf.hr\/#website"},"primaryImageOfPage":{"@id":"https:\/\/sdf.hr\/nada\/petar-kruzic-jos-uvijek-ima-nade-za-zivot-u-jadranu\/#primaryimage"},"image":{"@id":"https:\/\/sdf.hr\/nada\/petar-kruzic-jos-uvijek-ima-nade-za-zivot-u-jadranu\/#primaryimage"},"thumbnailUrl":"https:\/\/sdf.hr\/wp-content\/uploads\/2025\/08\/Kruzic1_Vanesa-Pandzic-scaled.jpg","datePublished":"2025-08-24T06:17:05+00:00","breadcrumb":{"@id":"https:\/\/sdf.hr\/nada\/petar-kruzic-jos-uvijek-ima-nade-za-zivot-u-jadranu\/#breadcrumb"},"inLanguage":"hr","potentialAction":[{"@type":"ReadAction","target":["https:\/\/sdf.hr\/nada\/petar-kruzic-jos-uvijek-ima-nade-za-zivot-u-jadranu\/"]}]},{"@type":"ImageObject","inLanguage":"hr","@id":"https:\/\/sdf.hr\/nada\/petar-kruzic-jos-uvijek-ima-nade-za-zivot-u-jadranu\/#primaryimage","url":"https:\/\/sdf.hr\/wp-content\/uploads\/2025\/08\/Kruzic1_Vanesa-Pandzic-scaled.jpg","contentUrl":"https:\/\/sdf.hr\/wp-content\/uploads\/2025\/08\/Kruzic1_Vanesa-Pandzic-scaled.jpg","width":2560,"height":1707,"caption":"Petar Kru\u017ei\u0107 (Foto: Vanesa Pand\u017ei\u0107\/CROPIX)"},{"@type":"BreadcrumbList","@id":"https:\/\/sdf.hr\/nada\/petar-kruzic-jos-uvijek-ima-nade-za-zivot-u-jadranu\/#breadcrumb","itemListElement":[{"@type":"ListItem","position":1,"name":"Po\u010detna stranica","item":"https:\/\/sdf.hr\/hr\/"},{"@type":"ListItem","position":2,"name":"Nada","item":"https:\/\/sdf.hr\/nada\/"},{"@type":"ListItem","position":3,"name":"Petar Kru\u017ei\u0107: Jo\u0161 uvijek ima nade za \u017eivot u Jadranu"}]},{"@type":"WebSite","@id":"https:\/\/sdf.hr\/#website","url":"https:\/\/sdf.hr\/","name":"SDF - Srpski demokratski forum","description":"Srpski demokratski forum","publisher":{"@id":"https:\/\/sdf.hr\/#organization"},"potentialAction":[{"@type":"SearchAction","target":{"@type":"EntryPoint","urlTemplate":"https:\/\/sdf.hr\/?s={search_term_string}"},"query-input":{"@type":"PropertyValueSpecification","valueRequired":true,"valueName":"search_term_string"}}],"inLanguage":"hr"},{"@type":"Organization","@id":"https:\/\/sdf.hr\/#organization","name":"SDF - Srpski demokratski forum","url":"https:\/\/sdf.hr\/","logo":{"@type":"ImageObject","inLanguage":"hr","@id":"https:\/\/sdf.hr\/#\/schema\/logo\/image\/","url":"https:\/\/sdf.hr\/wp-content\/uploads\/2021\/07\/logo-hr.svg","contentUrl":"https:\/\/sdf.hr\/wp-content\/uploads\/2021\/07\/logo-hr.svg","width":271,"height":100,"caption":"SDF - Srpski demokratski forum"},"image":{"@id":"https:\/\/sdf.hr\/#\/schema\/logo\/image\/"}}]}},"_links":{"self":[{"href":"https:\/\/sdf.hr\/hr\/wp-json\/wp\/v2\/nada\/6909","targetHints":{"allow":["GET"]}}],"collection":[{"href":"https:\/\/sdf.hr\/hr\/wp-json\/wp\/v2\/nada"}],"about":[{"href":"https:\/\/sdf.hr\/hr\/wp-json\/wp\/v2\/types\/nada"}],"wp:featuredmedia":[{"embeddable":true,"href":"https:\/\/sdf.hr\/hr\/wp-json\/wp\/v2\/media\/6904"}],"wp:attachment":[{"href":"https:\/\/sdf.hr\/hr\/wp-json\/wp\/v2\/media?parent=6909"}],"wp:term":[{"taxonomy":"post_tag","embeddable":true,"href":"https:\/\/sdf.hr\/hr\/wp-json\/wp\/v2\/tags?post=6909"},{"taxonomy":"atribut","embeddable":true,"href":"https:\/\/sdf.hr\/hr\/wp-json\/wp\/v2\/atribut?post=6909"}],"curies":[{"name":"wp","href":"https:\/\/api.w.org\/{rel}","templated":true}]}}