{"id":6931,"date":"2025-09-12T08:14:09","date_gmt":"2025-09-12T06:14:09","guid":{"rendered":"https:\/\/sdf.hr\/nada\/dragi-sinane\/"},"modified":"2025-09-12T08:20:09","modified_gmt":"2025-09-12T06:20:09","slug":"dragi-sinane","status":"publish","type":"nada","link":"https:\/\/sdf.hr\/hr\/nada\/dragi-sinane\/","title":{"rendered":"Dragi Sinane"},"content":{"rendered":"<p>Dragi <strong>Sinane<\/strong>,<\/p>\n<p>da bi iz Zagreba stigao u Split pa na Lastovo, ako si ja, treba spakirati \u2013 od va\u017enih stvari \u2013 dva psa i ma\u010dka, slikovnice i igra\u010dke za dvije djevoj\u010dice (8 i 6 godina), dva zbilja va\u017ena arbitra dobrog ukusa u 2025-oj, a onda i tjeskobu svakodnevnice negdje u neki mali, ali kompaktan koferi\u0107 (koji nikako, ali nikako ne smije\u0161 ponijeti sa sobom), i krenuti na put. Nema puno prostora za sve ostalo kad sve ovo spakira\u0161 i (ne) ponese\u0161: nakon nekoliko desetaka kilometara vijuganja starom cestom prema Karlovcu, sjetit \u0107u se svih stvari koje mi nekim \u010dudom trebaju ba\u0161 u trenutku dok \u010dvrsto dr\u017eim volan. Nema sendvi\u010da, nema vode, nema soka, nema kave, nema ideje o putu. Uvijek tako krenem kad idem na du\u017ee, ko da sam samo ne\u0161to kratko po\u0161la obaviti pred ku\u0107om. Ne tje\u0161im se, znam da sam takav tip putnice, sve \u0107u si, \u0161ta mi bude trebalo, pribaviti putem. Ali do toga \u0107e ventila biti puno nervoze, i <strong>R.<\/strong>, moja suputnica na svim ovozemaljskim putima (ili ja njezina, isto je), tome \u0107e posvjedo\u010diti. Malo mi je trebalo da se sjetim i da na svakom kilometru (hiperbola!) Stare ceste mogu stati i u\u0107i u neku staru butigu ili benzinsku i uzeti ne\u0161to s pulta. Tako je i bilo.<\/p>\n<p>Tako smo stali na benzinskoj prije Rastoka, jer sam prepoznala stablo jabuke pod kojim smo stali godinu ili dvije prije. Ka\u017eem R.: To je ona kasna jabuka, kola\u010dara, ovo \u0107e sve popadat po asfaltu kad se budemo vra\u0107ale, ko i pro\u0161le godine! R. se toga ne sje\u0107a, ali ja je uvjeravam da je to ba\u0161 to stablo. Kako se ne mo\u017ee\u0161 sitit, ka\u017eem joj, gume su nam ih isprskale na sve strane. Od zanimljivih stvari, koje ovdje idu u prilog, dodala bih kako mi je moja okulistica davno rekla da ljudi imaju neki spektar oblika koje vide, na koje obra\u0107aju pozornost, da oko razvije ukus, da je u\u0161timano na odre\u0111ene i velike i male stvari, i da je to jednostavno tako. Mizanscena oka, \u010ditav \u017eivot pro\u0111e ti kao da je izrezan u njegovoj \u0161abloni. Rijetki vide sve, sva\u0161ta ne\u0161to bridi po povr\u0161ini i \u0161irini, ali najva\u017enija je, a znamo to oboje, dubina. Od duboke se rane nitko nije oporavio. I duboka je voda sva\u0161ta sakrila. Za\u0161to me prati to stablo jabuke, \u010dija je bila, ne znam, ali okusa joj se, kao i njuha sje\u0107am \u017eivo, i da je u mojoj ruci bila polo\u017eena kao savr\u0161en oblik kad se oblik spoznavalo, puno prije ove slunjske. Ma je li to ludo, reci ti meni, ka\u017eem ja tebi.<\/p>\n<p>Vidi, vidi \u0161ta je lipa, dosadna sam na taj na\u010din dok putujem, ali ajde, tko ne pro\u0111e kroz Liku i ne jaukne tako, nema u njemu ni\u0161ta ljudsko. Bila sam nedavno u Srbu, srcem i poslom, i, nikad nije kasno, na po\u010detku petog desetlje\u0107a vidjela izvor Une u\u017eivo. I tamo sam se slijepila s krajolikom, kako se \u010dovjek s malo \u010dime slijepi. Nismo R. i ja skrenule na taj put, nego prema Bilaju, gdje nas je ugostila moja prijateljica <strong>B<\/strong>. U dvor joj pod naletom juga dolazi zvuk s autoceste, zvuk koji te u ti\u0161ini podsje\u0107a da te nije \u0161uma pojela do kraja i da se i oko tvojih nogu ne\u0107e zakovitlati br\u0161ljan pa te pri\u010dvrstiti za zemlju. \u0160to se dubine ti\u010de, ni\u0161ta \u0161ta i ti ne zna\u0161 \u2013 i u \u0161umu se mo\u017ee za\u0107i duboko, i ne\u0161to mi je stra\u0161no i mra\u010dno u \u0161umi u kasno prolje\u0107e, tko je u nju zapasao tad, znao se i ne vratiti, a srce pustiti da se rasto\u010di u zemlju s koje te \u017eilavi br\u0161ljan ne pu\u0161ta. \u0160uma je, u kasno ljeto, gotovo kao onaj izlazak pred ku\u0107u, ni\u0161ta stra\u0161no i nepoznato, i oko se u toj mizansceni jo\u0161 i da utje\u0161iti.<\/p>\n<p>A \u0161ta sa dubinom svemira? Zamisli da mo\u017ee\u0161 rukom u nebo posegnuti ko za jabukom, pa pustiti zvijezdu da ti zgasne u dlanu. To bi, svakako, trebala biti neka mala zvijezda, ali u ovim omjerima i \u0161to se mene ti\u010de \u2013 a kre\u0107emo se unutar fantasti\u010dne zbilje moje glave i ni\u0161ta se u njoj ne mo\u017ee oduprijeti konfabulaciji \u2013 mo\u017ee biti i neki velediv. Zamisli! \u0160ta bi sa tom zvijezdom? Pustio je da prsne u ruci ili bacio na daleku pu\u010dinu da se susretne s morem? Sigurno joj je i to bila jedna od pra\u017eelja. Kad smo stajali na vrhu lastovskog hipodroma duboko u no\u0107 odakle su i lokalci i turisti poku\u0161ali uloviti Suze sv. Lovre, ovaj put okom, samo su ih najsretniji vidjeli pod punim mjesecom. Zamisli! Postoje ljudi koji \u0107e i pod no\u0107nom nebeskom lampom uhvatiti zvijezdu. A \u0161ta to nisu neki sretnici! Jedan lastovski ribar s kraja i iz moje familije ne mo\u017ee se na\u010duditi na\u0161oj \u017eelji da ako ne rukom, onda okom i mi uhvatimo jednu. Vidim ih, dok lovim ribu, na desetke, pripovijeda. Sidin na gri\u017eama i samo padaju. Pa jel po\u017eeli\u0161 \u0161to, pitam ga. Nisam, ka\u017ee kratko. A nisi od metafizi\u010dkih stvari, dodam. Ma jesam, razmisli zapravo, po\u017eelim ribe. Metafizika otkako je i Santiaga i njegove oceanske pu\u010dine, i njegova bezimenog broda. Zamisli!<\/p>\n<p>(Zvijezdu padalicu, a kunem ti se \u2013 ba\u0161 velediva koji se namjerio ravno u moje prsi, ugledat \u0107u jedne po svemu uobi\u010dajene lastovske no\u0107i, kad sam i\u0161la baciti sme\u0107e i usput pro\u0161etati psa, u nimalo metafizi\u010dkom scenariju. Ru\u0161ila se s takvom repicom da je njome zapasala \u010ditavo nebo, privezala nas za njega kao br\u0161ljan u li\u010dkoj \u0161umi, i usmjerila dalje.)<\/p>\n<p>U na\u0161oj stvarnosti obi\u010dno nema metafizike pa ni patafizike, i ne mo\u017ee\u0161 se ba\u0161 orijentirati po zvijezdama i pratiti njihov trag. Ne znam jesu li vremena za konfabulatore, za sanjare (duboke ma\u0161te i plitkoga \u017eepa!) svakako nisu, ali njih to nije briga \u2013 sanjar sanja, tako mu je grah pao, pa i vremenima unato\u010d. Ali sve \u0161to \u010ditam u novinama za prvom jutarnjom kafom sti\u0161\u0107e mi usne i produbljuje dvije bore koje su se tamo po\u010dele usijecati prije dvije godine. Prestala sam se mr\u0161titi da ne dobijem dva \u017elijeba izme\u0111u obrva, ali \u0161to mi nitko nije rekao da prestanem stiskati usne i klju\u010dati zube\u2026 E tu sam posao dobro obavila. Nezaustavljivo se i polako pretvaram u svoju mater, sli\u010dne smo kompleksije, tako i ona ima dvije te bore koje idu s kraja usana skroz prema bradi. Jo\u0161 malo, i postat \u0107u svoj trbuhozborac.<\/p>\n<p>Nema, moj dragi Sinane, metafizike ni u Benkovcu ni na Hipodromu, nema je di god se okrene\u0161 a pomisli\u0161 da treba \u010duvati le\u0111a i brk. A di nema metafizike, nema ni \u017eivota. Srca, uostalom. \u0160to ka\u017ee jedan meni drag Mostarac prema \u010dijim se stihovima ravnam i ujutro dignem iz kreveta kad mi se ni to ne\u0107e: O, \u0161ta bi da mi srca nije?<\/p>\n<p>A \u0161ta bi, zbilja, da nam srca nije?<\/p>\n<p>Prije puta nazad za kopno, u <strong>Ljube<\/strong>, oto\u010dkoga vlaja iz Crivaca koji se zaljubio u otok kako i svatko s mrvu metafizike u sebi, gledam zeca i ma\u010dku kako se igraju, i pomislim, ovo bi Sinan cijenio. Zadnji put kad smo se vidjeli, a i formalno upoznali, dobila sam od tebe video nekih be\u0161tijica, ali i \u010dovjeka iza slova, pa mi je bilo jo\u0161 srcu dra\u017ee da je tako. Tu no\u0107, prije spavanja, zaspim zabrinuto, ne samo zbog svijeta koji nas je okru\u017eio, pa nas ve\u017ee kako li\u010dki br\u0161ljan i lastovske zvijezde, nego i zbog crnih, najcrnjih misli: jesam li trebala napisati Dragi Sinane a ne samo Sinane u poruci koju sam odaslala, i kako je to grdo ispalo\u2026 A i od \u010dega se \u0161titim kad se obratim tako ko \u0161pija pa odre\u017eem kratko s drugog kraja ulice, a ne kao da nosim kola\u010daru ko san u ruci (a popadale su po\u010detkom rujna po cesti)\u2026 Ali umor me brzo odnese na drugu stranu.<\/p>\n<p>Zna Sinan, pomislim u zadnje, da ako te se tko sjeti usred Lastova, niotkud, nije te se sjetio da te ne daj bo\u017ee mrzi, sjetio te se jer je pomislio da bi i ti ovdje u\u017eivao, jer ti je pri srcu.<\/p>\n<p><em>pi\u0161e Marija Andrija\u0161evi\u0107<\/em><\/p>\n","protected":false},"excerpt":{"rendered":"<p>Nema, moj dragi Sinane, metafizike ni u Benkovcu ni na Hipodromu, nema je di god se okrene\u0161 a pomisli\u0161 da treba \u010duvati le\u0111a i brk. A di nema metafizike, nema ni \u017eivota. Srca, uostalom<\/p>\n","protected":false},"featured_media":6712,"template":"","tags":[177],"atribut":[],"class_list":["post-6931","nada","type-nada","status-publish","has-post-thumbnail","hentry","tag-vrzino-kolo-hr"],"acf":[],"yoast_head":"<!-- This site is optimized with the Yoast SEO plugin v27.4 - https:\/\/yoast.com\/product\/yoast-seo-wordpress\/ -->\n<title>Dragi Sinane - SDF - Srpski demokratski forum<\/title>\n<meta name=\"robots\" content=\"index, follow, max-snippet:-1, max-image-preview:large, max-video-preview:-1\" \/>\n<link rel=\"canonical\" href=\"https:\/\/sdf.hr\/hr\/nada\/dragi-sinane\/\" \/>\n<meta property=\"og:locale\" content=\"hr_HR\" \/>\n<meta property=\"og:type\" content=\"article\" \/>\n<meta property=\"og:title\" content=\"Dragi Sinane - SDF - Srpski demokratski forum\" \/>\n<meta property=\"og:description\" content=\"Nema, moj dragi Sinane, metafizike ni u Benkovcu ni na Hipodromu, nema je di god se okrene\u0161 a pomisli\u0161 da treba \u010duvati le\u0111a i brk. A di nema metafizike, nema ni \u017eivota. Srca, uostalom\" \/>\n<meta property=\"og:url\" content=\"https:\/\/sdf.hr\/hr\/nada\/dragi-sinane\/\" \/>\n<meta property=\"og:site_name\" content=\"SDF - Srpski demokratski forum\" \/>\n<meta property=\"article:modified_time\" content=\"2025-09-12T06:20:09+00:00\" \/>\n<meta property=\"og:image\" content=\"https:\/\/sdf.hr\/wp-content\/uploads\/2025\/06\/Andrijasevic_Duska-Boban-1-scaled.jpg\" \/>\n\t<meta property=\"og:image:width\" content=\"2560\" \/>\n\t<meta property=\"og:image:height\" content=\"1685\" \/>\n\t<meta property=\"og:image:type\" content=\"image\/jpeg\" \/>\n<meta name=\"twitter:card\" content=\"summary_large_image\" \/>\n<meta name=\"twitter:label1\" content=\"Procijenjeno vrijeme \u010ditanja\" \/>\n\t<meta name=\"twitter:data1\" content=\"7 minuta\" \/>\n<script type=\"application\/ld+json\" class=\"yoast-schema-graph\">{\"@context\":\"https:\\\/\\\/schema.org\",\"@graph\":[{\"@type\":\"WebPage\",\"@id\":\"https:\\\/\\\/sdf.hr\\\/hr\\\/nada\\\/dragi-sinane\\\/\",\"url\":\"https:\\\/\\\/sdf.hr\\\/hr\\\/nada\\\/dragi-sinane\\\/\",\"name\":\"Dragi Sinane - SDF - Srpski demokratski forum\",\"isPartOf\":{\"@id\":\"https:\\\/\\\/sdf.hr\\\/#website\"},\"primaryImageOfPage\":{\"@id\":\"https:\\\/\\\/sdf.hr\\\/hr\\\/nada\\\/dragi-sinane\\\/#primaryimage\"},\"image\":{\"@id\":\"https:\\\/\\\/sdf.hr\\\/hr\\\/nada\\\/dragi-sinane\\\/#primaryimage\"},\"thumbnailUrl\":\"https:\\\/\\\/sdf.hr\\\/wp-content\\\/uploads\\\/2025\\\/06\\\/Andrijasevic_Duska-Boban-1-scaled.jpg\",\"datePublished\":\"2025-09-12T06:14:09+00:00\",\"dateModified\":\"2025-09-12T06:20:09+00:00\",\"breadcrumb\":{\"@id\":\"https:\\\/\\\/sdf.hr\\\/hr\\\/nada\\\/dragi-sinane\\\/#breadcrumb\"},\"inLanguage\":\"hr\",\"potentialAction\":[{\"@type\":\"ReadAction\",\"target\":[\"https:\\\/\\\/sdf.hr\\\/hr\\\/nada\\\/dragi-sinane\\\/\"]}]},{\"@type\":\"ImageObject\",\"inLanguage\":\"hr\",\"@id\":\"https:\\\/\\\/sdf.hr\\\/hr\\\/nada\\\/dragi-sinane\\\/#primaryimage\",\"url\":\"https:\\\/\\\/sdf.hr\\\/wp-content\\\/uploads\\\/2025\\\/06\\\/Andrijasevic_Duska-Boban-1-scaled.jpg\",\"contentUrl\":\"https:\\\/\\\/sdf.hr\\\/wp-content\\\/uploads\\\/2025\\\/06\\\/Andrijasevic_Duska-Boban-1-scaled.jpg\",\"width\":2560,\"height\":1685,\"caption\":\"Marija Andrija\u0161evi\u0107 (Foto: Du\u0161ka Boban)\"},{\"@type\":\"BreadcrumbList\",\"@id\":\"https:\\\/\\\/sdf.hr\\\/hr\\\/nada\\\/dragi-sinane\\\/#breadcrumb\",\"itemListElement\":[{\"@type\":\"ListItem\",\"position\":1,\"name\":\"Po\u010detna stranica\",\"item\":\"https:\\\/\\\/sdf.hr\\\/hr\\\/\"},{\"@type\":\"ListItem\",\"position\":2,\"name\":\"Nada\",\"item\":\"https:\\\/\\\/sdf.hr\\\/nada\\\/\"},{\"@type\":\"ListItem\",\"position\":3,\"name\":\"Dragi Sinane\"}]},{\"@type\":\"WebSite\",\"@id\":\"https:\\\/\\\/sdf.hr\\\/#website\",\"url\":\"https:\\\/\\\/sdf.hr\\\/\",\"name\":\"SDF - Srpski demokratski forum\",\"description\":\"Srpski demokratski forum\",\"publisher\":{\"@id\":\"https:\\\/\\\/sdf.hr\\\/#organization\"},\"potentialAction\":[{\"@type\":\"SearchAction\",\"target\":{\"@type\":\"EntryPoint\",\"urlTemplate\":\"https:\\\/\\\/sdf.hr\\\/?s={search_term_string}\"},\"query-input\":{\"@type\":\"PropertyValueSpecification\",\"valueRequired\":true,\"valueName\":\"search_term_string\"}}],\"inLanguage\":\"hr\"},{\"@type\":\"Organization\",\"@id\":\"https:\\\/\\\/sdf.hr\\\/#organization\",\"name\":\"SDF - Srpski demokratski forum\",\"url\":\"https:\\\/\\\/sdf.hr\\\/\",\"logo\":{\"@type\":\"ImageObject\",\"inLanguage\":\"hr\",\"@id\":\"https:\\\/\\\/sdf.hr\\\/#\\\/schema\\\/logo\\\/image\\\/\",\"url\":\"https:\\\/\\\/sdf.hr\\\/wp-content\\\/uploads\\\/2021\\\/07\\\/logo-hr.svg\",\"contentUrl\":\"https:\\\/\\\/sdf.hr\\\/wp-content\\\/uploads\\\/2021\\\/07\\\/logo-hr.svg\",\"width\":271,\"height\":100,\"caption\":\"SDF - Srpski demokratski forum\"},\"image\":{\"@id\":\"https:\\\/\\\/sdf.hr\\\/#\\\/schema\\\/logo\\\/image\\\/\"}}]}<\/script>\n<!-- \/ Yoast SEO plugin. -->","yoast_head_json":{"title":"Dragi Sinane - SDF - Srpski demokratski forum","robots":{"index":"index","follow":"follow","max-snippet":"max-snippet:-1","max-image-preview":"max-image-preview:large","max-video-preview":"max-video-preview:-1"},"canonical":"https:\/\/sdf.hr\/hr\/nada\/dragi-sinane\/","og_locale":"hr_HR","og_type":"article","og_title":"Dragi Sinane - SDF - Srpski demokratski forum","og_description":"Nema, moj dragi Sinane, metafizike ni u Benkovcu ni na Hipodromu, nema je di god se okrene\u0161 a pomisli\u0161 da treba \u010duvati le\u0111a i brk. A di nema metafizike, nema ni \u017eivota. Srca, uostalom","og_url":"https:\/\/sdf.hr\/hr\/nada\/dragi-sinane\/","og_site_name":"SDF - Srpski demokratski forum","article_modified_time":"2025-09-12T06:20:09+00:00","og_image":[{"width":2560,"height":1685,"url":"https:\/\/sdf.hr\/wp-content\/uploads\/2025\/06\/Andrijasevic_Duska-Boban-1-scaled.jpg","type":"image\/jpeg"}],"twitter_card":"summary_large_image","twitter_misc":{"Procijenjeno vrijeme \u010ditanja":"7 minuta"},"schema":{"@context":"https:\/\/schema.org","@graph":[{"@type":"WebPage","@id":"https:\/\/sdf.hr\/hr\/nada\/dragi-sinane\/","url":"https:\/\/sdf.hr\/hr\/nada\/dragi-sinane\/","name":"Dragi Sinane - SDF - Srpski demokratski forum","isPartOf":{"@id":"https:\/\/sdf.hr\/#website"},"primaryImageOfPage":{"@id":"https:\/\/sdf.hr\/hr\/nada\/dragi-sinane\/#primaryimage"},"image":{"@id":"https:\/\/sdf.hr\/hr\/nada\/dragi-sinane\/#primaryimage"},"thumbnailUrl":"https:\/\/sdf.hr\/wp-content\/uploads\/2025\/06\/Andrijasevic_Duska-Boban-1-scaled.jpg","datePublished":"2025-09-12T06:14:09+00:00","dateModified":"2025-09-12T06:20:09+00:00","breadcrumb":{"@id":"https:\/\/sdf.hr\/hr\/nada\/dragi-sinane\/#breadcrumb"},"inLanguage":"hr","potentialAction":[{"@type":"ReadAction","target":["https:\/\/sdf.hr\/hr\/nada\/dragi-sinane\/"]}]},{"@type":"ImageObject","inLanguage":"hr","@id":"https:\/\/sdf.hr\/hr\/nada\/dragi-sinane\/#primaryimage","url":"https:\/\/sdf.hr\/wp-content\/uploads\/2025\/06\/Andrijasevic_Duska-Boban-1-scaled.jpg","contentUrl":"https:\/\/sdf.hr\/wp-content\/uploads\/2025\/06\/Andrijasevic_Duska-Boban-1-scaled.jpg","width":2560,"height":1685,"caption":"Marija Andrija\u0161evi\u0107 (Foto: Du\u0161ka Boban)"},{"@type":"BreadcrumbList","@id":"https:\/\/sdf.hr\/hr\/nada\/dragi-sinane\/#breadcrumb","itemListElement":[{"@type":"ListItem","position":1,"name":"Po\u010detna stranica","item":"https:\/\/sdf.hr\/hr\/"},{"@type":"ListItem","position":2,"name":"Nada","item":"https:\/\/sdf.hr\/nada\/"},{"@type":"ListItem","position":3,"name":"Dragi Sinane"}]},{"@type":"WebSite","@id":"https:\/\/sdf.hr\/#website","url":"https:\/\/sdf.hr\/","name":"SDF - Srpski demokratski forum","description":"Srpski demokratski forum","publisher":{"@id":"https:\/\/sdf.hr\/#organization"},"potentialAction":[{"@type":"SearchAction","target":{"@type":"EntryPoint","urlTemplate":"https:\/\/sdf.hr\/?s={search_term_string}"},"query-input":{"@type":"PropertyValueSpecification","valueRequired":true,"valueName":"search_term_string"}}],"inLanguage":"hr"},{"@type":"Organization","@id":"https:\/\/sdf.hr\/#organization","name":"SDF - Srpski demokratski forum","url":"https:\/\/sdf.hr\/","logo":{"@type":"ImageObject","inLanguage":"hr","@id":"https:\/\/sdf.hr\/#\/schema\/logo\/image\/","url":"https:\/\/sdf.hr\/wp-content\/uploads\/2021\/07\/logo-hr.svg","contentUrl":"https:\/\/sdf.hr\/wp-content\/uploads\/2021\/07\/logo-hr.svg","width":271,"height":100,"caption":"SDF - Srpski demokratski forum"},"image":{"@id":"https:\/\/sdf.hr\/#\/schema\/logo\/image\/"}}]}},"_links":{"self":[{"href":"https:\/\/sdf.hr\/hr\/wp-json\/wp\/v2\/nada\/6931","targetHints":{"allow":["GET"]}}],"collection":[{"href":"https:\/\/sdf.hr\/hr\/wp-json\/wp\/v2\/nada"}],"about":[{"href":"https:\/\/sdf.hr\/hr\/wp-json\/wp\/v2\/types\/nada"}],"wp:featuredmedia":[{"embeddable":true,"href":"https:\/\/sdf.hr\/hr\/wp-json\/wp\/v2\/media\/6712"}],"wp:attachment":[{"href":"https:\/\/sdf.hr\/hr\/wp-json\/wp\/v2\/media?parent=6931"}],"wp:term":[{"taxonomy":"post_tag","embeddable":true,"href":"https:\/\/sdf.hr\/hr\/wp-json\/wp\/v2\/tags?post=6931"},{"taxonomy":"atribut","embeddable":true,"href":"https:\/\/sdf.hr\/hr\/wp-json\/wp\/v2\/atribut?post=6931"}],"curies":[{"name":"wp","href":"https:\/\/api.w.org\/{rel}","templated":true}]}}