{"id":6972,"date":"2025-09-26T08:16:29","date_gmt":"2025-09-26T06:16:29","guid":{"rendered":"https:\/\/sdf.hr\/nada\/nepalski-rock-radnici\/"},"modified":"2025-09-26T08:22:39","modified_gmt":"2025-09-26T06:22:39","slug":"nepalski-rock-radnici","status":"publish","type":"nada","link":"https:\/\/sdf.hr\/hr\/nada\/nepalski-rock-radnici\/","title":{"rendered":"Nepalski rock radnici"},"content":{"rendered":"<p>Prvi put nakon mnogo godina, palim cigaretu ispred prostora za probe. Do\u0161la sam na poziv Buddha Banda, nepalske folk-rock grupe koja je na svojim koncertima dosad okupila stotine slu\u0161atelja, ve\u0107inom njihovih sunarodnjaka, u Dubrovniku i Zagrebu. Uskoro mi prilaze i pru\u017eaju mi ruku njihov frontmen <strong>Bikash Meche<\/strong> i bubnjar <strong>Amar Man Maharjan<\/strong>. Gitarist <strong>Brijesh Kumar Palpali<\/strong> ve\u0107 je u sviraoni s drugim bendom, a basist <strong>Sumit Subba<\/strong> radi u Rijeci te nam se nije mogao pridru\u017eiti. Amar i Bikash sjedaju sa mnom u predvorje sviraone, gdje slu\u0161amo zvuk jazza iz jedne, rocka iz druge i elektri\u010dne psihodelije iz tre\u0107e prostorije.<\/p>\n<p>Buddha Band, kao i njegov sestrinski bend D.O.P., grupa je sastavljena od radnika iz Nepala. Trenutno su jedini takvi primjeri u Hrvatskoj, a zbog smjena na poslu \u010desto si me\u0111usobno &#8220;posu\u0111uju&#8221; \u010dlanove kako bi mogli \u0161to \u010de\u0161\u0107e svirati. Bikash je pokrenuo Buddha Band prije nekih godinu dana iz potrebe da pove\u017ee zajednicu i zabavi publiku.<\/p>\n<p>&#8211; Za\u0161to bih svirao samo u svojoj sobi kad mo\u017eemo svirati na pozornici? Okupio sam ljude koji su bili zainteresirani i energija na koncertima dosad je bila stvarno dobra, publika je u\u017eivala \u2013 ka\u017ee.<\/p>\n<p>U poslovnom \u017eivotu Bikash je vlasnik i voditelj trgovine ju\u017enoazijskim namirnicama u centru Zagreba. Pone\u0161to je fleksibilniji s vremenom od kolega iz benda, no i dalje ga ima malo jer radi \u0161est dana u tjednu. Amar radi kao skladi\u0161ni voza\u010d vili\u010dara u smjenama od 10 do 12 sati radnim danima, a \u010desto i subotom, kada mu smjene nisu ni\u0161ta kra\u0107e. Razgovaramo na engleskom jer ih u u\u010denju hrvatskog, ka\u017eu, usporava upravo takav radni raspored.<\/p>\n<p>&#8211; Radim duge smjene i umoran sam kad stignem u smje\u0161taj, a i svi ovdje govore engleski. No potrudit \u0107u se nau\u010diti hrvatski jer sam svjestan da time pokazujem po\u0161tovanje kulturi i zemlji u kojoj \u017eivim i radim \u2013 ka\u017ee Amar.<\/p>\n<figure id=\"attachment_6964\" aria-describedby=\"caption-attachment-6964\" style=\"width: 2560px\" class=\"wp-caption alignnone\"><img loading=\"lazy\" decoding=\"async\" class=\"wp-image-6964 size-full\" src=\"https:\/\/sdf.hr\/wp-content\/uploads\/2025\/09\/Bikash-Meche-scaled.jpg\" alt=\"\" width=\"2560\" height=\"1920\" srcset=\"https:\/\/sdf.hr\/wp-content\/uploads\/2025\/09\/Bikash-Meche-scaled.jpg 2560w, https:\/\/sdf.hr\/wp-content\/uploads\/2025\/09\/Bikash-Meche-300x225.jpg 300w, https:\/\/sdf.hr\/wp-content\/uploads\/2025\/09\/Bikash-Meche-1024x768.jpg 1024w, https:\/\/sdf.hr\/wp-content\/uploads\/2025\/09\/Bikash-Meche-768x576.jpg 768w, https:\/\/sdf.hr\/wp-content\/uploads\/2025\/09\/Bikash-Meche-1536x1152.jpg 1536w, https:\/\/sdf.hr\/wp-content\/uploads\/2025\/09\/Bikash-Meche-2048x1536.jpg 2048w\" sizes=\"auto, (max-width: 2560px) 100vw, 2560px\" \/><figcaption id=\"caption-attachment-6964\" class=\"wp-caption-text\">Bikash Meche<\/figcaption><\/figure>\n<p>Moji se sugovornici \u017eele i \u0161to vi\u0161e baviti glazbom i upoznavati hrvatsku scenu. No ovdje su primarno zbog posla, u potrazi za prilikama kakve njihova generacija u Nepalu nije imala. U gotovo desetljetnoj vladavini donedavnog premijera <strong>Kp Sharme Olija<\/strong>, dogodio se niz skandala vezanih uz mito i korupciju u politi\u010dkim krugovima, a ekonomska situacije je degradirala do to\u010dke egzodusa. Izme\u0111u ostalog, u Olijevom su sustavu visoko pla\u0107ene pozicije bile &#8220;rezervirane&#8221; nepotizmom dok je standard pla\u0107a padao na trenutni prosjek od oko 150 eura mjese\u010dno. S takvom se cifrom, ka\u017eu momci, nije mogao graditi \u017eivot.<\/p>\n<p>&#8211; Zato su na\u0161i ljudi tako daleko od svoje zemlje, jer u njoj nisu imali prilika. Vlada nas je poticala da odemo, ne da ostanemo, zato nas toliko i nastavlja dolaziti ovdje \u2013 ka\u017ee Bikash.<\/p>\n<p>No u danima prije na\u0161eg razgovora, generacija Z preuzela je ulice grada iz kojeg obojica dolaze, Kathmandua, u revoluciji kakvu povijest dugo nije imala prilike gledati. U ponedjeljak 8. rujna, gra\u0111ani su se okupili kako bi se suprotstavili truloj vladi. Povod je bio poku\u0161aj zabrane dru\u0161tvenih mre\u017ea, na kojima su ljudi iskazivali svoje nezadovoljstvo dr\u017eavnim vrhom. Kao odgovor prosvjednicima, Vlada je na gra\u0111ane poslala vojsku i policiju te je u suzbijanju prosvjeda istog dana ubijeno dvadesetero ljudi. Me\u0111u \u017ertvama je bilo i djece, a Amar i Bikash sve su to gledali putem videa.<\/p>\n<p>&#8211; Slomilo mi se srce. U prosvjedima su ljudi mla\u0111i od mene i gledam ih kako umiru. Bili su jako mladi, jedan je imao 14 godina i bio je obu\u010den u \u0161kolsku uniformu. Volio bih da sam mogao biti tamo, da oni ne moraju i\u0107i. To nije bila njihova borba \u2013 govori Amar.<\/p>\n<p>U utorak 9. rujna prosvjednici su bili jo\u0161 uporniji, ali i bjesniji. Sila ljudi je nevjerojatno uspje\u0161no suzbijala policiju i vojsku na cestama unato\u010d pucnjevima i suzavcu. Dan je eskalirao sve ve\u0107im neredima i kulminirao doslovnim spaljivanjem Parlamenta i nekoliko politi\u010dkih rezidencija, a vojska i policija su se povukle. Prema Bikashu, takvo nasilje nije bilo ni cilj ni dio prosvjeda.<\/p>\n<p>&#8211; Trebali smo novi sustav i nove osobe u vladi, no lo\u0161i akteri su iskoristili priliku za nasilje i pale\u017e. Neki od njih su i plja\u010dkali banke i supermarkete.<\/p>\n<p>Do srijede 10. rujna umrla je 51 osoba, a 1300 ih je ranjeno, no pobuna je uspjela. Premijer je dao ostavku i vlada je raspu\u0161tena, a odmah potom, na mjesto premijera po prvi je put do\u0161la \u017eena \u2013 <strong>Sushila Karki<\/strong>, nekada\u0161nja glavna sutkinja nepalskog Vrhovnog suda poznata po progonu korumpiranih politi\u010dara.<\/p>\n<p>&#8211; Vlada ju je tada maknula s polo\u017eaja jer im je smetala. Ljudi su se i tada bunili, no vlada je bila mo\u0107na i potisnula na\u0161e glasove. Karki se bori ve\u0107 jako dugo i znamo da je na na\u0161oj strani \u2013 ka\u017ee Bikash.<\/p>\n<p>Iako nije mogao sudjelovati u prosvjedima, Bikash je imao potrebu ne\u0161to u\u010diniti. Ve\u0107 je u utorak organizirao, a u srijedu odr\u017eao koncert u po\u010dast poginulima tijekom prosvjeda. Na koncertu se okupilo, ka\u017ee, vi\u0161e od 400 ljudi. Pokazuje mi snimke koncerta u Centru za mlade Ribnjak u Zagrebu: dvorana je ispunjena pognutim glavama i svije\u0107ama, a, kako mi ka\u017eu momci, nisu do\u0161li samo oni zagreba\u010dki Nepalci koji su u to vrijeme morali raditi.<\/p>\n<figure id=\"attachment_6970\" aria-describedby=\"caption-attachment-6970\" style=\"width: 2047px\" class=\"wp-caption alignnone\"><img loading=\"lazy\" decoding=\"async\" class=\"wp-image-6970 size-full\" src=\"https:\/\/sdf.hr\/wp-content\/uploads\/2025\/09\/Amar-Man-Maharzan-1.jpg\" alt=\"\" width=\"2047\" height=\"1407\" srcset=\"https:\/\/sdf.hr\/wp-content\/uploads\/2025\/09\/Amar-Man-Maharzan-1.jpg 2047w, https:\/\/sdf.hr\/wp-content\/uploads\/2025\/09\/Amar-Man-Maharzan-1-300x206.jpg 300w, https:\/\/sdf.hr\/wp-content\/uploads\/2025\/09\/Amar-Man-Maharzan-1-1024x704.jpg 1024w, https:\/\/sdf.hr\/wp-content\/uploads\/2025\/09\/Amar-Man-Maharzan-1-768x528.jpg 768w, https:\/\/sdf.hr\/wp-content\/uploads\/2025\/09\/Amar-Man-Maharzan-1-1536x1056.jpg 1536w\" sizes=\"auto, (max-width: 2047px) 100vw, 2047px\" \/><figcaption id=\"caption-attachment-6970\" class=\"wp-caption-text\">Amar Man Maharzan<\/figcaption><\/figure>\n<p>Tjedan dana nakon na\u0161eg razgovora odr\u017eava se prosvjed i u Zagrebu. Inicijativa &#8220;Za bolju Hrvatsku&#8221; zahtijeva da se zaustavi tzv. &#8220;zamjena stanovni\u0161tva&#8221;, iako je od stupanja na snagu novog Zakona o strancima u o\u017eujku broj zahtjeva za radnim dozvolama pao za 70 posto, a broj odbijenica strancima porastao. U svojih deset to\u010daka, inicijativa tra\u017ei uvo\u0111enje kvota, privremeno zaustavljanje &#8220;uvoza&#8221; radne snage i potenciranje zapo\u0161ljavanja doma\u0107ih radnika, uz stro\u017ee kazne za te\u017ee prekr\u0161aje stranaca i detaljne sigurnosne i zdravstvene provjere do\u0161ljaka.<\/p>\n<p>Klju\u010dan dio njihovog programa je i &#8220;za\u0161tita demografije i identiteta&#8221; Hrvata i kori\u0161tenje isklju\u010divo hrvatskog jezika u javnom prostoru. S obzirom na to da se detaljne provjere ve\u0107 redovito i rade pri zapo\u0161ljavanju stranih radnika te da su poslodavci du\u017eni istra\u017eiti postoji li dovoljno kvalificirane doma\u0107e radne snage u njihovom sektoru, neispunjeni naizgled preostaju tek oni zahtjevi vezani za etni\u010dki identitet i kulturne prakse. Isti ti zahtjevi nisu postavljani tijekom turisti\u010dkih sezona, dolazaka ameri\u010dkih i britanskih digitalnih nomada ili izbjeglica i radnika iz Ukrajine.<\/p>\n<p>Dojma da \u017eive izme\u0111u dva klju\u010dna prosvjeda za njihov polo\u017eaj, pitala sam Amara i Bikasha kako vide zagreba\u010dki skup. Prema Bikashu, zajednica zna za njega i bit \u0107e na oprezu, ali i razumije frustraciju. On sam vidi prosvjed kao dio \u0161irih globalnih kretanja.<\/p>\n<p>&#8211; Danas se u svim dijelovima svijeta doga\u0111aju prosvjedi. Ljudi nisu zadovoljni svojim vladama &#8211; ka\u017ee.<\/p>\n<p>Amar, pak, smatra da sami radnici nisu ispravna meta, ve\u0107 da su to vlada i pravni okviri.<\/p>\n<p>&#8211; Razumijem prosvjednike, imaju vlastite probleme u ovoj zemlji, a svaka peta osoba koju vide je Nepalac i izgleda im kao da im otimamo poslove. Ovdje sam i moram po\u0161tovati njihovo mi\u0161ljenje, ali mislim da i oni trebaju razumjeti odakle mi polazimo. Svi \u017eelimo bolji \u017eivot, raditi i uzdr\u017eavati svoje obitelji. Svi smo ovdje s istim ciljem \u2013 ka\u017ee.<\/p>\n<p>Bikash i Amar su imali sli\u010dno glazbeno odrastanje kao i mnogi ljudi na\u0161e generacije. Bikasha je u glazbu uvukla &#8220;Sweet Child of Mine&#8221; Guns \u2019n\u2019 Rosesa, a Amara Metallicina &#8220;Ride the Lightning&#8221; jo\u0161 u osnovnoj \u0161koli. U ranim tinejd\u017eerskim godinama otkrili su Linkin Park, dok su majice Nirvane kod njih bile popularne kao i na zagreba\u010dkim ulicama. Amar je kasnije otkrio i Children of Bodom, Tool, Alcest i Decapitated, a mnogi bendovi koje slu\u0161a iznimno su popularni na metal scenama Hrvatske. Iako Zagreb vrvi takvim koncertima, Amar u svoje dvije godine u Hrvatskoj zbog radnog vremena nije uspio oti\u0107i ni na jedan.<\/p>\n<p>Svoju strast zato jo\u0161 i vi\u0161e ula\u017ee u Buddha Band. Kako ka\u017ee Bikash, Amar je s njim od samog osnivanja benda i imaju sjajnu glazbenu kemiju. Pokazuje mi video s koncerta u Dubrovniku, na kojem su se jo\u0161 prije samog giga popeli na pozornicu i jammali bez ostatka benda. Iz verzije nepalske narodne pjesme glatko su pre\u0161li u obradu Adeleine &#8220;Rolling in the Deep&#8221;, pritom potpuno improviziraju\u0107i.<\/p>\n<figure id=\"attachment_6968\" aria-describedby=\"caption-attachment-6968\" style=\"width: 2560px\" class=\"wp-caption alignnone\"><img loading=\"lazy\" decoding=\"async\" class=\"wp-image-6968 size-full\" src=\"https:\/\/sdf.hr\/wp-content\/uploads\/2025\/09\/Brijesh-Kumar-Palpali-scaled.jpg\" alt=\"\" width=\"2560\" height=\"1918\" srcset=\"https:\/\/sdf.hr\/wp-content\/uploads\/2025\/09\/Brijesh-Kumar-Palpali-scaled.jpg 2560w, https:\/\/sdf.hr\/wp-content\/uploads\/2025\/09\/Brijesh-Kumar-Palpali-300x225.jpg 300w, https:\/\/sdf.hr\/wp-content\/uploads\/2025\/09\/Brijesh-Kumar-Palpali-1024x767.jpg 1024w, https:\/\/sdf.hr\/wp-content\/uploads\/2025\/09\/Brijesh-Kumar-Palpali-768x575.jpg 768w, https:\/\/sdf.hr\/wp-content\/uploads\/2025\/09\/Brijesh-Kumar-Palpali-1536x1151.jpg 1536w, https:\/\/sdf.hr\/wp-content\/uploads\/2025\/09\/Brijesh-Kumar-Palpali-2048x1535.jpg 2048w\" sizes=\"auto, (max-width: 2560px) 100vw, 2560px\" \/><figcaption id=\"caption-attachment-6968\" class=\"wp-caption-text\">Brijesh Kumar Palpali<\/figcaption><\/figure>\n<p>Tijekom razgovora bilo je vidljivo koliko glazba zna\u010di obojici mojih sugovornika. Za Amara, ona je &#8220;sve&#8221;.<\/p>\n<p>&#8211; Glazba mi je pomogla prije\u0107i u druga\u010dije razine svijesti i osjetiti stvari koje nisam prije. Kao kad pro\u010dita\u0161 knjigu, osje\u0107a\u0161 se kao da si \u017eivio tu\u0111i \u017eivot. Neko\u0107 sam bio jako srame\u017eljiv, nisam pokazivao emocije, ali glazba mi je dopustila da poka\u017eem tko sam. Natjerala me da vjerujem u sebe i pomogla mi u\u017eivati u \u017eivotu.<\/p>\n<p>Amar je kroz svoje glazbeno putovanje postao multi-instrumentalist. Svira bubnjeve, cajon i gitaru, pjeva i growla. Glazbom se bavio i profesionalno te je od 2018. \u017eivio i nastupao u Kambod\u017ei kao dio benda Samsara. Korona ga je vratila u Nepal, gdje kulturni i glazbeni \u017eivot \u010dak i nakon prestanka pandemije nisu ponovno za\u017eivjeli, a na alternativnu glazbu se nije gledalo blagonaklono te su kasni koncerti znali rezultirati i uhi\u0107enjima.<\/p>\n<p>Bikash je u Nepalu uglavnom svirao s prijateljima, no od malih nogu \u017eeli nastupati na pozornici i povezivati se s publikom. Nije mogao ponijeti svoju gitaru u Hrvatsku pa je kupio novu \u010dim je primio prvu pla\u0107u. Glazba je neophodan dio njegovog \u017eivota \u2013 osim \u0161to je vidi kao ispu\u0161ni ventil za nakupljeni stres, \u017eeli je dijeliti s ljudima upravo u svrhu povezivanja.<\/p>\n<p>&#8211; Ba\u0161 zato i sviramo fuziju rocka i nepalskih narodnih pjesama. Na\u0161a starija generacija \u0107e \u010duti pjesme koje zna i voli, a mla\u0111oj \u0107e se svidjeti moderniji zvuk. Glazba i umjetnost su najbolji na\u010din za ujediniti ljude. Ljudi zaborave na sve probleme i nasilje, zaborave da su iz neke druge zemlje ili drugog kraja dr\u017eave, jer ih glazba \u010dini sretnima \u2013 poru\u010duje.<\/p>\n<p>Nakon ovakvog uvoda, htjela sam \u010duti kako zvu\u010di njihov konektivni rock. Odveli su me u sviraonu, gdje je D.O.P. ve\u0107 ru\u017eio s Brijeshem na gitari. Amar je zasjeo za bubnjeve, Bikash za mikrofon i pridru\u017eili su im se u energi\u010dnom setu pjesama koje su blues i rock besprijekorno spajale s nepalskim napjevima. Iako mi njihov jezik nije poznat, jezik glazbe svakako &#8220;govorim&#8221; te sam u tih sat vremena osjetila kako stres pada s njihovih ramena, a radost raste.<\/p>\n<p>Svoj sljede\u0107i koncert \u010dlanovi Buddha Banda namjeravaju odr\u017eati povodom Dashaina, hinduisti\u010dkog blagdanskog razdoblja koje se po kulturnom zna\u010daju naj\u010de\u0161\u0107e uspore\u0111uje s Bo\u017ei\u0107em, a koje ove godine traje od 6. rujna do 22. listopada. S obzirom na odaziv zagreba\u010dkih Nepalaca pro\u0161log tjedna, Bikash je u potrazi za ve\u0107im prostorom kako bi mogao okupiti \u0161to vi\u0161e ljudi. Amar se, pak, nada da ne\u0107e morati raditi u vrijeme koncerta.<\/p>\n<p><em>pi\u0161e Julija Savi\u0107<\/em><\/p>\n","protected":false},"excerpt":{"rendered":"<p>Sviramo fuziju rocka i nepalskih narodnih pjesama. Glazba i umjetnost su najbolji na\u010din za ujediniti ljude, poru\u010duju \u010dlanovi Buddha Banda, folk-rock grupe koju \u010dine radnici iz Nepala. Na koncertima u Zagrebu i Dubrovniku ve\u0107 su okupili stotine slu\u0161atelja. Svirali su i u \u010dast poginulih u nepalskim prosvjedima<\/p>\n","protected":false},"featured_media":6963,"template":"","tags":[136],"atribut":[],"class_list":["post-6972","nada","type-nada","status-publish","has-post-thumbnail","hentry","tag-portret"],"acf":[],"yoast_head":"<!-- This site is optimized with the Yoast SEO plugin v27.4 - https:\/\/yoast.com\/product\/yoast-seo-wordpress\/ -->\n<title>Nepalski rock radnici - SDF - Srpski demokratski forum<\/title>\n<meta name=\"robots\" content=\"index, follow, max-snippet:-1, max-image-preview:large, max-video-preview:-1\" \/>\n<link rel=\"canonical\" href=\"https:\/\/sdf.hr\/hr\/nada\/nepalski-rock-radnici\/\" \/>\n<meta property=\"og:locale\" content=\"hr_HR\" \/>\n<meta property=\"og:type\" content=\"article\" \/>\n<meta property=\"og:title\" content=\"Nepalski rock radnici - SDF - Srpski demokratski forum\" \/>\n<meta property=\"og:description\" content=\"Sviramo fuziju rocka i nepalskih narodnih pjesama. Glazba i umjetnost su najbolji na\u010din za ujediniti ljude, poru\u010duju \u010dlanovi Buddha Banda, folk-rock grupe koju \u010dine radnici iz Nepala. Na koncertima u Zagrebu i Dubrovniku ve\u0107 su okupili stotine slu\u0161atelja. Svirali su i u \u010dast poginulih u nepalskim prosvjedima\" \/>\n<meta property=\"og:url\" content=\"https:\/\/sdf.hr\/hr\/nada\/nepalski-rock-radnici\/\" \/>\n<meta property=\"og:site_name\" content=\"SDF - Srpski demokratski forum\" \/>\n<meta property=\"article:modified_time\" content=\"2025-09-26T06:22:39+00:00\" \/>\n<meta property=\"og:image\" content=\"https:\/\/sdf.hr\/wp-content\/uploads\/2025\/09\/Buddha-Banda.jpeg\" \/>\n\t<meta property=\"og:image:width\" content=\"2560\" \/>\n\t<meta property=\"og:image:height\" content=\"1975\" \/>\n\t<meta property=\"og:image:type\" content=\"image\/jpeg\" \/>\n<meta name=\"twitter:card\" content=\"summary_large_image\" \/>\n<meta name=\"twitter:label1\" content=\"Procijenjeno vrijeme \u010ditanja\" \/>\n\t<meta name=\"twitter:data1\" content=\"9 minuta\" \/>\n<script type=\"application\/ld+json\" class=\"yoast-schema-graph\">{\"@context\":\"https:\\\/\\\/schema.org\",\"@graph\":[{\"@type\":\"WebPage\",\"@id\":\"https:\\\/\\\/sdf.hr\\\/hr\\\/nada\\\/nepalski-rock-radnici\\\/\",\"url\":\"https:\\\/\\\/sdf.hr\\\/hr\\\/nada\\\/nepalski-rock-radnici\\\/\",\"name\":\"Nepalski rock radnici - SDF - Srpski demokratski forum\",\"isPartOf\":{\"@id\":\"https:\\\/\\\/sdf.hr\\\/#website\"},\"primaryImageOfPage\":{\"@id\":\"https:\\\/\\\/sdf.hr\\\/hr\\\/nada\\\/nepalski-rock-radnici\\\/#primaryimage\"},\"image\":{\"@id\":\"https:\\\/\\\/sdf.hr\\\/hr\\\/nada\\\/nepalski-rock-radnici\\\/#primaryimage\"},\"thumbnailUrl\":\"https:\\\/\\\/sdf.hr\\\/wp-content\\\/uploads\\\/2025\\\/09\\\/Buddha-Banda.jpeg\",\"datePublished\":\"2025-09-26T06:16:29+00:00\",\"dateModified\":\"2025-09-26T06:22:39+00:00\",\"breadcrumb\":{\"@id\":\"https:\\\/\\\/sdf.hr\\\/hr\\\/nada\\\/nepalski-rock-radnici\\\/#breadcrumb\"},\"inLanguage\":\"hr\",\"potentialAction\":[{\"@type\":\"ReadAction\",\"target\":[\"https:\\\/\\\/sdf.hr\\\/hr\\\/nada\\\/nepalski-rock-radnici\\\/\"]}]},{\"@type\":\"ImageObject\",\"inLanguage\":\"hr\",\"@id\":\"https:\\\/\\\/sdf.hr\\\/hr\\\/nada\\\/nepalski-rock-radnici\\\/#primaryimage\",\"url\":\"https:\\\/\\\/sdf.hr\\\/wp-content\\\/uploads\\\/2025\\\/09\\\/Buddha-Banda.jpeg\",\"contentUrl\":\"https:\\\/\\\/sdf.hr\\\/wp-content\\\/uploads\\\/2025\\\/09\\\/Buddha-Banda.jpeg\",\"width\":2560,\"height\":1975,\"caption\":\"Buddha Band\"},{\"@type\":\"BreadcrumbList\",\"@id\":\"https:\\\/\\\/sdf.hr\\\/hr\\\/nada\\\/nepalski-rock-radnici\\\/#breadcrumb\",\"itemListElement\":[{\"@type\":\"ListItem\",\"position\":1,\"name\":\"Po\u010detna stranica\",\"item\":\"https:\\\/\\\/sdf.hr\\\/hr\\\/\"},{\"@type\":\"ListItem\",\"position\":2,\"name\":\"Nada\",\"item\":\"https:\\\/\\\/sdf.hr\\\/nada\\\/\"},{\"@type\":\"ListItem\",\"position\":3,\"name\":\"Nepalski rock radnici\"}]},{\"@type\":\"WebSite\",\"@id\":\"https:\\\/\\\/sdf.hr\\\/#website\",\"url\":\"https:\\\/\\\/sdf.hr\\\/\",\"name\":\"SDF - Srpski demokratski forum\",\"description\":\"Srpski demokratski forum\",\"publisher\":{\"@id\":\"https:\\\/\\\/sdf.hr\\\/#organization\"},\"potentialAction\":[{\"@type\":\"SearchAction\",\"target\":{\"@type\":\"EntryPoint\",\"urlTemplate\":\"https:\\\/\\\/sdf.hr\\\/?s={search_term_string}\"},\"query-input\":{\"@type\":\"PropertyValueSpecification\",\"valueRequired\":true,\"valueName\":\"search_term_string\"}}],\"inLanguage\":\"hr\"},{\"@type\":\"Organization\",\"@id\":\"https:\\\/\\\/sdf.hr\\\/#organization\",\"name\":\"SDF - Srpski demokratski forum\",\"url\":\"https:\\\/\\\/sdf.hr\\\/\",\"logo\":{\"@type\":\"ImageObject\",\"inLanguage\":\"hr\",\"@id\":\"https:\\\/\\\/sdf.hr\\\/#\\\/schema\\\/logo\\\/image\\\/\",\"url\":\"https:\\\/\\\/sdf.hr\\\/wp-content\\\/uploads\\\/2021\\\/07\\\/logo-hr.svg\",\"contentUrl\":\"https:\\\/\\\/sdf.hr\\\/wp-content\\\/uploads\\\/2021\\\/07\\\/logo-hr.svg\",\"width\":271,\"height\":100,\"caption\":\"SDF - Srpski demokratski forum\"},\"image\":{\"@id\":\"https:\\\/\\\/sdf.hr\\\/#\\\/schema\\\/logo\\\/image\\\/\"}}]}<\/script>\n<!-- \/ Yoast SEO plugin. -->","yoast_head_json":{"title":"Nepalski rock radnici - SDF - Srpski demokratski forum","robots":{"index":"index","follow":"follow","max-snippet":"max-snippet:-1","max-image-preview":"max-image-preview:large","max-video-preview":"max-video-preview:-1"},"canonical":"https:\/\/sdf.hr\/hr\/nada\/nepalski-rock-radnici\/","og_locale":"hr_HR","og_type":"article","og_title":"Nepalski rock radnici - SDF - Srpski demokratski forum","og_description":"Sviramo fuziju rocka i nepalskih narodnih pjesama. Glazba i umjetnost su najbolji na\u010din za ujediniti ljude, poru\u010duju \u010dlanovi Buddha Banda, folk-rock grupe koju \u010dine radnici iz Nepala. Na koncertima u Zagrebu i Dubrovniku ve\u0107 su okupili stotine slu\u0161atelja. Svirali su i u \u010dast poginulih u nepalskim prosvjedima","og_url":"https:\/\/sdf.hr\/hr\/nada\/nepalski-rock-radnici\/","og_site_name":"SDF - Srpski demokratski forum","article_modified_time":"2025-09-26T06:22:39+00:00","og_image":[{"width":2560,"height":1975,"url":"https:\/\/sdf.hr\/wp-content\/uploads\/2025\/09\/Buddha-Banda.jpeg","type":"image\/jpeg"}],"twitter_card":"summary_large_image","twitter_misc":{"Procijenjeno vrijeme \u010ditanja":"9 minuta"},"schema":{"@context":"https:\/\/schema.org","@graph":[{"@type":"WebPage","@id":"https:\/\/sdf.hr\/hr\/nada\/nepalski-rock-radnici\/","url":"https:\/\/sdf.hr\/hr\/nada\/nepalski-rock-radnici\/","name":"Nepalski rock radnici - SDF - Srpski demokratski forum","isPartOf":{"@id":"https:\/\/sdf.hr\/#website"},"primaryImageOfPage":{"@id":"https:\/\/sdf.hr\/hr\/nada\/nepalski-rock-radnici\/#primaryimage"},"image":{"@id":"https:\/\/sdf.hr\/hr\/nada\/nepalski-rock-radnici\/#primaryimage"},"thumbnailUrl":"https:\/\/sdf.hr\/wp-content\/uploads\/2025\/09\/Buddha-Banda.jpeg","datePublished":"2025-09-26T06:16:29+00:00","dateModified":"2025-09-26T06:22:39+00:00","breadcrumb":{"@id":"https:\/\/sdf.hr\/hr\/nada\/nepalski-rock-radnici\/#breadcrumb"},"inLanguage":"hr","potentialAction":[{"@type":"ReadAction","target":["https:\/\/sdf.hr\/hr\/nada\/nepalski-rock-radnici\/"]}]},{"@type":"ImageObject","inLanguage":"hr","@id":"https:\/\/sdf.hr\/hr\/nada\/nepalski-rock-radnici\/#primaryimage","url":"https:\/\/sdf.hr\/wp-content\/uploads\/2025\/09\/Buddha-Banda.jpeg","contentUrl":"https:\/\/sdf.hr\/wp-content\/uploads\/2025\/09\/Buddha-Banda.jpeg","width":2560,"height":1975,"caption":"Buddha Band"},{"@type":"BreadcrumbList","@id":"https:\/\/sdf.hr\/hr\/nada\/nepalski-rock-radnici\/#breadcrumb","itemListElement":[{"@type":"ListItem","position":1,"name":"Po\u010detna stranica","item":"https:\/\/sdf.hr\/hr\/"},{"@type":"ListItem","position":2,"name":"Nada","item":"https:\/\/sdf.hr\/nada\/"},{"@type":"ListItem","position":3,"name":"Nepalski rock radnici"}]},{"@type":"WebSite","@id":"https:\/\/sdf.hr\/#website","url":"https:\/\/sdf.hr\/","name":"SDF - Srpski demokratski forum","description":"Srpski demokratski forum","publisher":{"@id":"https:\/\/sdf.hr\/#organization"},"potentialAction":[{"@type":"SearchAction","target":{"@type":"EntryPoint","urlTemplate":"https:\/\/sdf.hr\/?s={search_term_string}"},"query-input":{"@type":"PropertyValueSpecification","valueRequired":true,"valueName":"search_term_string"}}],"inLanguage":"hr"},{"@type":"Organization","@id":"https:\/\/sdf.hr\/#organization","name":"SDF - Srpski demokratski forum","url":"https:\/\/sdf.hr\/","logo":{"@type":"ImageObject","inLanguage":"hr","@id":"https:\/\/sdf.hr\/#\/schema\/logo\/image\/","url":"https:\/\/sdf.hr\/wp-content\/uploads\/2021\/07\/logo-hr.svg","contentUrl":"https:\/\/sdf.hr\/wp-content\/uploads\/2021\/07\/logo-hr.svg","width":271,"height":100,"caption":"SDF - Srpski demokratski forum"},"image":{"@id":"https:\/\/sdf.hr\/#\/schema\/logo\/image\/"}}]}},"_links":{"self":[{"href":"https:\/\/sdf.hr\/hr\/wp-json\/wp\/v2\/nada\/6972","targetHints":{"allow":["GET"]}}],"collection":[{"href":"https:\/\/sdf.hr\/hr\/wp-json\/wp\/v2\/nada"}],"about":[{"href":"https:\/\/sdf.hr\/hr\/wp-json\/wp\/v2\/types\/nada"}],"wp:featuredmedia":[{"embeddable":true,"href":"https:\/\/sdf.hr\/hr\/wp-json\/wp\/v2\/media\/6963"}],"wp:attachment":[{"href":"https:\/\/sdf.hr\/hr\/wp-json\/wp\/v2\/media?parent=6972"}],"wp:term":[{"taxonomy":"post_tag","embeddable":true,"href":"https:\/\/sdf.hr\/hr\/wp-json\/wp\/v2\/tags?post=6972"},{"taxonomy":"atribut","embeddable":true,"href":"https:\/\/sdf.hr\/hr\/wp-json\/wp\/v2\/atribut?post=6972"}],"curies":[{"name":"wp","href":"https:\/\/api.w.org\/{rel}","templated":true}]}}