{"id":6988,"date":"2025-10-01T08:12:42","date_gmt":"2025-10-01T06:12:42","guid":{"rendered":"https:\/\/sdf.hr\/nada\/nocni-vlak-zvan-sonny\/"},"modified":"2025-09-29T12:13:13","modified_gmt":"2025-09-29T10:13:13","slug":"nocni-vlak-zvan-sonny","status":"publish","type":"nada","link":"https:\/\/sdf.hr\/hr\/nada\/nocni-vlak-zvan-sonny\/","title":{"rendered":"No\u0107ni vlak zvan Sonny"},"content":{"rendered":"<p>Godine 1965. <strong>Muhammad Ali<\/strong> nokautirao je <strong>Sonnyja Listona<\/strong> nakon samo 105 sekundi u ringu i osvojio svjetsku titulu. Presudni Alijev udarac u\u0161ao je u povijest kao fantomski, velik dio publike nije ga ni uspio vidjeti. Liston je postao najbr\u017ee nokautirani biv\u0161i svjetski prvak. Brzi poraz zadan &#8220;misterioznim&#8221; udarcem i Listonove veze s ameri\u010dkim podzemljem potaknuli su pri\u010de kako je borba bila namje\u0161tena. Nakon tog poraza Liston je ubilje\u017eio jo\u0161 par pobjeda, ali sve su ostale u sjeni optu\u017ebi o namje\u0161tanju me\u010da. Novu priliku za svjetsku titulu nije dobio.<\/p>\n<p>To je bio kraj Sonnyja Listona, velikog crnog ameri\u010dkog boksa\u010da, kraj po kojem ga se danas pamti. A gdje je bio po\u010detak Sonnyja Listona, velikog crnog ameri\u010dkog boksa\u010da? U potrazi za odgovorom na to pitanje, okre\u0107emo se knjizi <strong>Nicka Toschesa<\/strong> &#8220;No\u0107ni vlak&#8221;. Prije nego \u0161to je postao Sonny, Liston se zvao <strong>Charles<\/strong>. Rodio se u Arkansasu nekad krajem 1920-ih ili po\u010detkom 1930-ih, nitko nije znao to\u010dno. U uvodnom poglavlju Tosches pi\u0161e: &#8220;Re\u0107i da je Charles Liston bio rob bila bi jeftina metafora za \u017eivot \u010dovjeka.&#8221; Poznanici opisuju Listonovo odrastanje kao biljeg vremena u kojem je bio &#8220;samo jo\u0161 jedna crn\u010duga&#8221;. Nije znao \u010ditati, nije znao pisati, nije mogao \u010diniti &#8220;ve\u0107inu toga \u0161to je ovaj svijet zahtijevao u zamjenu za ono \u0161to je nazivao dobrom, po\u0161tenom pla\u0107om&#8221;.<\/p>\n<p>Prvi puta u zatvoru je zavr\u0161io po\u010detkom 1950-ih zbog plja\u010dke. Priznao je krivnju, osu\u0111en je na pet godina, a kaznu izdr\u017eavao u dr\u017eavnom zatvoru Missouri u Jefferson Cityju. <strong>William P. Steinhauser<\/strong>, koji je bio pomo\u0107ni upravitelj zatvora u to doba, sportskom novinaru <strong>Andrewu Sturgeonu Youngu<\/strong> kazao je da je Liston radio u zatvorskoj kuhinji te na utovaru i istovaru robe. Iako su mnogi naga\u0111ali o tome odakle mu nadimak Sonny, nitko sa sigurno\u0161\u0107u nije znao re\u0107i tko mu ga je nadjenuo u zatvoru. Ali zna se tko je \u010dovjek koji mu je prvi put stavio boksa\u010dke rukavice na \u0161ake. Bio je to vele\u010dasni <strong>Edward B. Schlattmann<\/strong>, zatvorski kapelan.<\/p>\n<p>Standardne boksa\u010dke rukavice nisu bile krojene za \u0161ake koje je imao Sonny Liston. Prsti su mu se dali nagurati u najve\u0107e od njih, ali se na zape\u0161\u0107u rukavice nisu mogle pravilno vezati. Tek \u0107e kasnije u \u017eivotu imati novca za rukavice ra\u0111ene po mjeri, od tvrtke Sammy Frager u Chicagu. Listonov prvi trener u zatvoru bio je jo\u0161 jedan crni zatvorenik. U posljednjem me\u010du u zatvoru Liston je sudjelovao 4. jula 1952. godine. Uvjetno je pu\u0161ten na slobodu krajem te godine, na\u0161ao posao u \u010deli\u010dani i malu radni\u010dku sobu u ulici nazvanoj po borovima u kojoj se nije dugo zadr\u017eao.<\/p>\n<p>Iste te godine tenor saksofonist <strong>Jimmy Forrest<\/strong> dominirao je R&amp;B ljestvicama \u017eestokom ritmi\u010dnom numerom nazvanom &#8220;Night Train&#8221; (No\u0107ni vlak). Forrest je krajem 1940-ih svirao u orkestru <strong>Dukea Ellingtona<\/strong> i &#8220;Night Train&#8221; je komponirao na segmentima dviju ranijih Ellingtonovih pjesama (&#8220;That\u2019s The Blues, Old Man&#8221; i &#8220;Happy-Go-Lucky Local&#8221;). Ukrao \u010dovjek, \u0161to je Liston razumio. Kome je \u017eivot ukraden, taj \u010desto i nema druge nego da krade. Plo\u010du &#8220;Night Train&#8221; Liston je pu\u0161tao stalno, na svakom treningu. Pripremao se za Zlatne rukavice, natjecanje za koje nije bilo dobnog ograni\u010denja. Trebao mu je samo bilo kakav rodni list, bilo kakva izjava starijeg \u010dlana obitelji za utvr\u0111ivanje datuma ro\u0111enja. I tako se dogodilo da je po prvom izlasku iz zatvora Liston crno na bijelo dobio i datum ro\u0111enja \u2013 8. maja 1932. Godina je bila 1952., imao je navodno 20 godina, zvao se Sonny i bio je navodno slobodan \u010dovjek. Slobodan da u\u0111e u ring.<\/p>\n<p><em>pi\u0161e Ivana Peri\u0107<\/em><\/p>\n","protected":false},"excerpt":{"rendered":"<p>Sonny Liston je postao najbr\u017ee nokautirani biv\u0161i svjetski prvak. Nakon tog je poraza ubilje\u017eio jo\u0161 par pobjeda, ali sve su ostale u sjeni optu\u017ebi o namje\u0161tanju me\u010da s Alijem <\/p>\n","protected":false},"featured_media":6987,"template":"","tags":[40],"atribut":[],"class_list":["post-6988","nada","type-nada","status-publish","has-post-thumbnail","hentry","tag-dvokorak-naprijed"],"acf":[],"yoast_head":"<!-- This site is optimized with the Yoast SEO plugin v27.4 - https:\/\/yoast.com\/product\/yoast-seo-wordpress\/ -->\n<title>No\u0107ni vlak zvan Sonny - SDF - Srpski demokratski forum<\/title>\n<meta name=\"robots\" content=\"index, follow, max-snippet:-1, max-image-preview:large, max-video-preview:-1\" \/>\n<link rel=\"canonical\" href=\"https:\/\/sdf.hr\/nada\/nocni-vlak-zvan-sonny\/\" \/>\n<meta property=\"og:locale\" content=\"hr_HR\" \/>\n<meta property=\"og:type\" content=\"article\" \/>\n<meta property=\"og:title\" content=\"No\u0107ni vlak zvan Sonny - SDF - Srpski demokratski forum\" \/>\n<meta property=\"og:description\" content=\"Sonny Liston je postao najbr\u017ee nokautirani biv\u0161i svjetski prvak. Nakon tog je poraza ubilje\u017eio jo\u0161 par pobjeda, ali sve su ostale u sjeni optu\u017ebi o namje\u0161tanju me\u010da s Alijem\" \/>\n<meta property=\"og:url\" content=\"https:\/\/sdf.hr\/nada\/nocni-vlak-zvan-sonny\/\" \/>\n<meta property=\"og:site_name\" content=\"SDF - Srpski demokratski forum\" \/>\n<meta property=\"og:image\" content=\"https:\/\/sdf.hr\/wp-content\/uploads\/2025\/09\/Liston_Wikipedia.jpg\" \/>\n\t<meta property=\"og:image:width\" content=\"800\" \/>\n\t<meta property=\"og:image:height\" content=\"607\" \/>\n\t<meta property=\"og:image:type\" content=\"image\/jpeg\" \/>\n<meta name=\"twitter:card\" content=\"summary_large_image\" \/>\n<meta name=\"twitter:label1\" content=\"Procijenjeno vrijeme \u010ditanja\" \/>\n\t<meta name=\"twitter:data1\" content=\"3 minute\" \/>\n<script type=\"application\/ld+json\" class=\"yoast-schema-graph\">{\"@context\":\"https:\\\/\\\/schema.org\",\"@graph\":[{\"@type\":\"WebPage\",\"@id\":\"https:\\\/\\\/sdf.hr\\\/nada\\\/nocni-vlak-zvan-sonny\\\/\",\"url\":\"https:\\\/\\\/sdf.hr\\\/nada\\\/nocni-vlak-zvan-sonny\\\/\",\"name\":\"No\u0107ni vlak zvan Sonny - SDF - Srpski demokratski forum\",\"isPartOf\":{\"@id\":\"https:\\\/\\\/sdf.hr\\\/#website\"},\"primaryImageOfPage\":{\"@id\":\"https:\\\/\\\/sdf.hr\\\/nada\\\/nocni-vlak-zvan-sonny\\\/#primaryimage\"},\"image\":{\"@id\":\"https:\\\/\\\/sdf.hr\\\/nada\\\/nocni-vlak-zvan-sonny\\\/#primaryimage\"},\"thumbnailUrl\":\"https:\\\/\\\/sdf.hr\\\/wp-content\\\/uploads\\\/2025\\\/09\\\/Liston_Wikipedia.jpg\",\"datePublished\":\"2025-10-01T06:12:42+00:00\",\"breadcrumb\":{\"@id\":\"https:\\\/\\\/sdf.hr\\\/nada\\\/nocni-vlak-zvan-sonny\\\/#breadcrumb\"},\"inLanguage\":\"hr\",\"potentialAction\":[{\"@type\":\"ReadAction\",\"target\":[\"https:\\\/\\\/sdf.hr\\\/nada\\\/nocni-vlak-zvan-sonny\\\/\"]}]},{\"@type\":\"ImageObject\",\"inLanguage\":\"hr\",\"@id\":\"https:\\\/\\\/sdf.hr\\\/nada\\\/nocni-vlak-zvan-sonny\\\/#primaryimage\",\"url\":\"https:\\\/\\\/sdf.hr\\\/wp-content\\\/uploads\\\/2025\\\/09\\\/Liston_Wikipedia.jpg\",\"contentUrl\":\"https:\\\/\\\/sdf.hr\\\/wp-content\\\/uploads\\\/2025\\\/09\\\/Liston_Wikipedia.jpg\",\"width\":800,\"height\":607,\"caption\":\"Sonny Liston (Foto: Wikipedia)\"},{\"@type\":\"BreadcrumbList\",\"@id\":\"https:\\\/\\\/sdf.hr\\\/nada\\\/nocni-vlak-zvan-sonny\\\/#breadcrumb\",\"itemListElement\":[{\"@type\":\"ListItem\",\"position\":1,\"name\":\"Po\u010detna stranica\",\"item\":\"https:\\\/\\\/sdf.hr\\\/hr\\\/\"},{\"@type\":\"ListItem\",\"position\":2,\"name\":\"Nada\",\"item\":\"https:\\\/\\\/sdf.hr\\\/nada\\\/\"},{\"@type\":\"ListItem\",\"position\":3,\"name\":\"No\u0107ni vlak zvan Sonny\"}]},{\"@type\":\"WebSite\",\"@id\":\"https:\\\/\\\/sdf.hr\\\/#website\",\"url\":\"https:\\\/\\\/sdf.hr\\\/\",\"name\":\"SDF - Srpski demokratski forum\",\"description\":\"Srpski demokratski forum\",\"publisher\":{\"@id\":\"https:\\\/\\\/sdf.hr\\\/#organization\"},\"potentialAction\":[{\"@type\":\"SearchAction\",\"target\":{\"@type\":\"EntryPoint\",\"urlTemplate\":\"https:\\\/\\\/sdf.hr\\\/?s={search_term_string}\"},\"query-input\":{\"@type\":\"PropertyValueSpecification\",\"valueRequired\":true,\"valueName\":\"search_term_string\"}}],\"inLanguage\":\"hr\"},{\"@type\":\"Organization\",\"@id\":\"https:\\\/\\\/sdf.hr\\\/#organization\",\"name\":\"SDF - Srpski demokratski forum\",\"url\":\"https:\\\/\\\/sdf.hr\\\/\",\"logo\":{\"@type\":\"ImageObject\",\"inLanguage\":\"hr\",\"@id\":\"https:\\\/\\\/sdf.hr\\\/#\\\/schema\\\/logo\\\/image\\\/\",\"url\":\"https:\\\/\\\/sdf.hr\\\/wp-content\\\/uploads\\\/2021\\\/07\\\/logo-hr.svg\",\"contentUrl\":\"https:\\\/\\\/sdf.hr\\\/wp-content\\\/uploads\\\/2021\\\/07\\\/logo-hr.svg\",\"width\":271,\"height\":100,\"caption\":\"SDF - Srpski demokratski forum\"},\"image\":{\"@id\":\"https:\\\/\\\/sdf.hr\\\/#\\\/schema\\\/logo\\\/image\\\/\"}}]}<\/script>\n<!-- \/ Yoast SEO plugin. -->","yoast_head_json":{"title":"No\u0107ni vlak zvan Sonny - SDF - Srpski demokratski forum","robots":{"index":"index","follow":"follow","max-snippet":"max-snippet:-1","max-image-preview":"max-image-preview:large","max-video-preview":"max-video-preview:-1"},"canonical":"https:\/\/sdf.hr\/nada\/nocni-vlak-zvan-sonny\/","og_locale":"hr_HR","og_type":"article","og_title":"No\u0107ni vlak zvan Sonny - SDF - Srpski demokratski forum","og_description":"Sonny Liston je postao najbr\u017ee nokautirani biv\u0161i svjetski prvak. Nakon tog je poraza ubilje\u017eio jo\u0161 par pobjeda, ali sve su ostale u sjeni optu\u017ebi o namje\u0161tanju me\u010da s Alijem","og_url":"https:\/\/sdf.hr\/nada\/nocni-vlak-zvan-sonny\/","og_site_name":"SDF - Srpski demokratski forum","og_image":[{"width":800,"height":607,"url":"https:\/\/sdf.hr\/wp-content\/uploads\/2025\/09\/Liston_Wikipedia.jpg","type":"image\/jpeg"}],"twitter_card":"summary_large_image","twitter_misc":{"Procijenjeno vrijeme \u010ditanja":"3 minute"},"schema":{"@context":"https:\/\/schema.org","@graph":[{"@type":"WebPage","@id":"https:\/\/sdf.hr\/nada\/nocni-vlak-zvan-sonny\/","url":"https:\/\/sdf.hr\/nada\/nocni-vlak-zvan-sonny\/","name":"No\u0107ni vlak zvan Sonny - SDF - Srpski demokratski forum","isPartOf":{"@id":"https:\/\/sdf.hr\/#website"},"primaryImageOfPage":{"@id":"https:\/\/sdf.hr\/nada\/nocni-vlak-zvan-sonny\/#primaryimage"},"image":{"@id":"https:\/\/sdf.hr\/nada\/nocni-vlak-zvan-sonny\/#primaryimage"},"thumbnailUrl":"https:\/\/sdf.hr\/wp-content\/uploads\/2025\/09\/Liston_Wikipedia.jpg","datePublished":"2025-10-01T06:12:42+00:00","breadcrumb":{"@id":"https:\/\/sdf.hr\/nada\/nocni-vlak-zvan-sonny\/#breadcrumb"},"inLanguage":"hr","potentialAction":[{"@type":"ReadAction","target":["https:\/\/sdf.hr\/nada\/nocni-vlak-zvan-sonny\/"]}]},{"@type":"ImageObject","inLanguage":"hr","@id":"https:\/\/sdf.hr\/nada\/nocni-vlak-zvan-sonny\/#primaryimage","url":"https:\/\/sdf.hr\/wp-content\/uploads\/2025\/09\/Liston_Wikipedia.jpg","contentUrl":"https:\/\/sdf.hr\/wp-content\/uploads\/2025\/09\/Liston_Wikipedia.jpg","width":800,"height":607,"caption":"Sonny Liston (Foto: Wikipedia)"},{"@type":"BreadcrumbList","@id":"https:\/\/sdf.hr\/nada\/nocni-vlak-zvan-sonny\/#breadcrumb","itemListElement":[{"@type":"ListItem","position":1,"name":"Po\u010detna stranica","item":"https:\/\/sdf.hr\/hr\/"},{"@type":"ListItem","position":2,"name":"Nada","item":"https:\/\/sdf.hr\/nada\/"},{"@type":"ListItem","position":3,"name":"No\u0107ni vlak zvan Sonny"}]},{"@type":"WebSite","@id":"https:\/\/sdf.hr\/#website","url":"https:\/\/sdf.hr\/","name":"SDF - Srpski demokratski forum","description":"Srpski demokratski forum","publisher":{"@id":"https:\/\/sdf.hr\/#organization"},"potentialAction":[{"@type":"SearchAction","target":{"@type":"EntryPoint","urlTemplate":"https:\/\/sdf.hr\/?s={search_term_string}"},"query-input":{"@type":"PropertyValueSpecification","valueRequired":true,"valueName":"search_term_string"}}],"inLanguage":"hr"},{"@type":"Organization","@id":"https:\/\/sdf.hr\/#organization","name":"SDF - Srpski demokratski forum","url":"https:\/\/sdf.hr\/","logo":{"@type":"ImageObject","inLanguage":"hr","@id":"https:\/\/sdf.hr\/#\/schema\/logo\/image\/","url":"https:\/\/sdf.hr\/wp-content\/uploads\/2021\/07\/logo-hr.svg","contentUrl":"https:\/\/sdf.hr\/wp-content\/uploads\/2021\/07\/logo-hr.svg","width":271,"height":100,"caption":"SDF - Srpski demokratski forum"},"image":{"@id":"https:\/\/sdf.hr\/#\/schema\/logo\/image\/"}}]}},"_links":{"self":[{"href":"https:\/\/sdf.hr\/hr\/wp-json\/wp\/v2\/nada\/6988","targetHints":{"allow":["GET"]}}],"collection":[{"href":"https:\/\/sdf.hr\/hr\/wp-json\/wp\/v2\/nada"}],"about":[{"href":"https:\/\/sdf.hr\/hr\/wp-json\/wp\/v2\/types\/nada"}],"wp:featuredmedia":[{"embeddable":true,"href":"https:\/\/sdf.hr\/hr\/wp-json\/wp\/v2\/media\/6987"}],"wp:attachment":[{"href":"https:\/\/sdf.hr\/hr\/wp-json\/wp\/v2\/media?parent=6988"}],"wp:term":[{"taxonomy":"post_tag","embeddable":true,"href":"https:\/\/sdf.hr\/hr\/wp-json\/wp\/v2\/tags?post=6988"},{"taxonomy":"atribut","embeddable":true,"href":"https:\/\/sdf.hr\/hr\/wp-json\/wp\/v2\/atribut?post=6988"}],"curies":[{"name":"wp","href":"https:\/\/api.w.org\/{rel}","templated":true}]}}