{"id":6994,"date":"2025-10-03T08:17:14","date_gmt":"2025-10-03T06:17:14","guid":{"rendered":"https:\/\/sdf.hr\/nada\/kulturna-misija-ocica\/"},"modified":"2025-10-03T08:18:45","modified_gmt":"2025-10-03T06:18:45","slug":"kulturna-misija-ocica","status":"publish","type":"nada","link":"https:\/\/sdf.hr\/hr\/nada\/kulturna-misija-ocica\/","title":{"rendered":"Kulturna misija Oci\u0107a"},"content":{"rendered":"<p>Odgovori na pitanje &#8220;Ko sam?&#8221; zapravo slu\u017ee kao kompas i za druga pitanja poput onih o tome \u0161ta volimo, \u0161ta nas zanima, raduje, uveseljava, koji su nam izbori, odakle poti\u010demo i kuda idemo. Ba\u0161 takva pitanja usmerila su je da se, nekada davno, opredeli za studije filozofije. <strong>Dejana Oci\u0107<\/strong> je osoba koja se neprestano pita, o svemu i sva\u010demu, sa \u010dim, kako sama nagla\u0161ava, ponekad i preteruje.<\/p>\n<p>Bavi se raznolikim oblicima i sadr\u017eajima kulture, na raznovrsne na\u010dine. Slobodno vreme sve manje razdvaja od takozvanog radnog, verovatno zato \u0161to, nekim \u010dudom, i radi ono \u0161to voli. U to spada istra\u017eivanje te organizovanje kulturnih okupljanja, kao i negovanje ba\u0161tenskog bilja u dvori\u0161tu njenih predaka, oku\u0107nici Doma Oci\u0107a u Dalju. Njen otac <strong>\u0110or\u0111e Oci\u0107<\/strong> ro\u0111en je 1934. godine u tom mestu. Bio je \u010dlan Udru\u017eenja knji\u017eevnika Srbije, Udru\u017eenja dramskih pisaca Srbije i Srpskog filozofskog dru\u0161tva. \u017diveo je i pisao u Beogradu, Baru i Dalju. Za nju li\u010dno Dom Oci\u0107a zna\u010di rodnu ku\u0107a oca i njegove bra\u0107e, njenih stri\u010deva, deo sveta gde su nastala njena prva \u010du\u0111enja, u kom su se zasnovala njena pitanja.<\/p>\n<p>&#8211; To je prostor u kome su se okupljali potomci onih \u0161to se doseli\u0161e u Seobama, onih \u0161to se ne dado\u0161e u ratovima, a za sobom, me\u0111u drugim svojim delima, ostavi\u0161e nauk: &#8220;Po\u0161tuj \u017eivot, \u010duvaj se propasti, ne uni\u0161tavaj, u\u010di da stvara\u0161.&#8221; Danas, podstaknuta tim glasovima svog detinjstva i pou\u010dnim pri\u010dama predaka, verujem da je Dom Oci\u0107a na dobrom putu da postane, ako ve\u0107 nije, va\u017ena institucija kulture ovoga kraja \u2013 govori Dejana te dodaje da je to dom u kome se ukr\u0161taju pro\u0161lost i sada\u0161njost, staro i novo, ruralno i urbano.<\/p>\n<p>Po mnogo \u010demu je \u017eivot \u0110or\u0111a uticao na \u017eivot Dejane. Tokom osnovne \u0161kole, kako navodi, bio je strog otac i u\u010ditelj, a krajem srednje \u0161kole postaje u\u010ditelj, savetnik i, iznad svega, prijatelj.<\/p>\n<p>&#8211; Pre nego \u0161to uspem da ga ne\u0161to pitam, pitao je on mene \u2013 sokratovski. Kada, ipak, uspem da pitanje postavim, samo bi me preusmerio: &#8220;Pitaj Enciklopediju!&#8221; Dakle, nema gotovih odgovora, do njih se trudom sti\u017ee, a ne \u010dudi \u0161to sam ve\u0107i deo svoje profesije i posvetila nastajanju re\u010dnika i enciklopedija \u2013 govori Dejana.<\/p>\n<p>\u0110or\u0111e Oci\u0107 je preminuo 2008. godine u Beogradu, a sahranjen je u rodnom Dalju. Njegova naslednica Dejana, doktorka nauka aktivna u o\u010duvanju kulturne ba\u0161tine, danas nastavlja njegovo delo, razvijaju\u0107i ideje koje je zastupao i \u0161ire\u0107i ih novim generacijama. Zaposlena je u Srpskom kulturnom centru u Osijeku.<\/p>\n<figure id=\"attachment_6992\" aria-describedby=\"caption-attachment-6992\" style=\"width: 2560px\" class=\"wp-caption alignnone\"><img loading=\"lazy\" decoding=\"async\" class=\"wp-image-6992 size-full\" src=\"https:\/\/sdf.hr\/wp-content\/uploads\/2025\/09\/Arhiva-Udruzenje-DJordje-Ocica-scaled.jpg\" alt=\"\" width=\"2560\" height=\"1707\" srcset=\"https:\/\/sdf.hr\/wp-content\/uploads\/2025\/09\/Arhiva-Udruzenje-DJordje-Ocica-scaled.jpg 2560w, https:\/\/sdf.hr\/wp-content\/uploads\/2025\/09\/Arhiva-Udruzenje-DJordje-Ocica-300x200.jpg 300w, https:\/\/sdf.hr\/wp-content\/uploads\/2025\/09\/Arhiva-Udruzenje-DJordje-Ocica-1024x683.jpg 1024w, https:\/\/sdf.hr\/wp-content\/uploads\/2025\/09\/Arhiva-Udruzenje-DJordje-Ocica-768x512.jpg 768w, https:\/\/sdf.hr\/wp-content\/uploads\/2025\/09\/Arhiva-Udruzenje-DJordje-Ocica-1536x1024.jpg 1536w, https:\/\/sdf.hr\/wp-content\/uploads\/2025\/09\/Arhiva-Udruzenje-DJordje-Ocica-2048x1365.jpg 2048w\" sizes=\"auto, (max-width: 2560px) 100vw, 2560px\" \/><figcaption id=\"caption-attachment-6992\" class=\"wp-caption-text\">Udru\u017eenje \u0110or\u0111a Oci\u0107a<\/figcaption><\/figure>\n<p>Tako je 2020. godine osnovano udru\u017eenje &#8220;\u0110or\u0111e Oci\u0107&#8221;. Glavni cilj i motiv za osnivanje udru\u017eenja jeste o\u010duvanje uspomene na delo knji\u017eevnika \u0110or\u0111a Oci\u0107a. To podrazumeva ne samo ono \u0161to je stvorio u svojim romanima, pripovetkama i dramama, ve\u0107 i njegovu viziju razvoja kulture i \u0161kolstva, kao i celokupan odnos prema ljudima i narodu kome je pripadao. Rodnu i porodi\u010dnu ku\u0107u, u kojoj je danas sme\u0161teno Udru\u017eenje, Oci\u0107 je zami\u0161ljao kao prostor okupljanja ljudi posve\u0107enih razvoju i unapre\u0111enju kulture u svom bogatstvu i raznolikosti. Upravo takvu ideju Udru\u017eenje danas nastavlja i razvija kroz razli\u010dite programe i aktivnosti.<\/p>\n<p>\u0110or\u0111e je bio prvi dobitnik nagrade Zadu\u017ebine Milo\u0161a Crnjanskog za najbolju prvu knjigu, koju je dobio 1981. godine za roman &#8220;Istraga&#8221;. Time je postavio temelje svog knji\u017eevnog stvarala\u0161tva i zauzeo posebno mesto u savremenoj srpskoj knji\u017eevnosti. Se\u0107anje na njega ne obuhvata samo njegovo knji\u017eevno delo, ve\u0107 i \u0161iru ideju \u2013 kako kultura mo\u017ee biti stub zajedni\u0161tva i trajanja. U tom duhu Dejana Oci\u0107 obja\u0161njava motive povratka u Dalj.<\/p>\n<p>&#8211; To pitanje ve\u0107 sadr\u017ei klju\u010dne re\u010di koje otkrivaju odgovor. Jednostavno, da bih se vratila \u2013 sebi, svojima\u2026 \u017divo se\u0107anje na njih vodi me i \u010duvanju porodi\u010dnog nasle\u0111a, koje smatram i nacionalnim. Zna\u010di mi: nastavak i trajanje. Glavni cilj da se sa\u010duva uspomena na li\u010dnost i delo \u0110or\u0111a Oci\u0107a pro\u0161irio se na istra\u017eivanje pro\u0161losti Dalja, tj. Erdabova, ali i na uklju\u010divanje lokalne zajednice. Upravo to otkri\u0107e zainteresovanosti zajednice i podr\u0161ku pojedinaca ili grupa i do\u017eivljavam kao uspeh koji me motivi\u0161e \u2013 govori Dejana.<\/p>\n<p>Knji\u017eevna ba\u0161tina je, kako sagovornica isti\u010de, ona nevidljiva, a ipak neizbe\u017ena potka u tkanju kulture i identiteta svakog naroda. Nju je potrebno negovati i podr\u017eati bez obzira na to da li se radi o ve\u0107inskim ili manjinskim zajednicama. Postignu\u0107e bilo koje manjinske kulture u odre\u0111enoj sredini, zapravo, doprinosi uspehu ve\u0107inske. Jedna od istinskih vrednosti svake nacije jeste uva\u017eavanje drugih kultura i njihovih svetinja. Srbi su, dodaje, u tom uva\u017eavanju \u010desto prednja\u010dili \u2013 na svoj ponos, ali ponekad i na svoju \u0161tetu.<\/p>\n<p>Se\u0107aju\u0107i se svojih knji\u017eevnih po\u010detaka, ka\u017ee da je jo\u0161 kao dete &#8220;\u017eivela u knjigama&#8221;. Najpre su to bile pri\u010de poput &#8220;Hajdi&#8221; i &#8220;Harijete uhode&#8221;, zatim srpske narodne pesme i bajke naroda sveta. Tek kasnije je shvatila da je njen otac imao neposredne veze sa knji\u017eevno\u0161\u0107u, pa je sama, radoznalo i uporno, tragala za odgovorima u knjigama. Zahvalna je na tome, jer je kasnije upravo ona ocu obja\u0161njavala \u0161ta je otkrila u delima <strong>Bore Stankovi\u0107a<\/strong>, <strong>Marka Tvena<\/strong>, <strong>Agate Kristi<\/strong>, a potom i <strong>Isidore Sekuli\u0107<\/strong> i <strong>Dostojevskog<\/strong>.<\/p>\n<p>Govore\u0107i o vidljivosti \u017eena u knji\u017eevnosti danas, Dejana prime\u0107uje da je do\u0161lo do velikog preokreta, ali da se, u su\u0161tini, malo toga promenilo. Na policama knji\u017eara i u medijima ima daleko vi\u0161e \u017eena koje se predstavljaju kao pisci. Promovi\u0161u se i prodaju knjige koje su nekada pripadale kioscima i bile svrstane u &#8220;ljubi\u0107e&#8221; ili trivijalnu literaturu.<\/p>\n<p>&#8211; I sama sam taj \u0161und \u010ditala, kri\u0161om. No u kulturno zaga\u0111enje spada to \u0161to se zapisiva\u010di takve literature nazivaju piscima, a njihovi konzumenti \u2013 \u010ditaocima, te se kvalitetni pisci manje \u010duju, naro\u010dito ako su \u017eene \u2013 govori Dejana.<\/p>\n<p>Na pitanje o tome kako mlade \u017eene koje ulaze u svet knji\u017eevnosti, umetnosti, nauke, kulture ili prosvete mogu da prona\u0111u svoj prostor i glas, njen odgovor je jasan: radoznalost je osnovni uslov svakog stvaranja.<\/p>\n<p>&#8211; Dakle, ako imaju dovoljno interesovanja za \u017eivot, za ljude, ako prona\u0111u smisao kome \u0107e da te\u017ee, otvori\u0107e im se kreativnost i pojaviti energija da to i sprovedu. Tim svojim postupcima i delima, stvori\u0107e sna\u017ene argumente za osvajanje svog prostora. \u0160to se pak glasa ti\u010de, on ne mo\u017ee utihnuti, dokle god ne prestajete da, sebe i druge \u2013 pitate \u2013 zaklju\u010duje Dejana.<\/p>\n<p><em>pi\u0161e Jelena Miri\u0107<\/em><\/p>\n","protected":false},"excerpt":{"rendered":"<p>Dejana Oci\u0107 u Domu Oci\u0107a u Dalju \u010duva uspomenu na knji\u017eevno delo i \u0161iri ideje svoga oca \u0110or\u0111a Oci\u0107a. &#8220;Dom Oci\u0107a na dobrom je putu da postane va\u017ena institucija kulture ovoga kraja&#8221;, poru\u010duje<\/p>\n","protected":false},"featured_media":6991,"template":"","tags":[136],"atribut":[],"class_list":["post-6994","nada","type-nada","status-publish","has-post-thumbnail","hentry","tag-portret"],"acf":[],"yoast_head":"<!-- This site is optimized with the Yoast SEO plugin v27.4 - https:\/\/yoast.com\/product\/yoast-seo-wordpress\/ -->\n<title>Kulturna misija Oci\u0107a - SDF - Srpski demokratski forum<\/title>\n<meta name=\"robots\" content=\"index, follow, max-snippet:-1, max-image-preview:large, max-video-preview:-1\" \/>\n<link rel=\"canonical\" href=\"https:\/\/sdf.hr\/hr\/nada\/kulturna-misija-ocica\/\" \/>\n<meta property=\"og:locale\" content=\"hr_HR\" \/>\n<meta property=\"og:type\" content=\"article\" \/>\n<meta property=\"og:title\" content=\"Kulturna misija Oci\u0107a - SDF - Srpski demokratski forum\" \/>\n<meta property=\"og:description\" content=\"Dejana Oci\u0107 u Domu Oci\u0107a u Dalju \u010duva uspomenu na knji\u017eevno delo i \u0161iri ideje svoga oca \u0110or\u0111a Oci\u0107a. &quot;Dom Oci\u0107a na dobrom je putu da postane va\u017ena institucija kulture ovoga kraja&quot;, poru\u010duje\" \/>\n<meta property=\"og:url\" content=\"https:\/\/sdf.hr\/hr\/nada\/kulturna-misija-ocica\/\" \/>\n<meta property=\"og:site_name\" content=\"SDF - Srpski demokratski forum\" \/>\n<meta property=\"article:modified_time\" content=\"2025-10-03T06:18:45+00:00\" \/>\n<meta property=\"og:image\" content=\"https:\/\/sdf.hr\/wp-content\/uploads\/2025\/09\/Dejan-Ocic_Tijana-Petrovic-scaled.jpg\" \/>\n\t<meta property=\"og:image:width\" content=\"2297\" \/>\n\t<meta property=\"og:image:height\" content=\"2560\" \/>\n\t<meta property=\"og:image:type\" content=\"image\/jpeg\" \/>\n<meta name=\"twitter:card\" content=\"summary_large_image\" \/>\n<meta name=\"twitter:label1\" content=\"Procijenjeno vrijeme \u010ditanja\" \/>\n\t<meta name=\"twitter:data1\" content=\"6 minuta\" \/>\n<script type=\"application\/ld+json\" class=\"yoast-schema-graph\">{\"@context\":\"https:\\\/\\\/schema.org\",\"@graph\":[{\"@type\":\"WebPage\",\"@id\":\"https:\\\/\\\/sdf.hr\\\/hr\\\/nada\\\/kulturna-misija-ocica\\\/\",\"url\":\"https:\\\/\\\/sdf.hr\\\/hr\\\/nada\\\/kulturna-misija-ocica\\\/\",\"name\":\"Kulturna misija Oci\u0107a - SDF - Srpski demokratski forum\",\"isPartOf\":{\"@id\":\"https:\\\/\\\/sdf.hr\\\/#website\"},\"primaryImageOfPage\":{\"@id\":\"https:\\\/\\\/sdf.hr\\\/hr\\\/nada\\\/kulturna-misija-ocica\\\/#primaryimage\"},\"image\":{\"@id\":\"https:\\\/\\\/sdf.hr\\\/hr\\\/nada\\\/kulturna-misija-ocica\\\/#primaryimage\"},\"thumbnailUrl\":\"https:\\\/\\\/sdf.hr\\\/wp-content\\\/uploads\\\/2025\\\/09\\\/Dejan-Ocic_Tijana-Petrovic-scaled.jpg\",\"datePublished\":\"2025-10-03T06:17:14+00:00\",\"dateModified\":\"2025-10-03T06:18:45+00:00\",\"breadcrumb\":{\"@id\":\"https:\\\/\\\/sdf.hr\\\/hr\\\/nada\\\/kulturna-misija-ocica\\\/#breadcrumb\"},\"inLanguage\":\"hr\",\"potentialAction\":[{\"@type\":\"ReadAction\",\"target\":[\"https:\\\/\\\/sdf.hr\\\/hr\\\/nada\\\/kulturna-misija-ocica\\\/\"]}]},{\"@type\":\"ImageObject\",\"inLanguage\":\"hr\",\"@id\":\"https:\\\/\\\/sdf.hr\\\/hr\\\/nada\\\/kulturna-misija-ocica\\\/#primaryimage\",\"url\":\"https:\\\/\\\/sdf.hr\\\/wp-content\\\/uploads\\\/2025\\\/09\\\/Dejan-Ocic_Tijana-Petrovic-scaled.jpg\",\"contentUrl\":\"https:\\\/\\\/sdf.hr\\\/wp-content\\\/uploads\\\/2025\\\/09\\\/Dejan-Ocic_Tijana-Petrovic-scaled.jpg\",\"width\":2297,\"height\":2560,\"caption\":\"Dejana Oci\u0107 (Foto: Tijana Petrovi\u0107)\"},{\"@type\":\"BreadcrumbList\",\"@id\":\"https:\\\/\\\/sdf.hr\\\/hr\\\/nada\\\/kulturna-misija-ocica\\\/#breadcrumb\",\"itemListElement\":[{\"@type\":\"ListItem\",\"position\":1,\"name\":\"Po\u010detna stranica\",\"item\":\"https:\\\/\\\/sdf.hr\\\/hr\\\/\"},{\"@type\":\"ListItem\",\"position\":2,\"name\":\"Nada\",\"item\":\"https:\\\/\\\/sdf.hr\\\/nada\\\/\"},{\"@type\":\"ListItem\",\"position\":3,\"name\":\"Kulturna misija Oci\u0107a\"}]},{\"@type\":\"WebSite\",\"@id\":\"https:\\\/\\\/sdf.hr\\\/#website\",\"url\":\"https:\\\/\\\/sdf.hr\\\/\",\"name\":\"SDF - Srpski demokratski forum\",\"description\":\"Srpski demokratski forum\",\"publisher\":{\"@id\":\"https:\\\/\\\/sdf.hr\\\/#organization\"},\"potentialAction\":[{\"@type\":\"SearchAction\",\"target\":{\"@type\":\"EntryPoint\",\"urlTemplate\":\"https:\\\/\\\/sdf.hr\\\/?s={search_term_string}\"},\"query-input\":{\"@type\":\"PropertyValueSpecification\",\"valueRequired\":true,\"valueName\":\"search_term_string\"}}],\"inLanguage\":\"hr\"},{\"@type\":\"Organization\",\"@id\":\"https:\\\/\\\/sdf.hr\\\/#organization\",\"name\":\"SDF - Srpski demokratski forum\",\"url\":\"https:\\\/\\\/sdf.hr\\\/\",\"logo\":{\"@type\":\"ImageObject\",\"inLanguage\":\"hr\",\"@id\":\"https:\\\/\\\/sdf.hr\\\/#\\\/schema\\\/logo\\\/image\\\/\",\"url\":\"https:\\\/\\\/sdf.hr\\\/wp-content\\\/uploads\\\/2021\\\/07\\\/logo-hr.svg\",\"contentUrl\":\"https:\\\/\\\/sdf.hr\\\/wp-content\\\/uploads\\\/2021\\\/07\\\/logo-hr.svg\",\"width\":271,\"height\":100,\"caption\":\"SDF - Srpski demokratski forum\"},\"image\":{\"@id\":\"https:\\\/\\\/sdf.hr\\\/#\\\/schema\\\/logo\\\/image\\\/\"}}]}<\/script>\n<!-- \/ Yoast SEO plugin. -->","yoast_head_json":{"title":"Kulturna misija Oci\u0107a - SDF - Srpski demokratski forum","robots":{"index":"index","follow":"follow","max-snippet":"max-snippet:-1","max-image-preview":"max-image-preview:large","max-video-preview":"max-video-preview:-1"},"canonical":"https:\/\/sdf.hr\/hr\/nada\/kulturna-misija-ocica\/","og_locale":"hr_HR","og_type":"article","og_title":"Kulturna misija Oci\u0107a - SDF - Srpski demokratski forum","og_description":"Dejana Oci\u0107 u Domu Oci\u0107a u Dalju \u010duva uspomenu na knji\u017eevno delo i \u0161iri ideje svoga oca \u0110or\u0111a Oci\u0107a. \"Dom Oci\u0107a na dobrom je putu da postane va\u017ena institucija kulture ovoga kraja\", poru\u010duje","og_url":"https:\/\/sdf.hr\/hr\/nada\/kulturna-misija-ocica\/","og_site_name":"SDF - Srpski demokratski forum","article_modified_time":"2025-10-03T06:18:45+00:00","og_image":[{"width":2297,"height":2560,"url":"https:\/\/sdf.hr\/wp-content\/uploads\/2025\/09\/Dejan-Ocic_Tijana-Petrovic-scaled.jpg","type":"image\/jpeg"}],"twitter_card":"summary_large_image","twitter_misc":{"Procijenjeno vrijeme \u010ditanja":"6 minuta"},"schema":{"@context":"https:\/\/schema.org","@graph":[{"@type":"WebPage","@id":"https:\/\/sdf.hr\/hr\/nada\/kulturna-misija-ocica\/","url":"https:\/\/sdf.hr\/hr\/nada\/kulturna-misija-ocica\/","name":"Kulturna misija Oci\u0107a - SDF - Srpski demokratski forum","isPartOf":{"@id":"https:\/\/sdf.hr\/#website"},"primaryImageOfPage":{"@id":"https:\/\/sdf.hr\/hr\/nada\/kulturna-misija-ocica\/#primaryimage"},"image":{"@id":"https:\/\/sdf.hr\/hr\/nada\/kulturna-misija-ocica\/#primaryimage"},"thumbnailUrl":"https:\/\/sdf.hr\/wp-content\/uploads\/2025\/09\/Dejan-Ocic_Tijana-Petrovic-scaled.jpg","datePublished":"2025-10-03T06:17:14+00:00","dateModified":"2025-10-03T06:18:45+00:00","breadcrumb":{"@id":"https:\/\/sdf.hr\/hr\/nada\/kulturna-misija-ocica\/#breadcrumb"},"inLanguage":"hr","potentialAction":[{"@type":"ReadAction","target":["https:\/\/sdf.hr\/hr\/nada\/kulturna-misija-ocica\/"]}]},{"@type":"ImageObject","inLanguage":"hr","@id":"https:\/\/sdf.hr\/hr\/nada\/kulturna-misija-ocica\/#primaryimage","url":"https:\/\/sdf.hr\/wp-content\/uploads\/2025\/09\/Dejan-Ocic_Tijana-Petrovic-scaled.jpg","contentUrl":"https:\/\/sdf.hr\/wp-content\/uploads\/2025\/09\/Dejan-Ocic_Tijana-Petrovic-scaled.jpg","width":2297,"height":2560,"caption":"Dejana Oci\u0107 (Foto: Tijana Petrovi\u0107)"},{"@type":"BreadcrumbList","@id":"https:\/\/sdf.hr\/hr\/nada\/kulturna-misija-ocica\/#breadcrumb","itemListElement":[{"@type":"ListItem","position":1,"name":"Po\u010detna stranica","item":"https:\/\/sdf.hr\/hr\/"},{"@type":"ListItem","position":2,"name":"Nada","item":"https:\/\/sdf.hr\/nada\/"},{"@type":"ListItem","position":3,"name":"Kulturna misija Oci\u0107a"}]},{"@type":"WebSite","@id":"https:\/\/sdf.hr\/#website","url":"https:\/\/sdf.hr\/","name":"SDF - Srpski demokratski forum","description":"Srpski demokratski forum","publisher":{"@id":"https:\/\/sdf.hr\/#organization"},"potentialAction":[{"@type":"SearchAction","target":{"@type":"EntryPoint","urlTemplate":"https:\/\/sdf.hr\/?s={search_term_string}"},"query-input":{"@type":"PropertyValueSpecification","valueRequired":true,"valueName":"search_term_string"}}],"inLanguage":"hr"},{"@type":"Organization","@id":"https:\/\/sdf.hr\/#organization","name":"SDF - Srpski demokratski forum","url":"https:\/\/sdf.hr\/","logo":{"@type":"ImageObject","inLanguage":"hr","@id":"https:\/\/sdf.hr\/#\/schema\/logo\/image\/","url":"https:\/\/sdf.hr\/wp-content\/uploads\/2021\/07\/logo-hr.svg","contentUrl":"https:\/\/sdf.hr\/wp-content\/uploads\/2021\/07\/logo-hr.svg","width":271,"height":100,"caption":"SDF - Srpski demokratski forum"},"image":{"@id":"https:\/\/sdf.hr\/#\/schema\/logo\/image\/"}}]}},"_links":{"self":[{"href":"https:\/\/sdf.hr\/hr\/wp-json\/wp\/v2\/nada\/6994","targetHints":{"allow":["GET"]}}],"collection":[{"href":"https:\/\/sdf.hr\/hr\/wp-json\/wp\/v2\/nada"}],"about":[{"href":"https:\/\/sdf.hr\/hr\/wp-json\/wp\/v2\/types\/nada"}],"wp:featuredmedia":[{"embeddable":true,"href":"https:\/\/sdf.hr\/hr\/wp-json\/wp\/v2\/media\/6991"}],"wp:attachment":[{"href":"https:\/\/sdf.hr\/hr\/wp-json\/wp\/v2\/media?parent=6994"}],"wp:term":[{"taxonomy":"post_tag","embeddable":true,"href":"https:\/\/sdf.hr\/hr\/wp-json\/wp\/v2\/tags?post=6994"},{"taxonomy":"atribut","embeddable":true,"href":"https:\/\/sdf.hr\/hr\/wp-json\/wp\/v2\/atribut?post=6994"}],"curies":[{"name":"wp","href":"https:\/\/api.w.org\/{rel}","templated":true}]}}