{"id":7009,"date":"2025-10-10T07:32:21","date_gmt":"2025-10-10T05:32:21","guid":{"rendered":"https:\/\/sdf.hr\/nada\/zasto-necemo-pokleknuti\/"},"modified":"2025-10-09T15:33:02","modified_gmt":"2025-10-09T13:33:02","slug":"zasto-necemo-pokleknuti","status":"publish","type":"nada","link":"https:\/\/sdf.hr\/hr\/nada\/zasto-necemo-pokleknuti\/","title":{"rendered":"Za\u0161to ne\u0107emo pokleknuti"},"content":{"rendered":"<p>Gotovo tri godine svake prve subote u mjesecu na trgovima hrvatskih gradova ponavlja se isti prizor: skupina mu\u0161karaca kle\u010di i moli krunicu. Pod krinkom duhovnosti zapravo zahtijevaju duhovni autoritet mu\u0161karca, \u010dednost \u017eene u odijevanju, predbra\u010dnu \u010disto\u0107u i otvorenost bra\u010dnih parova \u017eivotu, odnosno nadzor \u017eenskih tijela i kriminalizaciju poba\u010daja. Ekstremno desna mu\u0161ka molitvena zajednica koja se okuplja oko organizacija Vitezovi Bezgre\u0161nog Srca Marijina, Marijini ratnici i Mu\u017eevni budite, u tome na\u017ealost nije usamljena. U Zagrebu se ove godine deseti put odr\u017eao Hod za \u017eivot, u Rijeci peti. Upravo u Rijeci, gdje je Hod za \u017eivot dijelom bio posve\u0107en ubijenom ameri\u010dkom konzervativnom aktivistu <strong>Charlieju Kirku<\/strong> i gdje se hodalo s &#8220;Make America Great Again&#8221; kapama, odr\u017eao se nasuprot tome i Hod za slobodu koji je, prema podacima policije, okupio vi\u0161e ljudi.<\/p>\n<p>Hod za slobodu jedan je od oblika otpora koji se pru\u017ea antirodnim pokretima, no va\u017eni su postali i kontraprosvjedi svake prve subote u mjesecu koji se odr\u017eavaju u Zagrebu zahvaljuju\u0107i studentskoj inicijativi Ustani za slobodu, a u Rijeci zahvaljuju\u0107i inicijativi Dodirni mi koljena. Nezanemariv je i rad znanstvenica koje se bave istra\u017eiva\u010dkim radom, poput <strong>Maje Gergori\u0107<\/strong> koja sustavno prati i analizira antirodne pokrete.<\/p>\n<p>Kako nam govori Gergori\u0107, aktivistkinja i istra\u017eiva\u010dica zaposlena na Pravnom fakultetu u Zagrebu, u Hrvatskoj se po\u010detkom djelovanja antirodnih pokreta smatra 2006. godina kada je osnovana prva specifi\u010dno antirodna organizacija Glas roditelja za djecu (GROZD), kao odgovor na dru\u0161tvenu raspravu o uvo\u0111enju seksualnog odgoja u \u0161kole. Oni su zagovarali model apstinencije kroz program Teenstar, koji je dio globalne katoli\u010dke mre\u017ee. Zna\u010dajna prekretnica u ja\u010danju antirodnih pokreta dogodila se 2013. kada je udruga U ime obitelji <strong>\u017deljke Marki\u0107<\/strong> uspjela provesti referendumsku mobilizaciju za izmjenu Ustava u koji je unesena odredba o tome da je brak zajednica mu\u0161karca i \u017eene. Nakon toga se pokret po\u010deo masovnije koristiti akcijama kao \u0161to su &#8220;40 dana za \u017eivot&#8221; i &#8220;Hod za \u017eivot&#8221;. Idu\u0107a faza bio je ulazak konzervativne stranke Hrast u Vladu 2016., \u0161to je pokretu omogu\u0107ilo institucionalni utjecaj kroz savezni\u0161tvo s desnim strankama. Paralelno se nastavlja s prosvjedima na terenu, usmjerenima protiv reproduktivnih prava i Istanbulske konvencije.<\/p>\n<figure id=\"attachment_7003\" aria-describedby=\"caption-attachment-7003\" style=\"width: 2560px\" class=\"wp-caption alignnone\"><img loading=\"lazy\" decoding=\"async\" class=\"wp-image-7003 size-full\" src=\"https:\/\/sdf.hr\/wp-content\/uploads\/2025\/10\/Klecavci-Zagreb_Sanjin-Strukic-scaled.jpg\" alt=\"\" width=\"2560\" height=\"1692\" srcset=\"https:\/\/sdf.hr\/wp-content\/uploads\/2025\/10\/Klecavci-Zagreb_Sanjin-Strukic-scaled.jpg 2560w, https:\/\/sdf.hr\/wp-content\/uploads\/2025\/10\/Klecavci-Zagreb_Sanjin-Strukic-300x198.jpg 300w, https:\/\/sdf.hr\/wp-content\/uploads\/2025\/10\/Klecavci-Zagreb_Sanjin-Strukic-1024x677.jpg 1024w, https:\/\/sdf.hr\/wp-content\/uploads\/2025\/10\/Klecavci-Zagreb_Sanjin-Strukic-768x507.jpg 768w, https:\/\/sdf.hr\/wp-content\/uploads\/2025\/10\/Klecavci-Zagreb_Sanjin-Strukic-1536x1015.jpg 1536w, https:\/\/sdf.hr\/wp-content\/uploads\/2025\/10\/Klecavci-Zagreb_Sanjin-Strukic-2048x1353.jpg 2048w\" sizes=\"auto, (max-width: 2560px) 100vw, 2560px\" \/><figcaption id=\"caption-attachment-7003\" class=\"wp-caption-text\">Molitelji (kle\u010davci) na Trgu bana Jela\u010di\u0107a (Foto: Sanjin Struki\u0107\/ PIXSELL)<\/figcaption><\/figure>\n<p>Pitanjem o uzrocima nastanka antirodnih pokreta Maja Gergori\u0107 bavila se u doktorskom radu, a njezino je istra\u017eivanje pokazalo da su nu\u017ean uvjet za nastanak sna\u017enih antirodnih mobilizacija u postkomunisti\u010dkoj Europi mjere \u0161tednje i njihove posljedice, donesene nakon ekonomske krize 2008. godine.<\/p>\n<p>\u2013 Klju\u010dni faktori su i blizak odnos Crkve i dr\u017eave, prisutnost sna\u017enih krajnje desnih stranaka u parlamentima te u\u010destalo normativno djelovanje (prijedlozi zakona o bra\u010dnoj jednakosti). Sna\u017eni antirodni pokreti nastaju i u trenucima institucionalizirane krajnje desnice, kao i u kroz religijsku mobilizaciju. Hrvatska i Poljska primjeri su oba modela nastanka \u2013 obja\u0161njava Gergori\u0107.<\/p>\n<p>Puno je sli\u010dnosti prvih antirodnih mobilizacija s dana\u0161njima. Dominantni okvir uvijek je onaj &#8220;rodne ideologije&#8221;. Kako isti\u010de Gergori\u0107, on je dovoljno neprecizan i \u0161irok da obuhvati razli\u010dite teme (reproduktivna prava, seksualni odgoj, prava LGBT osoba, pa i pitanja demokracije), a istodobno dovoljno jednostavan i ra\u0161iren da se \u010desto uzima zdravo za gotovo, bez propitivanja, kao da je rije\u010d o op\u0107e prihva\u0107enoj \u010dinjenici u dru\u0161tvu. Ipak postoje i razlike, prve mobilizacije su \u010desto nastajale kao poku\u0161aj sprje\u010davanja dono\u0161enja zakona o bra\u010dnoj jednakosti, dok danas fokus sve vi\u0161e prelazi na demonizaciju trans osoba te ote\u017eavanje i sprje\u010davanje njihova pristupa zdravstvenoj skrbi. Iako su se nazivi i lica unutar pokreta s vremenom mijenjali, cilj antirodnih pokreta je ostao isti, a to je da kori\u0161tenjem demokratskih metoda poput prosvjeda, peticija i referenduma izmijene liberalno-demokratski okvir.<\/p>\n<p>\u2013 To u praksi zna\u010di transformaciju re\u017eima u, u najmanju ruku, neliberalnu demokraciju, u kojoj bi se zadr\u017eali proceduralni elementi poput izbora, ali bi se osporili liberalni segmenti, uklju\u010duju\u0107i politi\u010dka prava i gra\u0111anske slobode. Stvarni primjeri uklju\u010duju prijedloge poput pretvaranja prava glasa \u017eena u pravo glasa ku\u0107anstva, gdje bi mu\u0161karac glasao u ime obitelji. Sustav vrijednosti u takvom modelu bio bi utemeljen na religijskom nauku, dok bi se ekonomski poredak transformirao u klijentelisti\u010dki dr\u017eavni kapitalizam i skrbni\u010dku dr\u017eavu, kao \u0161to je situacija s ekonomskim sustavom u Ma\u0111arskoj \u2013 govori Gergori\u0107.<\/p>\n<p>Dok se raste\u017eu granice liberalne demokracije, a dolazi i do postupne normalizacije nedemokratskih vrijednosti i njihova prihva\u0107anja kao legitimnog dijela politi\u010dkog diskursa, postavlja se pitanje efikasnih oblika otpora. Ovisno o nacionalnom kontekstu, kako nam govori Gergori\u0107, u\u010dinkovite su pravne i institucionalne aktivnosti koje nastoje utjecati na zakonodavstvo i institucije kako bi se postigla dugoro\u010dna dru\u0161tvena promjena, ali su va\u017ene i svakodnevne prakse otpora, poput otvorenog dijeljenja vlastitih stavova i mi\u0161ljenja koje se \u010desto iz straha i nelagode pre\u0161u\u0107uje. Javno, jasno i glasno, stajanjem nasuprot moliteljima, svoje mi\u0161ljenje svakog mjeseca iskazuju inicijative Ustani za slobodu i Dodirni mi koljena. Kako su nam rekli iz rije\u010dke inicijative, iznenadilo ih je \u0161to je Grad Rijeka uop\u0107e odobrio odr\u017eavanje ekstremno desnih politi\u010dkih skupova na javnim povr\u0161inama. No aktivistkinje su se odmah organizirale jer znaju koliki je utjecaj ovaj pokret imao u Poljskoj.<\/p>\n<figure id=\"attachment_7005\" aria-describedby=\"caption-attachment-7005\" style=\"width: 2560px\" class=\"wp-caption alignnone\"><img loading=\"lazy\" decoding=\"async\" class=\"wp-image-7005 size-full\" src=\"https:\/\/sdf.hr\/wp-content\/uploads\/2025\/10\/Gergovic_Jordi-Ilic-scaled.jpg\" alt=\"\" width=\"2560\" height=\"1707\" srcset=\"https:\/\/sdf.hr\/wp-content\/uploads\/2025\/10\/Gergovic_Jordi-Ilic-scaled.jpg 2560w, https:\/\/sdf.hr\/wp-content\/uploads\/2025\/10\/Gergovic_Jordi-Ilic-300x200.jpg 300w, https:\/\/sdf.hr\/wp-content\/uploads\/2025\/10\/Gergovic_Jordi-Ilic-1024x683.jpg 1024w, https:\/\/sdf.hr\/wp-content\/uploads\/2025\/10\/Gergovic_Jordi-Ilic-768x512.jpg 768w, https:\/\/sdf.hr\/wp-content\/uploads\/2025\/10\/Gergovic_Jordi-Ilic-1536x1024.jpg 1536w, https:\/\/sdf.hr\/wp-content\/uploads\/2025\/10\/Gergovic_Jordi-Ilic-2048x1365.jpg 2048w\" sizes=\"auto, (max-width: 2560px) 100vw, 2560px\" \/><figcaption id=\"caption-attachment-7005\" class=\"wp-caption-text\">Maja Gergori\u0107 (Foto: Jordi Ili\u0107)<\/figcaption><\/figure>\n<p>\u2013 Zauzimanje istog prostora u isto vrijeme za nas zna\u010di otpor desni\u010darenju. U ovoj smo situaciji jer je previ\u0161e ljudi previ\u0161e puta reklo &#8220;ma pusti, nije to ni\u0161ta&#8221;, &#8220;nema \u0161anse da im to pro\u0111e&#8221; i sli\u010dno. I onda svi pu\u0161tamo, svi \u0161utimo, a njima se prsa pune ratni\u0161tvom i pri\u010dama o vitezovima dok jednog dana ne postane ozbiljno. Tolerancija prema netolerantnim ljudima i postupcima nema smisla jer vodi samouni\u0161tenju. Netoleranciji se treba pru\u017eit otpor \u2013 poru\u010duju iz Dodirni mi koljena.<\/p>\n<p>Neke subote im padnu naro\u010dito te\u0161ko jer se neposredno prije vikenda dogodi femicid, pa, kako ka\u017eu, stoje nasuprot ljudima kojima je &#8220;ona kriva za sve&#8221;. Ponekad se jedva natjeraju do\u0107i jer bi cijelo vrijeme od nakupljenih emocija plakale ili vri\u0161tale. No ponekad naprave atmosferu u kojoj im je, usprkos sve ve\u0107em broju tzv. kle\u010davaca, to jutro na trgu \u010dak i zabavno. \u010cesto biraju teme za prosvjed, poput spavanja kada je transparent glasio &#8220;Mu\u017eevni za\u0161to me budite&#8221;. Kad su tema bili pu\u017eevi, imale su transparent &#8220;Pu\u017eevni budite&#8221;. Uvijek su u pratnji bubnjarki zahvaljuju\u0107i kojima, kako ka\u017eu, niti ne \u010duju molitvu kle\u010de\u0107ih mu\u0161karaca. Iako ovo rade iz mjeseca u mjesec ve\u0107 dvije godine i ka\u017eu kako hrvatsko dru\u0161tvo jeste tradicionalno i patrijarhalno, nagla\u0161avaju kako to ne zna\u010di da je nepromjenjivo.<\/p>\n<p>\u2013 Neke stvari je mogu\u0107e mijenjati i tu su velik posao odradile civilne udruge s konstantnim pritiscima na zakonodavstvo, edukacijama provoditelja zakona i javnim kampanjama. No dr\u017eava je nu\u017eno zlo jer je danas lijevo, sutra desno, danas pod utjecajem Europe, sutra pod utjecajem Amerike\u2026 Zabrana abortusa, prema vjerskoj ili tradicionalnoj dogmi, nikada ne\u0107e zna\u010diti prestanak abortusa. Abortusa \u0107e uvijek biti na ovaj ili na onaj na\u010din i dr\u017eava to zna. Pitanje je samo kojoj klasi \u0107e on biti dostupan \u2013 zaklju\u010duju iz rije\u010dke inicijative.<\/p>\n<p>Zagreba\u010dka studentska inicijativa Ustani za slobodu organizirana je kako bi pokazala da je mladima stalo, da nisu pasivni i da \u0107e se boriti za ono u \u0161to vjeruju, a to je slobodna dr\u017eava za sve koji u njoj \u017eive. Nije ih iznenadilo kada se pokret molitelja pojavio, govori nam studentica <strong>Nika Haverle<\/strong>, ali ipak nisu o\u010dekivali da \u0107e ovoliko dugo trajati.<\/p>\n<p>\u2013 Svi smo mislili da \u0107e biti do izbora, onda su ti izbori pro\u0161li, do\u0161li su drugi, nije prestalo ni nakon njih, a \u010dini se da ni ne\u0107e nikad uskoro. \u010cinjenicu da svoje skupove odr\u017eavaju na trgovima, a ne u crkvama tuma\u010dim vrlo jednostavno, oni se ne okupljaju zbog molitve. Ti skupovi nisu vjerski, ve\u0107 politi\u010dki \u010din, a za ostvarivanje politi\u010dkih ciljeva potrebna je pozornost javnosti koju ne mo\u017eete dobiti u crkvi \u2013 govori Haverle.<\/p>\n<figure id=\"attachment_7007\" aria-describedby=\"caption-attachment-7007\" style=\"width: 2560px\" class=\"wp-caption alignnone\"><img loading=\"lazy\" decoding=\"async\" class=\"wp-image-7007 size-full\" src=\"https:\/\/sdf.hr\/wp-content\/uploads\/2025\/10\/Hod-za-slobodu-u-Rijeci_Goran-Kovacic-scaled.jpg\" alt=\"\" width=\"2560\" height=\"1707\" srcset=\"https:\/\/sdf.hr\/wp-content\/uploads\/2025\/10\/Hod-za-slobodu-u-Rijeci_Goran-Kovacic-scaled.jpg 2560w, https:\/\/sdf.hr\/wp-content\/uploads\/2025\/10\/Hod-za-slobodu-u-Rijeci_Goran-Kovacic-300x200.jpg 300w, https:\/\/sdf.hr\/wp-content\/uploads\/2025\/10\/Hod-za-slobodu-u-Rijeci_Goran-Kovacic-1024x683.jpg 1024w, https:\/\/sdf.hr\/wp-content\/uploads\/2025\/10\/Hod-za-slobodu-u-Rijeci_Goran-Kovacic-768x512.jpg 768w, https:\/\/sdf.hr\/wp-content\/uploads\/2025\/10\/Hod-za-slobodu-u-Rijeci_Goran-Kovacic-1536x1024.jpg 1536w, https:\/\/sdf.hr\/wp-content\/uploads\/2025\/10\/Hod-za-slobodu-u-Rijeci_Goran-Kovacic-2048x1366.jpg 2048w\" sizes=\"auto, (max-width: 2560px) 100vw, 2560px\" \/><figcaption id=\"caption-attachment-7007\" class=\"wp-caption-text\">Hod za slobodu u Rijeci 2023. (Foto: Goran Kova\u010di\u0107\/PIXSELL)<\/figcaption><\/figure>\n<p>\u010cesto na skupovima dobivaju razne komentare, primjerice, da \u017eene u Hrvatskoj imaju sva prava i jednake prilike, no kako Haverle isti\u010de, svakodnevno vide da to nije istina.<\/p>\n<p>\u2013 Femicida je sve vi\u0161e, na\u010din na koji se izvje\u0161tava o njima je pora\u017eavaju\u0107i, dr\u017eava ne radi gotovo ni\u0161ta kako bi sprije\u010dila ubojstva \u017eena, konstantno \u010ditamo o slu\u010dajevima gdje silovatelji i zlostavlja\u010di ne dobiju gotovo nikakvu kaznu jer su branitelji, politi\u010dari i sli\u010dno, poba\u010daj je legalan, ali gotovo nedostupan, na visokim pozicijama zna\u010dajno je vi\u0161e mu\u0161karaca, iako imamo vi\u0161e visoko obrazovanih \u017eena&#8230; Dr\u017eavu za to, \u010dini se, nije briga jer imaju mo\u0107 promijeniti sve navedeno, a situacija je sve gora i gora. Ovo su samo najdrasti\u010dniji slu\u010dajevi. U svakodnevnom \u017eivotu \u017eene se druga\u010dije tretira, rodne uloge su jo\u0161 vrlo prisutne, seksizam na svakom koraku \u2013 pri\u010da nam Haverle te dodaje kako i nju, primjerice, policija, druk\u010dije tretira kada je sama i kada je s kolegom <strong>Vigom Sakomanom<\/strong> koji koordinira kontraprosvjed u Zagrebu.<\/p>\n<p>Opisuju\u0107i iskustvo prosvjedovanja nasuprot moliteljima, Haverle isti\u010de kako je vrlo iscrpljuju\u0107e, porazno i te\u0161ko stajati nasuprot ljudi koji \u017eenama \u017eele oduzeti prava. Ustraju svjesne da mi\u0161ljenja mu\u0161karaca i \u017eena koji tamo kle\u010de ne\u0107e promijeniti, ali kako bi pokazali, prvenstveno javnosti, dakako i moliteljima, da postoji otpor, da postoje ljudi koji su spremni boriti se za svoja prava i koji ne\u0107e dopustiti da se \u017eene i manjine pretvori u gra\u0111anke i gra\u0111ane drugog reda. Pravo na izbor mora postojati i svatko treba imati priliku odlu\u010divati o vlastitom \u017eivotu, nagla\u0161ava Haverle.<\/p>\n<p>\u2013 Patrijarhalno dru\u0161tvo nije pravedno, mi smo sekularna dr\u017eava, demokratska republika i ne mo\u017eemo dopustiti da pojedinci odlu\u010duju o tome koja \u0107e nam prava oduzeti, a koja \u0107e nam velikodu\u0161no ostaviti. Rje\u0161enje je otpor, ali ne ovakav. Nas dvadesetak nije dovoljno, koliko god uporni bili. Mi u Hrvatskoj, pogotovo u Zagrebu, imamo stvarno puno \u017eenskih organizacija i udruga, za\u0161to nitko od njih ne reagira? Mi prosvjed ve\u0107 organiziramo, trebaju samo do\u0107i. Razjedinjeni smo, ne da nam se, ne vidimo svrhu u prosvjedovanju, prerano je, predugo traje, pada ki\u0161a, prevru\u0107e je&#8230; previ\u0161e je izgovora. Moramo se mobilizirati i podsjetiti ljude da mi nikome ne \u017eelimo oduzeti prava \u2013 zaklju\u010duje Haverle.<\/p>\n<p><em>pi\u0161e Katarina Bo\u0161njak<\/em><\/p>\n","protected":false},"excerpt":{"rendered":"<p>Studentska inicijativa Ustani za slobodu suprotstavlja se kle\u010davcima u Zagrebu, a inicijativa Dodirni mi koljena to \u010dini u Rijeci. &#8220;Zauzimanje istog prostora u isto vrijeme za nas zna\u010di otpor desni\u010darenju. Netoleranciji treba pru\u017eiti otpor&#8221;, poru\u010duju i pozivaju druge da im se pridru\u017ee<\/p>\n","protected":false},"featured_media":7002,"template":"","tags":[130],"atribut":[],"class_list":["post-7009","nada","type-nada","status-publish","has-post-thumbnail","hentry","tag-tema"],"acf":[],"yoast_head":"<!-- This site is optimized with the Yoast SEO plugin v27.4 - https:\/\/yoast.com\/product\/yoast-seo-wordpress\/ -->\n<title>Za\u0161to ne\u0107emo pokleknuti - SDF - Srpski demokratski forum<\/title>\n<meta name=\"robots\" content=\"index, follow, max-snippet:-1, max-image-preview:large, max-video-preview:-1\" \/>\n<link rel=\"canonical\" href=\"https:\/\/sdf.hr\/nada\/zasto-necemo-pokleknuti\/\" \/>\n<meta property=\"og:locale\" content=\"hr_HR\" \/>\n<meta property=\"og:type\" content=\"article\" \/>\n<meta property=\"og:title\" content=\"Za\u0161to ne\u0107emo pokleknuti - SDF - Srpski demokratski forum\" \/>\n<meta property=\"og:description\" content=\"Studentska inicijativa Ustani za slobodu suprotstavlja se kle\u010davcima u Zagrebu, a inicijativa Dodirni mi koljena to \u010dini u Rijeci. &quot;Zauzimanje istog prostora u isto vrijeme za nas zna\u010di otpor desni\u010darenju. Netoleranciji treba pru\u017eiti otpor&quot;, poru\u010duju i pozivaju druge da im se pridru\u017ee\" \/>\n<meta property=\"og:url\" content=\"https:\/\/sdf.hr\/nada\/zasto-necemo-pokleknuti\/\" \/>\n<meta property=\"og:site_name\" content=\"SDF - Srpski demokratski forum\" \/>\n<meta property=\"og:image\" content=\"https:\/\/sdf.hr\/wp-content\/uploads\/2025\/10\/Kontraprosvjed-Zagreb_-Sanjin-Strukic-scaled.jpg\" \/>\n\t<meta property=\"og:image:width\" content=\"2560\" \/>\n\t<meta property=\"og:image:height\" content=\"1707\" \/>\n\t<meta property=\"og:image:type\" content=\"image\/jpeg\" \/>\n<meta name=\"twitter:card\" content=\"summary_large_image\" \/>\n<meta name=\"twitter:label1\" content=\"Procijenjeno vrijeme \u010ditanja\" \/>\n\t<meta name=\"twitter:data1\" content=\"9 minuta\" \/>\n<script type=\"application\/ld+json\" class=\"yoast-schema-graph\">{\"@context\":\"https:\\\/\\\/schema.org\",\"@graph\":[{\"@type\":\"WebPage\",\"@id\":\"https:\\\/\\\/sdf.hr\\\/nada\\\/zasto-necemo-pokleknuti\\\/\",\"url\":\"https:\\\/\\\/sdf.hr\\\/nada\\\/zasto-necemo-pokleknuti\\\/\",\"name\":\"Za\u0161to ne\u0107emo pokleknuti - SDF - Srpski demokratski forum\",\"isPartOf\":{\"@id\":\"https:\\\/\\\/sdf.hr\\\/#website\"},\"primaryImageOfPage\":{\"@id\":\"https:\\\/\\\/sdf.hr\\\/nada\\\/zasto-necemo-pokleknuti\\\/#primaryimage\"},\"image\":{\"@id\":\"https:\\\/\\\/sdf.hr\\\/nada\\\/zasto-necemo-pokleknuti\\\/#primaryimage\"},\"thumbnailUrl\":\"https:\\\/\\\/sdf.hr\\\/wp-content\\\/uploads\\\/2025\\\/10\\\/Kontraprosvjed-Zagreb_-Sanjin-Strukic-scaled.jpg\",\"datePublished\":\"2025-10-10T05:32:21+00:00\",\"breadcrumb\":{\"@id\":\"https:\\\/\\\/sdf.hr\\\/nada\\\/zasto-necemo-pokleknuti\\\/#breadcrumb\"},\"inLanguage\":\"hr\",\"potentialAction\":[{\"@type\":\"ReadAction\",\"target\":[\"https:\\\/\\\/sdf.hr\\\/nada\\\/zasto-necemo-pokleknuti\\\/\"]}]},{\"@type\":\"ImageObject\",\"inLanguage\":\"hr\",\"@id\":\"https:\\\/\\\/sdf.hr\\\/nada\\\/zasto-necemo-pokleknuti\\\/#primaryimage\",\"url\":\"https:\\\/\\\/sdf.hr\\\/wp-content\\\/uploads\\\/2025\\\/10\\\/Kontraprosvjed-Zagreb_-Sanjin-Strukic-scaled.jpg\",\"contentUrl\":\"https:\\\/\\\/sdf.hr\\\/wp-content\\\/uploads\\\/2025\\\/10\\\/Kontraprosvjed-Zagreb_-Sanjin-Strukic-scaled.jpg\",\"width\":2560,\"height\":1707,\"caption\":\"Prosvjed protiv \\\"kle\u010davaca\\\" u Zagrebu (Foto: Sanjin Struki\u0107\\\/PIXSELL)\"},{\"@type\":\"BreadcrumbList\",\"@id\":\"https:\\\/\\\/sdf.hr\\\/nada\\\/zasto-necemo-pokleknuti\\\/#breadcrumb\",\"itemListElement\":[{\"@type\":\"ListItem\",\"position\":1,\"name\":\"Po\u010detna stranica\",\"item\":\"https:\\\/\\\/sdf.hr\\\/hr\\\/\"},{\"@type\":\"ListItem\",\"position\":2,\"name\":\"Nada\",\"item\":\"https:\\\/\\\/sdf.hr\\\/nada\\\/\"},{\"@type\":\"ListItem\",\"position\":3,\"name\":\"Za\u0161to ne\u0107emo pokleknuti\"}]},{\"@type\":\"WebSite\",\"@id\":\"https:\\\/\\\/sdf.hr\\\/#website\",\"url\":\"https:\\\/\\\/sdf.hr\\\/\",\"name\":\"SDF - Srpski demokratski forum\",\"description\":\"Srpski demokratski forum\",\"publisher\":{\"@id\":\"https:\\\/\\\/sdf.hr\\\/#organization\"},\"potentialAction\":[{\"@type\":\"SearchAction\",\"target\":{\"@type\":\"EntryPoint\",\"urlTemplate\":\"https:\\\/\\\/sdf.hr\\\/?s={search_term_string}\"},\"query-input\":{\"@type\":\"PropertyValueSpecification\",\"valueRequired\":true,\"valueName\":\"search_term_string\"}}],\"inLanguage\":\"hr\"},{\"@type\":\"Organization\",\"@id\":\"https:\\\/\\\/sdf.hr\\\/#organization\",\"name\":\"SDF - Srpski demokratski forum\",\"url\":\"https:\\\/\\\/sdf.hr\\\/\",\"logo\":{\"@type\":\"ImageObject\",\"inLanguage\":\"hr\",\"@id\":\"https:\\\/\\\/sdf.hr\\\/#\\\/schema\\\/logo\\\/image\\\/\",\"url\":\"https:\\\/\\\/sdf.hr\\\/wp-content\\\/uploads\\\/2021\\\/07\\\/logo-hr.svg\",\"contentUrl\":\"https:\\\/\\\/sdf.hr\\\/wp-content\\\/uploads\\\/2021\\\/07\\\/logo-hr.svg\",\"width\":271,\"height\":100,\"caption\":\"SDF - Srpski demokratski forum\"},\"image\":{\"@id\":\"https:\\\/\\\/sdf.hr\\\/#\\\/schema\\\/logo\\\/image\\\/\"}}]}<\/script>\n<!-- \/ Yoast SEO plugin. -->","yoast_head_json":{"title":"Za\u0161to ne\u0107emo pokleknuti - SDF - Srpski demokratski forum","robots":{"index":"index","follow":"follow","max-snippet":"max-snippet:-1","max-image-preview":"max-image-preview:large","max-video-preview":"max-video-preview:-1"},"canonical":"https:\/\/sdf.hr\/nada\/zasto-necemo-pokleknuti\/","og_locale":"hr_HR","og_type":"article","og_title":"Za\u0161to ne\u0107emo pokleknuti - SDF - Srpski demokratski forum","og_description":"Studentska inicijativa Ustani za slobodu suprotstavlja se kle\u010davcima u Zagrebu, a inicijativa Dodirni mi koljena to \u010dini u Rijeci. \"Zauzimanje istog prostora u isto vrijeme za nas zna\u010di otpor desni\u010darenju. Netoleranciji treba pru\u017eiti otpor\", poru\u010duju i pozivaju druge da im se pridru\u017ee","og_url":"https:\/\/sdf.hr\/nada\/zasto-necemo-pokleknuti\/","og_site_name":"SDF - Srpski demokratski forum","og_image":[{"width":2560,"height":1707,"url":"https:\/\/sdf.hr\/wp-content\/uploads\/2025\/10\/Kontraprosvjed-Zagreb_-Sanjin-Strukic-scaled.jpg","type":"image\/jpeg"}],"twitter_card":"summary_large_image","twitter_misc":{"Procijenjeno vrijeme \u010ditanja":"9 minuta"},"schema":{"@context":"https:\/\/schema.org","@graph":[{"@type":"WebPage","@id":"https:\/\/sdf.hr\/nada\/zasto-necemo-pokleknuti\/","url":"https:\/\/sdf.hr\/nada\/zasto-necemo-pokleknuti\/","name":"Za\u0161to ne\u0107emo pokleknuti - SDF - Srpski demokratski forum","isPartOf":{"@id":"https:\/\/sdf.hr\/#website"},"primaryImageOfPage":{"@id":"https:\/\/sdf.hr\/nada\/zasto-necemo-pokleknuti\/#primaryimage"},"image":{"@id":"https:\/\/sdf.hr\/nada\/zasto-necemo-pokleknuti\/#primaryimage"},"thumbnailUrl":"https:\/\/sdf.hr\/wp-content\/uploads\/2025\/10\/Kontraprosvjed-Zagreb_-Sanjin-Strukic-scaled.jpg","datePublished":"2025-10-10T05:32:21+00:00","breadcrumb":{"@id":"https:\/\/sdf.hr\/nada\/zasto-necemo-pokleknuti\/#breadcrumb"},"inLanguage":"hr","potentialAction":[{"@type":"ReadAction","target":["https:\/\/sdf.hr\/nada\/zasto-necemo-pokleknuti\/"]}]},{"@type":"ImageObject","inLanguage":"hr","@id":"https:\/\/sdf.hr\/nada\/zasto-necemo-pokleknuti\/#primaryimage","url":"https:\/\/sdf.hr\/wp-content\/uploads\/2025\/10\/Kontraprosvjed-Zagreb_-Sanjin-Strukic-scaled.jpg","contentUrl":"https:\/\/sdf.hr\/wp-content\/uploads\/2025\/10\/Kontraprosvjed-Zagreb_-Sanjin-Strukic-scaled.jpg","width":2560,"height":1707,"caption":"Prosvjed protiv \"kle\u010davaca\" u Zagrebu (Foto: Sanjin Struki\u0107\/PIXSELL)"},{"@type":"BreadcrumbList","@id":"https:\/\/sdf.hr\/nada\/zasto-necemo-pokleknuti\/#breadcrumb","itemListElement":[{"@type":"ListItem","position":1,"name":"Po\u010detna stranica","item":"https:\/\/sdf.hr\/hr\/"},{"@type":"ListItem","position":2,"name":"Nada","item":"https:\/\/sdf.hr\/nada\/"},{"@type":"ListItem","position":3,"name":"Za\u0161to ne\u0107emo pokleknuti"}]},{"@type":"WebSite","@id":"https:\/\/sdf.hr\/#website","url":"https:\/\/sdf.hr\/","name":"SDF - Srpski demokratski forum","description":"Srpski demokratski forum","publisher":{"@id":"https:\/\/sdf.hr\/#organization"},"potentialAction":[{"@type":"SearchAction","target":{"@type":"EntryPoint","urlTemplate":"https:\/\/sdf.hr\/?s={search_term_string}"},"query-input":{"@type":"PropertyValueSpecification","valueRequired":true,"valueName":"search_term_string"}}],"inLanguage":"hr"},{"@type":"Organization","@id":"https:\/\/sdf.hr\/#organization","name":"SDF - Srpski demokratski forum","url":"https:\/\/sdf.hr\/","logo":{"@type":"ImageObject","inLanguage":"hr","@id":"https:\/\/sdf.hr\/#\/schema\/logo\/image\/","url":"https:\/\/sdf.hr\/wp-content\/uploads\/2021\/07\/logo-hr.svg","contentUrl":"https:\/\/sdf.hr\/wp-content\/uploads\/2021\/07\/logo-hr.svg","width":271,"height":100,"caption":"SDF - Srpski demokratski forum"},"image":{"@id":"https:\/\/sdf.hr\/#\/schema\/logo\/image\/"}}]}},"_links":{"self":[{"href":"https:\/\/sdf.hr\/hr\/wp-json\/wp\/v2\/nada\/7009","targetHints":{"allow":["GET"]}}],"collection":[{"href":"https:\/\/sdf.hr\/hr\/wp-json\/wp\/v2\/nada"}],"about":[{"href":"https:\/\/sdf.hr\/hr\/wp-json\/wp\/v2\/types\/nada"}],"wp:featuredmedia":[{"embeddable":true,"href":"https:\/\/sdf.hr\/hr\/wp-json\/wp\/v2\/media\/7002"}],"wp:attachment":[{"href":"https:\/\/sdf.hr\/hr\/wp-json\/wp\/v2\/media?parent=7009"}],"wp:term":[{"taxonomy":"post_tag","embeddable":true,"href":"https:\/\/sdf.hr\/hr\/wp-json\/wp\/v2\/tags?post=7009"},{"taxonomy":"atribut","embeddable":true,"href":"https:\/\/sdf.hr\/hr\/wp-json\/wp\/v2\/atribut?post=7009"}],"curies":[{"name":"wp","href":"https:\/\/api.w.org\/{rel}","templated":true}]}}