{"id":7023,"date":"2025-10-12T08:45:19","date_gmt":"2025-10-12T06:45:19","guid":{"rendered":"https:\/\/sdf.hr\/nada\/suncica-ana-veldic-kirurgija-i-dokumentarci-imaju-donekle-slicnu-dramaturgiju\/"},"modified":"2025-10-11T10:46:36","modified_gmt":"2025-10-11T08:46:36","slug":"suncica-ana-veldic-kirurgija-i-dokumentarci-imaju-donekle-slicnu-dramaturgiju","status":"publish","type":"nada","link":"https:\/\/sdf.hr\/hr\/nada\/suncica-ana-veldic-kirurgija-i-dokumentarci-imaju-donekle-slicnu-dramaturgiju\/","title":{"rendered":"Sun\u010dica Ana Veldi\u0107: Kirurgija i dokumentarci imaju donekle sli\u010dnu dramaturgiju"},"content":{"rendered":"<p><strong>Sun\u010dica Ana Veldi\u0107<\/strong> je veterinarka, scenaristica, redateljica i monta\u017eerka. Uz diplomu na zagreba\u010dkom Veterinarskom fakultetu, stekla je i diplomu re\u017eije dokumentarnoga filma na Akademiji dramske umjetnosti. Njezina je kamera tokom godina bila okrenuta bolesti i smrti u meditaciji na spone ljudi i \u017eivotinja (&#8220;Hux Flux, Smokvin sin&#8221;, 2014.), sagledavanju odnosa izme\u0111u filma i pri\u010de (&#8220;Precijenjena dramaturgija&#8221;, 2017.), krajoliku odlagali\u0161ta otpada na Jaku\u0161evcu (&#8220;White Trash&#8221;, 2017.) ili kadrovima \u017eivota zahva\u0107enim na oto\u010dkim obalama i kaldrmama (&#8220;Osoba&#8221;, 2020., &#8220;Catstream&#8221;, 2020.). S fotoaparatom ju je upoznao otac, a kamere se ozbiljno prihvatila u obli\u017enjem kino-klubu. Kroz filmski rad je posebno dokumentirala brigu za oto\u010dke ma\u010dke, posvetiv\u0161i se temi kastracije kao specijalizantica kirurgije malih \u017eivotinja, \u010demu je posve\u0107en i njezin najrecentniji film &#8220;O ma\u010dkama i ljudima&#8221; (2025.), nagra\u0111en posebnom nagradom \u017eirija na ljetos odr\u017eanom Liburnia Film Festivalu.<\/p>\n<p>Sun\u010dica nas je ugostila u stanu u kojem je provela ve\u0107i dio odrastanja. Trenutno ga renovira, nastoje\u0107i u prostoru zadr\u017eati tragove minule svakodnevice, ali i reinterpretirati ga arhitektonskim i redateljskim zahvatima. Od drvenoga konji\u0107a za ljuljanje do velikoga klavira koji se\u017ee u jesensku \u0161umu na zidnoj tapeti iz sedamdesetih, Sun\u010dica promi\u0161lja da kamerom zahvati bremenitost scenografije koja izmi\u010de.<\/p>\n<p><strong>Kada vam je i za\u0161to veterina prestala biti &#8220;dovoljna&#8221;? \u0160to je kamera mogla donijeti i \u0161to je donijela, a da veterinarska skrb nije?<\/strong><\/p>\n<p>Sje\u0107am se terenskih vje\u017ebi za vrijeme studiranja veterine. Dok su neki imali ruku do ramena u kravi, ja sam sve to fotografirala. Imala sam i ja ruku u kravi, ali uvijek sam htjela samo jo\u0161 ne\u0161to, evo, samo da i to zabilje\u017eim da svijet vidi. Mnoge moje profesore je to i nerviralo, a i meni je stvaralo neki nelagodan osje\u0107aj podijeljenosti. Nisam ni tamo ni ovamo. Nastavila sam bilje\u017eiti dokumentarne situacije kojima sam kao veterinarka svjedo\u010dila. Moj prvi dokumentarni film &#8220;Hux Flux, Smokvin sin&#8221; tematizirao je odnose me\u0111u ljudima i \u017eivotinjama u situaciji kada njihov voljeni ku\u0107ni pas Hux nasmrt oboli.<\/p>\n<p>Nastavila sam samo snimati jedan film za drugim. Moji prijatelji filma\u0161i, <strong>Martin Semen\u010di\u0107<\/strong>, <strong>Tin \u017dani\u0107<\/strong>, <strong>Jana Ple\u0107a\u0161<\/strong> i <strong>Jan Klemsche<\/strong>, davali su mi vjetar u le\u0111a. Skratila sam radno vrijeme u ambulanti na pola i po\u010dela se intenzivnije baviti filmom, upisala sam dokumentarnu re\u017eiju, dobila na natje\u010daju HAVC-a, nakon toga sam brzo dala i otkaz. Moj tada\u0161nji \u0161ef <strong>Petrovi\u0107<\/strong> je rekao: &#8220;Ja sam znal da bu se to kad tad dogodilo.&#8221; I bio je u pravu. No iskustvo i vje\u0161tina koje sam stekla, ta kirurgija koja \u010dini razliku prije ili poslije kroz rad ruku i koncentraciju, to je bio taj motor koji je jo\u0161 radio, bio operativan i ispravan i nisam ga mogla samo tako pustiti. Do\u0161la je korona i onda sam povremeno radila u Dubrovniku u ambulanti i otisnula se u podr\u0161ku ma\u010dkama na otocima.<\/p>\n<figure id=\"attachment_7013\" aria-describedby=\"caption-attachment-7013\" style=\"width: 2560px\" class=\"wp-caption alignnone\"><img loading=\"lazy\" decoding=\"async\" class=\"wp-image-7013 size-full\" src=\"https:\/\/sdf.hr\/wp-content\/uploads\/2025\/10\/Veldic2_Sandro-Lendler-scaled.jpg\" alt=\"\" width=\"2560\" height=\"1707\" srcset=\"https:\/\/sdf.hr\/wp-content\/uploads\/2025\/10\/Veldic2_Sandro-Lendler-scaled.jpg 2560w, https:\/\/sdf.hr\/wp-content\/uploads\/2025\/10\/Veldic2_Sandro-Lendler-300x200.jpg 300w, https:\/\/sdf.hr\/wp-content\/uploads\/2025\/10\/Veldic2_Sandro-Lendler-1024x683.jpg 1024w, https:\/\/sdf.hr\/wp-content\/uploads\/2025\/10\/Veldic2_Sandro-Lendler-768x512.jpg 768w, https:\/\/sdf.hr\/wp-content\/uploads\/2025\/10\/Veldic2_Sandro-Lendler-1536x1024.jpg 1536w, https:\/\/sdf.hr\/wp-content\/uploads\/2025\/10\/Veldic2_Sandro-Lendler-2048x1365.jpg 2048w\" sizes=\"auto, (max-width: 2560px) 100vw, 2560px\" \/><figcaption id=\"caption-attachment-7013\" class=\"wp-caption-text\">Sun\u010dica Ana Veldi\u0107 (Foto: Sandro Lendler)<\/figcaption><\/figure>\n<p><strong>&#8220;O ma\u010dkama i ljudima&#8221; rastvara teme reproduktivne pravde i tjelesne autonomije preko granica ma\u010djih i ljudskih tijela. \u0160to zna\u010de reproduktivna pravda i tjelesna autonomija kada su u pitanju \u017eivotinje? Kako su se i koje eti\u010dke i politi\u010dke dileme vezane uz odnos ljudi prema \u017eivotinjskim tijelima rasplitale tokom godina kroz objektiv va\u0161e kamere?<\/strong><\/p>\n<p>Prvo sam po\u010dela razmi\u0161ljati da ne mora svaka ma\u010dka koja mi do\u0111e pod ruke biti operirana samo zato \u0161to se to tako radi. Je li to stvarno najbolja odluka za svaku ma\u010dku koja, uostalom, o tome ne mo\u017ee odlu\u010diti? Je li to nasilje nad tijelom, koliko god tehnika bila dobra, a primijenjena skrb nakon operacije detaljna i sveobuhvatna da prema\u0161uje onu koja se ponekad ni kod ljudi ne uspije organizirati? \u0160to sam se vi\u0161e uplitala u terenski dio rada oko pomo\u0107i uli\u010dnim ma\u010dkama, koji ina\u010de obavljaju volonteri koji nisu veterinarske struke, to sam vi\u0161e shva\u0107ala da i jedna ma\u010dka u koloniji koju nismo uhvatili postaje problem. Ma\u010dke ne planiraju sku\u0107iti svoje potomstvo, one ne razmi\u0161ljaju ho\u0107e li okotiti jednom u dvije godine ili dva puta godi\u0161nje, imaju li dovoljno hrane i dobar imunitet, za\u0161to je problem ako se okote ispod parkiranog automobila. Te\u017ei se tome da vi\u0161e ne bude ni\u010dijih ma\u010daka \u2013 onih o kojima nitko ne brine. Jednom kada osvijesti\u0161 koliko ih ima i odakle sve dolaze, jednostavno ih \u017eeli\u0161 sve spasiti. Pa i po cijenu hormonskoga saka\u0107enja, jer ne \u017eeli\u0161 gledati patnju majke ma\u010dke s leglom ma\u010di\u0107a, u kojem svi do jednog imaju herpes virusnu infekciju zbog koje im se inficiraju o\u010dne jabu\u010dice tako da dijelovi oka prominiraju iz o\u010dnih duplji poput krvavih i zagnojenih kugli.<\/p>\n<p><strong>U filmu &#8220;Catamine&#8221; prikazujete postupak kastracije ma\u010daka. Za\u0161to je bitno prikazati kastraciju i \u0161to se doga\u0111a kada se poka\u017ee na ekranu?<\/strong><\/p>\n<p>Kada sam radila film &#8220;Catamine&#8221;, koji faktografski prikazuje proces kastracije ma\u010daka, htjela sam razbiti predod\u017ebu onoga \u0161to se smatra rutinskim, komentar o tome da smo &#8220;ma\u010dku capnuli&#8221;, koji ve\u017ee ma\u0161nu na operacijsko polje tijela, te istaknuti da se radi o pravoj kirur\u0161koj operaciji, sa svim rizicima anestezije i kastracijskih komplikacija. To sigurno nije i ne smije se smatrati rutinom. Meni mo\u017eda jest rutina u tehni\u010dkom smislu, ali je uvijek prostor maksimalne pa\u017enje i koncentracije i uzimanja svih faktora rizika u obzir.<\/p>\n<p><strong>Kako izgleda i koliko traje operacija kastracije?<\/strong><\/p>\n<p>Sama operacija ne traje dugo; sve skupa nekih pola sata. Od prvoga reza treba mo\u017eda deset do 15 minuta. No tome prethodi priprema; da se ma\u010dka uspava i desetak minuta da anestetik krene djelovati, da se obrije, dezinficira i sputa, da se otvore rukavice i postavi za\u0161titna krpa na ma\u010dku. Nakon operacije, kada se ma\u010dka za\u0161ije, mogu\u0107e da dolazi idu\u0107a. Ali nakon nekoga vremena ne mo\u017ee\u0161 se posvetiti pet ma\u010daka zaredom, mora\u0161 imati pauzu. Tako da ja vi\u0161e volim usporenije pripremanje, da ma\u010dka spava, da malo odmahnem i krenem \u0161to usredoto\u010denije na sljede\u0107u.<\/p>\n<figure id=\"attachment_7017\" aria-describedby=\"caption-attachment-7017\" style=\"width: 1807px\" class=\"wp-caption alignnone\"><img loading=\"lazy\" decoding=\"async\" class=\"wp-image-7017 size-full\" src=\"https:\/\/sdf.hr\/wp-content\/uploads\/2025\/10\/O-mackama-i-ljudima-scaled.jpg\" alt=\"\" width=\"1807\" height=\"2560\" srcset=\"https:\/\/sdf.hr\/wp-content\/uploads\/2025\/10\/O-mackama-i-ljudima-scaled.jpg 1807w, https:\/\/sdf.hr\/wp-content\/uploads\/2025\/10\/O-mackama-i-ljudima-212x300.jpg 212w, https:\/\/sdf.hr\/wp-content\/uploads\/2025\/10\/O-mackama-i-ljudima-723x1024.jpg 723w, https:\/\/sdf.hr\/wp-content\/uploads\/2025\/10\/O-mackama-i-ljudima-768x1088.jpg 768w, https:\/\/sdf.hr\/wp-content\/uploads\/2025\/10\/O-mackama-i-ljudima-1084x1536.jpg 1084w, https:\/\/sdf.hr\/wp-content\/uploads\/2025\/10\/O-mackama-i-ljudima-1446x2048.jpg 1446w\" sizes=\"auto, (max-width: 1807px) 100vw, 1807px\" \/><figcaption id=\"caption-attachment-7017\" class=\"wp-caption-text\">Plakat filma &#8220;O ma\u010dkama i ljudima&#8221; autorice Ene Jurov<\/figcaption><\/figure>\n<p><strong>&#8220;O ma\u010dkama i ljudima&#8221; komentira i oskudicu skrbi na otoku; s jednom jedinom veterinarkom, koja radi od sedam ujutro do pono\u0107i. Kako biste opisali trenutnu situaciju u veterini i \u0161to je mogu\u0107e mijenjati, posebno u manjim sredinama?<\/strong><\/p>\n<p>Kada sam bila kod gospo\u0111e na \u0160ipanu koja je ulovila ma\u010dka u vre\u0107u, tra\u017eila je da je savjetujem u vezi lije\u010denja mastitisa kod njezine krave. Prvi veterinar koji se bavi stokom do kojeg je mogla do\u0107i u Dubrova\u010dko-neretvanskoj \u017eupaniji bio je u Metkovi\u0107u. Kada bi svaki otok ili ve\u0107e mjesto imali registrirani prostor opremljen osnovnom veterinarskom opremom u koji mo\u017ee do\u0107i veterinar s licencom, situacija bi se uvelike popravila, i za velike i za male \u017eivotinje. U takvim bi se ambulantama mogle lije\u010diti i operirati ma\u010dke \u0161to bi ukinulo ovaj prekarni, posve\u0107eni rad volontera i aktivista da poma\u017eu ma\u010dkama bez prave institucionalne podr\u0161ke i infrastrukture. U drugim europskim zemljama postoje i pokretne ambulante, kao i veterinari koji su registrirali svoju djelatnost samo na ku\u0107ne posjete, \u0161to u Hrvatskoj zakonski nije mogu\u0107e bez stacionarne ambulante.<\/p>\n<p><strong>Kada u Catstreamu protagonistica pita ljude za ma\u010dke koje treba u\u0161kopiti, nerijetko ne znaju gdje su; ma\u010dke dolaze po vlastitom naho\u0111enju, i ljudi imaju, \u010dini se, sasvim druga\u010diji odnos prema njima nego ljudi u gradu. Za\u0161to o \u017eivotinjama govorimo kao o vlasni\u0161tvu (&#8220;imati ma\u010dku&#8221;)? \u0160to zna\u010de briga i odgovornost bez ideje posjedovanja? \u0160to je mogu\u0107e nau\u010diti o odnosu ljudi i \u017eivotinja iz oto\u010dkoga konteksta?<\/strong><\/p>\n<p>\u017divotinja je u jeziku zakona predmet, stvar i po toj premisi je usustavljen na\u010din na koji se regulira postupanje prema njoj. Po tom su principu slobodno\u017eivu\u0107e ma\u010dke sva\u010dije i ni\u010dije, ali su odgovornost jedinica lokalne samouprave koje su po zakonu du\u017ene skrbiti o njihovom zdravlju i broj\u010danom statusu. Dakle, svaka bi op\u0107ina trebala u svojem bud\u017eetu imati odre\u0111eni iznos za tu svrhu. Volonteri rade prljavi posao jer ljudi ne mogu, ne \u017eele ili ne stignu ozlije\u0111enoj \u017eivotinji pomo\u0107i ili je odnijeti veterinaru, a \u017eeljeli bi to jer jednom kada vidi\u0161 \u017eivotinju koja pati i mole\u0107ivo gleda ba\u0161 tebe te\u0161ko \u0107e\u0161 zaspati ako nisi ba\u0161 ni\u0161ta poduzeo da joj pomogne\u0161. Po meni je bitno da svatko napravi svoju malu stvar \u2013 da ne okrene glavu na ozlije\u0111enu i bolesnu \u017eivotinju, ako ima vremena pomogne, ako ima novaca \u2013 plati. U svojim posjetima otocima, onima najaktivnijim u pomaga\u010dkim djelatnostima znamo ostaviti lijekove i slati hranu. S nekima od njih sam \u010desto na telefonskoj vezi i, kada prepoznam da je posrijedi alarmantna situacija, nastojim organizirati da se \u017eivotinju odvede veterinaru.<\/p>\n<figure id=\"attachment_7019\" aria-describedby=\"caption-attachment-7019\" style=\"width: 2560px\" class=\"wp-caption alignnone\"><img loading=\"lazy\" decoding=\"async\" class=\"wp-image-7019 size-full\" src=\"https:\/\/sdf.hr\/wp-content\/uploads\/2025\/10\/Veldic3_Sandro-Lendler-scaled.jpg\" alt=\"\" width=\"2560\" height=\"1707\" srcset=\"https:\/\/sdf.hr\/wp-content\/uploads\/2025\/10\/Veldic3_Sandro-Lendler-scaled.jpg 2560w, https:\/\/sdf.hr\/wp-content\/uploads\/2025\/10\/Veldic3_Sandro-Lendler-300x200.jpg 300w, https:\/\/sdf.hr\/wp-content\/uploads\/2025\/10\/Veldic3_Sandro-Lendler-1024x683.jpg 1024w, https:\/\/sdf.hr\/wp-content\/uploads\/2025\/10\/Veldic3_Sandro-Lendler-768x512.jpg 768w, https:\/\/sdf.hr\/wp-content\/uploads\/2025\/10\/Veldic3_Sandro-Lendler-1536x1024.jpg 1536w, https:\/\/sdf.hr\/wp-content\/uploads\/2025\/10\/Veldic3_Sandro-Lendler-2048x1365.jpg 2048w\" sizes=\"auto, (max-width: 2560px) 100vw, 2560px\" \/><figcaption id=\"caption-attachment-7019\" class=\"wp-caption-text\">Sun\u010dica Ana Veldi\u0107 (Foto: Sandro Lendler)<\/figcaption><\/figure>\n<p><strong>Kako se razvijala solidarnost me\u0111u ljudima i \u017eivotinjama, od Moko\u0161ice i Stona preko Pelje\u0161ca i Plo\u010da do \u0160ipana, Mljeta i Lastova, i kako to izgleda u primorskoj svakodnevici?<\/strong><\/p>\n<p>Moja dubrova\u010dka kolegica <strong>Lukrecija Marinovi\u0107<\/strong> prou\u010davala je metodologiju rada ameri\u010dke organizacije ASPCA (American Society for the Prevention of Cruelty to Animals) u segmentu kastracije slobodno\u017eivu\u0107ih ma\u010daka te je po njihovom uzoru uspostavila principe organizacije projekata kastracije ma\u010daka na udaljenim mjestima poput otoka. Ona je mozak operacije jer je osmislila prvu takvu terensku kliniku koja je zapravo operativni produ\u017eetak njezine mati\u010dne ambulante, u kojoj je i danas u Dubrovniku zaposlena. Tu sam se ja pridru\u017eila, kao i mre\u017ea doma\u0107ih i stranih uglavnom \u017eena, volonterki, i bio je potreban samo jedan poziv da bih prihvatila novu akciju za sljede\u0107i otok, za koju je obi\u010dno trebalo osmisliti logistiku \u2013 kako \u0107emo organizirati operacije, gdje \u0107emo spavati, tko \u0107e nas hraniti, kako i gdje \u0107e se ma\u010dke oporavljati, tko \u0107e ih loviti a tko vra\u0107ati, koliko \u0107e ljudi sudjelovati i koliko \u0107e akcija trajati.<\/p>\n<p>Kako smo znale provesti negdje i cijeli tjedan, rade\u0107i i po 12 sati dnevno, svaki put nam je netko drugi od mje\u0161tana kuhao. \u0160irio se glas o nama, na mnoga mjesta smo se vra\u0107ale, a negdje vi\u0161e nismo trebale \u2013 kao \u0161to je primjer Komi\u017ee na Visu u kojoj sam odradila dvije-tri akcije nakon \u010dega je, hvala Bogu, Vis dobio veterinarsku ambulantu, a lokalne volonterke su od nas nau\u010dile kako hvatati ma\u010dke, dobile su opremu, kaveze i nau\u010dile o skrbi za operirane i bolesne ma\u010dke. Jako su se povezale i dr\u017ee situaciju pod kontrolom.<\/p>\n<p><strong>Kako se veterinarska kirurgija ogleda u procesu stvaranja filma i obrnuto? Po \u010demu su kirurgija i dramaturgija sli\u010dni?<\/strong><\/p>\n<p>Preoblikovala bih va\u0161e pitanje u premisu da i kirurgija i dokumentarni film imaju donekle sli\u010dnu dramaturgiju. U kirurgiji sve mora biti promi\u0161ljeno i pripremljeno \u2013 od anestezije, analgezije i eventualne terapije preko pripreme operacijskog polja i odabira tehnike operacije do postoperativne skrbi jer \u0107e samo tako zahvat biti siguran, uklanjaju\u0107i mogu\u0107nost pogre\u0161ke. Ako se ona i dogodi, koncentracija, asistencija i dostupna sredstva moraju biti na razini i nadohvat ruke. \u017divi organizam je dinami\u010dni sustav i uvijek se mo\u017ee dogoditi ne\u0161to nepredvi\u0111eno za \u0161to kirurg mora biti pripremljen.<\/p>\n<p>U dokumentarnom je filmu situacija sli\u010dna, ali gotovo nikad se ne radi o pitanju \u017eivota i smrti, osim mo\u017eda posredno. Ponekad se radi o sitnim gre\u0161kama u pristupu, u mogu\u0107nosti otkrivanja ne\u010deg \u0161tetnog za \u017eivot protagonista, a postoje i situacije u kojima ostavlja\u0161 kameru i zasu\u010de\u0161 rukave da bi pomogao ljudima. Jer ako dokumentarni film ne te\u017ei podi\u0107i svijest, otvoriti o\u010di i pomaknuti stvari, mogu\u0107e se zapitati je li dostatan u svojoj inovativnosti, za\u010dudnosti ili originalnosti.<\/p>\n<p><strong> U jednome isje\u010dku &#8220;O ma\u010dkama i ljudima&#8221; sugovornica govori o odumiranju otoka, kako je sve manje ljudi koji na njima obitavaju i kako uskoro ne\u0107e biti nitko tko \u0107e hraniti ma\u010dke. Tu se sudbina oto\u010dkih ma\u010daka isprepli\u0107e sa sudbinom ljudi. Kako u toj krhkoj stvarnosti, prekarnim sponama brige, razumjeti revitalizaciju otoka, izgradnju i osna\u017eivanje dru\u0161tvenih spona kojima prijeti nestajanje?<\/strong><\/p>\n<p>U tom apokalipti\u010dnom, meni osobito dragom isje\u010dku, starosjediteljica otoka <strong>Stanka \u0160i\u017egori\u0107<\/strong> prepri\u010dava sliku otoka kakav zaista vi\u0161e ne\u0107e biti. Ono kako ja vidim budu\u0107nost otoka jest da \u0107e biti preure\u0111eni, da \u0107e priroda biti devastirana, a autohtoni \u017eivi svijet desetkovan uslijed neplanske betonizacije i bespravne gradnje. Zasad se to jako sporo doga\u0111a. Organski se \u017eivi svijet preoblikuje pod utjecajem klimatskih promjena i iseljavanja ljudi zbog manjka poslova koji nisu vezani uz turisti\u010dku sezonu i nedostatka infrastrukture za normalan \u017eivot tokom cijele godine. Tu se name\u0107u investitori koji grade hotele s bazenima na mjestima na kojima prirodnih izvora vode nema ili su ograni\u010deni, kao \u0161to je to slu\u010daj na otoku Visu.<\/p>\n<figure id=\"attachment_7021\" aria-describedby=\"caption-attachment-7021\" style=\"width: 2560px\" class=\"wp-caption alignnone\"><img loading=\"lazy\" decoding=\"async\" class=\"wp-image-7021 size-full\" src=\"https:\/\/sdf.hr\/wp-content\/uploads\/2025\/10\/Veldic4_Sandro-Lendler-scaled.jpg\" alt=\"\" width=\"2560\" height=\"1707\" srcset=\"https:\/\/sdf.hr\/wp-content\/uploads\/2025\/10\/Veldic4_Sandro-Lendler-scaled.jpg 2560w, https:\/\/sdf.hr\/wp-content\/uploads\/2025\/10\/Veldic4_Sandro-Lendler-300x200.jpg 300w, https:\/\/sdf.hr\/wp-content\/uploads\/2025\/10\/Veldic4_Sandro-Lendler-1024x683.jpg 1024w, https:\/\/sdf.hr\/wp-content\/uploads\/2025\/10\/Veldic4_Sandro-Lendler-768x512.jpg 768w, https:\/\/sdf.hr\/wp-content\/uploads\/2025\/10\/Veldic4_Sandro-Lendler-1536x1024.jpg 1536w, https:\/\/sdf.hr\/wp-content\/uploads\/2025\/10\/Veldic4_Sandro-Lendler-2048x1365.jpg 2048w\" sizes=\"auto, (max-width: 2560px) 100vw, 2560px\" \/><figcaption id=\"caption-attachment-7021\" class=\"wp-caption-text\">Sun\u010dica Ana Veldi\u0107 (Foto: Sandro Lendler)<\/figcaption><\/figure>\n<p>Tome svemu ne poma\u017eu odsje\u010denost i izostanak modernizacije trajektne povezanosti s kopnom koja bi mogla donijeti lak\u0161i \u017eivot. Sve ono \u0161to donosi budu\u0107nost kao da nije u slu\u017ebi starosjedioca. Imam osje\u0107aj da se \u010deka da se sav \u017eivot svede na broj jedinki pojedinih vrsta koje bi mogle stati na Noinu arku, a da bi po njihovom odlasku trebao uploviti kruzer s privremenim ljudima koji \u0107e sve \u0161to na\u0111u prilagoditi komociji \u017eivota kakvu imaju u nekom velegradu s modernim urbanim vilama. U tom smislu, na\u0161e \u0107e budu\u0107e ma\u010dke biti kontrolirane, u\u0161kopljene i ukrasne poput vrtnih patuljaka.<\/p>\n<p><strong>Kako se razvijao va\u0161 odnos prema filmu? Kada biste mogli vratiti nekim filmovima koji su vas oblikovali tokom godina, \u0161to biste izdvojili, i \u0161to su vam ti filmovi otvarali dok ste gradili?<\/strong><\/p>\n<p>Za mene, kao amatera, film je bio zagonetka. No kada sam se njime krenula profesionalno baviti, neke su filmske \u010darolije neminovno rasplinule i izgubile na svojoj za\u010dudnosti, poput Dorothynog otkrivenja \u010darobnjaka iz Oza. Nakon \u0161to sam poslije maj\u010dine smrti pogledala jedan od njezinih najdra\u017eih filmova &#8220;Kramer protiv Kramera&#8221;, bolje sam mogla razumjeti sku\u010denost koju je zasigurno osje\u0107ala u pogurnutosti u ulogu ku\u0107anice, ostaviv\u0161i karijeru pravnice.<\/p>\n<p>Filmovi koje sam sama snimila, a kojima se uvijek vra\u0107am i koje bih snimala ponovno i jesu filmovi o ma\u010dkama, o mojem radu, dvojbama, nesigurnostima, previranjima i tra\u017eenju odgovora u drugima i kritika svega nabrojenog. Uvijek sam mislila da sam spora i bila svjesna toga. Bila sam zadnja koja izlazi iz razreda u osnovnoj \u0161koli \u2013 nisam nikako mogla dovoljno brzo spremiti svoj nered na stolu, sporo sam ra\u010dunala, \u0161to me \u010dinilo nestrpljivom, jer sam shva\u0107ala da zaostajem. Mo\u017eda sam previ\u0161e promatrala druge, gubila vrijeme ne gledaju\u0107i svoj stol i \u0161to je na njemu dok se ne bi zatrpao. Vrlo sporo, ali ne i beznadno, krenula bih potom u kristalizacijsku fazu. Dr\u017ee\u0107i tu hrpu jako dugo na stolu, ne \u017eele\u0107i ni\u0161ta spremiti prije vremena, odjednom bi mi samo do\u0161lo rje\u0161enje poput skice na papiru i tada bih brzo slo\u017eila lik, znala bih redoslijed spremanja, imala bih ve\u0107 i sljede\u0107u ideju.<\/p>\n<p>Mo\u017eda sam samo najsporija osoba na svijetu, pa se tako tje\u0161im, a mo\u017eda je to sve i dobro \u2013 kako radim jednu stvar, tako radim sve, a da je to zainteresiralo barem jo\u0161 jednu osobu govore i ova va\u0161a pitanja. U svakom slu\u010daju hvala vam na pitanjima i \u010ditatelju koji je do\u0161ao do kraja ovog razgovora.<\/p>\n<p><em>intervju vodila Nina \u010colovi\u0107<\/em><\/p>\n","protected":false},"excerpt":{"rendered":"<p>Prvo sam po\u010dela razmi\u0161ljati da ne mora svaka ma\u010dka koja mi do\u0111e pod ruke biti operirana samo zato \u0161to se to tako radi. \u0160to sam se vi\u0161e uplitala u terenski dio rada oko pomo\u0107i uli\u010dnim ma\u010dkama, to sam vi\u0161e shva\u0107ala da i jedna ma\u010dka u koloniji koju nismo uhvatili postaje problem<\/p>\n","protected":false},"featured_media":7012,"template":"","tags":[29,173],"atribut":[],"class_list":["post-7023","nada","type-nada","status-publish","has-post-thumbnail","hentry","tag-intervju","tag-intervju-2-hr"],"acf":[],"yoast_head":"<!-- This site is optimized with the Yoast SEO plugin v27.4 - https:\/\/yoast.com\/product\/yoast-seo-wordpress\/ -->\n<title>Sun\u010dica Ana Veldi\u0107: Kirurgija i dokumentarci imaju donekle sli\u010dnu dramaturgiju - SDF - Srpski demokratski forum<\/title>\n<meta name=\"robots\" content=\"index, follow, max-snippet:-1, max-image-preview:large, max-video-preview:-1\" \/>\n<link rel=\"canonical\" href=\"https:\/\/sdf.hr\/nada\/suncica-ana-veldic-kirurgija-i-dokumentarni-filmovi-imaju-slicnu-dramaturgiju\/\" \/>\n<meta property=\"og:locale\" content=\"hr_HR\" \/>\n<meta property=\"og:type\" content=\"article\" \/>\n<meta property=\"og:title\" content=\"Sun\u010dica Ana Veldi\u0107: Kirurgija i dokumentarci imaju donekle sli\u010dnu dramaturgiju - SDF - Srpski demokratski forum\" \/>\n<meta property=\"og:description\" content=\"Prvo sam po\u010dela razmi\u0161ljati da ne mora svaka ma\u010dka koja mi do\u0111e pod ruke biti operirana samo zato \u0161to se to tako radi. \u0160to sam se vi\u0161e uplitala u terenski dio rada oko pomo\u0107i uli\u010dnim ma\u010dkama, to sam vi\u0161e shva\u0107ala da i jedna ma\u010dka u koloniji koju nismo uhvatili postaje problem\" \/>\n<meta property=\"og:url\" content=\"https:\/\/sdf.hr\/nada\/suncica-ana-veldic-kirurgija-i-dokumentarni-filmovi-imaju-slicnu-dramaturgiju\/\" \/>\n<meta property=\"og:site_name\" content=\"SDF - Srpski demokratski forum\" \/>\n<meta property=\"og:image\" content=\"https:\/\/sdf.hr\/wp-content\/uploads\/2025\/10\/Veldic1_Sandro-Lendler-scaled.jpg\" \/>\n\t<meta property=\"og:image:width\" content=\"2560\" \/>\n\t<meta property=\"og:image:height\" content=\"1963\" \/>\n\t<meta property=\"og:image:type\" content=\"image\/jpeg\" \/>\n<meta name=\"twitter:card\" content=\"summary_large_image\" \/>\n<meta name=\"twitter:label1\" content=\"Procijenjeno vrijeme \u010ditanja\" \/>\n\t<meta name=\"twitter:data1\" content=\"13 minuta\" \/>\n<script type=\"application\/ld+json\" class=\"yoast-schema-graph\">{\"@context\":\"https:\\\/\\\/schema.org\",\"@graph\":[{\"@type\":\"WebPage\",\"@id\":\"https:\\\/\\\/sdf.hr\\\/nada\\\/suncica-ana-veldic-kirurgija-i-dokumentarni-filmovi-imaju-slicnu-dramaturgiju\\\/\",\"url\":\"https:\\\/\\\/sdf.hr\\\/nada\\\/suncica-ana-veldic-kirurgija-i-dokumentarni-filmovi-imaju-slicnu-dramaturgiju\\\/\",\"name\":\"Sun\u010dica Ana Veldi\u0107: Kirurgija i dokumentarci imaju donekle sli\u010dnu dramaturgiju - SDF - Srpski demokratski forum\",\"isPartOf\":{\"@id\":\"https:\\\/\\\/sdf.hr\\\/#website\"},\"primaryImageOfPage\":{\"@id\":\"https:\\\/\\\/sdf.hr\\\/nada\\\/suncica-ana-veldic-kirurgija-i-dokumentarni-filmovi-imaju-slicnu-dramaturgiju\\\/#primaryimage\"},\"image\":{\"@id\":\"https:\\\/\\\/sdf.hr\\\/nada\\\/suncica-ana-veldic-kirurgija-i-dokumentarni-filmovi-imaju-slicnu-dramaturgiju\\\/#primaryimage\"},\"thumbnailUrl\":\"https:\\\/\\\/sdf.hr\\\/wp-content\\\/uploads\\\/2025\\\/10\\\/Veldic1_Sandro-Lendler-scaled.jpg\",\"datePublished\":\"2025-10-12T06:45:19+00:00\",\"breadcrumb\":{\"@id\":\"https:\\\/\\\/sdf.hr\\\/nada\\\/suncica-ana-veldic-kirurgija-i-dokumentarni-filmovi-imaju-slicnu-dramaturgiju\\\/#breadcrumb\"},\"inLanguage\":\"hr\",\"potentialAction\":[{\"@type\":\"ReadAction\",\"target\":[\"https:\\\/\\\/sdf.hr\\\/nada\\\/suncica-ana-veldic-kirurgija-i-dokumentarni-filmovi-imaju-slicnu-dramaturgiju\\\/\"]}]},{\"@type\":\"ImageObject\",\"inLanguage\":\"hr\",\"@id\":\"https:\\\/\\\/sdf.hr\\\/nada\\\/suncica-ana-veldic-kirurgija-i-dokumentarni-filmovi-imaju-slicnu-dramaturgiju\\\/#primaryimage\",\"url\":\"https:\\\/\\\/sdf.hr\\\/wp-content\\\/uploads\\\/2025\\\/10\\\/Veldic1_Sandro-Lendler-scaled.jpg\",\"contentUrl\":\"https:\\\/\\\/sdf.hr\\\/wp-content\\\/uploads\\\/2025\\\/10\\\/Veldic1_Sandro-Lendler-scaled.jpg\",\"width\":2560,\"height\":1963,\"caption\":\"Sun\u010dica Ana Veldi\u0107 (Foto: Sandro Lendler)\"},{\"@type\":\"BreadcrumbList\",\"@id\":\"https:\\\/\\\/sdf.hr\\\/nada\\\/suncica-ana-veldic-kirurgija-i-dokumentarni-filmovi-imaju-slicnu-dramaturgiju\\\/#breadcrumb\",\"itemListElement\":[{\"@type\":\"ListItem\",\"position\":1,\"name\":\"Po\u010detna stranica\",\"item\":\"https:\\\/\\\/sdf.hr\\\/hr\\\/\"},{\"@type\":\"ListItem\",\"position\":2,\"name\":\"Nada\",\"item\":\"https:\\\/\\\/sdf.hr\\\/nada\\\/\"},{\"@type\":\"ListItem\",\"position\":3,\"name\":\"Sun\u010dica Ana Veldi\u0107: Kirurgija i dokumentarci imaju donekle sli\u010dnu dramaturgiju\"}]},{\"@type\":\"WebSite\",\"@id\":\"https:\\\/\\\/sdf.hr\\\/#website\",\"url\":\"https:\\\/\\\/sdf.hr\\\/\",\"name\":\"SDF - Srpski demokratski forum\",\"description\":\"Srpski demokratski forum\",\"publisher\":{\"@id\":\"https:\\\/\\\/sdf.hr\\\/#organization\"},\"potentialAction\":[{\"@type\":\"SearchAction\",\"target\":{\"@type\":\"EntryPoint\",\"urlTemplate\":\"https:\\\/\\\/sdf.hr\\\/?s={search_term_string}\"},\"query-input\":{\"@type\":\"PropertyValueSpecification\",\"valueRequired\":true,\"valueName\":\"search_term_string\"}}],\"inLanguage\":\"hr\"},{\"@type\":\"Organization\",\"@id\":\"https:\\\/\\\/sdf.hr\\\/#organization\",\"name\":\"SDF - Srpski demokratski forum\",\"url\":\"https:\\\/\\\/sdf.hr\\\/\",\"logo\":{\"@type\":\"ImageObject\",\"inLanguage\":\"hr\",\"@id\":\"https:\\\/\\\/sdf.hr\\\/#\\\/schema\\\/logo\\\/image\\\/\",\"url\":\"https:\\\/\\\/sdf.hr\\\/wp-content\\\/uploads\\\/2021\\\/07\\\/logo-hr.svg\",\"contentUrl\":\"https:\\\/\\\/sdf.hr\\\/wp-content\\\/uploads\\\/2021\\\/07\\\/logo-hr.svg\",\"width\":271,\"height\":100,\"caption\":\"SDF - Srpski demokratski forum\"},\"image\":{\"@id\":\"https:\\\/\\\/sdf.hr\\\/#\\\/schema\\\/logo\\\/image\\\/\"}}]}<\/script>\n<!-- \/ Yoast SEO plugin. -->","yoast_head_json":{"title":"Sun\u010dica Ana Veldi\u0107: Kirurgija i dokumentarci imaju donekle sli\u010dnu dramaturgiju - SDF - Srpski demokratski forum","robots":{"index":"index","follow":"follow","max-snippet":"max-snippet:-1","max-image-preview":"max-image-preview:large","max-video-preview":"max-video-preview:-1"},"canonical":"https:\/\/sdf.hr\/nada\/suncica-ana-veldic-kirurgija-i-dokumentarni-filmovi-imaju-slicnu-dramaturgiju\/","og_locale":"hr_HR","og_type":"article","og_title":"Sun\u010dica Ana Veldi\u0107: Kirurgija i dokumentarci imaju donekle sli\u010dnu dramaturgiju - SDF - Srpski demokratski forum","og_description":"Prvo sam po\u010dela razmi\u0161ljati da ne mora svaka ma\u010dka koja mi do\u0111e pod ruke biti operirana samo zato \u0161to se to tako radi. \u0160to sam se vi\u0161e uplitala u terenski dio rada oko pomo\u0107i uli\u010dnim ma\u010dkama, to sam vi\u0161e shva\u0107ala da i jedna ma\u010dka u koloniji koju nismo uhvatili postaje problem","og_url":"https:\/\/sdf.hr\/nada\/suncica-ana-veldic-kirurgija-i-dokumentarni-filmovi-imaju-slicnu-dramaturgiju\/","og_site_name":"SDF - Srpski demokratski forum","og_image":[{"width":2560,"height":1963,"url":"https:\/\/sdf.hr\/wp-content\/uploads\/2025\/10\/Veldic1_Sandro-Lendler-scaled.jpg","type":"image\/jpeg"}],"twitter_card":"summary_large_image","twitter_misc":{"Procijenjeno vrijeme \u010ditanja":"13 minuta"},"schema":{"@context":"https:\/\/schema.org","@graph":[{"@type":"WebPage","@id":"https:\/\/sdf.hr\/nada\/suncica-ana-veldic-kirurgija-i-dokumentarni-filmovi-imaju-slicnu-dramaturgiju\/","url":"https:\/\/sdf.hr\/nada\/suncica-ana-veldic-kirurgija-i-dokumentarni-filmovi-imaju-slicnu-dramaturgiju\/","name":"Sun\u010dica Ana Veldi\u0107: Kirurgija i dokumentarci imaju donekle sli\u010dnu dramaturgiju - SDF - Srpski demokratski forum","isPartOf":{"@id":"https:\/\/sdf.hr\/#website"},"primaryImageOfPage":{"@id":"https:\/\/sdf.hr\/nada\/suncica-ana-veldic-kirurgija-i-dokumentarni-filmovi-imaju-slicnu-dramaturgiju\/#primaryimage"},"image":{"@id":"https:\/\/sdf.hr\/nada\/suncica-ana-veldic-kirurgija-i-dokumentarni-filmovi-imaju-slicnu-dramaturgiju\/#primaryimage"},"thumbnailUrl":"https:\/\/sdf.hr\/wp-content\/uploads\/2025\/10\/Veldic1_Sandro-Lendler-scaled.jpg","datePublished":"2025-10-12T06:45:19+00:00","breadcrumb":{"@id":"https:\/\/sdf.hr\/nada\/suncica-ana-veldic-kirurgija-i-dokumentarni-filmovi-imaju-slicnu-dramaturgiju\/#breadcrumb"},"inLanguage":"hr","potentialAction":[{"@type":"ReadAction","target":["https:\/\/sdf.hr\/nada\/suncica-ana-veldic-kirurgija-i-dokumentarni-filmovi-imaju-slicnu-dramaturgiju\/"]}]},{"@type":"ImageObject","inLanguage":"hr","@id":"https:\/\/sdf.hr\/nada\/suncica-ana-veldic-kirurgija-i-dokumentarni-filmovi-imaju-slicnu-dramaturgiju\/#primaryimage","url":"https:\/\/sdf.hr\/wp-content\/uploads\/2025\/10\/Veldic1_Sandro-Lendler-scaled.jpg","contentUrl":"https:\/\/sdf.hr\/wp-content\/uploads\/2025\/10\/Veldic1_Sandro-Lendler-scaled.jpg","width":2560,"height":1963,"caption":"Sun\u010dica Ana Veldi\u0107 (Foto: Sandro Lendler)"},{"@type":"BreadcrumbList","@id":"https:\/\/sdf.hr\/nada\/suncica-ana-veldic-kirurgija-i-dokumentarni-filmovi-imaju-slicnu-dramaturgiju\/#breadcrumb","itemListElement":[{"@type":"ListItem","position":1,"name":"Po\u010detna stranica","item":"https:\/\/sdf.hr\/hr\/"},{"@type":"ListItem","position":2,"name":"Nada","item":"https:\/\/sdf.hr\/nada\/"},{"@type":"ListItem","position":3,"name":"Sun\u010dica Ana Veldi\u0107: Kirurgija i dokumentarci imaju donekle sli\u010dnu dramaturgiju"}]},{"@type":"WebSite","@id":"https:\/\/sdf.hr\/#website","url":"https:\/\/sdf.hr\/","name":"SDF - Srpski demokratski forum","description":"Srpski demokratski forum","publisher":{"@id":"https:\/\/sdf.hr\/#organization"},"potentialAction":[{"@type":"SearchAction","target":{"@type":"EntryPoint","urlTemplate":"https:\/\/sdf.hr\/?s={search_term_string}"},"query-input":{"@type":"PropertyValueSpecification","valueRequired":true,"valueName":"search_term_string"}}],"inLanguage":"hr"},{"@type":"Organization","@id":"https:\/\/sdf.hr\/#organization","name":"SDF - Srpski demokratski forum","url":"https:\/\/sdf.hr\/","logo":{"@type":"ImageObject","inLanguage":"hr","@id":"https:\/\/sdf.hr\/#\/schema\/logo\/image\/","url":"https:\/\/sdf.hr\/wp-content\/uploads\/2021\/07\/logo-hr.svg","contentUrl":"https:\/\/sdf.hr\/wp-content\/uploads\/2021\/07\/logo-hr.svg","width":271,"height":100,"caption":"SDF - Srpski demokratski forum"},"image":{"@id":"https:\/\/sdf.hr\/#\/schema\/logo\/image\/"}}]}},"_links":{"self":[{"href":"https:\/\/sdf.hr\/hr\/wp-json\/wp\/v2\/nada\/7023","targetHints":{"allow":["GET"]}}],"collection":[{"href":"https:\/\/sdf.hr\/hr\/wp-json\/wp\/v2\/nada"}],"about":[{"href":"https:\/\/sdf.hr\/hr\/wp-json\/wp\/v2\/types\/nada"}],"wp:featuredmedia":[{"embeddable":true,"href":"https:\/\/sdf.hr\/hr\/wp-json\/wp\/v2\/media\/7012"}],"wp:attachment":[{"href":"https:\/\/sdf.hr\/hr\/wp-json\/wp\/v2\/media?parent=7023"}],"wp:term":[{"taxonomy":"post_tag","embeddable":true,"href":"https:\/\/sdf.hr\/hr\/wp-json\/wp\/v2\/tags?post=7023"},{"taxonomy":"atribut","embeddable":true,"href":"https:\/\/sdf.hr\/hr\/wp-json\/wp\/v2\/atribut?post=7023"}],"curies":[{"name":"wp","href":"https:\/\/api.w.org\/{rel}","templated":true}]}}