{"id":7198,"date":"2025-10-15T17:10:33","date_gmt":"2025-10-15T15:10:33","guid":{"rendered":"https:\/\/sdf.hr\/nada\/kome-zvono-ne-zvoni\/"},"modified":"2025-10-15T17:10:50","modified_gmt":"2025-10-15T15:10:50","slug":"kome-zvono-ne-zvoni","status":"publish","type":"nada","link":"https:\/\/sdf.hr\/hr\/nada\/kome-zvono-ne-zvoni\/","title":{"rendered":"Kome zvono ne zvoni"},"content":{"rendered":"<p>Trideseti oktobra, 1955. godina. The New York Times izvje\u0161tava iz Milana. &#8220;Talijan <strong>Mario D&#8217;Agata <\/strong>sino\u0107 je postao europski boksa\u010dki prvak u bantam kategoriji. Tehni\u010dkim nokautom u petoj rundi pobijedio je Francuza <strong>Andrea Valignata<\/strong>, a njegove su \u0161ake ispisale najsretnije poglavlje do sada u pri\u010di o Pepeljugi kakva se rijetko vi\u0111a u sportu&#8221;.<\/p>\n<p>Dvadeset i deveti juna, 1956. godina. D\u2019Agata se u Rimu bori za svjetsku titulu. Skoro nitko ne vjeruje da \u0107e uspjeti. Nakon osvajanja europske titule, oti\u0161ao je na turneju u Australiju, a kad se iz Australije vratio, imao je \u017eestoku sva\u0111u s poslovnim partnerom <strong>Giovannijem Patittom<\/strong> s kojim je vodio praonicu u Arezzu, na sjeveru Italije. Patitta je boksa\u010da upucao u prsa, a majku mu <strong>Rosu<\/strong> u glavu. Oboje su prona\u0111eni kako propucani le\u017ee na podu praonice. D\u2019Agata se uspio oporaviti i punom snagom ulazi u ring. Sudac prekida borbu u \u0161estoj rundi. Amerikanac <strong>Robert Cohen<\/strong> ne mo\u017ee vi\u0161e podnijeti niti jedan udarac. D&#8217;Agata je na trenutak zaslijepljen bljeskaju\u0107im kamerama uz ring. Trideset i osam tisu\u0107a navija\u010da ispunilo je stadion Foro Atletico. Dio navija\u010da podi\u017ee ga na ramena, pobjedu proslavlja mahnito ma\u0161u\u0107i rukama. Novi je svjetski prvak i prvi ikada gluhonijemi boksa\u010d koji osvaja tu titulu. Pridr\u017eavaju\u0107i se za dvanaest uzavrelih u\u017eadi ringa, s usana \u010dita hvalospjeve.<\/p>\n<p>Prvi aprila, 1957. godina, Pariz. D\u2019Agata brani titulu protiv Al\u017eirca <strong>Alfonsa Halimija<\/strong>. Kako ne mo\u017ee \u010duti gong na kraju svake runde, i ovoga su puta za njega postavljena posebna svjetla blizu ringa. Pale se na kraju svake runde. Borba je ovoga puta na otvorenom i pribli\u017eava se oluja. Struja je pod optere\u0107enjem, svjetla titraju. U tre\u0107oj rundi svjetla eksplodiraju i padaju na D\u2019Agatu kojemu pr\u017ee vrat i le\u0111a. Odlu\u010duje nastaviti boksati i borbu gubi u petnaestoj rundi. Nakon me\u010da ga voze u bolnicu na lije\u010denje opeklina.<\/p>\n<p>Novu priliku za svjetsku titulu D\u2019Agata vi\u0161e nije dobio. Iz boksa se povukao 1962. i jo\u0161 uvijek je jedini gluhonijemi boksa\u010d koji je osvojio europski i svjetski naslov prvaka. Preminuo je 2009. u Firenci u kojoj je proveo ve\u0107inu \u017eivota i u kojoj ga se danas pamti kao sportskog pionira.<\/p>\n<p>Kao i sa <strong>Sonnyjem Listonom<\/strong>, zanima nas ono \u0161to je boksu prethodilo \u2013 kako je sitni gluhonijemi D\u2019Agata do\u0161ao do svojih pet minuta svjetla i slave u ringu. D\u2019Agata se rodio 1926. u Arezzu, u velikoj obitelji. Od sedmero bra\u0107e i sestara, troje je ro\u0111eno gluhonijemo. \u0160akama je u\u0161utkavao djecu koja su se rugala njemu i njegovoj bra\u0107i i sestrama. Tridesetih su njegovi roditelji odlu\u010dili napustiti malu sredinu. Oti\u0161li su u Rim u nadi da \u0107e prona\u0107i bolje poslove i kvalitetniju medicinsku skrb za djecu. Koliko god se trudili, djeci nisu mogli osigurati formalno obrazovanje. \u0160kolovali su ih kod ku\u0107e, a djeca su brzo po\u010dela raditi i odvajati se od obiteljskog doma.<\/p>\n<p>D\u2019Agata je kao tinejd\u017eer nai\u0161ao na plakat koji je reklamirao boksa\u010dki klub i odlu\u010dio se oku\u0161ati u boksanju. Zbog Drugog svjetskog rata te je planove morao odgoditi, pa je amaterski debitirao dosta kasno, kao dvadesetogodi\u0161njak. Tijekom \u010detiri godine, od 1946. do 1950., pobijedio je u 90 od 110 borbi. Boksa\u010dki savez Italije isprva je odbio njegov zahtjev za profesionalnom licencom jer je utvr\u0111eno da ne \u010duje zvuk gonga na po\u010detku i kraju rundi. Od zahtjeva nije htio odustati. Godine 1952. dobio je licencu i postao prvi gluhonijemi boksa\u010d koji se u Italiji natje\u010de na profesionalnoj razini. Naslov talijanskog prvaka osvojio je godinu dana kasnije. Ostalo je \u2013 Pepeljugina povijest.<\/p>\n<p><em>pi\u0161e Ivana Peri\u0107<\/em><\/p>\n","protected":false},"excerpt":{"rendered":"<p>Mario D&#8217;Agata 1952. dobio je licencu i postao prvi gluhonijemi boksa\u010d koji se u Italiji natje\u010de na profesionalnoj razini. Naslov talijanskog prvaka osvojio je godinu dana kasnije, a ostalo je \u2013 Pepeljugina povijest<\/p>\n","protected":false},"featured_media":7197,"template":"","tags":[40],"atribut":[],"class_list":["post-7198","nada","type-nada","status-publish","has-post-thumbnail","hentry","tag-dvokorak-naprijed"],"acf":[],"yoast_head":"<!-- This site is optimized with the Yoast SEO plugin v27.4 - https:\/\/yoast.com\/product\/yoast-seo-wordpress\/ -->\n<title>Kome zvono ne zvoni - SDF - Srpski demokratski forum<\/title>\n<meta name=\"robots\" content=\"index, follow, max-snippet:-1, max-image-preview:large, max-video-preview:-1\" \/>\n<link rel=\"canonical\" href=\"https:\/\/sdf.hr\/hr\/nada\/kome-zvono-ne-zvoni\/\" \/>\n<meta property=\"og:locale\" content=\"hr_HR\" \/>\n<meta property=\"og:type\" content=\"article\" \/>\n<meta property=\"og:title\" content=\"Kome zvono ne zvoni - SDF - Srpski demokratski forum\" \/>\n<meta property=\"og:description\" content=\"Mario D&#039;Agata 1952. dobio je licencu i postao prvi gluhonijemi boksa\u010d koji se u Italiji natje\u010de na profesionalnoj razini. Naslov talijanskog prvaka osvojio je godinu dana kasnije, a ostalo je \u2013 Pepeljugina povijest\" \/>\n<meta property=\"og:url\" content=\"https:\/\/sdf.hr\/hr\/nada\/kome-zvono-ne-zvoni\/\" \/>\n<meta property=\"og:site_name\" content=\"SDF - Srpski demokratski forum\" \/>\n<meta property=\"article:modified_time\" content=\"2025-10-15T15:10:50+00:00\" \/>\n<meta property=\"og:image\" content=\"https:\/\/sdf.hr\/wp-content\/uploads\/2025\/10\/DAgata.jpg\" \/>\n\t<meta property=\"og:image:width\" content=\"579\" \/>\n\t<meta property=\"og:image:height\" content=\"555\" \/>\n\t<meta property=\"og:image:type\" content=\"image\/jpeg\" \/>\n<meta name=\"twitter:card\" content=\"summary_large_image\" \/>\n<meta name=\"twitter:label1\" content=\"Procijenjeno vrijeme \u010ditanja\" \/>\n\t<meta name=\"twitter:data1\" content=\"3 minute\" \/>\n<script type=\"application\/ld+json\" class=\"yoast-schema-graph\">{\"@context\":\"https:\\\/\\\/schema.org\",\"@graph\":[{\"@type\":\"WebPage\",\"@id\":\"https:\\\/\\\/sdf.hr\\\/hr\\\/nada\\\/kome-zvono-ne-zvoni\\\/\",\"url\":\"https:\\\/\\\/sdf.hr\\\/hr\\\/nada\\\/kome-zvono-ne-zvoni\\\/\",\"name\":\"Kome zvono ne zvoni - SDF - Srpski demokratski forum\",\"isPartOf\":{\"@id\":\"https:\\\/\\\/sdf.hr\\\/#website\"},\"primaryImageOfPage\":{\"@id\":\"https:\\\/\\\/sdf.hr\\\/hr\\\/nada\\\/kome-zvono-ne-zvoni\\\/#primaryimage\"},\"image\":{\"@id\":\"https:\\\/\\\/sdf.hr\\\/hr\\\/nada\\\/kome-zvono-ne-zvoni\\\/#primaryimage\"},\"thumbnailUrl\":\"https:\\\/\\\/sdf.hr\\\/wp-content\\\/uploads\\\/2025\\\/10\\\/DAgata.jpg\",\"datePublished\":\"2025-10-15T15:10:33+00:00\",\"dateModified\":\"2025-10-15T15:10:50+00:00\",\"breadcrumb\":{\"@id\":\"https:\\\/\\\/sdf.hr\\\/hr\\\/nada\\\/kome-zvono-ne-zvoni\\\/#breadcrumb\"},\"inLanguage\":\"hr\",\"potentialAction\":[{\"@type\":\"ReadAction\",\"target\":[\"https:\\\/\\\/sdf.hr\\\/hr\\\/nada\\\/kome-zvono-ne-zvoni\\\/\"]}]},{\"@type\":\"ImageObject\",\"inLanguage\":\"hr\",\"@id\":\"https:\\\/\\\/sdf.hr\\\/hr\\\/nada\\\/kome-zvono-ne-zvoni\\\/#primaryimage\",\"url\":\"https:\\\/\\\/sdf.hr\\\/wp-content\\\/uploads\\\/2025\\\/10\\\/DAgata.jpg\",\"contentUrl\":\"https:\\\/\\\/sdf.hr\\\/wp-content\\\/uploads\\\/2025\\\/10\\\/DAgata.jpg\",\"width\":579,\"height\":555,\"caption\":\"Mario D'Agata 1955. godine\"},{\"@type\":\"BreadcrumbList\",\"@id\":\"https:\\\/\\\/sdf.hr\\\/hr\\\/nada\\\/kome-zvono-ne-zvoni\\\/#breadcrumb\",\"itemListElement\":[{\"@type\":\"ListItem\",\"position\":1,\"name\":\"Po\u010detna stranica\",\"item\":\"https:\\\/\\\/sdf.hr\\\/hr\\\/\"},{\"@type\":\"ListItem\",\"position\":2,\"name\":\"Nada\",\"item\":\"https:\\\/\\\/sdf.hr\\\/nada\\\/\"},{\"@type\":\"ListItem\",\"position\":3,\"name\":\"Kome zvono ne zvoni\"}]},{\"@type\":\"WebSite\",\"@id\":\"https:\\\/\\\/sdf.hr\\\/#website\",\"url\":\"https:\\\/\\\/sdf.hr\\\/\",\"name\":\"SDF - Srpski demokratski forum\",\"description\":\"Srpski demokratski forum\",\"publisher\":{\"@id\":\"https:\\\/\\\/sdf.hr\\\/#organization\"},\"potentialAction\":[{\"@type\":\"SearchAction\",\"target\":{\"@type\":\"EntryPoint\",\"urlTemplate\":\"https:\\\/\\\/sdf.hr\\\/?s={search_term_string}\"},\"query-input\":{\"@type\":\"PropertyValueSpecification\",\"valueRequired\":true,\"valueName\":\"search_term_string\"}}],\"inLanguage\":\"hr\"},{\"@type\":\"Organization\",\"@id\":\"https:\\\/\\\/sdf.hr\\\/#organization\",\"name\":\"SDF - Srpski demokratski forum\",\"url\":\"https:\\\/\\\/sdf.hr\\\/\",\"logo\":{\"@type\":\"ImageObject\",\"inLanguage\":\"hr\",\"@id\":\"https:\\\/\\\/sdf.hr\\\/#\\\/schema\\\/logo\\\/image\\\/\",\"url\":\"https:\\\/\\\/sdf.hr\\\/wp-content\\\/uploads\\\/2021\\\/07\\\/logo-hr.svg\",\"contentUrl\":\"https:\\\/\\\/sdf.hr\\\/wp-content\\\/uploads\\\/2021\\\/07\\\/logo-hr.svg\",\"width\":271,\"height\":100,\"caption\":\"SDF - Srpski demokratski forum\"},\"image\":{\"@id\":\"https:\\\/\\\/sdf.hr\\\/#\\\/schema\\\/logo\\\/image\\\/\"}}]}<\/script>\n<!-- \/ Yoast SEO plugin. -->","yoast_head_json":{"title":"Kome zvono ne zvoni - SDF - Srpski demokratski forum","robots":{"index":"index","follow":"follow","max-snippet":"max-snippet:-1","max-image-preview":"max-image-preview:large","max-video-preview":"max-video-preview:-1"},"canonical":"https:\/\/sdf.hr\/hr\/nada\/kome-zvono-ne-zvoni\/","og_locale":"hr_HR","og_type":"article","og_title":"Kome zvono ne zvoni - SDF - Srpski demokratski forum","og_description":"Mario D'Agata 1952. dobio je licencu i postao prvi gluhonijemi boksa\u010d koji se u Italiji natje\u010de na profesionalnoj razini. Naslov talijanskog prvaka osvojio je godinu dana kasnije, a ostalo je \u2013 Pepeljugina povijest","og_url":"https:\/\/sdf.hr\/hr\/nada\/kome-zvono-ne-zvoni\/","og_site_name":"SDF - Srpski demokratski forum","article_modified_time":"2025-10-15T15:10:50+00:00","og_image":[{"width":579,"height":555,"url":"https:\/\/sdf.hr\/wp-content\/uploads\/2025\/10\/DAgata.jpg","type":"image\/jpeg"}],"twitter_card":"summary_large_image","twitter_misc":{"Procijenjeno vrijeme \u010ditanja":"3 minute"},"schema":{"@context":"https:\/\/schema.org","@graph":[{"@type":"WebPage","@id":"https:\/\/sdf.hr\/hr\/nada\/kome-zvono-ne-zvoni\/","url":"https:\/\/sdf.hr\/hr\/nada\/kome-zvono-ne-zvoni\/","name":"Kome zvono ne zvoni - SDF - Srpski demokratski forum","isPartOf":{"@id":"https:\/\/sdf.hr\/#website"},"primaryImageOfPage":{"@id":"https:\/\/sdf.hr\/hr\/nada\/kome-zvono-ne-zvoni\/#primaryimage"},"image":{"@id":"https:\/\/sdf.hr\/hr\/nada\/kome-zvono-ne-zvoni\/#primaryimage"},"thumbnailUrl":"https:\/\/sdf.hr\/wp-content\/uploads\/2025\/10\/DAgata.jpg","datePublished":"2025-10-15T15:10:33+00:00","dateModified":"2025-10-15T15:10:50+00:00","breadcrumb":{"@id":"https:\/\/sdf.hr\/hr\/nada\/kome-zvono-ne-zvoni\/#breadcrumb"},"inLanguage":"hr","potentialAction":[{"@type":"ReadAction","target":["https:\/\/sdf.hr\/hr\/nada\/kome-zvono-ne-zvoni\/"]}]},{"@type":"ImageObject","inLanguage":"hr","@id":"https:\/\/sdf.hr\/hr\/nada\/kome-zvono-ne-zvoni\/#primaryimage","url":"https:\/\/sdf.hr\/wp-content\/uploads\/2025\/10\/DAgata.jpg","contentUrl":"https:\/\/sdf.hr\/wp-content\/uploads\/2025\/10\/DAgata.jpg","width":579,"height":555,"caption":"Mario D'Agata 1955. godine"},{"@type":"BreadcrumbList","@id":"https:\/\/sdf.hr\/hr\/nada\/kome-zvono-ne-zvoni\/#breadcrumb","itemListElement":[{"@type":"ListItem","position":1,"name":"Po\u010detna stranica","item":"https:\/\/sdf.hr\/hr\/"},{"@type":"ListItem","position":2,"name":"Nada","item":"https:\/\/sdf.hr\/nada\/"},{"@type":"ListItem","position":3,"name":"Kome zvono ne zvoni"}]},{"@type":"WebSite","@id":"https:\/\/sdf.hr\/#website","url":"https:\/\/sdf.hr\/","name":"SDF - Srpski demokratski forum","description":"Srpski demokratski forum","publisher":{"@id":"https:\/\/sdf.hr\/#organization"},"potentialAction":[{"@type":"SearchAction","target":{"@type":"EntryPoint","urlTemplate":"https:\/\/sdf.hr\/?s={search_term_string}"},"query-input":{"@type":"PropertyValueSpecification","valueRequired":true,"valueName":"search_term_string"}}],"inLanguage":"hr"},{"@type":"Organization","@id":"https:\/\/sdf.hr\/#organization","name":"SDF - Srpski demokratski forum","url":"https:\/\/sdf.hr\/","logo":{"@type":"ImageObject","inLanguage":"hr","@id":"https:\/\/sdf.hr\/#\/schema\/logo\/image\/","url":"https:\/\/sdf.hr\/wp-content\/uploads\/2021\/07\/logo-hr.svg","contentUrl":"https:\/\/sdf.hr\/wp-content\/uploads\/2021\/07\/logo-hr.svg","width":271,"height":100,"caption":"SDF - Srpski demokratski forum"},"image":{"@id":"https:\/\/sdf.hr\/#\/schema\/logo\/image\/"}}]}},"_links":{"self":[{"href":"https:\/\/sdf.hr\/hr\/wp-json\/wp\/v2\/nada\/7198","targetHints":{"allow":["GET"]}}],"collection":[{"href":"https:\/\/sdf.hr\/hr\/wp-json\/wp\/v2\/nada"}],"about":[{"href":"https:\/\/sdf.hr\/hr\/wp-json\/wp\/v2\/types\/nada"}],"wp:featuredmedia":[{"embeddable":true,"href":"https:\/\/sdf.hr\/hr\/wp-json\/wp\/v2\/media\/7197"}],"wp:attachment":[{"href":"https:\/\/sdf.hr\/hr\/wp-json\/wp\/v2\/media?parent=7198"}],"wp:term":[{"taxonomy":"post_tag","embeddable":true,"href":"https:\/\/sdf.hr\/hr\/wp-json\/wp\/v2\/tags?post=7198"},{"taxonomy":"atribut","embeddable":true,"href":"https:\/\/sdf.hr\/hr\/wp-json\/wp\/v2\/atribut?post=7198"}],"curies":[{"name":"wp","href":"https:\/\/api.w.org\/{rel}","templated":true}]}}