{"id":7204,"date":"2025-10-17T07:19:41","date_gmt":"2025-10-17T05:19:41","guid":{"rendered":"https:\/\/sdf.hr\/nada\/lika-je-ljekovita\/"},"modified":"2025-10-17T07:23:06","modified_gmt":"2025-10-17T05:23:06","slug":"lika-je-ljekovita","status":"publish","type":"nada","link":"https:\/\/sdf.hr\/hr\/nada\/lika-je-ljekovita\/","title":{"rendered":"Lika je ljekovita"},"content":{"rendered":"<p><strong>Bojana \u0110api\u0107<\/strong> \u017eivot gradi na spoju prirode i tradicije. Ta Li\u010danka iz srca Krbavskog polja kroz svoj rad \u010duva vrijednosti koje su je oblikovale od djetinjstva \u2013 ljubav prema zemlji i seoskom \u017eivotu. Odrasla u Korenici, danas \u017eivi na relaciji izme\u0111u Beograda i Like, ali zavi\u010daj nikada ne ostavlja. Bavi se ljekovitim biljem, u\u010destvuje u organizaciji &#8220;Dana Krbavice&#8221;, kroz porodicu prenosi obi\u010daje i pjesmu, stvaraju\u0107i most izme\u0111u generacija.<\/p>\n<p>Zavr\u0161ila je \u0160umarski fakultet, a posebno voli prou\u010davati ljekovito bilje, brati ga i prera\u0111ivati, jer je svaki dodir s njim, kako navodi, podsje\u0107a koliko priroda mo\u017ee biti ljekovita i darovita.<\/p>\n<p>&#8211; Moj kraj je poseban po ljepoti prirode \u2013 kao da se ba\u0161 tamo priroda potrudila da poka\u017ee sve \u0161to ima. To su bistre vode i Plitvi\u010dka jezera, Plje\u0161evica koja se di\u017ee sa svojim \u0161umama, kao i polja koja u prolje\u0107e procvjetaju u hiljade boja i mirisa. Jo\u0161 uvijek ima sto\u010dara koji \u010duvaju i uzgajaju stoku na pa\u0161njacima, pa se osjeti onaj stari, mirniji ritam \u017eivota. Sve to zajedno \u010dini jednu skladnu cjelinu \u2013 mjesto gdje \u010dovjek ima ono najva\u017enije: svje\u017e zrak, \u010distu vodu i zdravu hranu \u2013 navodi Bojana.<\/p>\n<p>Ljubav prema bilju po\u010dela je jo\u0161 u djetinjstvu, kada je gledala bake kako beru i su\u0161e ljekovite trave. Kasnije je sama po\u010dela da ih istra\u017euje, sakuplja i prera\u0111uje, otkrivaju\u0107i koliko svaka biljka ima svoju pri\u010du i mo\u0107. Posebno je raduje priprema \u010dajeva kao mali ritual koji spaja znanje predaka i ljepotu prirode.<\/p>\n<p>Kada pomisli na Liku, prva rije\u010d koja joj pada na pamet je prostranstvo \u2013 taj beskrajni prostor koji je kao dijete istra\u017eivala i osvajala. Sje\u0107a se ljeta provedenih u poljima, kako poma\u017ee tati i djedu pri ko\u0161enju sijena, dok je zrak bio ispunjen mirisom svje\u017eeg poko\u0161enog bilja.<\/p>\n<p>&#8211; Sje\u0107am se dugih zimskih ve\u010deri kada bi mrak pao rano, a bake i djedovi \u010ditali narodne pjesme, naj\u010de\u0161\u0107e epske. \u010cesto smo svije\u0107om osvjetljavali prostor kad ne bi bilo struje i zajedno \u010ditali pri\u010de i pjesme. Sje\u0107am se na\u0161ih predaka koji su vrijedno radili na imanju \u2013 uvijek skromni, sretni i nikad nezadovoljni. Sve te slike, mirisi i zvukovi ostavili su dubok trag u meni i oblikovali ono \u0161to danas osje\u0107am prema zavi\u010daju \u2013 govori Bojana \u0110api\u0107.<\/p>\n<p>Politolog <strong>Jovan Miri\u0107<\/strong>, ro\u0111en u Krbavici, jedan je od najistaknutijih intelektualaca koje je ovaj kraj iznjedrio. Iako je ve\u0107i dio \u017eivota proveo u Zagrebu, identitet nikada nije odvajao od zavi\u010daja. Bio je jedan od rijetkih glasova koji su se usudili da kriti\u010dki promi\u0161ljaju o politi\u010dkim procesima u Jugoslaviji i polo\u017eaju Srba u Hrvatskoj. Time je, pored nau\u010dnog doprinosa, ostao i autoritet za lokalno stanovni\u0161tvo, ali i trajna inspiracija da se obrazovanje i znanje pove\u017eu s o\u010duvanjem identiteta i tradicije. Iz Krbavice je potekao i akademik <strong>Bo\u0161ko Ku\u0107anski<\/strong>, likovni umjetnik.<\/p>\n<p>&#8211; Moj povratak u rodni kraj uvijek je inspirisan korijenima i \u017eeljom da svojoj djeci ostavim u amanet \u2013 da u njihovim uspomenama bude zapisano ko su, odakle poti\u010du i ko su njihovi preci, kao i koga je sve Lika iznjedrila. Va\u017eno mi je da nau\u010de da vrednuju prave vrijednosti, da odrastaju na svje\u017eem zraku i u \u010distoj sredini, da sti\u010du radne navike i da prva \u017eivotna iskustva dobiju upravo ovdje. Ne postoji bolja \u0161kola za dijete od prirode i od susreta s doma\u0107im \u017eivotinjama \u2013 navodi Bojana.<\/p>\n<figure id=\"attachment_7202\" aria-describedby=\"caption-attachment-7202\" style=\"width: 1620px\" class=\"wp-caption alignnone\"><img loading=\"lazy\" decoding=\"async\" class=\"wp-image-7202 size-full\" src=\"https:\/\/sdf.hr\/wp-content\/uploads\/2025\/10\/Ilindan-Lika.jpg\" alt=\"\" width=\"1620\" height=\"1080\" srcset=\"https:\/\/sdf.hr\/wp-content\/uploads\/2025\/10\/Ilindan-Lika.jpg 1620w, https:\/\/sdf.hr\/wp-content\/uploads\/2025\/10\/Ilindan-Lika-300x200.jpg 300w, https:\/\/sdf.hr\/wp-content\/uploads\/2025\/10\/Ilindan-Lika-1024x683.jpg 1024w, https:\/\/sdf.hr\/wp-content\/uploads\/2025\/10\/Ilindan-Lika-768x512.jpg 768w, https:\/\/sdf.hr\/wp-content\/uploads\/2025\/10\/Ilindan-Lika-1536x1024.jpg 1536w\" sizes=\"auto, (max-width: 1620px) 100vw, 1620px\" \/><figcaption id=\"caption-attachment-7202\" class=\"wp-caption-text\">Proslava Ilindana u Krbavici<\/figcaption><\/figure>\n<p>Po\u010detkom devedesetih Krbavicu je naseljavalo 150 ljudi smje\u0161tenih u 62 ku\u0107anstava. Gotovo su svi 1995. izbjegli u Srbiju. Danas u Krbavici \u017eivi tek nekolicina ljudi, ali kada do\u0111u dani Sv. Ilije, selo ponovo o\u017eivi \u2013 ispuni se dje\u010djom grajom, pjesmom i mirisima li\u010dke trpeze.<\/p>\n<p>&#8211; Kao dijete ovih polja okupljam ljude da zajedno \u010duvamo na\u0161e obi\u010daje. Tako svi zajedno obnavljamo crkvu Sv. Ilije u selu i organizujemo proslavu seoske slave, a u okviru tih dana i &#8220;Dane Krbavice&#8221;, manifestacije koja je proizvod tog na\u0161eg zajedni\u0161tva i dana kada je selo puno potomaka Krbavice \u2013 veli Bojana.<\/p>\n<p>Dodaje kako su ranije ljudi dolazili u Liku u augustu, prilago\u0111avaju\u0107i godi\u0161nje odmore da bi proslavili Svetog Iliju, a taj se obi\u010daj osna\u017eio kroz &#8220;Dane Krbavice&#8221;. Pored podr\u0161ke lokalne samouprave, logisti\u010dku i financijsku pomo\u0107 pru\u017ea im, kako navodi, Srpsko narodno vije\u0107e. Posjetioci mogu vidjeti dje\u010dje radionice, kulturno-umjetni\u010dki program, izvornu glazbu i pjesme li\u010dkog kraja, li\u010dki vi\u0161eboj sa starim li\u010dkim igrama \u2013 bacanje kamena s ramena, skok u dalj te povla\u010denje konopca.<\/p>\n<p>Ove godine u februaru organizovano je li\u010dko-krbava\u010dko prelo u parohijskom domu u Busijama. Prelo je imalo humanitarni karakter \u2013 prikupljala su se sredstva za zavr\u0161etak radova na krovu crkve u Krbavici. Okupilo se oko 200 poznanika i prijatelja iz krbava\u010dko-koreni\u010dkog kraja.<\/p>\n<p>&#8211; Uz pjesmu i kulturno-umjetni\u010dki program, uz li\u010dku tradicionalnu hranu i dru\u017eenje, na trenutak smo vratili zavi\u010daj u Beograd. Bilo je puno srce svima koji su u\u010destvovali. Akcija je uspje\u0161no pro\u0161la i sada podi\u017eemo krov na crkvi \u2013 govori Bojana \u0110api\u0107.<\/p>\n<p>Doma\u0107instvo Bojanine porodice krase krave, koze i koko\u0161i. To zna\u010di da u domu \u0110api\u0107a uvijek imam doma\u0107ih jaja, kozjeg mlijeka od kojeg prave i sir, kao i povr\u0107a iz vrta, a veliki dio \u017eivota posve\u0107uje djeci i njihovom odgoju.<\/p>\n<p>&#8211; Posebno mi je va\u017eno \u0161to djeca kroz sve to sti\u010du radne navike. U\u010de da ni\u0161ta ne dolazi samo od sebe, da svaka obaveza ima smisao i da je nagrada u radu uvijek prisutna \u2013 bilo kroz plodove iz vrta, mlijeko ili kroz radost da brinu o \u017eivotinjama \u2013 govori Bojana.<\/p>\n<p>San joj je da pokrene centar u selu koji bi objedinio prirodu i obrazovanje \u2013 mjesto gdje djeca i odrasli iz Like, ali i oni koji su odavde oti\u0161li, mogu u\u010diti o svojim korijenima, obi\u010dajima, bilju, \u017eivotinjama i kulturi. Voljela bi da to bude prostor za radionice, predavanja, likovne i kulturne aktivnosti, planinarenje i prakti\u010dan rad u prirodi.<\/p>\n<p>&#8211; Posebno bih voljela da centar bude mjesto koje se bavi prikupljanjem i obradom ov\u010dje vune, koja se u Lici danas \u010desto baca jer vi\u0161e nije u svakodnevnoj upotrebi. Vunu bi mogli prati u potocima, obra\u0111ivati i preraditi u prakti\u010dne proizvode \u2013 od prsluka, kapa i \u0161alova, do rukavica i drugih predmeta. Tako bismo o\u010duvali tradiciju i podu\u010dili mla\u0111e generacije zanatima koji povezuju prirodu, rad i kreativnost \u2013 zaklju\u010duje na\u0161a sagovornica.<\/p>\n<p><em>pi\u0161e Jelena Miri\u0107<\/em><\/p>\n","protected":false},"excerpt":{"rendered":"<p>Kao dijete Krbavskog polja okupljam ljude da zajedno \u010duvamo na\u0161e obi\u010daje, ka\u017ee Bojana \u0110api\u0107. Danas u Krbavici \u017eivi tek nekolicina ljudi, ali kada do\u0111u dani Sv. Ilije, selo ponovo o\u017eivi<\/p>\n","protected":false},"featured_media":7201,"template":"","tags":[136],"atribut":[],"class_list":["post-7204","nada","type-nada","status-publish","has-post-thumbnail","hentry","tag-portret"],"acf":[],"yoast_head":"<!-- This site is optimized with the Yoast SEO plugin v27.4 - https:\/\/yoast.com\/product\/yoast-seo-wordpress\/ -->\n<title>Lika je ljekovita - SDF - Srpski demokratski forum<\/title>\n<meta name=\"robots\" content=\"index, follow, max-snippet:-1, max-image-preview:large, max-video-preview:-1\" \/>\n<link rel=\"canonical\" href=\"https:\/\/sdf.hr\/hr\/nada\/lika-je-ljekovita\/\" \/>\n<meta property=\"og:locale\" content=\"hr_HR\" \/>\n<meta property=\"og:type\" content=\"article\" \/>\n<meta property=\"og:title\" content=\"Lika je ljekovita - SDF - Srpski demokratski forum\" \/>\n<meta property=\"og:description\" content=\"Kao dijete Krbavskog polja okupljam ljude da zajedno \u010duvamo na\u0161e obi\u010daje, ka\u017ee Bojana \u0110api\u0107. Danas u Krbavici \u017eivi tek nekolicina ljudi, ali kada do\u0111u dani Sv. Ilije, selo ponovo o\u017eivi\" \/>\n<meta property=\"og:url\" content=\"https:\/\/sdf.hr\/hr\/nada\/lika-je-ljekovita\/\" \/>\n<meta property=\"og:site_name\" content=\"SDF - Srpski demokratski forum\" \/>\n<meta property=\"article:modified_time\" content=\"2025-10-17T05:23:06+00:00\" \/>\n<meta property=\"og:image\" content=\"https:\/\/sdf.hr\/wp-content\/uploads\/2025\/10\/Bojana-DJapic-levo-i-Sladjana-Pakovic.jpg\" \/>\n\t<meta property=\"og:image:width\" content=\"1600\" \/>\n\t<meta property=\"og:image:height\" content=\"1066\" \/>\n\t<meta property=\"og:image:type\" content=\"image\/jpeg\" \/>\n<meta name=\"twitter:card\" content=\"summary_large_image\" \/>\n<meta name=\"twitter:label1\" content=\"Procijenjeno vrijeme \u010ditanja\" \/>\n\t<meta name=\"twitter:data1\" content=\"6 minuta\" \/>\n<script type=\"application\/ld+json\" class=\"yoast-schema-graph\">{\"@context\":\"https:\\\/\\\/schema.org\",\"@graph\":[{\"@type\":\"WebPage\",\"@id\":\"https:\\\/\\\/sdf.hr\\\/hr\\\/nada\\\/lika-je-ljekovita\\\/\",\"url\":\"https:\\\/\\\/sdf.hr\\\/hr\\\/nada\\\/lika-je-ljekovita\\\/\",\"name\":\"Lika je ljekovita - SDF - Srpski demokratski forum\",\"isPartOf\":{\"@id\":\"https:\\\/\\\/sdf.hr\\\/#website\"},\"primaryImageOfPage\":{\"@id\":\"https:\\\/\\\/sdf.hr\\\/hr\\\/nada\\\/lika-je-ljekovita\\\/#primaryimage\"},\"image\":{\"@id\":\"https:\\\/\\\/sdf.hr\\\/hr\\\/nada\\\/lika-je-ljekovita\\\/#primaryimage\"},\"thumbnailUrl\":\"https:\\\/\\\/sdf.hr\\\/wp-content\\\/uploads\\\/2025\\\/10\\\/Bojana-DJapic-levo-i-Sladjana-Pakovic.jpg\",\"datePublished\":\"2025-10-17T05:19:41+00:00\",\"dateModified\":\"2025-10-17T05:23:06+00:00\",\"breadcrumb\":{\"@id\":\"https:\\\/\\\/sdf.hr\\\/hr\\\/nada\\\/lika-je-ljekovita\\\/#breadcrumb\"},\"inLanguage\":\"hr\",\"potentialAction\":[{\"@type\":\"ReadAction\",\"target\":[\"https:\\\/\\\/sdf.hr\\\/hr\\\/nada\\\/lika-je-ljekovita\\\/\"]}]},{\"@type\":\"ImageObject\",\"inLanguage\":\"hr\",\"@id\":\"https:\\\/\\\/sdf.hr\\\/hr\\\/nada\\\/lika-je-ljekovita\\\/#primaryimage\",\"url\":\"https:\\\/\\\/sdf.hr\\\/wp-content\\\/uploads\\\/2025\\\/10\\\/Bojana-DJapic-levo-i-Sladjana-Pakovic.jpg\",\"contentUrl\":\"https:\\\/\\\/sdf.hr\\\/wp-content\\\/uploads\\\/2025\\\/10\\\/Bojana-DJapic-levo-i-Sladjana-Pakovic.jpg\",\"width\":1600,\"height\":1066,\"caption\":\"Bojana \u0110api\u0107 (lijevo) sa Sla\u0111anom Pakovi\u0107\"},{\"@type\":\"BreadcrumbList\",\"@id\":\"https:\\\/\\\/sdf.hr\\\/hr\\\/nada\\\/lika-je-ljekovita\\\/#breadcrumb\",\"itemListElement\":[{\"@type\":\"ListItem\",\"position\":1,\"name\":\"Po\u010detna stranica\",\"item\":\"https:\\\/\\\/sdf.hr\\\/hr\\\/\"},{\"@type\":\"ListItem\",\"position\":2,\"name\":\"Nada\",\"item\":\"https:\\\/\\\/sdf.hr\\\/nada\\\/\"},{\"@type\":\"ListItem\",\"position\":3,\"name\":\"Lika je ljekovita\"}]},{\"@type\":\"WebSite\",\"@id\":\"https:\\\/\\\/sdf.hr\\\/#website\",\"url\":\"https:\\\/\\\/sdf.hr\\\/\",\"name\":\"SDF - Srpski demokratski forum\",\"description\":\"Srpski demokratski forum\",\"publisher\":{\"@id\":\"https:\\\/\\\/sdf.hr\\\/#organization\"},\"potentialAction\":[{\"@type\":\"SearchAction\",\"target\":{\"@type\":\"EntryPoint\",\"urlTemplate\":\"https:\\\/\\\/sdf.hr\\\/?s={search_term_string}\"},\"query-input\":{\"@type\":\"PropertyValueSpecification\",\"valueRequired\":true,\"valueName\":\"search_term_string\"}}],\"inLanguage\":\"hr\"},{\"@type\":\"Organization\",\"@id\":\"https:\\\/\\\/sdf.hr\\\/#organization\",\"name\":\"SDF - Srpski demokratski forum\",\"url\":\"https:\\\/\\\/sdf.hr\\\/\",\"logo\":{\"@type\":\"ImageObject\",\"inLanguage\":\"hr\",\"@id\":\"https:\\\/\\\/sdf.hr\\\/#\\\/schema\\\/logo\\\/image\\\/\",\"url\":\"https:\\\/\\\/sdf.hr\\\/wp-content\\\/uploads\\\/2021\\\/07\\\/logo-hr.svg\",\"contentUrl\":\"https:\\\/\\\/sdf.hr\\\/wp-content\\\/uploads\\\/2021\\\/07\\\/logo-hr.svg\",\"width\":271,\"height\":100,\"caption\":\"SDF - Srpski demokratski forum\"},\"image\":{\"@id\":\"https:\\\/\\\/sdf.hr\\\/#\\\/schema\\\/logo\\\/image\\\/\"}}]}<\/script>\n<!-- \/ Yoast SEO plugin. -->","yoast_head_json":{"title":"Lika je ljekovita - SDF - Srpski demokratski forum","robots":{"index":"index","follow":"follow","max-snippet":"max-snippet:-1","max-image-preview":"max-image-preview:large","max-video-preview":"max-video-preview:-1"},"canonical":"https:\/\/sdf.hr\/hr\/nada\/lika-je-ljekovita\/","og_locale":"hr_HR","og_type":"article","og_title":"Lika je ljekovita - SDF - Srpski demokratski forum","og_description":"Kao dijete Krbavskog polja okupljam ljude da zajedno \u010duvamo na\u0161e obi\u010daje, ka\u017ee Bojana \u0110api\u0107. Danas u Krbavici \u017eivi tek nekolicina ljudi, ali kada do\u0111u dani Sv. Ilije, selo ponovo o\u017eivi","og_url":"https:\/\/sdf.hr\/hr\/nada\/lika-je-ljekovita\/","og_site_name":"SDF - Srpski demokratski forum","article_modified_time":"2025-10-17T05:23:06+00:00","og_image":[{"width":1600,"height":1066,"url":"https:\/\/sdf.hr\/wp-content\/uploads\/2025\/10\/Bojana-DJapic-levo-i-Sladjana-Pakovic.jpg","type":"image\/jpeg"}],"twitter_card":"summary_large_image","twitter_misc":{"Procijenjeno vrijeme \u010ditanja":"6 minuta"},"schema":{"@context":"https:\/\/schema.org","@graph":[{"@type":"WebPage","@id":"https:\/\/sdf.hr\/hr\/nada\/lika-je-ljekovita\/","url":"https:\/\/sdf.hr\/hr\/nada\/lika-je-ljekovita\/","name":"Lika je ljekovita - SDF - Srpski demokratski forum","isPartOf":{"@id":"https:\/\/sdf.hr\/#website"},"primaryImageOfPage":{"@id":"https:\/\/sdf.hr\/hr\/nada\/lika-je-ljekovita\/#primaryimage"},"image":{"@id":"https:\/\/sdf.hr\/hr\/nada\/lika-je-ljekovita\/#primaryimage"},"thumbnailUrl":"https:\/\/sdf.hr\/wp-content\/uploads\/2025\/10\/Bojana-DJapic-levo-i-Sladjana-Pakovic.jpg","datePublished":"2025-10-17T05:19:41+00:00","dateModified":"2025-10-17T05:23:06+00:00","breadcrumb":{"@id":"https:\/\/sdf.hr\/hr\/nada\/lika-je-ljekovita\/#breadcrumb"},"inLanguage":"hr","potentialAction":[{"@type":"ReadAction","target":["https:\/\/sdf.hr\/hr\/nada\/lika-je-ljekovita\/"]}]},{"@type":"ImageObject","inLanguage":"hr","@id":"https:\/\/sdf.hr\/hr\/nada\/lika-je-ljekovita\/#primaryimage","url":"https:\/\/sdf.hr\/wp-content\/uploads\/2025\/10\/Bojana-DJapic-levo-i-Sladjana-Pakovic.jpg","contentUrl":"https:\/\/sdf.hr\/wp-content\/uploads\/2025\/10\/Bojana-DJapic-levo-i-Sladjana-Pakovic.jpg","width":1600,"height":1066,"caption":"Bojana \u0110api\u0107 (lijevo) sa Sla\u0111anom Pakovi\u0107"},{"@type":"BreadcrumbList","@id":"https:\/\/sdf.hr\/hr\/nada\/lika-je-ljekovita\/#breadcrumb","itemListElement":[{"@type":"ListItem","position":1,"name":"Po\u010detna stranica","item":"https:\/\/sdf.hr\/hr\/"},{"@type":"ListItem","position":2,"name":"Nada","item":"https:\/\/sdf.hr\/nada\/"},{"@type":"ListItem","position":3,"name":"Lika je ljekovita"}]},{"@type":"WebSite","@id":"https:\/\/sdf.hr\/#website","url":"https:\/\/sdf.hr\/","name":"SDF - Srpski demokratski forum","description":"Srpski demokratski forum","publisher":{"@id":"https:\/\/sdf.hr\/#organization"},"potentialAction":[{"@type":"SearchAction","target":{"@type":"EntryPoint","urlTemplate":"https:\/\/sdf.hr\/?s={search_term_string}"},"query-input":{"@type":"PropertyValueSpecification","valueRequired":true,"valueName":"search_term_string"}}],"inLanguage":"hr"},{"@type":"Organization","@id":"https:\/\/sdf.hr\/#organization","name":"SDF - Srpski demokratski forum","url":"https:\/\/sdf.hr\/","logo":{"@type":"ImageObject","inLanguage":"hr","@id":"https:\/\/sdf.hr\/#\/schema\/logo\/image\/","url":"https:\/\/sdf.hr\/wp-content\/uploads\/2021\/07\/logo-hr.svg","contentUrl":"https:\/\/sdf.hr\/wp-content\/uploads\/2021\/07\/logo-hr.svg","width":271,"height":100,"caption":"SDF - Srpski demokratski forum"},"image":{"@id":"https:\/\/sdf.hr\/#\/schema\/logo\/image\/"}}]}},"_links":{"self":[{"href":"https:\/\/sdf.hr\/hr\/wp-json\/wp\/v2\/nada\/7204","targetHints":{"allow":["GET"]}}],"collection":[{"href":"https:\/\/sdf.hr\/hr\/wp-json\/wp\/v2\/nada"}],"about":[{"href":"https:\/\/sdf.hr\/hr\/wp-json\/wp\/v2\/types\/nada"}],"wp:featuredmedia":[{"embeddable":true,"href":"https:\/\/sdf.hr\/hr\/wp-json\/wp\/v2\/media\/7201"}],"wp:attachment":[{"href":"https:\/\/sdf.hr\/hr\/wp-json\/wp\/v2\/media?parent=7204"}],"wp:term":[{"taxonomy":"post_tag","embeddable":true,"href":"https:\/\/sdf.hr\/hr\/wp-json\/wp\/v2\/tags?post=7204"},{"taxonomy":"atribut","embeddable":true,"href":"https:\/\/sdf.hr\/hr\/wp-json\/wp\/v2\/atribut?post=7204"}],"curies":[{"name":"wp","href":"https:\/\/api.w.org\/{rel}","templated":true}]}}