{"id":7336,"date":"2025-10-24T12:12:52","date_gmt":"2025-10-24T10:12:52","guid":{"rendered":"https:\/\/sdf.hr\/nada\/cudesna-suma\/"},"modified":"2025-10-24T12:13:47","modified_gmt":"2025-10-24T10:13:47","slug":"cudesna-suma","status":"publish","type":"nada","link":"https:\/\/sdf.hr\/hr\/nada\/cudesna-suma\/","title":{"rendered":"\u010cud(es)na \u0161uma"},"content":{"rendered":"<p>Sezona je kestena.<\/p>\n<p>Mimoilazi se sa sezonom oraha. Ovdje ih nitko ne bere, pa nekako i orasi i kesteni paralelno traju. Orasi padaju po uskim podplaninskim cestama koje vode prema vrhu, gdje god da je neka ku\u0107a, a ima ih, u ogradi izbija orah. Nisu to vi\u0161e ni mlada stabla, vidi se po kori, nisu ni prijem\u010diva, ptice na njima ne svijaju gnijezda jer su im nepouzdana s otvorenom kro\u0161njom i dobra tihim predatorima poput sova, a i otrovna. Orah iz zemlje si\u0161e sve zdravo za sebe i pu\u0161ta te neke svoje toksini\u0107e, i druga se stabla po prirodi, jer uz njega ne mogu pre\u017eivjeti, udaljavaju. Oko na\u0161ih oraha nema ni\u010deg, samo gdjegdje lovorvi\u0161nja kao \u017eiva ograda, i uska asfaltirana cesta da nas brzo proveze pokraj njih.<\/p>\n<p>Pas kojeg obi\u010dno \u0161e\u0107em na povodcu zalije\u0107e se u orahe, lomi ljusku i jede ih. Tehnika tako brza i uvje\u017ebana da joj je te\u0161ko stati na kraj, pa i nama hrabrima koji smo voljni ugurati \u0161aku psu u usta da iz njih po\u010dupamo ostatke o\u0161tre ljuske. Iz nu\u017ede sam, jednoga jutra, skrenula na nikad istra\u017een \u0161umski put. Pomislila sam da ne\u0107e biti tako stra\u0161no, nema veze \u0161to je malo obrastao, pri po\u010detku su bili parkirani jedan gradski auto i jedan kamionet s nekoliko praznih bijelih vre\u0107a smotanih otraga i ne\u0161to crveno-bijele pra\u0161ine. Prvo sam pomislila najgore: iskrcavaju otpad.<\/p>\n<p>Do\u0111u, ponekad no\u0107u, ponekad i danju, u kasno popodne. Parkiraju uz rub ne\u010dije zemlje. Zauzmu je kao da je njihova i na prvu nema\u0161 dojam da je to itko drugi doli vlasnik. Sutradan, zemlja je posijana \u0161utom iz zagreba\u010dkih zahoda, kuhinja, plo\u010dice koje sam vi\u0111ala po balkonima novozagreba\u010dkih zgrada, one masne crvene, sad su tu da mal\u010diraju bukvu, hrast, jasen, a ponekad i tako, bez veze, kao legi\u0107i u polju kojem je jedina granica vinograd, vinogradu vo\u0107njak, vo\u0107njaku neka ku\u0107ica u bloketama. O svemu sam tome mislila kad sam za\u0161la ve\u0107 duboko u \u0161umu, i na mobitelu ugledala plavu to\u010dkicu \u2013 u sredini sam ne\u010deg \u0161to me na karti uvijek zanimalo \u0161to je, ali se nikad nisam imala hrabrosti ili vremena \u2013 pribli\u017eiti. Prostor bez ceste i putokaza, ni\u0161ta ne govori na koju \u0107e\u0161 stranu izbiti, ako. Pa ni ova nova Medvednica aplikacija. Za nju je ovaj put lokalna legenda. Moj drugi, odvezani pas, laje kao da istjeruje lisicu iz \u0161ume, za to je, uostalom, i uzgajan. \u010cetvero\u010dlana obitelj mi poku\u0161ava pri\u0107i, ali ne ide, odvezani pas ih dr\u017ei na rastojanju. Jave mu se, pozdrave ga, ode svojim poslom. U kratkom razgovoru s njima, doznajem da su do\u0161li po dojavi brati kestene. Nitko, navodno, ne zna za tu \u0161umu, nije bogzna koliko ni velika, ali kesten fantazija. Druga obitelj s kojom su do\u0161li ve\u0107 se neko vrijeme ne odaziva.<\/p>\n<p>&#8211; Ne\u0107e im bit ni\u0161ta, ode na svaku stranu iza\u0111e\u0161 u nekom selu \u2013 objasnim ukratko i da sebe utje\u0161im.<\/p>\n<p>&#8211; A divlje svinje? \u2013 ka\u017eu oni zabrinuto.<\/p>\n<p>&#8211; Nema ih ovako visoko, malo su ni\u017ee \u2013 dodam, pa ih ipak dobronamjerno uputim \u2013 Ako vidite svje\u017ee razrovan put a ni\u0111e veze, ili \u017eir po podu, ili naletite na dosta gljiva, onda ste do\u0161li ravno u njihov omiljeni restoran. Mo\u017eda ne u istu uru, ali tu su negdi blizu.<\/p>\n<p>Pozdravimo se i svako ode svojim putem. Oni me\u0111u stabla, ja i psi po stazi koja se malo vidi, malo ne vidi. Ovako duboko u \u0161umi nema otpada i zanimljivo mi je da me moji do malo\u010das sugovornici nisu ni\u0161ta pitali o tome. Vjerojatno su hiperfokusirani na drvenast okus kestena. Ne volim ga, tako je, kako je. Uglavnom, divlji odlaga\u010di biraju strmine. Dosta je zemlje ovdje raspore\u0111eno ba\u0161 na usjecima brda, a ceste su gra\u0111ene po njihovim sredinama, i dosta je zemlje obraslo, pa \u0161a\u0161 mo\u017ee \u0161to\u0161ta skriti, i to na\u017ealost s obje strane. Niti sto metara od moje ku\u0107e, \u0161a\u0161 krije nekoliko vre\u0107a nekad suhog cementa, taman nadohvat oku, ali ne i ruci, zamije\u0161anih s ki\u0161om i ostalim vla\u017enim vremenskim uvjetima. \u0160to je ispod, ne vidi se. Na dnu na\u0161e brazde neki je prirodni bazen, i susjedi stidljivo pri\u010duckaju, tad kad se sretnemo jednom u tristo godina, da se do njega ne mo\u017ee do\u0107i pje\u0161ke, ali da mali traktori dobre snage s prikolicom isto znaju nestati u toj duplji i vratiti se prazni. Na aplikaciji Zelene akcije \u2013 Pametni zeleni telefon, ta rupa nije ukucana kao divlji otpad, i dok je netko zbilja ne potvrdi kao takvu, a ne rekla-kazala pri\u010du, ne\u0107e ni biti. Ali mnoge pokraj kojih u blizini \u0161ume svakodnevno prolazim \u2013 jesu. Ne samo na toj aplikaciji, nego i na stranici Evidencija lokalnog odba\u010denog otpada. Zagreb izgleda kao da ga je pogodila neka sme\u0107arska revolucija. Sve se crveni od dojava otpada, grad je, sude\u0107i po \u0161umi, u dubokoj renovaciji.<\/p>\n<p>Nekih dvjestotinjak metara dalje, kako se put vrtio sve dublje i dublje u \u0161umu, ovaj moj odvezani pas vrati se do mene s kestenom veli\u010dine krumpira u zubima.<\/p>\n<p>&#8211; Odakle ti to? \u2013 pljune ga preda me kao lopticu, a drugi ga pas, mlinac za orahe, zgrabi i samelje u zubima. Tome svemu posvjedo\u010di starija gospo\u0111a koja se uka\u017ee meni licem u lice.<\/p>\n<p>&#8211; Jeste vi zapravo \u2013 pitam je u zezanciji.<\/p>\n<p>&#8211; Jesam, jesam \u2013 odgovori \u2013 jeste vi?<\/p>\n<p>&#8211; I ja sam zapravo. I pasi isto \u2013 ka\u017eem sr\u010dano. Smijemo se svi, jedan pas laje.<\/p>\n<p>\u017dena je u ranim sedamdesetima, u crnoj suknji, gamo\u0161icama i s ko\u017enom torbom iz koje vire dvije crvene plasti\u010dne svije\u0107e. Kao da je s Dolca zalutala usred \u0161ume. Krati put do groblja, doznat \u0107u.<\/p>\n<p>&#8211; Tu ja prisi\u010dem \u2013 ka\u017ee na nekom tvrdom naglasku, jednom od ovih ju\u017enijih, koji su kruh i \u0161kolu tra\u017eili u Zagrebu. \u2013 Ide put ovako \u2013 zavrti se ko iglica na kompasu.<\/p>\n<p>&#8211; Pa jel vas straj \u2013 pitam je.<\/p>\n<p>&#8211; A \u010dega? \u0160uma ko i svaka!<\/p>\n<p>&#8211; A ja moram potro\u0161it 300 eura u Decathlona na ove-one ga\u0107e, patike, protuklizno, protuvodno, protu\u017eivotno i smrtno da se skotrljam do ovde \u2013 ka\u017eem joj.<\/p>\n<p>&#8211; Prodalo vam foru, gospo\u0111o \u2013 ka\u017ee mi suputnica. \u2013 A \u0111e si ti mali na\u0161o taj kesten? \u2013 obrati se ona mom psu.<\/p>\n<p>&#8211; Jel vam se jedu? \u2013 pitam je.<\/p>\n<p>&#8211; Nego \u0161ta. Ali ove godine nema ili ima za po skupo. Ode iz grada do\u0111u ili da po\u010diste ili da zagade \u2013 pouzdana je sugovornica.<\/p>\n<p>Pogledam psa. Pametan je i donekle istreniran, ni pro\u0161li kesten ne bi donio da ga nije zamijenio za lopticu. Znam to\u010dno \u0161ta mu moram re\u0107i.<\/p>\n<p>&#8211; Pippo, di je loptica? Ajde, tra\u017ei, tra\u017ei!<\/p>\n<p>Pippo poludi pa otr\u010di dalje u \u0161umu, iza prirodne ograde nekih srame\u017eljivih stabala i donese kesten velik kao i prvi. Gospo\u0111a i ja se pogledamo i krenemo putem kojim je do\u0161ao. Ona u hodu iz ko\u017ene torbe izvadi krpenu kesu smotanu u svoj d\u017eepi\u0107. Pred nama se otvori desetak debelih, velikih stabala kestena. Po svemu, ne bi trebali biti tu. Nakon nekih sat vremena ra\u0111e, kesa je puna i prsti bole.<\/p>\n<p>&#8211; A di \u0107emo sad s ovim \u2013 poka\u017eem na kesu.<\/p>\n<p>Znam ja, gospo\u0111a me pogleda i uputi nizbrdo, kuda je krenula. Nosi malo ona, malo ja, kad eto odlagali\u0161te. Nadigne jednu staru kadu i u nju zbuksa kestenje. Jo\u0161 na sve pobaca malo \u0161ute i staru \u0161pinu, a ja refleksno podignem palac u zrak.<\/p>\n<p>&#8211; Ko da je koga briga, odlipljeno sve od stvarnoga \u017eivota, ode ni dragi bogo ne gleda \u2013 ka\u017ee mi. Ostavljam joj svoj broj mobitela da mi se javi kad sve obavi, dok ja do\u0111em do doma i auta, taman skupim i nju i kesu i povezem ih doma.<\/p>\n<p>Predahnem uz mobitel i pro\u010da\u010dkam je li i ovo odlagali\u0161te ukucano u jednu od dvije mi dostupne evidencije. Je! Ali ve\u0107 se sku\u0107ilo i pretvorilo u ormari\u0107 za moju susjedu, toliko je dugo tu da je \u010dovjeku postalo korisno. Da se bar mu\u010dimo i gr\u010dimo dok se adaptiramo na zvizdarije, pogledam put uzbrdo. Ne\u0107e biti jednostavno, pomislim.<\/p>\n<p><em>pi\u0161e Marija Andrija\u0161evi\u0107<\/em><\/p>\n","protected":false},"excerpt":{"rendered":"<p>Do\u0111u, ponekad no\u0107u, ponekad i danju, u kasno popodne. Parkiraju uz rub ne\u010dije zemlje. Zauzmu je kao da je njihova i na prvu nema\u0161 dojam da je to itko drugi doli vlasnik. Sutradan, zemlja je posijana \u0161utom iz zagreba\u010dkih zahoda i kuhinja<\/p>\n","protected":false},"featured_media":6712,"template":"","tags":[177],"atribut":[],"class_list":["post-7336","nada","type-nada","status-publish","has-post-thumbnail","hentry","tag-vrzino-kolo-hr"],"acf":[],"yoast_head":"<!-- This site is optimized with the Yoast SEO plugin v27.4 - https:\/\/yoast.com\/product\/yoast-seo-wordpress\/ -->\n<title>\u010cud(es)na \u0161uma - SDF - Srpski demokratski forum<\/title>\n<meta name=\"robots\" content=\"index, follow, max-snippet:-1, max-image-preview:large, max-video-preview:-1\" \/>\n<link rel=\"canonical\" href=\"https:\/\/sdf.hr\/hr\/nada\/cudesna-suma\/\" \/>\n<meta property=\"og:locale\" content=\"hr_HR\" \/>\n<meta property=\"og:type\" content=\"article\" \/>\n<meta property=\"og:title\" content=\"\u010cud(es)na \u0161uma - SDF - Srpski demokratski forum\" \/>\n<meta property=\"og:description\" content=\"Do\u0111u, ponekad no\u0107u, ponekad i danju, u kasno popodne. Parkiraju uz rub ne\u010dije zemlje. Zauzmu je kao da je njihova i na prvu nema\u0161 dojam da je to itko drugi doli vlasnik. Sutradan, zemlja je posijana \u0161utom iz zagreba\u010dkih zahoda i kuhinja\" \/>\n<meta property=\"og:url\" content=\"https:\/\/sdf.hr\/hr\/nada\/cudesna-suma\/\" \/>\n<meta property=\"og:site_name\" content=\"SDF - Srpski demokratski forum\" \/>\n<meta property=\"article:modified_time\" content=\"2025-10-24T10:13:47+00:00\" \/>\n<meta property=\"og:image\" content=\"https:\/\/sdf.hr\/wp-content\/uploads\/2025\/06\/Andrijasevic_Duska-Boban-1-scaled.jpg\" \/>\n\t<meta property=\"og:image:width\" content=\"2560\" \/>\n\t<meta property=\"og:image:height\" content=\"1685\" \/>\n\t<meta property=\"og:image:type\" content=\"image\/jpeg\" \/>\n<meta name=\"twitter:card\" content=\"summary_large_image\" \/>\n<meta name=\"twitter:label1\" content=\"Procijenjeno vrijeme \u010ditanja\" \/>\n\t<meta name=\"twitter:data1\" content=\"7 minuta\" \/>\n<script type=\"application\/ld+json\" class=\"yoast-schema-graph\">{\"@context\":\"https:\\\/\\\/schema.org\",\"@graph\":[{\"@type\":\"WebPage\",\"@id\":\"https:\\\/\\\/sdf.hr\\\/hr\\\/nada\\\/cudesna-suma\\\/\",\"url\":\"https:\\\/\\\/sdf.hr\\\/hr\\\/nada\\\/cudesna-suma\\\/\",\"name\":\"\u010cud(es)na \u0161uma - SDF - Srpski demokratski forum\",\"isPartOf\":{\"@id\":\"https:\\\/\\\/sdf.hr\\\/#website\"},\"primaryImageOfPage\":{\"@id\":\"https:\\\/\\\/sdf.hr\\\/hr\\\/nada\\\/cudesna-suma\\\/#primaryimage\"},\"image\":{\"@id\":\"https:\\\/\\\/sdf.hr\\\/hr\\\/nada\\\/cudesna-suma\\\/#primaryimage\"},\"thumbnailUrl\":\"https:\\\/\\\/sdf.hr\\\/wp-content\\\/uploads\\\/2025\\\/06\\\/Andrijasevic_Duska-Boban-1-scaled.jpg\",\"datePublished\":\"2025-10-24T10:12:52+00:00\",\"dateModified\":\"2025-10-24T10:13:47+00:00\",\"breadcrumb\":{\"@id\":\"https:\\\/\\\/sdf.hr\\\/hr\\\/nada\\\/cudesna-suma\\\/#breadcrumb\"},\"inLanguage\":\"hr\",\"potentialAction\":[{\"@type\":\"ReadAction\",\"target\":[\"https:\\\/\\\/sdf.hr\\\/hr\\\/nada\\\/cudesna-suma\\\/\"]}]},{\"@type\":\"ImageObject\",\"inLanguage\":\"hr\",\"@id\":\"https:\\\/\\\/sdf.hr\\\/hr\\\/nada\\\/cudesna-suma\\\/#primaryimage\",\"url\":\"https:\\\/\\\/sdf.hr\\\/wp-content\\\/uploads\\\/2025\\\/06\\\/Andrijasevic_Duska-Boban-1-scaled.jpg\",\"contentUrl\":\"https:\\\/\\\/sdf.hr\\\/wp-content\\\/uploads\\\/2025\\\/06\\\/Andrijasevic_Duska-Boban-1-scaled.jpg\",\"width\":2560,\"height\":1685,\"caption\":\"Marija Andrija\u0161evi\u0107 (Foto: Du\u0161ka Boban)\"},{\"@type\":\"BreadcrumbList\",\"@id\":\"https:\\\/\\\/sdf.hr\\\/hr\\\/nada\\\/cudesna-suma\\\/#breadcrumb\",\"itemListElement\":[{\"@type\":\"ListItem\",\"position\":1,\"name\":\"Po\u010detna stranica\",\"item\":\"https:\\\/\\\/sdf.hr\\\/hr\\\/\"},{\"@type\":\"ListItem\",\"position\":2,\"name\":\"Nada\",\"item\":\"https:\\\/\\\/sdf.hr\\\/nada\\\/\"},{\"@type\":\"ListItem\",\"position\":3,\"name\":\"\u010cud(es)na \u0161uma\"}]},{\"@type\":\"WebSite\",\"@id\":\"https:\\\/\\\/sdf.hr\\\/#website\",\"url\":\"https:\\\/\\\/sdf.hr\\\/\",\"name\":\"SDF - Srpski demokratski forum\",\"description\":\"Srpski demokratski forum\",\"publisher\":{\"@id\":\"https:\\\/\\\/sdf.hr\\\/#organization\"},\"potentialAction\":[{\"@type\":\"SearchAction\",\"target\":{\"@type\":\"EntryPoint\",\"urlTemplate\":\"https:\\\/\\\/sdf.hr\\\/?s={search_term_string}\"},\"query-input\":{\"@type\":\"PropertyValueSpecification\",\"valueRequired\":true,\"valueName\":\"search_term_string\"}}],\"inLanguage\":\"hr\"},{\"@type\":\"Organization\",\"@id\":\"https:\\\/\\\/sdf.hr\\\/#organization\",\"name\":\"SDF - Srpski demokratski forum\",\"url\":\"https:\\\/\\\/sdf.hr\\\/\",\"logo\":{\"@type\":\"ImageObject\",\"inLanguage\":\"hr\",\"@id\":\"https:\\\/\\\/sdf.hr\\\/#\\\/schema\\\/logo\\\/image\\\/\",\"url\":\"https:\\\/\\\/sdf.hr\\\/wp-content\\\/uploads\\\/2021\\\/07\\\/logo-hr.svg\",\"contentUrl\":\"https:\\\/\\\/sdf.hr\\\/wp-content\\\/uploads\\\/2021\\\/07\\\/logo-hr.svg\",\"width\":271,\"height\":100,\"caption\":\"SDF - Srpski demokratski forum\"},\"image\":{\"@id\":\"https:\\\/\\\/sdf.hr\\\/#\\\/schema\\\/logo\\\/image\\\/\"}}]}<\/script>\n<!-- \/ Yoast SEO plugin. -->","yoast_head_json":{"title":"\u010cud(es)na \u0161uma - SDF - Srpski demokratski forum","robots":{"index":"index","follow":"follow","max-snippet":"max-snippet:-1","max-image-preview":"max-image-preview:large","max-video-preview":"max-video-preview:-1"},"canonical":"https:\/\/sdf.hr\/hr\/nada\/cudesna-suma\/","og_locale":"hr_HR","og_type":"article","og_title":"\u010cud(es)na \u0161uma - SDF - Srpski demokratski forum","og_description":"Do\u0111u, ponekad no\u0107u, ponekad i danju, u kasno popodne. Parkiraju uz rub ne\u010dije zemlje. Zauzmu je kao da je njihova i na prvu nema\u0161 dojam da je to itko drugi doli vlasnik. Sutradan, zemlja je posijana \u0161utom iz zagreba\u010dkih zahoda i kuhinja","og_url":"https:\/\/sdf.hr\/hr\/nada\/cudesna-suma\/","og_site_name":"SDF - Srpski demokratski forum","article_modified_time":"2025-10-24T10:13:47+00:00","og_image":[{"width":2560,"height":1685,"url":"https:\/\/sdf.hr\/wp-content\/uploads\/2025\/06\/Andrijasevic_Duska-Boban-1-scaled.jpg","type":"image\/jpeg"}],"twitter_card":"summary_large_image","twitter_misc":{"Procijenjeno vrijeme \u010ditanja":"7 minuta"},"schema":{"@context":"https:\/\/schema.org","@graph":[{"@type":"WebPage","@id":"https:\/\/sdf.hr\/hr\/nada\/cudesna-suma\/","url":"https:\/\/sdf.hr\/hr\/nada\/cudesna-suma\/","name":"\u010cud(es)na \u0161uma - SDF - Srpski demokratski forum","isPartOf":{"@id":"https:\/\/sdf.hr\/#website"},"primaryImageOfPage":{"@id":"https:\/\/sdf.hr\/hr\/nada\/cudesna-suma\/#primaryimage"},"image":{"@id":"https:\/\/sdf.hr\/hr\/nada\/cudesna-suma\/#primaryimage"},"thumbnailUrl":"https:\/\/sdf.hr\/wp-content\/uploads\/2025\/06\/Andrijasevic_Duska-Boban-1-scaled.jpg","datePublished":"2025-10-24T10:12:52+00:00","dateModified":"2025-10-24T10:13:47+00:00","breadcrumb":{"@id":"https:\/\/sdf.hr\/hr\/nada\/cudesna-suma\/#breadcrumb"},"inLanguage":"hr","potentialAction":[{"@type":"ReadAction","target":["https:\/\/sdf.hr\/hr\/nada\/cudesna-suma\/"]}]},{"@type":"ImageObject","inLanguage":"hr","@id":"https:\/\/sdf.hr\/hr\/nada\/cudesna-suma\/#primaryimage","url":"https:\/\/sdf.hr\/wp-content\/uploads\/2025\/06\/Andrijasevic_Duska-Boban-1-scaled.jpg","contentUrl":"https:\/\/sdf.hr\/wp-content\/uploads\/2025\/06\/Andrijasevic_Duska-Boban-1-scaled.jpg","width":2560,"height":1685,"caption":"Marija Andrija\u0161evi\u0107 (Foto: Du\u0161ka Boban)"},{"@type":"BreadcrumbList","@id":"https:\/\/sdf.hr\/hr\/nada\/cudesna-suma\/#breadcrumb","itemListElement":[{"@type":"ListItem","position":1,"name":"Po\u010detna stranica","item":"https:\/\/sdf.hr\/hr\/"},{"@type":"ListItem","position":2,"name":"Nada","item":"https:\/\/sdf.hr\/nada\/"},{"@type":"ListItem","position":3,"name":"\u010cud(es)na \u0161uma"}]},{"@type":"WebSite","@id":"https:\/\/sdf.hr\/#website","url":"https:\/\/sdf.hr\/","name":"SDF - Srpski demokratski forum","description":"Srpski demokratski forum","publisher":{"@id":"https:\/\/sdf.hr\/#organization"},"potentialAction":[{"@type":"SearchAction","target":{"@type":"EntryPoint","urlTemplate":"https:\/\/sdf.hr\/?s={search_term_string}"},"query-input":{"@type":"PropertyValueSpecification","valueRequired":true,"valueName":"search_term_string"}}],"inLanguage":"hr"},{"@type":"Organization","@id":"https:\/\/sdf.hr\/#organization","name":"SDF - Srpski demokratski forum","url":"https:\/\/sdf.hr\/","logo":{"@type":"ImageObject","inLanguage":"hr","@id":"https:\/\/sdf.hr\/#\/schema\/logo\/image\/","url":"https:\/\/sdf.hr\/wp-content\/uploads\/2021\/07\/logo-hr.svg","contentUrl":"https:\/\/sdf.hr\/wp-content\/uploads\/2021\/07\/logo-hr.svg","width":271,"height":100,"caption":"SDF - Srpski demokratski forum"},"image":{"@id":"https:\/\/sdf.hr\/#\/schema\/logo\/image\/"}}]}},"_links":{"self":[{"href":"https:\/\/sdf.hr\/hr\/wp-json\/wp\/v2\/nada\/7336","targetHints":{"allow":["GET"]}}],"collection":[{"href":"https:\/\/sdf.hr\/hr\/wp-json\/wp\/v2\/nada"}],"about":[{"href":"https:\/\/sdf.hr\/hr\/wp-json\/wp\/v2\/types\/nada"}],"wp:featuredmedia":[{"embeddable":true,"href":"https:\/\/sdf.hr\/hr\/wp-json\/wp\/v2\/media\/6712"}],"wp:attachment":[{"href":"https:\/\/sdf.hr\/hr\/wp-json\/wp\/v2\/media?parent=7336"}],"wp:term":[{"taxonomy":"post_tag","embeddable":true,"href":"https:\/\/sdf.hr\/hr\/wp-json\/wp\/v2\/tags?post=7336"},{"taxonomy":"atribut","embeddable":true,"href":"https:\/\/sdf.hr\/hr\/wp-json\/wp\/v2\/atribut?post=7336"}],"curies":[{"name":"wp","href":"https:\/\/api.w.org\/{rel}","templated":true}]}}