{"id":7342,"date":"2025-10-26T08:11:27","date_gmt":"2025-10-26T07:11:27","guid":{"rendered":"https:\/\/sdf.hr\/nada\/adam-semijalac-autorski-integritet-ima-svoju-cijenu\/"},"modified":"2025-11-16T09:57:04","modified_gmt":"2025-11-16T08:57:04","slug":"adam-semijalac-autorski-integritet-ima-svoju-cijenu","status":"publish","type":"nada","link":"https:\/\/sdf.hr\/hr\/nada\/adam-semijalac-autorski-integritet-ima-svoju-cijenu\/","title":{"rendered":"Adam Semijalac: Autorski integritet ima svoju cijenu"},"content":{"rendered":"<p>Moram priznati da sam imala tremu prije ovog intervjua. <strong>Adam Semijalac<\/strong> uvijek je bio pojam muzi\u010dara kojeg beskrajno cijeni svatko tko zna i\u0161ta o muzici. Ako ima\u0161 imalo ukusa, \u010deka\u0161 idu\u0107i koncert Beb\u00e8 Na Vol\u00e8. Onda su se desili korona i \u017eivot i nakon tri godine cijelo je moje okru\u017eenje odbrojavalo do izlaska albuma &#8220;Ode dite&#8221;. Od bluza do mra\u010dnih dubina doma\u0107e tradicijske muzike, Adam je redao pet od pet zvjezdica u ve\u0107ini kritika. Kao netko bez sluha, nisam bila sigurna kako se postaviti prema za mene svojevrsnoj <em>underground <\/em>ikoni, pa sam izvukla sun\u010dane nao\u010dale i neki &#8220;tvrda, ali i otvorena&#8221; stav i sjela na kavu. Onda je do\u0161ao Adam sa sli\u010dnim vajbom. Pa smo krenuli pri\u010dati \u0161to koga boli, ko&#8217; dvije babe Ljube na klupi. I trema je nestala, kao \u0161to, vjerujem, nestane i njemu \u010dim uzme gitaru. Ili dangubicu.<\/p>\n<p>Adam Semijalac je zagreba\u010dki muzi\u010dar. Pod imenom Beb\u00e8 Na Vol\u00e8 izdao je albume &#8220;Time of Great Depression&#8221; i &#8220;Hate is a Wonderful Thing&#8221;, a singl &#8220;Baba Ljuba blues&#8221;, snimljen u\u017eivo ispred ku\u0107e u Brisnici kraj Posedarja, postao je poprili\u010dan hit. Godine 2020. objavio je &#8220;Tanac za crnega vraga&#8221;, album kojim zapo\u010dinje istra\u017eivanje doma\u0107e tradicijske muzike. Nakon toga je s <strong>Dunjom Knebl<\/strong> snimio &#8220;Moje srce se raskoli&#8221;, a 2023. izdao je &#8220;Ode dite&#8221;, na kojem je koristio tradicionalne instrumente koje ranije nije svirao, poput dangubice i bugarije.<\/p>\n<p><strong>&#8220;Oj drugovi mili \/ Vama zapoma\u017eem \/ Hladnu pu\u0161ku nosim \/ Samom sebi la\u017eem&#8221;, pjevate u posljednjem singlu, antiratnoj pjesmi &#8220;Drugovi moji&#8221;, koju ste snimili u\u017eivo u Brodarskom institutu u Zagrebu. Za\u0161to ste odabrali Brodarski?<\/strong><\/p>\n<p>Nije bila poanta, kao u mnogim umjetni\u010dkim projektima, koristiti prostor samo kao kulisu. Re\u017eija je rad <strong>Nives Serti\u0107<\/strong>, a za mene je to bila zadnja prilika da dokumentiram dio maminog \u017eivota, \u017eivota koji je obilje\u017eio i mene kao dijete. Htio sam napraviti svojevrsni oma\u017e tom mjestu i njegovim radnicima. I biv\u0161ima i ovima koji su preostali, njih trinaest. Moja mama je u mirovini, ali i dalje radi na pola radnog vremena jer osje\u0107a du\u017enost. Nekad je taj Brodarski bio prepun ljudi, tri kata ureda, a danas radnici nose svoj WC papir i \u010diste za sobom. Nedavno mi je rekla &#8220;Upalili su nam grijanje!&#8221; jer prije je zimi na posao dolazila sa svojom puhalicom i uvijek bi se prehladila. Prostor propada, ali nije izgubio potencijal, a glavni potencijal je upravo u ljudima.<\/p>\n<p>Isprva sam planirao snimati spot u Spomen-parku Brezovica, no <strong>Mateo Patekar<\/strong>, koji je radio zvuk, rekao je da je Dunjaluk nedavno snimao u\u017eivo ispred Spomenika revoluciji u Kor\u010danici. Mislio sam, pa \u0161to, pokrenimo trend glazbe ispred spomenika. No onda mi je pao na pamet Brodarski. I on je svojevrsni spomenik jednog vremena \u2013 iako ljudi u njemu i dalje rade, prostor vidljivo propada i preuzima ga priroda: bilje, ptice, ma\u010dke. Nives je dolazila nekoliko dana da se upozna s prostorom, a audio smo snimili u jednom danu.<\/p>\n<p><strong>Uz spot ste objavili i popratni tekst majke Gordane o nastanku, razvoju i propasti Brodarskog instituta. Ona se na kraju pita: &#8220;Mo\u017eemo li bolje?&#8221;<\/strong><\/p>\n<p>Da ima politi\u010dke volje, mogli bismo, oni su jedini takav laboratorij u ovom dijelu Europe i rade jako dobro. No, kao i sve drugo, dr\u017eava ga sustavno ignorira i pu\u0161ta da propadne.<\/p>\n<p><strong>Album &#8220;Ode dite&#8221; posvetili ste na\u0161im djedovima i bakama antifa\u0161istima. Kako su vas va\u0161i inspirirali?<\/strong><\/p>\n<p>Sve je zapravo krenulo od njih. Godinama sam ih snimao onako poskrive\u010dki dok pri\u010daju o ratu. Kroz njihove pri\u010de vidi\u0161 folklor, povijest obitelji i ogromnu nepravdu koju su pro\u017eivjeli. To su ljudi koji su radili cijeli \u017eivot i vjerovali u ideju socijalizma, jednakosti, bratstva i jedinstva. Devedesetih su im oduzete penzije i potpuno su degradirani. Moj dida, koji je napustio JNA zbog neslaganja s partijskom politikom, tokom posljednjeg rata nudio je pomo\u0107 Hrvatskoj vojsci jer je bio stru\u010dnjak za aerodinamiku, a oni su ga ignorirali i prozvali Jugoslavenom. Gledao sam kako su ljudi koji su me odgojili poni\u017eeni, kako \u017eivotare, didu u ratu kako u svom prastarom autu ide na glavni trg po vodu, riskiraju\u0107i \u017eivu glavu.<\/p>\n<p><strong>S partnericom selmom banich ste prije nastanka albuma istra\u017eivali tradicijsku muziku na Institutu za etnologiju i folkloristiku. Kako je izgledao taj proces, \u0161to ste sve iskopali?<\/strong><\/p>\n<p>Zamolio sam ih da nam na\u0111u snimke prije nastanka KUD-ova, prije ispoliranih festivalskih izvedbi. I ja sam, kao i svi, imao traume od hrvatskog folklora kakvog smo mogli gledati na TV-u, od festivala, turneja po sportskim dvoranama i u\u0161timanih tamburica. Tra\u017eio sam najstarije arhive, snimke baba po regijama, od slavonskih svadbi do ribarskih fe\u0161ta i otkrio koliko je taj folklor zapravo dubok, mra\u010dan i fascinantan. Tradicijska glazba koju smo svi imali prilike \u010duti uvijek mi je zvu\u010dala ispolirano i kruto, bez <em>glissanda<\/em> i &#8220;prljav\u0161tine&#8221;. Ali ljudi su prije pjevali puno slobodnije, po osje\u0107aju. O\u010dito im je netko do\u0161ao i rekao da su fal\u0161 i da to moraju mijenjati. Grozno, to kao da je <strong>Alan Lomax<\/strong>, ameri\u010dki etnomuzikolog, do\u0161ao bluzerima i rekao da se otrijezne i mijenjaju na\u010din pjevanja.<\/p>\n<p>Nakon tog iskustva snimio sam &#8220;Tanec za crnoga vraga&#8221;, koji je dobio pozitivne reakcije, pa album s Dunjom Knebl, a onda sam nastavio istra\u017eivati glazbu i instrumente, na\u0161e naslje\u0111e, rat i tako je nastao album &#8220;Ode dite&#8221;. Toliko me odu\u0161evilo to \u0161to smo prona\u0161li da sam rekao ljudima iz Instituta da se ta prava tradicijska glazba mora staviti u \u0161kolske ud\u017ebenike, da djeca nau\u010de kako su ljudi pjevali i \u0161to su osje\u0107ali prije poliranja. Jo\u0161 jedna stvar koju nam je istra\u017eivanje potvrdilo je, makar zvu\u010dalo kao fraza, \u010dinjenica da glazba nema granice. Svi ti napjevi, recimo iz Slavonije i Vojvodine, zvu\u010de gotovo identi\u010dno.<\/p>\n<p><iframe loading=\"lazy\" title=\"Adam Semijalac  - DRUGOVI MOJI  - live at Brodarski\" width=\"800\" height=\"450\" src=\"https:\/\/www.youtube.com\/embed\/ddyc9llVqnI?feature=oembed\" frameborder=\"0\" allow=\"accelerometer; autoplay; clipboard-write; encrypted-media; gyroscope; picture-in-picture; web-share\" referrerpolicy=\"strict-origin-when-cross-origin\" allowfullscreen><\/iframe><\/p>\n<p><strong>Ne mo\u017eemo presko\u010diti pitanje: kako ste od bluzera do\u0161li do, kako bismo to nazvali, muzi\u010dara koji pomi\u010de granice doma\u0107eg folklora?<\/strong><\/p>\n<p>Mijenja\u0161 se, radi\u0161, istra\u017euje\u0161. Bio sam u Chicagu prije petnaest godina i tra\u017eio sebe. \u010cika\u0161ki <em>blues<\/em>, <em>blues<\/em> moderniziran bijegom ljudi s ruralnog juga u potrazi za boljim \u017eivotom, bio mi je blizak, ali kada sam do\u0161ao tamo i vidio da vi\u0161e nema nekakvog autenti\u010dnog zvuka, ve\u0107 je sve manje-vi\u0161e predstava za turiste, osjetio sam se kao stranac \u2013 \u0161to i jesam. Dodu\u0161e, ne \u017eivim ni u Posedarju, ni u Lici, ni u Slavoniji, a muzi\u010dki me inspiriraju, ipak ih osje\u0107am. U kona\u010dnici, ja sam dijete betona i Zagreba, odrastao na Savici me\u0111u brutalisti\u010dkom arhitekturom. I taj spoj tradicije i urbanog \u017eivota, tog betona i brutalizma me tako\u0111er zanima. Vidjet \u0107emo gdje \u0107e me to dalje odvesti u radu, tko zna.<\/p>\n<p><strong>Nakon dva albuma na engleskom jeziku, prije deset godina objavili ste &#8220;Baba Ljuba Blues&#8221; i internet je naprosto poludio. Kako je nastala pjesma?<\/strong><\/p>\n<p>Nakon svirki u Splitu i Kninu, <strong>selma<\/strong> i ja smo se vratili spavati u Posedarje kod babe i dide, i baba nas je pozvala da beremo \u0161paroge u Brisnicu, u njeno selo u brdu. Ponio sam gitaru, sjeo s babom na zidi\u0107, a selma me snimala dok sam svirao, paralelno je baterija na kameri crkavala. Snimka je stajala u ladici par godina, dok je nisam opet poslu\u0161ao i stavio na YouTube. Ljudi su se po\u010deli masovno javljati, hvaliti, preslu\u0161avati.<\/p>\n<p>Smije\u0161no je kako slu\u010dajna snimka i improvizacija mogu postati hit. Malo prije toga sam radio album &#8220;Hate is a Wonderful Thing&#8221;, s kojim sam toliko picajzlirao, sve je moralo biti savr\u0161eno, totalni OKP. Valjda je istina ono \u0161to ka\u017eu, da si lud u trenu kada misli\u0161 da je tvoj posao jako va\u017ean. Onda je do\u0161la &#8220;Baba Ljuba&#8221;, i tada sam shvatio \u0161to sve mo\u017ee\u0161 raditi s dijalektom. Na novom albumu sam snimio novu verziju pjesme, na dangubici. Neki su ljudi, koji su se sa\u017eivjeli s prvom verzijom, rekli da &#8220;to nije to&#8221;, ali meni se ba\u0161 svi\u0111a.<\/p>\n<p><strong>Je li baba na snimci baba Ljuba?<\/strong><\/p>\n<p>Nije, na snimci je moja baba <strong>Stoja<\/strong>, <strong>Ljuba<\/strong> je bila njena sestra, koja je bila pravi, \u010disti <em>blues<\/em>. Svi su joj umrli, stalno je ponavljala kako ni\u0161ta nema smisla, ali opet, \u010dim bi bila malo bolje, ustala bi iz kreveta i poku\u0161avala raditi u vrtlu. I tako u krug.<\/p>\n<p><strong>Najavljuju\u0107i album &#8220;Ode dite&#8221; otvoreno ste pri\u010dali o karcinomu \u0161titnja\u010de i ostanku bez glasa. Kako su bolest i operacija utjecali na va\u0161e pjevanje?<\/strong><\/p>\n<p>Kada je krenula korona, sku\u017eio sam da nisam dobro, da ne\u0161to ne \u0161tima. selma vi\u010de: &#8220;Idi kod doktora!&#8221;, a ja, kao &#8220;pravo mu\u0161ko&#8221; \u2013 &#8220;ne\u0107u kod doktora&#8221;. Na kraju sam oti\u0161ao, napravili su mi sken i doktorica je rekla da imam izraslinu na \u0161titnja\u010di. To je vrijeme potresa, razvaljenog stana, ja ne mogu pjevati, u paranoji sam od korone, nemamo para. I ni\u0161ta, zakazali smo operaciju. Kirurgu sam samo rekao da mi pazi na glas jer s njim radim. Nakon operacije neki pacijenti ne mogu odmah govoriti, ja sam mogao pa sam bio kratko miran. Saznao sam da su mi prona\u0161li karcinom na dva mjesta, da moram na zra\u010denja i primati cjelo\u017eivotnu hormonsku terapiju. Ali cijelo vrijeme sam mislio dobro, rana \u0107e zacijeliti, vratit \u0107e mi se raspon glasa. Na kraju mi je otorinac rekao da mi jedna glasnica ne stoji dobro, da mi je pri operaciji o\u0161te\u0107en \u017eivac i da je to to. I\u0161ao sam i kod logopeda, potro\u0161io dosta para, ali glas se nije vratio.<\/p>\n<p>Onda si misli\u0161 \u2013 \u0161ta sad? Mo\u017ee\u0161 odustati, mo\u017ee\u0161 se \u010dupati, stvarati, pronalaziti nove smjerove. Kada sam krenuo svirati tamburicu, rekao sam joj: &#8220;Ti si ograni\u010dena, ja sam ograni\u010den, nema veze, idemo stvarati samo tvrdu istinu.&#8221; Plan je bio tradicijskom zvuku dati mikrotonove. <em>Blues<\/em>. Bar mi ideja ne nedostaje.<\/p>\n<p><strong>Pro\u0161le ste godine sa zborom Fige album predstavili u Lisinskom. Kako vam je bilo nastupati u\u017eivo?<\/strong><\/p>\n<p>Od svoje osme do \u010detrdesete godine aktivno sam koristio glas i mogao sam se derati cijelu no\u0107 i probuditi kao da se ni\u0161ta nije dogodilo. Bilo mi je jako \u010dudno naprezati se, pjevati u boli, raditi glazbu bez mog &#8220;starog&#8221; glasa. Kao da sam maratonac koji je zavr\u0161io u krevetu. Ovo sam ljeto morao odbiti nastupe na \u010detiri festivala jer mi je prenaporno, nakon koncerta ne mogu pri\u010dati po dva dana. Naprosto se moram \u010duvati i koristiti glas onoliko koliko mogu. Eto, tako mi je bilo.<\/p>\n<p><strong>Ipak, nastupate na druga\u010dije na\u010dine, u kojima ne morate koristiti glas, ostvarili ste suradnju s Bojanom Gagi\u0107em. Recite nam \u0161to ste sve radili?<\/strong><\/p>\n<p>WHW je u novom prostoru u Dra\u0161kovi\u0107evoj u Zagrebu organizirao performans &#8220;Exaqua Ayeshe Hameed&#8221;, u suradnji s <strong>Bojanom <\/strong>i sa mnom, to mi je bila sjajna prilika da provu\u010dem tamburicu kroz <em>looper <\/em>i raznorazne efekte, da malo &#8220;zanojzam&#8221;. Nastupali smo nedavno i na Ribnjaku, nastup smo nazvali &#8220;Noise for Palestine&#8221;, sakupljale su se pare za hranu obiteljima u Gazi.<\/p>\n<p>To mi je bilo super jer nisam morao po\u0161tovati nikakvu formu, nego sam se jednostavno mogao pustiti s lanca i u\u017eivati u zvuku. \u0160ta god ispadne, meni je to super, i Bojanu isto. Sada imam ideju da mo\u017eda ne\u0161to vi\u0161e radimo u tom smjeru, da se redovito nalazimo i snimamo. Ali za to bismo trebali imati radne uvjete, makar nekakav gradski prostor u kojem mo\u017eemo raditi.<\/p>\n<p><strong> A gdje radite?<\/strong><\/p>\n<p>U svojoj sobi. Kada sam snimao album &#8220;Hate is a Wonderful Thing&#8221;, stalno mi je netko od susjeda zvao policiju. Gitare nisu bile glasne, ali \u010dim krenem, vidim kako dolazi bijeli policijski auto. Klik, gasim sve, dosta snimanja za danas. Policajci do\u0111u, ka\u017eu: &#8220;\u017dao nam je, eto, opet vas nismo uhvatili na djelu.&#8221; I tako se u vlastitom domu osje\u0107a\u0161 kao stranac.<\/p>\n<figure id=\"attachment_7340\" aria-describedby=\"caption-attachment-7340\" style=\"width: 1320px\" class=\"wp-caption alignnone\"><img loading=\"lazy\" decoding=\"async\" class=\"wp-image-7340 size-full\" src=\"https:\/\/sdf.hr\/wp-content\/uploads\/2025\/10\/Semijalac2_Davor-Konjikusic.jpg\" alt=\"\" width=\"1320\" height=\"1980\" srcset=\"https:\/\/sdf.hr\/wp-content\/uploads\/2025\/10\/Semijalac2_Davor-Konjikusic.jpg 1320w, https:\/\/sdf.hr\/wp-content\/uploads\/2025\/10\/Semijalac2_Davor-Konjikusic-200x300.jpg 200w, https:\/\/sdf.hr\/wp-content\/uploads\/2025\/10\/Semijalac2_Davor-Konjikusic-683x1024.jpg 683w, https:\/\/sdf.hr\/wp-content\/uploads\/2025\/10\/Semijalac2_Davor-Konjikusic-768x1152.jpg 768w, https:\/\/sdf.hr\/wp-content\/uploads\/2025\/10\/Semijalac2_Davor-Konjikusic-1024x1536.jpg 1024w\" sizes=\"auto, (max-width: 1320px) 100vw, 1320px\" \/><figcaption id=\"caption-attachment-7340\" class=\"wp-caption-text\">Adam Semijalac (Foto: Davor Konjiku\u0161i\u0107)<\/figcaption><\/figure>\n<p><strong>Sjetila sam se da ste u biografskom dokumentarcu &#8220;Time of Great Depression&#8221;, u re\u017eiji Vladimira Gojuna, spomenuli da imate tinitus, odnosno \u0161um u uhu.<\/strong><\/p>\n<p>Ve\u0107ina glazbenika vje\u017eba i radi doma ili u gara\u017ei od petnaestak kvadrata i logi\u010dno je da, ako ima\u0161 predispozicije, razvije\u0161 tinitus. Mo\u017ee\u0161 nositi \u010depi\u0107e za u\u0161i, ali u ovoj profesiji i u takvim uvjetima rada dogodi se kumulativni u\u010dinak na \u017eiv\u010dani sustav.<\/p>\n<p><strong>Jasna \u017dmak<\/strong> i ja smo davno u Pogonu radili instalaciju kroz koju su ljudi bez tinitusa mogli do\u017eivjeti taj zvuk i osje\u0107aj. Da se vratim na adekvatan prostor za rad, on je potreban iz brojnih razloga: kada svira\u0161 zatvoren u sobi ili gara\u017ei, a onda iza\u0111e\u0161 na binu pred par stotina ljudi, treba ti pola koncerta da shvati\u0161 \u0161to se doga\u0111a s prostorom i zvukom. Ne mo\u017ee\u0161 sve to pohvatati na jednoj probi pred koncert.<\/p>\n<p><strong>Kako ste pristali na dokumentarac o sebi?<\/strong><\/p>\n<p><strong>Vladimir<\/strong> mi se javio, voli moju glazbu i krenuli smo snimati, vi\u0161e se i ne sje\u0107am detalja, pro\u0161lo je puno vremena. Bilo mi je zabavno glupirati se jer mi je stavio kameru i radnu sobu pa sam dio snimao i sam. Dodu\u0161e, na premijeri filma u KIC-u <strong>Ivan Ramljak<\/strong> je pustio krivu verziju doksa, prije njega smo gledali neki film o svinjokolji, a publika puna vegana i vegetarijanaca (smijeh).<\/p>\n<p><strong>Od \u010dega \u017eivite? Izli\u0161no je pretpostaviti da od albuma mo\u017eete pla\u0107ati ra\u010dune.<\/strong><\/p>\n<p>Podu\u010davam sviranje, radim s ljudima. Radio sam dosta i za kazali\u0161te, radio sam glazbu za seriju &#8220;Bijeli put&#8221;. Uvijek ne\u0161to uleti, ali da, uglavnom je rije\u010d o snala\u017eenju. \u010cini se da autorski integritet ima svoju cijenu.<\/p>\n<p><strong>S obzirom na to da va\u0161e albume i kritika i publika uvijek i\u0161\u010dekuju i hvale, bez obzira \u0161to svirali, jeste li frustrirani \u0161to od njih ne mo\u017eete \u017eivjeti?<\/strong><\/p>\n<p>Uvijek sam htio biti <em>working musician<\/em> i tome sam se stvarno posvetio, ali kada ne ide \u2013 ne ide. Nikad se nisam gurao izdava\u010dima. Ne odgovara mi taj model u kojem netko ne grize kao ja, u kojem netko &#8220;mo\u017eda&#8221; ne\u0161to progura. U Hrvatskoj jednostavno nema ljudi, agenata koji bi doma\u0107e glazbenike kvalitetno gurali na strano tr\u017ei\u0161te.<\/p>\n<p>U jednom sam trenutku mislio da \u0107e se dogoditi neki klik. Kritike su bile odli\u010dne, \u010duo sam da \u0107e mi album uvrstiti u neku enciklopediju hrvatske glazbe, kontaktirao sam ljude koji rade <em>booking<\/em>\u2026 ali nije se dogodilo ni\u0161ta. Naravno da je to deprimiraju\u0107e, ali stalno se sam \u010dupa\u0161. I to je, zapravo, postalo konstanta. Sve albume radim sam jer sam shvatio da te\u0161ko mogu na\u0107i ljude koji \u0107e biti jednako posve\u0107eni, koji \u0107e gristi na istom nivou koji mi treba. A nije fer ni prema glazbi, ni prema meni, ni prema tim ljudima o\u010dekivati ne\u0161to na \u0161to nisu spremni ili ne mogu dati. Ali zato potpuno iskreno radim ono \u0161to \u017eelim i kako \u017eelim.<\/p>\n<p><strong>Pro\u0161li smo i bolesti i rat i transgeneracijske traume, lagana tema do lagane teme. Ipak, ne\u0161to vas stalno tjera naprijed, osmi\u0161ljavate fascinantne nove projekte, ne odustajete. \u0160to vam daje nadu?<\/strong><\/p>\n<p>Mislim da su to tvrdoglavost i upornost \u2013 ne odustajem od svojih ideja, \u010dak i kad \u017eivimo u dru\u0161tvu koje ne cijeni umjetnost i kulturu. Sada mi je najva\u017eniji mir, prona\u0107i svoj prostor, probaviti sve \u0161to se dogodilo\u2026 Cijenim male stvari \u2013 kako svjetlo prolazi kroz drve\u0107e u Maksimiru, poku\u0161avam se vi\u0161e brinuti o sebi. I briga o sebi je oblik aktivizma.<\/p>\n<p><em>razgovor vodila Vedrana Bibi\u0107<\/em><\/p>\n","protected":false},"excerpt":{"rendered":"<p>Ne odustajem od svojih ideja, \u010dak i kada \u017eivimo u dru\u0161tvu koje ne cijeni umjetnost i kulturu. Sada mi je najva\u017eniji mir, prona\u0107i svoj prostor, probaviti sve \u0161to se dogodilo. Cijenim male stvari i poku\u0161avam se vi\u0161e brinuti o sebi. I briga o sebi je oblik aktivizma<\/p>\n","protected":false},"featured_media":7339,"template":"","tags":[173],"atribut":[],"class_list":["post-7342","nada","type-nada","status-publish","has-post-thumbnail","hentry","tag-intervju-2-hr"],"acf":[],"yoast_head":"<!-- This site is optimized with the Yoast SEO plugin v27.4 - https:\/\/yoast.com\/product\/yoast-seo-wordpress\/ -->\n<title>Adam Semijalac: Autorski integritet ima svoju cijenu - SDF - Srpski demokratski forum<\/title>\n<meta name=\"robots\" content=\"index, follow, max-snippet:-1, max-image-preview:large, max-video-preview:-1\" \/>\n<link rel=\"canonical\" href=\"https:\/\/sdf.hr\/hr\/nada\/adam-semijalac-autorski-integritet-ima-svoju-cijenu\/\" \/>\n<meta property=\"og:locale\" content=\"hr_HR\" \/>\n<meta property=\"og:type\" content=\"article\" \/>\n<meta property=\"og:title\" content=\"Adam Semijalac: Autorski integritet ima svoju cijenu - SDF - Srpski demokratski forum\" \/>\n<meta property=\"og:description\" content=\"Ne odustajem od svojih ideja, \u010dak i kada \u017eivimo u dru\u0161tvu koje ne cijeni umjetnost i kulturu. Sada mi je najva\u017eniji mir, prona\u0107i svoj prostor, probaviti sve \u0161to se dogodilo. Cijenim male stvari i poku\u0161avam se vi\u0161e brinuti o sebi. I briga o sebi je oblik aktivizma\" \/>\n<meta property=\"og:url\" content=\"https:\/\/sdf.hr\/hr\/nada\/adam-semijalac-autorski-integritet-ima-svoju-cijenu\/\" \/>\n<meta property=\"og:site_name\" content=\"SDF - Srpski demokratski forum\" \/>\n<meta property=\"article:modified_time\" content=\"2025-11-16T08:57:04+00:00\" \/>\n<meta property=\"og:image\" content=\"https:\/\/sdf.hr\/wp-content\/uploads\/2025\/10\/Semijalac1_Davor-Konjikusic.jpg\" \/>\n\t<meta property=\"og:image:width\" content=\"1980\" \/>\n\t<meta property=\"og:image:height\" content=\"1320\" \/>\n\t<meta property=\"og:image:type\" content=\"image\/jpeg\" \/>\n<meta name=\"twitter:card\" content=\"summary_large_image\" \/>\n<meta name=\"twitter:label1\" content=\"Procijenjeno vrijeme \u010ditanja\" \/>\n\t<meta name=\"twitter:data1\" content=\"13 minuta\" \/>\n<script type=\"application\/ld+json\" class=\"yoast-schema-graph\">{\"@context\":\"https:\\\/\\\/schema.org\",\"@graph\":[{\"@type\":\"WebPage\",\"@id\":\"https:\\\/\\\/sdf.hr\\\/hr\\\/nada\\\/adam-semijalac-autorski-integritet-ima-svoju-cijenu\\\/\",\"url\":\"https:\\\/\\\/sdf.hr\\\/hr\\\/nada\\\/adam-semijalac-autorski-integritet-ima-svoju-cijenu\\\/\",\"name\":\"Adam Semijalac: Autorski integritet ima svoju cijenu - SDF - Srpski demokratski forum\",\"isPartOf\":{\"@id\":\"https:\\\/\\\/sdf.hr\\\/#website\"},\"primaryImageOfPage\":{\"@id\":\"https:\\\/\\\/sdf.hr\\\/hr\\\/nada\\\/adam-semijalac-autorski-integritet-ima-svoju-cijenu\\\/#primaryimage\"},\"image\":{\"@id\":\"https:\\\/\\\/sdf.hr\\\/hr\\\/nada\\\/adam-semijalac-autorski-integritet-ima-svoju-cijenu\\\/#primaryimage\"},\"thumbnailUrl\":\"https:\\\/\\\/sdf.hr\\\/wp-content\\\/uploads\\\/2025\\\/10\\\/Semijalac1_Davor-Konjikusic.jpg\",\"datePublished\":\"2025-10-26T07:11:27+00:00\",\"dateModified\":\"2025-11-16T08:57:04+00:00\",\"breadcrumb\":{\"@id\":\"https:\\\/\\\/sdf.hr\\\/hr\\\/nada\\\/adam-semijalac-autorski-integritet-ima-svoju-cijenu\\\/#breadcrumb\"},\"inLanguage\":\"hr\",\"potentialAction\":[{\"@type\":\"ReadAction\",\"target\":[\"https:\\\/\\\/sdf.hr\\\/hr\\\/nada\\\/adam-semijalac-autorski-integritet-ima-svoju-cijenu\\\/\"]}]},{\"@type\":\"ImageObject\",\"inLanguage\":\"hr\",\"@id\":\"https:\\\/\\\/sdf.hr\\\/hr\\\/nada\\\/adam-semijalac-autorski-integritet-ima-svoju-cijenu\\\/#primaryimage\",\"url\":\"https:\\\/\\\/sdf.hr\\\/wp-content\\\/uploads\\\/2025\\\/10\\\/Semijalac1_Davor-Konjikusic.jpg\",\"contentUrl\":\"https:\\\/\\\/sdf.hr\\\/wp-content\\\/uploads\\\/2025\\\/10\\\/Semijalac1_Davor-Konjikusic.jpg\",\"width\":1980,\"height\":1320,\"caption\":\"Adam Semijalac (Foto: Davor Konjiku\u0161i\u0107)\"},{\"@type\":\"BreadcrumbList\",\"@id\":\"https:\\\/\\\/sdf.hr\\\/hr\\\/nada\\\/adam-semijalac-autorski-integritet-ima-svoju-cijenu\\\/#breadcrumb\",\"itemListElement\":[{\"@type\":\"ListItem\",\"position\":1,\"name\":\"Po\u010detna stranica\",\"item\":\"https:\\\/\\\/sdf.hr\\\/hr\\\/\"},{\"@type\":\"ListItem\",\"position\":2,\"name\":\"Nada\",\"item\":\"https:\\\/\\\/sdf.hr\\\/nada\\\/\"},{\"@type\":\"ListItem\",\"position\":3,\"name\":\"Adam Semijalac: Autorski integritet ima svoju cijenu\"}]},{\"@type\":\"WebSite\",\"@id\":\"https:\\\/\\\/sdf.hr\\\/#website\",\"url\":\"https:\\\/\\\/sdf.hr\\\/\",\"name\":\"SDF - Srpski demokratski forum\",\"description\":\"Srpski demokratski forum\",\"publisher\":{\"@id\":\"https:\\\/\\\/sdf.hr\\\/#organization\"},\"potentialAction\":[{\"@type\":\"SearchAction\",\"target\":{\"@type\":\"EntryPoint\",\"urlTemplate\":\"https:\\\/\\\/sdf.hr\\\/?s={search_term_string}\"},\"query-input\":{\"@type\":\"PropertyValueSpecification\",\"valueRequired\":true,\"valueName\":\"search_term_string\"}}],\"inLanguage\":\"hr\"},{\"@type\":\"Organization\",\"@id\":\"https:\\\/\\\/sdf.hr\\\/#organization\",\"name\":\"SDF - Srpski demokratski forum\",\"url\":\"https:\\\/\\\/sdf.hr\\\/\",\"logo\":{\"@type\":\"ImageObject\",\"inLanguage\":\"hr\",\"@id\":\"https:\\\/\\\/sdf.hr\\\/#\\\/schema\\\/logo\\\/image\\\/\",\"url\":\"https:\\\/\\\/sdf.hr\\\/wp-content\\\/uploads\\\/2021\\\/07\\\/logo-hr.svg\",\"contentUrl\":\"https:\\\/\\\/sdf.hr\\\/wp-content\\\/uploads\\\/2021\\\/07\\\/logo-hr.svg\",\"width\":271,\"height\":100,\"caption\":\"SDF - Srpski demokratski forum\"},\"image\":{\"@id\":\"https:\\\/\\\/sdf.hr\\\/#\\\/schema\\\/logo\\\/image\\\/\"}}]}<\/script>\n<!-- \/ Yoast SEO plugin. -->","yoast_head_json":{"title":"Adam Semijalac: Autorski integritet ima svoju cijenu - SDF - Srpski demokratski forum","robots":{"index":"index","follow":"follow","max-snippet":"max-snippet:-1","max-image-preview":"max-image-preview:large","max-video-preview":"max-video-preview:-1"},"canonical":"https:\/\/sdf.hr\/hr\/nada\/adam-semijalac-autorski-integritet-ima-svoju-cijenu\/","og_locale":"hr_HR","og_type":"article","og_title":"Adam Semijalac: Autorski integritet ima svoju cijenu - SDF - Srpski demokratski forum","og_description":"Ne odustajem od svojih ideja, \u010dak i kada \u017eivimo u dru\u0161tvu koje ne cijeni umjetnost i kulturu. Sada mi je najva\u017eniji mir, prona\u0107i svoj prostor, probaviti sve \u0161to se dogodilo. Cijenim male stvari i poku\u0161avam se vi\u0161e brinuti o sebi. I briga o sebi je oblik aktivizma","og_url":"https:\/\/sdf.hr\/hr\/nada\/adam-semijalac-autorski-integritet-ima-svoju-cijenu\/","og_site_name":"SDF - Srpski demokratski forum","article_modified_time":"2025-11-16T08:57:04+00:00","og_image":[{"width":1980,"height":1320,"url":"https:\/\/sdf.hr\/wp-content\/uploads\/2025\/10\/Semijalac1_Davor-Konjikusic.jpg","type":"image\/jpeg"}],"twitter_card":"summary_large_image","twitter_misc":{"Procijenjeno vrijeme \u010ditanja":"13 minuta"},"schema":{"@context":"https:\/\/schema.org","@graph":[{"@type":"WebPage","@id":"https:\/\/sdf.hr\/hr\/nada\/adam-semijalac-autorski-integritet-ima-svoju-cijenu\/","url":"https:\/\/sdf.hr\/hr\/nada\/adam-semijalac-autorski-integritet-ima-svoju-cijenu\/","name":"Adam Semijalac: Autorski integritet ima svoju cijenu - SDF - Srpski demokratski forum","isPartOf":{"@id":"https:\/\/sdf.hr\/#website"},"primaryImageOfPage":{"@id":"https:\/\/sdf.hr\/hr\/nada\/adam-semijalac-autorski-integritet-ima-svoju-cijenu\/#primaryimage"},"image":{"@id":"https:\/\/sdf.hr\/hr\/nada\/adam-semijalac-autorski-integritet-ima-svoju-cijenu\/#primaryimage"},"thumbnailUrl":"https:\/\/sdf.hr\/wp-content\/uploads\/2025\/10\/Semijalac1_Davor-Konjikusic.jpg","datePublished":"2025-10-26T07:11:27+00:00","dateModified":"2025-11-16T08:57:04+00:00","breadcrumb":{"@id":"https:\/\/sdf.hr\/hr\/nada\/adam-semijalac-autorski-integritet-ima-svoju-cijenu\/#breadcrumb"},"inLanguage":"hr","potentialAction":[{"@type":"ReadAction","target":["https:\/\/sdf.hr\/hr\/nada\/adam-semijalac-autorski-integritet-ima-svoju-cijenu\/"]}]},{"@type":"ImageObject","inLanguage":"hr","@id":"https:\/\/sdf.hr\/hr\/nada\/adam-semijalac-autorski-integritet-ima-svoju-cijenu\/#primaryimage","url":"https:\/\/sdf.hr\/wp-content\/uploads\/2025\/10\/Semijalac1_Davor-Konjikusic.jpg","contentUrl":"https:\/\/sdf.hr\/wp-content\/uploads\/2025\/10\/Semijalac1_Davor-Konjikusic.jpg","width":1980,"height":1320,"caption":"Adam Semijalac (Foto: Davor Konjiku\u0161i\u0107)"},{"@type":"BreadcrumbList","@id":"https:\/\/sdf.hr\/hr\/nada\/adam-semijalac-autorski-integritet-ima-svoju-cijenu\/#breadcrumb","itemListElement":[{"@type":"ListItem","position":1,"name":"Po\u010detna stranica","item":"https:\/\/sdf.hr\/hr\/"},{"@type":"ListItem","position":2,"name":"Nada","item":"https:\/\/sdf.hr\/nada\/"},{"@type":"ListItem","position":3,"name":"Adam Semijalac: Autorski integritet ima svoju cijenu"}]},{"@type":"WebSite","@id":"https:\/\/sdf.hr\/#website","url":"https:\/\/sdf.hr\/","name":"SDF - Srpski demokratski forum","description":"Srpski demokratski forum","publisher":{"@id":"https:\/\/sdf.hr\/#organization"},"potentialAction":[{"@type":"SearchAction","target":{"@type":"EntryPoint","urlTemplate":"https:\/\/sdf.hr\/?s={search_term_string}"},"query-input":{"@type":"PropertyValueSpecification","valueRequired":true,"valueName":"search_term_string"}}],"inLanguage":"hr"},{"@type":"Organization","@id":"https:\/\/sdf.hr\/#organization","name":"SDF - Srpski demokratski forum","url":"https:\/\/sdf.hr\/","logo":{"@type":"ImageObject","inLanguage":"hr","@id":"https:\/\/sdf.hr\/#\/schema\/logo\/image\/","url":"https:\/\/sdf.hr\/wp-content\/uploads\/2021\/07\/logo-hr.svg","contentUrl":"https:\/\/sdf.hr\/wp-content\/uploads\/2021\/07\/logo-hr.svg","width":271,"height":100,"caption":"SDF - Srpski demokratski forum"},"image":{"@id":"https:\/\/sdf.hr\/#\/schema\/logo\/image\/"}}]}},"_links":{"self":[{"href":"https:\/\/sdf.hr\/hr\/wp-json\/wp\/v2\/nada\/7342","targetHints":{"allow":["GET"]}}],"collection":[{"href":"https:\/\/sdf.hr\/hr\/wp-json\/wp\/v2\/nada"}],"about":[{"href":"https:\/\/sdf.hr\/hr\/wp-json\/wp\/v2\/types\/nada"}],"wp:featuredmedia":[{"embeddable":true,"href":"https:\/\/sdf.hr\/hr\/wp-json\/wp\/v2\/media\/7339"}],"wp:attachment":[{"href":"https:\/\/sdf.hr\/hr\/wp-json\/wp\/v2\/media?parent=7342"}],"wp:term":[{"taxonomy":"post_tag","embeddable":true,"href":"https:\/\/sdf.hr\/hr\/wp-json\/wp\/v2\/tags?post=7342"},{"taxonomy":"atribut","embeddable":true,"href":"https:\/\/sdf.hr\/hr\/wp-json\/wp\/v2\/atribut?post=7342"}],"curies":[{"name":"wp","href":"https:\/\/api.w.org\/{rel}","templated":true}]}}