{"id":7354,"date":"2025-10-29T07:33:25","date_gmt":"2025-10-29T06:33:25","guid":{"rendered":"https:\/\/sdf.hr\/nada\/soundtrack-za-ring\/"},"modified":"2025-10-28T17:33:54","modified_gmt":"2025-10-28T16:33:54","slug":"soundtrack-za-ring","status":"publish","type":"nada","link":"https:\/\/sdf.hr\/hr\/nada\/soundtrack-za-ring\/","title":{"rendered":"Soundtrack za ring"},"content":{"rendered":"<p>Godine 1977. u Americi izlazi prvi film iz fran\u0161ize &#8220;Ratovi zvijezda&#8221; i brzo postaje hit. <strong>Muhammad Ali<\/strong> ima 35 godina i ve\u0107 je u poodmakloj fazi boksa\u010dke karijere. U jesen te godine u svilenom bijelom \u0161lafroku poskakuje do ringa u Madison Square Gardenu uz numeru iz &#8220;Ratova zvijezda&#8221;, spreman za borbu protiv <strong>Earnieja Shaversa<\/strong>. Istra\u017eujete li danas fenomen muzike koja boksa\u010de prati na ulazu u ring, Alijev i Shaversov me\u010d naj\u010de\u0161\u0107e se navodi kao pionirski. Ali je svoju teatralnost nadogradio muzikom po uzoru na napirlitanog ameri\u010dkog hrva\u010da <strong>Gorgeous Georgea<\/strong>, koji je sredinom 20. stolje\u0107a ringu prilazio u haljini ukra\u0161enoj \u0161ljokicama, uz kora\u010dnicu &#8220;Pomp and Circumstance&#8221; njihao se po crvenom tepihu du\u017e kojeg su mu pod noge prosipali latice ru\u017ea. <em>All that sass<\/em>!<\/p>\n<p>Nedugo nakon Alija, i drugi boksa\u010di su po\u010deli birati pjesme koje \u0107e ih pratiti do ringa. Neki su se \u010ditav boksa\u010dki \u017eivot dr\u017eali jedne trake, muzi\u010dkog potpisa koji je najbolje izra\u017eavao njihove emocije i pristup borbi, dok su drugi svoj <em>soundtrack<\/em> stalno mijenjali. Koliko je muzika bila kori\u0161tena za unutarnje i intimno nabrijavanje, toliko je slu\u017eila i kao poruka protivniku i publici. Produkcija ulaska u ring razvijala se kroz desetlje\u0107a od hoda uz jednostavnu tematsku pjesmu (pitanje za milijun dolara \u2013 koliko je boksa\u010da u\u0161lo u ring uz &#8220;Eye of the Tiger&#8221;?) do slo\u017eenih nastupa s plesa\u010dima u pozadini i rasko\u0161nim kostimima, ponekad upe\u010datljivijih od same borbe.<\/p>\n<p>Gospelske ulaze u ring \u010desto je imao <strong>Evander Holyfield<\/strong>, koji je muzikom i molitvom prije me\u010da la\u0161tio imid\u017e \u010distunca i porodi\u010dnog \u010dovjeka. Njegov boksa\u010dki kontrapunkt <strong>Mike Tyson<\/strong> u ring je znao ulaziti opremljen samo ti\u0161inom i namr\u0161tenim licem, ili pak uz zvukove koji su komentatori opisivali kao &#8220;samo buku i zveckanje lanaca&#8221;. Godine 1996. Tyson je na me\u010d protiv britanskog te\u0161ka\u0161a <strong>Franka Bruna<\/strong> iza\u0161ao uz pjesmu &#8220;Road to Glory&#8221;, koju je posebno za tu prigodu napisao njegov prijatelj 2Pac. &#8220;Prva runda je za vrijeme koje sam proveo u \u0107eliji \/ Druga runda za medije i la\u017ei koje govore \/ Tre\u0107a za bol koju sam osje\u0107ao iznutra&#8221;, repao je 2Pac.<\/p>\n<p>Flambojantni britanski boksa\u010d <strong>Nasim Hamed<\/strong> sam se prozvao princom i tu je titulu nosio u\u0161ivenu na boksa\u010dkim hla\u010dicama leopardskog i zebrastog uzorka, a devedesete je obilje\u017eio ulijetanjem u ring na lete\u0107em \u0107ilimu i na pozla\u0107enim nosiljkama. Za takav <em>grande<\/em> ulazak Hamed se naj\u010de\u0161\u0107e oslanjao na pjesmu &#8220;Here Comes the Hotstepper&#8221;, hit s kojim se 1994. godine proslavio jamajkanski pjeva\u010d <strong>Ini Kamoze<\/strong>. Ameri\u010dki boksa\u010d <strong>Roy Jones Jr.<\/strong> ranih 2000-ih ljestvicu je podigao tako \u0161to je sam repao svoje (ulazne) pjesme, od &#8220;Ya\u2019ll Must\u2019ve Forgot&#8221; do &#8220;Can\u2019t Be Touched&#8221;. Bombasti\u010dni kanadski boksa\u010d <strong>Arturo Gatti<\/strong>, nadimkom Thunder, obo\u017eavao je vatru i pirotehniku, pa ne \u010dudi da je za ulazak u ring birao AC\/DC i &#8220;Thunderstruck&#8221;. Kad je 2005. godine Gatti u tom stilu iza\u0161ao na borbu protiv ameri\u010dkog boksa\u010da <strong>Floyda Mayweathera<\/strong>, ameri\u010dki komentator me\u010da kazao je kratko: &#8220;Pretpostavljam da je dio Gattijevog plana probu\u0161iti bubnji\u0107e Floyda Mayweathera,&#8221;<\/p>\n<p>Meksi\u010dki boksa\u010d <strong>Canelo \u00c1lvarez<\/strong> vi\u0161e je puta u ring ulazio uz svira\u010de meksi\u010dke tradicionalne muzike, a najupe\u010datljiviji takav ulazak pripremio je za prvi me\u010d u Meksiku nakon 12 godina odsustva, protiv <strong>Johna Rydera<\/strong> 2023. godine. Grupa od skoro trideset muzi\u010dara pjevala mu je <em>mariachi<\/em> serenade u ringu na stadionu Akron. I tako dalje, i tome sli\u010dno\u2026 \u0160ou i biznis posljednjih se pola stolje\u0107a u ringu vrpolje, u duhu one stare \u2013 koliko para, toliko muzike.<\/p>\n<p><em>pi\u0161e Ivana Peri\u0107<\/em><\/p>\n","protected":false},"excerpt":{"rendered":"<p>Produkcija ulaska u ring razvijala se kroz desetlje\u0107a od hoda uz jednostavnu tematsku pjesmu do slo\u017eenih nastupa s plesa\u010dima u pozadini i rasko\u0161nim kostimima, ponekad upe\u010datljivijih od same borbe<\/p>\n","protected":false},"featured_media":7353,"template":"","tags":[40],"atribut":[],"class_list":["post-7354","nada","type-nada","status-publish","has-post-thumbnail","hentry","tag-dvokorak-naprijed"],"acf":[],"yoast_head":"<!-- This site is optimized with the Yoast SEO plugin v27.4 - https:\/\/yoast.com\/product\/yoast-seo-wordpress\/ -->\n<title>Soundtrack za ring - SDF - Srpski demokratski forum<\/title>\n<meta name=\"robots\" content=\"index, follow, max-snippet:-1, max-image-preview:large, max-video-preview:-1\" \/>\n<link rel=\"canonical\" href=\"https:\/\/sdf.hr\/nada\/soundtrack-za-ring\/\" \/>\n<meta property=\"og:locale\" content=\"hr_HR\" \/>\n<meta property=\"og:type\" content=\"article\" \/>\n<meta property=\"og:title\" content=\"Soundtrack za ring - SDF - Srpski demokratski forum\" \/>\n<meta property=\"og:description\" content=\"Produkcija ulaska u ring razvijala se kroz desetlje\u0107a od hoda uz jednostavnu tematsku pjesmu do slo\u017eenih nastupa s plesa\u010dima u pozadini i rasko\u0161nim kostimima, ponekad upe\u010datljivijih od same borbe\" \/>\n<meta property=\"og:url\" content=\"https:\/\/sdf.hr\/nada\/soundtrack-za-ring\/\" \/>\n<meta property=\"og:site_name\" content=\"SDF - Srpski demokratski forum\" \/>\n<meta property=\"og:image\" content=\"https:\/\/sdf.hr\/wp-content\/uploads\/2025\/10\/Alvarez_Louis-Grasse-scaled.jpg\" \/>\n\t<meta property=\"og:image:width\" content=\"2560\" \/>\n\t<meta property=\"og:image:height\" content=\"1707\" \/>\n\t<meta property=\"og:image:type\" content=\"image\/jpeg\" \/>\n<meta name=\"twitter:card\" content=\"summary_large_image\" \/>\n<meta name=\"twitter:label1\" content=\"Procijenjeno vrijeme \u010ditanja\" \/>\n\t<meta name=\"twitter:data1\" content=\"3 minute\" \/>\n<script type=\"application\/ld+json\" class=\"yoast-schema-graph\">{\"@context\":\"https:\\\/\\\/schema.org\",\"@graph\":[{\"@type\":\"WebPage\",\"@id\":\"https:\\\/\\\/sdf.hr\\\/nada\\\/soundtrack-za-ring\\\/\",\"url\":\"https:\\\/\\\/sdf.hr\\\/nada\\\/soundtrack-za-ring\\\/\",\"name\":\"Soundtrack za ring - SDF - Srpski demokratski forum\",\"isPartOf\":{\"@id\":\"https:\\\/\\\/sdf.hr\\\/#website\"},\"primaryImageOfPage\":{\"@id\":\"https:\\\/\\\/sdf.hr\\\/nada\\\/soundtrack-za-ring\\\/#primaryimage\"},\"image\":{\"@id\":\"https:\\\/\\\/sdf.hr\\\/nada\\\/soundtrack-za-ring\\\/#primaryimage\"},\"thumbnailUrl\":\"https:\\\/\\\/sdf.hr\\\/wp-content\\\/uploads\\\/2025\\\/10\\\/Alvarez_Louis-Grasse-scaled.jpg\",\"datePublished\":\"2025-10-29T06:33:25+00:00\",\"breadcrumb\":{\"@id\":\"https:\\\/\\\/sdf.hr\\\/nada\\\/soundtrack-za-ring\\\/#breadcrumb\"},\"inLanguage\":\"hr\",\"potentialAction\":[{\"@type\":\"ReadAction\",\"target\":[\"https:\\\/\\\/sdf.hr\\\/nada\\\/soundtrack-za-ring\\\/\"]}]},{\"@type\":\"ImageObject\",\"inLanguage\":\"hr\",\"@id\":\"https:\\\/\\\/sdf.hr\\\/nada\\\/soundtrack-za-ring\\\/#primaryimage\",\"url\":\"https:\\\/\\\/sdf.hr\\\/wp-content\\\/uploads\\\/2025\\\/10\\\/Alvarez_Louis-Grasse-scaled.jpg\",\"contentUrl\":\"https:\\\/\\\/sdf.hr\\\/wp-content\\\/uploads\\\/2025\\\/10\\\/Alvarez_Louis-Grasse-scaled.jpg\",\"width\":2560,\"height\":1707,\"caption\":\"Canelo \u00c1lvarez je u ring ulazio uz svira\u010de meksi\u010dke tradicionalne muzike (Foto: Louis Grasse\\\/IMAGO\\\/PIXSELL)\"},{\"@type\":\"BreadcrumbList\",\"@id\":\"https:\\\/\\\/sdf.hr\\\/nada\\\/soundtrack-za-ring\\\/#breadcrumb\",\"itemListElement\":[{\"@type\":\"ListItem\",\"position\":1,\"name\":\"Po\u010detna stranica\",\"item\":\"https:\\\/\\\/sdf.hr\\\/hr\\\/\"},{\"@type\":\"ListItem\",\"position\":2,\"name\":\"Nada\",\"item\":\"https:\\\/\\\/sdf.hr\\\/nada\\\/\"},{\"@type\":\"ListItem\",\"position\":3,\"name\":\"Soundtrack za ring\"}]},{\"@type\":\"WebSite\",\"@id\":\"https:\\\/\\\/sdf.hr\\\/#website\",\"url\":\"https:\\\/\\\/sdf.hr\\\/\",\"name\":\"SDF - Srpski demokratski forum\",\"description\":\"Srpski demokratski forum\",\"publisher\":{\"@id\":\"https:\\\/\\\/sdf.hr\\\/#organization\"},\"potentialAction\":[{\"@type\":\"SearchAction\",\"target\":{\"@type\":\"EntryPoint\",\"urlTemplate\":\"https:\\\/\\\/sdf.hr\\\/?s={search_term_string}\"},\"query-input\":{\"@type\":\"PropertyValueSpecification\",\"valueRequired\":true,\"valueName\":\"search_term_string\"}}],\"inLanguage\":\"hr\"},{\"@type\":\"Organization\",\"@id\":\"https:\\\/\\\/sdf.hr\\\/#organization\",\"name\":\"SDF - Srpski demokratski forum\",\"url\":\"https:\\\/\\\/sdf.hr\\\/\",\"logo\":{\"@type\":\"ImageObject\",\"inLanguage\":\"hr\",\"@id\":\"https:\\\/\\\/sdf.hr\\\/#\\\/schema\\\/logo\\\/image\\\/\",\"url\":\"https:\\\/\\\/sdf.hr\\\/wp-content\\\/uploads\\\/2021\\\/07\\\/logo-hr.svg\",\"contentUrl\":\"https:\\\/\\\/sdf.hr\\\/wp-content\\\/uploads\\\/2021\\\/07\\\/logo-hr.svg\",\"width\":271,\"height\":100,\"caption\":\"SDF - Srpski demokratski forum\"},\"image\":{\"@id\":\"https:\\\/\\\/sdf.hr\\\/#\\\/schema\\\/logo\\\/image\\\/\"}}]}<\/script>\n<!-- \/ Yoast SEO plugin. -->","yoast_head_json":{"title":"Soundtrack za ring - SDF - Srpski demokratski forum","robots":{"index":"index","follow":"follow","max-snippet":"max-snippet:-1","max-image-preview":"max-image-preview:large","max-video-preview":"max-video-preview:-1"},"canonical":"https:\/\/sdf.hr\/nada\/soundtrack-za-ring\/","og_locale":"hr_HR","og_type":"article","og_title":"Soundtrack za ring - SDF - Srpski demokratski forum","og_description":"Produkcija ulaska u ring razvijala se kroz desetlje\u0107a od hoda uz jednostavnu tematsku pjesmu do slo\u017eenih nastupa s plesa\u010dima u pozadini i rasko\u0161nim kostimima, ponekad upe\u010datljivijih od same borbe","og_url":"https:\/\/sdf.hr\/nada\/soundtrack-za-ring\/","og_site_name":"SDF - Srpski demokratski forum","og_image":[{"width":2560,"height":1707,"url":"https:\/\/sdf.hr\/wp-content\/uploads\/2025\/10\/Alvarez_Louis-Grasse-scaled.jpg","type":"image\/jpeg"}],"twitter_card":"summary_large_image","twitter_misc":{"Procijenjeno vrijeme \u010ditanja":"3 minute"},"schema":{"@context":"https:\/\/schema.org","@graph":[{"@type":"WebPage","@id":"https:\/\/sdf.hr\/nada\/soundtrack-za-ring\/","url":"https:\/\/sdf.hr\/nada\/soundtrack-za-ring\/","name":"Soundtrack za ring - SDF - Srpski demokratski forum","isPartOf":{"@id":"https:\/\/sdf.hr\/#website"},"primaryImageOfPage":{"@id":"https:\/\/sdf.hr\/nada\/soundtrack-za-ring\/#primaryimage"},"image":{"@id":"https:\/\/sdf.hr\/nada\/soundtrack-za-ring\/#primaryimage"},"thumbnailUrl":"https:\/\/sdf.hr\/wp-content\/uploads\/2025\/10\/Alvarez_Louis-Grasse-scaled.jpg","datePublished":"2025-10-29T06:33:25+00:00","breadcrumb":{"@id":"https:\/\/sdf.hr\/nada\/soundtrack-za-ring\/#breadcrumb"},"inLanguage":"hr","potentialAction":[{"@type":"ReadAction","target":["https:\/\/sdf.hr\/nada\/soundtrack-za-ring\/"]}]},{"@type":"ImageObject","inLanguage":"hr","@id":"https:\/\/sdf.hr\/nada\/soundtrack-za-ring\/#primaryimage","url":"https:\/\/sdf.hr\/wp-content\/uploads\/2025\/10\/Alvarez_Louis-Grasse-scaled.jpg","contentUrl":"https:\/\/sdf.hr\/wp-content\/uploads\/2025\/10\/Alvarez_Louis-Grasse-scaled.jpg","width":2560,"height":1707,"caption":"Canelo \u00c1lvarez je u ring ulazio uz svira\u010de meksi\u010dke tradicionalne muzike (Foto: Louis Grasse\/IMAGO\/PIXSELL)"},{"@type":"BreadcrumbList","@id":"https:\/\/sdf.hr\/nada\/soundtrack-za-ring\/#breadcrumb","itemListElement":[{"@type":"ListItem","position":1,"name":"Po\u010detna stranica","item":"https:\/\/sdf.hr\/hr\/"},{"@type":"ListItem","position":2,"name":"Nada","item":"https:\/\/sdf.hr\/nada\/"},{"@type":"ListItem","position":3,"name":"Soundtrack za ring"}]},{"@type":"WebSite","@id":"https:\/\/sdf.hr\/#website","url":"https:\/\/sdf.hr\/","name":"SDF - Srpski demokratski forum","description":"Srpski demokratski forum","publisher":{"@id":"https:\/\/sdf.hr\/#organization"},"potentialAction":[{"@type":"SearchAction","target":{"@type":"EntryPoint","urlTemplate":"https:\/\/sdf.hr\/?s={search_term_string}"},"query-input":{"@type":"PropertyValueSpecification","valueRequired":true,"valueName":"search_term_string"}}],"inLanguage":"hr"},{"@type":"Organization","@id":"https:\/\/sdf.hr\/#organization","name":"SDF - Srpski demokratski forum","url":"https:\/\/sdf.hr\/","logo":{"@type":"ImageObject","inLanguage":"hr","@id":"https:\/\/sdf.hr\/#\/schema\/logo\/image\/","url":"https:\/\/sdf.hr\/wp-content\/uploads\/2021\/07\/logo-hr.svg","contentUrl":"https:\/\/sdf.hr\/wp-content\/uploads\/2021\/07\/logo-hr.svg","width":271,"height":100,"caption":"SDF - Srpski demokratski forum"},"image":{"@id":"https:\/\/sdf.hr\/#\/schema\/logo\/image\/"}}]}},"_links":{"self":[{"href":"https:\/\/sdf.hr\/hr\/wp-json\/wp\/v2\/nada\/7354","targetHints":{"allow":["GET"]}}],"collection":[{"href":"https:\/\/sdf.hr\/hr\/wp-json\/wp\/v2\/nada"}],"about":[{"href":"https:\/\/sdf.hr\/hr\/wp-json\/wp\/v2\/types\/nada"}],"wp:featuredmedia":[{"embeddable":true,"href":"https:\/\/sdf.hr\/hr\/wp-json\/wp\/v2\/media\/7353"}],"wp:attachment":[{"href":"https:\/\/sdf.hr\/hr\/wp-json\/wp\/v2\/media?parent=7354"}],"wp:term":[{"taxonomy":"post_tag","embeddable":true,"href":"https:\/\/sdf.hr\/hr\/wp-json\/wp\/v2\/tags?post=7354"},{"taxonomy":"atribut","embeddable":true,"href":"https:\/\/sdf.hr\/hr\/wp-json\/wp\/v2\/atribut?post=7354"}],"curies":[{"name":"wp","href":"https:\/\/api.w.org\/{rel}","templated":true}]}}