{"id":7360,"date":"2025-10-31T07:40:03","date_gmt":"2025-10-31T06:40:03","guid":{"rendered":"https:\/\/sdf.hr\/nada\/nas-troje-verujemo-u-snove\/"},"modified":"2025-10-31T07:43:33","modified_gmt":"2025-10-31T06:43:33","slug":"nas-troje-verujemo-u-snove","status":"publish","type":"nada","link":"https:\/\/sdf.hr\/hr\/nada\/nas-troje-verujemo-u-snove\/","title":{"rendered":"Nas troje verujemo u snove"},"content":{"rendered":"<p>U vremenu kada ulice Beograda ponovo postaju mesta okupljanja, a studenti i gra\u0111ani \u0161etaju tra\u017ee\u0107i promene, u jednoj dnevnoj sobi nastavlja se naizgled mala, ali zapravo velika muzi\u010dka pri\u010da. Nije imala plan, koncept ni ime \u2013 samo gitaru, glasove i kameru. Iz te spontane igre rodio se nast.roje, bend \u010diji naziv, duhovito skriven iza ta\u010dke, nosi i su\u0161tinu njihove pri\u010de \u2013 njih je zaista troje i zovu se <strong>Teodora<\/strong>, <strong>Marko<\/strong> i <strong>Stefan<\/strong>.<\/p>\n<p>\u010clanovi benda uprkos sve ve\u0107oj prepoznatljivosti i dalje vode sasvim obi\u010dne \u017eivote \u2013 svaki od njih ima svoj dnevni posao od devet do pet. Ipak, ni ti poslovi nisu daleko od umetnosti: spletom okolnosti, svi se na razli\u010dite na\u010dine doti\u010du kreativnih delatnosti, od primenjene umetnosti, preko marketinga, do komunikacija. Ono \u0161to je po\u010delo kao improvizovani ku\u0107ni se\u0161n me\u0111u prijateljima, ubrzo je postalo mikro-fenomen doma\u0107e scene \u2013 ku\u0107ni <em>cover <\/em>bend koji je uspeo da pa\u017enju regiona osvoji bez marketinga, sponzora ili velikih pozornica. Teodora i Marko stoje pred kamerom, dok Stefan sve bele\u017ei, organizuje i \u010dini da ideja preraste u bend.<\/p>\n<p>Njihov muzi\u010dki izraz te\u0161ko je svrstati u \u017eanr. Mo\u017eda bi se moglo re\u0107i da nast.roje stvaraju &#8220;reinterpretacije uspomena&#8221;, odnosno obra\u0111uju pesme koje su mnogima bliske, \u010desto zaboravljene himne ranih dvehiljaditih, i pretvaraju ih u ne\u0161to \u0161to zvu\u010di novo, ti\u0161e i dublje. Njihove obrade nisu poku\u0161aj da se nadma\u0161i original, ve\u0107 oma\u017e emociji koju je neka pesma nekada probudila.<\/p>\n<p>&#8211; Uglavnom su obra\u0111ene numere zaboravljeni hitovi, odnosno himne na\u0161eg tinejd\u017eerskog doba koje nam ne\u0161to zna\u010de (koje, da se razumemo, nismo nu\u017eno tada aktivno slu\u0161ali). Prema svim autorima i pesmama koje obra\u0111ujemo gajimo veliki respekt, po\u0161tovanje i kroz ove obrade \u017eelimo da radimo oma\u017e autorima i numerama. Posebno nam je zanimljiv deo procesa u kom se originalna verzija preta\u010de u potpuno novi aran\u017eman za koji u datom trenutku ne postoji plan \u2013 sve nastaje spontano, na licu mesta, prate\u0107i kreativne instinkte i impulse \u2013 ka\u017eu \u010dlanovi benda.<\/p>\n<p>Pesme biraju instinktivno \u2013 ono \u0161to se pevu\u0161i tog jutra, \u0161to se \u010dulo u prolazu, \u0161to je u mislima izronilo bez jasnog razloga. U svakoj od njih postoji intimni trag, pri\u010da koja povezuje \u010dlanove benda sa melodijom. Kada se gitara upali, a Teodorin glas zatreperi, pesme se pretvaraju u setne, ali tople minijature. U njima ima nostalgije, ali i savremenog bunta \u2013 ne onog glasnog, ve\u0107 unutra\u0161njeg, tihog otpora zaboravu i povr\u0161nosti.<\/p>\n<p>&#8211; Svaki izvo\u0111a\u010d \u010diju pesmu obra\u0111ujemo u datom trenutku je inspiracija za nas. Iako je kriterijum imaginaran, te\u017eimo da pretpostavljamo da bi se svaka obrada dopala autoru originalnog dela. Kako ne bismo postali karikaturalni, vizuelnu inspiraciju tra\u017eimo na neo\u010dekivanim mestima \u2013 estetika daleke Azije, futurizma, perioda osamdesetih nas \u010desto inspiri\u0161e u vizuelnom izrazu. Prepoznatljivi filter koji koristimo za video je nostalgi\u010dna emulacija zrnastih analognih kamera, \u010dime bojimo atmosferu se\u0107anjima iz pro\u0161lih vremena. U na\u0161oj kreativnoj sme\u0161i ima i nostalgije, ali i ozbiljne okrenutosti ka sada\u0161njem trenutku \u2013 govore njih troje.<\/p>\n<figure id=\"attachment_7358\" aria-describedby=\"caption-attachment-7358\" style=\"width: 2560px\" class=\"wp-caption alignnone\"><img loading=\"lazy\" decoding=\"async\" class=\"wp-image-7358 size-full\" src=\"https:\/\/sdf.hr\/wp-content\/uploads\/2025\/10\/Nastroje2_Katarina-Soskic-scaled.jpeg\" alt=\"\" width=\"2560\" height=\"2048\" srcset=\"https:\/\/sdf.hr\/wp-content\/uploads\/2025\/10\/Nastroje2_Katarina-Soskic-scaled.jpeg 2560w, https:\/\/sdf.hr\/wp-content\/uploads\/2025\/10\/Nastroje2_Katarina-Soskic-300x240.jpeg 300w, https:\/\/sdf.hr\/wp-content\/uploads\/2025\/10\/Nastroje2_Katarina-Soskic-1024x819.jpeg 1024w, https:\/\/sdf.hr\/wp-content\/uploads\/2025\/10\/Nastroje2_Katarina-Soskic-768x614.jpeg 768w, https:\/\/sdf.hr\/wp-content\/uploads\/2025\/10\/Nastroje2_Katarina-Soskic-1536x1229.jpeg 1536w, https:\/\/sdf.hr\/wp-content\/uploads\/2025\/10\/Nastroje2_Katarina-Soskic-2048x1638.jpeg 2048w\" sizes=\"auto, (max-width: 2560px) 100vw, 2560px\" \/><figcaption id=\"caption-attachment-7358\" class=\"wp-caption-text\">Foto: Katarina \u0160o\u0161ki\u0107<\/figcaption><\/figure>\n<p>Danas, kada Beograd bruji od mladih umetnika i bendova koji poku\u0161avaju da prona\u0111u svoje mesto, nast.roje se izdvajaju po autenti\u010dnosti i odsustvu pretenzije. Oni ne tra\u017ee slavu, ali ona ih, paradoksalno, susti\u017ee. Na Instagramu imaju desetine hiljada pratilaca, a njihovi videi \u010desto postaju viralni.<\/p>\n<p>&#8211; Broj mladih autora, bendova i umetnika koji koriste muziku kao medij je neverovatan. Njihov optimizam i istrajnost da se strastveno bave umetno\u0161\u0107u bez sistemske podr\u0161ke je gotovo sizifovski posao. Nedostaju nam kvalitetni segmenti za pozicioniranje muzike (promoteri, menad\u017eeri, izdava\u010di, top liste, radijske stanice, prostori za nastupanje\u2026), ali uprkos tome se snalazimo &#8211; obja\u0161njavaju te dodaju kako je va\u017eno pratiti instinkt.<\/p>\n<p>Unutar benda, dinamika je \u017eiva i stvarna. Nesporazumi se de\u0161avaju, ali retko kada u muzici \u2013 vi\u0161e u logistici, u ton-probama, u pregovorima za nastupe. Kada se sukobe mi\u0161ljenja, lekcija je uvek ista: slu\u0161anje. I upravo u tom principu \u2013 slu\u0161anju, spremnosti na kompromis \u2013 krije se su\u0161tina njihove male zajednice. Ono \u0161to ih \u010dini druga\u010dijima nije samo zvuk, ve\u0107 i vreme u kojem deluju. U Srbiji danas, gde su protesti postali deo svakodnevice, umetnost ponovo dobija dimenziju otpora.<\/p>\n<p>Nije slu\u010dajno \u0161to bendovi poput nast.roje nailaze na toliku pa\u017enju: oni ne nose parole, ali njihova umetnost nosi senzibilitet promene. nast.roje nisu revolucionari u klasi\u010dnom smislu, ali njihova muzika nosi su\u0161tinu revolucije: promenu kroz ose\u0107aj, povezivanje kroz se\u0107anje, smisao u iskrenosti. Nastup na Beogradskoj nedelji mode, gde su izveli obradu &#8220;Pisma mami&#8221;, bio im je prvi javni izlazak iz ku\u0107nog ambijenta.<\/p>\n<p>&#8211; U na\u0161em slu\u010daju, podr\u0161ka i prilike postoje. Veoma smo zahvalni na toj okolnosti. Povratne informacije <em>online<\/em> publike iz celog regiona biv\u0161e Jugoslavije su nam veliki vetar u le\u0111a, jer se ljudima veoma dopada \u0161ta radimo. Tako je za nas nastup na Beogradskoj nedelji mode bio veliki korak; a da i ne govorimo o li\u010dnim do\u017eivljajima na\u0161eg pojavljivanja na ovom veli\u010danstvenom doga\u0111aju. Mi nismo bili u novim ulogama \u2013 mi smo bili mi, svirali smo pesmu posve\u0107enu studentskom podvigu vo\u017enje bicikala do Strazbura. To je bila na\u0161a oda biciklistima. Sa njima smo delili bekstejd\u017e, upoznali ih i slikali se sa njima. To su uspomene za ceo \u017eivot &#8211; isti\u010du iz benda.<\/p>\n<p>Dodaju kako veruju u snove; i da im se snovi upravo ostvaruju. Njihov slede\u0107i korak vodi ih u jo\u0161 neistra\u017eene vode \u2013 ka prvoj autorskoj pesmi, koja, paradoksalno, i nije sasvim autorska. Naime, poznati filmski stvaralac obratio im se sa \u017eeljom da udahnu novi \u017eivot njegovom neobjavljenom demu. Taj zadatak shvatili su kao izazov, ali i kao priliku da spoje razli\u010dite umetni\u010dke svetove \u2013 film i muziku, introspekciju i interpretaciju. Veruju da \u0107e pesma do kraja godine prona\u0107i svoj oblik i sti\u0107i do publike. U tom mirnom, ali \u010dvrstom uverenju da umetnost sama nalazi put, krije se njihova najve\u0107a autenti\u010dnost. Ako vas zanima \u0161ta je novo kod njih troje \u2013 svratite na <a href=\"https:\/\/www.instagram.com\/nast.roje\/?hl=en\">Instagram<\/a> ili <a href=\"https:\/\/soundcloud.com\/golaglava\">SoundCloud<\/a>: nast.roje.<\/p>\n<p><em>pi\u0161e Jelena Miri\u0107<\/em><\/p>\n","protected":false},"excerpt":{"rendered":"<p>Prema svim autorima i pesmama koje obra\u0111ujemo gajimo veliki respekt, po\u0161tovanje i kroz ove obrade \u017eelimo da radimo oma\u017e autorima i numerama, ka\u017eu Teodora, Marko i Stefan<\/p>\n","protected":false},"featured_media":7357,"template":"","tags":[136],"atribut":[],"class_list":["post-7360","nada","type-nada","status-publish","has-post-thumbnail","hentry","tag-portret"],"acf":[],"yoast_head":"<!-- This site is optimized with the Yoast SEO plugin v27.4 - https:\/\/yoast.com\/product\/yoast-seo-wordpress\/ -->\n<title>Nas troje verujemo u snove - SDF - Srpski demokratski forum<\/title>\n<meta name=\"robots\" content=\"index, follow, max-snippet:-1, max-image-preview:large, max-video-preview:-1\" \/>\n<link rel=\"canonical\" href=\"https:\/\/sdf.hr\/hr\/nada\/nas-troje-verujemo-u-snove\/\" \/>\n<meta property=\"og:locale\" content=\"hr_HR\" \/>\n<meta property=\"og:type\" content=\"article\" \/>\n<meta property=\"og:title\" content=\"Nas troje verujemo u snove - SDF - Srpski demokratski forum\" \/>\n<meta property=\"og:description\" content=\"Prema svim autorima i pesmama koje obra\u0111ujemo gajimo veliki respekt, po\u0161tovanje i kroz ove obrade \u017eelimo da radimo oma\u017e autorima i numerama, ka\u017eu Teodora, Marko i Stefan\" \/>\n<meta property=\"og:url\" content=\"https:\/\/sdf.hr\/hr\/nada\/nas-troje-verujemo-u-snove\/\" \/>\n<meta property=\"og:site_name\" content=\"SDF - Srpski demokratski forum\" \/>\n<meta property=\"article:modified_time\" content=\"2025-10-31T06:43:33+00:00\" \/>\n<meta property=\"og:image\" content=\"https:\/\/sdf.hr\/wp-content\/uploads\/2025\/10\/Nastroje1_Katarina-Soskic-scaled.jpeg\" \/>\n\t<meta property=\"og:image:width\" content=\"2560\" \/>\n\t<meta property=\"og:image:height\" content=\"2048\" \/>\n\t<meta property=\"og:image:type\" content=\"image\/jpeg\" \/>\n<meta name=\"twitter:card\" content=\"summary_large_image\" \/>\n<meta name=\"twitter:label1\" content=\"Procijenjeno vrijeme \u010ditanja\" \/>\n\t<meta name=\"twitter:data1\" content=\"5 minuta\" \/>\n<script type=\"application\/ld+json\" class=\"yoast-schema-graph\">{\"@context\":\"https:\\\/\\\/schema.org\",\"@graph\":[{\"@type\":\"WebPage\",\"@id\":\"https:\\\/\\\/sdf.hr\\\/hr\\\/nada\\\/nas-troje-verujemo-u-snove\\\/\",\"url\":\"https:\\\/\\\/sdf.hr\\\/hr\\\/nada\\\/nas-troje-verujemo-u-snove\\\/\",\"name\":\"Nas troje verujemo u snove - SDF - Srpski demokratski forum\",\"isPartOf\":{\"@id\":\"https:\\\/\\\/sdf.hr\\\/#website\"},\"primaryImageOfPage\":{\"@id\":\"https:\\\/\\\/sdf.hr\\\/hr\\\/nada\\\/nas-troje-verujemo-u-snove\\\/#primaryimage\"},\"image\":{\"@id\":\"https:\\\/\\\/sdf.hr\\\/hr\\\/nada\\\/nas-troje-verujemo-u-snove\\\/#primaryimage\"},\"thumbnailUrl\":\"https:\\\/\\\/sdf.hr\\\/wp-content\\\/uploads\\\/2025\\\/10\\\/Nastroje1_Katarina-Soskic-scaled.jpeg\",\"datePublished\":\"2025-10-31T06:40:03+00:00\",\"dateModified\":\"2025-10-31T06:43:33+00:00\",\"breadcrumb\":{\"@id\":\"https:\\\/\\\/sdf.hr\\\/hr\\\/nada\\\/nas-troje-verujemo-u-snove\\\/#breadcrumb\"},\"inLanguage\":\"hr\",\"potentialAction\":[{\"@type\":\"ReadAction\",\"target\":[\"https:\\\/\\\/sdf.hr\\\/hr\\\/nada\\\/nas-troje-verujemo-u-snove\\\/\"]}]},{\"@type\":\"ImageObject\",\"inLanguage\":\"hr\",\"@id\":\"https:\\\/\\\/sdf.hr\\\/hr\\\/nada\\\/nas-troje-verujemo-u-snove\\\/#primaryimage\",\"url\":\"https:\\\/\\\/sdf.hr\\\/wp-content\\\/uploads\\\/2025\\\/10\\\/Nastroje1_Katarina-Soskic-scaled.jpeg\",\"contentUrl\":\"https:\\\/\\\/sdf.hr\\\/wp-content\\\/uploads\\\/2025\\\/10\\\/Nastroje1_Katarina-Soskic-scaled.jpeg\",\"width\":2560,\"height\":2048,\"caption\":\"Teodora, Marko i Stefan (Foto: Katarina \u0160o\u0161ki\u0107)\"},{\"@type\":\"BreadcrumbList\",\"@id\":\"https:\\\/\\\/sdf.hr\\\/hr\\\/nada\\\/nas-troje-verujemo-u-snove\\\/#breadcrumb\",\"itemListElement\":[{\"@type\":\"ListItem\",\"position\":1,\"name\":\"Po\u010detna stranica\",\"item\":\"https:\\\/\\\/sdf.hr\\\/hr\\\/\"},{\"@type\":\"ListItem\",\"position\":2,\"name\":\"Nada\",\"item\":\"https:\\\/\\\/sdf.hr\\\/nada\\\/\"},{\"@type\":\"ListItem\",\"position\":3,\"name\":\"Nas troje verujemo u snove\"}]},{\"@type\":\"WebSite\",\"@id\":\"https:\\\/\\\/sdf.hr\\\/#website\",\"url\":\"https:\\\/\\\/sdf.hr\\\/\",\"name\":\"SDF - Srpski demokratski forum\",\"description\":\"Srpski demokratski forum\",\"publisher\":{\"@id\":\"https:\\\/\\\/sdf.hr\\\/#organization\"},\"potentialAction\":[{\"@type\":\"SearchAction\",\"target\":{\"@type\":\"EntryPoint\",\"urlTemplate\":\"https:\\\/\\\/sdf.hr\\\/?s={search_term_string}\"},\"query-input\":{\"@type\":\"PropertyValueSpecification\",\"valueRequired\":true,\"valueName\":\"search_term_string\"}}],\"inLanguage\":\"hr\"},{\"@type\":\"Organization\",\"@id\":\"https:\\\/\\\/sdf.hr\\\/#organization\",\"name\":\"SDF - Srpski demokratski forum\",\"url\":\"https:\\\/\\\/sdf.hr\\\/\",\"logo\":{\"@type\":\"ImageObject\",\"inLanguage\":\"hr\",\"@id\":\"https:\\\/\\\/sdf.hr\\\/#\\\/schema\\\/logo\\\/image\\\/\",\"url\":\"https:\\\/\\\/sdf.hr\\\/wp-content\\\/uploads\\\/2021\\\/07\\\/logo-hr.svg\",\"contentUrl\":\"https:\\\/\\\/sdf.hr\\\/wp-content\\\/uploads\\\/2021\\\/07\\\/logo-hr.svg\",\"width\":271,\"height\":100,\"caption\":\"SDF - Srpski demokratski forum\"},\"image\":{\"@id\":\"https:\\\/\\\/sdf.hr\\\/#\\\/schema\\\/logo\\\/image\\\/\"}}]}<\/script>\n<!-- \/ Yoast SEO plugin. -->","yoast_head_json":{"title":"Nas troje verujemo u snove - SDF - Srpski demokratski forum","robots":{"index":"index","follow":"follow","max-snippet":"max-snippet:-1","max-image-preview":"max-image-preview:large","max-video-preview":"max-video-preview:-1"},"canonical":"https:\/\/sdf.hr\/hr\/nada\/nas-troje-verujemo-u-snove\/","og_locale":"hr_HR","og_type":"article","og_title":"Nas troje verujemo u snove - SDF - Srpski demokratski forum","og_description":"Prema svim autorima i pesmama koje obra\u0111ujemo gajimo veliki respekt, po\u0161tovanje i kroz ove obrade \u017eelimo da radimo oma\u017e autorima i numerama, ka\u017eu Teodora, Marko i Stefan","og_url":"https:\/\/sdf.hr\/hr\/nada\/nas-troje-verujemo-u-snove\/","og_site_name":"SDF - Srpski demokratski forum","article_modified_time":"2025-10-31T06:43:33+00:00","og_image":[{"width":2560,"height":2048,"url":"https:\/\/sdf.hr\/wp-content\/uploads\/2025\/10\/Nastroje1_Katarina-Soskic-scaled.jpeg","type":"image\/jpeg"}],"twitter_card":"summary_large_image","twitter_misc":{"Procijenjeno vrijeme \u010ditanja":"5 minuta"},"schema":{"@context":"https:\/\/schema.org","@graph":[{"@type":"WebPage","@id":"https:\/\/sdf.hr\/hr\/nada\/nas-troje-verujemo-u-snove\/","url":"https:\/\/sdf.hr\/hr\/nada\/nas-troje-verujemo-u-snove\/","name":"Nas troje verujemo u snove - SDF - Srpski demokratski forum","isPartOf":{"@id":"https:\/\/sdf.hr\/#website"},"primaryImageOfPage":{"@id":"https:\/\/sdf.hr\/hr\/nada\/nas-troje-verujemo-u-snove\/#primaryimage"},"image":{"@id":"https:\/\/sdf.hr\/hr\/nada\/nas-troje-verujemo-u-snove\/#primaryimage"},"thumbnailUrl":"https:\/\/sdf.hr\/wp-content\/uploads\/2025\/10\/Nastroje1_Katarina-Soskic-scaled.jpeg","datePublished":"2025-10-31T06:40:03+00:00","dateModified":"2025-10-31T06:43:33+00:00","breadcrumb":{"@id":"https:\/\/sdf.hr\/hr\/nada\/nas-troje-verujemo-u-snove\/#breadcrumb"},"inLanguage":"hr","potentialAction":[{"@type":"ReadAction","target":["https:\/\/sdf.hr\/hr\/nada\/nas-troje-verujemo-u-snove\/"]}]},{"@type":"ImageObject","inLanguage":"hr","@id":"https:\/\/sdf.hr\/hr\/nada\/nas-troje-verujemo-u-snove\/#primaryimage","url":"https:\/\/sdf.hr\/wp-content\/uploads\/2025\/10\/Nastroje1_Katarina-Soskic-scaled.jpeg","contentUrl":"https:\/\/sdf.hr\/wp-content\/uploads\/2025\/10\/Nastroje1_Katarina-Soskic-scaled.jpeg","width":2560,"height":2048,"caption":"Teodora, Marko i Stefan (Foto: Katarina \u0160o\u0161ki\u0107)"},{"@type":"BreadcrumbList","@id":"https:\/\/sdf.hr\/hr\/nada\/nas-troje-verujemo-u-snove\/#breadcrumb","itemListElement":[{"@type":"ListItem","position":1,"name":"Po\u010detna stranica","item":"https:\/\/sdf.hr\/hr\/"},{"@type":"ListItem","position":2,"name":"Nada","item":"https:\/\/sdf.hr\/nada\/"},{"@type":"ListItem","position":3,"name":"Nas troje verujemo u snove"}]},{"@type":"WebSite","@id":"https:\/\/sdf.hr\/#website","url":"https:\/\/sdf.hr\/","name":"SDF - Srpski demokratski forum","description":"Srpski demokratski forum","publisher":{"@id":"https:\/\/sdf.hr\/#organization"},"potentialAction":[{"@type":"SearchAction","target":{"@type":"EntryPoint","urlTemplate":"https:\/\/sdf.hr\/?s={search_term_string}"},"query-input":{"@type":"PropertyValueSpecification","valueRequired":true,"valueName":"search_term_string"}}],"inLanguage":"hr"},{"@type":"Organization","@id":"https:\/\/sdf.hr\/#organization","name":"SDF - Srpski demokratski forum","url":"https:\/\/sdf.hr\/","logo":{"@type":"ImageObject","inLanguage":"hr","@id":"https:\/\/sdf.hr\/#\/schema\/logo\/image\/","url":"https:\/\/sdf.hr\/wp-content\/uploads\/2021\/07\/logo-hr.svg","contentUrl":"https:\/\/sdf.hr\/wp-content\/uploads\/2021\/07\/logo-hr.svg","width":271,"height":100,"caption":"SDF - Srpski demokratski forum"},"image":{"@id":"https:\/\/sdf.hr\/#\/schema\/logo\/image\/"}}]}},"_links":{"self":[{"href":"https:\/\/sdf.hr\/hr\/wp-json\/wp\/v2\/nada\/7360","targetHints":{"allow":["GET"]}}],"collection":[{"href":"https:\/\/sdf.hr\/hr\/wp-json\/wp\/v2\/nada"}],"about":[{"href":"https:\/\/sdf.hr\/hr\/wp-json\/wp\/v2\/types\/nada"}],"wp:featuredmedia":[{"embeddable":true,"href":"https:\/\/sdf.hr\/hr\/wp-json\/wp\/v2\/media\/7357"}],"wp:attachment":[{"href":"https:\/\/sdf.hr\/hr\/wp-json\/wp\/v2\/media?parent=7360"}],"wp:term":[{"taxonomy":"post_tag","embeddable":true,"href":"https:\/\/sdf.hr\/hr\/wp-json\/wp\/v2\/tags?post=7360"},{"taxonomy":"atribut","embeddable":true,"href":"https:\/\/sdf.hr\/hr\/wp-json\/wp\/v2\/atribut?post=7360"}],"curies":[{"name":"wp","href":"https:\/\/api.w.org\/{rel}","templated":true}]}}