{"id":753,"date":"2022-08-26T16:55:06","date_gmt":"2022-08-26T14:55:06","guid":{"rendered":"https:\/\/sdf.hr\/?post_type=nada&#038;p=753"},"modified":"2023-03-28T12:07:15","modified_gmt":"2023-03-28T10:07:15","slug":"talent-iz-medjimurja","status":"publish","type":"nada","link":"https:\/\/sdf.hr\/hr\/nada\/talent-iz-medjimurja\/","title":{"rendered":"Talent iz Me\u0111imurja"},"content":{"rendered":"<p>S tek nedavno navr\u0161enih 18 godina, maturantica Severina Lajtman ve\u0107 ima bogato iskustvo medijskih nastupa. Iza nje su gostovanja u razli\u010ditim televizijskim emisijama kao i intervjui u tiskanim i digitalnim medijima. Priznaje da, s obzirom na njenu dob, to mo\u017eda jest neuobi\u010dajeno, ali da s druge strane romskoj zajednici u Hrvatskoj, kojoj i sama pripada, nedostaje ljudi koji \u0107e javno istupati.<\/p>\n<p>\u2014 Novinari se sada \u010de\u0161\u0107e interesiraju za mi\u0161ljenja mladih Romkinja i Roma. Pro\u0161le i ove godine sam se vi\u0161e puta pojavljivala u medijima. To je neobi\u010dno ako gledate generalno, ali nije ako gledate romsku nacionalnu manjinu zato \u0161to nam jako fali ljudi koji iznose svoja mi\u0161ljenja, koji su se probili \u2013 ka\u017ee nam Lajtman.<\/p>\n<p>Prisje\u0107a se da je pred kameru stala jo\u0161 u osnovnoj \u0161koli, nakon \u0161to je tri godine zaredom postigla zapa\u017eene rezultate na LiDraNu, dr\u017eavnoj smotri literarnog, dramsko-scenskog i novinarskog stvarala\u0161tva u\u010denika.<\/p>\n<p>\u2014 Ima jedan dokumentarac \u2013 bila sam vrlo mlada \u2013 u kojem iznosim neke stavove i mi\u0161ljenja&#8230; s par njih se sada ne sla\u017eem \u2013 govori ona.<\/p>\n<p>Ipak, ono \u0161to se do danas nije promijenilo njena je \u017eelja da postane glumica, odnosno da \u0161kolovanje nastavi na Akademiji dramskih umjetnosti.<\/p>\n<p>\u2014 Ve\u0107 u osnovnoj \u0161koli sam bila sigurna \u010dime se \u017eelim baviti u \u017eivotu. Gluma me nekako ispunjava, stvarno sam se prona\u0161la u tome \u2013 ka\u017ee nam u\u010denica Privatne umjetni\u010dke gimnazije u Zagrebu, koja trenutno glumi u predstavi &#8220;Pogledaj Me&#8221;.<\/p>\n<p>Predstava redatelja Romana Nikoli\u0107a, koja se izvodi od 2017. i koja je iste godine dobila nagradu Hrvatskog glumi\u0161ta, govori o diskriminaciji Roma, a Lajtman se gluma\u010dkoj postavi pridru\u017eila ne\u0161to kasnije.<\/p>\n<p>\u2014 U predstavi glumimo moj kolega Sini\u0161a Senad Musi\u0107 i ja i pritom ukazujemo na probleme romske nacionalne manjine. Govorimo iz svoje perspektive, ja sam Severina, a on je Sini\u0161a, ta predstava sadr\u017ei pri\u010de iz na\u0161ih \u017eivota \u2013 obja\u0161njava nam ona.<\/p>\n<p>Severina Lajtman je i voditeljica odjela za kulturu Romske organizacije mladih Hrvatske, ROMHR, neprofitne udruge koja se zala\u017ee za aktivnije uklju\u010denje Roma u dru\u0161tvo. Iako pokrivaju razli\u010diti spektar tema i aktivnosti, u srpnju ove godine prvi su put organizirali mirni prosvjed pod geslom &#8220;Rasizam ubija! Romi \u017eele \u017eivjeti!&#8221;. Okupiv\u0161i se ispred Veleposlanstva \u010ce\u0161ke Republike, priklju\u010dili su se velikom broju aktivista \u0161irom Europe, tra\u017ee\u0107i pravdu za \u017ertvu policijske brutalnosti, preminulog \u010de\u0161kog Roma Stanislava Toma\u0161a. Lajtman ka\u017ee da ju je iskustvo sudjelovanja u prosvjedu osna\u017eilo i ohrabrilo, jer su im se pridru\u017eili i ne-Romi.<\/p>\n<p>Me\u0111utim, sla\u017ee s ocjenom da se o problemima romske zajednice u javnosti intenzivnije govori tek kada vijesti iz crne kronike, u slu\u010dajevima u kojima su po\u010dinitelji prekr\u0161aja ili kaznenih djela Romi, preplave nacionalne medije.<\/p>\n<p>\u2014 To je pogre\u0161no i ne znam za\u0161to mediji funkcioniraju na takav na\u010din. Na\u017ealost, tek kada se dogode takve stvari, oni po\u010dnu reagirati \u2013 ka\u017ee Lajtman, koja je odrasla u romskom naselju Pi\u0161korovec u Me\u0111imurju, regiji u kojoj \u017eivi gotovo pola romske populacije u Hrvatskoj, suo\u010davaju\u0107i se s dru\u0161tvenom i infrastrukturnom izolacijom, siroma\u0161tvom i diskriminacijom. Iskustvo odrastanja u romskom naselju neizbje\u017eno je novinarsko pitanje za Lajtman u gotovo svakom intervjuu.<\/p>\n<p>\u2014 Rado govorim o tome. Nije bilo toliko lo\u0161e. Samo malo izolirano i bez ikakvih ve\u0107ih mogu\u0107nosti \u2013 ka\u017ee nam ona.<\/p>\n<p>U osnovnoj \u0161koli jedno je vrijeme i\u0161la u, kako ka\u017ee, &#8220;\u010disti segregirani razred u kojem su bili samo Romi&#8221;, a u sedmom razredu prebacila se u mje\u0161ovitu razrednu skupinu.<\/p>\n<p>\u2014 Tada sam se na\u0161la u dosta ru\u017enih situacija. Bilo je puno diskriminacije, drugi u\u010denici nisu htjeli imati nikakav doticaj s nama, bilo je i zadirkivanja \u2013 ka\u017ee Severina Lajtman i dodaje da je uz podr\u0161ku i savjet roditelja na\u0161la na\u010din da je vr\u0161nja\u010dka netolerancija ipak ne sputava.<\/p>\n<p>S obzirom na brojne prepreke i pote\u0161ko\u0107e s kojima se Romi susre\u0107u od malih nogu, smatra da bi \u0161kole i obrazovni sustav trebali ulo\u017eiti vi\u0161e napora u njihovo otklanjanje. Jedna od osnovnih barijera je svladavanje hrvatskog jezika.<\/p>\n<p>\u2014 Neke \u0161kole imaju romske pomaga\u010de, \u0161to je meni u redu, ali ako se djeci ne\u0161to objasni na romskom, oni zapostavljaju hrvatski. Hrvatski je iznimno va\u017ean, jer \u017eivimo u ovoj dr\u017eavi&#8230; Koliko god je tehnologija napredovala, i dalje nisu u doticaju s jezikom. Puno romske djece nema mogu\u0107nost i\u0107i u vrti\u0107. A upravo bi se od ranije dobi trebala socijalizirati i razvijati govorne vje\u0161tine. Nisam bila ni svjesna koliko puno djece ima problema s govorom. Postoji jedan video u kojem ih ispituju ne\u0161to, djeca se doslovno gr\u010de, ne znaju odgovoriti. Tada sam se rasplakala \u2013 prisje\u0107a se.<\/p>\n<p>Svjesna je i da nisu sve Romkinje i Romi podjednako osvije\u0161teni i osna\u017eeni, pri \u010demu isti\u010de da su Romkinje, kako unutar romske zajednice, tako i izvan nje, u izuzetno te\u0161koj situaciji, odnosno podre\u0111ene mu\u0161karcima.<\/p>\n<p>\u2014 Dosta je to normalizirano, tu vidim najve\u0107i problem \u2013 o\u0161tro \u0107e Severina o patrijarhalnom modelu pona\u0161anja, dodaju\u0107i da su ona i njene kolege i tu temu obradili kroz forum-predstavu &#8220;Imamo li izbora?&#8221;.<\/p>\n<p>Doma\u0107i mediji Lajtman isti\u010du kao pozitivan primjer Romkinje koja je na dobrom putu da izgradi uspje\u0161nu karijeru, no sama zamje\u0107uje da takvih primjera nema previ\u0161e te da istovremeno oni nisu pokazatelj da je sa sustavom sve u redu.<\/p>\n<p>\u2014 Da, govori se da svatko mo\u017ee uspjeti, ali na\u017ealost se na kraju uvijek probije jako malo Roma i Romkinja. Premalo mladih ljudi ide u srednju \u0161kolu i na kraju se uspije baviti ne\u010dim ambicioznijim. U medijima se uvijek pojavljuju jedne te iste osobe, pa se stvorio stav da je sve mogu\u0107e. Ali ako pogledate statistiku, vidjet \u0107ete da nije tako. Po\u010dnimo samo od toga da su njihove mogu\u0107nosti dosta ograni\u010dene i da im nedostaju brojna znanja \u2013 obja\u0161njava nam Lajtman.<\/p>\n<p>Njen talent i upornost prepoznala je Zaklada Solidarna koja joj je osigurala sredstva za pokrivanje \u0161kolarine u umjetni\u010dkoj gimnaziji, a temeljem Nacionalne strategije za uklju\u010divanje Roma, Ministarstvo znanosti i obrazovanja osigurava joj u\u010deni\u010dki dom i stipendiju. Severina Lajtman \u017eeli da takvu \u0161ansu dobiju i ostala djeca.<\/p>\n<p>\u2014 Svaki put kad do\u0111em u svoje romsko naselje, djeca mi govore: &#8220;\u017delim biti kao ti.&#8221; To je ne\u0161to \u0161to me zaista ispuni. Ima puno talentiranih mladih koji \u017eele ne\u0161to posti\u0107i, samo im treba otvoriti mogu\u0107nosti \u2013 napominje.<\/p>\n<p>Njoj su se mogu\u0107nosti otvorile dolaskom u Zagreb.<\/p>\n<p>\u2014 Grad mi se \u010dinio veoma velikim i sve mi je bilo novo, nisam mislila da \u0107e me itko prihvatiti. U novu sredinu sam ponijela teret iz one stare \u2013 prisje\u0107a se Severina i zaklju\u010duje da se naposljetku ipak dogodila velika pozitivna promjena.<\/p>\n<p>\u2014 Prihva\u0107enija sam, otvorila su mi se neka vrata. Drago mi je zbog toga i voljela bih da jo\u0161 djece iz romskih naselja do\u017eivi isto.<\/p>\n<p><em>pi\u0161e Anja Vladisavljevi\u0107<\/em><\/p>\n","protected":false},"excerpt":{"rendered":"<p>&#8220;Svaki put kad do\u0111em u svoje romsko naselje djeca mi govore: &#8216;\u017delim biti kao ti.&#8217; To me ispunjava&#8221;, govori Severina Lajtman, maturantica Privatne umjetni\u010dke gimnazije u Zagrebu koja \u0161kolovanje \u017eeli nastaviti na Akademiji dramskih umjetnosti<\/p>\n","protected":false},"featured_media":3157,"template":"","tags":[136],"atribut":[],"class_list":["post-753","nada","type-nada","status-publish","has-post-thumbnail","hentry","tag-portret"],"acf":[],"yoast_head":"<!-- This site is optimized with the Yoast SEO plugin v27.4 - https:\/\/yoast.com\/product\/yoast-seo-wordpress\/ -->\n<title>Talent iz Me\u0111imurja - SDF - Srpski demokratski forum<\/title>\n<meta name=\"robots\" content=\"index, follow, max-snippet:-1, max-image-preview:large, max-video-preview:-1\" \/>\n<link rel=\"canonical\" href=\"https:\/\/sdf.hr\/hr\/nada\/talent-iz-medjimurja\/\" \/>\n<meta property=\"og:locale\" content=\"hr_HR\" \/>\n<meta property=\"og:type\" content=\"article\" \/>\n<meta property=\"og:title\" content=\"Talent iz Me\u0111imurja - SDF - Srpski demokratski forum\" \/>\n<meta property=\"og:description\" content=\"&quot;Svaki put kad do\u0111em u svoje romsko naselje djeca mi govore: &#039;\u017delim biti kao ti.&#039; To me ispunjava&quot;, govori Severina Lajtman, maturantica Privatne umjetni\u010dke gimnazije u Zagrebu koja \u0161kolovanje \u017eeli nastaviti na Akademiji dramskih umjetnosti\" \/>\n<meta property=\"og:url\" content=\"https:\/\/sdf.hr\/hr\/nada\/talent-iz-medjimurja\/\" \/>\n<meta property=\"og:site_name\" content=\"SDF - Srpski demokratski forum\" \/>\n<meta property=\"article:modified_time\" content=\"2023-03-28T10:07:15+00:00\" \/>\n<meta property=\"og:image\" content=\"https:\/\/sdf.hr\/wp-content\/uploads\/2022\/08\/Lajtman_Melanie-Palavra-scaled.jpg\" \/>\n\t<meta property=\"og:image:width\" content=\"2560\" \/>\n\t<meta property=\"og:image:height\" content=\"2416\" \/>\n\t<meta property=\"og:image:type\" content=\"image\/jpeg\" \/>\n<meta name=\"twitter:card\" content=\"summary_large_image\" \/>\n<meta name=\"twitter:label1\" content=\"Procijenjeno vrijeme \u010ditanja\" \/>\n\t<meta name=\"twitter:data1\" content=\"6 minuta\" \/>\n<script type=\"application\/ld+json\" class=\"yoast-schema-graph\">{\"@context\":\"https:\\\/\\\/schema.org\",\"@graph\":[{\"@type\":\"WebPage\",\"@id\":\"https:\\\/\\\/sdf.hr\\\/hr\\\/nada\\\/talent-iz-medjimurja\\\/\",\"url\":\"https:\\\/\\\/sdf.hr\\\/hr\\\/nada\\\/talent-iz-medjimurja\\\/\",\"name\":\"Talent iz Me\u0111imurja - SDF - Srpski demokratski forum\",\"isPartOf\":{\"@id\":\"https:\\\/\\\/sdf.hr\\\/#website\"},\"primaryImageOfPage\":{\"@id\":\"https:\\\/\\\/sdf.hr\\\/hr\\\/nada\\\/talent-iz-medjimurja\\\/#primaryimage\"},\"image\":{\"@id\":\"https:\\\/\\\/sdf.hr\\\/hr\\\/nada\\\/talent-iz-medjimurja\\\/#primaryimage\"},\"thumbnailUrl\":\"https:\\\/\\\/sdf.hr\\\/wp-content\\\/uploads\\\/2022\\\/08\\\/Lajtman_Melanie-Palavra-scaled.jpg\",\"datePublished\":\"2022-08-26T14:55:06+00:00\",\"dateModified\":\"2023-03-28T10:07:15+00:00\",\"breadcrumb\":{\"@id\":\"https:\\\/\\\/sdf.hr\\\/hr\\\/nada\\\/talent-iz-medjimurja\\\/#breadcrumb\"},\"inLanguage\":\"hr\",\"potentialAction\":[{\"@type\":\"ReadAction\",\"target\":[\"https:\\\/\\\/sdf.hr\\\/hr\\\/nada\\\/talent-iz-medjimurja\\\/\"]}]},{\"@type\":\"ImageObject\",\"inLanguage\":\"hr\",\"@id\":\"https:\\\/\\\/sdf.hr\\\/hr\\\/nada\\\/talent-iz-medjimurja\\\/#primaryimage\",\"url\":\"https:\\\/\\\/sdf.hr\\\/wp-content\\\/uploads\\\/2022\\\/08\\\/Lajtman_Melanie-Palavra-scaled.jpg\",\"contentUrl\":\"https:\\\/\\\/sdf.hr\\\/wp-content\\\/uploads\\\/2022\\\/08\\\/Lajtman_Melanie-Palavra-scaled.jpg\",\"width\":2560,\"height\":2416,\"caption\":\"Severina Lajtman (Foto: Melanie Palavra)\"},{\"@type\":\"BreadcrumbList\",\"@id\":\"https:\\\/\\\/sdf.hr\\\/hr\\\/nada\\\/talent-iz-medjimurja\\\/#breadcrumb\",\"itemListElement\":[{\"@type\":\"ListItem\",\"position\":1,\"name\":\"Po\u010detna stranica\",\"item\":\"https:\\\/\\\/sdf.hr\\\/hr\\\/\"},{\"@type\":\"ListItem\",\"position\":2,\"name\":\"Nada\",\"item\":\"https:\\\/\\\/sdf.hr\\\/nada\\\/\"},{\"@type\":\"ListItem\",\"position\":3,\"name\":\"Talent iz Me\u0111imurja\"}]},{\"@type\":\"WebSite\",\"@id\":\"https:\\\/\\\/sdf.hr\\\/#website\",\"url\":\"https:\\\/\\\/sdf.hr\\\/\",\"name\":\"SDF - Srpski demokratski forum\",\"description\":\"Srpski demokratski forum\",\"publisher\":{\"@id\":\"https:\\\/\\\/sdf.hr\\\/#organization\"},\"potentialAction\":[{\"@type\":\"SearchAction\",\"target\":{\"@type\":\"EntryPoint\",\"urlTemplate\":\"https:\\\/\\\/sdf.hr\\\/?s={search_term_string}\"},\"query-input\":{\"@type\":\"PropertyValueSpecification\",\"valueRequired\":true,\"valueName\":\"search_term_string\"}}],\"inLanguage\":\"hr\"},{\"@type\":\"Organization\",\"@id\":\"https:\\\/\\\/sdf.hr\\\/#organization\",\"name\":\"SDF - Srpski demokratski forum\",\"url\":\"https:\\\/\\\/sdf.hr\\\/\",\"logo\":{\"@type\":\"ImageObject\",\"inLanguage\":\"hr\",\"@id\":\"https:\\\/\\\/sdf.hr\\\/#\\\/schema\\\/logo\\\/image\\\/\",\"url\":\"https:\\\/\\\/sdf.hr\\\/wp-content\\\/uploads\\\/2021\\\/07\\\/logo-hr.svg\",\"contentUrl\":\"https:\\\/\\\/sdf.hr\\\/wp-content\\\/uploads\\\/2021\\\/07\\\/logo-hr.svg\",\"width\":271,\"height\":100,\"caption\":\"SDF - Srpski demokratski forum\"},\"image\":{\"@id\":\"https:\\\/\\\/sdf.hr\\\/#\\\/schema\\\/logo\\\/image\\\/\"}}]}<\/script>\n<!-- \/ Yoast SEO plugin. -->","yoast_head_json":{"title":"Talent iz Me\u0111imurja - SDF - Srpski demokratski forum","robots":{"index":"index","follow":"follow","max-snippet":"max-snippet:-1","max-image-preview":"max-image-preview:large","max-video-preview":"max-video-preview:-1"},"canonical":"https:\/\/sdf.hr\/hr\/nada\/talent-iz-medjimurja\/","og_locale":"hr_HR","og_type":"article","og_title":"Talent iz Me\u0111imurja - SDF - Srpski demokratski forum","og_description":"\"Svaki put kad do\u0111em u svoje romsko naselje djeca mi govore: '\u017delim biti kao ti.' To me ispunjava\", govori Severina Lajtman, maturantica Privatne umjetni\u010dke gimnazije u Zagrebu koja \u0161kolovanje \u017eeli nastaviti na Akademiji dramskih umjetnosti","og_url":"https:\/\/sdf.hr\/hr\/nada\/talent-iz-medjimurja\/","og_site_name":"SDF - Srpski demokratski forum","article_modified_time":"2023-03-28T10:07:15+00:00","og_image":[{"width":2560,"height":2416,"url":"https:\/\/sdf.hr\/wp-content\/uploads\/2022\/08\/Lajtman_Melanie-Palavra-scaled.jpg","type":"image\/jpeg"}],"twitter_card":"summary_large_image","twitter_misc":{"Procijenjeno vrijeme \u010ditanja":"6 minuta"},"schema":{"@context":"https:\/\/schema.org","@graph":[{"@type":"WebPage","@id":"https:\/\/sdf.hr\/hr\/nada\/talent-iz-medjimurja\/","url":"https:\/\/sdf.hr\/hr\/nada\/talent-iz-medjimurja\/","name":"Talent iz Me\u0111imurja - SDF - Srpski demokratski forum","isPartOf":{"@id":"https:\/\/sdf.hr\/#website"},"primaryImageOfPage":{"@id":"https:\/\/sdf.hr\/hr\/nada\/talent-iz-medjimurja\/#primaryimage"},"image":{"@id":"https:\/\/sdf.hr\/hr\/nada\/talent-iz-medjimurja\/#primaryimage"},"thumbnailUrl":"https:\/\/sdf.hr\/wp-content\/uploads\/2022\/08\/Lajtman_Melanie-Palavra-scaled.jpg","datePublished":"2022-08-26T14:55:06+00:00","dateModified":"2023-03-28T10:07:15+00:00","breadcrumb":{"@id":"https:\/\/sdf.hr\/hr\/nada\/talent-iz-medjimurja\/#breadcrumb"},"inLanguage":"hr","potentialAction":[{"@type":"ReadAction","target":["https:\/\/sdf.hr\/hr\/nada\/talent-iz-medjimurja\/"]}]},{"@type":"ImageObject","inLanguage":"hr","@id":"https:\/\/sdf.hr\/hr\/nada\/talent-iz-medjimurja\/#primaryimage","url":"https:\/\/sdf.hr\/wp-content\/uploads\/2022\/08\/Lajtman_Melanie-Palavra-scaled.jpg","contentUrl":"https:\/\/sdf.hr\/wp-content\/uploads\/2022\/08\/Lajtman_Melanie-Palavra-scaled.jpg","width":2560,"height":2416,"caption":"Severina Lajtman (Foto: Melanie Palavra)"},{"@type":"BreadcrumbList","@id":"https:\/\/sdf.hr\/hr\/nada\/talent-iz-medjimurja\/#breadcrumb","itemListElement":[{"@type":"ListItem","position":1,"name":"Po\u010detna stranica","item":"https:\/\/sdf.hr\/hr\/"},{"@type":"ListItem","position":2,"name":"Nada","item":"https:\/\/sdf.hr\/nada\/"},{"@type":"ListItem","position":3,"name":"Talent iz Me\u0111imurja"}]},{"@type":"WebSite","@id":"https:\/\/sdf.hr\/#website","url":"https:\/\/sdf.hr\/","name":"SDF - Srpski demokratski forum","description":"Srpski demokratski forum","publisher":{"@id":"https:\/\/sdf.hr\/#organization"},"potentialAction":[{"@type":"SearchAction","target":{"@type":"EntryPoint","urlTemplate":"https:\/\/sdf.hr\/?s={search_term_string}"},"query-input":{"@type":"PropertyValueSpecification","valueRequired":true,"valueName":"search_term_string"}}],"inLanguage":"hr"},{"@type":"Organization","@id":"https:\/\/sdf.hr\/#organization","name":"SDF - Srpski demokratski forum","url":"https:\/\/sdf.hr\/","logo":{"@type":"ImageObject","inLanguage":"hr","@id":"https:\/\/sdf.hr\/#\/schema\/logo\/image\/","url":"https:\/\/sdf.hr\/wp-content\/uploads\/2021\/07\/logo-hr.svg","contentUrl":"https:\/\/sdf.hr\/wp-content\/uploads\/2021\/07\/logo-hr.svg","width":271,"height":100,"caption":"SDF - Srpski demokratski forum"},"image":{"@id":"https:\/\/sdf.hr\/#\/schema\/logo\/image\/"}}]}},"_links":{"self":[{"href":"https:\/\/sdf.hr\/hr\/wp-json\/wp\/v2\/nada\/753","targetHints":{"allow":["GET"]}}],"collection":[{"href":"https:\/\/sdf.hr\/hr\/wp-json\/wp\/v2\/nada"}],"about":[{"href":"https:\/\/sdf.hr\/hr\/wp-json\/wp\/v2\/types\/nada"}],"wp:featuredmedia":[{"embeddable":true,"href":"https:\/\/sdf.hr\/hr\/wp-json\/wp\/v2\/media\/3157"}],"wp:attachment":[{"href":"https:\/\/sdf.hr\/hr\/wp-json\/wp\/v2\/media?parent=753"}],"wp:term":[{"taxonomy":"post_tag","embeddable":true,"href":"https:\/\/sdf.hr\/hr\/wp-json\/wp\/v2\/tags?post=753"},{"taxonomy":"atribut","embeddable":true,"href":"https:\/\/sdf.hr\/hr\/wp-json\/wp\/v2\/atribut?post=753"}],"curies":[{"name":"wp","href":"https:\/\/api.w.org\/{rel}","templated":true}]}}