{"id":7548,"date":"2025-11-19T18:29:44","date_gmt":"2025-11-19T17:29:44","guid":{"rendered":"https:\/\/sdf.hr\/nada\/autorica-i-sampion\/"},"modified":"2025-11-19T18:30:17","modified_gmt":"2025-11-19T17:30:17","slug":"autorica-i-sampion","status":"publish","type":"nada","link":"https:\/\/sdf.hr\/hr\/nada\/autorica-i-sampion\/","title":{"rendered":"Autorica i \u0161ampion"},"content":{"rendered":"<p>&#8220;Crni de\u010dki su lo\u0161i. Lo\u0161i su i kul. Toliko su lo\u0161i da ponekad rade neopisive stvari. Bijeli de\u010dki nisu lo\u0161i i nisu kul. Ali ponekad vole misliti da jesu. Kad se bijeli de\u010dki \u017eele igrati lo\u0161ih, \u0161etaju Central Parkom u pono\u0107 i onda pi\u0161u o tome. To nije lo\u0161e i svatko tko na taj na\u010din zara\u0111uje za \u017eivot trebao bi biti pla\u0107en u portorikanskom namje\u0161taju&#8221;. Tim rije\u010dima antigvansko-ameri\u010dka knji\u017eevnica <strong>Jamaica Kincaid<\/strong> zapo\u010dinje esej o <strong>Muhammadu Aliju<\/strong> objavljen 1974. u \u010dasopisu Village Voice.<\/p>\n<p>&#8220;Lo\u0161&#8221; kod dvadesetpetogodi\u0161njakinje Kincaid ne zna\u010di pokvaren ili nevaljao. Zna\u010di biti toliko izvanredno dobar, toliko dr\u010dno hrabar da nije dostatno osobu nazivati &#8220;najve\u0107om&#8221; ili &#8220;nevjerojatnom&#8221;. Kincaid pi\u0161e kako je Ali tog oktobra 1974. u\u010dinio nekoliko stvari kako bi pokazao da je najlo\u0161iji od sve crne djece. Pobijedio je <strong>Georgea Foremana<\/strong> u osam rundi, &#8220;postao jedini autenti\u010dni, \u017eivi heroj na ovom planetu&#8221; i &#8220;dokazao da je jedina odr\u017eiva li\u010dnost preostala iz 60-ih&#8221;. &#8220;Alah sada ima naftu i svjetskog boksa\u010dkog prvaka. Mo\u017ee li koji bog tra\u017eiti vi\u0161e?&#8221;, pita se Kincaid.<\/p>\n<p>Kao mlada autorica u usponu, za Village Voice je izvje\u0161tavala o odlasku u kazali\u0161te Victoria u Harlemu na prijenos borbe izme\u0111u Alija i Foremana. Borba se diljem svijeta u\u017eivo prenosila iz Zaira (danas Demokratska Republika Kongo), pred procijenjenih milijardu gledatelja, \u0161to je u to vrijeme bila najve\u0107a televizijska publika u povijesti. U eseju &#8220;Trijumf lo\u0161ega i kul&#8221; vidljivi su za\u010deci stila budu\u0107e nagra\u0111ivane autorice, pronicljiv sluh i sardoni\u010dna o\u0161trica koju \u0107e Kincaid izbrusiti u nadolaze\u0107im godinama.<\/p>\n<p>Publiku koja je borbu gledala u Harlemu Kincaid opisuje kao ve\u0107inom mu\u0161karce koji su nosili obilje\u017eja biv\u0161ih zlo\u010destih momaka. &#8220;U svakom slu\u010daju, tako su se izra\u017eavali. Rije\u010d &#8216;crn\u010duga&#8217; koristili su vrlo lagodno, \u010dinili su da zvu\u010di vrijedno i ugledno. Tako\u0111er su \u010desto koristili rije\u010d &#8216;peder\u010dina&#8217;, ali to pak nije zvu\u010dalo vrijedno i ugledno. U tim krugovima, otkrila sam, &#8216;peder\u010dina&#8217; je zamijenila izraz &#8216;jeba\u010d majke'&#8221;, pi\u0161e Kincaid.<\/p>\n<p>Osvr\u0107u\u0107i se na zemlju iz koje se borba prenosila, Kincaid opisuje: &#8220;Spiker je kazao da su drugi ljudi kazali (mislim da je mislio na borbu) da se to ne mo\u017ee dogoditi u najdubljem dijelu Afrike, ali evo se ipak de\u0161ava. Nakon toga su uslijedili nasumi\u010dni filmski isje\u010dci centra Zaira. Da, to se doga\u0111a u najdubljem dijelu Afrike. Centar Zaira ima prekrasne, velike nebodere. Izgledalo je jednostavno fantasti\u010dno. Svjetski trgova\u010dki centar mo\u017eda je odvratan na Manhattanu, ali je izgledao jednostavno fantasti\u010dno u Zairu. Neboderi, poput poliestera, sada su pravo koje po ro\u0111enju pripada potro\u0161a\u010dima tre\u0107eg svijeta.&#8221;<\/p>\n<p>Kincaid zna \u0161to je realnost tzv. tre\u0107eg svijeta \u2013 majka ju je kao tinejd\u017eerku prisilila da napusti Antigvu i ode u New York raditi kao dadilja kako bi obitelji na siroma\u0161no karipsko oto\u010dje slala novac. Kincaid je u New York oti\u0161la i iz njega se majci nije javila sljede\u0107ih 20 godina. Radila je razne poslove, poha\u0111ala ve\u010dernju \u0161kolu, promijenila ime, po\u010dela pisati. Alija je posebno cijenila zbog godina koje je proveo izvan ringa, sa zabranom boksanja zbog odbijanja sudjelovanja u Vijetnamskom ratu. U eseju iz 1976. &#8220;Richard Pryor: Ro\u0111en pod znakom smije\u0161nog&#8221;, Kincaid uspore\u0111uje crnog ameri\u010dkog komi\u010dara <strong>Pryora<\/strong> i Alija, nazivaju\u0107i ih najlo\u0161ijim osobama ikad. Predo\u010dava nam Pryora koji visi po hotelu, opona\u0161a <strong>Waltera Cronkitea<\/strong>, kopa po hrpi nakita i jede \u0161pinat rukama, napominju\u0107i britanskim naglaskom da voli svoj \u0161pinat &#8220;dobro ocije\u0111en&#8221;. Uz bok \u0161ampionima, lo\u0161a i kul, autorica Kincaid.<\/p>\n<p><em>pi\u0161e Ivana Peri\u0107<\/em><\/p>\n","protected":false},"excerpt":{"rendered":"<p>Kao mlada autorica u usponu, Jamaica Kincaid je izvje\u0161tavala o odlasku na prijenos borbe izme\u0111u Alija i Foremana. Publiku koja je borbu gledala u Harlemu opisuje kao ve\u0107inom mu\u0161karce koji su nosili obilje\u017eja biv\u0161ih zlo\u010destih momaka<\/p>\n","protected":false},"featured_media":7547,"template":"","tags":[40],"atribut":[],"class_list":["post-7548","nada","type-nada","status-publish","has-post-thumbnail","hentry","tag-dvokorak-naprijed"],"acf":[],"yoast_head":"<!-- This site is optimized with the Yoast SEO plugin v27.4 - https:\/\/yoast.com\/product\/yoast-seo-wordpress\/ -->\n<title>Autorica i \u0161ampion - SDF - Srpski demokratski forum<\/title>\n<meta name=\"robots\" content=\"index, follow, max-snippet:-1, max-image-preview:large, max-video-preview:-1\" \/>\n<link rel=\"canonical\" href=\"https:\/\/sdf.hr\/hr\/nada\/autorica-i-sampion\/\" \/>\n<meta property=\"og:locale\" content=\"hr_HR\" \/>\n<meta property=\"og:type\" content=\"article\" \/>\n<meta property=\"og:title\" content=\"Autorica i \u0161ampion - SDF - Srpski demokratski forum\" \/>\n<meta property=\"og:description\" content=\"Kao mlada autorica u usponu, Jamaica Kincaid je izvje\u0161tavala o odlasku na prijenos borbe izme\u0111u Alija i Foremana. Publiku koja je borbu gledala u Harlemu opisuje kao ve\u0107inom mu\u0161karce koji su nosili obilje\u017eja biv\u0161ih zlo\u010destih momaka\" \/>\n<meta property=\"og:url\" content=\"https:\/\/sdf.hr\/hr\/nada\/autorica-i-sampion\/\" \/>\n<meta property=\"og:site_name\" content=\"SDF - Srpski demokratski forum\" \/>\n<meta property=\"article:modified_time\" content=\"2025-11-19T17:30:17+00:00\" \/>\n<meta property=\"og:image\" content=\"https:\/\/sdf.hr\/wp-content\/uploads\/2025\/11\/Kincaid_Sipa-USA-scaled.jpg\" \/>\n\t<meta property=\"og:image:width\" content=\"2560\" \/>\n\t<meta property=\"og:image:height\" content=\"1440\" \/>\n\t<meta property=\"og:image:type\" content=\"image\/jpeg\" \/>\n<meta name=\"twitter:card\" content=\"summary_large_image\" \/>\n<meta name=\"twitter:label1\" content=\"Procijenjeno vrijeme \u010ditanja\" \/>\n\t<meta name=\"twitter:data1\" content=\"3 minute\" \/>\n<script type=\"application\/ld+json\" class=\"yoast-schema-graph\">{\"@context\":\"https:\\\/\\\/schema.org\",\"@graph\":[{\"@type\":\"WebPage\",\"@id\":\"https:\\\/\\\/sdf.hr\\\/hr\\\/nada\\\/autorica-i-sampion\\\/\",\"url\":\"https:\\\/\\\/sdf.hr\\\/hr\\\/nada\\\/autorica-i-sampion\\\/\",\"name\":\"Autorica i \u0161ampion - SDF - Srpski demokratski forum\",\"isPartOf\":{\"@id\":\"https:\\\/\\\/sdf.hr\\\/#website\"},\"primaryImageOfPage\":{\"@id\":\"https:\\\/\\\/sdf.hr\\\/hr\\\/nada\\\/autorica-i-sampion\\\/#primaryimage\"},\"image\":{\"@id\":\"https:\\\/\\\/sdf.hr\\\/hr\\\/nada\\\/autorica-i-sampion\\\/#primaryimage\"},\"thumbnailUrl\":\"https:\\\/\\\/sdf.hr\\\/wp-content\\\/uploads\\\/2025\\\/11\\\/Kincaid_Sipa-USA-scaled.jpg\",\"datePublished\":\"2025-11-19T17:29:44+00:00\",\"dateModified\":\"2025-11-19T17:30:17+00:00\",\"breadcrumb\":{\"@id\":\"https:\\\/\\\/sdf.hr\\\/hr\\\/nada\\\/autorica-i-sampion\\\/#breadcrumb\"},\"inLanguage\":\"hr\",\"potentialAction\":[{\"@type\":\"ReadAction\",\"target\":[\"https:\\\/\\\/sdf.hr\\\/hr\\\/nada\\\/autorica-i-sampion\\\/\"]}]},{\"@type\":\"ImageObject\",\"inLanguage\":\"hr\",\"@id\":\"https:\\\/\\\/sdf.hr\\\/hr\\\/nada\\\/autorica-i-sampion\\\/#primaryimage\",\"url\":\"https:\\\/\\\/sdf.hr\\\/wp-content\\\/uploads\\\/2025\\\/11\\\/Kincaid_Sipa-USA-scaled.jpg\",\"contentUrl\":\"https:\\\/\\\/sdf.hr\\\/wp-content\\\/uploads\\\/2025\\\/11\\\/Kincaid_Sipa-USA-scaled.jpg\",\"width\":2560,\"height\":1440,\"caption\":\"Jamaica Kincaid (Foto: Sipa USA\\\/PIXSELL)\"},{\"@type\":\"BreadcrumbList\",\"@id\":\"https:\\\/\\\/sdf.hr\\\/hr\\\/nada\\\/autorica-i-sampion\\\/#breadcrumb\",\"itemListElement\":[{\"@type\":\"ListItem\",\"position\":1,\"name\":\"Po\u010detna stranica\",\"item\":\"https:\\\/\\\/sdf.hr\\\/hr\\\/\"},{\"@type\":\"ListItem\",\"position\":2,\"name\":\"Nada\",\"item\":\"https:\\\/\\\/sdf.hr\\\/nada\\\/\"},{\"@type\":\"ListItem\",\"position\":3,\"name\":\"Autorica i \u0161ampion\"}]},{\"@type\":\"WebSite\",\"@id\":\"https:\\\/\\\/sdf.hr\\\/#website\",\"url\":\"https:\\\/\\\/sdf.hr\\\/\",\"name\":\"SDF - Srpski demokratski forum\",\"description\":\"Srpski demokratski forum\",\"publisher\":{\"@id\":\"https:\\\/\\\/sdf.hr\\\/#organization\"},\"potentialAction\":[{\"@type\":\"SearchAction\",\"target\":{\"@type\":\"EntryPoint\",\"urlTemplate\":\"https:\\\/\\\/sdf.hr\\\/?s={search_term_string}\"},\"query-input\":{\"@type\":\"PropertyValueSpecification\",\"valueRequired\":true,\"valueName\":\"search_term_string\"}}],\"inLanguage\":\"hr\"},{\"@type\":\"Organization\",\"@id\":\"https:\\\/\\\/sdf.hr\\\/#organization\",\"name\":\"SDF - Srpski demokratski forum\",\"url\":\"https:\\\/\\\/sdf.hr\\\/\",\"logo\":{\"@type\":\"ImageObject\",\"inLanguage\":\"hr\",\"@id\":\"https:\\\/\\\/sdf.hr\\\/#\\\/schema\\\/logo\\\/image\\\/\",\"url\":\"https:\\\/\\\/sdf.hr\\\/wp-content\\\/uploads\\\/2021\\\/07\\\/logo-hr.svg\",\"contentUrl\":\"https:\\\/\\\/sdf.hr\\\/wp-content\\\/uploads\\\/2021\\\/07\\\/logo-hr.svg\",\"width\":271,\"height\":100,\"caption\":\"SDF - Srpski demokratski forum\"},\"image\":{\"@id\":\"https:\\\/\\\/sdf.hr\\\/#\\\/schema\\\/logo\\\/image\\\/\"}}]}<\/script>\n<!-- \/ Yoast SEO plugin. -->","yoast_head_json":{"title":"Autorica i \u0161ampion - SDF - Srpski demokratski forum","robots":{"index":"index","follow":"follow","max-snippet":"max-snippet:-1","max-image-preview":"max-image-preview:large","max-video-preview":"max-video-preview:-1"},"canonical":"https:\/\/sdf.hr\/hr\/nada\/autorica-i-sampion\/","og_locale":"hr_HR","og_type":"article","og_title":"Autorica i \u0161ampion - SDF - Srpski demokratski forum","og_description":"Kao mlada autorica u usponu, Jamaica Kincaid je izvje\u0161tavala o odlasku na prijenos borbe izme\u0111u Alija i Foremana. Publiku koja je borbu gledala u Harlemu opisuje kao ve\u0107inom mu\u0161karce koji su nosili obilje\u017eja biv\u0161ih zlo\u010destih momaka","og_url":"https:\/\/sdf.hr\/hr\/nada\/autorica-i-sampion\/","og_site_name":"SDF - Srpski demokratski forum","article_modified_time":"2025-11-19T17:30:17+00:00","og_image":[{"width":2560,"height":1440,"url":"https:\/\/sdf.hr\/wp-content\/uploads\/2025\/11\/Kincaid_Sipa-USA-scaled.jpg","type":"image\/jpeg"}],"twitter_card":"summary_large_image","twitter_misc":{"Procijenjeno vrijeme \u010ditanja":"3 minute"},"schema":{"@context":"https:\/\/schema.org","@graph":[{"@type":"WebPage","@id":"https:\/\/sdf.hr\/hr\/nada\/autorica-i-sampion\/","url":"https:\/\/sdf.hr\/hr\/nada\/autorica-i-sampion\/","name":"Autorica i \u0161ampion - SDF - Srpski demokratski forum","isPartOf":{"@id":"https:\/\/sdf.hr\/#website"},"primaryImageOfPage":{"@id":"https:\/\/sdf.hr\/hr\/nada\/autorica-i-sampion\/#primaryimage"},"image":{"@id":"https:\/\/sdf.hr\/hr\/nada\/autorica-i-sampion\/#primaryimage"},"thumbnailUrl":"https:\/\/sdf.hr\/wp-content\/uploads\/2025\/11\/Kincaid_Sipa-USA-scaled.jpg","datePublished":"2025-11-19T17:29:44+00:00","dateModified":"2025-11-19T17:30:17+00:00","breadcrumb":{"@id":"https:\/\/sdf.hr\/hr\/nada\/autorica-i-sampion\/#breadcrumb"},"inLanguage":"hr","potentialAction":[{"@type":"ReadAction","target":["https:\/\/sdf.hr\/hr\/nada\/autorica-i-sampion\/"]}]},{"@type":"ImageObject","inLanguage":"hr","@id":"https:\/\/sdf.hr\/hr\/nada\/autorica-i-sampion\/#primaryimage","url":"https:\/\/sdf.hr\/wp-content\/uploads\/2025\/11\/Kincaid_Sipa-USA-scaled.jpg","contentUrl":"https:\/\/sdf.hr\/wp-content\/uploads\/2025\/11\/Kincaid_Sipa-USA-scaled.jpg","width":2560,"height":1440,"caption":"Jamaica Kincaid (Foto: Sipa USA\/PIXSELL)"},{"@type":"BreadcrumbList","@id":"https:\/\/sdf.hr\/hr\/nada\/autorica-i-sampion\/#breadcrumb","itemListElement":[{"@type":"ListItem","position":1,"name":"Po\u010detna stranica","item":"https:\/\/sdf.hr\/hr\/"},{"@type":"ListItem","position":2,"name":"Nada","item":"https:\/\/sdf.hr\/nada\/"},{"@type":"ListItem","position":3,"name":"Autorica i \u0161ampion"}]},{"@type":"WebSite","@id":"https:\/\/sdf.hr\/#website","url":"https:\/\/sdf.hr\/","name":"SDF - Srpski demokratski forum","description":"Srpski demokratski forum","publisher":{"@id":"https:\/\/sdf.hr\/#organization"},"potentialAction":[{"@type":"SearchAction","target":{"@type":"EntryPoint","urlTemplate":"https:\/\/sdf.hr\/?s={search_term_string}"},"query-input":{"@type":"PropertyValueSpecification","valueRequired":true,"valueName":"search_term_string"}}],"inLanguage":"hr"},{"@type":"Organization","@id":"https:\/\/sdf.hr\/#organization","name":"SDF - Srpski demokratski forum","url":"https:\/\/sdf.hr\/","logo":{"@type":"ImageObject","inLanguage":"hr","@id":"https:\/\/sdf.hr\/#\/schema\/logo\/image\/","url":"https:\/\/sdf.hr\/wp-content\/uploads\/2021\/07\/logo-hr.svg","contentUrl":"https:\/\/sdf.hr\/wp-content\/uploads\/2021\/07\/logo-hr.svg","width":271,"height":100,"caption":"SDF - Srpski demokratski forum"},"image":{"@id":"https:\/\/sdf.hr\/#\/schema\/logo\/image\/"}}]}},"_links":{"self":[{"href":"https:\/\/sdf.hr\/hr\/wp-json\/wp\/v2\/nada\/7548","targetHints":{"allow":["GET"]}}],"collection":[{"href":"https:\/\/sdf.hr\/hr\/wp-json\/wp\/v2\/nada"}],"about":[{"href":"https:\/\/sdf.hr\/hr\/wp-json\/wp\/v2\/types\/nada"}],"wp:featuredmedia":[{"embeddable":true,"href":"https:\/\/sdf.hr\/hr\/wp-json\/wp\/v2\/media\/7547"}],"wp:attachment":[{"href":"https:\/\/sdf.hr\/hr\/wp-json\/wp\/v2\/media?parent=7548"}],"wp:term":[{"taxonomy":"post_tag","embeddable":true,"href":"https:\/\/sdf.hr\/hr\/wp-json\/wp\/v2\/tags?post=7548"},{"taxonomy":"atribut","embeddable":true,"href":"https:\/\/sdf.hr\/hr\/wp-json\/wp\/v2\/atribut?post=7548"}],"curies":[{"name":"wp","href":"https:\/\/api.w.org\/{rel}","templated":true}]}}