{"id":7557,"date":"2025-11-22T08:31:55","date_gmt":"2025-11-22T07:31:55","guid":{"rendered":"https:\/\/sdf.hr\/nada\/peciva-s-prirodnim-kvasom\/"},"modified":"2025-11-22T08:31:57","modified_gmt":"2025-11-22T07:31:57","slug":"peciva-s-prirodnim-kvasom","status":"publish","type":"nada","link":"https:\/\/sdf.hr\/hr\/nada\/peciva-s-prirodnim-kvasom\/","title":{"rendered":"Peciva s prirodnim kvasom"},"content":{"rendered":"<p>Moja ljubav s prirodnim kvasom ili starterom traje vi\u0161e od tri godine, a \u010dini mi se da jo\u0161 uvijek imam toliko toga za nau\u010diti i isprobati. Sva dizana tijesta pripremam s mojim kvasom koji sam od milja nazvala Goranka, a odr\u017eavam ga oko tri i pol godine. Goranku \u010desto poklanjam svima koji \u017eele probati takvu pripremu tijesta. U prija\u0161njim tekstovima sam pisala o procesu stvaranja kvasa pa ukoliko ste ljubitelji pe\u010denja s tim \u010dudom prirode, evo recepta za peciva koja sam nedavno pripremala za jedno dru\u017eenje. Peciva su prekrasno meka i savr\u0161ena su za burgere ili sendvi\u010de, a djeca \u0107e ih obo\u017eavati.<\/p>\n<p>Ova peciva s prirodnim kvasom se pripremaju dva dana, ali neka vas to ne obeshrabri jer priprema nije komplicirana i samo tra\u017ei malo vje\u0161tine i puno vremena i strpljenja. Osim prirodnog kvasa, koristila sam i jednu vrstu paste ili pudinga koja se zove tangzhong. Radi se o smjesi bra\u0161na i mlijeka koja se skuha i ima konzistenciju pudinga, a slu\u017ei kao ovla\u017eiva\u010d tijesta i zbog nje peciva budu meka i dugo svje\u017ea.<\/p>\n<p>&nbsp;<\/p>\n<p><strong><em>Najprije skuhajte pastu:<\/em><\/strong><\/p>\n<p>100 g mlijeka<\/p>\n<p>20 g glatkog p\u0161eni\u010dnog bra\u0161na<\/p>\n<p>Kuhajte na laganoj vatri i mije\u0161ajte dok se ne zgusne poput pudinga. Prekrijte prozirnom folijom da se ne stvori korica i ostavite da se ohladi.<\/p>\n<p>&nbsp;<\/p>\n<p><strong><em>Za tijesto:<\/em><\/strong><\/p>\n<p>400 g bra\u0161na za dizana tijesta<\/p>\n<p>10 g \u0161e\u0107era<\/p>\n<p>15 g meda<\/p>\n<p>150 g mlakog mlijeka<\/p>\n<p>110 g prirodnog \u010dvrstog kvasa osvje\u017eenog dan ranije<\/p>\n<p>2 jaja<\/p>\n<p>10 g soli<\/p>\n<p>Sva koli\u010dina paste od mlijeka i bra\u0161na<\/p>\n<p>60 g mekanog maslaca<\/p>\n<p>Ovakvu vrstu tijesta radim uz pomo\u0107 miksera i spiralnog nastavka za tijesto. U zdjelu stavite mlako mlijeko, jaja, kvas, bra\u0161no, \u0161e\u0107er, med, pastu od mlijeka i bra\u0161na te sol. Mijesite dok ne postane glatko pa pokrijte. Nakon 15 minuta umijesite maslac i mijesite nekoliko minuta dok tijesto ne postane sjajno i elasti\u010dno. Prekrijte i stavite na dizanje (stavila sam na 28 stupnjeva otprilike \u010detiri sata). Bitno je da bude na toplome i idealna temperatura je izme\u0111u 24 i 28 stupnjeva.<\/p>\n<p>Nakon nekoliko sati, kada vidite da je dizanje krenulo, spremite tijesto u hladnjak preko no\u0107i na hladnu fermentaciju. U procesu hladne fermentacije se razvija taj specifi\u010dan okus.<\/p>\n<p>Ujutro oblikujte kuglice (vagala sam komadi\u0107e tijesta i moje su cca 125 do 130 g svaka), zategnite ih da povr\u0161ina bude glatka i sla\u017eite na lim oblo\u017een papirom za pe\u010denje. Prekrijte prozirnom folijom i stavite na toplo dok se ne udvostru\u010de. To \u0107e trajati opet nekoliko sati. Prema\u017eite umu\u0107enim jajetom i pospite sezamom. Pecite 15 do 20 minuta na 220 stupnjeva.<\/p>\n<p>Dobar tek!<\/p>\n<p><em>pi\u0161e Valentina Vukadinovi\u0107<\/em><\/p>\n","protected":false},"excerpt":{"rendered":"<p>Ova peciva s prirodnim kvasom se pripremaju dva dana, ali neka vas to ne obeshrabri jer priprema nije komplicirana i samo tra\u017ei malo vje\u0161tine i strpljenja. Peciva su prekrasno meka i savr\u0161ena su za burgere ili sendvi\u010de, a djeca \u0107e ih obo\u017eavati<\/p>\n","protected":false},"featured_media":7556,"template":"","tags":[],"atribut":[],"class_list":["post-7557","nada","type-nada","status-publish","has-post-thumbnail","hentry"],"acf":[],"yoast_head":"<!-- This site is optimized with the Yoast SEO plugin v27.4 - https:\/\/yoast.com\/product\/yoast-seo-wordpress\/ -->\n<title>Peciva s prirodnim kvasom - SDF - Srpski demokratski forum<\/title>\n<meta name=\"robots\" content=\"index, follow, max-snippet:-1, max-image-preview:large, max-video-preview:-1\" \/>\n<link rel=\"canonical\" href=\"https:\/\/sdf.hr\/hr\/nada\/peciva-s-prirodnim-kvasom\/\" \/>\n<meta property=\"og:locale\" content=\"hr_HR\" \/>\n<meta property=\"og:type\" content=\"article\" \/>\n<meta property=\"og:title\" content=\"Peciva s prirodnim kvasom - SDF - Srpski demokratski forum\" \/>\n<meta property=\"og:description\" content=\"Ova peciva s prirodnim kvasom se pripremaju dva dana, ali neka vas to ne obeshrabri jer priprema nije komplicirana i samo tra\u017ei malo vje\u0161tine i strpljenja. Peciva su prekrasno meka i savr\u0161ena su za burgere ili sendvi\u010de, a djeca \u0107e ih obo\u017eavati\" \/>\n<meta property=\"og:url\" content=\"https:\/\/sdf.hr\/hr\/nada\/peciva-s-prirodnim-kvasom\/\" \/>\n<meta property=\"og:site_name\" content=\"SDF - Srpski demokratski forum\" \/>\n<meta property=\"article:modified_time\" content=\"2025-11-22T07:31:57+00:00\" \/>\n<meta property=\"og:image\" content=\"https:\/\/sdf.hr\/wp-content\/uploads\/2025\/11\/Peciva-scaled.jpg\" \/>\n\t<meta property=\"og:image:width\" content=\"2546\" \/>\n\t<meta property=\"og:image:height\" content=\"2560\" \/>\n\t<meta property=\"og:image:type\" content=\"image\/jpeg\" \/>\n<meta name=\"twitter:card\" content=\"summary_large_image\" \/>\n<meta name=\"twitter:label1\" content=\"Procijenjeno vrijeme \u010ditanja\" \/>\n\t<meta name=\"twitter:data1\" content=\"2 minute\" \/>\n<script type=\"application\/ld+json\" class=\"yoast-schema-graph\">{\"@context\":\"https:\\\/\\\/schema.org\",\"@graph\":[{\"@type\":\"WebPage\",\"@id\":\"https:\\\/\\\/sdf.hr\\\/hr\\\/nada\\\/peciva-s-prirodnim-kvasom\\\/\",\"url\":\"https:\\\/\\\/sdf.hr\\\/hr\\\/nada\\\/peciva-s-prirodnim-kvasom\\\/\",\"name\":\"Peciva s prirodnim kvasom - SDF - Srpski demokratski forum\",\"isPartOf\":{\"@id\":\"https:\\\/\\\/sdf.hr\\\/#website\"},\"primaryImageOfPage\":{\"@id\":\"https:\\\/\\\/sdf.hr\\\/hr\\\/nada\\\/peciva-s-prirodnim-kvasom\\\/#primaryimage\"},\"image\":{\"@id\":\"https:\\\/\\\/sdf.hr\\\/hr\\\/nada\\\/peciva-s-prirodnim-kvasom\\\/#primaryimage\"},\"thumbnailUrl\":\"https:\\\/\\\/sdf.hr\\\/wp-content\\\/uploads\\\/2025\\\/11\\\/Peciva-scaled.jpg\",\"datePublished\":\"2025-11-22T07:31:55+00:00\",\"dateModified\":\"2025-11-22T07:31:57+00:00\",\"breadcrumb\":{\"@id\":\"https:\\\/\\\/sdf.hr\\\/hr\\\/nada\\\/peciva-s-prirodnim-kvasom\\\/#breadcrumb\"},\"inLanguage\":\"hr\",\"potentialAction\":[{\"@type\":\"ReadAction\",\"target\":[\"https:\\\/\\\/sdf.hr\\\/hr\\\/nada\\\/peciva-s-prirodnim-kvasom\\\/\"]}]},{\"@type\":\"ImageObject\",\"inLanguage\":\"hr\",\"@id\":\"https:\\\/\\\/sdf.hr\\\/hr\\\/nada\\\/peciva-s-prirodnim-kvasom\\\/#primaryimage\",\"url\":\"https:\\\/\\\/sdf.hr\\\/wp-content\\\/uploads\\\/2025\\\/11\\\/Peciva-scaled.jpg\",\"contentUrl\":\"https:\\\/\\\/sdf.hr\\\/wp-content\\\/uploads\\\/2025\\\/11\\\/Peciva-scaled.jpg\",\"width\":2546,\"height\":2560},{\"@type\":\"BreadcrumbList\",\"@id\":\"https:\\\/\\\/sdf.hr\\\/hr\\\/nada\\\/peciva-s-prirodnim-kvasom\\\/#breadcrumb\",\"itemListElement\":[{\"@type\":\"ListItem\",\"position\":1,\"name\":\"Po\u010detna stranica\",\"item\":\"https:\\\/\\\/sdf.hr\\\/hr\\\/\"},{\"@type\":\"ListItem\",\"position\":2,\"name\":\"Nada\",\"item\":\"https:\\\/\\\/sdf.hr\\\/nada\\\/\"},{\"@type\":\"ListItem\",\"position\":3,\"name\":\"Peciva s prirodnim kvasom\"}]},{\"@type\":\"WebSite\",\"@id\":\"https:\\\/\\\/sdf.hr\\\/#website\",\"url\":\"https:\\\/\\\/sdf.hr\\\/\",\"name\":\"SDF - Srpski demokratski forum\",\"description\":\"Srpski demokratski forum\",\"publisher\":{\"@id\":\"https:\\\/\\\/sdf.hr\\\/#organization\"},\"potentialAction\":[{\"@type\":\"SearchAction\",\"target\":{\"@type\":\"EntryPoint\",\"urlTemplate\":\"https:\\\/\\\/sdf.hr\\\/?s={search_term_string}\"},\"query-input\":{\"@type\":\"PropertyValueSpecification\",\"valueRequired\":true,\"valueName\":\"search_term_string\"}}],\"inLanguage\":\"hr\"},{\"@type\":\"Organization\",\"@id\":\"https:\\\/\\\/sdf.hr\\\/#organization\",\"name\":\"SDF - Srpski demokratski forum\",\"url\":\"https:\\\/\\\/sdf.hr\\\/\",\"logo\":{\"@type\":\"ImageObject\",\"inLanguage\":\"hr\",\"@id\":\"https:\\\/\\\/sdf.hr\\\/#\\\/schema\\\/logo\\\/image\\\/\",\"url\":\"https:\\\/\\\/sdf.hr\\\/wp-content\\\/uploads\\\/2021\\\/07\\\/logo-hr.svg\",\"contentUrl\":\"https:\\\/\\\/sdf.hr\\\/wp-content\\\/uploads\\\/2021\\\/07\\\/logo-hr.svg\",\"width\":271,\"height\":100,\"caption\":\"SDF - Srpski demokratski forum\"},\"image\":{\"@id\":\"https:\\\/\\\/sdf.hr\\\/#\\\/schema\\\/logo\\\/image\\\/\"}}]}<\/script>\n<!-- \/ Yoast SEO plugin. -->","yoast_head_json":{"title":"Peciva s prirodnim kvasom - SDF - Srpski demokratski forum","robots":{"index":"index","follow":"follow","max-snippet":"max-snippet:-1","max-image-preview":"max-image-preview:large","max-video-preview":"max-video-preview:-1"},"canonical":"https:\/\/sdf.hr\/hr\/nada\/peciva-s-prirodnim-kvasom\/","og_locale":"hr_HR","og_type":"article","og_title":"Peciva s prirodnim kvasom - SDF - Srpski demokratski forum","og_description":"Ova peciva s prirodnim kvasom se pripremaju dva dana, ali neka vas to ne obeshrabri jer priprema nije komplicirana i samo tra\u017ei malo vje\u0161tine i strpljenja. Peciva su prekrasno meka i savr\u0161ena su za burgere ili sendvi\u010de, a djeca \u0107e ih obo\u017eavati","og_url":"https:\/\/sdf.hr\/hr\/nada\/peciva-s-prirodnim-kvasom\/","og_site_name":"SDF - Srpski demokratski forum","article_modified_time":"2025-11-22T07:31:57+00:00","og_image":[{"width":2546,"height":2560,"url":"https:\/\/sdf.hr\/wp-content\/uploads\/2025\/11\/Peciva-scaled.jpg","type":"image\/jpeg"}],"twitter_card":"summary_large_image","twitter_misc":{"Procijenjeno vrijeme \u010ditanja":"2 minute"},"schema":{"@context":"https:\/\/schema.org","@graph":[{"@type":"WebPage","@id":"https:\/\/sdf.hr\/hr\/nada\/peciva-s-prirodnim-kvasom\/","url":"https:\/\/sdf.hr\/hr\/nada\/peciva-s-prirodnim-kvasom\/","name":"Peciva s prirodnim kvasom - SDF - Srpski demokratski forum","isPartOf":{"@id":"https:\/\/sdf.hr\/#website"},"primaryImageOfPage":{"@id":"https:\/\/sdf.hr\/hr\/nada\/peciva-s-prirodnim-kvasom\/#primaryimage"},"image":{"@id":"https:\/\/sdf.hr\/hr\/nada\/peciva-s-prirodnim-kvasom\/#primaryimage"},"thumbnailUrl":"https:\/\/sdf.hr\/wp-content\/uploads\/2025\/11\/Peciva-scaled.jpg","datePublished":"2025-11-22T07:31:55+00:00","dateModified":"2025-11-22T07:31:57+00:00","breadcrumb":{"@id":"https:\/\/sdf.hr\/hr\/nada\/peciva-s-prirodnim-kvasom\/#breadcrumb"},"inLanguage":"hr","potentialAction":[{"@type":"ReadAction","target":["https:\/\/sdf.hr\/hr\/nada\/peciva-s-prirodnim-kvasom\/"]}]},{"@type":"ImageObject","inLanguage":"hr","@id":"https:\/\/sdf.hr\/hr\/nada\/peciva-s-prirodnim-kvasom\/#primaryimage","url":"https:\/\/sdf.hr\/wp-content\/uploads\/2025\/11\/Peciva-scaled.jpg","contentUrl":"https:\/\/sdf.hr\/wp-content\/uploads\/2025\/11\/Peciva-scaled.jpg","width":2546,"height":2560},{"@type":"BreadcrumbList","@id":"https:\/\/sdf.hr\/hr\/nada\/peciva-s-prirodnim-kvasom\/#breadcrumb","itemListElement":[{"@type":"ListItem","position":1,"name":"Po\u010detna stranica","item":"https:\/\/sdf.hr\/hr\/"},{"@type":"ListItem","position":2,"name":"Nada","item":"https:\/\/sdf.hr\/nada\/"},{"@type":"ListItem","position":3,"name":"Peciva s prirodnim kvasom"}]},{"@type":"WebSite","@id":"https:\/\/sdf.hr\/#website","url":"https:\/\/sdf.hr\/","name":"SDF - Srpski demokratski forum","description":"Srpski demokratski forum","publisher":{"@id":"https:\/\/sdf.hr\/#organization"},"potentialAction":[{"@type":"SearchAction","target":{"@type":"EntryPoint","urlTemplate":"https:\/\/sdf.hr\/?s={search_term_string}"},"query-input":{"@type":"PropertyValueSpecification","valueRequired":true,"valueName":"search_term_string"}}],"inLanguage":"hr"},{"@type":"Organization","@id":"https:\/\/sdf.hr\/#organization","name":"SDF - Srpski demokratski forum","url":"https:\/\/sdf.hr\/","logo":{"@type":"ImageObject","inLanguage":"hr","@id":"https:\/\/sdf.hr\/#\/schema\/logo\/image\/","url":"https:\/\/sdf.hr\/wp-content\/uploads\/2021\/07\/logo-hr.svg","contentUrl":"https:\/\/sdf.hr\/wp-content\/uploads\/2021\/07\/logo-hr.svg","width":271,"height":100,"caption":"SDF - Srpski demokratski forum"},"image":{"@id":"https:\/\/sdf.hr\/#\/schema\/logo\/image\/"}}]}},"_links":{"self":[{"href":"https:\/\/sdf.hr\/hr\/wp-json\/wp\/v2\/nada\/7557","targetHints":{"allow":["GET"]}}],"collection":[{"href":"https:\/\/sdf.hr\/hr\/wp-json\/wp\/v2\/nada"}],"about":[{"href":"https:\/\/sdf.hr\/hr\/wp-json\/wp\/v2\/types\/nada"}],"wp:featuredmedia":[{"embeddable":true,"href":"https:\/\/sdf.hr\/hr\/wp-json\/wp\/v2\/media\/7556"}],"wp:attachment":[{"href":"https:\/\/sdf.hr\/hr\/wp-json\/wp\/v2\/media?parent=7557"}],"wp:term":[{"taxonomy":"post_tag","embeddable":true,"href":"https:\/\/sdf.hr\/hr\/wp-json\/wp\/v2\/tags?post=7557"},{"taxonomy":"atribut","embeddable":true,"href":"https:\/\/sdf.hr\/hr\/wp-json\/wp\/v2\/atribut?post=7557"}],"curies":[{"name":"wp","href":"https:\/\/api.w.org\/{rel}","templated":true}]}}