{"id":763,"date":"2022-08-26T17:01:42","date_gmt":"2022-08-26T15:01:42","guid":{"rendered":"https:\/\/sdf.hr\/nada\/slika-doriana-graya\/"},"modified":"2023-03-28T12:02:17","modified_gmt":"2023-03-28T10:02:17","slug":"slika-doriana-graya","status":"publish","type":"nada","link":"https:\/\/sdf.hr\/hr\/nada\/slika-doriana-graya\/","title":{"rendered":"Slika Doriana Graya"},"content":{"rendered":"<p>Mo\u0107an istra\u017eiva\u010dki serijal na koji sam nedavno nai\u0161la na portalu H-alter potpuno me je izuo iz cipela. Potpisuje ga novinarka Jelena Jindra pod naslovom &#8220;Sustav za za\u0161titu ili za zlostavljanje djece&#8221;. \u010citala sam ga dugo i pa\u017eljivo, pa iznova. Pomislila sam: Jelena, (poslu\u017eit \u0107u se rodno nekorektnom metaforom) ima\u0161 velika muda. Tema koju je ova sjajna novinarka zagrizla do koske kru\u017ei ve\u0107 izvjesno vrijeme u obliku glasina, i moj je dojam da je se nitko nije \u017eelio prihvatiti i istra\u017eiti u dru\u0161tvu koje novinarka opisuje svojom, posve to\u010dnom, tezom \u2013 Hrvatsko dru\u0161tvo institucionalno mrzi djecu. Ustanovila je to, tu\u017ena i bijesna nakon smrti djevoj\u010dice Nikoll, koja je kod svojih bri\u017enih udomitelja bila na putu spasa od obiteljskog u\u017easa. Malenu Nikoll vi\u0161e se nije dalo spasiti: ubio ju je sustav kojega nije bila ni svjesna. Zgro\u017eenost gra\u0111ana je splasnula, a problem institucionalnoga &#8220;pomaganja&#8221; \u017ertvama ostao. No, Jelena je odlu\u010dila poduzeti ono \u0161to je u njezinoj mo\u0107i i krenula istra\u017eivati \u0161to po\u010diva iza njezine konstatacije.<\/p>\n<p>U njezinu istra\u017eiva\u010dkom fokusu su institucije koje se, na svoj na\u010din, bave za\u0161titom zlostavljane djece i njihovih majki, i jedino \u0161to mu nedostaje jest upozorenje &#8220;Ne preporu\u010duje se osjetljivim osobama&#8221;. Te\u0161ko je, zaista, \u010ditati o zlostavljanju zlostavljanih, u \u010demu se ovo dru\u0161tvo, na \u010delu sa zanimljivim dru\u0161tvancem nedodirljivih i opasnih mo\u0107nika, specijaliziralo. U ciklusu tekstova, kao deveti dio serijala, objavljen je intervju s g\u0111om Severinom Vu\u010dkovi\u0107, najpoznatijom \u017ertvom famoznoga sustava. Motivirana \u017eeljom da bude glas svih anonimnih \u017eena, u serijalu nazvanih hrvatske Laure, i da kao javna osoba pomogne nevidljivima, g\u0111a Vu\u010dkovi\u0107 hrabro i eksplicitno opisala je svoju muku u koju je uvu\u010dena, ne svojom voljom, i gotovo uni\u0161tena, ba\u0161 kao tisu\u0107e hrvatskih Laura.<\/p>\n<p>Razotkrivaju\u0107i svoju muku, potvrdila je istinitost vi\u0161e od stotinu drugih mra\u010dnih ispovijesti koje nalikuju kao jaje jajetu. Sudske, socijalne i zdravstvene institucije pretvorile su \u017eenama \u017eivot u psiholo\u0161ki konc-logor, iz kojega dugo ne\u0107e iza\u0107i, a ako im to i uspije, do kraja \u017eivota bit \u0107e traumatizirane, razboljene, mrtve. Uvod ka\u017ee: Severina Vu\u010dkovi\u0107, jedna od majki \u017ertava hrvatskog sustava koji primjenjuje tzv. teoriju otu\u0111enja od roditelja, detaljno opisuje mre\u017eu institucija i ljudi koji su njezinom maj\u010dinstvu nanosili patnje. U glavnoj ulozi: Milan Popovi\u0107. U ostalim ulogama: Gordana Buljan Flander, Milan Bandi\u0107, Ljubica Matijevi\u0107 Vrsaljko, Ratko Ma\u010dek, Klemm Security, Gzim Red\u017eepi, Slobodan Ljubi\u010di\u0107 Kika\u0161, Ivica Lovri\u0107, Patrik \u0160egota, Romana Gali\u0107, Tea Golub, CZSS Maksimir i mnogi drugi.<\/p>\n<p>Da institucije mrze djecu, znamo svi mi koji se bavimo djecom u okviru svojih profesija, a da nam nisu poslu\u017eila kao materijal za sumnjive karijeristi\u010dke uspone. Klate\u0107i se s djecom u \u010dekaonicama i ordinacijama raznih ustanova za pru\u017eanje pomo\u0107i, do\u017eivjeli smo nezainteresiranost, glupost i be\u0161\u0107utnost onih koji bi trebali biti pomo\u0107, spas, terapija. Li\u010dno sam tu\u017eila jednu &#8220;psihologinju&#8221; koja je tada radila u jedinoj psihijatrijskoj ustanovi za djecu i omladinu u Kukuljevi\u0107evoj. Do\u0161la sam sa svojim u\u010denikom koji je u kratkom vremenu ostao bez oba roditelja. Prije nego \u0161to se upisao u na\u0161u \u0161kolu dje\u010daka nikada nitko nije upitao kako je i kako \u017eivi. O njemu su brinuli susjedi koje nitko nikada nije nazvao iz Centra za socijalnu skrb. Nakon moga o\u0161tro napisanog dopisa stanovitom Centru pokrenut je postupak koji je podrazumijevao i multidisciplinarnu obradu u Kukuljevi\u0107evoj. Tamo smo proveli \u010ditav dan gledaju\u0107i potresne prizore na hodnicima bolnice, slomljenu djecu i nesretne roditelje koji su im do\u0161li u posjet. Dje\u010dak od 16 godina nije ispu\u0161tao moju ruku sve do ulaska na &#8220;obradu&#8221; kod osobe ispred \u010dijeg imena je stajala titula psihologa. Najprije ga je ismijala jer me je dr\u017eao za ruku, a potom se usredoto\u010dila na mene prepoznav\u0161i me zbog kviza. Jedva se suzdr\u017eavaju\u0107i zbog djeteta, ve\u0107 vidno uznemirenog i anksioznog, do\u010dekala sam kraj &#8220;obrade&#8221;, uzela sam ga za ruku i izletjeli smo van. Iz mene je prokuljao nevi\u0111en bijes kao posljedica frustracije i nemo\u0107i. Napisala sam e-mail ravnateljici bolnice inzistiraju\u0107i na o\u0161troj mjeri koju treba poduzeti i zatim mi poslati dokaz o tzv. poduzetoj radnji. Ravnateljica je korektno postupila, ne znam je li to bilo zato \u0161to nisam prva koja se \u017ealila na &#8220;stru\u010dnjakinju&#8221; ili zato \u0161to sam zaprijetila medijima, koji su to vrijeme bili na raspolaganju obi\u010dnim gra\u0111anima.<\/p>\n<p>U jednoj drugoj zagreba\u010dkoj \u0161koli mlada djevojka koja je zatrudnjela sa svojim de\u010dkom povjerila mi je kako su brigu o njoj preuzele \u010dasne sestre nakon \u0161to su je roditelji izbacili iz ku\u0107e, a njezin mladi\u0107 nije mogao trenuta\u010dno osigurati sredstva za zajedni\u010dki \u017eivot, iako je \u017eelio. Njezina razrednica, crkvenjaku\u0161a, zbrinula ju je preko Caritasovih poznanstava dok se ne porodi, na \u010demu je djevojka bila zahvalna, no smje\u0161taj je pla\u0107ala uvredama i i\u017eivljavanjem. To vam se zove kr\u0161\u0107anska skrb. Da je u pitanju biolo\u0161ki pojam oplo\u0111ene jajne stanice koju treba braniti, ili pravo na abortus koji treba napasti, vojska ideologiziranih kri\u017eara napu\u010dila bi ulice transparentima i ljupkim balonima. Nekako u to vrijeme otkriveno je seksualno zlostavljanje mentalno bolesnih osoba u Caritasovu domu u Brezovici, nakon \u010dega je smijenjena Jelena Braj\u0161a, a neka druga crkvenjaku\u0161a do\u0161la je na njeno mjesto. Bog im je sve oprostio. U Njegovu srcu ima mjesta i za zlostavlja\u010de i za zlostavljane. Ja nisam. Afera Caritas bila je jo\u0161 uvijek vru\u0107a, a Braj\u0161a se na\u0161la ispred kvartovske trgovine; s obiju strana pridr\u017eavale su je dvije mlade cure dok se jedva kretala na debelim nogama napadno uzdignute glave. Pljunula sam, priznajem.<\/p>\n<p>U ovom dru\u0161tvu i njegovu sustavu pomo\u0107i gomilaju se mrtva djeca i debljaju karijere raznih stru\u010dnjakinja i stru\u010dnjaka. Muke na\u0161e djece do njih dopiru u vidu njihovih (pseudo)znanstvenih radova i biznis-projekata koji iziskuju sponzoriranje i doniranje. Zarad napretka u karijeri prodali su moralno-eti\u010dke principe i na\u010dela struke, ili ih nisu ni imali, staviv\u0161i se u slu\u017ebu zla ili apatije i ignorancije. Kao u mojoj omiljenoj seriji Obitelj Soprano, ingenioznoj studiji sociopatije, stvara se mre\u017ea suradnika sa\u010dinjena od raznih profesija koje \u010dine logistiku sustava kojemu se \u017ertve zlostavljanja moraju obratiti za pomo\u0107: socijalna skrb, sud, \u0161kola, psiholo\u0161ka i psihijatrijska slu\u017eba. Podr\u0161ku imaju u mo\u0107nicima koji dolaze iz politi\u010dkih, klerikalnih i financijskih krugova.<\/p>\n<p>Njihova lica, vje\u010dito prisutna u medijima, u me\u0111uvremenu su malo zategnutija i njegovanija, ba\u0161 kao u &#8220;Slici Doriana Graya&#8221;.<\/p>\n<p><em>pi\u0161e Mira Bi\u0107ani\u0107<\/em><\/p>\n","protected":false},"excerpt":{"rendered":"<p>Da institucije mrze djecu, znamo svi mi koji se bavimo djecom u okviru svojih profesija, a da nam nisu poslu\u017eila kao materijal za sumnjive karijeristi\u010dke uspone<\/p>\n","protected":false},"featured_media":417,"template":"","tags":[38],"atribut":[],"class_list":["post-763","nada","type-nada","status-publish","has-post-thumbnail","hentry","tag-teske-boje"],"acf":[],"yoast_head":"<!-- This site is optimized with the Yoast SEO plugin v27.4 - https:\/\/yoast.com\/product\/yoast-seo-wordpress\/ -->\n<title>Slika Doriana Graya - SDF - Srpski demokratski forum<\/title>\n<meta name=\"robots\" content=\"index, follow, max-snippet:-1, max-image-preview:large, max-video-preview:-1\" \/>\n<link rel=\"canonical\" href=\"https:\/\/sdf.hr\/hr\/nada\/slika-doriana-graya\/\" \/>\n<meta property=\"og:locale\" content=\"hr_HR\" \/>\n<meta property=\"og:type\" content=\"article\" \/>\n<meta property=\"og:title\" content=\"Slika Doriana Graya - SDF - Srpski demokratski forum\" \/>\n<meta property=\"og:description\" content=\"Da institucije mrze djecu, znamo svi mi koji se bavimo djecom u okviru svojih profesija, a da nam nisu poslu\u017eila kao materijal za sumnjive karijeristi\u010dke uspone\" \/>\n<meta property=\"og:url\" content=\"https:\/\/sdf.hr\/hr\/nada\/slika-doriana-graya\/\" \/>\n<meta property=\"og:site_name\" content=\"SDF - Srpski demokratski forum\" \/>\n<meta property=\"article:modified_time\" content=\"2023-03-28T10:02:17+00:00\" \/>\n<meta property=\"og:image\" content=\"https:\/\/sdf.hr\/wp-content\/uploads\/2021\/08\/MiraBicanic_RGB.jpg\" \/>\n\t<meta property=\"og:image:width\" content=\"1323\" \/>\n\t<meta property=\"og:image:height\" content=\"993\" \/>\n\t<meta property=\"og:image:type\" content=\"image\/jpeg\" \/>\n<meta name=\"twitter:card\" content=\"summary_large_image\" \/>\n<meta name=\"twitter:label1\" content=\"Procijenjeno vrijeme \u010ditanja\" \/>\n\t<meta name=\"twitter:data1\" content=\"6 minuta\" \/>\n<script type=\"application\/ld+json\" class=\"yoast-schema-graph\">{\"@context\":\"https:\\\/\\\/schema.org\",\"@graph\":[{\"@type\":\"WebPage\",\"@id\":\"https:\\\/\\\/sdf.hr\\\/hr\\\/nada\\\/slika-doriana-graya\\\/\",\"url\":\"https:\\\/\\\/sdf.hr\\\/hr\\\/nada\\\/slika-doriana-graya\\\/\",\"name\":\"Slika Doriana Graya - SDF - Srpski demokratski forum\",\"isPartOf\":{\"@id\":\"https:\\\/\\\/sdf.hr\\\/#website\"},\"primaryImageOfPage\":{\"@id\":\"https:\\\/\\\/sdf.hr\\\/hr\\\/nada\\\/slika-doriana-graya\\\/#primaryimage\"},\"image\":{\"@id\":\"https:\\\/\\\/sdf.hr\\\/hr\\\/nada\\\/slika-doriana-graya\\\/#primaryimage\"},\"thumbnailUrl\":\"https:\\\/\\\/sdf.hr\\\/wp-content\\\/uploads\\\/2021\\\/08\\\/MiraBicanic_RGB.jpg\",\"datePublished\":\"2022-08-26T15:01:42+00:00\",\"dateModified\":\"2023-03-28T10:02:17+00:00\",\"breadcrumb\":{\"@id\":\"https:\\\/\\\/sdf.hr\\\/hr\\\/nada\\\/slika-doriana-graya\\\/#breadcrumb\"},\"inLanguage\":\"hr\",\"potentialAction\":[{\"@type\":\"ReadAction\",\"target\":[\"https:\\\/\\\/sdf.hr\\\/hr\\\/nada\\\/slika-doriana-graya\\\/\"]}]},{\"@type\":\"ImageObject\",\"inLanguage\":\"hr\",\"@id\":\"https:\\\/\\\/sdf.hr\\\/hr\\\/nada\\\/slika-doriana-graya\\\/#primaryimage\",\"url\":\"https:\\\/\\\/sdf.hr\\\/wp-content\\\/uploads\\\/2021\\\/08\\\/MiraBicanic_RGB.jpg\",\"contentUrl\":\"https:\\\/\\\/sdf.hr\\\/wp-content\\\/uploads\\\/2021\\\/08\\\/MiraBicanic_RGB.jpg\",\"width\":1323,\"height\":993},{\"@type\":\"BreadcrumbList\",\"@id\":\"https:\\\/\\\/sdf.hr\\\/hr\\\/nada\\\/slika-doriana-graya\\\/#breadcrumb\",\"itemListElement\":[{\"@type\":\"ListItem\",\"position\":1,\"name\":\"Po\u010detna stranica\",\"item\":\"https:\\\/\\\/sdf.hr\\\/hr\\\/\"},{\"@type\":\"ListItem\",\"position\":2,\"name\":\"Nada\",\"item\":\"https:\\\/\\\/sdf.hr\\\/nada\\\/\"},{\"@type\":\"ListItem\",\"position\":3,\"name\":\"Slika Doriana Graya\"}]},{\"@type\":\"WebSite\",\"@id\":\"https:\\\/\\\/sdf.hr\\\/#website\",\"url\":\"https:\\\/\\\/sdf.hr\\\/\",\"name\":\"SDF - Srpski demokratski forum\",\"description\":\"Srpski demokratski forum\",\"publisher\":{\"@id\":\"https:\\\/\\\/sdf.hr\\\/#organization\"},\"potentialAction\":[{\"@type\":\"SearchAction\",\"target\":{\"@type\":\"EntryPoint\",\"urlTemplate\":\"https:\\\/\\\/sdf.hr\\\/?s={search_term_string}\"},\"query-input\":{\"@type\":\"PropertyValueSpecification\",\"valueRequired\":true,\"valueName\":\"search_term_string\"}}],\"inLanguage\":\"hr\"},{\"@type\":\"Organization\",\"@id\":\"https:\\\/\\\/sdf.hr\\\/#organization\",\"name\":\"SDF - Srpski demokratski forum\",\"url\":\"https:\\\/\\\/sdf.hr\\\/\",\"logo\":{\"@type\":\"ImageObject\",\"inLanguage\":\"hr\",\"@id\":\"https:\\\/\\\/sdf.hr\\\/#\\\/schema\\\/logo\\\/image\\\/\",\"url\":\"https:\\\/\\\/sdf.hr\\\/wp-content\\\/uploads\\\/2021\\\/07\\\/logo-hr.svg\",\"contentUrl\":\"https:\\\/\\\/sdf.hr\\\/wp-content\\\/uploads\\\/2021\\\/07\\\/logo-hr.svg\",\"width\":271,\"height\":100,\"caption\":\"SDF - Srpski demokratski forum\"},\"image\":{\"@id\":\"https:\\\/\\\/sdf.hr\\\/#\\\/schema\\\/logo\\\/image\\\/\"}}]}<\/script>\n<!-- \/ Yoast SEO plugin. -->","yoast_head_json":{"title":"Slika Doriana Graya - SDF - Srpski demokratski forum","robots":{"index":"index","follow":"follow","max-snippet":"max-snippet:-1","max-image-preview":"max-image-preview:large","max-video-preview":"max-video-preview:-1"},"canonical":"https:\/\/sdf.hr\/hr\/nada\/slika-doriana-graya\/","og_locale":"hr_HR","og_type":"article","og_title":"Slika Doriana Graya - SDF - Srpski demokratski forum","og_description":"Da institucije mrze djecu, znamo svi mi koji se bavimo djecom u okviru svojih profesija, a da nam nisu poslu\u017eila kao materijal za sumnjive karijeristi\u010dke uspone","og_url":"https:\/\/sdf.hr\/hr\/nada\/slika-doriana-graya\/","og_site_name":"SDF - Srpski demokratski forum","article_modified_time":"2023-03-28T10:02:17+00:00","og_image":[{"width":1323,"height":993,"url":"https:\/\/sdf.hr\/wp-content\/uploads\/2021\/08\/MiraBicanic_RGB.jpg","type":"image\/jpeg"}],"twitter_card":"summary_large_image","twitter_misc":{"Procijenjeno vrijeme \u010ditanja":"6 minuta"},"schema":{"@context":"https:\/\/schema.org","@graph":[{"@type":"WebPage","@id":"https:\/\/sdf.hr\/hr\/nada\/slika-doriana-graya\/","url":"https:\/\/sdf.hr\/hr\/nada\/slika-doriana-graya\/","name":"Slika Doriana Graya - SDF - Srpski demokratski forum","isPartOf":{"@id":"https:\/\/sdf.hr\/#website"},"primaryImageOfPage":{"@id":"https:\/\/sdf.hr\/hr\/nada\/slika-doriana-graya\/#primaryimage"},"image":{"@id":"https:\/\/sdf.hr\/hr\/nada\/slika-doriana-graya\/#primaryimage"},"thumbnailUrl":"https:\/\/sdf.hr\/wp-content\/uploads\/2021\/08\/MiraBicanic_RGB.jpg","datePublished":"2022-08-26T15:01:42+00:00","dateModified":"2023-03-28T10:02:17+00:00","breadcrumb":{"@id":"https:\/\/sdf.hr\/hr\/nada\/slika-doriana-graya\/#breadcrumb"},"inLanguage":"hr","potentialAction":[{"@type":"ReadAction","target":["https:\/\/sdf.hr\/hr\/nada\/slika-doriana-graya\/"]}]},{"@type":"ImageObject","inLanguage":"hr","@id":"https:\/\/sdf.hr\/hr\/nada\/slika-doriana-graya\/#primaryimage","url":"https:\/\/sdf.hr\/wp-content\/uploads\/2021\/08\/MiraBicanic_RGB.jpg","contentUrl":"https:\/\/sdf.hr\/wp-content\/uploads\/2021\/08\/MiraBicanic_RGB.jpg","width":1323,"height":993},{"@type":"BreadcrumbList","@id":"https:\/\/sdf.hr\/hr\/nada\/slika-doriana-graya\/#breadcrumb","itemListElement":[{"@type":"ListItem","position":1,"name":"Po\u010detna stranica","item":"https:\/\/sdf.hr\/hr\/"},{"@type":"ListItem","position":2,"name":"Nada","item":"https:\/\/sdf.hr\/nada\/"},{"@type":"ListItem","position":3,"name":"Slika Doriana Graya"}]},{"@type":"WebSite","@id":"https:\/\/sdf.hr\/#website","url":"https:\/\/sdf.hr\/","name":"SDF - Srpski demokratski forum","description":"Srpski demokratski forum","publisher":{"@id":"https:\/\/sdf.hr\/#organization"},"potentialAction":[{"@type":"SearchAction","target":{"@type":"EntryPoint","urlTemplate":"https:\/\/sdf.hr\/?s={search_term_string}"},"query-input":{"@type":"PropertyValueSpecification","valueRequired":true,"valueName":"search_term_string"}}],"inLanguage":"hr"},{"@type":"Organization","@id":"https:\/\/sdf.hr\/#organization","name":"SDF - Srpski demokratski forum","url":"https:\/\/sdf.hr\/","logo":{"@type":"ImageObject","inLanguage":"hr","@id":"https:\/\/sdf.hr\/#\/schema\/logo\/image\/","url":"https:\/\/sdf.hr\/wp-content\/uploads\/2021\/07\/logo-hr.svg","contentUrl":"https:\/\/sdf.hr\/wp-content\/uploads\/2021\/07\/logo-hr.svg","width":271,"height":100,"caption":"SDF - Srpski demokratski forum"},"image":{"@id":"https:\/\/sdf.hr\/#\/schema\/logo\/image\/"}}]}},"_links":{"self":[{"href":"https:\/\/sdf.hr\/hr\/wp-json\/wp\/v2\/nada\/763","targetHints":{"allow":["GET"]}}],"collection":[{"href":"https:\/\/sdf.hr\/hr\/wp-json\/wp\/v2\/nada"}],"about":[{"href":"https:\/\/sdf.hr\/hr\/wp-json\/wp\/v2\/types\/nada"}],"wp:featuredmedia":[{"embeddable":true,"href":"https:\/\/sdf.hr\/hr\/wp-json\/wp\/v2\/media\/417"}],"wp:attachment":[{"href":"https:\/\/sdf.hr\/hr\/wp-json\/wp\/v2\/media?parent=763"}],"wp:term":[{"taxonomy":"post_tag","embeddable":true,"href":"https:\/\/sdf.hr\/hr\/wp-json\/wp\/v2\/tags?post=763"},{"taxonomy":"atribut","embeddable":true,"href":"https:\/\/sdf.hr\/hr\/wp-json\/wp\/v2\/atribut?post=763"}],"curies":[{"name":"wp","href":"https:\/\/api.w.org\/{rel}","templated":true}]}}