{"id":765,"date":"2022-08-26T17:09:49","date_gmt":"2022-08-26T15:09:49","guid":{"rendered":"https:\/\/sdf.hr\/?post_type=nada&#038;p=765"},"modified":"2023-03-28T12:00:23","modified_gmt":"2023-03-28T10:00:23","slug":"jedna-od-milijun","status":"publish","type":"nada","link":"https:\/\/sdf.hr\/hr\/nada\/jedna-od-milijun\/","title":{"rendered":"Jedna od milijun"},"content":{"rendered":"<p>Nedavno su svijet obi\u0161le scene kaosa u zra\u010dnoj luci u Kabulu, gdje su se ljudi o\u010dajni\u010dki poku\u0161avali ukrcati na avion koji je napu\u0161tao Afganistan. Vi\u0161e je ljudi poginulo u padu s aviona za koji su se pridr\u017eavali s vanjske strane, golim rukama. Jedan od njih bio je Zaki Anwari, 19-godi\u0161nji nogometa\u0161 koji je igrao za mladu reprezentaciju Afganistana.<\/p>\n<p>Prije 20 godina pobje\u0107i iz Afganistana uspjela je Nadia Nadim, koja \u0107e kasnije u \u017eivotu postati najpoznatije ime afganistanskog nogometa. Nakon \u0161to je Nadimin otac ubijen, njena majka prodala je sve \u0161to je obitelj imala i s \u010detiri k\u0107eri oti\u0161la na put, u novi \u017eivot prema Velikoj Britaniji. Nabavila je la\u017ene putovnice i petero \u017eena putovalo je prvo avionom, zatim danima stisnute u utrobi mra\u010dnog kamiona, bez hrane i vode. Kad je krijum\u010dar napokon otvorio vrata, nije im trebalo dugo da shvate da nisu u Velikoj Britaniji, nego u Danskoj.<\/p>\n<p>Obitelj je zavr\u0161ila u izbjegli\u010dkom kampu, u nadi da \u0107e pozitivno biti rije\u0161en njihov zahtjev za azil. Upravo je ondje mlada Nadim po\u010dela igrati nogomet, svakoga dana, po \u010ditave dane. Neprestano je razmi\u0161ljala o putevima koji vode iz siroma\u0161tva, iz opore svakodnevice izbjegli\u0161tva. Nakon nekoliko godina uo\u010dili su je skauti i po\u010dela je profesionalno igrati za razne klubove. Prvo za B52 Aalborg, zatim Fortunu Hj\u00f8rring s kojom je debitirala u Ligi prvaka, pa za New Jersey, Portland Thorns, Manchester City i od po\u010detka 2019. za PSG. U redovima PSG-a bila je jedna od klju\u010dnih igra\u010dica koje su dovele do povijesnog prvog osvajanja titule prvakinja Francuske. Ove je godine pre\u0161la u ameri\u010dki Racing Louisville.<\/p>\n<p>Nadim jo\u0161 uvijek igra i za dansku reprezentaciju. Prema danskom zakonu o dr\u017eavljanstvu, iako je od 12 godine \u017eivota \u017eivjela u toj zemlji i njena obitelj ondje dobila azil, nije se mogla prijaviti za dr\u017eavljanstvo sve dok 2006. nije napunila 18 godina. Kad joj je dr\u017eavljanstvo kona\u010dno dodijeljeno 2008., pravila FIFA-e blokirala su je da igra za Dansku, jer je trebalo pro\u0107i jo\u0161 pet godina prebivali\u0161ta u toj zemlji nakon punoljetnosti. Kako to biva u nogometnom biznisu, stvar se sredila van regula i intervencijom Danskog nogometnog saveza pravni odjel FIFA-e napravio je iznimku. Tako je Nadim postala prva naturalizirana Dankinja koja je predstavljala seniorsku nogometnu reprezentaciju. Posljednjih 13 godina jedna je od najva\u017enijih igra\u010dica danske reprezentacije, a lani je s dva gola osigurala pobjedu u gostima protiv Italije i plasman na UEFA-in \u017eenski Euro.<\/p>\n<p>Nadimin put prema nogometnoj slavi doga\u0111ao se paralelno s rigoroznim promjenama koja je Danska uvodila za izbjeglice i migrante. Danska ve\u0107 dugo ima status doma\u0107ina najmanjeg broja tra\u017eitelja azila u Europi, zbog stalnog uvo\u0111enja novih ograni\u010denja, poput oduzimanja imovine izbjeglicama pri ulasku u zemlju, smanjenja iznosa nov\u010dane pomo\u0107i tra\u017eiteljima azila i odgoda ponovnog ujedinjenja obitelji. Danski parlament ove je godine usvojio novi zakon kojim se tra\u017eitelje azila po ulasku u Dansku prebacuje u tre\u0107u zemlju (izvan EU-a), u kojoj se onda obra\u0111uje njihove zahtjeve i pru\u017ea (ili ne) za\u0161tita.<\/p>\n<p>Da Nadia Nadim nije izvanredna nogometa\u0161ica koja Dansku gura pod svjetla reflektora, pitanje je gdje bi sada i bi li uop\u0107e \u2013 \u017eivjela. Ne \u010dudi da se uz nogomet obrazuje da bude kirurginja i pri zavr\u0161etku je specijalizacije za rekonstruktivnu kirurgiju. Od nikoga kao od onih iz zara\u0107enih zemalja ne\u0107ete toliko \u010desto \u010duti da sanjaju da postanu medicinari, da lije\u010de ljude.<\/p>\n<p><em>pi\u0161e Ivana Peri\u0107<\/em><\/p>\n","protected":false},"excerpt":{"rendered":"<p>Prije 20 godina iz Afganistana je uspjela pobje\u0107i Nadia Nadim, koja \u0107e kasnije u \u017eivotu postati najpoznatije ime afganistanskog nogometa. Nakon \u0161to je Nadimin otac ubijen, njena majka prodala je sve \u0161to je imala i s \u010detiri k\u0107eri oti\u0161la u novi \u017eivot<\/p>\n","protected":false},"featured_media":3154,"template":"","tags":[40],"atribut":[],"class_list":["post-765","nada","type-nada","status-publish","has-post-thumbnail","hentry","tag-dvokorak-naprijed"],"acf":[],"yoast_head":"<!-- This site is optimized with the Yoast SEO plugin v27.4 - https:\/\/yoast.com\/product\/yoast-seo-wordpress\/ -->\n<title>Jedna od milijun - SDF - Srpski demokratski forum<\/title>\n<meta name=\"robots\" content=\"index, follow, max-snippet:-1, max-image-preview:large, max-video-preview:-1\" \/>\n<link rel=\"canonical\" href=\"https:\/\/sdf.hr\/hr\/nada\/jedna-od-milijun\/\" \/>\n<meta property=\"og:locale\" content=\"hr_HR\" \/>\n<meta property=\"og:type\" content=\"article\" \/>\n<meta property=\"og:title\" content=\"Jedna od milijun - SDF - Srpski demokratski forum\" \/>\n<meta property=\"og:description\" content=\"Prije 20 godina iz Afganistana je uspjela pobje\u0107i Nadia Nadim, koja \u0107e kasnije u \u017eivotu postati najpoznatije ime afganistanskog nogometa. Nakon \u0161to je Nadimin otac ubijen, njena majka prodala je sve \u0161to je imala i s \u010detiri k\u0107eri oti\u0161la u novi \u017eivot\" \/>\n<meta property=\"og:url\" content=\"https:\/\/sdf.hr\/hr\/nada\/jedna-od-milijun\/\" \/>\n<meta property=\"og:site_name\" content=\"SDF - Srpski demokratski forum\" \/>\n<meta property=\"article:modified_time\" content=\"2023-03-28T10:00:23+00:00\" \/>\n<meta property=\"og:image\" content=\"https:\/\/sdf.hr\/wp-content\/uploads\/2022\/08\/Nadim_EXPA-PIXSELL-2.jpg\" \/>\n\t<meta property=\"og:image:width\" content=\"2450\" \/>\n\t<meta property=\"og:image:height\" content=\"1658\" \/>\n\t<meta property=\"og:image:type\" content=\"image\/jpeg\" \/>\n<meta name=\"twitter:card\" content=\"summary_large_image\" \/>\n<meta name=\"twitter:label1\" content=\"Procijenjeno vrijeme \u010ditanja\" \/>\n\t<meta name=\"twitter:data1\" content=\"3 minute\" \/>\n<script type=\"application\/ld+json\" class=\"yoast-schema-graph\">{\"@context\":\"https:\\\/\\\/schema.org\",\"@graph\":[{\"@type\":\"WebPage\",\"@id\":\"https:\\\/\\\/sdf.hr\\\/hr\\\/nada\\\/jedna-od-milijun\\\/\",\"url\":\"https:\\\/\\\/sdf.hr\\\/hr\\\/nada\\\/jedna-od-milijun\\\/\",\"name\":\"Jedna od milijun - SDF - Srpski demokratski forum\",\"isPartOf\":{\"@id\":\"https:\\\/\\\/sdf.hr\\\/#website\"},\"primaryImageOfPage\":{\"@id\":\"https:\\\/\\\/sdf.hr\\\/hr\\\/nada\\\/jedna-od-milijun\\\/#primaryimage\"},\"image\":{\"@id\":\"https:\\\/\\\/sdf.hr\\\/hr\\\/nada\\\/jedna-od-milijun\\\/#primaryimage\"},\"thumbnailUrl\":\"https:\\\/\\\/sdf.hr\\\/wp-content\\\/uploads\\\/2022\\\/08\\\/Nadim_EXPA-PIXSELL-2.jpg\",\"datePublished\":\"2022-08-26T15:09:49+00:00\",\"dateModified\":\"2023-03-28T10:00:23+00:00\",\"breadcrumb\":{\"@id\":\"https:\\\/\\\/sdf.hr\\\/hr\\\/nada\\\/jedna-od-milijun\\\/#breadcrumb\"},\"inLanguage\":\"hr\",\"potentialAction\":[{\"@type\":\"ReadAction\",\"target\":[\"https:\\\/\\\/sdf.hr\\\/hr\\\/nada\\\/jedna-od-milijun\\\/\"]}]},{\"@type\":\"ImageObject\",\"inLanguage\":\"hr\",\"@id\":\"https:\\\/\\\/sdf.hr\\\/hr\\\/nada\\\/jedna-od-milijun\\\/#primaryimage\",\"url\":\"https:\\\/\\\/sdf.hr\\\/wp-content\\\/uploads\\\/2022\\\/08\\\/Nadim_EXPA-PIXSELL-2.jpg\",\"contentUrl\":\"https:\\\/\\\/sdf.hr\\\/wp-content\\\/uploads\\\/2022\\\/08\\\/Nadim_EXPA-PIXSELL-2.jpg\",\"width\":2450,\"height\":1658,\"caption\":\"Nadia Nadim (Foto: EXPA\\\/PIXSELL)\"},{\"@type\":\"BreadcrumbList\",\"@id\":\"https:\\\/\\\/sdf.hr\\\/hr\\\/nada\\\/jedna-od-milijun\\\/#breadcrumb\",\"itemListElement\":[{\"@type\":\"ListItem\",\"position\":1,\"name\":\"Po\u010detna stranica\",\"item\":\"https:\\\/\\\/sdf.hr\\\/hr\\\/\"},{\"@type\":\"ListItem\",\"position\":2,\"name\":\"Nada\",\"item\":\"https:\\\/\\\/sdf.hr\\\/nada\\\/\"},{\"@type\":\"ListItem\",\"position\":3,\"name\":\"Jedna od milijun\"}]},{\"@type\":\"WebSite\",\"@id\":\"https:\\\/\\\/sdf.hr\\\/#website\",\"url\":\"https:\\\/\\\/sdf.hr\\\/\",\"name\":\"SDF - Srpski demokratski forum\",\"description\":\"Srpski demokratski forum\",\"publisher\":{\"@id\":\"https:\\\/\\\/sdf.hr\\\/#organization\"},\"potentialAction\":[{\"@type\":\"SearchAction\",\"target\":{\"@type\":\"EntryPoint\",\"urlTemplate\":\"https:\\\/\\\/sdf.hr\\\/?s={search_term_string}\"},\"query-input\":{\"@type\":\"PropertyValueSpecification\",\"valueRequired\":true,\"valueName\":\"search_term_string\"}}],\"inLanguage\":\"hr\"},{\"@type\":\"Organization\",\"@id\":\"https:\\\/\\\/sdf.hr\\\/#organization\",\"name\":\"SDF - Srpski demokratski forum\",\"url\":\"https:\\\/\\\/sdf.hr\\\/\",\"logo\":{\"@type\":\"ImageObject\",\"inLanguage\":\"hr\",\"@id\":\"https:\\\/\\\/sdf.hr\\\/#\\\/schema\\\/logo\\\/image\\\/\",\"url\":\"https:\\\/\\\/sdf.hr\\\/wp-content\\\/uploads\\\/2021\\\/07\\\/logo-hr.svg\",\"contentUrl\":\"https:\\\/\\\/sdf.hr\\\/wp-content\\\/uploads\\\/2021\\\/07\\\/logo-hr.svg\",\"width\":271,\"height\":100,\"caption\":\"SDF - Srpski demokratski forum\"},\"image\":{\"@id\":\"https:\\\/\\\/sdf.hr\\\/#\\\/schema\\\/logo\\\/image\\\/\"}}]}<\/script>\n<!-- \/ Yoast SEO plugin. -->","yoast_head_json":{"title":"Jedna od milijun - SDF - Srpski demokratski forum","robots":{"index":"index","follow":"follow","max-snippet":"max-snippet:-1","max-image-preview":"max-image-preview:large","max-video-preview":"max-video-preview:-1"},"canonical":"https:\/\/sdf.hr\/hr\/nada\/jedna-od-milijun\/","og_locale":"hr_HR","og_type":"article","og_title":"Jedna od milijun - SDF - Srpski demokratski forum","og_description":"Prije 20 godina iz Afganistana je uspjela pobje\u0107i Nadia Nadim, koja \u0107e kasnije u \u017eivotu postati najpoznatije ime afganistanskog nogometa. Nakon \u0161to je Nadimin otac ubijen, njena majka prodala je sve \u0161to je imala i s \u010detiri k\u0107eri oti\u0161la u novi \u017eivot","og_url":"https:\/\/sdf.hr\/hr\/nada\/jedna-od-milijun\/","og_site_name":"SDF - Srpski demokratski forum","article_modified_time":"2023-03-28T10:00:23+00:00","og_image":[{"width":2450,"height":1658,"url":"https:\/\/sdf.hr\/wp-content\/uploads\/2022\/08\/Nadim_EXPA-PIXSELL-2.jpg","type":"image\/jpeg"}],"twitter_card":"summary_large_image","twitter_misc":{"Procijenjeno vrijeme \u010ditanja":"3 minute"},"schema":{"@context":"https:\/\/schema.org","@graph":[{"@type":"WebPage","@id":"https:\/\/sdf.hr\/hr\/nada\/jedna-od-milijun\/","url":"https:\/\/sdf.hr\/hr\/nada\/jedna-od-milijun\/","name":"Jedna od milijun - SDF - Srpski demokratski forum","isPartOf":{"@id":"https:\/\/sdf.hr\/#website"},"primaryImageOfPage":{"@id":"https:\/\/sdf.hr\/hr\/nada\/jedna-od-milijun\/#primaryimage"},"image":{"@id":"https:\/\/sdf.hr\/hr\/nada\/jedna-od-milijun\/#primaryimage"},"thumbnailUrl":"https:\/\/sdf.hr\/wp-content\/uploads\/2022\/08\/Nadim_EXPA-PIXSELL-2.jpg","datePublished":"2022-08-26T15:09:49+00:00","dateModified":"2023-03-28T10:00:23+00:00","breadcrumb":{"@id":"https:\/\/sdf.hr\/hr\/nada\/jedna-od-milijun\/#breadcrumb"},"inLanguage":"hr","potentialAction":[{"@type":"ReadAction","target":["https:\/\/sdf.hr\/hr\/nada\/jedna-od-milijun\/"]}]},{"@type":"ImageObject","inLanguage":"hr","@id":"https:\/\/sdf.hr\/hr\/nada\/jedna-od-milijun\/#primaryimage","url":"https:\/\/sdf.hr\/wp-content\/uploads\/2022\/08\/Nadim_EXPA-PIXSELL-2.jpg","contentUrl":"https:\/\/sdf.hr\/wp-content\/uploads\/2022\/08\/Nadim_EXPA-PIXSELL-2.jpg","width":2450,"height":1658,"caption":"Nadia Nadim (Foto: EXPA\/PIXSELL)"},{"@type":"BreadcrumbList","@id":"https:\/\/sdf.hr\/hr\/nada\/jedna-od-milijun\/#breadcrumb","itemListElement":[{"@type":"ListItem","position":1,"name":"Po\u010detna stranica","item":"https:\/\/sdf.hr\/hr\/"},{"@type":"ListItem","position":2,"name":"Nada","item":"https:\/\/sdf.hr\/nada\/"},{"@type":"ListItem","position":3,"name":"Jedna od milijun"}]},{"@type":"WebSite","@id":"https:\/\/sdf.hr\/#website","url":"https:\/\/sdf.hr\/","name":"SDF - Srpski demokratski forum","description":"Srpski demokratski forum","publisher":{"@id":"https:\/\/sdf.hr\/#organization"},"potentialAction":[{"@type":"SearchAction","target":{"@type":"EntryPoint","urlTemplate":"https:\/\/sdf.hr\/?s={search_term_string}"},"query-input":{"@type":"PropertyValueSpecification","valueRequired":true,"valueName":"search_term_string"}}],"inLanguage":"hr"},{"@type":"Organization","@id":"https:\/\/sdf.hr\/#organization","name":"SDF - Srpski demokratski forum","url":"https:\/\/sdf.hr\/","logo":{"@type":"ImageObject","inLanguage":"hr","@id":"https:\/\/sdf.hr\/#\/schema\/logo\/image\/","url":"https:\/\/sdf.hr\/wp-content\/uploads\/2021\/07\/logo-hr.svg","contentUrl":"https:\/\/sdf.hr\/wp-content\/uploads\/2021\/07\/logo-hr.svg","width":271,"height":100,"caption":"SDF - Srpski demokratski forum"},"image":{"@id":"https:\/\/sdf.hr\/#\/schema\/logo\/image\/"}}]}},"_links":{"self":[{"href":"https:\/\/sdf.hr\/hr\/wp-json\/wp\/v2\/nada\/765","targetHints":{"allow":["GET"]}}],"collection":[{"href":"https:\/\/sdf.hr\/hr\/wp-json\/wp\/v2\/nada"}],"about":[{"href":"https:\/\/sdf.hr\/hr\/wp-json\/wp\/v2\/types\/nada"}],"wp:featuredmedia":[{"embeddable":true,"href":"https:\/\/sdf.hr\/hr\/wp-json\/wp\/v2\/media\/3154"}],"wp:attachment":[{"href":"https:\/\/sdf.hr\/hr\/wp-json\/wp\/v2\/media?parent=765"}],"wp:term":[{"taxonomy":"post_tag","embeddable":true,"href":"https:\/\/sdf.hr\/hr\/wp-json\/wp\/v2\/tags?post=765"},{"taxonomy":"atribut","embeddable":true,"href":"https:\/\/sdf.hr\/hr\/wp-json\/wp\/v2\/atribut?post=765"}],"curies":[{"name":"wp","href":"https:\/\/api.w.org\/{rel}","templated":true}]}}