{"id":7667,"date":"2025-12-03T12:11:57","date_gmt":"2025-12-03T11:11:57","guid":{"rendered":"https:\/\/sdf.hr\/nada\/knjizevnice-i-nogomet-7\/"},"modified":"2025-12-03T12:12:17","modified_gmt":"2025-12-03T11:12:17","slug":"knjizevnice-i-nogomet-7","status":"publish","type":"nada","link":"https:\/\/sdf.hr\/hr\/nada\/knjizevnice-i-nogomet-7\/","title":{"rendered":"Knji\u017eevnice i nogomet 7"},"content":{"rendered":"<p>Zima u Walesu je vla\u017ena, vjetrovita, ali i poprili\u010dno blaga. Tako ka\u017ee internet. Rodnom Cardiffu nakratko se vratila pjesnikinja <strong>Sarah McCreadie<\/strong>, kojoj je dugo u slu\u017ebenoj biografiji stajala tek jedna re\u010denica: &#8220;Jednom je na ameri\u010dkom radiju recitirala svoju pjesmu o \u010dileanskom nogometa\u0161u <strong>Garyju Medelu<\/strong>.&#8221; Iz Cardiffa \u0107e uskoro ponovno za Brixton, na jug Londona koji je postao njen novi dom.<\/p>\n<p>Ovo je ljeto McCreadie provela na neuobi\u010dajenoj pjesni\u010dkoj turneji, dokumentiraju\u0107i kroz stihove napore vel\u0161ke \u017eenske nogometne reprezentacije na Europskom \u017eenskom nogometnom prvenstvu odr\u017eanom u \u0160vicarskoj. Putovala je prvo u Luzern, pa u St. Gallen. Tri od tri utakmice nogometa\u0161ica Walesa su izgubile i nisu se pomakle dalje od grupne faze natjecanja. Nema veze, u \u017eivotu je va\u017enije znati gubiti i ne odustati.<\/p>\n<p>Kad je doznala da je odabrana kao putnikinja-pjesnikinja za prvenstvo, McCreadie je kazala da za nju to uistinu ostvarenje sna. &#8220;Nogomet i poezija velike su strasti mog \u017eivota i isprepletene su \u2013 posebno u Walesu. Kao i svi navija\u010di, izuzetno sam strastvena prema \u017eenskoj igri i \u017eelim je dodatno unaprijediti. Jedva \u010dekam da to u\u010dinim kroz stihove. Povijesni je trenutak vidjeti na\u0161e \u017eene na velikom turniru i privilegirana sam \u0161to mi je uru\u010dena olovka za bilje\u017eenje te na\u0161e avanture&#8221;, komentirala je prije puta. Prvu pjesmu &#8220;Rydyn ni yma \/ Mi smo ovdje&#8221;, napisala je nakon \u0161to je prisustvovala objavi sastava reprezentacije uo\u010di prvenstva, a u njoj se prisjetila i prvih \u017eena koje su se u neuglednim dresovima usudile nabijati loptu prije sto godina.<\/p>\n<p>Tijekom prvenstva je napisala petnaest pjesama, u suradnji s pjesnikinjom <strong>Marged Tudur<\/strong> koja je neke od du\u017eih poema prevodila na vel\u0161ki, a pjesme su zatim redovno objavljivane na dru\u0161tvenim mre\u017eama reprezentacije. Neke od pjesama McCreadie recitira u video formatu \u2013 vidi se da je na to navikla jer ima sta\u017ea na ve\u010derima slam poezije od Newporta do New Yorka. Otkad poeziju pi\u0161e i izvodi, jedna od glavnih tema joj je nogomet, a nogomet i igra od djetinjstva. Posljednjih godina igra za amatersku ekipu South London Laces. U intervjuima navodi da su izgubile svaku utakmicu, ali i kako je to nimalo ne obeshrabruje da se i dalje pojavljuje na terenu.<\/p>\n<p>Godine 2019. McCreadie je u Cardiffu sudjelovala u organizaciji Svjetskog nogometnog prvenstva besku\u0107nika, kojim se kroz uli\u010dni nogomet htjelo skrenuti pozornost na problem besku\u0107ni\u0161tva. Nogometom se bavila i kroz povremeni novinarski rad, prije par godina je intervjuirala vel\u0161ke nogometa\u0161e <strong>Kiefera Moorea<\/strong> i <strong>Roberta Earnshawa<\/strong>, s kojima je razgovarala o nu\u017enosti dru\u0161tvenog anga\u017emana nogometa\u0161a.<\/p>\n<p>Prije tri godine planirala je pratiti vel\u0161ku nogometnu reprezentaciju na Svjetskom prvenstvu u Kataru, ali je od toga odustala. Objasnila je da kao lezbijka ne \u017eeli sudjelovati na prvenstvu u zemlji u kojoj je homoseksualnost kriminalizirana. &#8220;Ondje je ne mogu dr\u017eati za ruku&#8221;, napisala je u poemi posve\u0107enoj tom prvenstvu. Kao podjednako va\u017ean razlog bojkota prvenstva navela je klasno izrabljivanje, smrti tisu\u0107e migrantskih radnika koji su gradili stadione za to velebno prvenstvo.<\/p>\n<p>Kritiku je kroz stihove ispisala i vlastitoj zemlji, ne samo onim naizgled dalekima i druga\u010dijima. U pjesmi &#8220;Hireath&#8221; pisala je o zagu\u0161ljivosti idealiziranog doma, a poznate motive vel\u0161ke kulture i identiteta, poput zelenih krajolika i rijeka, narcisa i harfi, pretvorila je u simbole straha i teroriziraju\u0107e maskote pro\u0161losti.<\/p>\n<p><em>pi\u0161e Ivana Peri\u0107<\/em><\/p>\n","protected":false},"excerpt":{"rendered":"<p>Ovo ljeto pjesnikinja Sarah McCreadie provela je na neuobi\u010dajenoj turneji, dokumentiraju\u0107i kroz stihove napore vel\u0161ke reprezentacije na Europskom \u017eenskom nogometnom prvenstvu<\/p>\n","protected":false},"featured_media":7666,"template":"","tags":[40],"atribut":[],"class_list":["post-7667","nada","type-nada","status-publish","has-post-thumbnail","hentry","tag-dvokorak-naprijed"],"acf":[],"yoast_head":"<!-- This site is optimized with the Yoast SEO plugin v27.4 - https:\/\/yoast.com\/product\/yoast-seo-wordpress\/ -->\n<title>Knji\u017eevnice i nogomet 7 - SDF - Srpski demokratski forum<\/title>\n<meta name=\"robots\" content=\"index, follow, max-snippet:-1, max-image-preview:large, max-video-preview:-1\" \/>\n<link rel=\"canonical\" href=\"https:\/\/sdf.hr\/hr\/nada\/knjizevnice-i-nogomet-7\/\" \/>\n<meta property=\"og:locale\" content=\"hr_HR\" \/>\n<meta property=\"og:type\" content=\"article\" \/>\n<meta property=\"og:title\" content=\"Knji\u017eevnice i nogomet 7 - SDF - Srpski demokratski forum\" \/>\n<meta property=\"og:description\" content=\"Ovo ljeto pjesnikinja Sarah McCreadie provela je na neuobi\u010dajenoj turneji, dokumentiraju\u0107i kroz stihove napore vel\u0161ke reprezentacije na Europskom \u017eenskom nogometnom prvenstvu\" \/>\n<meta property=\"og:url\" content=\"https:\/\/sdf.hr\/hr\/nada\/knjizevnice-i-nogomet-7\/\" \/>\n<meta property=\"og:site_name\" content=\"SDF - Srpski demokratski forum\" \/>\n<meta property=\"article:modified_time\" content=\"2025-12-03T11:12:17+00:00\" \/>\n<meta property=\"og:image\" content=\"https:\/\/sdf.hr\/wp-content\/uploads\/2025\/12\/McCreadie_Literature-Wales.png\" \/>\n\t<meta property=\"og:image:width\" content=\"700\" \/>\n\t<meta property=\"og:image:height\" content=\"400\" \/>\n\t<meta property=\"og:image:type\" content=\"image\/png\" \/>\n<meta name=\"twitter:card\" content=\"summary_large_image\" \/>\n<meta name=\"twitter:label1\" content=\"Procijenjeno vrijeme \u010ditanja\" \/>\n\t<meta name=\"twitter:data1\" content=\"3 minute\" \/>\n<script type=\"application\/ld+json\" class=\"yoast-schema-graph\">{\"@context\":\"https:\\\/\\\/schema.org\",\"@graph\":[{\"@type\":\"WebPage\",\"@id\":\"https:\\\/\\\/sdf.hr\\\/hr\\\/nada\\\/knjizevnice-i-nogomet-7\\\/\",\"url\":\"https:\\\/\\\/sdf.hr\\\/hr\\\/nada\\\/knjizevnice-i-nogomet-7\\\/\",\"name\":\"Knji\u017eevnice i nogomet 7 - SDF - Srpski demokratski forum\",\"isPartOf\":{\"@id\":\"https:\\\/\\\/sdf.hr\\\/#website\"},\"primaryImageOfPage\":{\"@id\":\"https:\\\/\\\/sdf.hr\\\/hr\\\/nada\\\/knjizevnice-i-nogomet-7\\\/#primaryimage\"},\"image\":{\"@id\":\"https:\\\/\\\/sdf.hr\\\/hr\\\/nada\\\/knjizevnice-i-nogomet-7\\\/#primaryimage\"},\"thumbnailUrl\":\"https:\\\/\\\/sdf.hr\\\/wp-content\\\/uploads\\\/2025\\\/12\\\/McCreadie_Literature-Wales.png\",\"datePublished\":\"2025-12-03T11:11:57+00:00\",\"dateModified\":\"2025-12-03T11:12:17+00:00\",\"breadcrumb\":{\"@id\":\"https:\\\/\\\/sdf.hr\\\/hr\\\/nada\\\/knjizevnice-i-nogomet-7\\\/#breadcrumb\"},\"inLanguage\":\"hr\",\"potentialAction\":[{\"@type\":\"ReadAction\",\"target\":[\"https:\\\/\\\/sdf.hr\\\/hr\\\/nada\\\/knjizevnice-i-nogomet-7\\\/\"]}]},{\"@type\":\"ImageObject\",\"inLanguage\":\"hr\",\"@id\":\"https:\\\/\\\/sdf.hr\\\/hr\\\/nada\\\/knjizevnice-i-nogomet-7\\\/#primaryimage\",\"url\":\"https:\\\/\\\/sdf.hr\\\/wp-content\\\/uploads\\\/2025\\\/12\\\/McCreadie_Literature-Wales.png\",\"contentUrl\":\"https:\\\/\\\/sdf.hr\\\/wp-content\\\/uploads\\\/2025\\\/12\\\/McCreadie_Literature-Wales.png\",\"width\":700,\"height\":400,\"caption\":\"Prva u izboru za neuobi\u010dajenu pjesni\u010dku turneju (Foto: Literature Wales)\"},{\"@type\":\"BreadcrumbList\",\"@id\":\"https:\\\/\\\/sdf.hr\\\/hr\\\/nada\\\/knjizevnice-i-nogomet-7\\\/#breadcrumb\",\"itemListElement\":[{\"@type\":\"ListItem\",\"position\":1,\"name\":\"Po\u010detna stranica\",\"item\":\"https:\\\/\\\/sdf.hr\\\/hr\\\/\"},{\"@type\":\"ListItem\",\"position\":2,\"name\":\"Nada\",\"item\":\"https:\\\/\\\/sdf.hr\\\/nada\\\/\"},{\"@type\":\"ListItem\",\"position\":3,\"name\":\"Knji\u017eevnice i nogomet 7\"}]},{\"@type\":\"WebSite\",\"@id\":\"https:\\\/\\\/sdf.hr\\\/#website\",\"url\":\"https:\\\/\\\/sdf.hr\\\/\",\"name\":\"SDF - Srpski demokratski forum\",\"description\":\"Srpski demokratski forum\",\"publisher\":{\"@id\":\"https:\\\/\\\/sdf.hr\\\/#organization\"},\"potentialAction\":[{\"@type\":\"SearchAction\",\"target\":{\"@type\":\"EntryPoint\",\"urlTemplate\":\"https:\\\/\\\/sdf.hr\\\/?s={search_term_string}\"},\"query-input\":{\"@type\":\"PropertyValueSpecification\",\"valueRequired\":true,\"valueName\":\"search_term_string\"}}],\"inLanguage\":\"hr\"},{\"@type\":\"Organization\",\"@id\":\"https:\\\/\\\/sdf.hr\\\/#organization\",\"name\":\"SDF - Srpski demokratski forum\",\"url\":\"https:\\\/\\\/sdf.hr\\\/\",\"logo\":{\"@type\":\"ImageObject\",\"inLanguage\":\"hr\",\"@id\":\"https:\\\/\\\/sdf.hr\\\/#\\\/schema\\\/logo\\\/image\\\/\",\"url\":\"https:\\\/\\\/sdf.hr\\\/wp-content\\\/uploads\\\/2021\\\/07\\\/logo-hr.svg\",\"contentUrl\":\"https:\\\/\\\/sdf.hr\\\/wp-content\\\/uploads\\\/2021\\\/07\\\/logo-hr.svg\",\"width\":271,\"height\":100,\"caption\":\"SDF - Srpski demokratski forum\"},\"image\":{\"@id\":\"https:\\\/\\\/sdf.hr\\\/#\\\/schema\\\/logo\\\/image\\\/\"}}]}<\/script>\n<!-- \/ Yoast SEO plugin. -->","yoast_head_json":{"title":"Knji\u017eevnice i nogomet 7 - SDF - Srpski demokratski forum","robots":{"index":"index","follow":"follow","max-snippet":"max-snippet:-1","max-image-preview":"max-image-preview:large","max-video-preview":"max-video-preview:-1"},"canonical":"https:\/\/sdf.hr\/hr\/nada\/knjizevnice-i-nogomet-7\/","og_locale":"hr_HR","og_type":"article","og_title":"Knji\u017eevnice i nogomet 7 - SDF - Srpski demokratski forum","og_description":"Ovo ljeto pjesnikinja Sarah McCreadie provela je na neuobi\u010dajenoj turneji, dokumentiraju\u0107i kroz stihove napore vel\u0161ke reprezentacije na Europskom \u017eenskom nogometnom prvenstvu","og_url":"https:\/\/sdf.hr\/hr\/nada\/knjizevnice-i-nogomet-7\/","og_site_name":"SDF - Srpski demokratski forum","article_modified_time":"2025-12-03T11:12:17+00:00","og_image":[{"width":700,"height":400,"url":"https:\/\/sdf.hr\/wp-content\/uploads\/2025\/12\/McCreadie_Literature-Wales.png","type":"image\/png"}],"twitter_card":"summary_large_image","twitter_misc":{"Procijenjeno vrijeme \u010ditanja":"3 minute"},"schema":{"@context":"https:\/\/schema.org","@graph":[{"@type":"WebPage","@id":"https:\/\/sdf.hr\/hr\/nada\/knjizevnice-i-nogomet-7\/","url":"https:\/\/sdf.hr\/hr\/nada\/knjizevnice-i-nogomet-7\/","name":"Knji\u017eevnice i nogomet 7 - SDF - Srpski demokratski forum","isPartOf":{"@id":"https:\/\/sdf.hr\/#website"},"primaryImageOfPage":{"@id":"https:\/\/sdf.hr\/hr\/nada\/knjizevnice-i-nogomet-7\/#primaryimage"},"image":{"@id":"https:\/\/sdf.hr\/hr\/nada\/knjizevnice-i-nogomet-7\/#primaryimage"},"thumbnailUrl":"https:\/\/sdf.hr\/wp-content\/uploads\/2025\/12\/McCreadie_Literature-Wales.png","datePublished":"2025-12-03T11:11:57+00:00","dateModified":"2025-12-03T11:12:17+00:00","breadcrumb":{"@id":"https:\/\/sdf.hr\/hr\/nada\/knjizevnice-i-nogomet-7\/#breadcrumb"},"inLanguage":"hr","potentialAction":[{"@type":"ReadAction","target":["https:\/\/sdf.hr\/hr\/nada\/knjizevnice-i-nogomet-7\/"]}]},{"@type":"ImageObject","inLanguage":"hr","@id":"https:\/\/sdf.hr\/hr\/nada\/knjizevnice-i-nogomet-7\/#primaryimage","url":"https:\/\/sdf.hr\/wp-content\/uploads\/2025\/12\/McCreadie_Literature-Wales.png","contentUrl":"https:\/\/sdf.hr\/wp-content\/uploads\/2025\/12\/McCreadie_Literature-Wales.png","width":700,"height":400,"caption":"Prva u izboru za neuobi\u010dajenu pjesni\u010dku turneju (Foto: Literature Wales)"},{"@type":"BreadcrumbList","@id":"https:\/\/sdf.hr\/hr\/nada\/knjizevnice-i-nogomet-7\/#breadcrumb","itemListElement":[{"@type":"ListItem","position":1,"name":"Po\u010detna stranica","item":"https:\/\/sdf.hr\/hr\/"},{"@type":"ListItem","position":2,"name":"Nada","item":"https:\/\/sdf.hr\/nada\/"},{"@type":"ListItem","position":3,"name":"Knji\u017eevnice i nogomet 7"}]},{"@type":"WebSite","@id":"https:\/\/sdf.hr\/#website","url":"https:\/\/sdf.hr\/","name":"SDF - Srpski demokratski forum","description":"Srpski demokratski forum","publisher":{"@id":"https:\/\/sdf.hr\/#organization"},"potentialAction":[{"@type":"SearchAction","target":{"@type":"EntryPoint","urlTemplate":"https:\/\/sdf.hr\/?s={search_term_string}"},"query-input":{"@type":"PropertyValueSpecification","valueRequired":true,"valueName":"search_term_string"}}],"inLanguage":"hr"},{"@type":"Organization","@id":"https:\/\/sdf.hr\/#organization","name":"SDF - Srpski demokratski forum","url":"https:\/\/sdf.hr\/","logo":{"@type":"ImageObject","inLanguage":"hr","@id":"https:\/\/sdf.hr\/#\/schema\/logo\/image\/","url":"https:\/\/sdf.hr\/wp-content\/uploads\/2021\/07\/logo-hr.svg","contentUrl":"https:\/\/sdf.hr\/wp-content\/uploads\/2021\/07\/logo-hr.svg","width":271,"height":100,"caption":"SDF - Srpski demokratski forum"},"image":{"@id":"https:\/\/sdf.hr\/#\/schema\/logo\/image\/"}}]}},"_links":{"self":[{"href":"https:\/\/sdf.hr\/hr\/wp-json\/wp\/v2\/nada\/7667","targetHints":{"allow":["GET"]}}],"collection":[{"href":"https:\/\/sdf.hr\/hr\/wp-json\/wp\/v2\/nada"}],"about":[{"href":"https:\/\/sdf.hr\/hr\/wp-json\/wp\/v2\/types\/nada"}],"wp:featuredmedia":[{"embeddable":true,"href":"https:\/\/sdf.hr\/hr\/wp-json\/wp\/v2\/media\/7666"}],"wp:attachment":[{"href":"https:\/\/sdf.hr\/hr\/wp-json\/wp\/v2\/media?parent=7667"}],"wp:term":[{"taxonomy":"post_tag","embeddable":true,"href":"https:\/\/sdf.hr\/hr\/wp-json\/wp\/v2\/tags?post=7667"},{"taxonomy":"atribut","embeddable":true,"href":"https:\/\/sdf.hr\/hr\/wp-json\/wp\/v2\/atribut?post=7667"}],"curies":[{"name":"wp","href":"https:\/\/api.w.org\/{rel}","templated":true}]}}