{"id":7675,"date":"2025-12-05T10:28:23","date_gmt":"2025-12-05T09:28:23","guid":{"rendered":"https:\/\/sdf.hr\/nada\/nametnuta-sumnja-u-sebe\/"},"modified":"2025-12-05T10:31:21","modified_gmt":"2025-12-05T09:31:21","slug":"nametnuta-sumnja-u-sebe","status":"publish","type":"nada","link":"https:\/\/sdf.hr\/hr\/nada\/nametnuta-sumnja-u-sebe\/","title":{"rendered":"Nametnuta sumnja u sebe"},"content":{"rendered":"<p>Stoji za mikrofonom, pozvana da govori o va\u017enoj temi \u2013 kako njoj osobno, tako i onima u punoj dvorani. Publika pozorno i zainteresirano slu\u0161a, plju\u0161te pitanja i komentari, a ona i dalje osje\u0107a nemir: &#8220;\u0160to ako ne budem dovoljno uvjerljiva? \u0160to ako netko primijeti da nisam spremna?&#8221;<\/p>\n<p>Druga stoji na \u010delu va\u017enog odjeljenja u svojoj organizaciji, tek preuzela vodstvo. Svi ju gledaju s povjerenjem i po\u0161tovanjem, a ona razmi\u0161lja jesu li je gre\u0161kom ili slu\u010dajem izabrali. U glavi ve\u0107 sla\u017ee listu ljudi za koje misli da bi ovaj posao bolje obavljali od nje.<\/p>\n<p>Tre\u0107a upravo zavr\u0161ava projekt na kojem je radila mjesecima. Dok gleda rezultate svog napornog rada, misli joj se vra\u0107aju na detalje, sitnice koje nije &#8220;savr\u0161eno&#8221; odradila. Pita se ho\u0107e li netko otkriti njezine &#8220;pogre\u0161ke&#8221;.<\/p>\n<p>Mnoge \u0107e se prona\u0107i u neka od ova tri primjera: da u trenucima kada bi trebale biti najponosnije, osje\u0107amo onu tihu i smaraju\u0107u nesigurnost. Taj unutarnji glas koji nam govori da nismo dovoljno dobre, sposobne ili kompetentne ima ime \u2013 zove se imposter sindrom.<\/p>\n<p>Kako bismo bolje razumjele ovaj fenomen, koji se naziva jo\u0161 i sindrom uljeza ili varalice, razgovarale smo s dvama psihologinjama. Objasnile su nam u kakvim se okru\u017eenjima javlja, koje dru\u0161tvene grupe naj\u010de\u0161\u0107e poga\u0111a i kako se s njime nositi.<\/p>\n<p>&#8211; Prije nego \u0161to krenemo, va\u017eno je definirati \u0161to imposter sindrom jest, a \u0161to nije. Imposter sindrom se javlja kada osoba vjeruje da je njezin uspjeh posljedica sre\u0107e ili tu\u0111e pogre\u0161ke te strahuje od trenutka kada \u0107e netko iz okoline &#8216;otkriti&#8217; da nije dovoljno sposobna. Doga\u0111a se kada osoba svoja postignu\u0107a pripisuje vanjskim okolnostima, a ne vlastitim sposobnostima, trudu ili zaslugama \u2013 obja\u0161njava <strong>Kristina Rajski<\/strong>, psihologinja, edukantica psihoterapije i poduzetnica.<\/p>\n<p>Drugim rije\u010dima, nastavlja Rajski, umjesto da prizna vlastiti trud i kompetencije, osoba misli da je ne\u0161to postigla zbog sre\u0107e, pomo\u0107i drugih, slu\u010dajnosti ili zato \u0161to su okolnosti bile povoljne, a ne zato \u0161to je sama sposobna ili zaslu\u017ena.<\/p>\n<figure id=\"attachment_7671\" aria-describedby=\"caption-attachment-7671\" style=\"width: 1080px\" class=\"wp-caption alignnone\"><img loading=\"lazy\" decoding=\"async\" class=\"wp-image-7671 size-full\" src=\"https:\/\/sdf.hr\/wp-content\/uploads\/2025\/12\/Rajski_Privatna-arhiva.jpg\" alt=\"\" width=\"1080\" height=\"1350\" srcset=\"https:\/\/sdf.hr\/wp-content\/uploads\/2025\/12\/Rajski_Privatna-arhiva.jpg 1080w, https:\/\/sdf.hr\/wp-content\/uploads\/2025\/12\/Rajski_Privatna-arhiva-240x300.jpg 240w, https:\/\/sdf.hr\/wp-content\/uploads\/2025\/12\/Rajski_Privatna-arhiva-819x1024.jpg 819w, https:\/\/sdf.hr\/wp-content\/uploads\/2025\/12\/Rajski_Privatna-arhiva-768x960.jpg 768w\" sizes=\"auto, (max-width: 1080px) 100vw, 1080px\" \/><figcaption id=\"caption-attachment-7671\" class=\"wp-caption-text\">Kristina Rajski (Foto: Privatna arhiva)<\/figcaption><\/figure>\n<p>&#8211; Istovremeno ima i nerealnu sliku o tome \u0161to zna\u010di biti dovoljno dobar ili sposoban. Vjeruje da kompetentnost zna\u010di nikada ne grije\u0161iti, uvijek znati sve, biti savr\u0161eno pripremljen i imati stalnu kontrolu, \u0161to je, naravno, nemogu\u0107e \u2013 govori nam Rajski.<\/p>\n<p>Dodaje kako je va\u017eno razlikovati imposter sindrom od prirodne nesigurnosti u novim situacijama. Kada se osoba na\u0111e pred novim izazovom, odre\u0111ena razina straha i sumnje sasvim je o\u010dekivana, ali, ka\u017ee psihologinja, ako osoba unato\u010d nizu uspjeha i dalje ne vjeruje u sebe te svoje postignu\u0107e ne pripisuje sebi, tada govorimo o imposter sindromu.<\/p>\n<p>Navodno je i <strong>Albert Einstein<\/strong>, koji nam je danas simbol genijalnosti, pokazivao karakteristike impostera kada je izjavio da je po\u0161tovanje prema njegovom radu &#8220;pretjerano&#8221; i kad je govorio da se osje\u0107a kao &#8220;nehoti\u010dni prevarant&#8221;.<\/p>\n<p>Izraz &#8220;fenomen varalice&#8221; skovan se u jednom psiholo\u0161kom \u010dasopisu 1978. godine, ali tek odnedavno je \u0161ire poznat. Budu\u0107i da se o ovom fenomenu dosta govori u popularnoj psihologiji, kroz dru\u0161tvene mre\u017ee i portale, gdje se nerijetko nagla\u0161ava da je \u010de\u0161\u0107i kod \u017eena, zanimalo nas je \u0161to o tome misle stru\u010dnjakinje, \u010dime su te tvrdnje potkrijepljene te kako u tome ulogu igra \u0161iri kontekst patrijarhata i rodnih uloga.<\/p>\n<p>&#8211; Imposter sindrom relativno je nov pojam u psihologiji i psihoterapiji. Nije klasificiran kao slu\u017ebeni psihi\u010dki poreme\u0107aj, pa je samim time ograni\u010den broj istra\u017eivanja o njegovoj u\u010destalosti, dijagnostici i tretmanu. Iako rezultati istra\u017eivanja nisu posve konzistentni, pokazuje se da \u017eene u ve\u0107oj mjeri iskazuju obilje\u017eja imposter sindroma u odnosu na mu\u0161karce. Me\u0111utim, pojava sindroma uvelike ovisi o populaciji koja se ispituje, primjerice, vi\u0161e stope pronalazimo me\u0111u studentima i osobama koje rade u izrazito kompetitivnim profesijama. Dodala bih i da su \u017eene sklonije potra\u017eiti pomo\u0107, \u0161to mo\u017ee utjecati na ve\u0107i broj prijavljenih slu\u010dajeva \u2013 ka\u017ee Rajski.<\/p>\n<p>Sli\u010dno govori i <strong>Mia Popi\u0107<\/strong>, psihoterapeutkinja i biznis psiholo\u0161kinja.<\/p>\n<p>&#8211; Da, istra\u017eivanja i praksa pokazuju da imposter sindrom statisti\u010dki \u010de\u0161\u0107e poga\u0111a \u017eene, naro\u010dito u kontekstima u kojima su broj\u010dano manje zastupljene ili se od njih istorijski nije o\u010dekivalo da budu na datoj poziciji. Ali va\u017eno je naglasiti: \u017eene nisu \u2018sklonije\u2019 sumnji u sebe zato \u0161to im ne\u0161to nedostaje. One su sklonije imposteru zato \u0161to \u017eive u dru\u0161tvu koje \u010de\u0161\u0107e sumnja u njih.<\/p>\n<p>Objasnila je kako nije \u010dudno da \u017eene \u010desto te\u0161ko prisvajaju vlastiti uspjeh kada generacijama odrastaju uz poruke da trebaju biti skromne, da se ne isti\u010du, da ne tra\u017ee previ\u0161e i da su postigle ne\u0161to ponajprije zbog sre\u0107e. Takve poruke, ponavljane iznova, lako stvore osje\u0107aj da uspjeh nije ne\u0161to \u0161to smo zaslu\u017eile, nego ne\u0161to \u0161to se tek tako dogodilo i \u0161to nam se mo\u017ee u svakom \u010dasu oduzeti.<\/p>\n<p>&#8211; Imposter sindrom je, u tom smislu, manje \u017eenska mana, a vi\u0161e dru\u0161tveni fenomen. On je reakcija na spolja\u0161nja o\u010dekivanja, posledicu rodnih stereotipa i dugogodi\u0161njih normi koje i dalje oblikuju poslovni i akademski svet \u2013 ka\u017ee nam Popi\u0107.<\/p>\n<p>On, prema Popi\u0107, posebno poga\u0111a ljude iz manje privilegiranih grupa i da je to posebno vidljivo ondje gdje je netko &#8220;prvi&#8221;, &#8220;rijedak&#8221; ili svojevrsni &#8220;izuzetak&#8221;. Spomenula je da se to \u010desto doga\u0111a \u017eenama koje rade u izrazito mu\u0161kim okru\u017eenjima, pripadnicima etni\u010dkih manjina, osobama koje dolaze iz ni\u017eeg socioekonomskog okru\u017eenja, pripadnicima LGBTQ+ zajednice te svima koji ulaze u prostore u kojima njihova grupa &#8220;istorijski nije bila prisutna&#8221;.<\/p>\n<p>&#8211; Za\u0161to? Zato \u0161to se imposter sindrom hrani ose\u0107ajem da &#8220;ne pripada\u0161&#8221;. Ako ste u prostorima u kojima niko ne izgleda kao vi, ne zvu\u010di kao vi ili nema va\u0161e iskustvo, normalno je da se pitate da li ste &#8220;prava osoba na pravom mestu&#8221;. Ovo nije individualni problem ve\u0107 sistemski efekat nejednakosti, odsustva reprezentacije i stalnog dokazivanja \u2013 govori nam psiholo\u0161kinja.<\/p>\n<p>Imposter sindrom nije klini\u010dka dijagnoza, ali je duboko povezan s mentalnim zdravljem, isti\u010de Popi\u0107. Naj\u010de\u0161\u0107e, u svojoj praksi, uo\u010dava obrazac u kojem karijerni izazovi vode do anksioznosti, koja potom poti\u010de pretjeranu pripremu, a ona dovodi do iscrpljenosti i pregorijevanja.<\/p>\n<p>Ljudi koji osje\u0107aju imposter sindrom ula\u017eu ogromnu koli\u010dinu energije kako bi &#8220;dokazali&#8221; svoju vrijednost i sprije\u010dili da budu &#8220;otkriveni&#8221;, \u0161to \u010desto rezultira kroni\u010dnom anksiozno\u0161\u0107u, napeto\u0161\u0107u, problemima sa spavanjem, izbjegavanjem izazovnih situacija i niskim samovrednovanjem.<\/p>\n<figure id=\"attachment_7673\" aria-describedby=\"caption-attachment-7673\" style=\"width: 1802px\" class=\"wp-caption alignnone\"><img loading=\"lazy\" decoding=\"async\" class=\"wp-image-7673 size-full\" src=\"https:\/\/sdf.hr\/wp-content\/uploads\/2025\/12\/Popic_Andjela-Grozdanic-scaled.jpeg\" alt=\"\" width=\"1802\" height=\"2560\" srcset=\"https:\/\/sdf.hr\/wp-content\/uploads\/2025\/12\/Popic_Andjela-Grozdanic-scaled.jpeg 1802w, https:\/\/sdf.hr\/wp-content\/uploads\/2025\/12\/Popic_Andjela-Grozdanic-211x300.jpeg 211w, https:\/\/sdf.hr\/wp-content\/uploads\/2025\/12\/Popic_Andjela-Grozdanic-721x1024.jpeg 721w, https:\/\/sdf.hr\/wp-content\/uploads\/2025\/12\/Popic_Andjela-Grozdanic-768x1091.jpeg 768w, https:\/\/sdf.hr\/wp-content\/uploads\/2025\/12\/Popic_Andjela-Grozdanic-1081x1536.jpeg 1081w, https:\/\/sdf.hr\/wp-content\/uploads\/2025\/12\/Popic_Andjela-Grozdanic-1441x2048.jpeg 1441w\" sizes=\"auto, (max-width: 1802px) 100vw, 1802px\" \/><figcaption id=\"caption-attachment-7673\" class=\"wp-caption-text\">Mia Popi\u0107 (Foto: An\u0111ela Grozdani\u0107)<\/figcaption><\/figure>\n<p>&#8211; Kada takav obrazac dugo traje, on mo\u017ee da uti\u010de i na raspolo\u017eenje. Nekad je prvi simptom depresivnosti upravo ose\u0107aj da &#8220;ni\u0161ta \u0161to radim nije dovoljno&#8221; ili da &#8220;nisam zaslu\u017eila ono \u0161to imam&#8221;. Dakle, imposter sindrom sam po sebi nije poreme\u0107aj, ali jeste rizi\u010dni faktor za niz emocionalnih te\u0161ko\u0107a. Posebno kod ljudi koji su dugo pod pritiskom visokih o\u010dekivanja, kako spolja\u0161njih tako i sopstvenih \u2013 dodaje Popi\u0107.<\/p>\n<p>Obje na\u0161e sugovornice naglasile su da ne postoji jedan jedini uzrok, ve\u0107 da se imposter sindrom razvija kao rezultat kombinacije \u017eivotnih okolnosti, na\u010dina na koji osoba vrednuje sebe (kroz nisko samopouzdanje ili kroz perfekcionizam), ali i kako su je kroz odrastanje i razvoj vrednovali drugi.<\/p>\n<p>Visoko kompetitivna okolina i iskustva iz djetinjstva, poput uvjetovane podr\u0161ke, stroge kritike ili uspore\u0111ivanja s vr\u0161njacima, mogu dugoro\u010dno naru\u0161iti samopo\u0161tovanje. A stalno uspore\u0111ivanje s drugima, osobito danas, kroz idealizirane prikaze na dru\u0161tvenim mre\u017eama, dodatno poja\u010davaju osje\u0107aj neadekvatnosti.<\/p>\n<p>&#8211; Dru\u0161tvene mre\u017ee neizbje\u017eno su promijenile svijet u kojem \u017eivimo. Vjerujem da su donijele mnogo pozitivnih promjena i mogu\u0107nosti, pa ih ne treba promatrati isklju\u010divo negativno. Ipak, one su zna\u010dajno poja\u010dale fenomen uspore\u0111ivanja jer se na njima prikazuju idealizirani trenuci i \u017eivotne pobjede. Istra\u017eivanja pokazuju da uspore\u0111ivanje na dru\u0161tvenim mre\u017eama pove\u0107ava osje\u0107aj imposter sindroma, jer se vrlo lako javlja dojam da je netko drugi uspje\u0161niji, sposobniji ili vredniji. Zato uvijek nagla\u0161avam va\u017enost kriti\u010dkog pristupa dru\u0161tvenim mre\u017eama i svijesti o tome da ono \u0161to se ondje prikazuje nije cjelovita slika \u017eivota jer \u0107e se prije objaviti poslovni uspjeh nego, primjerice, probavne smetnje ili sva\u0111a s partnerom \u2013 ka\u017ee Kristina Rajski.<\/p>\n<p>Obje na\u0161e sugovornice nagla\u0161avaju da imposter sindrom nije problem koji se rje\u0161ava jednom terapijskom tehnikom, nego proces koji uklju\u010duje kombinaciju terapijskih pristupa te strukturirani rad na uvjerenjima i uz \u0161iru podr\u0161ku u razumijevanju emocija, pona\u0161anja i unutarnjih obrazaca.<\/p>\n<p>Prema Rajski, va\u017ean korak nakon osobne terapije je osvje\u0161tavanje. Tu je korisno preispitati kako reagiramo na uspjeh, koliko \u010desto sumnjamo u sebe, prihva\u0107amo li pohvale ili ih do\u017eivljavamo kao nezaslu\u017eene, kako se nosimo s neuspjehom i koliko nas optere\u0107uje uspore\u0111ivanje s drugima.<\/p>\n<p>Popi\u0107 ka\u017ee da je njena primarna metodologija REBT (racionalno-emotivno bihevioralna terapija) a usmjerena je na prepoznavanje iracionalnih misli \u2013 poput uvjerenja da moramo biti savr\u0161eni, da ne smijemo pogrije\u0161iti ili da je uspjeh vrijedan samo ako je potpuno pod na\u0161om kontrolom \u2013 te njihovo postupno mijenjanje &#8220;fleksibilnijim, realisti\u010dnijim i samoosna\u017euju\u0107im mislima&#8221;. Potom isti\u010de va\u017enost &#8220;unutra\u0161nje sigurnosti, ne spolja\u0161nje validacije&#8221;.<\/p>\n<p>&#8211; Cilj nije da verujemo da smo &#8220;najbolji&#8221;, ve\u0107 da gradimo stabilnost koja ne zavisi od <em>feedbacka<\/em> drugih. To je ono \u0161to nazivam unutra\u0161nja psiholo\u0161ka sigurnost \u2013 ka\u017ee nam i na popis dodaje jo\u0161 i &#8220;rad na perfekcionizmu i zdravim standardima&#8221; (razlikovanje zdravih ambicija od destruktivnog samoponi\u0161tavanja) i &#8220;razvijanje samoefikasnosti&#8221; (osje\u0107aj da mo\u017eemo ne\u0161to posti\u0107i djelovanjem, a ne \u010dekanjem da se najprije pojavi besprijekorno samopouzdanje).<\/p>\n<p>I posljednje na njenoj listi, a u \u010demu sve mo\u017eemo sudjelovati, je normalizacija iskustva i razgovor.<\/p>\n<p>&#8211; Imposter sindrom je najglasniji kad \u0107utimo o njemu. Kada ga imenujemo, delimo i u\u010dinimo vidljivim, on gubi mo\u0107 \u2013 zaklju\u010duje Mia Popi\u0107.<\/p>\n<p><em>pi\u0161e Anja Vladisavljevi\u0107<\/em><\/p>\n","protected":false},"excerpt":{"rendered":"<p>Imposter sindrom (sindrom uljeza ili varalice) javlja se kada osoba vjeruje da je uspjela zbog sre\u0107e ili tu\u0111e pogre\u0161ke te strahuje da nije dovoljno sposobna. \u017dene nisu &#8220;sklonije&#8221; sumnji u sebe zato \u0161to im ne\u0161to nedostaje, nego zato \u0161to \u017eive u dru\u0161tvu koje \u010de\u0161\u0107e sumnja u njih<\/p>\n","protected":false},"featured_media":7670,"template":"","tags":[130],"atribut":[],"class_list":["post-7675","nada","type-nada","status-publish","has-post-thumbnail","hentry","tag-tema"],"acf":[],"yoast_head":"<!-- This site is optimized with the Yoast SEO plugin v27.4 - https:\/\/yoast.com\/product\/yoast-seo-wordpress\/ -->\n<title>Nametnuta sumnja u sebe - SDF - Srpski demokratski forum<\/title>\n<meta name=\"robots\" content=\"index, follow, max-snippet:-1, max-image-preview:large, max-video-preview:-1\" \/>\n<link rel=\"canonical\" href=\"https:\/\/sdf.hr\/hr\/nada\/nametnuta-sumnja-u-sebe\/\" \/>\n<meta property=\"og:locale\" content=\"hr_HR\" \/>\n<meta property=\"og:type\" content=\"article\" \/>\n<meta property=\"og:title\" content=\"Nametnuta sumnja u sebe - SDF - Srpski demokratski forum\" \/>\n<meta property=\"og:description\" content=\"Imposter sindrom (sindrom uljeza ili varalice) javlja se kada osoba vjeruje da je uspjela zbog sre\u0107e ili tu\u0111e pogre\u0161ke te strahuje da nije dovoljno sposobna. \u017dene nisu &quot;sklonije&quot; sumnji u sebe zato \u0161to im ne\u0161to nedostaje, nego zato \u0161to \u017eive u dru\u0161tvu koje \u010de\u0161\u0107e sumnja u njih\" \/>\n<meta property=\"og:url\" content=\"https:\/\/sdf.hr\/hr\/nada\/nametnuta-sumnja-u-sebe\/\" \/>\n<meta property=\"og:site_name\" content=\"SDF - Srpski demokratski forum\" \/>\n<meta property=\"article:modified_time\" content=\"2025-12-05T09:31:21+00:00\" \/>\n<meta property=\"og:image\" content=\"https:\/\/sdf.hr\/wp-content\/uploads\/2025\/12\/Imposter_Richard-WarehamIMAGO-scaled.jpg\" \/>\n\t<meta property=\"og:image:width\" content=\"2560\" \/>\n\t<meta property=\"og:image:height\" content=\"1770\" \/>\n\t<meta property=\"og:image:type\" content=\"image\/jpeg\" \/>\n<meta name=\"twitter:card\" content=\"summary_large_image\" \/>\n<meta name=\"twitter:label1\" content=\"Procijenjeno vrijeme \u010ditanja\" \/>\n\t<meta name=\"twitter:data1\" content=\"9 minuta\" \/>\n<script type=\"application\/ld+json\" class=\"yoast-schema-graph\">{\"@context\":\"https:\\\/\\\/schema.org\",\"@graph\":[{\"@type\":\"WebPage\",\"@id\":\"https:\\\/\\\/sdf.hr\\\/hr\\\/nada\\\/nametnuta-sumnja-u-sebe\\\/\",\"url\":\"https:\\\/\\\/sdf.hr\\\/hr\\\/nada\\\/nametnuta-sumnja-u-sebe\\\/\",\"name\":\"Nametnuta sumnja u sebe - SDF - Srpski demokratski forum\",\"isPartOf\":{\"@id\":\"https:\\\/\\\/sdf.hr\\\/#website\"},\"primaryImageOfPage\":{\"@id\":\"https:\\\/\\\/sdf.hr\\\/hr\\\/nada\\\/nametnuta-sumnja-u-sebe\\\/#primaryimage\"},\"image\":{\"@id\":\"https:\\\/\\\/sdf.hr\\\/hr\\\/nada\\\/nametnuta-sumnja-u-sebe\\\/#primaryimage\"},\"thumbnailUrl\":\"https:\\\/\\\/sdf.hr\\\/wp-content\\\/uploads\\\/2025\\\/12\\\/Imposter_Richard-WarehamIMAGO-scaled.jpg\",\"datePublished\":\"2025-12-05T09:28:23+00:00\",\"dateModified\":\"2025-12-05T09:31:21+00:00\",\"breadcrumb\":{\"@id\":\"https:\\\/\\\/sdf.hr\\\/hr\\\/nada\\\/nametnuta-sumnja-u-sebe\\\/#breadcrumb\"},\"inLanguage\":\"hr\",\"potentialAction\":[{\"@type\":\"ReadAction\",\"target\":[\"https:\\\/\\\/sdf.hr\\\/hr\\\/nada\\\/nametnuta-sumnja-u-sebe\\\/\"]}]},{\"@type\":\"ImageObject\",\"inLanguage\":\"hr\",\"@id\":\"https:\\\/\\\/sdf.hr\\\/hr\\\/nada\\\/nametnuta-sumnja-u-sebe\\\/#primaryimage\",\"url\":\"https:\\\/\\\/sdf.hr\\\/wp-content\\\/uploads\\\/2025\\\/12\\\/Imposter_Richard-WarehamIMAGO-scaled.jpg\",\"contentUrl\":\"https:\\\/\\\/sdf.hr\\\/wp-content\\\/uploads\\\/2025\\\/12\\\/Imposter_Richard-WarehamIMAGO-scaled.jpg\",\"width\":2560,\"height\":1770,\"caption\":\"Znak upozorenja \u2013 imposter sindrom (Foto: Richard Wareham\\\/ImagoStock&People\\\/PIXSELL)\"},{\"@type\":\"BreadcrumbList\",\"@id\":\"https:\\\/\\\/sdf.hr\\\/hr\\\/nada\\\/nametnuta-sumnja-u-sebe\\\/#breadcrumb\",\"itemListElement\":[{\"@type\":\"ListItem\",\"position\":1,\"name\":\"Po\u010detna stranica\",\"item\":\"https:\\\/\\\/sdf.hr\\\/hr\\\/\"},{\"@type\":\"ListItem\",\"position\":2,\"name\":\"Nada\",\"item\":\"https:\\\/\\\/sdf.hr\\\/nada\\\/\"},{\"@type\":\"ListItem\",\"position\":3,\"name\":\"Nametnuta sumnja u sebe\"}]},{\"@type\":\"WebSite\",\"@id\":\"https:\\\/\\\/sdf.hr\\\/#website\",\"url\":\"https:\\\/\\\/sdf.hr\\\/\",\"name\":\"SDF - Srpski demokratski forum\",\"description\":\"Srpski demokratski forum\",\"publisher\":{\"@id\":\"https:\\\/\\\/sdf.hr\\\/#organization\"},\"potentialAction\":[{\"@type\":\"SearchAction\",\"target\":{\"@type\":\"EntryPoint\",\"urlTemplate\":\"https:\\\/\\\/sdf.hr\\\/?s={search_term_string}\"},\"query-input\":{\"@type\":\"PropertyValueSpecification\",\"valueRequired\":true,\"valueName\":\"search_term_string\"}}],\"inLanguage\":\"hr\"},{\"@type\":\"Organization\",\"@id\":\"https:\\\/\\\/sdf.hr\\\/#organization\",\"name\":\"SDF - Srpski demokratski forum\",\"url\":\"https:\\\/\\\/sdf.hr\\\/\",\"logo\":{\"@type\":\"ImageObject\",\"inLanguage\":\"hr\",\"@id\":\"https:\\\/\\\/sdf.hr\\\/#\\\/schema\\\/logo\\\/image\\\/\",\"url\":\"https:\\\/\\\/sdf.hr\\\/wp-content\\\/uploads\\\/2021\\\/07\\\/logo-hr.svg\",\"contentUrl\":\"https:\\\/\\\/sdf.hr\\\/wp-content\\\/uploads\\\/2021\\\/07\\\/logo-hr.svg\",\"width\":271,\"height\":100,\"caption\":\"SDF - Srpski demokratski forum\"},\"image\":{\"@id\":\"https:\\\/\\\/sdf.hr\\\/#\\\/schema\\\/logo\\\/image\\\/\"}}]}<\/script>\n<!-- \/ Yoast SEO plugin. -->","yoast_head_json":{"title":"Nametnuta sumnja u sebe - SDF - Srpski demokratski forum","robots":{"index":"index","follow":"follow","max-snippet":"max-snippet:-1","max-image-preview":"max-image-preview:large","max-video-preview":"max-video-preview:-1"},"canonical":"https:\/\/sdf.hr\/hr\/nada\/nametnuta-sumnja-u-sebe\/","og_locale":"hr_HR","og_type":"article","og_title":"Nametnuta sumnja u sebe - SDF - Srpski demokratski forum","og_description":"Imposter sindrom (sindrom uljeza ili varalice) javlja se kada osoba vjeruje da je uspjela zbog sre\u0107e ili tu\u0111e pogre\u0161ke te strahuje da nije dovoljno sposobna. \u017dene nisu \"sklonije\" sumnji u sebe zato \u0161to im ne\u0161to nedostaje, nego zato \u0161to \u017eive u dru\u0161tvu koje \u010de\u0161\u0107e sumnja u njih","og_url":"https:\/\/sdf.hr\/hr\/nada\/nametnuta-sumnja-u-sebe\/","og_site_name":"SDF - Srpski demokratski forum","article_modified_time":"2025-12-05T09:31:21+00:00","og_image":[{"width":2560,"height":1770,"url":"https:\/\/sdf.hr\/wp-content\/uploads\/2025\/12\/Imposter_Richard-WarehamIMAGO-scaled.jpg","type":"image\/jpeg"}],"twitter_card":"summary_large_image","twitter_misc":{"Procijenjeno vrijeme \u010ditanja":"9 minuta"},"schema":{"@context":"https:\/\/schema.org","@graph":[{"@type":"WebPage","@id":"https:\/\/sdf.hr\/hr\/nada\/nametnuta-sumnja-u-sebe\/","url":"https:\/\/sdf.hr\/hr\/nada\/nametnuta-sumnja-u-sebe\/","name":"Nametnuta sumnja u sebe - SDF - Srpski demokratski forum","isPartOf":{"@id":"https:\/\/sdf.hr\/#website"},"primaryImageOfPage":{"@id":"https:\/\/sdf.hr\/hr\/nada\/nametnuta-sumnja-u-sebe\/#primaryimage"},"image":{"@id":"https:\/\/sdf.hr\/hr\/nada\/nametnuta-sumnja-u-sebe\/#primaryimage"},"thumbnailUrl":"https:\/\/sdf.hr\/wp-content\/uploads\/2025\/12\/Imposter_Richard-WarehamIMAGO-scaled.jpg","datePublished":"2025-12-05T09:28:23+00:00","dateModified":"2025-12-05T09:31:21+00:00","breadcrumb":{"@id":"https:\/\/sdf.hr\/hr\/nada\/nametnuta-sumnja-u-sebe\/#breadcrumb"},"inLanguage":"hr","potentialAction":[{"@type":"ReadAction","target":["https:\/\/sdf.hr\/hr\/nada\/nametnuta-sumnja-u-sebe\/"]}]},{"@type":"ImageObject","inLanguage":"hr","@id":"https:\/\/sdf.hr\/hr\/nada\/nametnuta-sumnja-u-sebe\/#primaryimage","url":"https:\/\/sdf.hr\/wp-content\/uploads\/2025\/12\/Imposter_Richard-WarehamIMAGO-scaled.jpg","contentUrl":"https:\/\/sdf.hr\/wp-content\/uploads\/2025\/12\/Imposter_Richard-WarehamIMAGO-scaled.jpg","width":2560,"height":1770,"caption":"Znak upozorenja \u2013 imposter sindrom (Foto: Richard Wareham\/ImagoStock&People\/PIXSELL)"},{"@type":"BreadcrumbList","@id":"https:\/\/sdf.hr\/hr\/nada\/nametnuta-sumnja-u-sebe\/#breadcrumb","itemListElement":[{"@type":"ListItem","position":1,"name":"Po\u010detna stranica","item":"https:\/\/sdf.hr\/hr\/"},{"@type":"ListItem","position":2,"name":"Nada","item":"https:\/\/sdf.hr\/nada\/"},{"@type":"ListItem","position":3,"name":"Nametnuta sumnja u sebe"}]},{"@type":"WebSite","@id":"https:\/\/sdf.hr\/#website","url":"https:\/\/sdf.hr\/","name":"SDF - Srpski demokratski forum","description":"Srpski demokratski forum","publisher":{"@id":"https:\/\/sdf.hr\/#organization"},"potentialAction":[{"@type":"SearchAction","target":{"@type":"EntryPoint","urlTemplate":"https:\/\/sdf.hr\/?s={search_term_string}"},"query-input":{"@type":"PropertyValueSpecification","valueRequired":true,"valueName":"search_term_string"}}],"inLanguage":"hr"},{"@type":"Organization","@id":"https:\/\/sdf.hr\/#organization","name":"SDF - Srpski demokratski forum","url":"https:\/\/sdf.hr\/","logo":{"@type":"ImageObject","inLanguage":"hr","@id":"https:\/\/sdf.hr\/#\/schema\/logo\/image\/","url":"https:\/\/sdf.hr\/wp-content\/uploads\/2021\/07\/logo-hr.svg","contentUrl":"https:\/\/sdf.hr\/wp-content\/uploads\/2021\/07\/logo-hr.svg","width":271,"height":100,"caption":"SDF - Srpski demokratski forum"},"image":{"@id":"https:\/\/sdf.hr\/#\/schema\/logo\/image\/"}}]}},"_links":{"self":[{"href":"https:\/\/sdf.hr\/hr\/wp-json\/wp\/v2\/nada\/7675","targetHints":{"allow":["GET"]}}],"collection":[{"href":"https:\/\/sdf.hr\/hr\/wp-json\/wp\/v2\/nada"}],"about":[{"href":"https:\/\/sdf.hr\/hr\/wp-json\/wp\/v2\/types\/nada"}],"wp:featuredmedia":[{"embeddable":true,"href":"https:\/\/sdf.hr\/hr\/wp-json\/wp\/v2\/media\/7670"}],"wp:attachment":[{"href":"https:\/\/sdf.hr\/hr\/wp-json\/wp\/v2\/media?parent=7675"}],"wp:term":[{"taxonomy":"post_tag","embeddable":true,"href":"https:\/\/sdf.hr\/hr\/wp-json\/wp\/v2\/tags?post=7675"},{"taxonomy":"atribut","embeddable":true,"href":"https:\/\/sdf.hr\/hr\/wp-json\/wp\/v2\/atribut?post=7675"}],"curies":[{"name":"wp","href":"https:\/\/api.w.org\/{rel}","templated":true}]}}