{"id":7779,"date":"2025-12-16T07:54:14","date_gmt":"2025-12-16T06:54:14","guid":{"rendered":"https:\/\/sdf.hr\/nada\/ture-za-cure\/"},"modified":"2025-12-16T08:00:58","modified_gmt":"2025-12-16T07:00:58","slug":"ture-za-cure","status":"publish","type":"nada","link":"https:\/\/sdf.hr\/hr\/nada\/ture-za-cure\/","title":{"rendered":"Ture za cure"},"content":{"rendered":"<p>Ako pratimo <em>mainstream<\/em> medije, lako je ste\u0107i dojam da \u017eene u biciklizmu gotovo ne postoje. Mu\u0161ke biciklisti\u010dke utrke dominiraju sportskim rubrikama, a pri\u010de svakodnevnih biciklistica rijetko se pojavljuju u javnom prostoru, govori nam redateljica <strong>Lucija Iliji\u0107<\/strong>, Zagrep\u010danka koja se, nakon godina rada u inozemstvu, vratila u rodni grad i posvetila stvaranju zajednice koja osna\u017euje i povezuje \u017eene, i ve\u0107 iskusne biciklistice i one koje se u to tek upu\u0161taju.<\/p>\n<p>Posljednjih godina, kako ka\u017ee, \u017eene u biciklizmu su vidljivije, ali ne zato \u0161to su se mediji sami od sebe odjednom probudili, nego zato \u0161to su \u017eene diljem svijeta preuzele stvar u svoje ruke, ba\u0161 kao i u brojnim drugim sferama \u017eivota, te su se borbeno zalagale za promjene i krenule stvarati vlastitu vidljivost kroz nove biciklisti\u010dke zajednice i inicijative, pri \u010demu su dru\u0161tvene mre\u017ee i format <em>podcasta<\/em> odigrali veliku ulogu.<\/p>\n<p>Ture za cure oformljene su u prolje\u0107e ove godine nakon \u0161to se Lucija vratila iz Brisela s radionice Tandem \u2013 \u017dene u biciklizmu, koja za cilj ima osposobljavanje \u017eena da postanu predvodnice u stvaranju inkluzivnije biciklisti\u010dke zajednice, a sama ideja ovakve zajednice javila joj se jo\u0161 dok je \u017eivjela u Berlinu.<\/p>\n<p>&#8211; Tamo sam na posao uglavnom i\u0161la biciklom, a nakon nekog vremena sam se odva\u017eila i na du\u017ee solo vo\u017enje po okolici Berlina. \u010cesto sam vi\u0111ala skupine biciklistica koje zajedno pedaliraju, djelovale su mi neustra\u0161ivo i sanjala sam o tome da im se pridru\u017eim, ali me uskoro \u017eivot vratio u rodni Zagreb. Budu\u0107i da sam po povratku uglavnom biciklirala s de\u010dkima, nedostajala mi je grupa \u017eena koja zajedno osvaja cestu. Dobila sam vjetar u le\u0111a od bliskih ljudi i ohrabrila se da ideju i \u017eelju zaista ostvarim \u2013 pri\u010da nam Lucija.<\/p>\n<p>\u017denski biciklisti\u010dki klubovi koji se osnivaju u mnogim gradovima, mikrokozmosi su za sebe. Istovremeno i profesionalni \u017eenski biciklizam postaje sve razvijeniji i organiziraniji. Iako i dalje nedovoljno zastupljen u medijima, iako su profesionalne biciklistice i dalje znatno manje pla\u0107ene, raste broj \u017eenskih timova, utrka i publike koja ih prati.<\/p>\n<p>\u2013 U tom globalnom trendu, lokalne inicijative poput Ture za cure imaju posebnu va\u017enost. U gradovima poput Zagreba, gdje su \u017eene jo\u0161 uvijek gotovo neprimjetne kao biciklistice i gdje je bicikliranje i dalje vi\u0111eno kao rekreativni sport i hobi koji si ne mo\u017ee svatko priu\u0161titi, ovakve zajednice stvaraju nove uzore, nude podr\u0161ku i savjete i mijenjaju percepciju o tome kome pripada pravo na bicikl. Svaka vo\u017enja i svaka objava doprinose novoj kulturi u kojoj su \u017eene prepoznate, prisutne i utjecajne. Narativ se, dakle, polako mijenja, i to zahvaljuju\u0107i prvenstveno \u017eenama, ali, kao i ina\u010de, za sve velike promjene treba puno vremena, upornosti i strpljenja \u2013 obja\u0161njava Lucija.<\/p>\n<figure id=\"attachment_7775\" aria-describedby=\"caption-attachment-7775\" style=\"width: 2159px\" class=\"wp-caption alignnone\"><img loading=\"lazy\" decoding=\"async\" class=\"wp-image-7775 size-full\" src=\"https:\/\/sdf.hr\/wp-content\/uploads\/2025\/12\/TZC-logo-illo2-scaled.jpg\" alt=\"\" width=\"2159\" height=\"2560\" srcset=\"https:\/\/sdf.hr\/wp-content\/uploads\/2025\/12\/TZC-logo-illo2-scaled.jpg 2159w, https:\/\/sdf.hr\/wp-content\/uploads\/2025\/12\/TZC-logo-illo2-253x300.jpg 253w, https:\/\/sdf.hr\/wp-content\/uploads\/2025\/12\/TZC-logo-illo2-863x1024.jpg 863w, https:\/\/sdf.hr\/wp-content\/uploads\/2025\/12\/TZC-logo-illo2-768x911.jpg 768w, https:\/\/sdf.hr\/wp-content\/uploads\/2025\/12\/TZC-logo-illo2-1295x1536.jpg 1295w, https:\/\/sdf.hr\/wp-content\/uploads\/2025\/12\/TZC-logo-illo2-1727x2048.jpg 1727w\" sizes=\"auto, (max-width: 2159px) 100vw, 2159px\" \/><figcaption id=\"caption-attachment-7775\" class=\"wp-caption-text\">Logo Tura za cure (Autorica: Hana Tintor)<\/figcaption><\/figure>\n<p>Osnovna ideja iza Tura za cure bila je da se oformi zajednicu koja je otvorena, podr\u017eavaju\u0107a, solidarna i u kojoj postoji me\u0111usobno povjerenje. Kako govori Lucija, vi\u0161e je razloga zbog kojih se pokrenuta inicijativa primarno okrenuta \u017eenama.<\/p>\n<p>&#8211; Dinamika je potpuno druga\u010dija kad u nekoj aktivnosti sudjeluju samo \u017eene, pogotovo kad se radi o sportu koji brojni smatraju i dalje dominantno mu\u0161kim. Moje iskustvo iz razgovora s curama tijekom dosada\u0161njih vo\u017enji i susreta pokazuje da sve dijelimo jako sli\u010dna iskustva, one razumiju o \u010demu pri\u010dam. Solidarne su, paze jedna na drugu, nema \u0161ovinisti\u010dkih fora i komentara, manje je prisutna potreba za dokazivanjem i &#8220;mjerenjem ega&#8221;, a ve\u0107ina se osje\u0107a sigurnije u dru\u0161tvu drugih \u017eena koje ih podr\u017eavaju. Tako\u0111er, izostaje i osje\u0107aj srama da su &#8220;previ\u0161e ovo ili premalo ono&#8221; ili da ne\u0161to ne znaju. Ako ne zna\u0161, netko \u0107e ti pokazati i nau\u010dit \u0107e\u0161 \u2013 poru\u010duje Lucija.<\/p>\n<p>Kako bi se \u017eene na biciklu osje\u0107ale \u0161to sigurnije, od velike je va\u017enosti i poznavanje osnovnih tehni\u010dkih vje\u0161tina, ali i pripadnost grupi, kao i dobro ure\u0111ena i uklju\u010diva infrastruktura. \u010cesto osje\u0107aj sigurnosti ovisi i o zahtjevnosti rute i o\u010dekivanjima te dosada\u0161njem iskustvu. Kako nabraja Lucija: prethodno iskustvo, redovito servisiran i funkcionalan bicikl, neka dodatna biciklisti\u010dka oprema poput kacige, ali i kvalitetna, sigurna, logi\u010dna i odr\u017eavana biciklisti\u010dka infrastruktura samo mogu pridonijeti iskustvu vo\u017enje bicikla i u\u017eivanju u toj aktivnosti, kao i samopouzdanju i hrabrosti. Ture za cure tako \u017eenama pru\u017eaju alate pomo\u0107u kojih \u0107e se mo\u0107i same sna\u0107i, pomo\u0107i si i obaviti osnovne mehani\u010dke popravke na biciklu koji, iako se na prvu mo\u017eda tako \u010dini, zaista nisu neki bauk. Lucija je ove godine u suradnji s Biciklopopravljaonom odr\u017eala prvu takvu radionicu s ogromnim odazivom, a sve sudionice uspje\u0161no su zamijenile svoju zra\u010dnicu.<\/p>\n<p>&#8211; Mislim da je osamostaljenje kroz stjecanje neke vje\u0161tine divno jer nam pru\u017ea novu vrstu slobode i neovisnosti. Naravno da je i meni povremeno dra\u017ee da mi mu\u017e servisira bicikle ili da bicikle odvezem na servis, ali mi je isto tako drago kad se natjeram, jer ni meni to nije uvijek najdra\u017ei posao, i nau\u010dim ne\u0161to novo, a to mi omogu\u0107ava da se sna\u0111em u situaciji u kojoj ne mogu ra\u010dunati na nekog drugog, recimo tijekom vo\u017enje kad ti pukne zra\u010dnica, a ti si 50 kilometara daleko od doma \u2013 govori Lucija te dodaje kako veliku ulogu u osje\u0107aju sigurnosti na biciklu igra i psiholo\u0161ki faktor.<\/p>\n<p>&#8211; Zbog na\u010dina socijalizacije i dru\u0161tvenih normi i o\u010dekivanja koji su nas na ovaj ili onaj na\u010din sve obilje\u017eili, ali koje nastojimo mijenjati, \u017eene su \u010desto sklonije sumnjati u svoje fizi\u010dke sposobnosti i preispitivati ih, a nerijetko se osje\u0107aju manje sigurno i izlo\u017eenije u zagreba\u010dkom opasnom i netrpeljivom prometu punom frustracije i nereguliranosti. Vjerujem da rje\u0161enje le\u017ei u pru\u017eanju potrebnih alata, znanja i vje\u0161tina, ali i u edukaciji svih sudionika prometa, a naro\u010dito voza\u010da, preferabilno u sigurnoj, podr\u017eavaju\u0107oj i neosu\u0111uju\u0107oj atmosferi u kojoj se ta znanja mogu podijeliti i upiti \u2013 isti\u010de Lucija.<\/p>\n<p>Dodaje i kako Zagreb na karti nekome mo\u017ee djelovati kao da ima stotine kilometara biciklisti\u010dkih staza, \u0161to zvu\u010di super, no stvarnost je i dalje daleko od toga. Brojne staze zapravo su izolirani otoci, nema nekakve smislenije i povezanije mre\u017ee biciklisti\u010dkih staza i traka, a brojne postoje\u0107e staze su zapu\u0161tene i neodr\u017eavane. \u010cesto se upravo pje\u0161acima i biciklistima oduzima prostor u slu\u010daju gra\u0111evinskih radova kojih je grad nakon potresa i dalje pun. Lucija smatra da je uvo\u0111enje sustava javnih bicikala Bajs bio korak u pravom smjeru, pogotovo jer mnoge gra\u0111anke i gra\u0111ani koji ne posjeduju vlastiti bicikl sada imaju priliku biciklirati po gradu, \u0161to zna\u010di da bi sve ve\u0107i broj ljudi mogao po\u010deti primje\u0107ivati nedostatke i stanje u kojem se biciklisti\u010dka infrastruktura trenutno nalazi.<\/p>\n<figure id=\"attachment_7777\" aria-describedby=\"caption-attachment-7777\" style=\"width: 2560px\" class=\"wp-caption alignnone\"><img loading=\"lazy\" decoding=\"async\" class=\"wp-image-7777 size-full\" src=\"https:\/\/sdf.hr\/wp-content\/uploads\/2025\/12\/Tzc-grupna2-scaled.jpeg\" alt=\"\" width=\"2560\" height=\"1920\" srcset=\"https:\/\/sdf.hr\/wp-content\/uploads\/2025\/12\/Tzc-grupna2-scaled.jpeg 2560w, https:\/\/sdf.hr\/wp-content\/uploads\/2025\/12\/Tzc-grupna2-300x225.jpeg 300w, https:\/\/sdf.hr\/wp-content\/uploads\/2025\/12\/Tzc-grupna2-1024x768.jpeg 1024w, https:\/\/sdf.hr\/wp-content\/uploads\/2025\/12\/Tzc-grupna2-768x576.jpeg 768w, https:\/\/sdf.hr\/wp-content\/uploads\/2025\/12\/Tzc-grupna2-1536x1152.jpeg 1536w, https:\/\/sdf.hr\/wp-content\/uploads\/2025\/12\/Tzc-grupna2-2048x1536.jpeg 2048w\" sizes=\"auto, (max-width: 2560px) 100vw, 2560px\" \/><figcaption id=\"caption-attachment-7777\" class=\"wp-caption-text\">Vo\u017enja u grupi mijenja dinamiku<\/figcaption><\/figure>\n<p>&#8211; Iz razgovora s drugim \u017eenama koje svakodnevno ili povremeno bicikliraju lako je zaklju\u010diti da \u010desto odustaju od te opcije zbog sigurnosti i lo\u0161e povezanosti ruta. Osim toga, ve\u0107ina nas je do\u017eivjela neugodne komentare od voza\u010da, ali i pje\u0161aka, a o opasnim prestizanjima i nepotrebnom uznemiravanju da i ne govorim. Pje\u0161aci misle da trebamo biti na cesti, voza\u010di da trebamo biti na nogostupu. Rje\u0161enja ima, dovoljno prostora isto mo\u017ee biti, ali ne\u0107e ga biti dok ne shvatimo da ulice ne pripadaju samo automobilima. Sve dok se stopa tolerancije i po\u0161tovanja ne pove\u0107a kod svih sudionika prometa, ali i dok voza\u010di automobila koji sjede u ogromnim metalnim oklopima ne osvijeste da su biciklisti i pje\u0161aci uvijek ranjivija skupina u toj ra\u010dunici, ne\u0107emo daleko dogurati \u2013 nagla\u0161ava Lucija te dodaje kako je sigurna, smislena i pregledna biciklisti\u010dka infrastruktura ono su \u0161to stvarno omogu\u0107ava da svi, a ne samo \u017eene, u\u017eivaju u kretanju po gradu i okolici na zdraviji i sigurniji na\u010din.<\/p>\n<p>Lucija Iliji\u0107 tako\u0111er je i volonterka u Sindikatu biciklista gdje je, kako nam pri\u010da, upoznala neke divne, jednako strastvene ljude \u017eeljne promjene. Uloga udruga poput Sindikata i Tura za cure jest senzibilizirati u\u017eu, a posljedi\u010dno i \u0161iru zajednicu, na probleme koji se ti\u010du svih, jer, kako isti\u010de Lucija, ne smije nam biti svejedno kako \u0107e javni prostor izgledati i za \u0161to \u0107e biti namijenjen. Ture za cure nastoje potaknuti \u0161to ve\u0107i broj \u017eena da se okura\u017ee i daju priliku kretanju po gradu biciklom, naj\u010de\u0161\u0107e kroz grupne vo\u017enje, bilo unutar, bilo van grada, a prema Luciji, ta zajedni\u010dka vo\u017enja \u017eena ima iznimno sna\u017enu simboli\u010dku i dru\u0161tvenu te\u017einu.<\/p>\n<p>&#8211; Situacija kod nas nije puno druga\u010dija nego u ostatku Europe kada govorimo o percepciji javnog prostora i tko ga, i za koga, osmi\u0161ljava. Gradovi i prometnice su tradicionalno oblikovani oko automobilskog prometa i obrazaca kretanja mu\u0161karaca, a \u010dije je kretanje dosta druga\u010dije od \u017eena koje se uglavnom ne kre\u0107u samo linearno od to\u010dke A do to\u010dke B nego se izme\u0111u zaustavljaju na dodatnim lokacijama zbog raznoraznih obaveza. Kada se \u017eena pojavljuje na biciklu u javnom prostoru, ona zapravo zauzima prostor koji joj povijesno nije bio namijenjen. Ta koli\u010dina vidljivosti u nedovoljno sigurnoj okolini mo\u017ee rezultirati osje\u0107ajem straha, prevelike izlo\u017eenosti i ranjivosti. Vo\u017enja u grupi mijenja tu dinamiku: individualna ranjivost postaje kolektivna sigurnost, iz &#8220;pazi se&#8221; u &#8220;ra\u010dunaj na mene, tu smo si&#8221; \u2013 obja\u0161njava Lucija.<\/p>\n<p>Zajedni\u010dkom vo\u017enjom tako\u0111er se razbija i ideja o prometu kao nu\u017eno agresivnom, brzom i natjecateljskom, pa sporiji, opu\u0161teniji i dru\u0161tveniji na\u010din kretanja tada postaje jednako legitimna forma kori\u0161tenja javnog prostora. Osim toga, dodaje Lucija, kada \u017eene pedaliraju u grupi, one tako\u0111er mijenjaju percepciju toga tko &#8220;smije&#8221; biti biciklist. Dugo je to bio isklju\u010divo mu\u0161ki identitet povezan sa sportom, brzinom, adrenalinom i izdr\u017eljivo\u0161\u0107u, a sada se vidi da biciklizam nije rezerviran za jednu vrstu tijela, ritma ili stila vo\u017enje, \u010dime se otvara prostor za vi\u0161e \u017eena, ali i za inkluzivniji pristup mikro mobilnosti uop\u0107e. Jedan od slogana Tura za cure je &#8220;biciklizam za sve&#8221; \u0161to zna\u010di da se svaka \u017eena mo\u017ee osje\u0107ati dobrodo\u0161lo i sigurno na biciklu, bez obzira na iskustvo, kondiciju, dob, izgled ili socioekonomski status. Ne postoje pravila koja ka\u017eu &#8220;ovo je prete\u0161ko za tebe&#8221; ili &#8220;to nije za tebe jer ne spada\u0161 u standardnu sportsku kategoriju&#8221;. Ujedno nije potrebno imati &#8220;ludo skup&#8221; bicikl ili kompletnu opremu za sudjelovanje, no za odre\u0111ene rute zaista su potrebni cestovni bicikl i kaciga, jer je sigurnost na prvom mjestu.<\/p>\n<p>&#8211; Kada planiram rute za grupne vo\u017enje trudim se birati rute koje nisu samo za iskusne biciklistice, ve\u0107 i za one koje se tek vra\u0107aju na bicikl ili nisu toliko iskusne. Nastojim voditi ra\u010duna o tempu grupe, dovoljnom broju pauzi, zdravoj atmosferi u kojoj poma\u017eemo jedna drugoj. Naglasak je na gu\u0161tanju u vo\u017enji, a ne natjecanju ili forsiranju ne\u010dega \u2013 zaklju\u010duje Lucija.<\/p>\n<p><em>pi\u0161e Katarina Bo\u0161njak<\/em><\/p>\n","protected":false},"excerpt":{"rendered":"<p>Zajedni\u010dkom vo\u017enjom bicikala \u017eene razbijaju i ideju o prometu kao nu\u017eno agresivnom, brzom i natjecateljskom, pa sporiji, opu\u0161teniji i dru\u0161tveniji na\u010din kretanja tada postaje jednako legitimna forma kori\u0161tenja javnog prostora<\/p>\n","protected":false},"featured_media":7774,"template":"","tags":[136],"atribut":[],"class_list":["post-7779","nada","type-nada","status-publish","has-post-thumbnail","hentry","tag-portret"],"acf":[],"yoast_head":"<!-- This site is optimized with the Yoast SEO plugin v27.4 - https:\/\/yoast.com\/product\/yoast-seo-wordpress\/ -->\n<title>Ture za cure - SDF - Srpski demokratski forum<\/title>\n<meta name=\"robots\" content=\"index, follow, max-snippet:-1, max-image-preview:large, max-video-preview:-1\" \/>\n<link rel=\"canonical\" href=\"https:\/\/sdf.hr\/hr\/nada\/ture-za-cure\/\" \/>\n<meta property=\"og:locale\" content=\"hr_HR\" \/>\n<meta property=\"og:type\" content=\"article\" \/>\n<meta property=\"og:title\" content=\"Ture za cure - SDF - Srpski demokratski forum\" \/>\n<meta property=\"og:description\" content=\"Zajedni\u010dkom vo\u017enjom bicikala \u017eene razbijaju i ideju o prometu kao nu\u017eno agresivnom, brzom i natjecateljskom, pa sporiji, opu\u0161teniji i dru\u0161tveniji na\u010din kretanja tada postaje jednako legitimna forma kori\u0161tenja javnog prostora\" \/>\n<meta property=\"og:url\" content=\"https:\/\/sdf.hr\/hr\/nada\/ture-za-cure\/\" \/>\n<meta property=\"og:site_name\" content=\"SDF - Srpski demokratski forum\" \/>\n<meta property=\"article:modified_time\" content=\"2025-12-16T07:00:58+00:00\" \/>\n<meta property=\"og:image\" content=\"https:\/\/sdf.hr\/wp-content\/uploads\/2025\/12\/Tzc-grupna1-scaled.jpg\" \/>\n\t<meta property=\"og:image:width\" content=\"2560\" \/>\n\t<meta property=\"og:image:height\" content=\"1897\" \/>\n\t<meta property=\"og:image:type\" content=\"image\/jpeg\" \/>\n<meta name=\"twitter:card\" content=\"summary_large_image\" \/>\n<meta name=\"twitter:label1\" content=\"Procijenjeno vrijeme \u010ditanja\" \/>\n\t<meta name=\"twitter:data1\" content=\"10 minuta\" \/>\n<script type=\"application\/ld+json\" class=\"yoast-schema-graph\">{\"@context\":\"https:\\\/\\\/schema.org\",\"@graph\":[{\"@type\":\"WebPage\",\"@id\":\"https:\\\/\\\/sdf.hr\\\/hr\\\/nada\\\/ture-za-cure\\\/\",\"url\":\"https:\\\/\\\/sdf.hr\\\/hr\\\/nada\\\/ture-za-cure\\\/\",\"name\":\"Ture za cure - SDF - Srpski demokratski forum\",\"isPartOf\":{\"@id\":\"https:\\\/\\\/sdf.hr\\\/#website\"},\"primaryImageOfPage\":{\"@id\":\"https:\\\/\\\/sdf.hr\\\/hr\\\/nada\\\/ture-za-cure\\\/#primaryimage\"},\"image\":{\"@id\":\"https:\\\/\\\/sdf.hr\\\/hr\\\/nada\\\/ture-za-cure\\\/#primaryimage\"},\"thumbnailUrl\":\"https:\\\/\\\/sdf.hr\\\/wp-content\\\/uploads\\\/2025\\\/12\\\/Tzc-grupna1-scaled.jpg\",\"datePublished\":\"2025-12-16T06:54:14+00:00\",\"dateModified\":\"2025-12-16T07:00:58+00:00\",\"breadcrumb\":{\"@id\":\"https:\\\/\\\/sdf.hr\\\/hr\\\/nada\\\/ture-za-cure\\\/#breadcrumb\"},\"inLanguage\":\"hr\",\"potentialAction\":[{\"@type\":\"ReadAction\",\"target\":[\"https:\\\/\\\/sdf.hr\\\/hr\\\/nada\\\/ture-za-cure\\\/\"]}]},{\"@type\":\"ImageObject\",\"inLanguage\":\"hr\",\"@id\":\"https:\\\/\\\/sdf.hr\\\/hr\\\/nada\\\/ture-za-cure\\\/#primaryimage\",\"url\":\"https:\\\/\\\/sdf.hr\\\/wp-content\\\/uploads\\\/2025\\\/12\\\/Tzc-grupna1-scaled.jpg\",\"contentUrl\":\"https:\\\/\\\/sdf.hr\\\/wp-content\\\/uploads\\\/2025\\\/12\\\/Tzc-grupna1-scaled.jpg\",\"width\":2560,\"height\":1897,\"caption\":\"Ture za cure \u2013 na zagreba\u010dkom Savskom mostu\"},{\"@type\":\"BreadcrumbList\",\"@id\":\"https:\\\/\\\/sdf.hr\\\/hr\\\/nada\\\/ture-za-cure\\\/#breadcrumb\",\"itemListElement\":[{\"@type\":\"ListItem\",\"position\":1,\"name\":\"Po\u010detna stranica\",\"item\":\"https:\\\/\\\/sdf.hr\\\/hr\\\/\"},{\"@type\":\"ListItem\",\"position\":2,\"name\":\"Nada\",\"item\":\"https:\\\/\\\/sdf.hr\\\/nada\\\/\"},{\"@type\":\"ListItem\",\"position\":3,\"name\":\"Ture za cure\"}]},{\"@type\":\"WebSite\",\"@id\":\"https:\\\/\\\/sdf.hr\\\/#website\",\"url\":\"https:\\\/\\\/sdf.hr\\\/\",\"name\":\"SDF - Srpski demokratski forum\",\"description\":\"Srpski demokratski forum\",\"publisher\":{\"@id\":\"https:\\\/\\\/sdf.hr\\\/#organization\"},\"potentialAction\":[{\"@type\":\"SearchAction\",\"target\":{\"@type\":\"EntryPoint\",\"urlTemplate\":\"https:\\\/\\\/sdf.hr\\\/?s={search_term_string}\"},\"query-input\":{\"@type\":\"PropertyValueSpecification\",\"valueRequired\":true,\"valueName\":\"search_term_string\"}}],\"inLanguage\":\"hr\"},{\"@type\":\"Organization\",\"@id\":\"https:\\\/\\\/sdf.hr\\\/#organization\",\"name\":\"SDF - Srpski demokratski forum\",\"url\":\"https:\\\/\\\/sdf.hr\\\/\",\"logo\":{\"@type\":\"ImageObject\",\"inLanguage\":\"hr\",\"@id\":\"https:\\\/\\\/sdf.hr\\\/#\\\/schema\\\/logo\\\/image\\\/\",\"url\":\"https:\\\/\\\/sdf.hr\\\/wp-content\\\/uploads\\\/2021\\\/07\\\/logo-hr.svg\",\"contentUrl\":\"https:\\\/\\\/sdf.hr\\\/wp-content\\\/uploads\\\/2021\\\/07\\\/logo-hr.svg\",\"width\":271,\"height\":100,\"caption\":\"SDF - Srpski demokratski forum\"},\"image\":{\"@id\":\"https:\\\/\\\/sdf.hr\\\/#\\\/schema\\\/logo\\\/image\\\/\"}}]}<\/script>\n<!-- \/ Yoast SEO plugin. -->","yoast_head_json":{"title":"Ture za cure - SDF - Srpski demokratski forum","robots":{"index":"index","follow":"follow","max-snippet":"max-snippet:-1","max-image-preview":"max-image-preview:large","max-video-preview":"max-video-preview:-1"},"canonical":"https:\/\/sdf.hr\/hr\/nada\/ture-za-cure\/","og_locale":"hr_HR","og_type":"article","og_title":"Ture za cure - SDF - Srpski demokratski forum","og_description":"Zajedni\u010dkom vo\u017enjom bicikala \u017eene razbijaju i ideju o prometu kao nu\u017eno agresivnom, brzom i natjecateljskom, pa sporiji, opu\u0161teniji i dru\u0161tveniji na\u010din kretanja tada postaje jednako legitimna forma kori\u0161tenja javnog prostora","og_url":"https:\/\/sdf.hr\/hr\/nada\/ture-za-cure\/","og_site_name":"SDF - Srpski demokratski forum","article_modified_time":"2025-12-16T07:00:58+00:00","og_image":[{"width":2560,"height":1897,"url":"https:\/\/sdf.hr\/wp-content\/uploads\/2025\/12\/Tzc-grupna1-scaled.jpg","type":"image\/jpeg"}],"twitter_card":"summary_large_image","twitter_misc":{"Procijenjeno vrijeme \u010ditanja":"10 minuta"},"schema":{"@context":"https:\/\/schema.org","@graph":[{"@type":"WebPage","@id":"https:\/\/sdf.hr\/hr\/nada\/ture-za-cure\/","url":"https:\/\/sdf.hr\/hr\/nada\/ture-za-cure\/","name":"Ture za cure - SDF - Srpski demokratski forum","isPartOf":{"@id":"https:\/\/sdf.hr\/#website"},"primaryImageOfPage":{"@id":"https:\/\/sdf.hr\/hr\/nada\/ture-za-cure\/#primaryimage"},"image":{"@id":"https:\/\/sdf.hr\/hr\/nada\/ture-za-cure\/#primaryimage"},"thumbnailUrl":"https:\/\/sdf.hr\/wp-content\/uploads\/2025\/12\/Tzc-grupna1-scaled.jpg","datePublished":"2025-12-16T06:54:14+00:00","dateModified":"2025-12-16T07:00:58+00:00","breadcrumb":{"@id":"https:\/\/sdf.hr\/hr\/nada\/ture-za-cure\/#breadcrumb"},"inLanguage":"hr","potentialAction":[{"@type":"ReadAction","target":["https:\/\/sdf.hr\/hr\/nada\/ture-za-cure\/"]}]},{"@type":"ImageObject","inLanguage":"hr","@id":"https:\/\/sdf.hr\/hr\/nada\/ture-za-cure\/#primaryimage","url":"https:\/\/sdf.hr\/wp-content\/uploads\/2025\/12\/Tzc-grupna1-scaled.jpg","contentUrl":"https:\/\/sdf.hr\/wp-content\/uploads\/2025\/12\/Tzc-grupna1-scaled.jpg","width":2560,"height":1897,"caption":"Ture za cure \u2013 na zagreba\u010dkom Savskom mostu"},{"@type":"BreadcrumbList","@id":"https:\/\/sdf.hr\/hr\/nada\/ture-za-cure\/#breadcrumb","itemListElement":[{"@type":"ListItem","position":1,"name":"Po\u010detna stranica","item":"https:\/\/sdf.hr\/hr\/"},{"@type":"ListItem","position":2,"name":"Nada","item":"https:\/\/sdf.hr\/nada\/"},{"@type":"ListItem","position":3,"name":"Ture za cure"}]},{"@type":"WebSite","@id":"https:\/\/sdf.hr\/#website","url":"https:\/\/sdf.hr\/","name":"SDF - Srpski demokratski forum","description":"Srpski demokratski forum","publisher":{"@id":"https:\/\/sdf.hr\/#organization"},"potentialAction":[{"@type":"SearchAction","target":{"@type":"EntryPoint","urlTemplate":"https:\/\/sdf.hr\/?s={search_term_string}"},"query-input":{"@type":"PropertyValueSpecification","valueRequired":true,"valueName":"search_term_string"}}],"inLanguage":"hr"},{"@type":"Organization","@id":"https:\/\/sdf.hr\/#organization","name":"SDF - Srpski demokratski forum","url":"https:\/\/sdf.hr\/","logo":{"@type":"ImageObject","inLanguage":"hr","@id":"https:\/\/sdf.hr\/#\/schema\/logo\/image\/","url":"https:\/\/sdf.hr\/wp-content\/uploads\/2021\/07\/logo-hr.svg","contentUrl":"https:\/\/sdf.hr\/wp-content\/uploads\/2021\/07\/logo-hr.svg","width":271,"height":100,"caption":"SDF - Srpski demokratski forum"},"image":{"@id":"https:\/\/sdf.hr\/#\/schema\/logo\/image\/"}}]}},"_links":{"self":[{"href":"https:\/\/sdf.hr\/hr\/wp-json\/wp\/v2\/nada\/7779","targetHints":{"allow":["GET"]}}],"collection":[{"href":"https:\/\/sdf.hr\/hr\/wp-json\/wp\/v2\/nada"}],"about":[{"href":"https:\/\/sdf.hr\/hr\/wp-json\/wp\/v2\/types\/nada"}],"wp:featuredmedia":[{"embeddable":true,"href":"https:\/\/sdf.hr\/hr\/wp-json\/wp\/v2\/media\/7774"}],"wp:attachment":[{"href":"https:\/\/sdf.hr\/hr\/wp-json\/wp\/v2\/media?parent=7779"}],"wp:term":[{"taxonomy":"post_tag","embeddable":true,"href":"https:\/\/sdf.hr\/hr\/wp-json\/wp\/v2\/tags?post=7779"},{"taxonomy":"atribut","embeddable":true,"href":"https:\/\/sdf.hr\/hr\/wp-json\/wp\/v2\/atribut?post=7779"}],"curies":[{"name":"wp","href":"https:\/\/api.w.org\/{rel}","templated":true}]}}