{"id":7795,"date":"2025-12-20T08:37:34","date_gmt":"2025-12-20T07:37:34","guid":{"rendered":"https:\/\/sdf.hr\/nada\/paprenjaci-bez-meda\/"},"modified":"2025-12-20T08:40:27","modified_gmt":"2025-12-20T07:40:27","slug":"paprenjaci-bez-meda","status":"publish","type":"nada","link":"https:\/\/sdf.hr\/hr\/nada\/paprenjaci-bez-meda\/","title":{"rendered":"Paprenjaci bez meda"},"content":{"rendered":"<p>Prije dvije godine sam na nekoj lokalnoj manifestaciji upoznala gospo\u0111u koja mi je bliska po struci, kolegica u sektoru obrazovanja, porijeklom iz Gorskog kotara. U razgovoru mi je ispri\u010dala kako cijeni moj rad i ljubav prema starim receptima te mi \u017eeli ne\u0161to pokloniti. Ispostavilo se da je taj poklon neopisivo dragocjen, rukom ispisana bilje\u017enica s receptima. Bilje\u017enicu je naslijedila od svoje bake, a uz bilje\u017enicu je do\u0161lo i pismo:<\/p>\n<p>&#8220;Po\u0161tovana kolegice Vanja, obe\u0107ano \u2013 izvr\u0161avam! S rado\u0161\u0107u Vam poklanjam ovu vrlo staru kuharicu, odnosno zbir razli\u010ditih recepata koje je brat moje bake njoj poklonio (a on je umro 1940.!). Vjerujem da \u0107ete prona\u0107i ne\u0161to zanimljivo. Srda\u010dan pozdrav i sretno kuhanje!\u201c<\/p>\n<p>Ostala sam vrlo dirnuta ovim poklonjenim blagom i bri\u017eljivo \u010duvam tu krhku bilje\u017enicu pa poneki recept i isprobam. U bilje\u017enici se nalazi mno\u0161tvo recepata za torte, sitne kola\u010de, posne kola\u010de te jela.<\/p>\n<p>Nedavno sam odlu\u010dila ispe\u0107i paprenjake koji su u ovoj verziji bez meda i oraha kako se ina\u010de pripremaju. Za izradu sam koristila drveni kalup, odnosno pe\u010dat pa su keksi ne samo ukusni, nego i veseli, ba\u0161 pravi blagdanski. Ukoliko nemate kalup, jednostavno ih mo\u017eete tanko valjati na pobra\u0161njenoj podlozi i izrezivati modlicom za kola\u010di\u0107e ili \u010da\u0161icom. U nastavku vam donosim recept za ove suhe kola\u010di\u0107e koji mogu dugo stajati.<\/p>\n<p>&nbsp;<\/p>\n<p><strong><em>Sastojci:<\/em><\/strong><\/p>\n<p>140 g maslaca<\/p>\n<p>140 g sitnog \u0161e\u0107era (kristal \u0161e\u0107er mo\u017eete malo samljeti da bude sitniji)<\/p>\n<p>1 jaje<\/p>\n<p>1 \u017eumanjak<\/p>\n<p>240 g glatkog bra\u0161na<\/p>\n<p>40 g o\u0161trog bra\u0161na<\/p>\n<p>prstohvat soli<\/p>\n<p>ribana korica limuna<\/p>\n<p>\u017eli\u010dica za\u010dina (mo\u017eete kombinirati cimet, mu\u0161katni ora\u0161\u010di\u0107, klin\u010di\u0107, anis, papar&#8230;)<\/p>\n<p>Maslac izvadite iz hladnjaka par sati ranije da omek\u0161a. U omek\u0161ali maslac dodajte za\u010dine pa sjedinite da dobijete glatku smjesu. Dodajte jaje i miksajte par minuta. Kada je smjesa meka, dodajte \u0161e\u0107er, sol, limunovu koricu i jo\u0161 malo miksajte dok se sve ne sjedini. Na kraju dodajte obje vrste bra\u0161na i umijesite fino tijesto. Tijesto omotajte prozirnom folijom i ostavite na hladno otprilike sat ili dva.<\/p>\n<p>Ohla\u0111eno tijesto istresite na pobra\u0161njenu podlogu i mo\u017eete ga podijeliti na \u010detiri dijela radi lak\u0161eg baratanja.<\/p>\n<p>Valjkom stanjite tijesto na debljinu od otprilike pola cm. Kalup nabra\u0161nite, otresite vi\u0161ak bra\u0161na pa utisnite da se uzorak ocrta na tijestu i pa\u017eljivo uklonite kalup. Izre\u017eite paprenjake kota\u010di\u0107em ili o\u0161trim no\u017eem te ih sla\u017eite na lim za pe\u010denje kojeg ste oblo\u017eili papirom za pe\u010denje.<\/p>\n<p>Pe\u0107nicu ugrijte na 180 stupnjeva, a paprenjake pecite osam do deset minuta, ovisno o pe\u0107nici. Meni su ukusniji kada su bolje pe\u010deni. Izvrsno se sla\u017eu s kuhanim vinom, idu uz kavu ili kakao, a mo\u017eete ih \u010duvati zatvorene u limenoj kutiji, ako vam koji ostane.<\/p>\n<p>Dobar tek!<\/p>\n<p><em>pi\u0161e Vanja Vukadinovi\u0107<\/em><\/p>\n","protected":false},"excerpt":{"rendered":"<p>Nedavno sam odlu\u010dila ispe\u0107i paprenjake koji su u ovoj verziji bez meda i oraha kako se ina\u010de pripremaju. Za izradu sam koristila drveni kalup, odnosno pe\u010dat pa su keksi ne samo ukusni nego i veseli, ba\u0161 pravi blagdanski<\/p>\n","protected":false},"featured_media":7794,"template":"","tags":[42],"atribut":[],"class_list":["post-7795","nada","type-nada","status-publish","has-post-thumbnail","hentry","tag-gorski-kotao"],"acf":[],"yoast_head":"<!-- This site is optimized with the Yoast SEO plugin v27.4 - https:\/\/yoast.com\/product\/yoast-seo-wordpress\/ -->\n<title>Paprenjaci bez meda - SDF - Srpski demokratski forum<\/title>\n<meta name=\"robots\" content=\"index, follow, max-snippet:-1, max-image-preview:large, max-video-preview:-1\" \/>\n<link rel=\"canonical\" href=\"https:\/\/sdf.hr\/hr\/nada\/paprenjaci-bez-meda\/\" \/>\n<meta property=\"og:locale\" content=\"hr_HR\" \/>\n<meta property=\"og:type\" content=\"article\" \/>\n<meta property=\"og:title\" content=\"Paprenjaci bez meda - SDF - Srpski demokratski forum\" \/>\n<meta property=\"og:description\" content=\"Nedavno sam odlu\u010dila ispe\u0107i paprenjake koji su u ovoj verziji bez meda i oraha kako se ina\u010de pripremaju. Za izradu sam koristila drveni kalup, odnosno pe\u010dat pa su keksi ne samo ukusni nego i veseli, ba\u0161 pravi blagdanski\" \/>\n<meta property=\"og:url\" content=\"https:\/\/sdf.hr\/hr\/nada\/paprenjaci-bez-meda\/\" \/>\n<meta property=\"og:site_name\" content=\"SDF - Srpski demokratski forum\" \/>\n<meta property=\"article:modified_time\" content=\"2025-12-20T07:40:27+00:00\" \/>\n<meta property=\"og:image\" content=\"https:\/\/sdf.hr\/wp-content\/uploads\/2025\/12\/Paprenjaci-scaled.jpg\" \/>\n\t<meta property=\"og:image:width\" content=\"2427\" \/>\n\t<meta property=\"og:image:height\" content=\"2560\" \/>\n\t<meta property=\"og:image:type\" content=\"image\/jpeg\" \/>\n<meta name=\"twitter:card\" content=\"summary_large_image\" \/>\n<meta name=\"twitter:label1\" content=\"Procijenjeno vrijeme \u010ditanja\" \/>\n\t<meta name=\"twitter:data1\" content=\"2 minute\" \/>\n<script type=\"application\/ld+json\" class=\"yoast-schema-graph\">{\"@context\":\"https:\\\/\\\/schema.org\",\"@graph\":[{\"@type\":\"WebPage\",\"@id\":\"https:\\\/\\\/sdf.hr\\\/hr\\\/nada\\\/paprenjaci-bez-meda\\\/\",\"url\":\"https:\\\/\\\/sdf.hr\\\/hr\\\/nada\\\/paprenjaci-bez-meda\\\/\",\"name\":\"Paprenjaci bez meda - SDF - Srpski demokratski forum\",\"isPartOf\":{\"@id\":\"https:\\\/\\\/sdf.hr\\\/#website\"},\"primaryImageOfPage\":{\"@id\":\"https:\\\/\\\/sdf.hr\\\/hr\\\/nada\\\/paprenjaci-bez-meda\\\/#primaryimage\"},\"image\":{\"@id\":\"https:\\\/\\\/sdf.hr\\\/hr\\\/nada\\\/paprenjaci-bez-meda\\\/#primaryimage\"},\"thumbnailUrl\":\"https:\\\/\\\/sdf.hr\\\/wp-content\\\/uploads\\\/2025\\\/12\\\/Paprenjaci-scaled.jpg\",\"datePublished\":\"2025-12-20T07:37:34+00:00\",\"dateModified\":\"2025-12-20T07:40:27+00:00\",\"breadcrumb\":{\"@id\":\"https:\\\/\\\/sdf.hr\\\/hr\\\/nada\\\/paprenjaci-bez-meda\\\/#breadcrumb\"},\"inLanguage\":\"hr\",\"potentialAction\":[{\"@type\":\"ReadAction\",\"target\":[\"https:\\\/\\\/sdf.hr\\\/hr\\\/nada\\\/paprenjaci-bez-meda\\\/\"]}]},{\"@type\":\"ImageObject\",\"inLanguage\":\"hr\",\"@id\":\"https:\\\/\\\/sdf.hr\\\/hr\\\/nada\\\/paprenjaci-bez-meda\\\/#primaryimage\",\"url\":\"https:\\\/\\\/sdf.hr\\\/wp-content\\\/uploads\\\/2025\\\/12\\\/Paprenjaci-scaled.jpg\",\"contentUrl\":\"https:\\\/\\\/sdf.hr\\\/wp-content\\\/uploads\\\/2025\\\/12\\\/Paprenjaci-scaled.jpg\",\"width\":2427,\"height\":2560},{\"@type\":\"BreadcrumbList\",\"@id\":\"https:\\\/\\\/sdf.hr\\\/hr\\\/nada\\\/paprenjaci-bez-meda\\\/#breadcrumb\",\"itemListElement\":[{\"@type\":\"ListItem\",\"position\":1,\"name\":\"Po\u010detna stranica\",\"item\":\"https:\\\/\\\/sdf.hr\\\/hr\\\/\"},{\"@type\":\"ListItem\",\"position\":2,\"name\":\"Nada\",\"item\":\"https:\\\/\\\/sdf.hr\\\/nada\\\/\"},{\"@type\":\"ListItem\",\"position\":3,\"name\":\"Paprenjaci bez meda\"}]},{\"@type\":\"WebSite\",\"@id\":\"https:\\\/\\\/sdf.hr\\\/#website\",\"url\":\"https:\\\/\\\/sdf.hr\\\/\",\"name\":\"SDF - Srpski demokratski forum\",\"description\":\"Srpski demokratski forum\",\"publisher\":{\"@id\":\"https:\\\/\\\/sdf.hr\\\/#organization\"},\"potentialAction\":[{\"@type\":\"SearchAction\",\"target\":{\"@type\":\"EntryPoint\",\"urlTemplate\":\"https:\\\/\\\/sdf.hr\\\/?s={search_term_string}\"},\"query-input\":{\"@type\":\"PropertyValueSpecification\",\"valueRequired\":true,\"valueName\":\"search_term_string\"}}],\"inLanguage\":\"hr\"},{\"@type\":\"Organization\",\"@id\":\"https:\\\/\\\/sdf.hr\\\/#organization\",\"name\":\"SDF - Srpski demokratski forum\",\"url\":\"https:\\\/\\\/sdf.hr\\\/\",\"logo\":{\"@type\":\"ImageObject\",\"inLanguage\":\"hr\",\"@id\":\"https:\\\/\\\/sdf.hr\\\/#\\\/schema\\\/logo\\\/image\\\/\",\"url\":\"https:\\\/\\\/sdf.hr\\\/wp-content\\\/uploads\\\/2021\\\/07\\\/logo-hr.svg\",\"contentUrl\":\"https:\\\/\\\/sdf.hr\\\/wp-content\\\/uploads\\\/2021\\\/07\\\/logo-hr.svg\",\"width\":271,\"height\":100,\"caption\":\"SDF - Srpski demokratski forum\"},\"image\":{\"@id\":\"https:\\\/\\\/sdf.hr\\\/#\\\/schema\\\/logo\\\/image\\\/\"}}]}<\/script>\n<!-- \/ Yoast SEO plugin. -->","yoast_head_json":{"title":"Paprenjaci bez meda - SDF - Srpski demokratski forum","robots":{"index":"index","follow":"follow","max-snippet":"max-snippet:-1","max-image-preview":"max-image-preview:large","max-video-preview":"max-video-preview:-1"},"canonical":"https:\/\/sdf.hr\/hr\/nada\/paprenjaci-bez-meda\/","og_locale":"hr_HR","og_type":"article","og_title":"Paprenjaci bez meda - SDF - Srpski demokratski forum","og_description":"Nedavno sam odlu\u010dila ispe\u0107i paprenjake koji su u ovoj verziji bez meda i oraha kako se ina\u010de pripremaju. Za izradu sam koristila drveni kalup, odnosno pe\u010dat pa su keksi ne samo ukusni nego i veseli, ba\u0161 pravi blagdanski","og_url":"https:\/\/sdf.hr\/hr\/nada\/paprenjaci-bez-meda\/","og_site_name":"SDF - Srpski demokratski forum","article_modified_time":"2025-12-20T07:40:27+00:00","og_image":[{"width":2427,"height":2560,"url":"https:\/\/sdf.hr\/wp-content\/uploads\/2025\/12\/Paprenjaci-scaled.jpg","type":"image\/jpeg"}],"twitter_card":"summary_large_image","twitter_misc":{"Procijenjeno vrijeme \u010ditanja":"2 minute"},"schema":{"@context":"https:\/\/schema.org","@graph":[{"@type":"WebPage","@id":"https:\/\/sdf.hr\/hr\/nada\/paprenjaci-bez-meda\/","url":"https:\/\/sdf.hr\/hr\/nada\/paprenjaci-bez-meda\/","name":"Paprenjaci bez meda - SDF - Srpski demokratski forum","isPartOf":{"@id":"https:\/\/sdf.hr\/#website"},"primaryImageOfPage":{"@id":"https:\/\/sdf.hr\/hr\/nada\/paprenjaci-bez-meda\/#primaryimage"},"image":{"@id":"https:\/\/sdf.hr\/hr\/nada\/paprenjaci-bez-meda\/#primaryimage"},"thumbnailUrl":"https:\/\/sdf.hr\/wp-content\/uploads\/2025\/12\/Paprenjaci-scaled.jpg","datePublished":"2025-12-20T07:37:34+00:00","dateModified":"2025-12-20T07:40:27+00:00","breadcrumb":{"@id":"https:\/\/sdf.hr\/hr\/nada\/paprenjaci-bez-meda\/#breadcrumb"},"inLanguage":"hr","potentialAction":[{"@type":"ReadAction","target":["https:\/\/sdf.hr\/hr\/nada\/paprenjaci-bez-meda\/"]}]},{"@type":"ImageObject","inLanguage":"hr","@id":"https:\/\/sdf.hr\/hr\/nada\/paprenjaci-bez-meda\/#primaryimage","url":"https:\/\/sdf.hr\/wp-content\/uploads\/2025\/12\/Paprenjaci-scaled.jpg","contentUrl":"https:\/\/sdf.hr\/wp-content\/uploads\/2025\/12\/Paprenjaci-scaled.jpg","width":2427,"height":2560},{"@type":"BreadcrumbList","@id":"https:\/\/sdf.hr\/hr\/nada\/paprenjaci-bez-meda\/#breadcrumb","itemListElement":[{"@type":"ListItem","position":1,"name":"Po\u010detna stranica","item":"https:\/\/sdf.hr\/hr\/"},{"@type":"ListItem","position":2,"name":"Nada","item":"https:\/\/sdf.hr\/nada\/"},{"@type":"ListItem","position":3,"name":"Paprenjaci bez meda"}]},{"@type":"WebSite","@id":"https:\/\/sdf.hr\/#website","url":"https:\/\/sdf.hr\/","name":"SDF - Srpski demokratski forum","description":"Srpski demokratski forum","publisher":{"@id":"https:\/\/sdf.hr\/#organization"},"potentialAction":[{"@type":"SearchAction","target":{"@type":"EntryPoint","urlTemplate":"https:\/\/sdf.hr\/?s={search_term_string}"},"query-input":{"@type":"PropertyValueSpecification","valueRequired":true,"valueName":"search_term_string"}}],"inLanguage":"hr"},{"@type":"Organization","@id":"https:\/\/sdf.hr\/#organization","name":"SDF - Srpski demokratski forum","url":"https:\/\/sdf.hr\/","logo":{"@type":"ImageObject","inLanguage":"hr","@id":"https:\/\/sdf.hr\/#\/schema\/logo\/image\/","url":"https:\/\/sdf.hr\/wp-content\/uploads\/2021\/07\/logo-hr.svg","contentUrl":"https:\/\/sdf.hr\/wp-content\/uploads\/2021\/07\/logo-hr.svg","width":271,"height":100,"caption":"SDF - Srpski demokratski forum"},"image":{"@id":"https:\/\/sdf.hr\/#\/schema\/logo\/image\/"}}]}},"_links":{"self":[{"href":"https:\/\/sdf.hr\/hr\/wp-json\/wp\/v2\/nada\/7795","targetHints":{"allow":["GET"]}}],"collection":[{"href":"https:\/\/sdf.hr\/hr\/wp-json\/wp\/v2\/nada"}],"about":[{"href":"https:\/\/sdf.hr\/hr\/wp-json\/wp\/v2\/types\/nada"}],"wp:featuredmedia":[{"embeddable":true,"href":"https:\/\/sdf.hr\/hr\/wp-json\/wp\/v2\/media\/7794"}],"wp:attachment":[{"href":"https:\/\/sdf.hr\/hr\/wp-json\/wp\/v2\/media?parent=7795"}],"wp:term":[{"taxonomy":"post_tag","embeddable":true,"href":"https:\/\/sdf.hr\/hr\/wp-json\/wp\/v2\/tags?post=7795"},{"taxonomy":"atribut","embeddable":true,"href":"https:\/\/sdf.hr\/hr\/wp-json\/wp\/v2\/atribut?post=7795"}],"curies":[{"name":"wp","href":"https:\/\/api.w.org\/{rel}","templated":true}]}}