{"id":780,"date":"2022-08-26T17:30:43","date_gmt":"2022-08-26T15:30:43","guid":{"rendered":"https:\/\/sdf.hr\/?post_type=nada&#038;p=780"},"modified":"2023-03-25T18:49:27","modified_gmt":"2023-03-25T17:49:27","slug":"780","status":"publish","type":"nada","link":"https:\/\/sdf.hr\/hr\/nada\/780\/","title":{"rendered":"Razija Mujanovi\u0107: Sad sam tu zbog novih djevoj\u010dica"},"content":{"rendered":"<p>Nitko ne\u0107e pretjerati ako ka\u017ee da na ovim prostorima nije bilo bolje ko\u0161arka\u0161ice od Razije Mujanovi\u0107, poznate i pod nadimkom Raza. Mujanovi\u0107 je ro\u0111ena u prolje\u0107e 1967. godine u Ratkovi\u0107ima, malom mjestu izme\u0111u Tuzle i Br\u010dkog. Za legendarnu ko\u0161arka\u0161icu \u010duli su vi\u0161e-manje svi, bila je nerje\u0161iva enigma klubova diljem svijeta, od nje su strahovale \u010ditave reprezentacije, strahovale i divile joj se. Mujanovi\u0107 je bila toliko dobra da je narod izmislio jednu od najpoznatijih sportskih anegdota ovih prostora, onu da joj je trener Mihajlo Miki Vukovi\u0107, nakon \u0161to se po\u017ealila da joj se rugaju da je kao mu\u0161ko, rekao: &#8220;Samo igraj Razo, boli te kurac!&#8221; Vi\u0161e je puta u javnosti opovrgnula istinitost tog doga\u0111aja, ali indikativno je stvaranje te urbane legende, to da je Razija Mujanovi\u0107 bila toliko vrhunska, toliko fascinantna da su je poku\u0161ali nekako dekodirati u \u0161ovinisti\u010dkoj anegdoti. Kao \u017eena koja je dominirala, ostala je \u010du\u0111enje u patrijarhalnom svijetu.<\/p>\n<p>Svoju je karijeru Mujanovi\u0107 zapo\u010dela u Jedinstvu u Tuzli, tada malenoj ekipi koja se borila da bude u Prvoj ligi, a kasnije je s njom Jedinstvo postalo europski klupski prvak 1989. godine. Nakon Jedinstva je igrala u klubovima diljem svijeta, u Italiji, \u0160panjolskoj, Ma\u0111arskoj, Brazilu, SAD-u, Hrvatskoj. Nastupala je u najboljoj \u017eenskoj ligi na svijetu, WNBA, u dresu Detroit Shocka, bila prva europska ko\u0161arka\u0161ica koja je igrala u Brazilu. Igrala je i u Zagrebu, za klub Croatia s Pe\u0161\u010denice. Iako je tad ve\u0107 bila u kasnim tridesetima, s Mujanovi\u0107 su djevojke s Pe\u0161\u010denice postale prvakinje Hrvatske lige, doprvakinje Kupa Hrvatske, a u Europskom kupu 2005. godine do\u0161le do poluzavr\u0161nice. Hrvatska \u017eenska ko\u0161arka tada je po prvi put imala predstavnika u prvoj \u010detvorci nekog europskog kupa.<\/p>\n<p>Njenim uspjesima nije bilo kraja ni u reprezentaciji Jugoslavije, kojoj je donijela srebro na Olimpijskim igrama u Seulu 1988. godine, zatim jo\u0161 jedno srebro na Svjetskom prvenstvu u Kuala Lumpuru 1990., a godinu dana kasnije i na Europskom prvenstvu u Tel Avivu. Kasnije je s reprezentacijom Bosne i Hercegovine osvojila i zlato na Mediteranskim igrama. \u010cetiri puta Mujanovi\u0107 je bila progla\u0161ena najboljom ko\u0161arka\u0161icom Europe, a 2017. primljena je u ko\u0161arka\u0161ki hram, FIBA-inu ku\u0107u slavnih u \u017denevi. U Ku\u0107u slavnih tada je putovala sama, bez potpore lokalnog ko\u0161arka\u0161kog saveza, koji nije prepoznao va\u017enost tog trenutka i Razije Mujanovi\u0107 za Bosnu i Hercegovinu.<\/p>\n<p>Ipak, u Ku\u0107u slavnih nije u\u0161la pognute glave. Stajala je uspravna, nasmijana, sretna jer je te godine u \u017denevi dominirao Balkan, jer su uz nju primljeni Toni Kuko\u010d i Du\u0161an Ivkovi\u0107. Mujanovi\u0107 nije od onih koji ne znaju koliko vrijede, iako ju je kao \u017eenu dru\u0161tvo neprestano stavljalo na test, tjeralo da o sebi razmi\u0161lja kao umanjenici. Uz tu mudrost o vlastitoj vrijednosti, Mujanovi\u0107 ostaje jedna od rijetkih na\u0161ih sporta\u0161a i sporta\u0161ica koji vrlo jasno i u kontinuitetu svojim djelima pokazuju \u0161to je u \u017eivotu va\u017eno. Unato\u010d nebrojenim titulama koje je osvojila, ostala je topla i srda\u010dna osoba koja se veseli dru\u017eenjima s ljudima, podr\u017eavanju ko\u0161arke u \u010ditavoj regiji, pomaganju mla\u0111im igra\u010dicama. Skromna je na rije\u010dima, ali uvijek se rado odazove pozivima medijima, pa je tako i na na\u0161 poziv odgovorila brzo i s entuzijazmom. U Sarajevu \u017eivi u zgradi u kojoj poznaje svoje susjede i nikada nije zami\u0161ljala da \u017eivi na privatnom imanju, odvojena od svijeta.<\/p>\n<p>Nakon \u010ditavog desetlje\u0107a u kojem se osje\u0107ala zaboravljenom, malo ko\u0161arka\u0161ke i kozmi\u010dke pravde ipak ju je sustiglo 2019. godine, kada je imenovana na poziciju tim-menad\u017eerke \u017eenskih ko\u0161arka\u0161kih selekcija BiH. Njena biografija i bez toga je ve\u0107 nadasve impresivna, ali ovaj korak dolazi kao novi veliki poklon ko\u0161arci Bosne i Hercegovine, u \u010dijim se redovima napokon na\u0161la osoba koja je svoju funkciju po\u0161teno zaslu\u017eila. Rezultati nisu izostali \u2013 na ovogodi\u0161njem Eurobasketu za \u017eene BiH je u\u0161la u prvih pet reprezentacija prvenstva i izborila kvalifikacije za Svjetsko prvenstvo dogodine u Australiji.<\/p>\n<figure id=\"attachment_3134\" aria-describedby=\"caption-attachment-3134\" style=\"width: 2560px\" class=\"wp-caption alignnone\"><img loading=\"lazy\" decoding=\"async\" class=\"wp-image-3134 size-full\" src=\"https:\/\/sdf.hr\/wp-content\/uploads\/2022\/08\/Mujanovic2-scaled.jpg\" alt=\"\" width=\"2560\" height=\"1707\" srcset=\"https:\/\/sdf.hr\/wp-content\/uploads\/2022\/08\/Mujanovic2-scaled.jpg 2560w, https:\/\/sdf.hr\/wp-content\/uploads\/2022\/08\/Mujanovic2-300x200.jpg 300w, https:\/\/sdf.hr\/wp-content\/uploads\/2022\/08\/Mujanovic2-1024x683.jpg 1024w, https:\/\/sdf.hr\/wp-content\/uploads\/2022\/08\/Mujanovic2-768x512.jpg 768w, https:\/\/sdf.hr\/wp-content\/uploads\/2022\/08\/Mujanovic2-1536x1024.jpg 1536w, https:\/\/sdf.hr\/wp-content\/uploads\/2022\/08\/Mujanovic2-2048x1366.jpg 2048w\" sizes=\"auto, (max-width: 2560px) 100vw, 2560px\" \/><figcaption id=\"caption-attachment-3134\" class=\"wp-caption-text\">Foto: Haris \u010calki\u0107\/VTF studio<\/figcaption><\/figure>\n<h3>Talent je deset posto<\/h3>\n<p><strong>Odrasli ste u malom selu Ratkovi\u0107i, kao najmla\u0111e dijete u velikoj familiji. Kako je bilo odrastati u Ratkovi\u0107ima, \u0161to pamtite iz djetinjstva?<\/strong><\/p>\n<p>Meni je bilo predivno. Najvi\u0161e pamtim svakodnevna dru\u017eenja s prijateljicama i prijateljima iz sela. Odrasla sam s bra\u0107om i sestrama i nikad nam nije bilo dosadno. I danas \u010desto do\u0111em u Ratkovi\u0107e da napunim baterije, posebno pred neke velike izazove.<\/p>\n<p><strong>Zbog ko\u0161arke ste ve\u0107 u osmom razredu osnovne \u0161kole oti\u0161li od ku\u0107e, iz Ratkovi\u0107a u Tuzlu, u tada dalek i nepoznat vam svijet. Svakako netipi\u010dan korak, pogotovo za jednu djevoj\u010dicu. Koliko je druga\u010diji bio \u017eivot u Tuzli, koji su vam bili najve\u0107i izazovi tada?<\/strong><\/p>\n<p>Za mene je to bio neki potpuno novi svijet. Sre\u0107a da je moj otac imao razumijevanja i da je dao odobrenje da se preselim u Tuzlu jo\u0161 kao djevoj\u010dica, \u0161to stvarno nije bilo uobi\u010dajeno za \u017eensku djecu u to vrijeme. Moj trener Miki Vukovi\u0107 je bio uz mene i u\u010dinio sve da se osje\u0107am \u0161to ugodnije u Tuzli. Zahvalna sam mu i njemu dugujem za sve svoje uspjehe.<\/p>\n<p><strong>U razgovorima \u010desto govorite da vam je on bio i vrsni pedagog, uvijek pitao kakve su ocjene u \u0161koli i razmi\u0161ljao o karakterima igra\u010dica. Koje su vam lekcije od njega ostale za \u017eivot?<\/strong><\/p>\n<p>Ostalo mi je ono \u2013 nikad nemoj da odustane\u0161 i ti to mo\u017ee\u0161, \u0161ta god da je u pitanju. Time sam se vodila i dok sam po stoti put \u0161utirala s istog mjesta prema ko\u0161u, a i kroz \u017eivot op\u0107enito. On me ubijedio da \u0107u biti najbolja u Evropi, a ja mu to s trinaest godina nisam vjerovala. Ali bio je u pravu, kao i uvijek.<\/p>\n<p><strong>Kad ste do\u0161li u Jedinstvo, klub je tek bio u\u0161ao u Prvu ligu. Iz godine u godinu ste napredovali, i klub, i vi kao igra\u010dica. Postale ste prvakinje Jugoslavije, a onda i 1989. ono \u0161to je malo tko mogao zamisliti \u2013 europske prvakinje. Kako su izgledale te godine u Jedinstvu, \u0161to je bilo presudno za uspjeh?<\/strong><\/p>\n<p>Za uspjeh su bile presudne vizija koju je imao pokojni Miki Vukovi\u0107 i mi, djevojke \u017eeljne dokazivanja i pobjeda. Jako smo mnogo trenirale i mo\u017eda taj nedostatak talenta i iskustva nadokna\u0111ivale velikom borbom i \u017eeljom. Mi\u0161ljenja sam da je u profesionalnom sportu deset posto talenat, a ostalih 90 posto su rad i odricanje. To uvijek ponavljam mladim ko\u0161arka\u0161icama. Znam toliko talentovanih ko\u0161arka\u0161ica koje nisu napravile ozbiljne karijere jer nisu dovoljno radile. Zato rad, rad i samo rad, rezultat onda ne\u0107e izostati. Tako se Jedinstvo popelo na krov Evrope.<\/p>\n<p><strong>Poznato je i vje\u010dno rivalstvo Jedinstva i \u017deljezni\u010dara. Vi ste i rekordan broj ko\u0161eva u \u017eivotu ubacili u jednoj utakmici protiv \u017delje, 55. Kakva je bila atmosfera u Tuzli kad ste igrale, na koje je na\u010dine grad \u017eivio za \u017eensku ko\u0161arku?<\/strong><\/p>\n<p>Mejdan, na\u0161a dvorana, uvijek je bio pun i uvijek se tra\u017eilo mjesto vi\u0161e. To se ne zaboravlja. \u017dao mi je \u0161to vi\u0161e nema takvog ambijenta kada je klupska ko\u0161arka u pitanju u Bosni i Hercegovini. U posljednje vrijeme kada igra reprezentacija imam taj utisak koji sam tada imala u Tuzli. Ima neka hemija izme\u0111u publike i ekipe.<\/p>\n<p><strong>Na jednom juniorskom prvenstvu 1982. primijetio vas je selektor jugoslavenske reprezentacije Milan Vasojevi\u0107 i pozvao u kadetsku reprezentaciju Jugoslavije. Na kraju ste s reprezentacijom 1988. osvojili srebrnu medalju na Olimpijskim igrama, 1990. do\u0161le ste do drugog mjesta na svjetskom prvenstvu, godinu poslije i na europskom. Veliki su to uspjesi. Ima li ne\u0161to za \u010dime \u017ealite, ne\u0161to \u0161to je ostalo neostvareno u reprezentaciji?<\/strong><\/p>\n<p>Fali mi to zlato. \u017dao mi je \u0161to neko od tih finala na svjetskom i europskom prvenstvu nismo krunisale pobjedom. Da smo 1992. godine oti\u0161le na Olimpijske igre u Barceloni, sigurna sam da nam nitko ne bi mogao ni\u0161ta. Bile smo sazrele kao ko\u0161arka\u0161ice, ali, eto, zbog de\u0161avanja u regionu na kraju nismo imale tu priliku.<\/p>\n<h3>\u00a0Volim \u0161etati Zagrebom<\/h3>\n<p><strong>\u010cetiri puta ste progla\u0161eni najboljom ko\u0161arka\u0161icom Europe. Igrali ste i u klubovima diljem svijeta. Bili ste prva europska ko\u0161arka\u0161ica u Brazilu, igrali ste u malom gradu Campina pokraj Sao Paula. Rado pri\u010date kako vam je tamo bilo posebno lijepo. \u010cime vas je Brazil osvojio?<\/strong><\/p>\n<p>Osvojio me time \u0161to su ljudi opu\u0161teni. Mentalitet je dosta sli\u010dan na\u0161em na Balkanu. Osje\u0107ala sam se kao kod ku\u0107e i u\u017eivala ugled kao ko\u0161arka\u0161ica. Brazil je zemlja u kojoj bi mogla da \u017eivim.<\/p>\n<p><strong>Igrali ste i u Zagrebu, u klubu Croatia, kao jedna od &#8220;djevojaka s Pe\u0161\u010denice&#8221;. Kakva je bila zagreba\u010dka publika, po \u010demu pamtite tu 2004.\/2005. godinu?<\/strong><\/p>\n<p>Mi smo Zagreb u\u010dinile ko\u0161arka\u0161kim centrom u regionu. Fenomenalno mi je bilo, stekla sam mnogo prijatelja. Napravile smo odli\u010dne rezultate i ispisale istoriju \u017eenske ko\u0161arke u Hrvatskoj. Drago mi je \u0161to i danas kada \u0161etam Zagrebom svako malo stanem s nekim da se pozdravim i prisjetim nekih starih anegdota. Tih je anegdota stvarno mnogo, a posebno mi je ostalo u sje\u0107anju dru\u017eenje s predsjednikom Stjepanom Mesi\u0107em. Vidjela sam ga opet prije dvije godine u Sarajevu i zaista me odu\u0161evilo koliko je \u010dovjek jednostavan. Tako\u0111er se sje\u0107am kad sam obja\u0161njavala prijateljima da je burek s mesom, i da ne mo\u017ee biti sa sirom ili krompirom, to u Bosni zovemo sirnica i krompiru\u0161a. Uglavnom me smijeh i super emocije ve\u017eu za Zagreb, ja sam tu uvijek dodavala malo bosanskog humora.<\/p>\n<p><strong>U mirovinu ste oti\u0161li tek u 42. godini \u017eivota, \u0161to je za sporta\u0161e i sporta\u0161ice dosta kasno. Za\u0161to mirovina tek tada? Kako je izgledala ta posljednja sezona?<\/strong><\/p>\n<p>Kada volite ne\u0161to, te\u0161ko se od toga odvojiti. Tako je i u mom slu\u010daju s ko\u0161arkom. Posljednje utakmice svoje karijere odigrala sam u Dubrovniku. I kada sam osjetila da zaista nisam vi\u0161e na nivou na kojem sam navikla da budem, rekla sam dosta je, vrijeme je za mla\u0111e.<\/p>\n<p><strong>Mali je broj ko\u0161arka\u0161ica uspio u\u0107i u FIBA-inu Ku\u0107u slavnih. Vi ste jedna od njih, i uz Mirzu Deliba\u0161i\u0107a jedina predstavnica iz Bosne i Hercegovine. Primljeni ste 2017. godine, a na slu\u017ebenu ceremoniju nije vas pratio nitko iz Ko\u0161arka\u0161kog saveza BiH, unato\u010d tome \u0161to su dobili pozivnicu. Kako vam je bilo u Ku\u0107u slavnih i\u0107i sama?<\/strong><\/p>\n<p>U tom trenutku su u Ko\u0161arka\u0161kom savezu Bosne i Hercegovine bili ljudi koji nisu iz svijeta ko\u0161arke i koji nisu znali koliko taj prijem zna\u010di za ko\u0161arku u BiH. Naravno da mi nije bilo svejedno, ali to na kraju govori o tim ljudima, a ne o meni. Ja sam na najbolji na\u010din predstavljala BiH, kao i uvijek. Danas su u Savezu ljudi iz svijeta ko\u0161arke koji su stvarno ostavili traga, tako da zajedno ispisujemo neke nove i ljep\u0161e stranice ko\u0161arke.<\/p>\n<figure id=\"attachment_3136\" aria-describedby=\"caption-attachment-3136\" style=\"width: 2560px\" class=\"wp-caption alignnone\"><img loading=\"lazy\" decoding=\"async\" class=\"wp-image-3136 size-full\" src=\"https:\/\/sdf.hr\/wp-content\/uploads\/2022\/08\/Mujanovic3-scaled.jpg\" alt=\"\" width=\"2560\" height=\"1707\" srcset=\"https:\/\/sdf.hr\/wp-content\/uploads\/2022\/08\/Mujanovic3-scaled.jpg 2560w, https:\/\/sdf.hr\/wp-content\/uploads\/2022\/08\/Mujanovic3-300x200.jpg 300w, https:\/\/sdf.hr\/wp-content\/uploads\/2022\/08\/Mujanovic3-1024x683.jpg 1024w, https:\/\/sdf.hr\/wp-content\/uploads\/2022\/08\/Mujanovic3-768x512.jpg 768w, https:\/\/sdf.hr\/wp-content\/uploads\/2022\/08\/Mujanovic3-1536x1024.jpg 1536w, https:\/\/sdf.hr\/wp-content\/uploads\/2022\/08\/Mujanovic3-2048x1365.jpg 2048w\" sizes=\"auto, (max-width: 2560px) 100vw, 2560px\" \/><figcaption id=\"caption-attachment-3136\" class=\"wp-caption-text\">Foto: Haris \u010calki\u0107\/VTF studio<\/figcaption><\/figure>\n<p><strong>Koliko je manja zarada u \u017eenskoj ko\u0161arci? Jeste li unato\u010d svim medaljama, osvojenim prvenstvima i titulama najbolje ko\u0161arka\u0161ice imali ekonomskih te\u0161ko\u0107a u karijeri?<\/strong><\/p>\n<p>Zarada je dosta manja nego u mu\u0161koj ko\u0161arci. Igrala sam na visokom nivou i sre\u0107om imala dobre ugovore. Ali sigurno to nije ravnopravno. \u017dene u sportu nisu pla\u0107ene dovoljno, stojim iza toga.<\/p>\n<h3>Tim smo gladan uspjeha<\/h3>\n<p><strong>Prije sada\u0161njeg anga\u017emana u savezu i reprezentaciji, bili ste na birou \u010ditavo desetlje\u0107e. \u010cesto ste komentirali kako su vas svi zaboravili. Kako je na kraju do\u0161lo do preokreta i ponude za trenutni anga\u017eman u Savezu?<\/strong><\/p>\n<p>U Savez su u\u0161li Mirza Teletovi\u0107, Amer \u010colan, Samir Avdi\u0107&#8230; Ljudi koji imaju karijere i znanje. Dogovorili smo se za pet minuta. Tu sam zbog djevoj\u010dica koje \u017eele da naprave ne\u0161to u svojim karijerama i koje \u017eele da predstavljaju Bosnu i Hercegovinu. Napravili smo sistem i idemo korak po korak. Mislim da smo na dobrom putu.<\/p>\n<p><strong>\u010cesto ste komentirali kako velik dio uspjeha \u017eenske ko\u0161arka\u0161ke reprezentacije Srbije svakako le\u017ei u tome da su u srpskom ko\u0161arka\u0161kom savezu uglavnom biv\u0161e igra\u010dice i kako je to smjer kojim se BiH treba voditi. Da ste bili u pravu, vidi se jasno u najnovijem uspjehu BiH reprezentacije nakon va\u0161eg dolaska \u2013 ulasku u pet najboljih na Eurobasketu i odlasku na kvalifikacije za Svjetsko prvenstvo. \u0160to i kako poku\u0161avate prenijeti igra\u010dicama kao menad\u017eerka \u017eenskih selekcija?<\/strong><\/p>\n<p>Imam iskustvo igranja na velikim takmi\u010denjima i osje\u0107aj da sam ro\u0111ena da pobje\u0111ujem. Na\u0161e djevojke su jako talentovane, ali im je falilo iskustva i samopouzdanja. Imam formulu kako da vjeruju da svakoga mogu pobijediti. Ali, ako vam je ka\u017eem, ne\u0107u vi\u0161e biti interesantna u svijetu ko\u0161arke (smijeh). Mi smo sad tim gladan uspjeha. Radit \u0107emo vi\u0161e od drugih da bi bili bolji od drugih. Jo\u0161 da dr\u017eava stane iza nas&#8230; Sve bi bilo lak\u0161e.<\/p>\n<p><strong>Va\u0161a igra pamtit \u0107e se i po tome da nikad niste inzistirali da samo vi dajete ko\u0161eve, nego ste rado i asistirali. Ta kvaliteta asistencije vidi se i u va\u0161oj aktivnosti za ko\u0161arku u regiji i spremnosti da uvijek podijelite znanje s mla\u0111im generacijama i odazovete se pozivima medija. Za\u0161to vam je to va\u017eno?<\/strong><\/p>\n<p>Ko\u0161arka je timski sport. Nemam ni\u0161ta od toga ako postignem 30 poena, a moja ekipa izgubi. \u017delim i da moj tim igra za pobjedu, a ne da istakne pojedinca. To ste mogli vidjeti na Eurobasketu, u svakoj utakmici bi se istakla neka druga djevojka, a to je protivnicima najve\u0107i problem. Ne mogu se fokusirati samo na jednu. Da, promocija ko\u0161arke mi je jako bitna. Volonterski radim dosta, posje\u0107ujem \u0161kole i klubove \u0161irom regije, nisam fokusirana samo na Bosnu i Hercegovinu. Nedavno sam tako bila u Slavonskom Brodu. Ko\u0161arka je ljubav koja nema granice.<\/p>\n<p><strong>U nastupu ste uvijek direktni i iskreni, \u010dini se da ni sebi ni drugima ne ostajete du\u017eni. Jeste li zbog toga odudarali od ovog dru\u0161tva, je li vas ko\u0161talo?<\/strong><\/p>\n<p>Ko\u0161talo jeste, ali sam mirno spavala.<\/p>\n<p><strong>Javne li\u010dnosti poput vas, pogotovo kad su u pitanju \u017eene, u medijima se \u010desto pita o obitelji i romanti\u010dnim vezama. Iza sebe imate dva braka, ali pri\u010dajmo radije o va\u017enosti prijateljstva u va\u0161em \u017eivotu, jer je to ne\u0161to \u0161to i sami isti\u010dete. Imate mnogo prijatelja, niste od onih koji tvrde da u \u017eivotu mo\u017ee\u0161 imati samo jednog ili dva dobra. Kako vas prijateljstva dr\u017ee u \u017eivotu?<\/strong><\/p>\n<p>Ja sam bogata \u017eena ba\u0161 zato \u0161to u jako mnogo gradova na svijetu imam prijatelje. Zaista svugdje, od \u0160panije, Italije, Brazila, Amerike&#8230; O regionu da ne pri\u010dam. Za vrijeme korone sam i osvje\u017eila neke kontakte, \u0161to mi je drago, imala sam vi\u0161e vremena. Dosta prijatelja sam stekla upravo kroz ko\u0161arku. Zato i pozivam mlade da se bave ko\u0161arkom, upoznat \u0107e super ljude, putovati i \u017eivjeti zdravo.<\/p>\n<p><strong>Spomenuli ste zdravlje. Prije skoro deset godina pro\u0161li ste i te\u0161ku borbu s karcinomom dojke. Kako ste pregrmjeli taj period, imate li rije\u010di ohrabrenja drugima koji se bore s te\u0161kim bolestima?<\/strong><\/p>\n<p>Kontroli\u0161ite se i nikad ne odustajte. To se svakome mo\u017ee desiti. I ko\u0161arka\u0161ici, i doktorici, i direktorici, i kuharici\u2026 Nije sramota. Stavite sebe na prvo mjesto. Ja sam va\u0161a podr\u0161ka!<\/p>\n<p><strong>Do\u017eivjeli ste puno toga u ove 54 godine. \u0160to vam daje nadu?<\/strong><\/p>\n<p>Djevoj\u010dice koje s osmjehom dolaze na okupljanja i koje su pune \u017eivota.<\/p>\n<p><em>razgovarala Ivana Peri\u0107<\/em><\/p>\n","protected":false},"excerpt":{"rendered":"<p>Zahvalna sam mojem pokojnom treneru Mikiju Vukovi\u0107u i njemu dugujem za sve svoje uspjehe. On me ubijedio da \u0107u biti najbolja u Evropi, a ja mu to s trinaest godina nisam vjerovala. Ali bio je u pravu, kao i uvijek<\/p>\n","protected":false},"featured_media":3132,"template":"","tags":[29],"atribut":[],"class_list":["post-780","nada","type-nada","status-publish","has-post-thumbnail","hentry","tag-intervju"],"acf":[],"yoast_head":"<!-- This site is optimized with the Yoast SEO plugin v27.4 - https:\/\/yoast.com\/product\/yoast-seo-wordpress\/ -->\n<title>Razija Mujanovi\u0107: Sad sam tu zbog novih djevoj\u010dica - SDF - Srpski demokratski forum<\/title>\n<meta name=\"robots\" content=\"index, follow, max-snippet:-1, max-image-preview:large, max-video-preview:-1\" \/>\n<link rel=\"canonical\" href=\"https:\/\/sdf.hr\/hr\/nada\/780\/\" \/>\n<meta property=\"og:locale\" content=\"hr_HR\" \/>\n<meta property=\"og:type\" content=\"article\" \/>\n<meta property=\"og:title\" content=\"Razija Mujanovi\u0107: Sad sam tu zbog novih djevoj\u010dica - SDF - Srpski demokratski forum\" \/>\n<meta property=\"og:description\" content=\"Zahvalna sam mojem pokojnom treneru Mikiju Vukovi\u0107u i njemu dugujem za sve svoje uspjehe. On me ubijedio da \u0107u biti najbolja u Evropi, a ja mu to s trinaest godina nisam vjerovala. Ali bio je u pravu, kao i uvijek\" \/>\n<meta property=\"og:url\" content=\"https:\/\/sdf.hr\/hr\/nada\/780\/\" \/>\n<meta property=\"og:site_name\" content=\"SDF - Srpski demokratski forum\" \/>\n<meta property=\"article:modified_time\" content=\"2023-03-25T17:49:27+00:00\" \/>\n<meta property=\"og:image\" content=\"https:\/\/sdf.hr\/wp-content\/uploads\/2022\/08\/Mujanovic1-scaled.jpg\" \/>\n\t<meta property=\"og:image:width\" content=\"2560\" \/>\n\t<meta property=\"og:image:height\" content=\"2492\" \/>\n\t<meta property=\"og:image:type\" content=\"image\/jpeg\" \/>\n<meta name=\"twitter:card\" content=\"summary_large_image\" \/>\n<meta name=\"twitter:label1\" content=\"Procijenjeno vrijeme \u010ditanja\" \/>\n\t<meta name=\"twitter:data1\" content=\"13 minuta\" \/>\n<script type=\"application\/ld+json\" class=\"yoast-schema-graph\">{\"@context\":\"https:\\\/\\\/schema.org\",\"@graph\":[{\"@type\":\"WebPage\",\"@id\":\"https:\\\/\\\/sdf.hr\\\/hr\\\/nada\\\/780\\\/\",\"url\":\"https:\\\/\\\/sdf.hr\\\/hr\\\/nada\\\/780\\\/\",\"name\":\"Razija Mujanovi\u0107: Sad sam tu zbog novih djevoj\u010dica - SDF - Srpski demokratski forum\",\"isPartOf\":{\"@id\":\"https:\\\/\\\/sdf.hr\\\/#website\"},\"primaryImageOfPage\":{\"@id\":\"https:\\\/\\\/sdf.hr\\\/hr\\\/nada\\\/780\\\/#primaryimage\"},\"image\":{\"@id\":\"https:\\\/\\\/sdf.hr\\\/hr\\\/nada\\\/780\\\/#primaryimage\"},\"thumbnailUrl\":\"https:\\\/\\\/sdf.hr\\\/wp-content\\\/uploads\\\/2022\\\/08\\\/Mujanovic1-scaled.jpg\",\"datePublished\":\"2022-08-26T15:30:43+00:00\",\"dateModified\":\"2023-03-25T17:49:27+00:00\",\"breadcrumb\":{\"@id\":\"https:\\\/\\\/sdf.hr\\\/hr\\\/nada\\\/780\\\/#breadcrumb\"},\"inLanguage\":\"hr\",\"potentialAction\":[{\"@type\":\"ReadAction\",\"target\":[\"https:\\\/\\\/sdf.hr\\\/hr\\\/nada\\\/780\\\/\"]}]},{\"@type\":\"ImageObject\",\"inLanguage\":\"hr\",\"@id\":\"https:\\\/\\\/sdf.hr\\\/hr\\\/nada\\\/780\\\/#primaryimage\",\"url\":\"https:\\\/\\\/sdf.hr\\\/wp-content\\\/uploads\\\/2022\\\/08\\\/Mujanovic1-scaled.jpg\",\"contentUrl\":\"https:\\\/\\\/sdf.hr\\\/wp-content\\\/uploads\\\/2022\\\/08\\\/Mujanovic1-scaled.jpg\",\"width\":2560,\"height\":2492,\"caption\":\"Foto: Haris \u010calki\u0107\\\/VTF studio\"},{\"@type\":\"BreadcrumbList\",\"@id\":\"https:\\\/\\\/sdf.hr\\\/hr\\\/nada\\\/780\\\/#breadcrumb\",\"itemListElement\":[{\"@type\":\"ListItem\",\"position\":1,\"name\":\"Po\u010detna stranica\",\"item\":\"https:\\\/\\\/sdf.hr\\\/hr\\\/\"},{\"@type\":\"ListItem\",\"position\":2,\"name\":\"Nada\",\"item\":\"https:\\\/\\\/sdf.hr\\\/nada\\\/\"},{\"@type\":\"ListItem\",\"position\":3,\"name\":\"Razija Mujanovi\u0107: Sad sam tu zbog novih djevoj\u010dica\"}]},{\"@type\":\"WebSite\",\"@id\":\"https:\\\/\\\/sdf.hr\\\/#website\",\"url\":\"https:\\\/\\\/sdf.hr\\\/\",\"name\":\"SDF - Srpski demokratski forum\",\"description\":\"Srpski demokratski forum\",\"publisher\":{\"@id\":\"https:\\\/\\\/sdf.hr\\\/#organization\"},\"potentialAction\":[{\"@type\":\"SearchAction\",\"target\":{\"@type\":\"EntryPoint\",\"urlTemplate\":\"https:\\\/\\\/sdf.hr\\\/?s={search_term_string}\"},\"query-input\":{\"@type\":\"PropertyValueSpecification\",\"valueRequired\":true,\"valueName\":\"search_term_string\"}}],\"inLanguage\":\"hr\"},{\"@type\":\"Organization\",\"@id\":\"https:\\\/\\\/sdf.hr\\\/#organization\",\"name\":\"SDF - Srpski demokratski forum\",\"url\":\"https:\\\/\\\/sdf.hr\\\/\",\"logo\":{\"@type\":\"ImageObject\",\"inLanguage\":\"hr\",\"@id\":\"https:\\\/\\\/sdf.hr\\\/#\\\/schema\\\/logo\\\/image\\\/\",\"url\":\"https:\\\/\\\/sdf.hr\\\/wp-content\\\/uploads\\\/2021\\\/07\\\/logo-hr.svg\",\"contentUrl\":\"https:\\\/\\\/sdf.hr\\\/wp-content\\\/uploads\\\/2021\\\/07\\\/logo-hr.svg\",\"width\":271,\"height\":100,\"caption\":\"SDF - Srpski demokratski forum\"},\"image\":{\"@id\":\"https:\\\/\\\/sdf.hr\\\/#\\\/schema\\\/logo\\\/image\\\/\"}}]}<\/script>\n<!-- \/ Yoast SEO plugin. -->","yoast_head_json":{"title":"Razija Mujanovi\u0107: Sad sam tu zbog novih djevoj\u010dica - SDF - Srpski demokratski forum","robots":{"index":"index","follow":"follow","max-snippet":"max-snippet:-1","max-image-preview":"max-image-preview:large","max-video-preview":"max-video-preview:-1"},"canonical":"https:\/\/sdf.hr\/hr\/nada\/780\/","og_locale":"hr_HR","og_type":"article","og_title":"Razija Mujanovi\u0107: Sad sam tu zbog novih djevoj\u010dica - SDF - Srpski demokratski forum","og_description":"Zahvalna sam mojem pokojnom treneru Mikiju Vukovi\u0107u i njemu dugujem za sve svoje uspjehe. On me ubijedio da \u0107u biti najbolja u Evropi, a ja mu to s trinaest godina nisam vjerovala. Ali bio je u pravu, kao i uvijek","og_url":"https:\/\/sdf.hr\/hr\/nada\/780\/","og_site_name":"SDF - Srpski demokratski forum","article_modified_time":"2023-03-25T17:49:27+00:00","og_image":[{"width":2560,"height":2492,"url":"https:\/\/sdf.hr\/wp-content\/uploads\/2022\/08\/Mujanovic1-scaled.jpg","type":"image\/jpeg"}],"twitter_card":"summary_large_image","twitter_misc":{"Procijenjeno vrijeme \u010ditanja":"13 minuta"},"schema":{"@context":"https:\/\/schema.org","@graph":[{"@type":"WebPage","@id":"https:\/\/sdf.hr\/hr\/nada\/780\/","url":"https:\/\/sdf.hr\/hr\/nada\/780\/","name":"Razija Mujanovi\u0107: Sad sam tu zbog novih djevoj\u010dica - SDF - Srpski demokratski forum","isPartOf":{"@id":"https:\/\/sdf.hr\/#website"},"primaryImageOfPage":{"@id":"https:\/\/sdf.hr\/hr\/nada\/780\/#primaryimage"},"image":{"@id":"https:\/\/sdf.hr\/hr\/nada\/780\/#primaryimage"},"thumbnailUrl":"https:\/\/sdf.hr\/wp-content\/uploads\/2022\/08\/Mujanovic1-scaled.jpg","datePublished":"2022-08-26T15:30:43+00:00","dateModified":"2023-03-25T17:49:27+00:00","breadcrumb":{"@id":"https:\/\/sdf.hr\/hr\/nada\/780\/#breadcrumb"},"inLanguage":"hr","potentialAction":[{"@type":"ReadAction","target":["https:\/\/sdf.hr\/hr\/nada\/780\/"]}]},{"@type":"ImageObject","inLanguage":"hr","@id":"https:\/\/sdf.hr\/hr\/nada\/780\/#primaryimage","url":"https:\/\/sdf.hr\/wp-content\/uploads\/2022\/08\/Mujanovic1-scaled.jpg","contentUrl":"https:\/\/sdf.hr\/wp-content\/uploads\/2022\/08\/Mujanovic1-scaled.jpg","width":2560,"height":2492,"caption":"Foto: Haris \u010calki\u0107\/VTF studio"},{"@type":"BreadcrumbList","@id":"https:\/\/sdf.hr\/hr\/nada\/780\/#breadcrumb","itemListElement":[{"@type":"ListItem","position":1,"name":"Po\u010detna stranica","item":"https:\/\/sdf.hr\/hr\/"},{"@type":"ListItem","position":2,"name":"Nada","item":"https:\/\/sdf.hr\/nada\/"},{"@type":"ListItem","position":3,"name":"Razija Mujanovi\u0107: Sad sam tu zbog novih djevoj\u010dica"}]},{"@type":"WebSite","@id":"https:\/\/sdf.hr\/#website","url":"https:\/\/sdf.hr\/","name":"SDF - Srpski demokratski forum","description":"Srpski demokratski forum","publisher":{"@id":"https:\/\/sdf.hr\/#organization"},"potentialAction":[{"@type":"SearchAction","target":{"@type":"EntryPoint","urlTemplate":"https:\/\/sdf.hr\/?s={search_term_string}"},"query-input":{"@type":"PropertyValueSpecification","valueRequired":true,"valueName":"search_term_string"}}],"inLanguage":"hr"},{"@type":"Organization","@id":"https:\/\/sdf.hr\/#organization","name":"SDF - Srpski demokratski forum","url":"https:\/\/sdf.hr\/","logo":{"@type":"ImageObject","inLanguage":"hr","@id":"https:\/\/sdf.hr\/#\/schema\/logo\/image\/","url":"https:\/\/sdf.hr\/wp-content\/uploads\/2021\/07\/logo-hr.svg","contentUrl":"https:\/\/sdf.hr\/wp-content\/uploads\/2021\/07\/logo-hr.svg","width":271,"height":100,"caption":"SDF - Srpski demokratski forum"},"image":{"@id":"https:\/\/sdf.hr\/#\/schema\/logo\/image\/"}}]}},"_links":{"self":[{"href":"https:\/\/sdf.hr\/hr\/wp-json\/wp\/v2\/nada\/780","targetHints":{"allow":["GET"]}}],"collection":[{"href":"https:\/\/sdf.hr\/hr\/wp-json\/wp\/v2\/nada"}],"about":[{"href":"https:\/\/sdf.hr\/hr\/wp-json\/wp\/v2\/types\/nada"}],"wp:featuredmedia":[{"embeddable":true,"href":"https:\/\/sdf.hr\/hr\/wp-json\/wp\/v2\/media\/3132"}],"wp:attachment":[{"href":"https:\/\/sdf.hr\/hr\/wp-json\/wp\/v2\/media?parent=780"}],"wp:term":[{"taxonomy":"post_tag","embeddable":true,"href":"https:\/\/sdf.hr\/hr\/wp-json\/wp\/v2\/tags?post=780"},{"taxonomy":"atribut","embeddable":true,"href":"https:\/\/sdf.hr\/hr\/wp-json\/wp\/v2\/atribut?post=780"}],"curies":[{"name":"wp","href":"https:\/\/api.w.org\/{rel}","templated":true}]}}