{"id":7804,"date":"2025-12-26T07:41:01","date_gmt":"2025-12-26T06:41:01","guid":{"rendered":"https:\/\/sdf.hr\/nada\/navratite-u-klet\/"},"modified":"2025-12-26T10:22:26","modified_gmt":"2025-12-26T09:22:26","slug":"navratite-u-klet","status":"publish","type":"nada","link":"https:\/\/sdf.hr\/hr\/nada\/navratite-u-klet\/","title":{"rendered":"Navratite u Klet"},"content":{"rendered":"<p>Za bijeg u najpoznatiju zagreba\u010dku klet ne trebate posebnu priliku, prethodno planiranje, slobodnu subotu, kartu za izvangradski javni prijevoz ili osobni automobil. Ova klet druga\u010dija je po energiji, ali jednako posve\u0107ena dru\u017eenju, boravku i kvalitetno provedenom vremenu. Lako je na\u0111ete \u0161e\u0107u\u0107i Ilicom, kada do\u0111ete do Britanca, to\u010dnije broja 73, skrenete u haustor i za\u0111ete u dvori\u0161te oslikano muralima.<\/p>\n<p>Nekad zapu\u0161tene gara\u017ee, danas smje\u0161taju studio-galeriju Klet \u2013 mjesto za izlo\u017ebe, radionice, promocije, studijsku i audiovizualnu produkciju, scensku umjetnost i jo\u0161 sva\u0161ta drugo. Vrata do je Smak Press, nezavisna tiskara, gdje umjetnici i drugi kreativci mogu svoje ideje realizirati u formi fanzina, plakata, stripova ili ih otisnuti na tekstilu. <strong>Andro Nogolica<\/strong>, idejni za\u010detnik Kleti, kratko nam je predstavio ova dva isprepletena kolektiva.<\/p>\n<p>&#8211; Studio-galerija Klet je multifunkcionalni kulturno-izlo\u017ebeni centar koji uglavnom djeluje u domeni alternativne, <em>underground do-it-yourself<\/em> kulture, pru\u017eaju\u0107i svoj prostor kao platformu umjetnicima, udrugama i profesionalcima na galerijsko i studijsko kori\u0161tenje. Smak Press je nezavisni tiskarski i izdava\u010dki kolektiv fokusiran prete\u017eito na proizvodnju i promid\u017ebu sito i riso \u0161tampe, kako vlastitih vizualnih radova, tako i radova drugih umjetnika s kojima sura\u0111uje. Klet i Smak Press, osim \u0161to se nalaze vrata do vrata, povezani su na na\u010din da su pojedini \u010dlanovi Kleti i \u010dlanovi Smak Pressa, a svi su dugogodi\u0161nji prijatelji i dijele interes promid\u017ebe alternativne kulture u Zagrebu \u2013 obja\u0161njava Nogolica.<\/p>\n<p>Kao kolektiv, Klet \u010dini mno\u0161tvo \u010dlanova, redom kulturne radnice, umjetnici, ilustratori, scenografi, rekviziteri i mnogi drugi. Kako ka\u017ee Nogolica, u cijeloj pri\u010di ima petnaestak \u010dlanova koji na ovaj ili onaj na\u010din doprinose radu Kleti i Smak Pressa. Unato\u010d postojanoj razini entuzijazma, ne nedostaje ni izazova.<\/p>\n<figure id=\"attachment_7800\" aria-describedby=\"caption-attachment-7800\" style=\"width: 2560px\" class=\"wp-caption alignnone\"><img loading=\"lazy\" decoding=\"async\" class=\"wp-image-7800 size-full\" src=\"https:\/\/sdf.hr\/wp-content\/uploads\/2025\/12\/Klet2_Sebastijan-Borovcak-scaled.jpg\" alt=\"\" width=\"2560\" height=\"1707\" srcset=\"https:\/\/sdf.hr\/wp-content\/uploads\/2025\/12\/Klet2_Sebastijan-Borovcak-scaled.jpg 2560w, https:\/\/sdf.hr\/wp-content\/uploads\/2025\/12\/Klet2_Sebastijan-Borovcak-300x200.jpg 300w, https:\/\/sdf.hr\/wp-content\/uploads\/2025\/12\/Klet2_Sebastijan-Borovcak-1024x683.jpg 1024w, https:\/\/sdf.hr\/wp-content\/uploads\/2025\/12\/Klet2_Sebastijan-Borovcak-768x512.jpg 768w, https:\/\/sdf.hr\/wp-content\/uploads\/2025\/12\/Klet2_Sebastijan-Borovcak-1536x1024.jpg 1536w, https:\/\/sdf.hr\/wp-content\/uploads\/2025\/12\/Klet2_Sebastijan-Borovcak-2048x1365.jpg 2048w\" sizes=\"auto, (max-width: 2560px) 100vw, 2560px\" \/><figcaption id=\"caption-attachment-7800\" class=\"wp-caption-text\">Foto: Sebastijan Borov\u010dak<\/figcaption><\/figure>\n<p>&#8211; \u0160to se ti\u010de Kleti, najve\u0107i izazovi su odr\u017eavanje stabilne organizacije i financiranja, kao i potreba neprestanog fizi\u010dkog i konceptualnog razvitka prostora. Volonterski rad neupitno \u010dini veliki dio uspjeha Kleti, pogotovo u ranijim danima \u2013 ka\u017ee Nogolica.<\/p>\n<p>A kad ga pitamo tko su im publika i posjetitelji, veli nam: &#8220;Nema koga nema&#8221;.<\/p>\n<p>&#8211; Super je kada netko slu\u010dajno zaluta, netko tko na prvu nikako ne izgleda kao da tu pripada, pa mu bude izvrsno i otkrije nove stvari. Mo\u017eda zvu\u010di otrcano, ali volim misliti da se svakim <em>eventom<\/em> u Kleti ideolo\u0161ki jaz izme\u0111u posjetitelja ipak malo smanji.<\/p>\n<p>S obzirom na to da programi koji izlaze iz <em>mainstream<\/em> okvira \u010desto zahtijevaju strpljenje za privla\u010denje \u0161ire publike, zanimalo nas je koliki je to izazov.<\/p>\n<p>&#8211; Naravno da je, ako se pod <em>mainstream<\/em> misli na ne\u0161to \u0161to je popularno. \u010cim radi\u0161 program sa sadr\u017eajem koji je nov i nepoznat, publike je manje, ali to je sasvim o\u010dekivano i prihvatljivo ako ima\u0161 na\u010din nadomje\u0161tanja posljedica manjka publike, zbog \u010dega ti onda velika posje\u0107enost i nije krajnji faktor u odabiru programa \u2013 osvrnuo se.<\/p>\n<p>U Zagrebu, ali i u Hrvatskoj op\u0107enito, ovakvih prostora je malo. Klet je rijedak primjer mjesta koje spaja lokalnu kulturnu scenu, kreativni rad, dru\u0161tveni anga\u017eman i edukaciju s dru\u017eenjem i socijalizacijom. Sli\u010dni koncepti uobi\u010dajeni su u drugim europskim gradovima, gdje galerije, studiji i tiskare funkcioniraju kao \u017eivi kulturni <em>hubovi<\/em>. Pitali smo Nogolicu \u0161to ka\u017ee na to i za\u0161to kod nas nema vi\u0161e takvih prostora.<\/p>\n<p>&#8211; Hm, ne znam koliko da tu budemo kriti\u010dni, ali&#8230; S javne institucionalne strane, neprikosnovena birokratska i regulativna uko\u010denost. S privatne strane, nedostatak volje, perspektive, financija i poduzetnosti, osobni egzistencijalni problemi, skepsa prema stvarnoj isplativosti bilo kakvog dru\u0161tveno-korisnog rada u trenutnom dru\u0161tveno-politi\u010dkom ozra\u010dju, a \u0161to sve dolazi iz nekakvog \u010dudnog spoja ogor\u010denosti prema institucijama i dru\u0161tvu i prividnog zadovoljstva trenutnom \u017eivotnom situacijom koja nas ne tjera na osobni i dru\u0161tveni razvoj.<\/p>\n<p>Prostor Kleti ugostio je i ugo\u0161\u0107avat \u0107e niz zanimljivih doga\u0111anja, toliko da nam je te\u0161ko izdvojiti tek neke.<\/p>\n<p>Proljetos se ondje odr\u017eao &#8220;\u0160tampi\u0107: Prvi pomak&#8221;, festival posve\u0107en nezavisnom tisku i samoizdava\u0161tvu. Tada se napokon i zagreba\u010dka publika mogla upoznati s alternativnim izdava\u0161tvom, umjetni\u010dkom \u0161tampom, listati fanzine, stripove i knjige ili nabaviti odje\u0107u s originalnim printevima.<\/p>\n<figure id=\"attachment_7802\" aria-describedby=\"caption-attachment-7802\" style=\"width: 2560px\" class=\"wp-caption alignnone\"><img loading=\"lazy\" decoding=\"async\" class=\"wp-image-7802 size-full\" src=\"https:\/\/sdf.hr\/wp-content\/uploads\/2025\/12\/Klet3_Sebastijan-Borovcak-scaled.jpg\" alt=\"\" width=\"2560\" height=\"1707\" srcset=\"https:\/\/sdf.hr\/wp-content\/uploads\/2025\/12\/Klet3_Sebastijan-Borovcak-scaled.jpg 2560w, https:\/\/sdf.hr\/wp-content\/uploads\/2025\/12\/Klet3_Sebastijan-Borovcak-300x200.jpg 300w, https:\/\/sdf.hr\/wp-content\/uploads\/2025\/12\/Klet3_Sebastijan-Borovcak-1024x683.jpg 1024w, https:\/\/sdf.hr\/wp-content\/uploads\/2025\/12\/Klet3_Sebastijan-Borovcak-768x512.jpg 768w, https:\/\/sdf.hr\/wp-content\/uploads\/2025\/12\/Klet3_Sebastijan-Borovcak-1536x1024.jpg 1536w, https:\/\/sdf.hr\/wp-content\/uploads\/2025\/12\/Klet3_Sebastijan-Borovcak-2048x1365.jpg 2048w\" sizes=\"auto, (max-width: 2560px) 100vw, 2560px\" \/><figcaption id=\"caption-attachment-7802\" class=\"wp-caption-text\">Foto: Sebastijan Borov\u010dak<\/figcaption><\/figure>\n<p>Ljeto je obilje\u017eilo filmski program &#8220;Doksi u Kleti&#8221; s besplatnim projekcijama u dvori\u0161tu. Klet se ponekad pretvori i u mjesto za \u0161oping pa za vrijeme buvljaka &#8220;Dronjka&#8221; mo\u017eete prona\u0107i probranu <em>vintage<\/em> i <em>second hand<\/em> odje\u0107u, dizajnerski nakit i razne rukotvorine. A kad su posebno raspolo\u017eeni, kao \u0161to su bili na ro\u0111endan Kleti, spremit \u0107e i kotlovinu.<\/p>\n<p>Tu je i zagreba\u010dki koncertni serijal Akustika Session od \u010dijih je po\u010detaka pro\u0161lo ve\u0107 desetlje\u0107e, a odnedavno se smjestio u Kleti. Utorkom tamo mo\u017eete poslu\u0161ati regionalna i doma\u0107a muzi\u010dka imena, kroz njihove akusti\u010dne nastupe. Ondje je nedavno svoj prvi samostalan nastup pred zagreba\u010dkom publikom odr\u017eala <strong>Raiven<\/strong>, slovenska &#8220;glazbena alkemi\u010darka&#8221; za koju \u0161ira publika zna zbog nastupa na Euroviziji.<\/p>\n<p>Kao &#8220;Gosti u Kleti&#8221; izlagale su slikarica <strong>Emanuela Leki\u0107<\/strong>, ilustratorica <strong>Agata Lu\u010di\u0107<\/strong>, animatorica <strong>Sun\u010dana Brkulj<\/strong>, intermedijalna umjetnica i dizajnerica <strong>Elena \u0160trok<\/strong> i umjetni\u010dki dvojac <strong>Luisa Pascu<\/strong> i <strong>Teo Ki\u0161<\/strong>. Pozivi su otvoreni prema profesionalnim i amaterskim autoricama i autorima iz regije, svih generacija, neovisno o tehnici i mediju u kojem stvaraju.<\/p>\n<p>Kako nagla\u0161avaju iz Kleti, s obzirom na to da nemaju dovoljno prilika u institucionalnim okvirima, va\u017eno je dati priliku mladim i &#8220;neafirmiranim&#8221; umjetnicima.<\/p>\n<p>&#8211; To je jedan od krajnjih ciljeva Kleti: stvoriti kulturni centar \u010diji je kalendar ispunjen izlo\u017ebama i izvedbama neafirmiranih i <em>underground<\/em> umjetnika. No treba nam jo\u0161 vremena, institucionalnog i infrastrukturnog razvoja, i naravno love \u2013 ka\u017ee Nogolica i dodaje kako se \u010desto odr\u017eavanje kulturno-umjetni\u010dkog programa &#8220;uzima zdravo za gotovo&#8221;.<\/p>\n<p>Ako jo\u0161 uvijek niste navratili u Klet, donosimo vam pregr\u0161t razloga: podr\u017eite mlade lokalne umjetnike, zavirite u nezavisnu tiskaru i fanzinsku produkciju, provedite ve\u010der na izlo\u017ebi, koncertu, projekciji filma, ili jednostavno svratite na razgovor. Upozorenje: Zadr\u017eat \u0107ete se dulje nego \u0161to ste planirali.<\/p>\n<p><em>pi\u0161e Anja Vladisavljevi\u0107<\/em><\/p>\n","protected":false},"excerpt":{"rendered":"<p>Nekad zapu\u0161tene gara\u017ee u Ilici, danas smje\u0161taju studio-galeriju Klet, a vrata do je nezavisna tiskara Smak Press. Cilj im je stvoriti kulturni centar ispunjen izlo\u017ebama i izvedbama neafirmiranih i underground umjetnika<\/p>\n","protected":false},"featured_media":7799,"template":"","tags":[130],"atribut":[],"class_list":["post-7804","nada","type-nada","status-publish","has-post-thumbnail","hentry","tag-tema"],"acf":[],"yoast_head":"<!-- This site is optimized with the Yoast SEO plugin v27.4 - https:\/\/yoast.com\/product\/yoast-seo-wordpress\/ -->\n<title>Navratite u Klet - SDF - Srpski demokratski forum<\/title>\n<meta name=\"robots\" content=\"index, follow, max-snippet:-1, max-image-preview:large, max-video-preview:-1\" \/>\n<link rel=\"canonical\" href=\"https:\/\/sdf.hr\/hr\/nada\/navratite-u-klet\/\" \/>\n<meta property=\"og:locale\" content=\"hr_HR\" \/>\n<meta property=\"og:type\" content=\"article\" \/>\n<meta property=\"og:title\" content=\"Navratite u Klet - SDF - Srpski demokratski forum\" \/>\n<meta property=\"og:description\" content=\"Nekad zapu\u0161tene gara\u017ee u Ilici, danas smje\u0161taju studio-galeriju Klet, a vrata do je nezavisna tiskara Smak Press. Cilj im je stvoriti kulturni centar ispunjen izlo\u017ebama i izvedbama neafirmiranih i underground umjetnika\" \/>\n<meta property=\"og:url\" content=\"https:\/\/sdf.hr\/hr\/nada\/navratite-u-klet\/\" \/>\n<meta property=\"og:site_name\" content=\"SDF - Srpski demokratski forum\" \/>\n<meta property=\"article:modified_time\" content=\"2025-12-26T09:22:26+00:00\" \/>\n<meta property=\"og:image\" content=\"https:\/\/sdf.hr\/wp-content\/uploads\/2025\/12\/Klet1_Sebastijan-Borovcak-scaled.jpg\" \/>\n\t<meta property=\"og:image:width\" content=\"2560\" \/>\n\t<meta property=\"og:image:height\" content=\"1707\" \/>\n\t<meta property=\"og:image:type\" content=\"image\/jpeg\" \/>\n<meta name=\"twitter:card\" content=\"summary_large_image\" \/>\n<meta name=\"twitter:label1\" content=\"Procijenjeno vrijeme \u010ditanja\" \/>\n\t<meta name=\"twitter:data1\" content=\"5 minuta\" \/>\n<script type=\"application\/ld+json\" class=\"yoast-schema-graph\">{\"@context\":\"https:\\\/\\\/schema.org\",\"@graph\":[{\"@type\":\"WebPage\",\"@id\":\"https:\\\/\\\/sdf.hr\\\/hr\\\/nada\\\/navratite-u-klet\\\/\",\"url\":\"https:\\\/\\\/sdf.hr\\\/hr\\\/nada\\\/navratite-u-klet\\\/\",\"name\":\"Navratite u Klet - SDF - Srpski demokratski forum\",\"isPartOf\":{\"@id\":\"https:\\\/\\\/sdf.hr\\\/#website\"},\"primaryImageOfPage\":{\"@id\":\"https:\\\/\\\/sdf.hr\\\/hr\\\/nada\\\/navratite-u-klet\\\/#primaryimage\"},\"image\":{\"@id\":\"https:\\\/\\\/sdf.hr\\\/hr\\\/nada\\\/navratite-u-klet\\\/#primaryimage\"},\"thumbnailUrl\":\"https:\\\/\\\/sdf.hr\\\/wp-content\\\/uploads\\\/2025\\\/12\\\/Klet1_Sebastijan-Borovcak-scaled.jpg\",\"datePublished\":\"2025-12-26T06:41:01+00:00\",\"dateModified\":\"2025-12-26T09:22:26+00:00\",\"breadcrumb\":{\"@id\":\"https:\\\/\\\/sdf.hr\\\/hr\\\/nada\\\/navratite-u-klet\\\/#breadcrumb\"},\"inLanguage\":\"hr\",\"potentialAction\":[{\"@type\":\"ReadAction\",\"target\":[\"https:\\\/\\\/sdf.hr\\\/hr\\\/nada\\\/navratite-u-klet\\\/\"]}]},{\"@type\":\"ImageObject\",\"inLanguage\":\"hr\",\"@id\":\"https:\\\/\\\/sdf.hr\\\/hr\\\/nada\\\/navratite-u-klet\\\/#primaryimage\",\"url\":\"https:\\\/\\\/sdf.hr\\\/wp-content\\\/uploads\\\/2025\\\/12\\\/Klet1_Sebastijan-Borovcak-scaled.jpg\",\"contentUrl\":\"https:\\\/\\\/sdf.hr\\\/wp-content\\\/uploads\\\/2025\\\/12\\\/Klet1_Sebastijan-Borovcak-scaled.jpg\",\"width\":2560,\"height\":1707,\"caption\":\"Klet \u2013 mjesto za umjetnost i dru\u017eenje (Foto: Sebastijan Borov\u010dak)\"},{\"@type\":\"BreadcrumbList\",\"@id\":\"https:\\\/\\\/sdf.hr\\\/hr\\\/nada\\\/navratite-u-klet\\\/#breadcrumb\",\"itemListElement\":[{\"@type\":\"ListItem\",\"position\":1,\"name\":\"Po\u010detna stranica\",\"item\":\"https:\\\/\\\/sdf.hr\\\/hr\\\/\"},{\"@type\":\"ListItem\",\"position\":2,\"name\":\"Nada\",\"item\":\"https:\\\/\\\/sdf.hr\\\/nada\\\/\"},{\"@type\":\"ListItem\",\"position\":3,\"name\":\"Navratite u Klet\"}]},{\"@type\":\"WebSite\",\"@id\":\"https:\\\/\\\/sdf.hr\\\/#website\",\"url\":\"https:\\\/\\\/sdf.hr\\\/\",\"name\":\"SDF - Srpski demokratski forum\",\"description\":\"Srpski demokratski forum\",\"publisher\":{\"@id\":\"https:\\\/\\\/sdf.hr\\\/#organization\"},\"potentialAction\":[{\"@type\":\"SearchAction\",\"target\":{\"@type\":\"EntryPoint\",\"urlTemplate\":\"https:\\\/\\\/sdf.hr\\\/?s={search_term_string}\"},\"query-input\":{\"@type\":\"PropertyValueSpecification\",\"valueRequired\":true,\"valueName\":\"search_term_string\"}}],\"inLanguage\":\"hr\"},{\"@type\":\"Organization\",\"@id\":\"https:\\\/\\\/sdf.hr\\\/#organization\",\"name\":\"SDF - Srpski demokratski forum\",\"url\":\"https:\\\/\\\/sdf.hr\\\/\",\"logo\":{\"@type\":\"ImageObject\",\"inLanguage\":\"hr\",\"@id\":\"https:\\\/\\\/sdf.hr\\\/#\\\/schema\\\/logo\\\/image\\\/\",\"url\":\"https:\\\/\\\/sdf.hr\\\/wp-content\\\/uploads\\\/2021\\\/07\\\/logo-hr.svg\",\"contentUrl\":\"https:\\\/\\\/sdf.hr\\\/wp-content\\\/uploads\\\/2021\\\/07\\\/logo-hr.svg\",\"width\":271,\"height\":100,\"caption\":\"SDF - Srpski demokratski forum\"},\"image\":{\"@id\":\"https:\\\/\\\/sdf.hr\\\/#\\\/schema\\\/logo\\\/image\\\/\"}}]}<\/script>\n<!-- \/ Yoast SEO plugin. -->","yoast_head_json":{"title":"Navratite u Klet - SDF - Srpski demokratski forum","robots":{"index":"index","follow":"follow","max-snippet":"max-snippet:-1","max-image-preview":"max-image-preview:large","max-video-preview":"max-video-preview:-1"},"canonical":"https:\/\/sdf.hr\/hr\/nada\/navratite-u-klet\/","og_locale":"hr_HR","og_type":"article","og_title":"Navratite u Klet - SDF - Srpski demokratski forum","og_description":"Nekad zapu\u0161tene gara\u017ee u Ilici, danas smje\u0161taju studio-galeriju Klet, a vrata do je nezavisna tiskara Smak Press. Cilj im je stvoriti kulturni centar ispunjen izlo\u017ebama i izvedbama neafirmiranih i underground umjetnika","og_url":"https:\/\/sdf.hr\/hr\/nada\/navratite-u-klet\/","og_site_name":"SDF - Srpski demokratski forum","article_modified_time":"2025-12-26T09:22:26+00:00","og_image":[{"width":2560,"height":1707,"url":"https:\/\/sdf.hr\/wp-content\/uploads\/2025\/12\/Klet1_Sebastijan-Borovcak-scaled.jpg","type":"image\/jpeg"}],"twitter_card":"summary_large_image","twitter_misc":{"Procijenjeno vrijeme \u010ditanja":"5 minuta"},"schema":{"@context":"https:\/\/schema.org","@graph":[{"@type":"WebPage","@id":"https:\/\/sdf.hr\/hr\/nada\/navratite-u-klet\/","url":"https:\/\/sdf.hr\/hr\/nada\/navratite-u-klet\/","name":"Navratite u Klet - SDF - Srpski demokratski forum","isPartOf":{"@id":"https:\/\/sdf.hr\/#website"},"primaryImageOfPage":{"@id":"https:\/\/sdf.hr\/hr\/nada\/navratite-u-klet\/#primaryimage"},"image":{"@id":"https:\/\/sdf.hr\/hr\/nada\/navratite-u-klet\/#primaryimage"},"thumbnailUrl":"https:\/\/sdf.hr\/wp-content\/uploads\/2025\/12\/Klet1_Sebastijan-Borovcak-scaled.jpg","datePublished":"2025-12-26T06:41:01+00:00","dateModified":"2025-12-26T09:22:26+00:00","breadcrumb":{"@id":"https:\/\/sdf.hr\/hr\/nada\/navratite-u-klet\/#breadcrumb"},"inLanguage":"hr","potentialAction":[{"@type":"ReadAction","target":["https:\/\/sdf.hr\/hr\/nada\/navratite-u-klet\/"]}]},{"@type":"ImageObject","inLanguage":"hr","@id":"https:\/\/sdf.hr\/hr\/nada\/navratite-u-klet\/#primaryimage","url":"https:\/\/sdf.hr\/wp-content\/uploads\/2025\/12\/Klet1_Sebastijan-Borovcak-scaled.jpg","contentUrl":"https:\/\/sdf.hr\/wp-content\/uploads\/2025\/12\/Klet1_Sebastijan-Borovcak-scaled.jpg","width":2560,"height":1707,"caption":"Klet \u2013 mjesto za umjetnost i dru\u017eenje (Foto: Sebastijan Borov\u010dak)"},{"@type":"BreadcrumbList","@id":"https:\/\/sdf.hr\/hr\/nada\/navratite-u-klet\/#breadcrumb","itemListElement":[{"@type":"ListItem","position":1,"name":"Po\u010detna stranica","item":"https:\/\/sdf.hr\/hr\/"},{"@type":"ListItem","position":2,"name":"Nada","item":"https:\/\/sdf.hr\/nada\/"},{"@type":"ListItem","position":3,"name":"Navratite u Klet"}]},{"@type":"WebSite","@id":"https:\/\/sdf.hr\/#website","url":"https:\/\/sdf.hr\/","name":"SDF - Srpski demokratski forum","description":"Srpski demokratski forum","publisher":{"@id":"https:\/\/sdf.hr\/#organization"},"potentialAction":[{"@type":"SearchAction","target":{"@type":"EntryPoint","urlTemplate":"https:\/\/sdf.hr\/?s={search_term_string}"},"query-input":{"@type":"PropertyValueSpecification","valueRequired":true,"valueName":"search_term_string"}}],"inLanguage":"hr"},{"@type":"Organization","@id":"https:\/\/sdf.hr\/#organization","name":"SDF - Srpski demokratski forum","url":"https:\/\/sdf.hr\/","logo":{"@type":"ImageObject","inLanguage":"hr","@id":"https:\/\/sdf.hr\/#\/schema\/logo\/image\/","url":"https:\/\/sdf.hr\/wp-content\/uploads\/2021\/07\/logo-hr.svg","contentUrl":"https:\/\/sdf.hr\/wp-content\/uploads\/2021\/07\/logo-hr.svg","width":271,"height":100,"caption":"SDF - Srpski demokratski forum"},"image":{"@id":"https:\/\/sdf.hr\/#\/schema\/logo\/image\/"}}]}},"_links":{"self":[{"href":"https:\/\/sdf.hr\/hr\/wp-json\/wp\/v2\/nada\/7804","targetHints":{"allow":["GET"]}}],"collection":[{"href":"https:\/\/sdf.hr\/hr\/wp-json\/wp\/v2\/nada"}],"about":[{"href":"https:\/\/sdf.hr\/hr\/wp-json\/wp\/v2\/types\/nada"}],"wp:featuredmedia":[{"embeddable":true,"href":"https:\/\/sdf.hr\/hr\/wp-json\/wp\/v2\/media\/7799"}],"wp:attachment":[{"href":"https:\/\/sdf.hr\/hr\/wp-json\/wp\/v2\/media?parent=7804"}],"wp:term":[{"taxonomy":"post_tag","embeddable":true,"href":"https:\/\/sdf.hr\/hr\/wp-json\/wp\/v2\/tags?post=7804"},{"taxonomy":"atribut","embeddable":true,"href":"https:\/\/sdf.hr\/hr\/wp-json\/wp\/v2\/atribut?post=7804"}],"curies":[{"name":"wp","href":"https:\/\/api.w.org\/{rel}","templated":true}]}}