{"id":7812,"date":"2025-12-28T07:47:17","date_gmt":"2025-12-28T06:47:17","guid":{"rendered":"https:\/\/sdf.hr\/nada\/hana-curak-nadu-mi-daje-solidarnost\/"},"modified":"2026-01-11T10:50:45","modified_gmt":"2026-01-11T09:50:45","slug":"hana-curak-nadu-mi-daje-solidarnost","status":"publish","type":"nada","link":"https:\/\/sdf.hr\/hr\/nada\/hana-curak-nadu-mi-daje-solidarnost\/","title":{"rendered":"Hana \u0106urak: Nadu mi daje solidarnost"},"content":{"rendered":"<p><strong>Hana \u0106urak<\/strong> osoba je koja vas je barem jednom nasmijala, a da to mo\u017eda niste ni znali. Ro\u0111ena je 1994. u Sarajevu, radi kao antropologinja na Sveu\u010dili\u0161tu Humboldt u Berlinu te je doktorandica empirijskih kulturalnih studija na Sveu\u010dili\u0161tu u Z\u00fcrichu. \u017divi na relaciji Sarajevo \u2013 Berlin.<\/p>\n<p>Godine 2015. osnovala je <a href=\"https:\/\/www.instagram.com\/svesutovjeshtice\/\">&#8220;Sve su to vje\u0161tice&#8221;<\/a>, platformu koja kroz razne formate propituje \u017eensko kolektivno iskustvo. &#8220;Vje\u0161tice&#8221; su pak javnosti najpoznatije kao satiri\u010dni profil na dru\u0161tvenim mre\u017eama. U dijalozima <strong>Simone de Beauvoir <\/strong>i<strong> Jean-Paula Sartrea<\/strong>,<strong> Tita <\/strong>i <strong>Jovanke<\/strong>, kao i u mudrolijama<strong> Angeline Jolie<\/strong>,<strong> Hillary Clinton <\/strong>ili <strong>Virginije Woolf<\/strong>, &#8220;Vje\u0161tice&#8221; godinama bodu patrijarhat ondje gdje ga najvi\u0161e boli, i to humorom. Jer, kako ka\u017ee vje\u0161tica Simone: &#8220;Proleteri svih zemalja, nau\u010dite upaliti ma\u0161inu.&#8221;<\/p>\n<p>Hana provodi dio ove zime u Zagrebu pa smo uz kola\u010de, kao starija milenijalka s mla\u0111om milenijalkom, popri\u010dale oko \u010dega smo sve u pravu.<\/p>\n<p><strong>Izlo\u017eba &#8220;Vojin Baki\u0107 \u2013 Princip nade&#8221; otvara se 29. sije\u010dnja u Gradskom muzeju Bjelovar. Kako je nastala ideja za izlo\u017ebu i koja je va\u0161a uloga u njoj?<\/strong><\/p>\n<p>Drago mi je da na\u0161 razgovor zapo\u010dinjemo ba\u0161 temom ovog velikog i va\u017enog projekta s kojim nema \u0161ale! Velika mi je \u010dast da sam njegov dio. <strong>Vojin Baki\u0107<\/strong> je ro\u0111en u Bjelovaru pa je Gradski muzej Bjelovar u \u010dast 110. obljetnice njegova ro\u0111enja odlu\u010dio zapo\u010deti rad na izlo\u017ebi. Inicijativa je okupila nasljednice Baki\u0107evog djela, njegove unuke i arhitektice <strong>Anu Martinu<\/strong> i <strong>Vjeru Baki\u0107<\/strong> te kustoski kolektiv &#8220;\u0160to, kako i za koga \/ WHW&#8221;.<\/p>\n<p>Kroz proteklih dvadeset godina, WHW je u nekoliko prilika izlagao i kontekstualizirao rad Vojina Baki\u0107a i smatrale su va\u017enim da se njegov rad promisli iz perspektive nove generacije. Iz tog su se razloga, nakon poziva na kuriranje izlo\u017ebe koji im je uputio Muzej, u projektu odlu\u010dile sudjelovati u dijalo\u0161koj formi, a mene su pozvale kao kustosicu izlo\u017ebe.<\/p>\n<p>Budu\u0107i da se u istra\u017eivanju bavim metodologijama iz tzv. antropologije budu\u0107nosti, predlo\u017eila sam da naslov izlo\u017ebe upu\u0107uje na temeljni koncept <strong>Ernsta Blocha<\/strong>, filozofa koji je razvio originalnu filozofiju nade. U djelu &#8220;Princip nada&#8221;, za koje je predgovor kod nas napisao <strong>Gajo Petrovi\u0107<\/strong>, Bloch nadu razumije kao temeljni ljudski nagon, a utopiju kao anticipativnu imaginaciju boljih budu\u0107nosti koja mo\u017ee usmjeravati kolektivnu borbu i politi\u010dku transformaciju.<\/p>\n<p>Zahvalna sam na povjerenju koje sam dobila, kako od WHW-a, tako i od Baki\u0107evih unuka. Nije \u010dest slu\u010daj da se mladoj i \u0161iroj javnosti nepoznatoj osobi povjeri rad na tako velikoj i va\u017enoj temi. Posebnost je i ta da ja nisam usidrena u lokalni kontekst. U tom je duhu koncipirana izlo\u017eba i prate\u0107i program koji \u0161iri lokalne okvire tuma\u010denja Baki\u0107eva rada. Interdisciplinarnim uvidima \u010ditamo ga iznova, primjerice kroz razgovor koji sam vodila s umjetnicom <strong>Bahar Noorizadeh <\/strong>i arhitekticom i teoreti\u010darkom <strong>Dubravkom Sekuli\u0107<\/strong>, a koji \u0107emo objaviti uz izlo\u017ebu.<\/p>\n<p><strong>\u010cime se bavite u okviru svog doktorata?<\/strong><\/p>\n<p>Na doktorat na Institutu sam se prijavila nakon \u0161to mi je kolegica proslijedila oglas za istra\u017eiva\u010dku poziciju u velikom etnografskom projektu o budu\u0107nosti. Prepoznala je da je to za mene prije nego ja sama. To me osna\u017eilo da se kolektivno\u0161\u0107u i njezinim mogu\u0107nostima, \u0161to me zanima i kroz &#8220;Vje\u0161tice&#8221;, napokon bavim sustavno. Istra\u017eujem politike vremena u razli\u010ditim kustoskim formatima i njihove u\u010dinke. Kre\u0107em od prakti\u010dnog pitanja: mo\u017ee li kustoski rad stvoriti kolektivnost i time promijeniti na\u010din na koji institucije &#8220;raspore\u0111uju vrijeme&#8221; \u2013 tko smije govoriti o povijesti, a tko dobiva prostor za budu\u0107nost.<\/p>\n<p><strong>Malo ste me izgubili, kao \u0161to doktorandi izgube nedoktorande kad poja\u0161njavaju svoj rad, ali nastavite.<\/strong><\/p>\n<p>Prije da sam pod ruku s vama, jer se i ja osje\u0107am kao da ga jo\u0161 nisam ni zapo\u010dela. Polazim iz postjugoslavenske konstelacije (<strong>Beronja<\/strong>) i iz <strong>Budenove<\/strong> ideje da u kulturnom prevo\u0111enju ni\u0161ta nije fiksno. Zanima me kako se kolektivnost gradi kad se kultura prevodi iznutra onoga \u0161to je <strong>Aida Hozi\u0107<\/strong> jednom nazvala &#8220;ne\u017eeljenim kolonijama&#8221; globalnog upravljanja.<\/p>\n<p>Pratim platforme i mre\u017ee koje eksperimentiraju sa zajedni\u010dkim autorstvom kroz svakodnevne prakse: humor, emocije, dogovore, brigu. Spajam suradni\u010dko istra\u017eivanje s vlastitim desetogodi\u0161njim projektom &#8220;Sve su to vje\u0161tice&#8221;, koji stalno mijenja format, a istovremeno istra\u017euje sam sebe. I na kraju pitam: slabi li to politi\u010dki u\u010dinak \u2013 ili ba\u0161 stvara konkretne alate za transnacionalno povezivanje i odgovornije predstavljanje povijesti.<\/p>\n<figure id=\"attachment_7810\" aria-describedby=\"caption-attachment-7810\" style=\"width: 1333px\" class=\"wp-caption alignnone\"><img loading=\"lazy\" decoding=\"async\" class=\"wp-image-7810 size-full\" src=\"https:\/\/sdf.hr\/wp-content\/uploads\/2025\/12\/Curak3_Davor-Konjikusic.jpg\" alt=\"\" width=\"1333\" height=\"2000\" srcset=\"https:\/\/sdf.hr\/wp-content\/uploads\/2025\/12\/Curak3_Davor-Konjikusic.jpg 1333w, https:\/\/sdf.hr\/wp-content\/uploads\/2025\/12\/Curak3_Davor-Konjikusic-200x300.jpg 200w, https:\/\/sdf.hr\/wp-content\/uploads\/2025\/12\/Curak3_Davor-Konjikusic-682x1024.jpg 682w, https:\/\/sdf.hr\/wp-content\/uploads\/2025\/12\/Curak3_Davor-Konjikusic-768x1152.jpg 768w, https:\/\/sdf.hr\/wp-content\/uploads\/2025\/12\/Curak3_Davor-Konjikusic-1024x1536.jpg 1024w\" sizes=\"auto, (max-width: 1333px) 100vw, 1333px\" \/><figcaption id=\"caption-attachment-7810\" class=\"wp-caption-text\">Hana \u0106urak (Foto: Davor Konjiku\u0161i\u0107)<\/figcaption><\/figure>\n<p><strong>Recimo da razumijem. Ve\u0107ina doktoranada s kojima sam okru\u017eena u nekom trenu promijeni temu. Je li se to i vama dogodilo?<\/strong><\/p>\n<p>Naravno (smijeh). U samom pozivu predlagao se fokus na kustoske kolektive iz Berlina, kako bi se kroz njihov rad istra\u017eilo kako djeluju unutar postoje\u0107ih struktura, s naglaskom na pitanje vremena i na\u010dine na koje se ono politi\u010dki i dru\u0161tveno organizira.<\/p>\n<p>U prvih par mjeseci istra\u017eivanja shvatila sam da me zapravo zanima pitanje kolektivnosti, a ne pojedini akteri ili institucije koje tvrde da je predstavljaju ili &#8220;utjelovljuju&#8221;. Odakle kolektivnost dolazi, u kojim se oblicima pojavljuje i za\u0161to ne\u0161to uop\u0107e nazivamo kolektivno\u0161\u0107u? \u0160ta \u010dini kolektiv kolektivom i kakav je njegov odnos prema kolektivnosti \u2013 mora li on uop\u0107e postojati?<\/p>\n<p>U tom sam se razmi\u0161ljanju vratila predavanju <strong>Miklav\u017ea Komelja<\/strong> na izlo\u017ebi &#8220;Politi\u010dke prakse (post)jugoslavenske umjetnosti&#8221; iz 2009. godine. Parafrazirat \u0107u ga kad govori o poeziji i obja\u0161njava da se snaga partizanskog pokreta nije mjerila brojem ljudi, iako ih je bilo mnogo, nego posve\u0107eno\u0161\u0107u budu\u0107nosti koja nadilazi brojeve, nesvedivosti \u010dovjeka na njegov \u017eivot. Negdje tu se krije i moj odgovor. Partizanska umjetnost kao referenca mo\u017ee koketirati s razli\u010ditim vremenima, i upravo u tom prostoru otvaraju se mogu\u0107nosti za male geste koje nose veliku politi\u010dku te\u017einu.<\/p>\n<p>Postalo mi je jasno da moje istra\u017eivanje mora po\u010deti od toga, tako da se ne bavim nu\u017eno ni odre\u0111enim kustoskim kolektivima ni naslje\u0111em biv\u0161e Jugoslavije, nego poku\u0161avam shvatiti na koje na\u010dine i u koje svrhe se takvo partizansko poimanje vremena manifestira danas i kako mi to mo\u017ee pomo\u0107i da na\u0111em odgovore na pitanja koja sam spomenula.<\/p>\n<p><strong>\u010cesto spominjete meta-jugoslavenski prostor, kako ga naziva sociologinja Svetlana Slap\u0161ak ili postjugoslavenski kako ga sad ve\u0107 zovemo svi. \u0160to on za vas predstavlja?<\/strong><\/p>\n<p>To mi je bilo jasnije prije ulaska u akademiju: (meta)jugoslavenski prostor nije nostalgija ni stil. On je u na\u0161im navikama i sitnim gestama solidarnosti, komunikaciji i pogledu na druge. Kod ku\u0107e ga \u010desto podrazumijevamo. U me\u0111uvremenu se oblikovao i akademski prostor za promi\u0161ljanje (post)jugoslavenskog: &#8220;New Yugoslav Studies&#8221;.<\/p>\n<p><strong>A kako biste definirali taj prostor?<\/strong><\/p>\n<p>Mislim da se on prije svega gradi na vrijednostima i jeziku zajedni\u010dke kulture, vi\u0161e nego na institucijama. To je i nemogu\u0107nost da ono &#8220;postjugoslavensko&#8221; u nama ikada do kraja prevedemo, ali i na\u0161e stalno sudjelovanje u tom prevo\u0111enju.<\/p>\n<p>U istra\u017eivanju mi poma\u017ee gra\u0111a okupljena oko pojma Jugofuturizmi, kao i rad profesorice <strong>Dijane Jela\u010da<\/strong> koja je rad <strong>Saidiyje Hartman <\/strong>me\u0111u prvima uvela u disciplinu. Inspirira me i ideja da se spekulativna fabulacija, odnosno metoda koja koristi povijesne izvore, arhive, teoriju i fikciju da preispita i preoblikuje ustaljene povijesne narative, mo\u017ee koristiti i organizacijski.<\/p>\n<p><strong>Kako ste uop\u0107e zavr\u0161ili u Berlinu, s obzirom na to da u njemu \u017eivite ve\u0107 devet godina?<\/strong><\/p>\n<p>U Berlin sam do\u0161la zahvaljuju\u0107i stipendiji za praksu u njema\u010dkom parlamentu i ostala zahvaljuju\u0107i stipendiji za studij. Berlin nikada nije bio mjesto u koje sam oti\u0161la i ostala zbog njegove tragi\u010dne, dvoli\u010dne i isprazne pomodnosti koja se sada zaista manifestira u svoj svojoj ru\u017eno\u0107i, u grandioznom stilu. U njemu sam ostala zbog dobrih prijatelja, prirode do koje ne moram dolaziti autom, \u010distog zraka, besplatnog obrazovanja sa solidnom informacijskom infrastrukturom. Bilo mi je va\u017eno ostvariti mogu\u0107nost slobodnog kretanja kako bih mogla neometano u\u010destvovati u programima u kojima je pripadnost ne-EU dr\u017eavama eliminiraju\u0107a. Va\u017eno mi je bilo i da sam bli\u017ee informacijama i prilikama, bibliotekama i doga\u0111ajima, sigurno kao i ve\u0107ini nas koji smo do\u0161li u taj grad jer si nismo mogli priu\u0161titi druge centre znanja.<\/p>\n<p>Berlin je danas, kao i \u010desto u historiji, ponovno mjesto intenzivnih politi\u010dkih previranja i uspostavljanja stvarnih dru\u0161tvenih trenja. Zbog toga me ni \u010dinjenica da je mjesto gdje su sada gu\u0161enje sloboda, diskriminacija na klasnoj i rasnoj osnovi, kao i stalna feti\u0161izacija etnonacionalnih identiteta arogantno normalizirani, ne iznena\u0111uje.<\/p>\n<p><strong>Kako je \u017eivjeti izme\u0111u Sarajeva i Berlina i je li se va\u0161 odnos prema \u017eivotu u tranzitu mijenjao kroz godine?<\/strong><\/p>\n<p>U dvadesetima \u017eivot na dvije adrese nije bio te\u017eak, ali su me pretpro\u0161le godine po\u010dela boljeti le\u0111a. Berlin mi nikada nije postao centralan za \u017eivot, vi\u0161e je okvir unutar kojeg ga mogu organizirati kako \u017eelim. Za to se pla\u0107a odre\u0111ena cijena, koja se najvi\u0161e osjeti kroz bol.<\/p>\n<p><strong>O \u017eivotu u Berlinu posljednje dvije godine najvi\u0161e sam razgovarala s knji\u017eevnicom Lanom Basta\u0161i\u0107, koja je iz njega na koncu oti\u0161la. Koja su va\u0161a iskustva, primarno u kontekstu odgovora dr\u017eave na propalestinske akcije?<\/strong><\/p>\n<p>Imala sam sre\u0107e. Mnogi nisu, posebno kad u\u010destvuju u javnim propalestinskim akcijama. Koliko sam do sada shvatila, konsenzus u dru\u0161tvu je da ono ne raspoznaje eti\u010dku osnovu koja bi morala genocid u Palestini glasno nazvati onime \u0161to jeste. Neki konsenzus, izgleda, radije po\u010diva na ideji da je genocid &#8220;komplikovan&#8221; i da zbog tih komplikacija svako ima pravo da se sprda sa svakim genocidom kako ho\u0107e, instrumentaliziraju\u0107i ga, koriste\u0107i za njega eufemizme, negiraju\u0107i ga, pre\u0161u\u0107uju\u0107i, prave\u0107i cini\u010dne \u0161ale, ili maltretiraju\u0107i, ugnjetavaju\u0107i, mlate\u0107i, zatvaraju\u0107i, ka\u017enjavaju\u0107i, ispituju\u0107i, delegitimiziraju\u0107i i izop\u0107avaju\u0107i svakoga ko podsjeti na, ili spomene Palestince koji su stradali u genocidu. Tu ne mislim nu\u017eno samo na dr\u017eavu.<\/p>\n<p>Osobe koje \u017eive u Njema\u010dkoj, a koje se organiziraju i jasno govore o ovakvom stanju stvari su u opasnosti i boje se s razlogom. Drugi ostaju tihi. Tre\u0107i, koji sebi to mogu ili moraju priu\u0161titi, odlaze iz grada. Mo\u017eda \u0107u i ja nekada biti jedna od njih. No, ne radi se ni o mojim ni o osje\u0107ajima njema\u010dkog dru\u0161tva: radi se o genocidu u Gazi.<\/p>\n<p><strong>Kako biste opisali &#8220;Sve su to vje\u0161tice&#8221; i kako danas funkcionira taj kolektiv?<\/strong><\/p>\n<p>Ovisi tko opisuje i kome se opisuje, u tome je \u010dar. &#8220;Vje\u0161tice&#8221; istra\u017euju kako emocije, humor, &#8220;male&#8221; svakodnevne infrastrukture i zajedni\u010dko pisanje mogu mijenjati to kome posve\u0107ujemo pa\u017enju i kako raspore\u0111ujemo vrijeme \u2013 kroz iskustva jugoslavenske vi\u0161eslojnosti vremena te feministi\u010dko organiziranje u Bosni i njezinim dijasporama. To je i &#8220;la\u017eni kolektiv&#8221; jer smo sve mi vje\u0161tice. Ljudi ga \u010ditaju kako \u017eele. Danas radim kroz Instagram i analogno; kad imamo sredstva zovem i druge glasove.<\/p>\n<figure id=\"attachment_7808\" aria-describedby=\"caption-attachment-7808\" style=\"width: 1333px\" class=\"wp-caption alignnone\"><img loading=\"lazy\" decoding=\"async\" class=\"wp-image-7808 size-full\" src=\"https:\/\/sdf.hr\/wp-content\/uploads\/2025\/12\/Curak2_Davor-Konjikusic.jpg\" alt=\"\" width=\"1333\" height=\"2000\" srcset=\"https:\/\/sdf.hr\/wp-content\/uploads\/2025\/12\/Curak2_Davor-Konjikusic.jpg 1333w, https:\/\/sdf.hr\/wp-content\/uploads\/2025\/12\/Curak2_Davor-Konjikusic-200x300.jpg 200w, https:\/\/sdf.hr\/wp-content\/uploads\/2025\/12\/Curak2_Davor-Konjikusic-682x1024.jpg 682w, https:\/\/sdf.hr\/wp-content\/uploads\/2025\/12\/Curak2_Davor-Konjikusic-768x1152.jpg 768w, https:\/\/sdf.hr\/wp-content\/uploads\/2025\/12\/Curak2_Davor-Konjikusic-1024x1536.jpg 1024w\" sizes=\"auto, (max-width: 1333px) 100vw, 1333px\" \/><figcaption id=\"caption-attachment-7808\" class=\"wp-caption-text\">Hana \u0106urak (Foto: Davor Konjiku\u0161i\u0107)<\/figcaption><\/figure>\n<p><strong>Jesu li &#8220;Vje\u0161tice&#8221; uop\u0107e imale aktivisti\u010dku ili feministi\u010dku namjeru?<\/strong><\/p>\n<p>Nisu, ali sam 2015. godine bila i me\u0111u rijetkima na internetu \u010dije \u0161ale na na\u0161em jeziku nisu bile na ra\u010dun \u017eena pa je zajednica sna\u017eno reagirala. Da sam odmah rekla, ovo vam je autoetnografski projekt ili sad \u0107u vam objasniti feminizam, svima bi nam bilo manje zabavno.<\/p>\n<p><strong>A da li ste sura\u0111ivali s nekim drugim <em>meme<\/em> profilima sli\u010dnog senzibiliteta?<\/strong><\/p>\n<p>\u0160ale su prije \u010desto nastajale i iz dru\u017eenja sa starijim drugaricama iz Crvene, prijateljicama iz djetinjstva te na radionicama i konferencijama. Najbolje ipak uvijek nastaju s mamom i tetkom.<\/p>\n<p>Ve\u0107ina suradnji se ipak odvija analogno, u produkciji suvremene umjetnosti i civilnog dru\u0161tva, \u010desto paralelno s institucijama. &#8220;Vje\u0161tice&#8221; su tu pseudonim za ljude koji su mi pomagali, primjerice u suorganizaciji predavanja <strong>Rastka Mo\u010dnika<\/strong> i <strong>Ive Vuku\u0161i\u0107<\/strong> u Bosanskom kulturnom centru u okviru edukacijskog programa u Sarajevu koji je vodio Boris Buden.<\/p>\n<p><strong>Sje\u0107ate li se prvog <em>memea<\/em>?<\/strong><\/p>\n<p>Prva tri su ba\u0161 bezveze, na \u010detvrtom uz fotografiju Simone de Beauvoir pi\u0161e &#8220;Uda se da promijeni ulogu supruge iznutra&#8221;. Meni vam je sve to krind\u017e mada i dalje poletim pa napravim koji.<\/p>\n<p><strong>Nemojte tako prema nama kojima je jo\u0161 smije\u0161an\u2026<\/strong><\/p>\n<p>Vama i tati moje drugarice iz Kranja.<\/p>\n<p><strong>Jeste li poku\u0161avali eksperimentirati u danas najpopularnijim, kratkim video formatima?<\/strong><\/p>\n<p>Ma vala i nisam.<\/p>\n<p><strong>O \u010demu ste pri\u010dali na nedavnom predavanju u zagreba\u010dkoj Booksi pod nazivom &#8220;Ni fore, ni fazoni: Kada stvari postaju jasne?&#8221; \u0160to je jasno i je li bilo humora u 2025. godini?<\/strong><\/p>\n<p>Postavila sam pitanje \u0161ta danas raditi s humorom. Situacija je postala toliko cini\u010dna da cinizam vi\u0161e nije odgovor. Sve to, makar meni, danas \u010desto djeluje naivno. Pitala sam mogu li male, neformalizirane geste iznjedriti novo politi\u010dko zna\u010denje. Ovo me sad sjetilo jedne nedavne situacije, mo\u017eemo malo <em>off topic<\/em>?<\/p>\n<p><strong>Mo\u017eemo.<\/strong><\/p>\n<p>Nedavno sam bila na konferenciji REKOM-a i dosta se govorilo o protestima u Srbiji. Iz publike je netko komentirao da je glavna razlika izme\u0111u protesta 1968. i dana\u0161njih ta da su oni bili protiv svakog autoriteta, da su podrazumijevali pobunu protiv profesora, o\u010deva i majki, a danas, ovako je nekako i\u0161ao citat, mamice tr\u010de sa sarmicama za studentima. Jedna od panelistkinja je imala zanimljiv odgovor na ovaj komentar: rekla je da su ba\u0161 te mamice sa sarmicama na ulici znak emancipacije, jer su to \u017eene koje prije nisu bile na ulicama.<\/p>\n<p><strong>Jesu li te \u017eene sa sarmama i publika &#8220;Vje\u0161tica&#8221;?<\/strong><\/p>\n<p>&#8220;Vje\u0161tice&#8221; \u010desto prepoznaju \u017eene koje su pro\u0161le sli\u010dno onome \u0161to vide u mimu i znale su da to nije u redu, a mo\u017eda tada nisu mogle reagovati.<\/p>\n<p><strong>\u0160to \u017eelite &#8220;Vje\u0161ticama&#8221; u budu\u0107nosti?<\/strong><\/p>\n<p>One su trenutno bitan dio mog doktorskog istra\u017eivanja i va\u017eno mi je da mogu da mijenjaju svoj oblik. Mogu ih zamisliti kao medijsku platformu i kao kustoski kolektiv, a bitno je da ostanu neformalne i da se oslanjaju na takve saradnje.<\/p>\n<p><strong>\u0160to nekome tko radi izlo\u017ebu s nadom u naslovu ovih dana daje nadu?<\/strong><\/p>\n<p>Nedavno smo na radionici u Ateljeu Jagoda, koju su vodile <strong>Nina Goji\u0107<\/strong> i <strong>Yalda Pakzad<\/strong>, radile vje\u017ebu u kojoj smo trebale napisati \u0161to nam daje nadu. Iskreno, nisam znala \u0161to napisati. Trenutno mi nadu daje spoznaja nesvo\u0111enja stvari na fiksne forme, nego, kako Baki\u0107 ka\u017ee, \u010dar je svega u avanturi, u tra\u017eenju. On je uvijek tragao za novom formom, i ja mislim da ta potraga mo\u017ee donijeti i nove na\u010dine organiziranja.<\/p>\n<p>Nadu mi daje solidarnost. Na\u0161e inicijative moraju biti otvorene i transnacionalne, a postjugoslavenski konteksti ne smiju biti fusnota zapadu. Kroz pronala\u017eenje sli\u010dnosti u na\u0161im iskustvima mo\u017eemo jasno artikulirati \u0161to ne \u017eelimo i graditi stvarne, nove saveze. A \u0161to ne \u017eelimo? Ne \u017eelimo one koji negiraju genocid. Nijedan.<\/p>\n<p><em>razgovor vodila Vedrana Bibi\u0107<\/em><\/p>\n","protected":false},"excerpt":{"rendered":"<p>Na\u0161e inicijative moraju biti otvorene i transnacionalne, a postjugoslavenski konteksti ne smiju biti fusnota zapadu. Kroz pronala\u017eenje sli\u010dnosti u na\u0161im iskustvima mo\u017eemo jasno artikulirati \u0161to ne \u017eelimo i graditi stvarne, nove saveze<\/p>\n","protected":false},"featured_media":7807,"template":"","tags":[173],"atribut":[],"class_list":["post-7812","nada","type-nada","status-publish","has-post-thumbnail","hentry","tag-intervju-2-hr"],"acf":[],"yoast_head":"<!-- This site is optimized with the Yoast SEO plugin v27.4 - https:\/\/yoast.com\/product\/yoast-seo-wordpress\/ -->\n<title>Hana \u0106urak: Nadu mi daje solidarnost - SDF - Srpski demokratski forum<\/title>\n<meta name=\"robots\" content=\"index, follow, max-snippet:-1, max-image-preview:large, max-video-preview:-1\" \/>\n<link rel=\"canonical\" href=\"https:\/\/sdf.hr\/hr\/nada\/hana-curak-nadu-mi-daje-solidarnost\/\" \/>\n<meta property=\"og:locale\" content=\"hr_HR\" \/>\n<meta property=\"og:type\" content=\"article\" \/>\n<meta property=\"og:title\" content=\"Hana \u0106urak: Nadu mi daje solidarnost - SDF - Srpski demokratski forum\" \/>\n<meta property=\"og:description\" content=\"Na\u0161e inicijative moraju biti otvorene i transnacionalne, a postjugoslavenski konteksti ne smiju biti fusnota zapadu. Kroz pronala\u017eenje sli\u010dnosti u na\u0161im iskustvima mo\u017eemo jasno artikulirati \u0161to ne \u017eelimo i graditi stvarne, nove saveze\" \/>\n<meta property=\"og:url\" content=\"https:\/\/sdf.hr\/hr\/nada\/hana-curak-nadu-mi-daje-solidarnost\/\" \/>\n<meta property=\"og:site_name\" content=\"SDF - Srpski demokratski forum\" \/>\n<meta property=\"article:modified_time\" content=\"2026-01-11T09:50:45+00:00\" \/>\n<meta property=\"og:image\" content=\"https:\/\/sdf.hr\/wp-content\/uploads\/2025\/12\/Curak1_Davor-Konjikusic.jpg\" \/>\n\t<meta property=\"og:image:width\" content=\"2000\" \/>\n\t<meta property=\"og:image:height\" content=\"1333\" \/>\n\t<meta property=\"og:image:type\" content=\"image\/jpeg\" \/>\n<meta name=\"twitter:card\" content=\"summary_large_image\" \/>\n<meta name=\"twitter:label1\" content=\"Procijenjeno vrijeme \u010ditanja\" \/>\n\t<meta name=\"twitter:data1\" content=\"13 minuta\" \/>\n<script type=\"application\/ld+json\" class=\"yoast-schema-graph\">{\"@context\":\"https:\\\/\\\/schema.org\",\"@graph\":[{\"@type\":\"WebPage\",\"@id\":\"https:\\\/\\\/sdf.hr\\\/hr\\\/nada\\\/hana-curak-nadu-mi-daje-solidarnost\\\/\",\"url\":\"https:\\\/\\\/sdf.hr\\\/hr\\\/nada\\\/hana-curak-nadu-mi-daje-solidarnost\\\/\",\"name\":\"Hana \u0106urak: Nadu mi daje solidarnost - SDF - Srpski demokratski forum\",\"isPartOf\":{\"@id\":\"https:\\\/\\\/sdf.hr\\\/#website\"},\"primaryImageOfPage\":{\"@id\":\"https:\\\/\\\/sdf.hr\\\/hr\\\/nada\\\/hana-curak-nadu-mi-daje-solidarnost\\\/#primaryimage\"},\"image\":{\"@id\":\"https:\\\/\\\/sdf.hr\\\/hr\\\/nada\\\/hana-curak-nadu-mi-daje-solidarnost\\\/#primaryimage\"},\"thumbnailUrl\":\"https:\\\/\\\/sdf.hr\\\/wp-content\\\/uploads\\\/2025\\\/12\\\/Curak1_Davor-Konjikusic.jpg\",\"datePublished\":\"2025-12-28T06:47:17+00:00\",\"dateModified\":\"2026-01-11T09:50:45+00:00\",\"breadcrumb\":{\"@id\":\"https:\\\/\\\/sdf.hr\\\/hr\\\/nada\\\/hana-curak-nadu-mi-daje-solidarnost\\\/#breadcrumb\"},\"inLanguage\":\"hr\",\"potentialAction\":[{\"@type\":\"ReadAction\",\"target\":[\"https:\\\/\\\/sdf.hr\\\/hr\\\/nada\\\/hana-curak-nadu-mi-daje-solidarnost\\\/\"]}]},{\"@type\":\"ImageObject\",\"inLanguage\":\"hr\",\"@id\":\"https:\\\/\\\/sdf.hr\\\/hr\\\/nada\\\/hana-curak-nadu-mi-daje-solidarnost\\\/#primaryimage\",\"url\":\"https:\\\/\\\/sdf.hr\\\/wp-content\\\/uploads\\\/2025\\\/12\\\/Curak1_Davor-Konjikusic.jpg\",\"contentUrl\":\"https:\\\/\\\/sdf.hr\\\/wp-content\\\/uploads\\\/2025\\\/12\\\/Curak1_Davor-Konjikusic.jpg\",\"width\":2000,\"height\":1333,\"caption\":\"Hana \u0106urak (Foto: Davor Konjiku\u0161i\u0107)\"},{\"@type\":\"BreadcrumbList\",\"@id\":\"https:\\\/\\\/sdf.hr\\\/hr\\\/nada\\\/hana-curak-nadu-mi-daje-solidarnost\\\/#breadcrumb\",\"itemListElement\":[{\"@type\":\"ListItem\",\"position\":1,\"name\":\"Po\u010detna stranica\",\"item\":\"https:\\\/\\\/sdf.hr\\\/hr\\\/\"},{\"@type\":\"ListItem\",\"position\":2,\"name\":\"Nada\",\"item\":\"https:\\\/\\\/sdf.hr\\\/nada\\\/\"},{\"@type\":\"ListItem\",\"position\":3,\"name\":\"Hana \u0106urak: Nadu mi daje solidarnost\"}]},{\"@type\":\"WebSite\",\"@id\":\"https:\\\/\\\/sdf.hr\\\/#website\",\"url\":\"https:\\\/\\\/sdf.hr\\\/\",\"name\":\"SDF - Srpski demokratski forum\",\"description\":\"Srpski demokratski forum\",\"publisher\":{\"@id\":\"https:\\\/\\\/sdf.hr\\\/#organization\"},\"potentialAction\":[{\"@type\":\"SearchAction\",\"target\":{\"@type\":\"EntryPoint\",\"urlTemplate\":\"https:\\\/\\\/sdf.hr\\\/?s={search_term_string}\"},\"query-input\":{\"@type\":\"PropertyValueSpecification\",\"valueRequired\":true,\"valueName\":\"search_term_string\"}}],\"inLanguage\":\"hr\"},{\"@type\":\"Organization\",\"@id\":\"https:\\\/\\\/sdf.hr\\\/#organization\",\"name\":\"SDF - Srpski demokratski forum\",\"url\":\"https:\\\/\\\/sdf.hr\\\/\",\"logo\":{\"@type\":\"ImageObject\",\"inLanguage\":\"hr\",\"@id\":\"https:\\\/\\\/sdf.hr\\\/#\\\/schema\\\/logo\\\/image\\\/\",\"url\":\"https:\\\/\\\/sdf.hr\\\/wp-content\\\/uploads\\\/2021\\\/07\\\/logo-hr.svg\",\"contentUrl\":\"https:\\\/\\\/sdf.hr\\\/wp-content\\\/uploads\\\/2021\\\/07\\\/logo-hr.svg\",\"width\":271,\"height\":100,\"caption\":\"SDF - Srpski demokratski forum\"},\"image\":{\"@id\":\"https:\\\/\\\/sdf.hr\\\/#\\\/schema\\\/logo\\\/image\\\/\"}}]}<\/script>\n<!-- \/ Yoast SEO plugin. -->","yoast_head_json":{"title":"Hana \u0106urak: Nadu mi daje solidarnost - SDF - Srpski demokratski forum","robots":{"index":"index","follow":"follow","max-snippet":"max-snippet:-1","max-image-preview":"max-image-preview:large","max-video-preview":"max-video-preview:-1"},"canonical":"https:\/\/sdf.hr\/hr\/nada\/hana-curak-nadu-mi-daje-solidarnost\/","og_locale":"hr_HR","og_type":"article","og_title":"Hana \u0106urak: Nadu mi daje solidarnost - SDF - Srpski demokratski forum","og_description":"Na\u0161e inicijative moraju biti otvorene i transnacionalne, a postjugoslavenski konteksti ne smiju biti fusnota zapadu. Kroz pronala\u017eenje sli\u010dnosti u na\u0161im iskustvima mo\u017eemo jasno artikulirati \u0161to ne \u017eelimo i graditi stvarne, nove saveze","og_url":"https:\/\/sdf.hr\/hr\/nada\/hana-curak-nadu-mi-daje-solidarnost\/","og_site_name":"SDF - Srpski demokratski forum","article_modified_time":"2026-01-11T09:50:45+00:00","og_image":[{"width":2000,"height":1333,"url":"https:\/\/sdf.hr\/wp-content\/uploads\/2025\/12\/Curak1_Davor-Konjikusic.jpg","type":"image\/jpeg"}],"twitter_card":"summary_large_image","twitter_misc":{"Procijenjeno vrijeme \u010ditanja":"13 minuta"},"schema":{"@context":"https:\/\/schema.org","@graph":[{"@type":"WebPage","@id":"https:\/\/sdf.hr\/hr\/nada\/hana-curak-nadu-mi-daje-solidarnost\/","url":"https:\/\/sdf.hr\/hr\/nada\/hana-curak-nadu-mi-daje-solidarnost\/","name":"Hana \u0106urak: Nadu mi daje solidarnost - SDF - Srpski demokratski forum","isPartOf":{"@id":"https:\/\/sdf.hr\/#website"},"primaryImageOfPage":{"@id":"https:\/\/sdf.hr\/hr\/nada\/hana-curak-nadu-mi-daje-solidarnost\/#primaryimage"},"image":{"@id":"https:\/\/sdf.hr\/hr\/nada\/hana-curak-nadu-mi-daje-solidarnost\/#primaryimage"},"thumbnailUrl":"https:\/\/sdf.hr\/wp-content\/uploads\/2025\/12\/Curak1_Davor-Konjikusic.jpg","datePublished":"2025-12-28T06:47:17+00:00","dateModified":"2026-01-11T09:50:45+00:00","breadcrumb":{"@id":"https:\/\/sdf.hr\/hr\/nada\/hana-curak-nadu-mi-daje-solidarnost\/#breadcrumb"},"inLanguage":"hr","potentialAction":[{"@type":"ReadAction","target":["https:\/\/sdf.hr\/hr\/nada\/hana-curak-nadu-mi-daje-solidarnost\/"]}]},{"@type":"ImageObject","inLanguage":"hr","@id":"https:\/\/sdf.hr\/hr\/nada\/hana-curak-nadu-mi-daje-solidarnost\/#primaryimage","url":"https:\/\/sdf.hr\/wp-content\/uploads\/2025\/12\/Curak1_Davor-Konjikusic.jpg","contentUrl":"https:\/\/sdf.hr\/wp-content\/uploads\/2025\/12\/Curak1_Davor-Konjikusic.jpg","width":2000,"height":1333,"caption":"Hana \u0106urak (Foto: Davor Konjiku\u0161i\u0107)"},{"@type":"BreadcrumbList","@id":"https:\/\/sdf.hr\/hr\/nada\/hana-curak-nadu-mi-daje-solidarnost\/#breadcrumb","itemListElement":[{"@type":"ListItem","position":1,"name":"Po\u010detna stranica","item":"https:\/\/sdf.hr\/hr\/"},{"@type":"ListItem","position":2,"name":"Nada","item":"https:\/\/sdf.hr\/nada\/"},{"@type":"ListItem","position":3,"name":"Hana \u0106urak: Nadu mi daje solidarnost"}]},{"@type":"WebSite","@id":"https:\/\/sdf.hr\/#website","url":"https:\/\/sdf.hr\/","name":"SDF - Srpski demokratski forum","description":"Srpski demokratski forum","publisher":{"@id":"https:\/\/sdf.hr\/#organization"},"potentialAction":[{"@type":"SearchAction","target":{"@type":"EntryPoint","urlTemplate":"https:\/\/sdf.hr\/?s={search_term_string}"},"query-input":{"@type":"PropertyValueSpecification","valueRequired":true,"valueName":"search_term_string"}}],"inLanguage":"hr"},{"@type":"Organization","@id":"https:\/\/sdf.hr\/#organization","name":"SDF - Srpski demokratski forum","url":"https:\/\/sdf.hr\/","logo":{"@type":"ImageObject","inLanguage":"hr","@id":"https:\/\/sdf.hr\/#\/schema\/logo\/image\/","url":"https:\/\/sdf.hr\/wp-content\/uploads\/2021\/07\/logo-hr.svg","contentUrl":"https:\/\/sdf.hr\/wp-content\/uploads\/2021\/07\/logo-hr.svg","width":271,"height":100,"caption":"SDF - Srpski demokratski forum"},"image":{"@id":"https:\/\/sdf.hr\/#\/schema\/logo\/image\/"}}]}},"_links":{"self":[{"href":"https:\/\/sdf.hr\/hr\/wp-json\/wp\/v2\/nada\/7812","targetHints":{"allow":["GET"]}}],"collection":[{"href":"https:\/\/sdf.hr\/hr\/wp-json\/wp\/v2\/nada"}],"about":[{"href":"https:\/\/sdf.hr\/hr\/wp-json\/wp\/v2\/types\/nada"}],"wp:featuredmedia":[{"embeddable":true,"href":"https:\/\/sdf.hr\/hr\/wp-json\/wp\/v2\/media\/7807"}],"wp:attachment":[{"href":"https:\/\/sdf.hr\/hr\/wp-json\/wp\/v2\/media?parent=7812"}],"wp:term":[{"taxonomy":"post_tag","embeddable":true,"href":"https:\/\/sdf.hr\/hr\/wp-json\/wp\/v2\/tags?post=7812"},{"taxonomy":"atribut","embeddable":true,"href":"https:\/\/sdf.hr\/hr\/wp-json\/wp\/v2\/atribut?post=7812"}],"curies":[{"name":"wp","href":"https:\/\/api.w.org\/{rel}","templated":true}]}}