{"id":7828,"date":"2026-01-01T17:59:32","date_gmt":"2026-01-01T16:59:32","guid":{"rendered":"https:\/\/sdf.hr\/nada\/prljavi-igraju-prljavo\/"},"modified":"2026-01-01T17:59:47","modified_gmt":"2026-01-01T16:59:47","slug":"prljavi-igraju-prljavo","status":"publish","type":"nada","link":"https:\/\/sdf.hr\/hr\/nada\/prljavi-igraju-prljavo\/","title":{"rendered":"Prljavi igraju prljavo"},"content":{"rendered":"<p>Ususret nadolaze\u0107em Svjetskom nogometnom prvenstvu, objavljivat \u0107emo u ovoj rubrici crtice iz historije prvenstva i FIFA-e kao organizacije. Drugi vremeplov nosi naziv &#8220;Prljavi igraju prljavo&#8221;.<\/p>\n<p>Godina je 1978., u Argentini traje <em>guerra sucia<\/em> (prljavi rat), vojna hunta se raskala\u0161ila, progoni ljevi\u010dare, sindikaliste, studente. Zemlja je doma\u0107in Svjetskog nogometnog prvenstva. Diktatura je prvenstvo naumila iskoristiti za propagandu i globalno peglanje imid\u017ea. U mjesecima koji su prethodili prvenstvu re\u017eim je u\u0161utkao svako neodobravanje vlasti unutar zemlje, ali internacionalne organizacije kritiziraju zemlju doma\u0107ina, iako FIFA zbog toga ne mijenja planove.<\/p>\n<p>Sumnje u namje\u0161tanje utakmica postojale su i prije po\u010detka turnira, a drugim reprezentacijama bilo je jasno da \u0107e re\u017eim u\u010diniti sve kako bi pogurao argentinsku reprezentaciju, kako zbog vrtoglavih tro\u0161kova doma\u0107instva turnira, tako i zbog legitimizacije diktature. Izgra\u0111ena su tri nova stadiona, tri stara su obnovljena, uspostavljeno je pet press centara, pobolj\u0161an sustav javnog prijevoza. Ispra\u017enjen je dio siroma\u0161nih naselja u Buenos Airesu, deseci tisu\u0107a ljudi delo\u017eirani su vlakovima iz grada. Uz jednu od glavnih autocesta izgra\u0111en je golemi betonski zid kako bi se sakrilo pogled na sirotinju. S obzirom na FIFA-in <em>business as usual<\/em>, Amnesty International shvatio je da poticanje na bojkot prvenstva mo\u017eda ne\u0107e uspjeti, pa su umjesto toga pokrenuli kampanju kojom su sportskim novinarima servirali dokaze o okrutnosti re\u017eima, uz slogan &#8220;Nogomet da, tortura ne&#8221;.<\/p>\n<p>U Parizu je pak osnovan Odbor za bojkot Svjetskog prvenstva u Argentini (COBA) koji je uo\u010di prvenstva organizirao prosvjede i javne tribine. COBA je uspostavila bazu od vi\u0161e od 200 lokalnih odbora diljem Francuske. Sli\u010dne kampanje pokrenule su organizacije u Nizozemskoj, Danskoj, Italiji, Zapadnoj Njema\u010dkoj, \u0160panjolskoj, \u0160vedskoj, SAD-u. Slu\u017ebeni logotip prvenstva prilago\u0111en je \u2013 lopta je zavr\u0161ila u daljini bodljikave \u017eice koncentracijskog logora. Na plakatima za bojkot pisalo je &#8220;Protiv diktature u Argentini, bojkotirajte Svjetsko prvenstvo 1978.&#8221;, kao i &#8220;Nema nogometa u koncentracijskim logorima&#8221;. Hunta je odgovorila anga\u017eiranjem ameri\u010dke PR tvrtke Burson-Marsteller, koja je osmislila slogan &#8220;Mi Argentinci smo po\u0161teni i humani&#8221;.<\/p>\n<p>Niti jedna reprezentacija nije na kraju bojkotirala prvenstvo. Pro\u010dulo se da velika nizozemska zvijezda <strong>Johan Cruyff<\/strong> ne\u0107e igrati za reprezentaciju radi bojkota, ali se ispostavilo da Cruyff nije oti\u0161ao na prvenstvo zato \u0161to su on i njegova obitelj bili pod policijskim nadzorom nakon poku\u0161aja otmice u Barceloni. Jedini igra\u010d koji je bojkotirao prvenstvo bio je njema\u010dki reprezentativac <strong>Paul Breitner<\/strong>. Kako su se prosvjedi nastavili diljem svijeta, tako se nastavio i turnir.<\/p>\n<p>Argentina je pro\u0161la kroz &#8220;skupinu smrti&#8221; pobijediv\u0161i Ma\u0111arsku, Francusku i Italiju, uz pomo\u0107 povoljnih sudskih odluka. Nakon \u0161to su u finalu pobijedili Nizozemsku, vojni generali proglasili su trijumf potpunim. Diktator <strong>Jorge Rafael Videla<\/strong> hvalio se &#8220;savr\u0161enom organizacijom iznimno va\u017enog doga\u0111aja&#8221;, koji je &#8220;svijetu pokazao za \u0161to je sposobna snaga i vjera argentinske javnosti, ujedinjena u postizanju zajedni\u010dkog cilja&#8221;.<\/p>\n<p>Prosvjedi diljem svijeta ipak jesu posijali zrno internacionalne solidarnosti, a poja\u010dali su i raspravu o problemati\u010dnosti FIFA-e kao organizacije. I jedno i drugo \u2013 mukom posijana zrna internacionalne solidarnosti i FIFA kao fino opru\u017eena ruka represivnog i trulog globalnog sistema \u2013 me\u0111u nama su i pola stolje\u0107a kasnije.<\/p>\n<p><em>pi\u0161e Ivana Peri\u0107<\/em><\/p>\n","protected":false},"excerpt":{"rendered":"<p>Godina je 1978., u Argentini traje guerra sucia, vojna hunta se raskala\u0161ila, progoni ljevi\u010dare, sindikaliste, studente. Zemlja je doma\u0107in Svjetskog nogometnog prvenstva, a diktatura ga je naumila iskoristiti za propagandu i globalno peglanje imid\u017ea<\/p>\n","protected":false},"featured_media":7827,"template":"","tags":[40],"atribut":[],"class_list":["post-7828","nada","type-nada","status-publish","has-post-thumbnail","hentry","tag-dvokorak-naprijed"],"acf":[],"yoast_head":"<!-- This site is optimized with the Yoast SEO plugin v27.4 - https:\/\/yoast.com\/product\/yoast-seo-wordpress\/ -->\n<title>Prljavi igraju prljavo - SDF - Srpski demokratski forum<\/title>\n<meta name=\"robots\" content=\"index, follow, max-snippet:-1, max-image-preview:large, max-video-preview:-1\" \/>\n<link rel=\"canonical\" href=\"https:\/\/sdf.hr\/hr\/nada\/prljavi-igraju-prljavo\/\" \/>\n<meta property=\"og:locale\" content=\"hr_HR\" \/>\n<meta property=\"og:type\" content=\"article\" \/>\n<meta property=\"og:title\" content=\"Prljavi igraju prljavo - SDF - Srpski demokratski forum\" \/>\n<meta property=\"og:description\" content=\"Godina je 1978., u Argentini traje guerra sucia, vojna hunta se raskala\u0161ila, progoni ljevi\u010dare, sindikaliste, studente. Zemlja je doma\u0107in Svjetskog nogometnog prvenstva, a diktatura ga je naumila iskoristiti za propagandu i globalno peglanje imid\u017ea\" \/>\n<meta property=\"og:url\" content=\"https:\/\/sdf.hr\/hr\/nada\/prljavi-igraju-prljavo\/\" \/>\n<meta property=\"og:site_name\" content=\"SDF - Srpski demokratski forum\" \/>\n<meta property=\"article:modified_time\" content=\"2026-01-01T16:59:47+00:00\" \/>\n<meta property=\"og:image\" content=\"https:\/\/sdf.hr\/wp-content\/uploads\/2026\/01\/COBA.jpg\" \/>\n\t<meta property=\"og:image:width\" content=\"1200\" \/>\n\t<meta property=\"og:image:height\" content=\"1057\" \/>\n\t<meta property=\"og:image:type\" content=\"image\/jpeg\" \/>\n<meta name=\"twitter:card\" content=\"summary_large_image\" \/>\n<meta name=\"twitter:label1\" content=\"Procijenjeno vrijeme \u010ditanja\" \/>\n\t<meta name=\"twitter:data1\" content=\"3 minute\" \/>\n<script type=\"application\/ld+json\" class=\"yoast-schema-graph\">{\"@context\":\"https:\\\/\\\/schema.org\",\"@graph\":[{\"@type\":\"WebPage\",\"@id\":\"https:\\\/\\\/sdf.hr\\\/hr\\\/nada\\\/prljavi-igraju-prljavo\\\/\",\"url\":\"https:\\\/\\\/sdf.hr\\\/hr\\\/nada\\\/prljavi-igraju-prljavo\\\/\",\"name\":\"Prljavi igraju prljavo - SDF - Srpski demokratski forum\",\"isPartOf\":{\"@id\":\"https:\\\/\\\/sdf.hr\\\/#website\"},\"primaryImageOfPage\":{\"@id\":\"https:\\\/\\\/sdf.hr\\\/hr\\\/nada\\\/prljavi-igraju-prljavo\\\/#primaryimage\"},\"image\":{\"@id\":\"https:\\\/\\\/sdf.hr\\\/hr\\\/nada\\\/prljavi-igraju-prljavo\\\/#primaryimage\"},\"thumbnailUrl\":\"https:\\\/\\\/sdf.hr\\\/wp-content\\\/uploads\\\/2026\\\/01\\\/COBA.jpg\",\"datePublished\":\"2026-01-01T16:59:32+00:00\",\"dateModified\":\"2026-01-01T16:59:47+00:00\",\"breadcrumb\":{\"@id\":\"https:\\\/\\\/sdf.hr\\\/hr\\\/nada\\\/prljavi-igraju-prljavo\\\/#breadcrumb\"},\"inLanguage\":\"hr\",\"potentialAction\":[{\"@type\":\"ReadAction\",\"target\":[\"https:\\\/\\\/sdf.hr\\\/hr\\\/nada\\\/prljavi-igraju-prljavo\\\/\"]}]},{\"@type\":\"ImageObject\",\"inLanguage\":\"hr\",\"@id\":\"https:\\\/\\\/sdf.hr\\\/hr\\\/nada\\\/prljavi-igraju-prljavo\\\/#primaryimage\",\"url\":\"https:\\\/\\\/sdf.hr\\\/wp-content\\\/uploads\\\/2026\\\/01\\\/COBA.jpg\",\"contentUrl\":\"https:\\\/\\\/sdf.hr\\\/wp-content\\\/uploads\\\/2026\\\/01\\\/COBA.jpg\",\"width\":1200,\"height\":1057,\"caption\":\"COBA plakat kojim se pozivalo na bojkot prvenstva\"},{\"@type\":\"BreadcrumbList\",\"@id\":\"https:\\\/\\\/sdf.hr\\\/hr\\\/nada\\\/prljavi-igraju-prljavo\\\/#breadcrumb\",\"itemListElement\":[{\"@type\":\"ListItem\",\"position\":1,\"name\":\"Po\u010detna stranica\",\"item\":\"https:\\\/\\\/sdf.hr\\\/hr\\\/\"},{\"@type\":\"ListItem\",\"position\":2,\"name\":\"Nada\",\"item\":\"https:\\\/\\\/sdf.hr\\\/nada\\\/\"},{\"@type\":\"ListItem\",\"position\":3,\"name\":\"Prljavi igraju prljavo\"}]},{\"@type\":\"WebSite\",\"@id\":\"https:\\\/\\\/sdf.hr\\\/#website\",\"url\":\"https:\\\/\\\/sdf.hr\\\/\",\"name\":\"SDF - Srpski demokratski forum\",\"description\":\"Srpski demokratski forum\",\"publisher\":{\"@id\":\"https:\\\/\\\/sdf.hr\\\/#organization\"},\"potentialAction\":[{\"@type\":\"SearchAction\",\"target\":{\"@type\":\"EntryPoint\",\"urlTemplate\":\"https:\\\/\\\/sdf.hr\\\/?s={search_term_string}\"},\"query-input\":{\"@type\":\"PropertyValueSpecification\",\"valueRequired\":true,\"valueName\":\"search_term_string\"}}],\"inLanguage\":\"hr\"},{\"@type\":\"Organization\",\"@id\":\"https:\\\/\\\/sdf.hr\\\/#organization\",\"name\":\"SDF - Srpski demokratski forum\",\"url\":\"https:\\\/\\\/sdf.hr\\\/\",\"logo\":{\"@type\":\"ImageObject\",\"inLanguage\":\"hr\",\"@id\":\"https:\\\/\\\/sdf.hr\\\/#\\\/schema\\\/logo\\\/image\\\/\",\"url\":\"https:\\\/\\\/sdf.hr\\\/wp-content\\\/uploads\\\/2021\\\/07\\\/logo-hr.svg\",\"contentUrl\":\"https:\\\/\\\/sdf.hr\\\/wp-content\\\/uploads\\\/2021\\\/07\\\/logo-hr.svg\",\"width\":271,\"height\":100,\"caption\":\"SDF - Srpski demokratski forum\"},\"image\":{\"@id\":\"https:\\\/\\\/sdf.hr\\\/#\\\/schema\\\/logo\\\/image\\\/\"}}]}<\/script>\n<!-- \/ Yoast SEO plugin. -->","yoast_head_json":{"title":"Prljavi igraju prljavo - SDF - Srpski demokratski forum","robots":{"index":"index","follow":"follow","max-snippet":"max-snippet:-1","max-image-preview":"max-image-preview:large","max-video-preview":"max-video-preview:-1"},"canonical":"https:\/\/sdf.hr\/hr\/nada\/prljavi-igraju-prljavo\/","og_locale":"hr_HR","og_type":"article","og_title":"Prljavi igraju prljavo - SDF - Srpski demokratski forum","og_description":"Godina je 1978., u Argentini traje guerra sucia, vojna hunta se raskala\u0161ila, progoni ljevi\u010dare, sindikaliste, studente. Zemlja je doma\u0107in Svjetskog nogometnog prvenstva, a diktatura ga je naumila iskoristiti za propagandu i globalno peglanje imid\u017ea","og_url":"https:\/\/sdf.hr\/hr\/nada\/prljavi-igraju-prljavo\/","og_site_name":"SDF - Srpski demokratski forum","article_modified_time":"2026-01-01T16:59:47+00:00","og_image":[{"width":1200,"height":1057,"url":"https:\/\/sdf.hr\/wp-content\/uploads\/2026\/01\/COBA.jpg","type":"image\/jpeg"}],"twitter_card":"summary_large_image","twitter_misc":{"Procijenjeno vrijeme \u010ditanja":"3 minute"},"schema":{"@context":"https:\/\/schema.org","@graph":[{"@type":"WebPage","@id":"https:\/\/sdf.hr\/hr\/nada\/prljavi-igraju-prljavo\/","url":"https:\/\/sdf.hr\/hr\/nada\/prljavi-igraju-prljavo\/","name":"Prljavi igraju prljavo - SDF - Srpski demokratski forum","isPartOf":{"@id":"https:\/\/sdf.hr\/#website"},"primaryImageOfPage":{"@id":"https:\/\/sdf.hr\/hr\/nada\/prljavi-igraju-prljavo\/#primaryimage"},"image":{"@id":"https:\/\/sdf.hr\/hr\/nada\/prljavi-igraju-prljavo\/#primaryimage"},"thumbnailUrl":"https:\/\/sdf.hr\/wp-content\/uploads\/2026\/01\/COBA.jpg","datePublished":"2026-01-01T16:59:32+00:00","dateModified":"2026-01-01T16:59:47+00:00","breadcrumb":{"@id":"https:\/\/sdf.hr\/hr\/nada\/prljavi-igraju-prljavo\/#breadcrumb"},"inLanguage":"hr","potentialAction":[{"@type":"ReadAction","target":["https:\/\/sdf.hr\/hr\/nada\/prljavi-igraju-prljavo\/"]}]},{"@type":"ImageObject","inLanguage":"hr","@id":"https:\/\/sdf.hr\/hr\/nada\/prljavi-igraju-prljavo\/#primaryimage","url":"https:\/\/sdf.hr\/wp-content\/uploads\/2026\/01\/COBA.jpg","contentUrl":"https:\/\/sdf.hr\/wp-content\/uploads\/2026\/01\/COBA.jpg","width":1200,"height":1057,"caption":"COBA plakat kojim se pozivalo na bojkot prvenstva"},{"@type":"BreadcrumbList","@id":"https:\/\/sdf.hr\/hr\/nada\/prljavi-igraju-prljavo\/#breadcrumb","itemListElement":[{"@type":"ListItem","position":1,"name":"Po\u010detna stranica","item":"https:\/\/sdf.hr\/hr\/"},{"@type":"ListItem","position":2,"name":"Nada","item":"https:\/\/sdf.hr\/nada\/"},{"@type":"ListItem","position":3,"name":"Prljavi igraju prljavo"}]},{"@type":"WebSite","@id":"https:\/\/sdf.hr\/#website","url":"https:\/\/sdf.hr\/","name":"SDF - Srpski demokratski forum","description":"Srpski demokratski forum","publisher":{"@id":"https:\/\/sdf.hr\/#organization"},"potentialAction":[{"@type":"SearchAction","target":{"@type":"EntryPoint","urlTemplate":"https:\/\/sdf.hr\/?s={search_term_string}"},"query-input":{"@type":"PropertyValueSpecification","valueRequired":true,"valueName":"search_term_string"}}],"inLanguage":"hr"},{"@type":"Organization","@id":"https:\/\/sdf.hr\/#organization","name":"SDF - Srpski demokratski forum","url":"https:\/\/sdf.hr\/","logo":{"@type":"ImageObject","inLanguage":"hr","@id":"https:\/\/sdf.hr\/#\/schema\/logo\/image\/","url":"https:\/\/sdf.hr\/wp-content\/uploads\/2021\/07\/logo-hr.svg","contentUrl":"https:\/\/sdf.hr\/wp-content\/uploads\/2021\/07\/logo-hr.svg","width":271,"height":100,"caption":"SDF - Srpski demokratski forum"},"image":{"@id":"https:\/\/sdf.hr\/#\/schema\/logo\/image\/"}}]}},"_links":{"self":[{"href":"https:\/\/sdf.hr\/hr\/wp-json\/wp\/v2\/nada\/7828","targetHints":{"allow":["GET"]}}],"collection":[{"href":"https:\/\/sdf.hr\/hr\/wp-json\/wp\/v2\/nada"}],"about":[{"href":"https:\/\/sdf.hr\/hr\/wp-json\/wp\/v2\/types\/nada"}],"wp:featuredmedia":[{"embeddable":true,"href":"https:\/\/sdf.hr\/hr\/wp-json\/wp\/v2\/media\/7827"}],"wp:attachment":[{"href":"https:\/\/sdf.hr\/hr\/wp-json\/wp\/v2\/media?parent=7828"}],"wp:term":[{"taxonomy":"post_tag","embeddable":true,"href":"https:\/\/sdf.hr\/hr\/wp-json\/wp\/v2\/tags?post=7828"},{"taxonomy":"atribut","embeddable":true,"href":"https:\/\/sdf.hr\/hr\/wp-json\/wp\/v2\/atribut?post=7828"}],"curies":[{"name":"wp","href":"https:\/\/api.w.org\/{rel}","templated":true}]}}