{"id":7840,"date":"2026-01-03T08:09:13","date_gmt":"2026-01-03T07:09:13","guid":{"rendered":"https:\/\/sdf.hr\/nada\/torta-goranka\/"},"modified":"2026-01-03T08:19:51","modified_gmt":"2026-01-03T07:19:51","slug":"torta-goranka","status":"publish","type":"nada","link":"https:\/\/sdf.hr\/hr\/nada\/torta-goranka\/","title":{"rendered":"Torta Goranka"},"content":{"rendered":"<p>Ovu tortu sam nazvala Goranka zbog toga \u0161to se u koricama nalaze kru\u0161ne mrvice, a njih sam napravila od doma\u0107eg kruha umije\u0161enog s mojim doma\u0107im kvasom koji od milja zovem Goranka. Pa kako \u017eivim u Gorskom kotaru, neka i ova slastica nosi to lijepo ime.<\/p>\n<p>U torti se isprepli\u0107u okusi kave, ruma, \u010dokolade i oraha te joj daju onu finu aromu zimskih torti. Goranka je u stilu poznatih klasi\u010dnih torti poput reform torte s koricama i kuhanom kremom od jaja, \u0161e\u0107era i maslaca te ne sadr\u017ei bra\u0161no (osim u mrvicama kruha). Najbolje ju je pripremiti dan ranije pa ostaviti na hladnom mjestu da se arome pro\u017emu. Ukoliko ste ljubitelj okusa kave, ova torta je odli\u010dna slastica za vas.<\/p>\n<p>Tortu sam radila u \u010detvrtastom obliku, a vi je mo\u017eete pe\u0107i u klasi\u010dnom okruglom kalupu tako da ispe\u010dete dvije kore koje \u0107ete prerezati da dobijete \u010detiri lista. Ukoliko trebate ve\u0107u tortu, udvostru\u010dite sastojke. Moj savjet je da najprije skuhate kremu jer \u0107e joj trebati neko vrijeme da se ohladi.<\/p>\n<p>&nbsp;<\/p>\n<p><strong><em>Za korice:<\/em><\/strong><\/p>\n<p>6 jaja<\/p>\n<p>160 g \u0161e\u0107era<\/p>\n<p>180 g mljevenih oraha<\/p>\n<p>50 g kru\u0161nih mrvica (stavila sam kruh s doma\u0107im kvasom)<\/p>\n<p>120 ml jake crne kave<\/p>\n<p>1 \u017elica ruma<\/p>\n<p>Prstohvat soli<\/p>\n<p>Odvojite \u017eumanjke od bjelanjaka. Pomije\u0161ajte jaku, crnu kavu i dodajte \u017elicu ruma. Time prelijte kru\u0161ne mrvice te ostavite da se ohladi i da mrvice popiju teku\u0107inu. Bjelanjke malo posolite i miksajte dok ne dobijete \u010dvrst snijeg.<\/p>\n<p>\u017dumanjke pjenasto izmiksajte sa \u0161e\u0107erom pa u tu smjesu dodajte natopljene mrvice i mljevene orahe. Na kraju ru\u010dno umije\u0161ajte snijeg. Veliki lim od pe\u0107nice oblo\u017eite papirom za pe\u010denje, istresite i poravnajte smjesu pa pecite na 180 stupnjeva oko 10 minuta. Nemojte prepe\u0107i koru da ne bude suha.<\/p>\n<p>&nbsp;<\/p>\n<p><strong><em>Za kremu:<\/em><\/strong><\/p>\n<p>3 jaja<\/p>\n<p>120 g \u0161e\u0107era<\/p>\n<p>100 ml jake crne kave<\/p>\n<p>10 g \u0161krobnog bra\u0161na<\/p>\n<p>1 \u017elica ruma<\/p>\n<p>200 g omek\u0161alo maslaca<\/p>\n<p>Pomije\u0161ajte jaja, \u0161e\u0107er, \u0161krobno bra\u0161no i rum, dodajte kavu i kuhajte sve na pari dok se ne zgusne. Tako skuhanu kremu prekrijte prozirnom folijom da se ne stvori korica te ohladite na sobnoj temperaturi.<\/p>\n<p>Maslac sobne temperature pjenasto izradite pa sjedinite s kremom. Nastojte da vam budu jednako temperirani kako se ne bi stvorile grudice kod miksanja.<\/p>\n<p>Koru prere\u017eite na pola pa jo\u0161 na pola da dobijete \u010detiri kvadrata. Na pladanj za torte sla\u017eite koru pa kremu dok ne potro\u0161ite kore. Ostavite dvije \u017elice kreme za premazati cijelu tortu.<\/p>\n<p>&nbsp;<\/p>\n<p><strong><em>Za ukra\u0161avanje:<\/em><\/strong><\/p>\n<p>300 g tamne \u010dokolade<\/p>\n<p>150 g vrhnja za \u0161lag<\/p>\n<p>Nasjeckajte \u010dokoladu, a vrhnje za \u0161lag ugrijte no ne smije po\u010deti kuhati. Vru\u0107e prelijte preko \u010dokolade i mije\u0161ajte dok se \u010dokolada ne otopi. Toplim gana\u0161om prelijte rubove torte, a ostatak ostavite da se ohladi. Ohla\u0111eni gana\u0161 malo izradite mikserom te napunite dresir vre\u0107icu pa ukrasite tortu.<\/p>\n<p>Prije poslu\u017eivanja tortu ostavite pola sata na sobnoj temperaturi kako bi omek\u0161ala pa \u0107e se lak\u0161e rezati.<\/p>\n<p>Dobar tek!<\/p>\n<p><em>pi\u0161e Vanja Vukadinovi\u0107<\/em><\/p>\n","protected":false},"excerpt":{"rendered":"<p>Goranka je u stilu poznatih klasi\u010dnih torti s koricama i kuhanom kremom od jaja, \u0161e\u0107era i maslaca te prakti\u010dki ne sadr\u017ei bra\u0161no<\/p>\n","protected":false},"featured_media":7839,"template":"","tags":[42],"atribut":[],"class_list":["post-7840","nada","type-nada","status-publish","has-post-thumbnail","hentry","tag-gorski-kotao"],"acf":[],"yoast_head":"<!-- This site is optimized with the Yoast SEO plugin v27.4 - https:\/\/yoast.com\/product\/yoast-seo-wordpress\/ -->\n<title>Torta Goranka - SDF - Srpski demokratski forum<\/title>\n<meta name=\"robots\" content=\"index, follow, max-snippet:-1, max-image-preview:large, max-video-preview:-1\" \/>\n<link rel=\"canonical\" href=\"https:\/\/sdf.hr\/hr\/nada\/torta-goranka\/\" \/>\n<meta property=\"og:locale\" content=\"hr_HR\" \/>\n<meta property=\"og:type\" content=\"article\" \/>\n<meta property=\"og:title\" content=\"Torta Goranka - SDF - Srpski demokratski forum\" \/>\n<meta property=\"og:description\" content=\"Goranka je u stilu poznatih klasi\u010dnih torti s koricama i kuhanom kremom od jaja, \u0161e\u0107era i maslaca te prakti\u010dki ne sadr\u017ei bra\u0161no\" \/>\n<meta property=\"og:url\" content=\"https:\/\/sdf.hr\/hr\/nada\/torta-goranka\/\" \/>\n<meta property=\"og:site_name\" content=\"SDF - Srpski demokratski forum\" \/>\n<meta property=\"article:modified_time\" content=\"2026-01-03T07:19:51+00:00\" \/>\n<meta property=\"og:image\" content=\"https:\/\/sdf.hr\/wp-content\/uploads\/2026\/01\/Goranka1-scaled.jpg\" \/>\n\t<meta property=\"og:image:width\" content=\"2560\" \/>\n\t<meta property=\"og:image:height\" content=\"1920\" \/>\n\t<meta property=\"og:image:type\" content=\"image\/jpeg\" \/>\n<meta name=\"twitter:card\" content=\"summary_large_image\" \/>\n<meta name=\"twitter:label1\" content=\"Procijenjeno vrijeme \u010ditanja\" \/>\n\t<meta name=\"twitter:data1\" content=\"3 minute\" \/>\n<script type=\"application\/ld+json\" class=\"yoast-schema-graph\">{\"@context\":\"https:\\\/\\\/schema.org\",\"@graph\":[{\"@type\":\"WebPage\",\"@id\":\"https:\\\/\\\/sdf.hr\\\/hr\\\/nada\\\/torta-goranka\\\/\",\"url\":\"https:\\\/\\\/sdf.hr\\\/hr\\\/nada\\\/torta-goranka\\\/\",\"name\":\"Torta Goranka - SDF - Srpski demokratski forum\",\"isPartOf\":{\"@id\":\"https:\\\/\\\/sdf.hr\\\/#website\"},\"primaryImageOfPage\":{\"@id\":\"https:\\\/\\\/sdf.hr\\\/hr\\\/nada\\\/torta-goranka\\\/#primaryimage\"},\"image\":{\"@id\":\"https:\\\/\\\/sdf.hr\\\/hr\\\/nada\\\/torta-goranka\\\/#primaryimage\"},\"thumbnailUrl\":\"https:\\\/\\\/sdf.hr\\\/wp-content\\\/uploads\\\/2026\\\/01\\\/Goranka1-scaled.jpg\",\"datePublished\":\"2026-01-03T07:09:13+00:00\",\"dateModified\":\"2026-01-03T07:19:51+00:00\",\"breadcrumb\":{\"@id\":\"https:\\\/\\\/sdf.hr\\\/hr\\\/nada\\\/torta-goranka\\\/#breadcrumb\"},\"inLanguage\":\"hr\",\"potentialAction\":[{\"@type\":\"ReadAction\",\"target\":[\"https:\\\/\\\/sdf.hr\\\/hr\\\/nada\\\/torta-goranka\\\/\"]}]},{\"@type\":\"ImageObject\",\"inLanguage\":\"hr\",\"@id\":\"https:\\\/\\\/sdf.hr\\\/hr\\\/nada\\\/torta-goranka\\\/#primaryimage\",\"url\":\"https:\\\/\\\/sdf.hr\\\/wp-content\\\/uploads\\\/2026\\\/01\\\/Goranka1-scaled.jpg\",\"contentUrl\":\"https:\\\/\\\/sdf.hr\\\/wp-content\\\/uploads\\\/2026\\\/01\\\/Goranka1-scaled.jpg\",\"width\":2560,\"height\":1920},{\"@type\":\"BreadcrumbList\",\"@id\":\"https:\\\/\\\/sdf.hr\\\/hr\\\/nada\\\/torta-goranka\\\/#breadcrumb\",\"itemListElement\":[{\"@type\":\"ListItem\",\"position\":1,\"name\":\"Po\u010detna stranica\",\"item\":\"https:\\\/\\\/sdf.hr\\\/hr\\\/\"},{\"@type\":\"ListItem\",\"position\":2,\"name\":\"Nada\",\"item\":\"https:\\\/\\\/sdf.hr\\\/nada\\\/\"},{\"@type\":\"ListItem\",\"position\":3,\"name\":\"Torta Goranka\"}]},{\"@type\":\"WebSite\",\"@id\":\"https:\\\/\\\/sdf.hr\\\/#website\",\"url\":\"https:\\\/\\\/sdf.hr\\\/\",\"name\":\"SDF - Srpski demokratski forum\",\"description\":\"Srpski demokratski forum\",\"publisher\":{\"@id\":\"https:\\\/\\\/sdf.hr\\\/#organization\"},\"potentialAction\":[{\"@type\":\"SearchAction\",\"target\":{\"@type\":\"EntryPoint\",\"urlTemplate\":\"https:\\\/\\\/sdf.hr\\\/?s={search_term_string}\"},\"query-input\":{\"@type\":\"PropertyValueSpecification\",\"valueRequired\":true,\"valueName\":\"search_term_string\"}}],\"inLanguage\":\"hr\"},{\"@type\":\"Organization\",\"@id\":\"https:\\\/\\\/sdf.hr\\\/#organization\",\"name\":\"SDF - Srpski demokratski forum\",\"url\":\"https:\\\/\\\/sdf.hr\\\/\",\"logo\":{\"@type\":\"ImageObject\",\"inLanguage\":\"hr\",\"@id\":\"https:\\\/\\\/sdf.hr\\\/#\\\/schema\\\/logo\\\/image\\\/\",\"url\":\"https:\\\/\\\/sdf.hr\\\/wp-content\\\/uploads\\\/2021\\\/07\\\/logo-hr.svg\",\"contentUrl\":\"https:\\\/\\\/sdf.hr\\\/wp-content\\\/uploads\\\/2021\\\/07\\\/logo-hr.svg\",\"width\":271,\"height\":100,\"caption\":\"SDF - Srpski demokratski forum\"},\"image\":{\"@id\":\"https:\\\/\\\/sdf.hr\\\/#\\\/schema\\\/logo\\\/image\\\/\"}}]}<\/script>\n<!-- \/ Yoast SEO plugin. -->","yoast_head_json":{"title":"Torta Goranka - SDF - Srpski demokratski forum","robots":{"index":"index","follow":"follow","max-snippet":"max-snippet:-1","max-image-preview":"max-image-preview:large","max-video-preview":"max-video-preview:-1"},"canonical":"https:\/\/sdf.hr\/hr\/nada\/torta-goranka\/","og_locale":"hr_HR","og_type":"article","og_title":"Torta Goranka - SDF - Srpski demokratski forum","og_description":"Goranka je u stilu poznatih klasi\u010dnih torti s koricama i kuhanom kremom od jaja, \u0161e\u0107era i maslaca te prakti\u010dki ne sadr\u017ei bra\u0161no","og_url":"https:\/\/sdf.hr\/hr\/nada\/torta-goranka\/","og_site_name":"SDF - Srpski demokratski forum","article_modified_time":"2026-01-03T07:19:51+00:00","og_image":[{"width":2560,"height":1920,"url":"https:\/\/sdf.hr\/wp-content\/uploads\/2026\/01\/Goranka1-scaled.jpg","type":"image\/jpeg"}],"twitter_card":"summary_large_image","twitter_misc":{"Procijenjeno vrijeme \u010ditanja":"3 minute"},"schema":{"@context":"https:\/\/schema.org","@graph":[{"@type":"WebPage","@id":"https:\/\/sdf.hr\/hr\/nada\/torta-goranka\/","url":"https:\/\/sdf.hr\/hr\/nada\/torta-goranka\/","name":"Torta Goranka - SDF - Srpski demokratski forum","isPartOf":{"@id":"https:\/\/sdf.hr\/#website"},"primaryImageOfPage":{"@id":"https:\/\/sdf.hr\/hr\/nada\/torta-goranka\/#primaryimage"},"image":{"@id":"https:\/\/sdf.hr\/hr\/nada\/torta-goranka\/#primaryimage"},"thumbnailUrl":"https:\/\/sdf.hr\/wp-content\/uploads\/2026\/01\/Goranka1-scaled.jpg","datePublished":"2026-01-03T07:09:13+00:00","dateModified":"2026-01-03T07:19:51+00:00","breadcrumb":{"@id":"https:\/\/sdf.hr\/hr\/nada\/torta-goranka\/#breadcrumb"},"inLanguage":"hr","potentialAction":[{"@type":"ReadAction","target":["https:\/\/sdf.hr\/hr\/nada\/torta-goranka\/"]}]},{"@type":"ImageObject","inLanguage":"hr","@id":"https:\/\/sdf.hr\/hr\/nada\/torta-goranka\/#primaryimage","url":"https:\/\/sdf.hr\/wp-content\/uploads\/2026\/01\/Goranka1-scaled.jpg","contentUrl":"https:\/\/sdf.hr\/wp-content\/uploads\/2026\/01\/Goranka1-scaled.jpg","width":2560,"height":1920},{"@type":"BreadcrumbList","@id":"https:\/\/sdf.hr\/hr\/nada\/torta-goranka\/#breadcrumb","itemListElement":[{"@type":"ListItem","position":1,"name":"Po\u010detna stranica","item":"https:\/\/sdf.hr\/hr\/"},{"@type":"ListItem","position":2,"name":"Nada","item":"https:\/\/sdf.hr\/nada\/"},{"@type":"ListItem","position":3,"name":"Torta Goranka"}]},{"@type":"WebSite","@id":"https:\/\/sdf.hr\/#website","url":"https:\/\/sdf.hr\/","name":"SDF - Srpski demokratski forum","description":"Srpski demokratski forum","publisher":{"@id":"https:\/\/sdf.hr\/#organization"},"potentialAction":[{"@type":"SearchAction","target":{"@type":"EntryPoint","urlTemplate":"https:\/\/sdf.hr\/?s={search_term_string}"},"query-input":{"@type":"PropertyValueSpecification","valueRequired":true,"valueName":"search_term_string"}}],"inLanguage":"hr"},{"@type":"Organization","@id":"https:\/\/sdf.hr\/#organization","name":"SDF - Srpski demokratski forum","url":"https:\/\/sdf.hr\/","logo":{"@type":"ImageObject","inLanguage":"hr","@id":"https:\/\/sdf.hr\/#\/schema\/logo\/image\/","url":"https:\/\/sdf.hr\/wp-content\/uploads\/2021\/07\/logo-hr.svg","contentUrl":"https:\/\/sdf.hr\/wp-content\/uploads\/2021\/07\/logo-hr.svg","width":271,"height":100,"caption":"SDF - Srpski demokratski forum"},"image":{"@id":"https:\/\/sdf.hr\/#\/schema\/logo\/image\/"}}]}},"_links":{"self":[{"href":"https:\/\/sdf.hr\/hr\/wp-json\/wp\/v2\/nada\/7840","targetHints":{"allow":["GET"]}}],"collection":[{"href":"https:\/\/sdf.hr\/hr\/wp-json\/wp\/v2\/nada"}],"about":[{"href":"https:\/\/sdf.hr\/hr\/wp-json\/wp\/v2\/types\/nada"}],"wp:featuredmedia":[{"embeddable":true,"href":"https:\/\/sdf.hr\/hr\/wp-json\/wp\/v2\/media\/7839"}],"wp:attachment":[{"href":"https:\/\/sdf.hr\/hr\/wp-json\/wp\/v2\/media?parent=7840"}],"wp:term":[{"taxonomy":"post_tag","embeddable":true,"href":"https:\/\/sdf.hr\/hr\/wp-json\/wp\/v2\/tags?post=7840"},{"taxonomy":"atribut","embeddable":true,"href":"https:\/\/sdf.hr\/hr\/wp-json\/wp\/v2\/atribut?post=7840"}],"curies":[{"name":"wp","href":"https:\/\/api.w.org\/{rel}","templated":true}]}}