{"id":7866,"date":"2026-01-14T08:50:23","date_gmt":"2026-01-14T07:50:23","guid":{"rendered":"https:\/\/sdf.hr\/nada\/palestina-bez-palestine\/"},"modified":"2026-01-14T13:58:13","modified_gmt":"2026-01-14T12:58:13","slug":"palestina-bez-palestine","status":"publish","type":"nada","link":"https:\/\/sdf.hr\/hr\/nada\/palestina-bez-palestine\/","title":{"rendered":"Palestina bez Palestine"},"content":{"rendered":"<p>Ususret nadolaze\u0107em Svjetskom nogometnom prvenstvu, objavljivat \u0107emo u ovoj rubrici crtice iz historije prvenstva i FIFA-e kao organizacije. Tre\u0107i vremeplov zovemo &#8220;Palestina bez Palestine&#8221;.<\/p>\n<p>Na <strong>Mussolinijevom<\/strong> Svjetskom prvenstvu 1934. odr\u017eanom u Italiji 16 ekipa se borilo za titulu. Na prvenstvo se nije kvalificirala palestinska reprezentacija, izgubila je u kvalifikacijama protiv Egipta. Egipat je produ\u017eio na SP, ali sudjelovanje Palestine u kvalifikacijama i danas se \u010desto navodi kao primjer povijesne uklju\u010divosti FIFA-e. Iako je to\u010dno da su slu\u017ebene internacionalne nogometne utakmice i prije 1948. nazivane palestinskima, pri\u010da o palestinskoj reprezentaciji uklju\u010duje podle politi\u010dke manevre i razli\u010dite oblike zakulisnog isklju\u010divanja. Vratimo se na 1934. \u2013 osim \u0161to se radilo o kvalifikacijama za eksplicitno fa\u0161isti\u010dki nogometni spektakl, bli\u017ei pogled na sudjelovanje Palestine u kvalifikacijama rezultira jo\u0161 pokojom neugodnom \u010dinjenicom. Naime, palestinska reprezentacija bila je tih 1930-ih sastavljena prete\u017eno od cionisti\u010dkih i britanskih igra\u010da te slu\u017ebeno nazvana Palestinska mandatna nogometna reprezentacija. Razlog tome nije bio nedostatak arapskih palestinskih talenata, ve\u0107 sustavna marginalizacija Palestinaca.<\/p>\n<p>Dvadesetih godina 20. stolje\u0107a cionisti\u010dki klubovi na podru\u010dju Palestine monopolizirali su me\u0111unarodnu sportsku reprezentaciju zemlje i 1929. dobili \u010dlanstvo u FIFA-i, nazivaju\u0107i se Palestinskim nogometnim savezom. Taj savez nije samo zabranio arapsku palestinsku reprezentaciju, zagovarao je i politiku kojom se druge arapske zemlje onemogu\u0107avalo da igraju protiv te reprezentacije, navode\u0107i kao glavni razlog nedostatak slu\u017ebenog priznanja i povezanosti s FIFA-om. Kao odgovor na te poteze, 1931. je osnovana arapsko-palestinska reprezentacija koja je odigrala prvu utakmicu u Bejrutu. Iste godine pokrenut je i Arapski sportski savez s idejom da slu\u017ei kao krovna sportska institucija u Palestini.<\/p>\n<p>Tajnik Arapskog sportskog saveza <strong>Khader Kamal<\/strong> 1933. je u telegramu FIFA-i naveo da se palestinska reprezentacija koju je odobrila FIFA sastoji gotovo isklju\u010divo od cionista, iako oni u Palestini \u010dine manje od tre\u0107ine stanovni\u0161tva. Izrazio je nadu da \u0107e FIFA priznati Arapski sportski savez kao sportski entitet koji predstavlja ve\u0107inu stanovni\u0161tva u zemlji. FIFA je odgovorila da \u0107e priznanje Arapskog sportskog saveza razmotriti, ali odobrenje savezu nikad nije stiglo.<\/p>\n<p>Nakon \u0161to je sporazumom u Oslu 1994. uspostavljena Palestinska samouprava, duga palestinska potraga za \u010dlanstvom u FIFA-i kulminirala je prihva\u0107anjem 1998. godine. Sporazum u Oslu u mnogo\u010demu je postao utjelovljenje odustajanja od palestinskih progresivnih politi\u010dkih ciljeva, pa je u tom svjetlu stasala i nova nogometna reprezentacija. Palestinski nogometni savez posljednja dva desetlje\u0107a FIFA-u povla\u010di za rukav oko sankcija Izraelu, kako po pitanju okupacije, tako i po pitanju masovnog uni\u0161tavanja sportske infrastrukture i ubijanja sporta\u0161a i sporta\u0161ica.<\/p>\n<p>Vi\u0161e od 30 pravnih stru\u010dnjaka pozvalo je FIFA-u i UEFA-u da zabrane Izraelu sudjelovanje u natjecanjima zbog genocida u Gazi. Stotine tisu\u0107a nogometnih navija\u010da diljem svijeta pozvale su na sli\u010dne mjere protiv Izraela od oktobra 2023. godine. Navija\u010di su koristili transparente, upade na terene, napu\u0161tanje stadiona i druge metode kako bi stvorili pritisak na krovnu svjetsku nogometnu organizaciju. Trud im zasad nije polu\u010dio mnogo uspjeha, a FIFA takvom praksom ostaje vjerna politici pristajanja isklju\u010divo na Palestinu bez Palestine.<\/p>\n<p><em>pi\u0161e Ivana Peri\u0107<\/em><\/p>\n","protected":false},"excerpt":{"rendered":"<p>Palestinska reprezentacija je 1930-ih bila sastavljena prete\u017eno od cionisti\u010dkih i britanskih igra\u010da. Razlog tome nije bio nedostatak arapskih talenata, ve\u0107 sustavna marginalizacija Palestinaca<\/p>\n","protected":false},"featured_media":7865,"template":"","tags":[40],"atribut":[],"class_list":["post-7866","nada","type-nada","status-publish","has-post-thumbnail","hentry","tag-dvokorak-naprijed"],"acf":[],"yoast_head":"<!-- This site is optimized with the Yoast SEO plugin v27.4 - https:\/\/yoast.com\/product\/yoast-seo-wordpress\/ -->\n<title>Palestina bez Palestine - SDF - Srpski demokratski forum<\/title>\n<meta name=\"robots\" content=\"index, follow, max-snippet:-1, max-image-preview:large, max-video-preview:-1\" \/>\n<link rel=\"canonical\" href=\"https:\/\/sdf.hr\/hr\/nada\/palestina-bez-palestine\/\" \/>\n<meta property=\"og:locale\" content=\"hr_HR\" \/>\n<meta property=\"og:type\" content=\"article\" \/>\n<meta property=\"og:title\" content=\"Palestina bez Palestine - SDF - Srpski demokratski forum\" \/>\n<meta property=\"og:description\" content=\"Palestinska reprezentacija je 1930-ih bila sastavljena prete\u017eno od cionisti\u010dkih i britanskih igra\u010da. Razlog tome nije bio nedostatak arapskih talenata, ve\u0107 sustavna marginalizacija Palestinaca\" \/>\n<meta property=\"og:url\" content=\"https:\/\/sdf.hr\/hr\/nada\/palestina-bez-palestine\/\" \/>\n<meta property=\"og:site_name\" content=\"SDF - Srpski demokratski forum\" \/>\n<meta property=\"article:modified_time\" content=\"2026-01-14T12:58:13+00:00\" \/>\n<meta property=\"og:image\" content=\"https:\/\/sdf.hr\/wp-content\/uploads\/2026\/01\/Palestinska-reprezentacija_Wikipedia-1024x683.png\" \/>\n\t<meta property=\"og:image:width\" content=\"1024\" \/>\n\t<meta property=\"og:image:height\" content=\"683\" \/>\n\t<meta property=\"og:image:type\" content=\"image\/png\" \/>\n<meta name=\"twitter:card\" content=\"summary_large_image\" \/>\n<meta name=\"twitter:label1\" content=\"Procijenjeno vrijeme \u010ditanja\" \/>\n\t<meta name=\"twitter:data1\" content=\"3 minute\" \/>\n<script type=\"application\/ld+json\" class=\"yoast-schema-graph\">{\"@context\":\"https:\\\/\\\/schema.org\",\"@graph\":[{\"@type\":\"WebPage\",\"@id\":\"https:\\\/\\\/sdf.hr\\\/hr\\\/nada\\\/palestina-bez-palestine\\\/\",\"url\":\"https:\\\/\\\/sdf.hr\\\/hr\\\/nada\\\/palestina-bez-palestine\\\/\",\"name\":\"Palestina bez Palestine - SDF - Srpski demokratski forum\",\"isPartOf\":{\"@id\":\"https:\\\/\\\/sdf.hr\\\/#website\"},\"primaryImageOfPage\":{\"@id\":\"https:\\\/\\\/sdf.hr\\\/hr\\\/nada\\\/palestina-bez-palestine\\\/#primaryimage\"},\"image\":{\"@id\":\"https:\\\/\\\/sdf.hr\\\/hr\\\/nada\\\/palestina-bez-palestine\\\/#primaryimage\"},\"thumbnailUrl\":\"https:\\\/\\\/sdf.hr\\\/wp-content\\\/uploads\\\/2026\\\/01\\\/Palestinska-reprezentacija_Wikipedia.png\",\"datePublished\":\"2026-01-14T07:50:23+00:00\",\"dateModified\":\"2026-01-14T12:58:13+00:00\",\"breadcrumb\":{\"@id\":\"https:\\\/\\\/sdf.hr\\\/hr\\\/nada\\\/palestina-bez-palestine\\\/#breadcrumb\"},\"inLanguage\":\"hr\",\"potentialAction\":[{\"@type\":\"ReadAction\",\"target\":[\"https:\\\/\\\/sdf.hr\\\/hr\\\/nada\\\/palestina-bez-palestine\\\/\"]}]},{\"@type\":\"ImageObject\",\"inLanguage\":\"hr\",\"@id\":\"https:\\\/\\\/sdf.hr\\\/hr\\\/nada\\\/palestina-bez-palestine\\\/#primaryimage\",\"url\":\"https:\\\/\\\/sdf.hr\\\/wp-content\\\/uploads\\\/2026\\\/01\\\/Palestinska-reprezentacija_Wikipedia.png\",\"contentUrl\":\"https:\\\/\\\/sdf.hr\\\/wp-content\\\/uploads\\\/2026\\\/01\\\/Palestinska-reprezentacija_Wikipedia.png\",\"width\":1536,\"height\":1024,\"caption\":\"Palestinska mandatna nogometna reprezentacija (Foto: Wikipedia)\"},{\"@type\":\"BreadcrumbList\",\"@id\":\"https:\\\/\\\/sdf.hr\\\/hr\\\/nada\\\/palestina-bez-palestine\\\/#breadcrumb\",\"itemListElement\":[{\"@type\":\"ListItem\",\"position\":1,\"name\":\"Po\u010detna stranica\",\"item\":\"https:\\\/\\\/sdf.hr\\\/hr\\\/\"},{\"@type\":\"ListItem\",\"position\":2,\"name\":\"Nada\",\"item\":\"https:\\\/\\\/sdf.hr\\\/nada\\\/\"},{\"@type\":\"ListItem\",\"position\":3,\"name\":\"Palestina bez Palestine\"}]},{\"@type\":\"WebSite\",\"@id\":\"https:\\\/\\\/sdf.hr\\\/#website\",\"url\":\"https:\\\/\\\/sdf.hr\\\/\",\"name\":\"SDF - Srpski demokratski forum\",\"description\":\"Srpski demokratski forum\",\"publisher\":{\"@id\":\"https:\\\/\\\/sdf.hr\\\/#organization\"},\"potentialAction\":[{\"@type\":\"SearchAction\",\"target\":{\"@type\":\"EntryPoint\",\"urlTemplate\":\"https:\\\/\\\/sdf.hr\\\/?s={search_term_string}\"},\"query-input\":{\"@type\":\"PropertyValueSpecification\",\"valueRequired\":true,\"valueName\":\"search_term_string\"}}],\"inLanguage\":\"hr\"},{\"@type\":\"Organization\",\"@id\":\"https:\\\/\\\/sdf.hr\\\/#organization\",\"name\":\"SDF - Srpski demokratski forum\",\"url\":\"https:\\\/\\\/sdf.hr\\\/\",\"logo\":{\"@type\":\"ImageObject\",\"inLanguage\":\"hr\",\"@id\":\"https:\\\/\\\/sdf.hr\\\/#\\\/schema\\\/logo\\\/image\\\/\",\"url\":\"https:\\\/\\\/sdf.hr\\\/wp-content\\\/uploads\\\/2021\\\/07\\\/logo-hr.svg\",\"contentUrl\":\"https:\\\/\\\/sdf.hr\\\/wp-content\\\/uploads\\\/2021\\\/07\\\/logo-hr.svg\",\"width\":271,\"height\":100,\"caption\":\"SDF - Srpski demokratski forum\"},\"image\":{\"@id\":\"https:\\\/\\\/sdf.hr\\\/#\\\/schema\\\/logo\\\/image\\\/\"}}]}<\/script>\n<!-- \/ Yoast SEO plugin. -->","yoast_head_json":{"title":"Palestina bez Palestine - SDF - Srpski demokratski forum","robots":{"index":"index","follow":"follow","max-snippet":"max-snippet:-1","max-image-preview":"max-image-preview:large","max-video-preview":"max-video-preview:-1"},"canonical":"https:\/\/sdf.hr\/hr\/nada\/palestina-bez-palestine\/","og_locale":"hr_HR","og_type":"article","og_title":"Palestina bez Palestine - SDF - Srpski demokratski forum","og_description":"Palestinska reprezentacija je 1930-ih bila sastavljena prete\u017eno od cionisti\u010dkih i britanskih igra\u010da. Razlog tome nije bio nedostatak arapskih talenata, ve\u0107 sustavna marginalizacija Palestinaca","og_url":"https:\/\/sdf.hr\/hr\/nada\/palestina-bez-palestine\/","og_site_name":"SDF - Srpski demokratski forum","article_modified_time":"2026-01-14T12:58:13+00:00","og_image":[{"width":1024,"height":683,"url":"https:\/\/sdf.hr\/wp-content\/uploads\/2026\/01\/Palestinska-reprezentacija_Wikipedia-1024x683.png","type":"image\/png"}],"twitter_card":"summary_large_image","twitter_misc":{"Procijenjeno vrijeme \u010ditanja":"3 minute"},"schema":{"@context":"https:\/\/schema.org","@graph":[{"@type":"WebPage","@id":"https:\/\/sdf.hr\/hr\/nada\/palestina-bez-palestine\/","url":"https:\/\/sdf.hr\/hr\/nada\/palestina-bez-palestine\/","name":"Palestina bez Palestine - SDF - Srpski demokratski forum","isPartOf":{"@id":"https:\/\/sdf.hr\/#website"},"primaryImageOfPage":{"@id":"https:\/\/sdf.hr\/hr\/nada\/palestina-bez-palestine\/#primaryimage"},"image":{"@id":"https:\/\/sdf.hr\/hr\/nada\/palestina-bez-palestine\/#primaryimage"},"thumbnailUrl":"https:\/\/sdf.hr\/wp-content\/uploads\/2026\/01\/Palestinska-reprezentacija_Wikipedia.png","datePublished":"2026-01-14T07:50:23+00:00","dateModified":"2026-01-14T12:58:13+00:00","breadcrumb":{"@id":"https:\/\/sdf.hr\/hr\/nada\/palestina-bez-palestine\/#breadcrumb"},"inLanguage":"hr","potentialAction":[{"@type":"ReadAction","target":["https:\/\/sdf.hr\/hr\/nada\/palestina-bez-palestine\/"]}]},{"@type":"ImageObject","inLanguage":"hr","@id":"https:\/\/sdf.hr\/hr\/nada\/palestina-bez-palestine\/#primaryimage","url":"https:\/\/sdf.hr\/wp-content\/uploads\/2026\/01\/Palestinska-reprezentacija_Wikipedia.png","contentUrl":"https:\/\/sdf.hr\/wp-content\/uploads\/2026\/01\/Palestinska-reprezentacija_Wikipedia.png","width":1536,"height":1024,"caption":"Palestinska mandatna nogometna reprezentacija (Foto: Wikipedia)"},{"@type":"BreadcrumbList","@id":"https:\/\/sdf.hr\/hr\/nada\/palestina-bez-palestine\/#breadcrumb","itemListElement":[{"@type":"ListItem","position":1,"name":"Po\u010detna stranica","item":"https:\/\/sdf.hr\/hr\/"},{"@type":"ListItem","position":2,"name":"Nada","item":"https:\/\/sdf.hr\/nada\/"},{"@type":"ListItem","position":3,"name":"Palestina bez Palestine"}]},{"@type":"WebSite","@id":"https:\/\/sdf.hr\/#website","url":"https:\/\/sdf.hr\/","name":"SDF - Srpski demokratski forum","description":"Srpski demokratski forum","publisher":{"@id":"https:\/\/sdf.hr\/#organization"},"potentialAction":[{"@type":"SearchAction","target":{"@type":"EntryPoint","urlTemplate":"https:\/\/sdf.hr\/?s={search_term_string}"},"query-input":{"@type":"PropertyValueSpecification","valueRequired":true,"valueName":"search_term_string"}}],"inLanguage":"hr"},{"@type":"Organization","@id":"https:\/\/sdf.hr\/#organization","name":"SDF - Srpski demokratski forum","url":"https:\/\/sdf.hr\/","logo":{"@type":"ImageObject","inLanguage":"hr","@id":"https:\/\/sdf.hr\/#\/schema\/logo\/image\/","url":"https:\/\/sdf.hr\/wp-content\/uploads\/2021\/07\/logo-hr.svg","contentUrl":"https:\/\/sdf.hr\/wp-content\/uploads\/2021\/07\/logo-hr.svg","width":271,"height":100,"caption":"SDF - Srpski demokratski forum"},"image":{"@id":"https:\/\/sdf.hr\/#\/schema\/logo\/image\/"}}]}},"_links":{"self":[{"href":"https:\/\/sdf.hr\/hr\/wp-json\/wp\/v2\/nada\/7866","targetHints":{"allow":["GET"]}}],"collection":[{"href":"https:\/\/sdf.hr\/hr\/wp-json\/wp\/v2\/nada"}],"about":[{"href":"https:\/\/sdf.hr\/hr\/wp-json\/wp\/v2\/types\/nada"}],"wp:featuredmedia":[{"embeddable":true,"href":"https:\/\/sdf.hr\/hr\/wp-json\/wp\/v2\/media\/7865"}],"wp:attachment":[{"href":"https:\/\/sdf.hr\/hr\/wp-json\/wp\/v2\/media?parent=7866"}],"wp:term":[{"taxonomy":"post_tag","embeddable":true,"href":"https:\/\/sdf.hr\/hr\/wp-json\/wp\/v2\/tags?post=7866"},{"taxonomy":"atribut","embeddable":true,"href":"https:\/\/sdf.hr\/hr\/wp-json\/wp\/v2\/atribut?post=7866"}],"curies":[{"name":"wp","href":"https:\/\/api.w.org\/{rel}","templated":true}]}}