{"id":8003,"date":"2026-01-23T10:32:59","date_gmt":"2026-01-23T09:32:59","guid":{"rendered":"https:\/\/sdf.hr\/nada\/oprostite-za-trumpa\/"},"modified":"2026-01-23T10:33:16","modified_gmt":"2026-01-23T09:33:16","slug":"oprostite-za-trumpa","status":"publish","type":"nada","link":"https:\/\/sdf.hr\/hr\/nada\/oprostite-za-trumpa\/","title":{"rendered":"Oprostite za Trumpa"},"content":{"rendered":"<p>Kada sam prvi put ugledala naslovnicu knjige &#8220;Why Do People Hate America?&#8221;, bio je po\u010detak dvijetisu\u0107itih, novi milenij je laskao o filmskoj budu\u0107nost koja je nosila oznaku <em>made in USA<\/em>, a mi jo\u0161 mladi, tek se otresli od rata, \u017eeljeli smo da nas politika zaobi\u0111e, zauvijek ako je mogu\u0107e. Danas bi valjda jednaku pa\u017enju privukao naslov: &#8220;Za\u0161to ljudi vole Ameriku?&#8221; Ne, taj je potpuno besmislen, mo\u017eda: &#8220;Za\u0161to su je ljudi voljeli?&#8221;<\/p>\n<p>Fascinacija moje generacije ro\u0111ene 70-ih i 80-ih SAD-om, uglavnom se svodila na fascinaciju domorodaca \u0161arenim stakalcima: praznim limenkama gaziranih pi\u0107a, \u017evakama i trapericama i, naravno, pop-kulturom. Svakome treba Zemlja \u010cuda, a u Jugoslaviju su \u010duda, ba\u0161 zato \u0161to nije bila iza \u017eeljezna zavjese, dolazila sa Zapada, imala su rokerski i hollywoodski \u0161mek i obe\u0107avala slobodu koja nikad ne umije <em>da peva kao \u0161to su su\u017enji pevali o njoj.<\/em><\/p>\n<p>Hladni rat je bio referentna to\u010dka na\u0161ih odrastanja, pop kulturna referenca, nitko ubrojiv nije bio na strani SAD-a ili SSSR-a, iz te perspektive bili su krajnje naporni. Uvijek mi je bilo jasno da smo i mi Tre\u0107i svijet i to je zvu\u010dalo u redu, nismo papci. I ako i\u0161ta iz hladnoratovskog perioda na me\u0111unarodnoj politi\u010dkoj sceni danas nasu\u0161no fali, onda je to nesvrstanost i neki novi Pokret nesvrstanih.<\/p>\n<p>Moje prvo putovanje u SAD trebalo se dogoditi 2012. kad sam dobila stipendiju u famoznom Iowa Writers&#8217; Workshopu: od pro\u0161le godine te stipendije, \u010dujem, nema, kao i mnogi sli\u010dni rasadnici humanisti\u010dke misli, zasmetala je <strong>Donaldu Trumpu<\/strong>. Ne zato \u0161to tro\u0161e novac poreznika, to je pri\u010da za djecu, nego zato \u0161to ljude u\u010de misliti.<\/p>\n<p>Ipak, otputovala sam tek koju godinu kasnije, kad je McSweeney&#8217;s iz San Francisca objavio roman &#8220;Adio Kauboju&#8221;, zahvaljuju\u0107i <strong>Andi Winnette<\/strong>, tada\u0161njoj urednici, i <strong>Ivanu Sr\u0161enu<\/strong> iz Sandorfa. Tjedni mog i Ivanova posjeta Kaliforniji bili su obilje\u017eeni predizbornom kampanjom u kojoj je, naposljetku, prvi puta pobijedio upravo Trump, ali krenimo redom.<\/p>\n<p>Stereotip da ve\u0107inu Amerikanca ne zanima ni\u0161ta osim njih samih, u odre\u0111enoj mjeri je to\u010dan, ali McSweeney&#8217;s se od starta do danas, zahvaljuju\u0107i uredni\u010dkoj politici <strong>Davea Eggersa<\/strong>, profilirao kao nezavisna ku\u0107a koja kultni status duguje i otvorenosti prema &#8220;drugima i druga\u010dijima&#8221;, a u trenutku dok pi\u0161em ovaj test na njihovim stranicama, ispod zastava Irana i SAD-a, \u010ditam tekst koji govori o ubojstvu <strong>Renee Nicole Good<\/strong> od strane agenta ICE: &#8220;Podr\u017eavamo proteste protiv svake autoritarne vlade, osim na\u0161e.&#8221;<\/p>\n<p>U Los Angelesu sam prvi put postala svjesna postojanja evropskog identiteta: dok smo po kvartu Silver Lake tra\u017eili du\u0107an ili \u017eivo bi\u0107e koje se ne kre\u0107e u automobilu, nabasali smo na dvije \u017eene koje su \u0161etale psa. Nisu bile sigurne \u0161to je to Hrvatska, ali kad su shvatile da je u Evropi, pohvalile su se da su pro\u0161le godine bile u Njema\u010dkoj\u2026 Pasao mi je evropski identitet, nitko me ne\u0107e pilat pri\u010dama o ratu, a i gospo\u0111e su bile simpati\u010dne kad su nam se ispri\u010dale re\u010denicom: Oprostite za Trumpa! Oprostite za Trumpa! Ponavljale su, a mi smo ih gledali zabezeknuto. Trump u tom trenutku nije bio predsjednik ni prvi put, niti su ove gospo\u0111e mogle znati kakve paklene vragolije u budu\u0107nosti sprema. Kaliforniju nazivaju Socijalisti\u010dka Republika Kalifornija, pa i njihova zastava ima na sebi grizlija i crvenu zvijezdu, gradovi koje smo posjetili podijelili su glasove izme\u0111u <strong>Berniea Sandersa<\/strong> i <strong>Hillary Clinton<\/strong>, \u0161to su mnogi privatni domovi javno dali do znanja, izvjesiv\u0161i pred svojim vratima podr\u0161ku preferiranom predsjedni\u010dkom kandidatu. Pred domovima nismo vidjeli Trumpa, \u010dak su i plakati s njegovim likom bili rje\u0111i.<\/p>\n<p>Na aerodromima, do\u010dekivala nas je virtualna stvarnost koju je bilo te\u0161ko razlu\u010diti od analognog svijeta, hologrami slapova koji se tekli odnekud s hologramskog neba, a Tesle koji su se u Evropi tek srame\u017eljivo pojavljivali ve\u0107 su be\u0161umno prelijetali ceste s bezbroj traka. U tom smislu Evropa jo\u0161 nije sustigla tada\u0161nju Kaliforniju, ali po va\u017enijim \u017eivotnim pitanjima Amerika se nije odmakla od Divljeg zapada, razlika je \u0161to ljudi umiru sporije i du\u017ee. Ne postoji podvo\u017enjak iz kojeg nisu teturaju\u0107i izlazili besku\u0107nici, a na ulicama su ih gra\u0111ani koji su zasad imali vi\u0161e sre\u0107e, gotovo preskakali. Nekoliko mjeseca nepla\u0107enih ra\u010duna dijeli nas od njihove sudbine, rekla nam je <strong>Stella<\/strong>, kod koje smo odsjeli tri dana u fensi queer kvartu u kojem su zebre na ulicama u duginim bojama i gdje sam vidjela najljep\u0161u \u017eenu na svijetu (a radilo se o trans \u017eeni). Ve\u0107 sljede\u0107i dan kada sam, na pola sata brodom preko zaljeva, \u010ditala u Oaklandu kao go\u0161\u0107a uz lokalne pisce i pjesnike, me\u0111u nama je bila i nebinarna osoba, koja je nagla\u0161avala svoje latinoameri\u010dko porijeklo. Za\u0161to, pitala sam. Zato \u0161to su latinosi najomra\u017eeniji, najsiroma\u0161niji, najugro\u017eeniji ovdje, obja\u0161njeno mi je. U javnom prijevozu, Ivan i ja bili smo jedini bijelci, na mome \u010ditanju u Silver Lakeu uz stotinjak mladih bijelih Amerikanaca, tek je jedna tamnoputa djevojka i jedan Navaho mu\u0161karac koji ne govori engleski (\u017eena koja sjedi do njega tiho prevodi).<\/p>\n<p>\u010citanje, na koje se moglo u\u0107i samo uz tajnu \u0161ifru, doga\u0111alo se na privatnom posjedu jednog kulturnog mecene, Amerikanca iz bogatije \u017eidovske obitelji \u010dija je kulturna organizacija mnogim azilantima iz bliskoisto\u010dnih zemalja pru\u017eila uto\u010di\u0161te i mogu\u0107nost da stvaraju u SAD-u. Elem, to je bila publika i doma\u0107in, a \u010ditali smo mi: pjesnikinja Meksikanka, pisac Iranac i moja brdovitobalkanska persona. Upoznala sam tu i dosta svojih \u010ditatelja (McSweeney&#8217;s ima vjernu sljedbu) koji nisu imali problema s tim gdje je Hrvatska, proputovali su i taj dio svijeta, svi fini, super obu\u010deni, ljubazni i otvoreni. Sve je ovo lijepo, rekla sam Ivanu kasnije, ali gdje su ti ljudi o kojima ja pi\u0161em? Ho\u0107e li oni ikada pro\u010ditati moje knjige? Nakon dva tjedna bolio me trbuh od pikantne meksi\u010dke i kineske hrane, jedine pristupa\u010dne hrvatskom nov\u010daniku. Danima smo prolazili kraj jednog dalmatinskog restorana \u010dijim vlasnicima su prije tri generacije nestale kva\u010dice iz prezimena, i ja sam po\u017eeljela pojesti riblju juhu, ali ko\u0161tala je kao da \u0107e nam ispunit tri \u017eelje, pa smo odustali uz zaklju\u010dak: &#8216;Ko to more platit. I na\u0161a doma\u0107ica u Oaklandu, nastavnica koja je ve\u0107 desetlje\u0107ima tamo \u017eivjela, rade\u0107i dva posla, sanjala je juhu i mirovinu u Hrvatskoj s ameri\u010dkom penzijom. Ali kako je penzija bila premalena za pre\u017eivjeti u Americi, nikad je nije do\u010dekala, radila je i u sedamdesetima, sve dok nije umrla. Da se razumijemo, sve ostalo u Americi bilo je prekrasno, prekrasno kao fantasti\u010dna urbana d\u017eungla budu\u0107nosti.<\/p>\n<p>Razmi\u0161ljam o tome dok gledam neuravnote\u017eeno lice koje predstavlja SAD danas, facu koja lupa gluposti, petlja se, prijeti, grabi i ubija iz hira: Venezuela, Iran, Grenland\u2026 Sve je to po\u010delo davno, prije tih prvih izbora, sve je ve\u0107 bilo i tamo u tzv. Socijalisti\u010dkoj Republici Kaliforniji, pa i na tim mojim \u010ditanjima punim na\u010ditanog i zgodnog naroda, i \u010dekalo nekog dovoljno ludog da zapali svijet. Zemlja snova, ako je u nekom trenutku postojala izvan filmova i pjesama, kapitulirala je na vlastitom terenu, oduzimaju\u0107i i ostatku svijeta, tamo gdje vidi privremenu korist, mogu\u0107nost ekonomskog napretka koji je preduvjet neovisnosti i slobode. Dolazi Amerika koju ste sanjali, ali to nije dobra vijest. Dobra vijest je, zapravo, da nemamo naftu ni rude.<\/p>\n<p>Prva stvar koja nas je, jo\u0161 nerasanjene od kalifornijskog sna, do\u010dekala kad smo sletjeli u Hrvatsku bila je \u2013 Trump je pobijedio na izborima. Kad smo se pribrali od nevjerice, rekla sam Ivanu: Oprosti za Trumpa. Oprosti za Trumpa, odgovorio je on.<\/p>\n<p><em>pi\u0161e Olja Savi\u010devi\u0107 Ivan\u010devi\u0107<\/em><\/p>\n","protected":false},"excerpt":{"rendered":"<p>Razmi\u0161ljam o tome dok gledam neuravnote\u017eeno lice koje predstavlja SAD danas, facu koja lupa gluposti, petlja se, prijeti, grabi i ubija iz hira: Venezuela, Iran, Grenland\u2026<\/p>\n","protected":false},"featured_media":7760,"template":"","tags":[105],"atribut":[],"class_list":["post-8003","nada","type-nada","status-publish","has-post-thumbnail","hentry","tag-razum-i-osjecaji"],"acf":[],"yoast_head":"<!-- This site is optimized with the Yoast SEO plugin v27.4 - https:\/\/yoast.com\/product\/yoast-seo-wordpress\/ -->\n<title>Oprostite za Trumpa - SDF - Srpski demokratski forum<\/title>\n<meta name=\"robots\" content=\"index, follow, max-snippet:-1, max-image-preview:large, max-video-preview:-1\" \/>\n<link rel=\"canonical\" href=\"https:\/\/sdf.hr\/hr\/nada\/oprostite-za-trumpa\/\" \/>\n<meta property=\"og:locale\" content=\"hr_HR\" \/>\n<meta property=\"og:type\" content=\"article\" \/>\n<meta property=\"og:title\" content=\"Oprostite za Trumpa - SDF - Srpski demokratski forum\" \/>\n<meta property=\"og:description\" content=\"Razmi\u0161ljam o tome dok gledam neuravnote\u017eeno lice koje predstavlja SAD danas, facu koja lupa gluposti, petlja se, prijeti, grabi i ubija iz hira: Venezuela, Iran, Grenland\u2026\" \/>\n<meta property=\"og:url\" content=\"https:\/\/sdf.hr\/hr\/nada\/oprostite-za-trumpa\/\" \/>\n<meta property=\"og:site_name\" content=\"SDF - Srpski demokratski forum\" \/>\n<meta property=\"article:modified_time\" content=\"2026-01-23T09:33:16+00:00\" \/>\n<meta property=\"og:image\" content=\"https:\/\/sdf.hr\/wp-content\/uploads\/2025\/12\/Savicevic_Andrija-Zelmanovic-scaled.jpg\" \/>\n\t<meta property=\"og:image:width\" content=\"2560\" \/>\n\t<meta property=\"og:image:height\" content=\"1703\" \/>\n\t<meta property=\"og:image:type\" content=\"image\/jpeg\" \/>\n<meta name=\"twitter:card\" content=\"summary_large_image\" \/>\n<meta name=\"twitter:label1\" content=\"Procijenjeno vrijeme \u010ditanja\" \/>\n\t<meta name=\"twitter:data1\" content=\"7 minuta\" \/>\n<script type=\"application\/ld+json\" class=\"yoast-schema-graph\">{\"@context\":\"https:\\\/\\\/schema.org\",\"@graph\":[{\"@type\":\"WebPage\",\"@id\":\"https:\\\/\\\/sdf.hr\\\/hr\\\/nada\\\/oprostite-za-trumpa\\\/\",\"url\":\"https:\\\/\\\/sdf.hr\\\/hr\\\/nada\\\/oprostite-za-trumpa\\\/\",\"name\":\"Oprostite za Trumpa - SDF - Srpski demokratski forum\",\"isPartOf\":{\"@id\":\"https:\\\/\\\/sdf.hr\\\/#website\"},\"primaryImageOfPage\":{\"@id\":\"https:\\\/\\\/sdf.hr\\\/hr\\\/nada\\\/oprostite-za-trumpa\\\/#primaryimage\"},\"image\":{\"@id\":\"https:\\\/\\\/sdf.hr\\\/hr\\\/nada\\\/oprostite-za-trumpa\\\/#primaryimage\"},\"thumbnailUrl\":\"https:\\\/\\\/sdf.hr\\\/wp-content\\\/uploads\\\/2025\\\/12\\\/Savicevic_Andrija-Zelmanovic-scaled.jpg\",\"datePublished\":\"2026-01-23T09:32:59+00:00\",\"dateModified\":\"2026-01-23T09:33:16+00:00\",\"breadcrumb\":{\"@id\":\"https:\\\/\\\/sdf.hr\\\/hr\\\/nada\\\/oprostite-za-trumpa\\\/#breadcrumb\"},\"inLanguage\":\"hr\",\"potentialAction\":[{\"@type\":\"ReadAction\",\"target\":[\"https:\\\/\\\/sdf.hr\\\/hr\\\/nada\\\/oprostite-za-trumpa\\\/\"]}]},{\"@type\":\"ImageObject\",\"inLanguage\":\"hr\",\"@id\":\"https:\\\/\\\/sdf.hr\\\/hr\\\/nada\\\/oprostite-za-trumpa\\\/#primaryimage\",\"url\":\"https:\\\/\\\/sdf.hr\\\/wp-content\\\/uploads\\\/2025\\\/12\\\/Savicevic_Andrija-Zelmanovic-scaled.jpg\",\"contentUrl\":\"https:\\\/\\\/sdf.hr\\\/wp-content\\\/uploads\\\/2025\\\/12\\\/Savicevic_Andrija-Zelmanovic-scaled.jpg\",\"width\":2560,\"height\":1703,\"caption\":\"Olja Savi\u010devi\u0107 Ivan\u010devi\u0107 (Foto: Andrija Zelmanovi\u0107)\"},{\"@type\":\"BreadcrumbList\",\"@id\":\"https:\\\/\\\/sdf.hr\\\/hr\\\/nada\\\/oprostite-za-trumpa\\\/#breadcrumb\",\"itemListElement\":[{\"@type\":\"ListItem\",\"position\":1,\"name\":\"Po\u010detna stranica\",\"item\":\"https:\\\/\\\/sdf.hr\\\/hr\\\/\"},{\"@type\":\"ListItem\",\"position\":2,\"name\":\"Nada\",\"item\":\"https:\\\/\\\/sdf.hr\\\/nada\\\/\"},{\"@type\":\"ListItem\",\"position\":3,\"name\":\"Oprostite za Trumpa\"}]},{\"@type\":\"WebSite\",\"@id\":\"https:\\\/\\\/sdf.hr\\\/#website\",\"url\":\"https:\\\/\\\/sdf.hr\\\/\",\"name\":\"SDF - Srpski demokratski forum\",\"description\":\"Srpski demokratski forum\",\"publisher\":{\"@id\":\"https:\\\/\\\/sdf.hr\\\/#organization\"},\"potentialAction\":[{\"@type\":\"SearchAction\",\"target\":{\"@type\":\"EntryPoint\",\"urlTemplate\":\"https:\\\/\\\/sdf.hr\\\/?s={search_term_string}\"},\"query-input\":{\"@type\":\"PropertyValueSpecification\",\"valueRequired\":true,\"valueName\":\"search_term_string\"}}],\"inLanguage\":\"hr\"},{\"@type\":\"Organization\",\"@id\":\"https:\\\/\\\/sdf.hr\\\/#organization\",\"name\":\"SDF - Srpski demokratski forum\",\"url\":\"https:\\\/\\\/sdf.hr\\\/\",\"logo\":{\"@type\":\"ImageObject\",\"inLanguage\":\"hr\",\"@id\":\"https:\\\/\\\/sdf.hr\\\/#\\\/schema\\\/logo\\\/image\\\/\",\"url\":\"https:\\\/\\\/sdf.hr\\\/wp-content\\\/uploads\\\/2021\\\/07\\\/logo-hr.svg\",\"contentUrl\":\"https:\\\/\\\/sdf.hr\\\/wp-content\\\/uploads\\\/2021\\\/07\\\/logo-hr.svg\",\"width\":271,\"height\":100,\"caption\":\"SDF - Srpski demokratski forum\"},\"image\":{\"@id\":\"https:\\\/\\\/sdf.hr\\\/#\\\/schema\\\/logo\\\/image\\\/\"}}]}<\/script>\n<!-- \/ Yoast SEO plugin. -->","yoast_head_json":{"title":"Oprostite za Trumpa - SDF - Srpski demokratski forum","robots":{"index":"index","follow":"follow","max-snippet":"max-snippet:-1","max-image-preview":"max-image-preview:large","max-video-preview":"max-video-preview:-1"},"canonical":"https:\/\/sdf.hr\/hr\/nada\/oprostite-za-trumpa\/","og_locale":"hr_HR","og_type":"article","og_title":"Oprostite za Trumpa - SDF - Srpski demokratski forum","og_description":"Razmi\u0161ljam o tome dok gledam neuravnote\u017eeno lice koje predstavlja SAD danas, facu koja lupa gluposti, petlja se, prijeti, grabi i ubija iz hira: Venezuela, Iran, Grenland\u2026","og_url":"https:\/\/sdf.hr\/hr\/nada\/oprostite-za-trumpa\/","og_site_name":"SDF - Srpski demokratski forum","article_modified_time":"2026-01-23T09:33:16+00:00","og_image":[{"width":2560,"height":1703,"url":"https:\/\/sdf.hr\/wp-content\/uploads\/2025\/12\/Savicevic_Andrija-Zelmanovic-scaled.jpg","type":"image\/jpeg"}],"twitter_card":"summary_large_image","twitter_misc":{"Procijenjeno vrijeme \u010ditanja":"7 minuta"},"schema":{"@context":"https:\/\/schema.org","@graph":[{"@type":"WebPage","@id":"https:\/\/sdf.hr\/hr\/nada\/oprostite-za-trumpa\/","url":"https:\/\/sdf.hr\/hr\/nada\/oprostite-za-trumpa\/","name":"Oprostite za Trumpa - SDF - Srpski demokratski forum","isPartOf":{"@id":"https:\/\/sdf.hr\/#website"},"primaryImageOfPage":{"@id":"https:\/\/sdf.hr\/hr\/nada\/oprostite-za-trumpa\/#primaryimage"},"image":{"@id":"https:\/\/sdf.hr\/hr\/nada\/oprostite-za-trumpa\/#primaryimage"},"thumbnailUrl":"https:\/\/sdf.hr\/wp-content\/uploads\/2025\/12\/Savicevic_Andrija-Zelmanovic-scaled.jpg","datePublished":"2026-01-23T09:32:59+00:00","dateModified":"2026-01-23T09:33:16+00:00","breadcrumb":{"@id":"https:\/\/sdf.hr\/hr\/nada\/oprostite-za-trumpa\/#breadcrumb"},"inLanguage":"hr","potentialAction":[{"@type":"ReadAction","target":["https:\/\/sdf.hr\/hr\/nada\/oprostite-za-trumpa\/"]}]},{"@type":"ImageObject","inLanguage":"hr","@id":"https:\/\/sdf.hr\/hr\/nada\/oprostite-za-trumpa\/#primaryimage","url":"https:\/\/sdf.hr\/wp-content\/uploads\/2025\/12\/Savicevic_Andrija-Zelmanovic-scaled.jpg","contentUrl":"https:\/\/sdf.hr\/wp-content\/uploads\/2025\/12\/Savicevic_Andrija-Zelmanovic-scaled.jpg","width":2560,"height":1703,"caption":"Olja Savi\u010devi\u0107 Ivan\u010devi\u0107 (Foto: Andrija Zelmanovi\u0107)"},{"@type":"BreadcrumbList","@id":"https:\/\/sdf.hr\/hr\/nada\/oprostite-za-trumpa\/#breadcrumb","itemListElement":[{"@type":"ListItem","position":1,"name":"Po\u010detna stranica","item":"https:\/\/sdf.hr\/hr\/"},{"@type":"ListItem","position":2,"name":"Nada","item":"https:\/\/sdf.hr\/nada\/"},{"@type":"ListItem","position":3,"name":"Oprostite za Trumpa"}]},{"@type":"WebSite","@id":"https:\/\/sdf.hr\/#website","url":"https:\/\/sdf.hr\/","name":"SDF - Srpski demokratski forum","description":"Srpski demokratski forum","publisher":{"@id":"https:\/\/sdf.hr\/#organization"},"potentialAction":[{"@type":"SearchAction","target":{"@type":"EntryPoint","urlTemplate":"https:\/\/sdf.hr\/?s={search_term_string}"},"query-input":{"@type":"PropertyValueSpecification","valueRequired":true,"valueName":"search_term_string"}}],"inLanguage":"hr"},{"@type":"Organization","@id":"https:\/\/sdf.hr\/#organization","name":"SDF - Srpski demokratski forum","url":"https:\/\/sdf.hr\/","logo":{"@type":"ImageObject","inLanguage":"hr","@id":"https:\/\/sdf.hr\/#\/schema\/logo\/image\/","url":"https:\/\/sdf.hr\/wp-content\/uploads\/2021\/07\/logo-hr.svg","contentUrl":"https:\/\/sdf.hr\/wp-content\/uploads\/2021\/07\/logo-hr.svg","width":271,"height":100,"caption":"SDF - Srpski demokratski forum"},"image":{"@id":"https:\/\/sdf.hr\/#\/schema\/logo\/image\/"}}]}},"_links":{"self":[{"href":"https:\/\/sdf.hr\/hr\/wp-json\/wp\/v2\/nada\/8003","targetHints":{"allow":["GET"]}}],"collection":[{"href":"https:\/\/sdf.hr\/hr\/wp-json\/wp\/v2\/nada"}],"about":[{"href":"https:\/\/sdf.hr\/hr\/wp-json\/wp\/v2\/types\/nada"}],"wp:featuredmedia":[{"embeddable":true,"href":"https:\/\/sdf.hr\/hr\/wp-json\/wp\/v2\/media\/7760"}],"wp:attachment":[{"href":"https:\/\/sdf.hr\/hr\/wp-json\/wp\/v2\/media?parent=8003"}],"wp:term":[{"taxonomy":"post_tag","embeddable":true,"href":"https:\/\/sdf.hr\/hr\/wp-json\/wp\/v2\/tags?post=8003"},{"taxonomy":"atribut","embeddable":true,"href":"https:\/\/sdf.hr\/hr\/wp-json\/wp\/v2\/atribut?post=8003"}],"curies":[{"name":"wp","href":"https:\/\/api.w.org\/{rel}","templated":true}]}}