{"id":8023,"date":"2026-01-27T08:05:41","date_gmt":"2026-01-27T07:05:41","guid":{"rendered":"https:\/\/sdf.hr\/nada\/digitalna-mracna-ulica\/"},"modified":"2026-01-26T14:06:14","modified_gmt":"2026-01-26T13:06:14","slug":"digitalna-mracna-ulica","status":"publish","type":"nada","link":"https:\/\/sdf.hr\/hr\/nada\/digitalna-mracna-ulica\/","title":{"rendered":"Digitalna mra\u010dna ulica"},"content":{"rendered":"<p>Svaki put kada se \u017eena ulogira, skrola, objavi ili komentira ne\u0161to u digitalnom okru\u017eenju, ona kora\u010da ulicom bez rasvjete. Kako je internet postao produ\u017eetak stvarnog \u017eivota, to za \u017eene \u010desto zna\u010di prisustvo nasilja koje su, na\u017ealost, nau\u010dile o\u010dekivati <em>offline<\/em>.<\/p>\n<p>Saznale smo nedavno da je \u010dak i <em>online<\/em> kupovina \u2013 prostor koji ve\u0107ina nas smatra zabavnim, prakti\u010dnim i bezopasnim \u2013 postala nesigurna za mnoge \u017eene, kad su korisnice Vinteda, popularne aplikacije za prodaju rabljene odje\u0107e, otkrile da su njihove osobne fotografije ukradene i objavljene na porno-sajtovima i zatvorenim forumima.<\/p>\n<p>Umjesto prostora za povezivanje, raspravu i kreativnost, internet pre\u010desto postaje zona uznemiravanja, prijetnji i ciljanih napada \u2013 stvarnog nasilja sa stvarnim posljedicama. O tome smo pri\u010dale s dvama stru\u010dnjakinjama: <strong>Nevenom Krivokapi\u0107 Martinovi\u0107<\/strong> iz beogradske SHARE Fondacije koja se bavi za\u0161titom digitalnih prava i <strong>Katarinom Kri\u017ean<\/strong> iz splitske nevladine udruge Domine koja se bavi pravima \u017eena.<\/p>\n<p>\u2013 Ono \u0161to mo\u017eemo da primetimo jeste velika nejednakost, kao u <em>offlineu<\/em>, \u010dak i mnogo vi\u0161e u <em>online<\/em> svetu. \u017dene su mnogo vi\u0161e mete uznemiravanja, pretnji, govora mr\u017enje, rodno zasnovanog digitalnog nasilja, neovla\u0161\u0107enog deljenja intimnih sadr\u017eaja, kao i digitalnog pra\u0107enja. Nove forme nasilja razvijaju se i javljaju svakodnevno. Svi ovi oblici nasilja direktno uti\u010du na pravo na slobodu izra\u017eavanja, privatnost, sigurnost i dostojanstvo te dovode do autocenzure i povla\u010denja \u017eena iz javnog digitalnog prostora \u2013 ka\u017ee nam Krivokapi\u0107 Martinovi\u0107, advokatica i koordinatorica za slobodu izra\u017eavanja i <em>online<\/em> medije u SHARE-u.<\/p>\n<p>Njena organizacija redovito evidentira razli\u010dite povrede digitalnih prava i izvje\u0161tava o trendovima rodno zasnovanog digitalnog nasilja. U njihovom izvje\u0161taju objavljenom 2024. godine predstavljeni su primjeri i iskustva djevoj\u010dica i \u017eena iz Srbije \u2013 od osvetni\u010dke pornografije i <em>deepfake<\/em> sadr\u017eaja do <em>online<\/em> proganjanja i kontrole pomo\u0107u tehnologije.<\/p>\n<p>Kri\u017ean, programska koordinatorica Domina, upozorava najprije da je ono o \u010demu pri\u010damo nasilje nad \u017eenama u njegovoj digitalnoj dimenziji, a ne neka posebna kategorija. Prema njoj, na to ne trebamo gledati kao na &#8220;tehnolo\u0161ku anomaliju ili nuspojavu interneta&#8221;, nego kao &#8220;rodno uvjetovan dru\u0161tveni problem koji se prilago\u0111ava digitalnim uvjetima, ali ostaje \u010dvrsto ukorijenjen u postoje\u0107im odnosima mo\u0107i&#8221;.<\/p>\n<p>\u2013 Digitalna dimenzija nasilja odnosi se na \u0161irok raspon nasilnih praksi koje se odvijaju putem tehnologije i digitalnih alata, a koje \u010dine sastavni dio kontinuuma rodno uvjetovanog nasilja koje \u017eene i djevoj\u010dice do\u017eivljavaju upravo zbog svojeg roda. Time se jasno nagla\u0161ava kako se ne radi o novom ili odvojenom obliku nasilja, nego o jednako \u0161tetnoj manifestaciji istih obrazaca psihi\u010dkog, seksualnog i fizi\u010dkog nasilja koje \u017eene do\u017eivljavaju i izvan digitalnog konteksta. Nedavno mi je, primjerice, bliska osoba, \u010duv\u0161i da govorim o digitalnom nasilju nad \u017eenama, rekla kako postoje &#8220;puno ozbiljniji&#8221; oblici nasilja, poput femicida. Taj komentar nije zlonamjeran, ali je izrazito simptomati\u010dan. On pokazuje koliko lako, \u010dak i nenamjerno, po\u010dinjemo rangirati nasilje, umjesto da ga razumijemo kao me\u0111usobno povezane prakse \u2013 ka\u017ee.<\/p>\n<figure id=\"attachment_8019\" aria-describedby=\"caption-attachment-8019\" style=\"width: 2560px\" class=\"wp-caption alignnone\"><img loading=\"lazy\" decoding=\"async\" class=\"wp-image-8019 size-full\" src=\"https:\/\/sdf.hr\/wp-content\/uploads\/2026\/01\/Nevena_Danilo-Krivokapic-scaled.jpg\" alt=\"\" width=\"2560\" height=\"1707\" srcset=\"https:\/\/sdf.hr\/wp-content\/uploads\/2026\/01\/Nevena_Danilo-Krivokapic-scaled.jpg 2560w, https:\/\/sdf.hr\/wp-content\/uploads\/2026\/01\/Nevena_Danilo-Krivokapic-300x200.jpg 300w, https:\/\/sdf.hr\/wp-content\/uploads\/2026\/01\/Nevena_Danilo-Krivokapic-1024x683.jpg 1024w, https:\/\/sdf.hr\/wp-content\/uploads\/2026\/01\/Nevena_Danilo-Krivokapic-768x512.jpg 768w, https:\/\/sdf.hr\/wp-content\/uploads\/2026\/01\/Nevena_Danilo-Krivokapic-1536x1024.jpg 1536w, https:\/\/sdf.hr\/wp-content\/uploads\/2026\/01\/Nevena_Danilo-Krivokapic-2048x1365.jpg 2048w\" sizes=\"auto, (max-width: 2560px) 100vw, 2560px\" \/><figcaption id=\"caption-attachment-8019\" class=\"wp-caption-text\">Nevena Krivokapi\u0107 Martinovi\u0107 (Foto: Danilo Krivokapi\u0107)<\/figcaption><\/figure>\n<p>Udruga Domine u sklopu projekta Safe Click++, provela je prvo nacionalno istra\u017eivanje o digitalnom nasilju nad \u017eenama u Hrvatskoj. Ve\u0107 sami rezultati, govori nam Kri\u017ean, pokazuju koliko je digitalno nasilje prisutno u svakodnevnim iskustvima \u017eena: 76,3 posto sudionica navodi barem jedno takvo iskustvo.<\/p>\n<p>Naj\u010de\u0161\u0107e se pojavljuje kroz razli\u010dite oblike uznemiruju\u0107e i invazivne komunikacije pa najve\u0107i udio \u017eena (42 posto) navodi uvredljive ili uznemiruju\u0107e poruke, kao i kontakte nepoznatih osoba koji izazivaju nelagodu ili strah (35 posto).<\/p>\n<p>Slijede oblici seksualizirane komunikacije bez pristanka: nagovaranje na seksualni razgovor navodi 22,3 posto \u017eena, a neprestano slanje poruka ili &#8220;reakcija&#8221; bez pristanka 22 posto. Uz to, zna\u010dajan dio \u017eena navodi iskustva koja uklju\u010duju zadiranje u privatnost i sigurnost, poput neovla\u0161tenog pristupa ra\u010dunima, kao i komentare o izgledu, tijelu ili seksualnosti te prijetnje dijeljenjem osobnih informacija. Manji, ali i dalje relevantni udjeli odnose se na oblike pritiska i prisile, poput prisiljavanja na slanje intimnih sadr\u017eaja, prijetnji seksualnim nasiljem ili razli\u010ditih oblika digitalnog nadzora.<\/p>\n<p>I SHARE i Domine imaju svoje materijale u kojima educiraju o ovoj temi i savjetuju kako se od nasilja za\u0161tititi ili obraniti, no obje na\u0161e sugovornice isti\u010du kako odgovornost nikako ne mo\u017ee biti samo na pojedinkama.<\/p>\n<p>\u2013 Prevencija je va\u017ena, ali ne mo\u017eemo se osloniti na nju kao isklju\u010divo odgovornost korisnica i korisnika. Svakako, postoje koraci koji mogu pove\u0107ati ose\u0107aj sigurnosti. Neki od njih su ja\u010danje digitalne pismenosti, razumevanje svih mogu\u0107nosti kako da se podese opcije privatnosti, na\u010din kori\u0161\u0107enja sigurnosnih lozinki i dvofaktorske autentifikacije, kao i kada do\u0111e do nemilih slu\u010dajeva kako da se dokumentuje digitalno nasilje i prijavi. Bitno je ostati dosledan i nikada ne normalizovati digitalno nasilje, niti pristajati na njega, moramo konstantno pri\u010dati o tome, tra\u017eiti podr\u0161ku i solidarnost zajednice, i koliko god delovalo uzaludno u nekim trenucima koristiti pravne i institucionalne mehanizme koji su nam dostupni \u2013 rekla je Krivokapi\u0107 Martinovi\u0107.<\/p>\n<p>Ima na\u010dina kako smanjiti izlo\u017eenost: privatni profili, ograni\u010deno dijeljenje sadr\u017eaja, oprez u komunikaciji, manji krug ljudi koji imaju pristup na\u0161em broju ili osobnim informacijama, poja\u0161njava Kri\u017ean, ali tako\u0111er ima sli\u010dnu napomenu:<\/p>\n<p>\u2013 Takvi se savjeti \u010desto dijele kroz kampanje institucija, policije ili obrazovne programe i oni mogu imati smisla na razini individualne za\u0161tite. No problem nastaje onda kada se za\u0161tita od nasilja gotovo isklju\u010divo postavi kao individualna odgovornost \u017eena.<\/p>\n<p>Va\u017enu ulogu imaju i institucije, poput policije i pravosu\u0111a, koje nerijetko nemaju dovoljno znanja, resursa ili senzibiliteta za prepoznavanje ove vrste nasilja kao ozbiljnog problema. Odgovornost pored \u2013 prvo i osnovno \u2013 po\u010dinitelja, snose i digitalne platforme, ka\u017ee Krivokapi\u0107 Martinovi\u0107, &#8220;jer su one u poziciji da fasilitiraju sve ove oblike digitalnog nasilja&#8221;.<\/p>\n<p>\u2013 Platforme oblikuju digitalni prostor kroz svoja pravila, algoritme i prakse moderacije sadr\u017eaja. Ve\u0107ina platformi formalno poseduje mehanizme za prijavu nasilja, me\u0111utim iskustvo korisnika pokazuje da su oni \u010desto nedovoljno razvijeni, komplikovani i neefikasni, isto tako procesi koji se odvijaju iza zatvorenih vrata za korisnike nedovoljno su transparentni. Poseban problem je \u0161to platforme retko prepoznaju rodno zasnovano nasilje kao sistemski problem. Potrebno je konstantno vr\u0161iti pritisak na platforme i zalagati se za njihovu ve\u0107u odgovornost, jasnije procedure, mnogo br\u017ee reakcije i saradnju s organizacijama civilnog dru\u0161tva, uz puno po\u0161tovanje ljudskih prava.<\/p>\n<p>\u017dene mogu postati \u017ertve nasilja i bez participiranja u privatnim ili javnim internetskim zajednicama. Radi se veoma \u010desto o <em>creepshotsima<\/em>, seksualno sugestivnim slikama \u017eena snimljenih bez njihovog pristanka.<\/p>\n<p>Prije par godina pisalo se o globalnom trendu uznemiravanja prikrivenog iza termina &#8220;umjetnici zavo\u0111enja&#8221; (<em>pickup artists<\/em>), u kojem su mu\u0161karci prilazili \u017eenama na javnim mjestima, snimali te poku\u0161aje i objavljivali ih kako bi pokazivali svoje vje\u0161tine ili &#8220;prenijeli znanje&#8221; \u2013 koje su ponekad i napla\u0107ivali. U Poljskoj mladi\u0107i koji sebe nazivaju &#8220;Szon Patrol&#8221; (u slobodnom prijevodu &#8220;Patrola za drolje&#8221;) lutaju ulicama u potrazi za \u017eenama koje se po njihovom mi\u0161ljenju pona\u0161aju ili odijevaju &#8220;provokativno&#8221;, snimaju ih i objavljuju na TikToku.<\/p>\n<figure id=\"attachment_8021\" aria-describedby=\"caption-attachment-8021\" style=\"width: 1200px\" class=\"wp-caption alignnone\"><img loading=\"lazy\" decoding=\"async\" class=\"wp-image-8021 size-full\" src=\"https:\/\/sdf.hr\/wp-content\/uploads\/2026\/01\/Krizan.jpg\" alt=\"\" width=\"1200\" height=\"1318\" srcset=\"https:\/\/sdf.hr\/wp-content\/uploads\/2026\/01\/Krizan.jpg 1200w, https:\/\/sdf.hr\/wp-content\/uploads\/2026\/01\/Krizan-273x300.jpg 273w, https:\/\/sdf.hr\/wp-content\/uploads\/2026\/01\/Krizan-932x1024.jpg 932w, https:\/\/sdf.hr\/wp-content\/uploads\/2026\/01\/Krizan-768x844.jpg 768w\" sizes=\"auto, (max-width: 1200px) 100vw, 1200px\" \/><figcaption id=\"caption-attachment-8021\" class=\"wp-caption-text\">Katarina Kri\u017ean<\/figcaption><\/figure>\n<p>Iz policijskih biltena i medijskih izvje\u0161taja saznajemo i za slu\u010dajeve u na\u0161oj blizini: \u017eene se tajno snimalo na ulici, u javnim toaletima, na kupali\u0161tima, pa \u010dak i u zdravstvenim ustanovama. Sad ve\u0107 znamo i za desetke tisu\u0107a nasilnika iz cijele regije koji su se okupljali u zatvorenim Telegram-grupama i ondje raspa\u010davali raznorazne fotografije \u017eena, snimljene bez znanja i pristanka.<\/p>\n<p>Upravo primjer <em>creepshotsa<\/em>, ka\u017ee nam Kri\u017ean, pokazuje koliko je logika individualne odgovornosti ograni\u010dena.<\/p>\n<p>\u2013 Digitalni alati omogu\u0107uju nasilje i bez ikakve <em>online<\/em> prisutnosti \u017eene, \u010dime postaje jasno da pona\u0161anje \u017ertve nije uzrok nasilja. U tom smislu, savjeti o &#8220;za\u0161titi&#8221; \u010desto ponavljaju isti obrazac koji poznajemo i iz <em>offline<\/em> konteksta. Nekada se \u017eene upozoravalo kako ne bi trebale nositi odre\u0111enu odje\u0107u ili se kretati odre\u0111enim prostorima, a danas im se poru\u010duje da zaklju\u010daju profile, ograni\u010de vidljivost ili se povuku iz digitalnog prostora. U oba slu\u010daja poruka je sli\u010dna: sigurnost \u017eena ovisi o tome koliko \u0107e se same prilagoditi i ograni\u010diti \u2013 upozorava.<\/p>\n<p>A \u0161to se ti\u010de materijala koje jesu same \u017eene kreirale \u2013 bilo da se radi o postovima na dru\u0161tvenim mre\u017eama, fotografijama u privatnom inboxu ili, kao \u0161to smo vidjele, na aplikaciji za prodaju odje\u0107e \u2013 uvijek valja imati na umu da su oni bili namijenjeni za odre\u0111enu svrhu i kontekst. Njihova nasilna &#8220;prenamjena&#8221; (primjerice kra\u0111a fotografije ili snimki iz kojih nastaje <em>deepfake<\/em> video ili objava privatnih snimaka na porno-sajtovima) ne\u0161to je \u0161to treba osu\u0111ivati, a ne sam \u010din nastanka tih sadr\u017eaja.<\/p>\n<p>Rodno zasnovano digitalno nasilje nikada nije posljedica pona\u0161anja \u017ertve, upozorila je Krivokapi\u0107 Martinovi\u0107. Rad na ovoj temi tokom prethodnih nekoliko godina i poznavanje digitalnog okru\u017eenja, ka\u017ee ona, &#8220;jasno pokazuje da \u017eene mogu postati mete isklju\u010divo zbog svoje rodne pripadnosti, identiteta, javnog anga\u017emana, profesije ili jednostavno zbog prisutnosti na internetu&#8221;.<\/p>\n<p>Kri\u017ean isti\u010de da je kultura posramljivanja \u017eena u digitalnom prostoru duboko ukorijenjena i neraskidivo povezana s patrijarhalnim dru\u0161tvenim poretkom, zbog \u010dega ne postoji brzo ni jednostavno rje\u0161enje za prebacivanje fokusa s pona\u0161anja \u017eena na odgovornost po\u010dinitelja. Okrivljavanje \u017ertava slu\u017ei kao mehanizam distanciranja koji ljudima omogu\u0107uje da vjeruju kako se nasilje doga\u0111a &#8220;nekome drugome&#8221; i da se njih samih ne ti\u010de, bilo da je rije\u010d o obiteljskom nasilju, femicidu ili dijeljenju intimnog sadr\u017eaja.<\/p>\n<p>\u2013 Zato promjena fokusa s pitanja &#8220;\u0161to je \u017eena u\u010dinila&#8221; na pitanje &#8220;za\u0161to netko misli da ima pravo to u\u010diniti&#8221; nije samo komunikacijski pomak, nego duboko politi\u010dko i dru\u0161tveno pitanje. Ono tra\u017ei promjenu obrazovanja, medijskog diskursa, javnih politika, ali i spremnost dru\u0161tva da se odrekne nekih vrlo ukorijenjenih, ali \u0161tetnih uvjerenja. Bez toga, rasprava o posramljivanju \u017eena uvijek \u0107e ostajati na razini simptoma, a ne uzroka \u2013 zaklju\u010duje na\u0161a sugovornica.<\/p>\n<p><em>pi\u0161e Anja Vladisavljevi\u0107<\/em><\/p>\n","protected":false},"excerpt":{"rendered":"<p>Umjesto prostora za povezivanje, raspravu i kreativnost, internet pre\u010desto postaje zona uznemiravanja, prijetnji i ciljanih napada na \u017eene. Nove forme nasilja razvijaju se svakodnevno te dovode do autocenzure i povla\u010denja \u017eena iz javnog digitalnog prostor<\/p>\n","protected":false},"featured_media":8018,"template":"","tags":[130],"atribut":[],"class_list":["post-8023","nada","type-nada","status-publish","has-post-thumbnail","hentry","tag-tema"],"acf":[],"yoast_head":"<!-- This site is optimized with the Yoast SEO plugin v27.4 - https:\/\/yoast.com\/product\/yoast-seo-wordpress\/ -->\n<title>Digitalna mra\u010dna ulica - SDF - Srpski demokratski forum<\/title>\n<meta name=\"robots\" content=\"index, follow, max-snippet:-1, max-image-preview:large, max-video-preview:-1\" \/>\n<link rel=\"canonical\" href=\"https:\/\/sdf.hr\/nada\/digitalna-mracna-ulica\/\" \/>\n<meta property=\"og:locale\" content=\"hr_HR\" \/>\n<meta property=\"og:type\" content=\"article\" \/>\n<meta property=\"og:title\" content=\"Digitalna mra\u010dna ulica - SDF - Srpski demokratski forum\" \/>\n<meta property=\"og:description\" content=\"Umjesto prostora za povezivanje, raspravu i kreativnost, internet pre\u010desto postaje zona uznemiravanja, prijetnji i ciljanih napada na \u017eene. Nove forme nasilja razvijaju se svakodnevno te dovode do autocenzure i povla\u010denja \u017eena iz javnog digitalnog prostor\" \/>\n<meta property=\"og:url\" content=\"https:\/\/sdf.hr\/nada\/digitalna-mracna-ulica\/\" \/>\n<meta property=\"og:site_name\" content=\"SDF - Srpski demokratski forum\" \/>\n<meta property=\"og:image\" content=\"https:\/\/sdf.hr\/wp-content\/uploads\/2026\/01\/Maske_Niall-Carson-Pess-Association-scaled.jpg\" \/>\n\t<meta property=\"og:image:width\" content=\"2560\" \/>\n\t<meta property=\"og:image:height\" content=\"1624\" \/>\n\t<meta property=\"og:image:type\" content=\"image\/jpeg\" \/>\n<meta name=\"twitter:card\" content=\"summary_large_image\" \/>\n<meta name=\"twitter:label1\" content=\"Procijenjeno vrijeme \u010ditanja\" \/>\n\t<meta name=\"twitter:data1\" content=\"8 minuta\" \/>\n<script type=\"application\/ld+json\" class=\"yoast-schema-graph\">{\"@context\":\"https:\\\/\\\/schema.org\",\"@graph\":[{\"@type\":\"WebPage\",\"@id\":\"https:\\\/\\\/sdf.hr\\\/nada\\\/digitalna-mracna-ulica\\\/\",\"url\":\"https:\\\/\\\/sdf.hr\\\/nada\\\/digitalna-mracna-ulica\\\/\",\"name\":\"Digitalna mra\u010dna ulica - SDF - Srpski demokratski forum\",\"isPartOf\":{\"@id\":\"https:\\\/\\\/sdf.hr\\\/#website\"},\"primaryImageOfPage\":{\"@id\":\"https:\\\/\\\/sdf.hr\\\/nada\\\/digitalna-mracna-ulica\\\/#primaryimage\"},\"image\":{\"@id\":\"https:\\\/\\\/sdf.hr\\\/nada\\\/digitalna-mracna-ulica\\\/#primaryimage\"},\"thumbnailUrl\":\"https:\\\/\\\/sdf.hr\\\/wp-content\\\/uploads\\\/2026\\\/01\\\/Maske_Niall-Carson-Pess-Association-scaled.jpg\",\"datePublished\":\"2026-01-27T07:05:41+00:00\",\"breadcrumb\":{\"@id\":\"https:\\\/\\\/sdf.hr\\\/nada\\\/digitalna-mracna-ulica\\\/#breadcrumb\"},\"inLanguage\":\"hr\",\"potentialAction\":[{\"@type\":\"ReadAction\",\"target\":[\"https:\\\/\\\/sdf.hr\\\/nada\\\/digitalna-mracna-ulica\\\/\"]}]},{\"@type\":\"ImageObject\",\"inLanguage\":\"hr\",\"@id\":\"https:\\\/\\\/sdf.hr\\\/nada\\\/digitalna-mracna-ulica\\\/#primaryimage\",\"url\":\"https:\\\/\\\/sdf.hr\\\/wp-content\\\/uploads\\\/2026\\\/01\\\/Maske_Niall-Carson-Pess-Association-scaled.jpg\",\"contentUrl\":\"https:\\\/\\\/sdf.hr\\\/wp-content\\\/uploads\\\/2026\\\/01\\\/Maske_Niall-Carson-Pess-Association-scaled.jpg\",\"width\":2560,\"height\":1624,\"caption\":\"Digitalno nasilje je sveprisutno (Foto: Niall Carson\\\/Pess Association\\\/PIXSELL)\"},{\"@type\":\"BreadcrumbList\",\"@id\":\"https:\\\/\\\/sdf.hr\\\/nada\\\/digitalna-mracna-ulica\\\/#breadcrumb\",\"itemListElement\":[{\"@type\":\"ListItem\",\"position\":1,\"name\":\"Po\u010detna stranica\",\"item\":\"https:\\\/\\\/sdf.hr\\\/hr\\\/\"},{\"@type\":\"ListItem\",\"position\":2,\"name\":\"Nada\",\"item\":\"https:\\\/\\\/sdf.hr\\\/nada\\\/\"},{\"@type\":\"ListItem\",\"position\":3,\"name\":\"Digitalna mra\u010dna ulica\"}]},{\"@type\":\"WebSite\",\"@id\":\"https:\\\/\\\/sdf.hr\\\/#website\",\"url\":\"https:\\\/\\\/sdf.hr\\\/\",\"name\":\"SDF - Srpski demokratski forum\",\"description\":\"Srpski demokratski forum\",\"publisher\":{\"@id\":\"https:\\\/\\\/sdf.hr\\\/#organization\"},\"potentialAction\":[{\"@type\":\"SearchAction\",\"target\":{\"@type\":\"EntryPoint\",\"urlTemplate\":\"https:\\\/\\\/sdf.hr\\\/?s={search_term_string}\"},\"query-input\":{\"@type\":\"PropertyValueSpecification\",\"valueRequired\":true,\"valueName\":\"search_term_string\"}}],\"inLanguage\":\"hr\"},{\"@type\":\"Organization\",\"@id\":\"https:\\\/\\\/sdf.hr\\\/#organization\",\"name\":\"SDF - Srpski demokratski forum\",\"url\":\"https:\\\/\\\/sdf.hr\\\/\",\"logo\":{\"@type\":\"ImageObject\",\"inLanguage\":\"hr\",\"@id\":\"https:\\\/\\\/sdf.hr\\\/#\\\/schema\\\/logo\\\/image\\\/\",\"url\":\"https:\\\/\\\/sdf.hr\\\/wp-content\\\/uploads\\\/2021\\\/07\\\/logo-hr.svg\",\"contentUrl\":\"https:\\\/\\\/sdf.hr\\\/wp-content\\\/uploads\\\/2021\\\/07\\\/logo-hr.svg\",\"width\":271,\"height\":100,\"caption\":\"SDF - Srpski demokratski forum\"},\"image\":{\"@id\":\"https:\\\/\\\/sdf.hr\\\/#\\\/schema\\\/logo\\\/image\\\/\"}}]}<\/script>\n<!-- \/ Yoast SEO plugin. -->","yoast_head_json":{"title":"Digitalna mra\u010dna ulica - SDF - Srpski demokratski forum","robots":{"index":"index","follow":"follow","max-snippet":"max-snippet:-1","max-image-preview":"max-image-preview:large","max-video-preview":"max-video-preview:-1"},"canonical":"https:\/\/sdf.hr\/nada\/digitalna-mracna-ulica\/","og_locale":"hr_HR","og_type":"article","og_title":"Digitalna mra\u010dna ulica - SDF - Srpski demokratski forum","og_description":"Umjesto prostora za povezivanje, raspravu i kreativnost, internet pre\u010desto postaje zona uznemiravanja, prijetnji i ciljanih napada na \u017eene. Nove forme nasilja razvijaju se svakodnevno te dovode do autocenzure i povla\u010denja \u017eena iz javnog digitalnog prostor","og_url":"https:\/\/sdf.hr\/nada\/digitalna-mracna-ulica\/","og_site_name":"SDF - Srpski demokratski forum","og_image":[{"width":2560,"height":1624,"url":"https:\/\/sdf.hr\/wp-content\/uploads\/2026\/01\/Maske_Niall-Carson-Pess-Association-scaled.jpg","type":"image\/jpeg"}],"twitter_card":"summary_large_image","twitter_misc":{"Procijenjeno vrijeme \u010ditanja":"8 minuta"},"schema":{"@context":"https:\/\/schema.org","@graph":[{"@type":"WebPage","@id":"https:\/\/sdf.hr\/nada\/digitalna-mracna-ulica\/","url":"https:\/\/sdf.hr\/nada\/digitalna-mracna-ulica\/","name":"Digitalna mra\u010dna ulica - SDF - Srpski demokratski forum","isPartOf":{"@id":"https:\/\/sdf.hr\/#website"},"primaryImageOfPage":{"@id":"https:\/\/sdf.hr\/nada\/digitalna-mracna-ulica\/#primaryimage"},"image":{"@id":"https:\/\/sdf.hr\/nada\/digitalna-mracna-ulica\/#primaryimage"},"thumbnailUrl":"https:\/\/sdf.hr\/wp-content\/uploads\/2026\/01\/Maske_Niall-Carson-Pess-Association-scaled.jpg","datePublished":"2026-01-27T07:05:41+00:00","breadcrumb":{"@id":"https:\/\/sdf.hr\/nada\/digitalna-mracna-ulica\/#breadcrumb"},"inLanguage":"hr","potentialAction":[{"@type":"ReadAction","target":["https:\/\/sdf.hr\/nada\/digitalna-mracna-ulica\/"]}]},{"@type":"ImageObject","inLanguage":"hr","@id":"https:\/\/sdf.hr\/nada\/digitalna-mracna-ulica\/#primaryimage","url":"https:\/\/sdf.hr\/wp-content\/uploads\/2026\/01\/Maske_Niall-Carson-Pess-Association-scaled.jpg","contentUrl":"https:\/\/sdf.hr\/wp-content\/uploads\/2026\/01\/Maske_Niall-Carson-Pess-Association-scaled.jpg","width":2560,"height":1624,"caption":"Digitalno nasilje je sveprisutno (Foto: Niall Carson\/Pess Association\/PIXSELL)"},{"@type":"BreadcrumbList","@id":"https:\/\/sdf.hr\/nada\/digitalna-mracna-ulica\/#breadcrumb","itemListElement":[{"@type":"ListItem","position":1,"name":"Po\u010detna stranica","item":"https:\/\/sdf.hr\/hr\/"},{"@type":"ListItem","position":2,"name":"Nada","item":"https:\/\/sdf.hr\/nada\/"},{"@type":"ListItem","position":3,"name":"Digitalna mra\u010dna ulica"}]},{"@type":"WebSite","@id":"https:\/\/sdf.hr\/#website","url":"https:\/\/sdf.hr\/","name":"SDF - Srpski demokratski forum","description":"Srpski demokratski forum","publisher":{"@id":"https:\/\/sdf.hr\/#organization"},"potentialAction":[{"@type":"SearchAction","target":{"@type":"EntryPoint","urlTemplate":"https:\/\/sdf.hr\/?s={search_term_string}"},"query-input":{"@type":"PropertyValueSpecification","valueRequired":true,"valueName":"search_term_string"}}],"inLanguage":"hr"},{"@type":"Organization","@id":"https:\/\/sdf.hr\/#organization","name":"SDF - Srpski demokratski forum","url":"https:\/\/sdf.hr\/","logo":{"@type":"ImageObject","inLanguage":"hr","@id":"https:\/\/sdf.hr\/#\/schema\/logo\/image\/","url":"https:\/\/sdf.hr\/wp-content\/uploads\/2021\/07\/logo-hr.svg","contentUrl":"https:\/\/sdf.hr\/wp-content\/uploads\/2021\/07\/logo-hr.svg","width":271,"height":100,"caption":"SDF - Srpski demokratski forum"},"image":{"@id":"https:\/\/sdf.hr\/#\/schema\/logo\/image\/"}}]}},"_links":{"self":[{"href":"https:\/\/sdf.hr\/hr\/wp-json\/wp\/v2\/nada\/8023","targetHints":{"allow":["GET"]}}],"collection":[{"href":"https:\/\/sdf.hr\/hr\/wp-json\/wp\/v2\/nada"}],"about":[{"href":"https:\/\/sdf.hr\/hr\/wp-json\/wp\/v2\/types\/nada"}],"wp:featuredmedia":[{"embeddable":true,"href":"https:\/\/sdf.hr\/hr\/wp-json\/wp\/v2\/media\/8018"}],"wp:attachment":[{"href":"https:\/\/sdf.hr\/hr\/wp-json\/wp\/v2\/media?parent=8023"}],"wp:term":[{"taxonomy":"post_tag","embeddable":true,"href":"https:\/\/sdf.hr\/hr\/wp-json\/wp\/v2\/tags?post=8023"},{"taxonomy":"atribut","embeddable":true,"href":"https:\/\/sdf.hr\/hr\/wp-json\/wp\/v2\/atribut?post=8023"}],"curies":[{"name":"wp","href":"https:\/\/api.w.org\/{rel}","templated":true}]}}