{"id":8027,"date":"2026-01-28T12:48:59","date_gmt":"2026-01-28T11:48:59","guid":{"rendered":"https:\/\/sdf.hr\/nada\/baldwin-i-boks\/"},"modified":"2026-01-28T12:49:26","modified_gmt":"2026-01-28T11:49:26","slug":"baldwin-i-boks","status":"publish","type":"nada","link":"https:\/\/sdf.hr\/hr\/nada\/baldwin-i-boks\/","title":{"rendered":"Baldwin i boks"},"content":{"rendered":"<p>&#8220;Ne znam apsolutno ni\u0161ta o Slatkoj znanosti ili Okrutnoj profesiji ili Igri siroma\u0161nog dje\u010daka. Ali znam mnogo o ponosu, ponosu siroma\u0161nog dje\u010daka, budu\u0107i da je to moja pri\u010da i vjerojatno \u0107e, na neki na\u010din, biti i moj kraj&#8221;, pi\u0161e 1963. ameri\u010dki pisac <strong>James Baldwin<\/strong> u \u010dlanku objavljenom u \u010dasopisu Nugget. Baldwin je za novinarski zadatak imao izvje\u0161tavanje s borbe <strong>Floyda Pattersona<\/strong> i <strong>Sonnyja Listona<\/strong>.<\/p>\n<p>U izvje\u0161taju se zapravo najmanje doti\u010de samog me\u010da kao prostora i vremena izme\u0111u prve i zadnje runde, autorsku pa\u017enju posve\u0107uje svemu drugome \u0161to boksa\u010dki me\u010d \u010dini me\u010dom. &#8220;Bilo je ne\u0161to izrazito nestvarno u cijeloj toj pri\u010di, kao da smo svi do\u0161li u Chicago snimati razne filmove, a zatim svo vrijeme provodili posje\u0107uju\u0107i set onog drugog \u2013 na kojem nisu snimale kamere. Izvje\u0161taji su stizali svaki dan, pisa\u0107i strojevi su zveckali, telefoni su zvonili; svaki dan su automobili puni novinara upadali u Pattersonove ili Listonove kampove, motali se uokolo dok se Patterson ili Liston nisu pojavili; postavljali su jadna, besmislena pitanja, uvijek ista pitanja, odlazili natrag telefonima i pisa\u0107im strojevima; i obavje\u0161tavali svijet koji je \u010dekao, tjeskobno \u010dekao, ili barem urednika koji je \u010dekao, tjeskobno \u010dekao, \u0161to su Patterson i Liston rekli ili u\u010dinili tog dana&#8221;, primje\u0107uje Baldwin.<\/p>\n<p>Podgrijavanje &#8220;sva\u0111e&#8221; izme\u0111u Pattersona i Listona naziva mlitavim i bezukusnim poput britanske pe\u010dene janjetine. Opisuje novinare koji se vrzmaju okolo, vrte pal\u010devima, piju \u0161kotski viski i \u010dekaju &#8220;Veliki Doga\u0111aj, koji bi opravdao monumentalne koli\u010dine vremena, novca i energije koje su se tro\u0161ile u Chicagu&#8221;. Kre\u0107e se me\u0111u menad\u017eerima i trenerima &#8220;koji kao da su prije mnogo godina polo\u017eili zavjet \u0161utnje&#8221; i uni\u0161tenim boksa\u010dima u penziji koje okupljeni tretiraju &#8220;s posramljenom naklono\u0161\u0107u rezerviranom za pomalo neugodne ro\u0111ake&#8221;.<\/p>\n<p>Posje\u0107uje Pattersona u profinjenom katoli\u010dkom obiteljskom kampu, u kojem visoko na zidu visi &#8220;izvanredno efektan iskrivljeni kri\u017e, izra\u0111en od zamr\u010denog drva&#8221;. Nakon zavr\u0161etka treninga, Baldwin ga intervjuira u kuhinji \u2013 novinari piju \u010daj, &#8220;dobri de\u010dko&#8221; Patterson pije \u010dokoladu.<\/p>\n<p>Kamp &#8220;lo\u0161eg de\u010dka&#8221; Listona upadno je druga\u010diji \u2013 napu\u0161tena hipodromska staza sa \u017ei\u010danim vratima i policajcima u uniformi na ulazu. &#8220;Liston nije volio ve\u0107inu novinara, a ve\u0107ina njih nije voljela njega. Nisam bio posebno zgro\u017een njegovom kriminalnom pro\u0161lo\u0161\u0107u, vjeruju\u0107i, s pravom ili ne, da vjerojatno znam vi\u0161e o motivima, pa \u010dak i nu\u017enosti te karijere, nego \u0161to je to mogla znati ve\u0107ina bijelih novinara&#8221;, pi\u0161e Baldwin.<\/p>\n<p>Opisuje Listona koji preska\u010de vija\u010du uz zvukove s plo\u010de &#8220;Night Train&#8221;, \u0161to Baldwina podsje\u0107a na &#8220;krupne, crne mu\u0161karce koji su stekli reputaciju \u017eilavih kako bi prikrili \u010dinjenicu da nisu bili \u017eilavi&#8221;. Za njega je Liston bio &#8220;neartikuliran na na\u010din na koji svi mi jesmo kada nam se dogodilo vi\u0161e nego \u0161to znamo izraziti; i neartikuliran na posebno crna\u010dki na\u010din \u2013 ima dugu pri\u010du za ispri\u010dati koju nitko ne \u017eeli \u010duti&#8221;. Liston mu ipak kazuje pokoju re\u010denicu o tome kako osje\u0107a odgovornost za mlade crne dje\u010dake i djevoj\u010dice, &#8220;zarobljene u okolnostima koje su gotovo porazile njega i Floyda, i od kojih se jo\u0161 uvijek ne mo\u017ee re\u0107i da se ijedan od njih oporavio&#8221;.<\/p>\n<p>Iako mu srce naginje prema Pattersonu (ipak je Baldwin bio sin harlemskog propovjednika), autor se s Listonom pozdravlja za\u017eeljev\u0161i mu sve najbolje. &#8220;I to je bila istina, iako sam \u017eelio da Patterson pobijedi&#8221;, pi\u0161e. \u017delja mu se nije ispunila, ali baldwinovski zaklju\u010deno \u2013 pobjedu je i kod Pattersona i kod Listona te\u0161ko nazivati pobjedom.<\/p>\n<p><em>pi\u0161e Ivana Peri\u0107<\/em><\/p>\n","protected":false},"excerpt":{"rendered":"<p>James Baldwin u svojim izvje\u0161tajima s borbe Floyda Pattersona i Sonnyja Listona najmanje se doti\u010de samog me\u010da. Autorsku pa\u017enju posve\u0107uje svemu drugome \u0161to boksa\u010dki me\u010d \u010dini me\u010dom<\/p>\n","protected":false},"featured_media":8026,"template":"","tags":[40],"atribut":[],"class_list":["post-8027","nada","type-nada","status-publish","has-post-thumbnail","hentry","tag-dvokorak-naprijed"],"acf":[],"yoast_head":"<!-- This site is optimized with the Yoast SEO plugin v27.4 - https:\/\/yoast.com\/product\/yoast-seo-wordpress\/ -->\n<title>Baldwin i boks - SDF - Srpski demokratski forum<\/title>\n<meta name=\"robots\" content=\"index, follow, max-snippet:-1, max-image-preview:large, max-video-preview:-1\" \/>\n<link rel=\"canonical\" href=\"https:\/\/sdf.hr\/hr\/nada\/baldwin-i-boks\/\" \/>\n<meta property=\"og:locale\" content=\"hr_HR\" \/>\n<meta property=\"og:type\" content=\"article\" \/>\n<meta property=\"og:title\" content=\"Baldwin i boks - SDF - Srpski demokratski forum\" \/>\n<meta property=\"og:description\" content=\"James Baldwin u svojim izvje\u0161tajima s borbe Floyda Pattersona i Sonnyja Listona najmanje se doti\u010de samog me\u010da. Autorsku pa\u017enju posve\u0107uje svemu drugome \u0161to boksa\u010dki me\u010d \u010dini me\u010dom\" \/>\n<meta property=\"og:url\" content=\"https:\/\/sdf.hr\/hr\/nada\/baldwin-i-boks\/\" \/>\n<meta property=\"og:site_name\" content=\"SDF - Srpski demokratski forum\" \/>\n<meta property=\"article:modified_time\" content=\"2026-01-28T11:49:26+00:00\" \/>\n<meta property=\"og:image\" content=\"https:\/\/sdf.hr\/wp-content\/uploads\/2026\/01\/Baldwin_Allan-Warren-IMAGO.jpg\" \/>\n\t<meta property=\"og:image:width\" content=\"2214\" \/>\n\t<meta property=\"og:image:height\" content=\"2000\" \/>\n\t<meta property=\"og:image:type\" content=\"image\/jpeg\" \/>\n<meta name=\"twitter:card\" content=\"summary_large_image\" \/>\n<meta name=\"twitter:label1\" content=\"Procijenjeno vrijeme \u010ditanja\" \/>\n\t<meta name=\"twitter:data1\" content=\"3 minute\" \/>\n<script type=\"application\/ld+json\" class=\"yoast-schema-graph\">{\"@context\":\"https:\\\/\\\/schema.org\",\"@graph\":[{\"@type\":\"WebPage\",\"@id\":\"https:\\\/\\\/sdf.hr\\\/hr\\\/nada\\\/baldwin-i-boks\\\/\",\"url\":\"https:\\\/\\\/sdf.hr\\\/hr\\\/nada\\\/baldwin-i-boks\\\/\",\"name\":\"Baldwin i boks - SDF - Srpski demokratski forum\",\"isPartOf\":{\"@id\":\"https:\\\/\\\/sdf.hr\\\/#website\"},\"primaryImageOfPage\":{\"@id\":\"https:\\\/\\\/sdf.hr\\\/hr\\\/nada\\\/baldwin-i-boks\\\/#primaryimage\"},\"image\":{\"@id\":\"https:\\\/\\\/sdf.hr\\\/hr\\\/nada\\\/baldwin-i-boks\\\/#primaryimage\"},\"thumbnailUrl\":\"https:\\\/\\\/sdf.hr\\\/wp-content\\\/uploads\\\/2026\\\/01\\\/Baldwin_Allan-Warren-IMAGO.jpg\",\"datePublished\":\"2026-01-28T11:48:59+00:00\",\"dateModified\":\"2026-01-28T11:49:26+00:00\",\"breadcrumb\":{\"@id\":\"https:\\\/\\\/sdf.hr\\\/hr\\\/nada\\\/baldwin-i-boks\\\/#breadcrumb\"},\"inLanguage\":\"hr\",\"potentialAction\":[{\"@type\":\"ReadAction\",\"target\":[\"https:\\\/\\\/sdf.hr\\\/hr\\\/nada\\\/baldwin-i-boks\\\/\"]}]},{\"@type\":\"ImageObject\",\"inLanguage\":\"hr\",\"@id\":\"https:\\\/\\\/sdf.hr\\\/hr\\\/nada\\\/baldwin-i-boks\\\/#primaryimage\",\"url\":\"https:\\\/\\\/sdf.hr\\\/wp-content\\\/uploads\\\/2026\\\/01\\\/Baldwin_Allan-Warren-IMAGO.jpg\",\"contentUrl\":\"https:\\\/\\\/sdf.hr\\\/wp-content\\\/uploads\\\/2026\\\/01\\\/Baldwin_Allan-Warren-IMAGO.jpg\",\"width\":2214,\"height\":2000,\"caption\":\"James Baldwin (Foto: Allan Warren\\\/IMAGO\\\/PIXSELL)\"},{\"@type\":\"BreadcrumbList\",\"@id\":\"https:\\\/\\\/sdf.hr\\\/hr\\\/nada\\\/baldwin-i-boks\\\/#breadcrumb\",\"itemListElement\":[{\"@type\":\"ListItem\",\"position\":1,\"name\":\"Po\u010detna stranica\",\"item\":\"https:\\\/\\\/sdf.hr\\\/hr\\\/\"},{\"@type\":\"ListItem\",\"position\":2,\"name\":\"Nada\",\"item\":\"https:\\\/\\\/sdf.hr\\\/nada\\\/\"},{\"@type\":\"ListItem\",\"position\":3,\"name\":\"Baldwin i boks\"}]},{\"@type\":\"WebSite\",\"@id\":\"https:\\\/\\\/sdf.hr\\\/#website\",\"url\":\"https:\\\/\\\/sdf.hr\\\/\",\"name\":\"SDF - Srpski demokratski forum\",\"description\":\"Srpski demokratski forum\",\"publisher\":{\"@id\":\"https:\\\/\\\/sdf.hr\\\/#organization\"},\"potentialAction\":[{\"@type\":\"SearchAction\",\"target\":{\"@type\":\"EntryPoint\",\"urlTemplate\":\"https:\\\/\\\/sdf.hr\\\/?s={search_term_string}\"},\"query-input\":{\"@type\":\"PropertyValueSpecification\",\"valueRequired\":true,\"valueName\":\"search_term_string\"}}],\"inLanguage\":\"hr\"},{\"@type\":\"Organization\",\"@id\":\"https:\\\/\\\/sdf.hr\\\/#organization\",\"name\":\"SDF - Srpski demokratski forum\",\"url\":\"https:\\\/\\\/sdf.hr\\\/\",\"logo\":{\"@type\":\"ImageObject\",\"inLanguage\":\"hr\",\"@id\":\"https:\\\/\\\/sdf.hr\\\/#\\\/schema\\\/logo\\\/image\\\/\",\"url\":\"https:\\\/\\\/sdf.hr\\\/wp-content\\\/uploads\\\/2021\\\/07\\\/logo-hr.svg\",\"contentUrl\":\"https:\\\/\\\/sdf.hr\\\/wp-content\\\/uploads\\\/2021\\\/07\\\/logo-hr.svg\",\"width\":271,\"height\":100,\"caption\":\"SDF - Srpski demokratski forum\"},\"image\":{\"@id\":\"https:\\\/\\\/sdf.hr\\\/#\\\/schema\\\/logo\\\/image\\\/\"}}]}<\/script>\n<!-- \/ Yoast SEO plugin. -->","yoast_head_json":{"title":"Baldwin i boks - SDF - Srpski demokratski forum","robots":{"index":"index","follow":"follow","max-snippet":"max-snippet:-1","max-image-preview":"max-image-preview:large","max-video-preview":"max-video-preview:-1"},"canonical":"https:\/\/sdf.hr\/hr\/nada\/baldwin-i-boks\/","og_locale":"hr_HR","og_type":"article","og_title":"Baldwin i boks - SDF - Srpski demokratski forum","og_description":"James Baldwin u svojim izvje\u0161tajima s borbe Floyda Pattersona i Sonnyja Listona najmanje se doti\u010de samog me\u010da. Autorsku pa\u017enju posve\u0107uje svemu drugome \u0161to boksa\u010dki me\u010d \u010dini me\u010dom","og_url":"https:\/\/sdf.hr\/hr\/nada\/baldwin-i-boks\/","og_site_name":"SDF - Srpski demokratski forum","article_modified_time":"2026-01-28T11:49:26+00:00","og_image":[{"width":2214,"height":2000,"url":"https:\/\/sdf.hr\/wp-content\/uploads\/2026\/01\/Baldwin_Allan-Warren-IMAGO.jpg","type":"image\/jpeg"}],"twitter_card":"summary_large_image","twitter_misc":{"Procijenjeno vrijeme \u010ditanja":"3 minute"},"schema":{"@context":"https:\/\/schema.org","@graph":[{"@type":"WebPage","@id":"https:\/\/sdf.hr\/hr\/nada\/baldwin-i-boks\/","url":"https:\/\/sdf.hr\/hr\/nada\/baldwin-i-boks\/","name":"Baldwin i boks - SDF - Srpski demokratski forum","isPartOf":{"@id":"https:\/\/sdf.hr\/#website"},"primaryImageOfPage":{"@id":"https:\/\/sdf.hr\/hr\/nada\/baldwin-i-boks\/#primaryimage"},"image":{"@id":"https:\/\/sdf.hr\/hr\/nada\/baldwin-i-boks\/#primaryimage"},"thumbnailUrl":"https:\/\/sdf.hr\/wp-content\/uploads\/2026\/01\/Baldwin_Allan-Warren-IMAGO.jpg","datePublished":"2026-01-28T11:48:59+00:00","dateModified":"2026-01-28T11:49:26+00:00","breadcrumb":{"@id":"https:\/\/sdf.hr\/hr\/nada\/baldwin-i-boks\/#breadcrumb"},"inLanguage":"hr","potentialAction":[{"@type":"ReadAction","target":["https:\/\/sdf.hr\/hr\/nada\/baldwin-i-boks\/"]}]},{"@type":"ImageObject","inLanguage":"hr","@id":"https:\/\/sdf.hr\/hr\/nada\/baldwin-i-boks\/#primaryimage","url":"https:\/\/sdf.hr\/wp-content\/uploads\/2026\/01\/Baldwin_Allan-Warren-IMAGO.jpg","contentUrl":"https:\/\/sdf.hr\/wp-content\/uploads\/2026\/01\/Baldwin_Allan-Warren-IMAGO.jpg","width":2214,"height":2000,"caption":"James Baldwin (Foto: Allan Warren\/IMAGO\/PIXSELL)"},{"@type":"BreadcrumbList","@id":"https:\/\/sdf.hr\/hr\/nada\/baldwin-i-boks\/#breadcrumb","itemListElement":[{"@type":"ListItem","position":1,"name":"Po\u010detna stranica","item":"https:\/\/sdf.hr\/hr\/"},{"@type":"ListItem","position":2,"name":"Nada","item":"https:\/\/sdf.hr\/nada\/"},{"@type":"ListItem","position":3,"name":"Baldwin i boks"}]},{"@type":"WebSite","@id":"https:\/\/sdf.hr\/#website","url":"https:\/\/sdf.hr\/","name":"SDF - Srpski demokratski forum","description":"Srpski demokratski forum","publisher":{"@id":"https:\/\/sdf.hr\/#organization"},"potentialAction":[{"@type":"SearchAction","target":{"@type":"EntryPoint","urlTemplate":"https:\/\/sdf.hr\/?s={search_term_string}"},"query-input":{"@type":"PropertyValueSpecification","valueRequired":true,"valueName":"search_term_string"}}],"inLanguage":"hr"},{"@type":"Organization","@id":"https:\/\/sdf.hr\/#organization","name":"SDF - Srpski demokratski forum","url":"https:\/\/sdf.hr\/","logo":{"@type":"ImageObject","inLanguage":"hr","@id":"https:\/\/sdf.hr\/#\/schema\/logo\/image\/","url":"https:\/\/sdf.hr\/wp-content\/uploads\/2021\/07\/logo-hr.svg","contentUrl":"https:\/\/sdf.hr\/wp-content\/uploads\/2021\/07\/logo-hr.svg","width":271,"height":100,"caption":"SDF - Srpski demokratski forum"},"image":{"@id":"https:\/\/sdf.hr\/#\/schema\/logo\/image\/"}}]}},"_links":{"self":[{"href":"https:\/\/sdf.hr\/hr\/wp-json\/wp\/v2\/nada\/8027","targetHints":{"allow":["GET"]}}],"collection":[{"href":"https:\/\/sdf.hr\/hr\/wp-json\/wp\/v2\/nada"}],"about":[{"href":"https:\/\/sdf.hr\/hr\/wp-json\/wp\/v2\/types\/nada"}],"wp:featuredmedia":[{"embeddable":true,"href":"https:\/\/sdf.hr\/hr\/wp-json\/wp\/v2\/media\/8026"}],"wp:attachment":[{"href":"https:\/\/sdf.hr\/hr\/wp-json\/wp\/v2\/media?parent=8027"}],"wp:term":[{"taxonomy":"post_tag","embeddable":true,"href":"https:\/\/sdf.hr\/hr\/wp-json\/wp\/v2\/tags?post=8027"},{"taxonomy":"atribut","embeddable":true,"href":"https:\/\/sdf.hr\/hr\/wp-json\/wp\/v2\/atribut?post=8027"}],"curies":[{"name":"wp","href":"https:\/\/api.w.org\/{rel}","templated":true}]}}