{"id":8044,"date":"2026-01-31T07:57:47","date_gmt":"2026-01-31T06:57:47","guid":{"rendered":"https:\/\/sdf.hr\/nada\/salenjaci-s-kvasom-i-pivom\/"},"modified":"2026-01-31T07:57:49","modified_gmt":"2026-01-31T06:57:49","slug":"salenjaci-s-kvasom-i-pivom","status":"publish","type":"nada","link":"https:\/\/sdf.hr\/hr\/nada\/salenjaci-s-kvasom-i-pivom\/","title":{"rendered":"Salenjaci s kvasom i pivom"},"content":{"rendered":"<p>Istina je kada ka\u017eu da ako se jednom zaljubi\u0161 u kvas, ta ljubav ostaje vje\u010dna. Osim \u0161to me u\u010di strpljenju i daje mi osje\u0107aj da mogu usporiti u ovom brzom vremenu, kvas mi je u \u017eivot donio divne nove i drage ljude koje upoznajem na radionicama. Tako su nastali i ovi salenjaci jer sam upravo od jedne polaznice radionice dobila salo za salenjake uz rije\u010di: &#8220;\u0160aljem ti ovo pa se igraj.&#8221; Zato sam se i poigrala s dva stara recepta, jedan s pivom i bez kvasca te drugi s mlijekom i kvascem.<\/p>\n<p>Salenjaci se danas sve rje\u0111e pripremaju jer je te\u0161ko do\u0107i do klju\u010dnog sastojka, svinjskog sala. Postoje razne ina\u010dice recepata, u neke se stavlja \u0161ljivovica, vino ili pivo, neki se pripremaju s kvascem i mlijekom, a u neke se ne stavlja pekmez prije pe\u010denja.<\/p>\n<p>Ovo tradicionalno &#8220;lisnato&#8221; tijesto osvaja svojim posebnim okusom i vra\u0107a me u djetinjstvo. Moja baka <strong>Jovanka<\/strong> je radila sjajne salenjake, a mama ih je radila s vinom i bili su vrhunski. Obavezan je bio doma\u0107i pekmez od \u0161ljiva te ih je uvaljala u \u0161e\u0107er u prahu. Upravo takve ih pamtim, hrskave i bijele od \u0161e\u0107era. Imam fotografiju sa svog tre\u0107eg ili \u010detvrtog ro\u0111endana gdje su na stolu, uz tortu, upravo mamini salenjaci.<\/p>\n<p><em>\u00a0<\/em><\/p>\n<p><strong><em>Sastojci za salenjake:<\/em><\/strong><\/p>\n<p>500 do 600 g p\u0161eni\u010dnog glatkog bra\u0161na (po\u010dnite s 500 g pa dodajte po potrebi)<\/p>\n<p>2 \u017eumanjka<\/p>\n<p>pola \u017eli\u010dice soli<\/p>\n<p>300 do 350 g svijetlog piva<\/p>\n<p>50 g kvasa (koristim \u010dvrsti starter)<\/p>\n<p>&nbsp;<\/p>\n<p><strong><em>Za premaz salom:<\/em><\/strong><\/p>\n<p>400 do 500 g mljevenog sala<\/p>\n<p>150 do 200 g glatkog p\u0161eni\u010dnog bra\u0161na<\/p>\n<p>&nbsp;<\/p>\n<p><strong><em>Priprema:<\/em><\/strong><\/p>\n<p>Najprije umijesite tijesto od svih sastojaka. Mijesite dok ne dobijete glatko tijesto, ne smije biti previ\u0161e mekano niti pretvrdo (regulirajte dodatkom bra\u0161na ili piva). Prekrijte tijesto i ostavite na sobnoj temperaturi otprilike sat vremena. Nakon toga ga stavite u zamrziva\u010d na 15 do 20 minuta. Za to vrijeme pripremite premaz sa salom.<\/p>\n<p>Pripremite salo tako \u0161to \u0107ete ga o\u010distiti od opni i \u017eilica te samljeti na ma\u0161inu za mljevenje mesa. Dodajte mu bra\u0161no i dobro umijesite. Ostavite na sobnoj temperaturi jer mora ostati mazivo.<\/p>\n<p>Na pobra\u0161njenoj podlozi rastanjite tijesto valjkom te prema\u017eite \u010detvrtinom sala. Preklopite tijesto vodoravno do pola pa drugu polovicu preko toga. Isto ponovite i okomito. Zamotajte ga u prozirnu foliju i stavite u zamrziva\u010d na 20 do 30 minuta. To valjanje i premazivanje pa preklapanje ponovite jo\u0161 tri puta. Tako pripremljeno tijesto zamotajte u prozirnu foliju i spremite u hladnjak do idu\u0107eg dana.<\/p>\n<p>Idu\u0107i dan rastanjite tijesto valjkom da dobijete \u010detverokut debljine oko pola centimetra. Izre\u017eite na \u010detverokute te na svaki stavite pola \u017eli\u010dice \u010dvr\u0161\u0107eg pekmeza. Preklopite po \u017eelji, kao knjigu, suprotne krajeve po sredini ili u trokut pa dva suprotna kuta stisnite. Posla\u017eite na lim oblo\u017een papirom za pe\u010denje i pecite u zagrijanoj pe\u0107nici na 175 do 180 stupnjeva dok ne porumene. Dok su mlaki pospite \u0161e\u0107erom u prahu i u\u017eivajte u hrskavim i prozra\u010dnim zalogajima.<\/p>\n<p>Dobar tek!<\/p>\n<p><em>pi\u0161e Vanja Vukadinovi\u0107<\/em><\/p>\n","protected":false},"excerpt":{"rendered":"<p>Osim \u0161to me u\u010di strpljenju i daje mi osje\u0107aj da mogu usporiti u ovom brzom vremenu, kvas mi je u \u017eivot donio divne nove i drage ljude koje upoznajem na radionicama. Tako su nastali i ovi salenjaci<\/p>\n","protected":false},"featured_media":8043,"template":"","tags":[42],"atribut":[],"class_list":["post-8044","nada","type-nada","status-publish","has-post-thumbnail","hentry","tag-gorski-kotao"],"acf":[],"yoast_head":"<!-- This site is optimized with the Yoast SEO plugin v27.4 - https:\/\/yoast.com\/product\/yoast-seo-wordpress\/ -->\n<title>Salenjaci s kvasom i pivom - SDF - Srpski demokratski forum<\/title>\n<meta name=\"robots\" content=\"index, follow, max-snippet:-1, max-image-preview:large, max-video-preview:-1\" \/>\n<link rel=\"canonical\" href=\"https:\/\/sdf.hr\/hr\/nada\/salenjaci-s-kvasom-i-pivom\/\" \/>\n<meta property=\"og:locale\" content=\"hr_HR\" \/>\n<meta property=\"og:type\" content=\"article\" \/>\n<meta property=\"og:title\" content=\"Salenjaci s kvasom i pivom - SDF - Srpski demokratski forum\" \/>\n<meta property=\"og:description\" content=\"Osim \u0161to me u\u010di strpljenju i daje mi osje\u0107aj da mogu usporiti u ovom brzom vremenu, kvas mi je u \u017eivot donio divne nove i drage ljude koje upoznajem na radionicama. Tako su nastali i ovi salenjaci\" \/>\n<meta property=\"og:url\" content=\"https:\/\/sdf.hr\/hr\/nada\/salenjaci-s-kvasom-i-pivom\/\" \/>\n<meta property=\"og:site_name\" content=\"SDF - Srpski demokratski forum\" \/>\n<meta property=\"article:modified_time\" content=\"2026-01-31T06:57:49+00:00\" \/>\n<meta property=\"og:image\" content=\"https:\/\/sdf.hr\/wp-content\/uploads\/2026\/01\/Salenjaci-scaled.jpg\" \/>\n\t<meta property=\"og:image:width\" content=\"2386\" \/>\n\t<meta property=\"og:image:height\" content=\"2560\" \/>\n\t<meta property=\"og:image:type\" content=\"image\/jpeg\" \/>\n<meta name=\"twitter:card\" content=\"summary_large_image\" \/>\n<meta name=\"twitter:label1\" content=\"Procijenjeno vrijeme \u010ditanja\" \/>\n\t<meta name=\"twitter:data1\" content=\"3 minute\" \/>\n<script type=\"application\/ld+json\" class=\"yoast-schema-graph\">{\"@context\":\"https:\\\/\\\/schema.org\",\"@graph\":[{\"@type\":\"WebPage\",\"@id\":\"https:\\\/\\\/sdf.hr\\\/hr\\\/nada\\\/salenjaci-s-kvasom-i-pivom\\\/\",\"url\":\"https:\\\/\\\/sdf.hr\\\/hr\\\/nada\\\/salenjaci-s-kvasom-i-pivom\\\/\",\"name\":\"Salenjaci s kvasom i pivom - SDF - Srpski demokratski forum\",\"isPartOf\":{\"@id\":\"https:\\\/\\\/sdf.hr\\\/#website\"},\"primaryImageOfPage\":{\"@id\":\"https:\\\/\\\/sdf.hr\\\/hr\\\/nada\\\/salenjaci-s-kvasom-i-pivom\\\/#primaryimage\"},\"image\":{\"@id\":\"https:\\\/\\\/sdf.hr\\\/hr\\\/nada\\\/salenjaci-s-kvasom-i-pivom\\\/#primaryimage\"},\"thumbnailUrl\":\"https:\\\/\\\/sdf.hr\\\/wp-content\\\/uploads\\\/2026\\\/01\\\/Salenjaci-scaled.jpg\",\"datePublished\":\"2026-01-31T06:57:47+00:00\",\"dateModified\":\"2026-01-31T06:57:49+00:00\",\"breadcrumb\":{\"@id\":\"https:\\\/\\\/sdf.hr\\\/hr\\\/nada\\\/salenjaci-s-kvasom-i-pivom\\\/#breadcrumb\"},\"inLanguage\":\"hr\",\"potentialAction\":[{\"@type\":\"ReadAction\",\"target\":[\"https:\\\/\\\/sdf.hr\\\/hr\\\/nada\\\/salenjaci-s-kvasom-i-pivom\\\/\"]}]},{\"@type\":\"ImageObject\",\"inLanguage\":\"hr\",\"@id\":\"https:\\\/\\\/sdf.hr\\\/hr\\\/nada\\\/salenjaci-s-kvasom-i-pivom\\\/#primaryimage\",\"url\":\"https:\\\/\\\/sdf.hr\\\/wp-content\\\/uploads\\\/2026\\\/01\\\/Salenjaci-scaled.jpg\",\"contentUrl\":\"https:\\\/\\\/sdf.hr\\\/wp-content\\\/uploads\\\/2026\\\/01\\\/Salenjaci-scaled.jpg\",\"width\":2386,\"height\":2560},{\"@type\":\"BreadcrumbList\",\"@id\":\"https:\\\/\\\/sdf.hr\\\/hr\\\/nada\\\/salenjaci-s-kvasom-i-pivom\\\/#breadcrumb\",\"itemListElement\":[{\"@type\":\"ListItem\",\"position\":1,\"name\":\"Po\u010detna stranica\",\"item\":\"https:\\\/\\\/sdf.hr\\\/hr\\\/\"},{\"@type\":\"ListItem\",\"position\":2,\"name\":\"Nada\",\"item\":\"https:\\\/\\\/sdf.hr\\\/nada\\\/\"},{\"@type\":\"ListItem\",\"position\":3,\"name\":\"Salenjaci s kvasom i pivom\"}]},{\"@type\":\"WebSite\",\"@id\":\"https:\\\/\\\/sdf.hr\\\/#website\",\"url\":\"https:\\\/\\\/sdf.hr\\\/\",\"name\":\"SDF - Srpski demokratski forum\",\"description\":\"Srpski demokratski forum\",\"publisher\":{\"@id\":\"https:\\\/\\\/sdf.hr\\\/#organization\"},\"potentialAction\":[{\"@type\":\"SearchAction\",\"target\":{\"@type\":\"EntryPoint\",\"urlTemplate\":\"https:\\\/\\\/sdf.hr\\\/?s={search_term_string}\"},\"query-input\":{\"@type\":\"PropertyValueSpecification\",\"valueRequired\":true,\"valueName\":\"search_term_string\"}}],\"inLanguage\":\"hr\"},{\"@type\":\"Organization\",\"@id\":\"https:\\\/\\\/sdf.hr\\\/#organization\",\"name\":\"SDF - Srpski demokratski forum\",\"url\":\"https:\\\/\\\/sdf.hr\\\/\",\"logo\":{\"@type\":\"ImageObject\",\"inLanguage\":\"hr\",\"@id\":\"https:\\\/\\\/sdf.hr\\\/#\\\/schema\\\/logo\\\/image\\\/\",\"url\":\"https:\\\/\\\/sdf.hr\\\/wp-content\\\/uploads\\\/2021\\\/07\\\/logo-hr.svg\",\"contentUrl\":\"https:\\\/\\\/sdf.hr\\\/wp-content\\\/uploads\\\/2021\\\/07\\\/logo-hr.svg\",\"width\":271,\"height\":100,\"caption\":\"SDF - Srpski demokratski forum\"},\"image\":{\"@id\":\"https:\\\/\\\/sdf.hr\\\/#\\\/schema\\\/logo\\\/image\\\/\"}}]}<\/script>\n<!-- \/ Yoast SEO plugin. -->","yoast_head_json":{"title":"Salenjaci s kvasom i pivom - SDF - Srpski demokratski forum","robots":{"index":"index","follow":"follow","max-snippet":"max-snippet:-1","max-image-preview":"max-image-preview:large","max-video-preview":"max-video-preview:-1"},"canonical":"https:\/\/sdf.hr\/hr\/nada\/salenjaci-s-kvasom-i-pivom\/","og_locale":"hr_HR","og_type":"article","og_title":"Salenjaci s kvasom i pivom - SDF - Srpski demokratski forum","og_description":"Osim \u0161to me u\u010di strpljenju i daje mi osje\u0107aj da mogu usporiti u ovom brzom vremenu, kvas mi je u \u017eivot donio divne nove i drage ljude koje upoznajem na radionicama. Tako su nastali i ovi salenjaci","og_url":"https:\/\/sdf.hr\/hr\/nada\/salenjaci-s-kvasom-i-pivom\/","og_site_name":"SDF - Srpski demokratski forum","article_modified_time":"2026-01-31T06:57:49+00:00","og_image":[{"width":2386,"height":2560,"url":"https:\/\/sdf.hr\/wp-content\/uploads\/2026\/01\/Salenjaci-scaled.jpg","type":"image\/jpeg"}],"twitter_card":"summary_large_image","twitter_misc":{"Procijenjeno vrijeme \u010ditanja":"3 minute"},"schema":{"@context":"https:\/\/schema.org","@graph":[{"@type":"WebPage","@id":"https:\/\/sdf.hr\/hr\/nada\/salenjaci-s-kvasom-i-pivom\/","url":"https:\/\/sdf.hr\/hr\/nada\/salenjaci-s-kvasom-i-pivom\/","name":"Salenjaci s kvasom i pivom - SDF - Srpski demokratski forum","isPartOf":{"@id":"https:\/\/sdf.hr\/#website"},"primaryImageOfPage":{"@id":"https:\/\/sdf.hr\/hr\/nada\/salenjaci-s-kvasom-i-pivom\/#primaryimage"},"image":{"@id":"https:\/\/sdf.hr\/hr\/nada\/salenjaci-s-kvasom-i-pivom\/#primaryimage"},"thumbnailUrl":"https:\/\/sdf.hr\/wp-content\/uploads\/2026\/01\/Salenjaci-scaled.jpg","datePublished":"2026-01-31T06:57:47+00:00","dateModified":"2026-01-31T06:57:49+00:00","breadcrumb":{"@id":"https:\/\/sdf.hr\/hr\/nada\/salenjaci-s-kvasom-i-pivom\/#breadcrumb"},"inLanguage":"hr","potentialAction":[{"@type":"ReadAction","target":["https:\/\/sdf.hr\/hr\/nada\/salenjaci-s-kvasom-i-pivom\/"]}]},{"@type":"ImageObject","inLanguage":"hr","@id":"https:\/\/sdf.hr\/hr\/nada\/salenjaci-s-kvasom-i-pivom\/#primaryimage","url":"https:\/\/sdf.hr\/wp-content\/uploads\/2026\/01\/Salenjaci-scaled.jpg","contentUrl":"https:\/\/sdf.hr\/wp-content\/uploads\/2026\/01\/Salenjaci-scaled.jpg","width":2386,"height":2560},{"@type":"BreadcrumbList","@id":"https:\/\/sdf.hr\/hr\/nada\/salenjaci-s-kvasom-i-pivom\/#breadcrumb","itemListElement":[{"@type":"ListItem","position":1,"name":"Po\u010detna stranica","item":"https:\/\/sdf.hr\/hr\/"},{"@type":"ListItem","position":2,"name":"Nada","item":"https:\/\/sdf.hr\/nada\/"},{"@type":"ListItem","position":3,"name":"Salenjaci s kvasom i pivom"}]},{"@type":"WebSite","@id":"https:\/\/sdf.hr\/#website","url":"https:\/\/sdf.hr\/","name":"SDF - Srpski demokratski forum","description":"Srpski demokratski forum","publisher":{"@id":"https:\/\/sdf.hr\/#organization"},"potentialAction":[{"@type":"SearchAction","target":{"@type":"EntryPoint","urlTemplate":"https:\/\/sdf.hr\/?s={search_term_string}"},"query-input":{"@type":"PropertyValueSpecification","valueRequired":true,"valueName":"search_term_string"}}],"inLanguage":"hr"},{"@type":"Organization","@id":"https:\/\/sdf.hr\/#organization","name":"SDF - Srpski demokratski forum","url":"https:\/\/sdf.hr\/","logo":{"@type":"ImageObject","inLanguage":"hr","@id":"https:\/\/sdf.hr\/#\/schema\/logo\/image\/","url":"https:\/\/sdf.hr\/wp-content\/uploads\/2021\/07\/logo-hr.svg","contentUrl":"https:\/\/sdf.hr\/wp-content\/uploads\/2021\/07\/logo-hr.svg","width":271,"height":100,"caption":"SDF - Srpski demokratski forum"},"image":{"@id":"https:\/\/sdf.hr\/#\/schema\/logo\/image\/"}}]}},"_links":{"self":[{"href":"https:\/\/sdf.hr\/hr\/wp-json\/wp\/v2\/nada\/8044","targetHints":{"allow":["GET"]}}],"collection":[{"href":"https:\/\/sdf.hr\/hr\/wp-json\/wp\/v2\/nada"}],"about":[{"href":"https:\/\/sdf.hr\/hr\/wp-json\/wp\/v2\/types\/nada"}],"wp:featuredmedia":[{"embeddable":true,"href":"https:\/\/sdf.hr\/hr\/wp-json\/wp\/v2\/media\/8043"}],"wp:attachment":[{"href":"https:\/\/sdf.hr\/hr\/wp-json\/wp\/v2\/media?parent=8044"}],"wp:term":[{"taxonomy":"post_tag","embeddable":true,"href":"https:\/\/sdf.hr\/hr\/wp-json\/wp\/v2\/tags?post=8044"},{"taxonomy":"atribut","embeddable":true,"href":"https:\/\/sdf.hr\/hr\/wp-json\/wp\/v2\/atribut?post=8044"}],"curies":[{"name":"wp","href":"https:\/\/api.w.org\/{rel}","templated":true}]}}