{"id":8053,"date":"2026-02-13T08:02:43","date_gmt":"2026-02-13T07:02:43","guid":{"rendered":"https:\/\/sdf.hr\/nada\/mural-zenama-moral-narodu\/"},"modified":"2026-02-13T08:03:55","modified_gmt":"2026-02-13T07:03:55","slug":"mural-zenama-moral-narodu","status":"publish","type":"nada","link":"https:\/\/sdf.hr\/hr\/nada\/mural-zenama-moral-narodu\/","title":{"rendered":"Mural \u017eenama, moral narodu"},"content":{"rendered":"<p>Sport me nikad nije pretjerano zanimao, osim rekreativno. Istina, sa zanimanjem pratim neke individualne sportove, ali onaj natjecateljski dio, pogotovo kod timskih sportova, naj\u010de\u0161\u0107e mi je ubita\u010dno dosadan. Bogohulno je to re\u0107i u ovom na\u0161em dijelu svijeta gdje se obi\u010dna lopta tretira kao bo\u017eanstvo, ali, eto, ima nas jadnica i jadnika koji ne padamo u deliriji kad igra na\u0161 tim ili repka, zapravo cijelu tu navija\u010dku kulturu smatramo fanati\u010dnom i krajnje napornom.<\/p>\n<p>U nevjerici sam i donekle suosje\u0107ajno promatrala mu\u0161karce mog \u017eivota, kao i neke prijateljice prilikom utakmice, pogotovo derbija. Zajedni\u0161tvo? Dobro, ali s kim? Po kojoj osnovi? Mjestu ro\u0111enja? Izostanku mozga? Ne mo\u017ee\u0161 ti to razumit, bio bi naj\u010de\u0161\u0107i iznervirani odgovor. Istina, ne mogu. Na kraju bi se toliko iskreno uvrijedili da bih kapitulirala \u2013 moji dragi ljudi su poklonici kulta i preostaje nam samo da me\u0111usobno NE pri\u010damo o tome. Mu\u010dala sam i kad su se navija\u010di mlatili s kim stignu i kad su se pjevale usta\u0161ke pjesmice i dizale desnice, a voljeni klubovi \u0161utjeli. Slobodno patite, mazohisti, rekla sam (ali u sebi) prijateljima poklonicima kulta, moj \u017eivot to minimalno doti\u010de.<\/p>\n<p>Osim kad je rije\u010d o muralima, tu mi \u0111avo ne da mira. Jer nigdje se tako ne sljubljuju ki\u010d i banalnost kao na muralima hrvatskih navija\u010da, a vrijedi ovo i regionalno. Gnjavila sam bli\u017enje, poklonike <em>baluna<\/em> ili <em>lopte<\/em> kad god sam stigla, pila sam im krv na slam\u010dicu: Dobro, \u0161to ti kao stru\u010dnjak, drug, gra\u0111anin misli\u0161 o tome? Zar to nije vizualno silovanje? Zar to nije nasilje u javnom prostoru? Ovisno o gradu u kojem se nalazimo, svaki drugi zid je prebojan nekim izrazito ru\u017enim do jedva podno\u0161ljivim muralom Torcide, tek ne\u0161to manje BBB-a (valjda jer je Zagreb ve\u0107i grad, pa se lak\u0161e izgube) ili kako se ve\u0107 infantilno zovu te navija\u010dke skupine po Hrvatskoj. Ali moji bli\u017enji, me\u0111u njima i poneki povjesni\u010dar umjetnosti, restaurator, arhitekt, novinarke i pisci, profesorice i aktivistice, ljudi istan\u010dana okusa i arbitri po pitanju svake druge estetske dileme i dru\u0161tvene dubioze, samo bi frknuli kao da tjeraju muhu i okrenuli temu. Oni malo manje senzibilni, i ne toliko bli\u017enji, pitali bi narogu\u0161eno: Za\u0161to to TEBI smeta? Pa ne bi smetalo to \u0161to je objektivno ru\u017eno oku, da uz to nije i silovanje \u010ditavih gradova istom monokulturom, \u010dak i kad bi bila simpati\u010dnija, \u010dak i ako bih, kao ve\u0107ina javnosti, zatvorila o\u010di pred onim crte\u017eima kala\u0161njikova, mrtva\u010dkih glava i ponekog kriptousta\u0161e pod kacigom. Ako nas ve\u0107 sve primoravaju da svakodnevno gledamo te slikarije, nek&#8217; daju malo boje, ma\u0161te, stila i \u017eivotne radosti \u2013 igre, kako to rade u Napulju, na primjer.<\/p>\n<figure id=\"attachment_8047\" aria-describedby=\"caption-attachment-8047\" style=\"width: 2560px\" class=\"wp-caption alignnone\"><img loading=\"lazy\" decoding=\"async\" class=\"wp-image-8047 size-full\" src=\"https:\/\/sdf.hr\/wp-content\/uploads\/2026\/02\/Mural-Krstulovic_Miranda-Cikotic-scaled.jpg\" alt=\"\" width=\"2560\" height=\"1707\" srcset=\"https:\/\/sdf.hr\/wp-content\/uploads\/2026\/02\/Mural-Krstulovic_Miranda-Cikotic-scaled.jpg 2560w, https:\/\/sdf.hr\/wp-content\/uploads\/2026\/02\/Mural-Krstulovic_Miranda-Cikotic-300x200.jpg 300w, https:\/\/sdf.hr\/wp-content\/uploads\/2026\/02\/Mural-Krstulovic_Miranda-Cikotic-1024x683.jpg 1024w, https:\/\/sdf.hr\/wp-content\/uploads\/2026\/02\/Mural-Krstulovic_Miranda-Cikotic-768x512.jpg 768w, https:\/\/sdf.hr\/wp-content\/uploads\/2026\/02\/Mural-Krstulovic_Miranda-Cikotic-1536x1024.jpg 1536w, https:\/\/sdf.hr\/wp-content\/uploads\/2026\/02\/Mural-Krstulovic_Miranda-Cikotic-2048x1366.jpg 2048w\" sizes=\"auto, (max-width: 2560px) 100vw, 2560px\" \/><figcaption id=\"caption-attachment-8047\" class=\"wp-caption-text\">Mural Josipe Krolo posve\u0107en Zdravki Krstulovi\u0107 (Foto: Miranda \u010cikoti\u0107\/PIXSELL)<\/figcaption><\/figure>\n<p>Tridesetak godina zakr\u017eljalu etiku ukorak prati ista takva estetika. Ona ista etika i estetika koja je ru\u0161ila <strong>Baki\u0107eva<\/strong>, <strong>Bogdanovi\u0107eva<\/strong> i <strong>D\u017eamonjina<\/strong> remek djela u ostatku svijeta prepoznata kao vrhunski modernizam.<\/p>\n<p>Dru\u0161tvo koje svoj krhki identitet temelji na ru\u0161enju i potiranju vlastite kulture i povijesti, mora biti nestabilno, nekako je logi\u010dno. Ne treba se zato previ\u0161e \u010duditi kad polaznicima navija\u010dkih likovnih radionica stasalim u takvoj klimi ni\u0161ta ne predstavlja lice gluma\u010dke dive <strong>Zdravke Krstulovi\u0107<\/strong>, \u010diji je mural prije nekoliko tjedana prekriven jo\u0161 jednim ljupkim navija\u010dkim uratkom.<\/p>\n<p>Mural <strong>Josipe Krolo<\/strong> u Ulici slobode bio je prvi u nizu murala koji su u sklopu inicijative udruge Domine posve\u0107ene splitskim velikankama oslikale splitske umjetnice i koji je nai\u0161ao na odu\u0161evljenje javnosti; usprkos tome \u0161to, prema rije\u010dima Domina, nijedna splitska vlast nije imala sluha za njihova nastojanja da u javnom prostoru na\u0111u mjesta za \u017eene koje su gradile Split. Mural, s nazivom i natpisom: &#8220;Zdravka Krstulovi\u0107: Ja sam Dalmacija&#8221; (\u0161to su, prema navodima, posljednje rije\u010di koje je na sceni velika glumica izrekla), i koji \u0107e, bude li sre\u0107e, zahvaljuju\u0107i sr\u010danoj reakciji dijela Spli\u0107anki i Spli\u0107ana u skoro vrijeme ponovo krasiti neku gradsku fasadu, nije jedini koji je naslikala neka umjetnica, a koji je nakon vi\u0161egodi\u0161njeg postojanja, zadnjih tjedana i mjeseci devastiran u spontanom naletu mizoginije. Dva poznata i uo\u010dljiva murala u Zagrebu do\u017eivjela su sli\u010dnu sudbinu, uni\u0161tili su ih neznani huligani. O\u010digledno, siled\u017eije i kukavice ohrabreni, blagoslovljeni s vrha, prepoznali su svoj trenutak i u ovom slu\u010daju.<\/p>\n<p>U medijima je odjeknulo da je u Kranj\u010devi\u0107evoj ulici na zagreba\u010dkoj Tre\u0161njevci uni\u0161ten ve\u0107 legendarni mural <strong>Ene Jurov<\/strong> &#8220;Nogomet narodu, nogomet \u017eenama&#8221;. Pa ako jo\u0161 uvijek postoji netko tko misli da nam feminizam vi\u0161e nije potreban, neka baci oko na komentare koje su ovi tekstovi izazvali \u2013 ne postoji nijedna stvar koja \u0107e tako lako ujediniti hrvatske desnicu i ljevicu kao iziritiranost i strah od feminizma.<\/p>\n<figure id=\"attachment_8049\" aria-describedby=\"caption-attachment-8049\" style=\"width: 2560px\" class=\"wp-caption alignnone\"><img loading=\"lazy\" decoding=\"async\" class=\"wp-image-8049 size-full\" src=\"https:\/\/sdf.hr\/wp-content\/uploads\/2026\/02\/Mural-Jurov-scaled.jpg\" alt=\"\" width=\"2560\" height=\"1684\" srcset=\"https:\/\/sdf.hr\/wp-content\/uploads\/2026\/02\/Mural-Jurov-scaled.jpg 2560w, https:\/\/sdf.hr\/wp-content\/uploads\/2026\/02\/Mural-Jurov-300x197.jpg 300w, https:\/\/sdf.hr\/wp-content\/uploads\/2026\/02\/Mural-Jurov-1024x674.jpg 1024w, https:\/\/sdf.hr\/wp-content\/uploads\/2026\/02\/Mural-Jurov-768x505.jpg 768w, https:\/\/sdf.hr\/wp-content\/uploads\/2026\/02\/Mural-Jurov-1536x1010.jpg 1536w, https:\/\/sdf.hr\/wp-content\/uploads\/2026\/02\/Mural-Jurov-2048x1347.jpg 2048w\" sizes=\"auto, (max-width: 2560px) 100vw, 2560px\" \/><figcaption id=\"caption-attachment-8049\" class=\"wp-caption-text\">Nedavno je uni\u0161ten i mural Ene Jurov<\/figcaption><\/figure>\n<p>Ena Jurov je izradila ovaj mural 2023. godine, a osmislila ga je s novinarkom <strong>Ivanom Peri\u0107<\/strong>. Mural je posve\u0107en nogometa\u0161icama tog kvarta me\u0111u kojima je najpoznatija <strong>Maca Maradona<\/strong>, a nakon \u0161to je tri godine veselio Tre\u0161njevku, pre\u0161aran je crnom bojom negdje u prosincu, valjda s ono farbe \u0161to je preostalo iz &#8220;mjeseca pijeteta&#8221;.<\/p>\n<p>Tako\u0111er, na Dubravkinom putu netko je nedavno bijelom bojom zalio portret <strong>Sofije Stockau<\/strong> koji je 2021. na trafostanici naslikala <strong>Helena Klako\u010dar<\/strong>. Sofija Stockau bila je supruga bana <strong>Jela\u010di\u0107a<\/strong>, koji ju je o\u017eenio u pedesetoj godini dok je ona imala \u0161esnaest. U tom svjetlu, bez obzira na &#8220;druga vremena&#8221;, manje romanti\u010dno izgleda \u010dinjenica da je slavni ban svojoj mladoj supruzi napravio \u0161etali\u0161te u \u0161umi po kojoj je voljela \u0161etati i nazvao ga Sofijin put. Kasnije, nakon Drugog svjetskog rata, naziv \u0161etali\u0161ta preimenovan je u Dubravkin put, po Gunduli\u0107evoj Dubravki, a kada je ban Jela\u010di\u0107 u velikom stilu 90-ih vra\u0107en na glavni trg glavnog grada, nitko nije mario za Sofiju ni za Sofijin put (<em>pa ta ni na\u0161a bila nije, a i to dijete koje je imala s banom je umrlo<\/em>). Lik zaboravljene banovice, kojoj plemstvo nije pomoglo da ne bude drugotna, na njenom \u0161etali\u0161tu o\u017eivjela je tek Helena Klako\u010dar, izvukav\u0161i je iz zaborava \u2013 sve do pro\u0161le jeseni. Bilo je lijepo i pomalo neobi\u010dno, skoro pa gostoljubivo, susresti lice djevojke u \u0161etnji \u0161umom. I trebalo je puno volje i puno mr\u017enje da se dovu\u010de kanta boje skroz u \u0161umu, vjerojatno po no\u0107i kad nikoga nema, i zatim prolije preko Sofijina lica. Neshvatljivo.<\/p>\n<figure id=\"attachment_8051\" aria-describedby=\"caption-attachment-8051\" style=\"width: 2560px\" class=\"wp-caption alignnone\"><img loading=\"lazy\" decoding=\"async\" class=\"wp-image-8051 size-full\" src=\"https:\/\/sdf.hr\/wp-content\/uploads\/2026\/02\/Mural-Sofija_Marko-Lukunic-scaled.jpg\" alt=\"\" width=\"2560\" height=\"1820\" srcset=\"https:\/\/sdf.hr\/wp-content\/uploads\/2026\/02\/Mural-Sofija_Marko-Lukunic-scaled.jpg 2560w, https:\/\/sdf.hr\/wp-content\/uploads\/2026\/02\/Mural-Sofija_Marko-Lukunic-300x213.jpg 300w, https:\/\/sdf.hr\/wp-content\/uploads\/2026\/02\/Mural-Sofija_Marko-Lukunic-1024x728.jpg 1024w, https:\/\/sdf.hr\/wp-content\/uploads\/2026\/02\/Mural-Sofija_Marko-Lukunic-768x546.jpg 768w, https:\/\/sdf.hr\/wp-content\/uploads\/2026\/02\/Mural-Sofija_Marko-Lukunic-1536x1092.jpg 1536w, https:\/\/sdf.hr\/wp-content\/uploads\/2026\/02\/Mural-Sofija_Marko-Lukunic-2048x1456.jpg 2048w\" sizes=\"auto, (max-width: 2560px) 100vw, 2560px\" \/><figcaption id=\"caption-attachment-8051\" class=\"wp-caption-text\">Portret Sofije Stockau 2021. je naslikala Helena Klako\u010dar (Foto: Marko Lukuni\u0107\/PIXSELL)<\/figcaption><\/figure>\n<p>U slu\u010daju ova tri murala nije problemati\u010dno autorstvo, o kojem vandali mogu tek pretpostavljati, kad bi im se uop\u0107e dalo bavit pretpostavkama, ve\u0107 ono \u0161to su autorice nacrtale u javnom prostoru \u2013 a to su lica \u017eena. Ona im, u najboljem slu\u010daju, ni\u0161ta ne zna\u010de, u najgorem \u2013 ne mogu ih vidjeti.<\/p>\n<p>Istina, \u010dudile smo se i veselile \u0161to je Enin sportski mural izdr\u017eao tako dugo, a da ga neki pajdo iziritiran curama u nogometnim dresovima nije pre\u0161arao. I da se vratim na po\u010detak ove pri\u010de i distancu gorepotpisane prema sportu: upravo zahvaljuju\u0107i ovom muralu, kao i sportskim kolumnama jedne od idejnih za\u010detnice murala, novinarke Ivane Peri\u0107, i moja se antinogometna osoba mal\u010dice emancipirala. Da, mogla bih pratiti \u017eenski nogomet ako ga u Hrvatskoj jo\u0161 uop\u0107e ima.<\/p>\n<p>Onaj mu\u0161ki, te\u0161ko, trebali bi se ispuniti neki preduvjeti: recimo da igra bude va\u017enija od politike i da gradovi i zidovi gradova prestanu biti taoci uli\u010dnih bandi koje sebi tepaju da su navija\u010di, a nitko se, \u0161to je smje\u0161no koliko i u\u017easavaju\u0107e, njihovom teroru nema hrabrosti suprotstaviti. I, naravno, da im murale crtaju Ena, Josipa, Helena i ostale umjetnice, pa da to kona\u010dno na ne\u0161to sli\u010di \u2013 da sli\u010di na igru, a ne na rat.<\/p>\n<p><em>pi\u0161e Olja Savi\u010devi\u0107 Ivan\u010devi\u0107<\/em><\/p>\n","protected":false},"excerpt":{"rendered":"<p>Dru\u0161tvo koje svoj krhki identitet temelji na ru\u0161enju i potiranju vlastite kulture i povijesti, mora biti nestabilno. Ne treba se zato previ\u0161e \u010duditi kad polaznicima navija\u010dkih likovnih radionica stasalim u takvoj klimi ni\u0161ta ne predstavlja lice gluma\u010dke dive Zdravke Krstulovi\u0107<\/p>\n","protected":false},"featured_media":7760,"template":"","tags":[105],"atribut":[],"class_list":["post-8053","nada","type-nada","status-publish","has-post-thumbnail","hentry","tag-razum-i-osjecaji"],"acf":[],"yoast_head":"<!-- This site is optimized with the Yoast SEO plugin v27.4 - https:\/\/yoast.com\/product\/yoast-seo-wordpress\/ -->\n<title>Mural \u017eenama, moral narodu - SDF - Srpski demokratski forum<\/title>\n<meta name=\"robots\" content=\"index, follow, max-snippet:-1, max-image-preview:large, max-video-preview:-1\" \/>\n<link rel=\"canonical\" href=\"https:\/\/sdf.hr\/hr\/nada\/mural-zenama-moral-narodu\/\" \/>\n<meta property=\"og:locale\" content=\"hr_HR\" \/>\n<meta property=\"og:type\" content=\"article\" \/>\n<meta property=\"og:title\" content=\"Mural \u017eenama, moral narodu - SDF - Srpski demokratski forum\" \/>\n<meta property=\"og:description\" content=\"Dru\u0161tvo koje svoj krhki identitet temelji na ru\u0161enju i potiranju vlastite kulture i povijesti, mora biti nestabilno. Ne treba se zato previ\u0161e \u010duditi kad polaznicima navija\u010dkih likovnih radionica stasalim u takvoj klimi ni\u0161ta ne predstavlja lice gluma\u010dke dive Zdravke Krstulovi\u0107\" \/>\n<meta property=\"og:url\" content=\"https:\/\/sdf.hr\/hr\/nada\/mural-zenama-moral-narodu\/\" \/>\n<meta property=\"og:site_name\" content=\"SDF - Srpski demokratski forum\" \/>\n<meta property=\"article:modified_time\" content=\"2026-02-13T07:03:55+00:00\" \/>\n<meta property=\"og:image\" content=\"https:\/\/sdf.hr\/wp-content\/uploads\/2025\/12\/Savicevic_Andrija-Zelmanovic-scaled.jpg\" \/>\n\t<meta property=\"og:image:width\" content=\"2560\" \/>\n\t<meta property=\"og:image:height\" content=\"1703\" \/>\n\t<meta property=\"og:image:type\" content=\"image\/jpeg\" \/>\n<meta name=\"twitter:card\" content=\"summary_large_image\" \/>\n<meta name=\"twitter:label1\" content=\"Procijenjeno vrijeme \u010ditanja\" \/>\n\t<meta name=\"twitter:data1\" content=\"7 minuta\" \/>\n<script type=\"application\/ld+json\" class=\"yoast-schema-graph\">{\"@context\":\"https:\\\/\\\/schema.org\",\"@graph\":[{\"@type\":\"WebPage\",\"@id\":\"https:\\\/\\\/sdf.hr\\\/hr\\\/nada\\\/mural-zenama-moral-narodu\\\/\",\"url\":\"https:\\\/\\\/sdf.hr\\\/hr\\\/nada\\\/mural-zenama-moral-narodu\\\/\",\"name\":\"Mural \u017eenama, moral narodu - SDF - Srpski demokratski forum\",\"isPartOf\":{\"@id\":\"https:\\\/\\\/sdf.hr\\\/#website\"},\"primaryImageOfPage\":{\"@id\":\"https:\\\/\\\/sdf.hr\\\/hr\\\/nada\\\/mural-zenama-moral-narodu\\\/#primaryimage\"},\"image\":{\"@id\":\"https:\\\/\\\/sdf.hr\\\/hr\\\/nada\\\/mural-zenama-moral-narodu\\\/#primaryimage\"},\"thumbnailUrl\":\"https:\\\/\\\/sdf.hr\\\/wp-content\\\/uploads\\\/2025\\\/12\\\/Savicevic_Andrija-Zelmanovic-scaled.jpg\",\"datePublished\":\"2026-02-13T07:02:43+00:00\",\"dateModified\":\"2026-02-13T07:03:55+00:00\",\"breadcrumb\":{\"@id\":\"https:\\\/\\\/sdf.hr\\\/hr\\\/nada\\\/mural-zenama-moral-narodu\\\/#breadcrumb\"},\"inLanguage\":\"hr\",\"potentialAction\":[{\"@type\":\"ReadAction\",\"target\":[\"https:\\\/\\\/sdf.hr\\\/hr\\\/nada\\\/mural-zenama-moral-narodu\\\/\"]}]},{\"@type\":\"ImageObject\",\"inLanguage\":\"hr\",\"@id\":\"https:\\\/\\\/sdf.hr\\\/hr\\\/nada\\\/mural-zenama-moral-narodu\\\/#primaryimage\",\"url\":\"https:\\\/\\\/sdf.hr\\\/wp-content\\\/uploads\\\/2025\\\/12\\\/Savicevic_Andrija-Zelmanovic-scaled.jpg\",\"contentUrl\":\"https:\\\/\\\/sdf.hr\\\/wp-content\\\/uploads\\\/2025\\\/12\\\/Savicevic_Andrija-Zelmanovic-scaled.jpg\",\"width\":2560,\"height\":1703,\"caption\":\"Olja Savi\u010devi\u0107 Ivan\u010devi\u0107 (Foto: Andrija Zelmanovi\u0107)\"},{\"@type\":\"BreadcrumbList\",\"@id\":\"https:\\\/\\\/sdf.hr\\\/hr\\\/nada\\\/mural-zenama-moral-narodu\\\/#breadcrumb\",\"itemListElement\":[{\"@type\":\"ListItem\",\"position\":1,\"name\":\"Po\u010detna stranica\",\"item\":\"https:\\\/\\\/sdf.hr\\\/hr\\\/\"},{\"@type\":\"ListItem\",\"position\":2,\"name\":\"Nada\",\"item\":\"https:\\\/\\\/sdf.hr\\\/nada\\\/\"},{\"@type\":\"ListItem\",\"position\":3,\"name\":\"Mural \u017eenama, moral narodu\"}]},{\"@type\":\"WebSite\",\"@id\":\"https:\\\/\\\/sdf.hr\\\/#website\",\"url\":\"https:\\\/\\\/sdf.hr\\\/\",\"name\":\"SDF - Srpski demokratski forum\",\"description\":\"Srpski demokratski forum\",\"publisher\":{\"@id\":\"https:\\\/\\\/sdf.hr\\\/#organization\"},\"potentialAction\":[{\"@type\":\"SearchAction\",\"target\":{\"@type\":\"EntryPoint\",\"urlTemplate\":\"https:\\\/\\\/sdf.hr\\\/?s={search_term_string}\"},\"query-input\":{\"@type\":\"PropertyValueSpecification\",\"valueRequired\":true,\"valueName\":\"search_term_string\"}}],\"inLanguage\":\"hr\"},{\"@type\":\"Organization\",\"@id\":\"https:\\\/\\\/sdf.hr\\\/#organization\",\"name\":\"SDF - Srpski demokratski forum\",\"url\":\"https:\\\/\\\/sdf.hr\\\/\",\"logo\":{\"@type\":\"ImageObject\",\"inLanguage\":\"hr\",\"@id\":\"https:\\\/\\\/sdf.hr\\\/#\\\/schema\\\/logo\\\/image\\\/\",\"url\":\"https:\\\/\\\/sdf.hr\\\/wp-content\\\/uploads\\\/2021\\\/07\\\/logo-hr.svg\",\"contentUrl\":\"https:\\\/\\\/sdf.hr\\\/wp-content\\\/uploads\\\/2021\\\/07\\\/logo-hr.svg\",\"width\":271,\"height\":100,\"caption\":\"SDF - Srpski demokratski forum\"},\"image\":{\"@id\":\"https:\\\/\\\/sdf.hr\\\/#\\\/schema\\\/logo\\\/image\\\/\"}}]}<\/script>\n<!-- \/ Yoast SEO plugin. -->","yoast_head_json":{"title":"Mural \u017eenama, moral narodu - SDF - Srpski demokratski forum","robots":{"index":"index","follow":"follow","max-snippet":"max-snippet:-1","max-image-preview":"max-image-preview:large","max-video-preview":"max-video-preview:-1"},"canonical":"https:\/\/sdf.hr\/hr\/nada\/mural-zenama-moral-narodu\/","og_locale":"hr_HR","og_type":"article","og_title":"Mural \u017eenama, moral narodu - SDF - Srpski demokratski forum","og_description":"Dru\u0161tvo koje svoj krhki identitet temelji na ru\u0161enju i potiranju vlastite kulture i povijesti, mora biti nestabilno. Ne treba se zato previ\u0161e \u010duditi kad polaznicima navija\u010dkih likovnih radionica stasalim u takvoj klimi ni\u0161ta ne predstavlja lice gluma\u010dke dive Zdravke Krstulovi\u0107","og_url":"https:\/\/sdf.hr\/hr\/nada\/mural-zenama-moral-narodu\/","og_site_name":"SDF - Srpski demokratski forum","article_modified_time":"2026-02-13T07:03:55+00:00","og_image":[{"width":2560,"height":1703,"url":"https:\/\/sdf.hr\/wp-content\/uploads\/2025\/12\/Savicevic_Andrija-Zelmanovic-scaled.jpg","type":"image\/jpeg"}],"twitter_card":"summary_large_image","twitter_misc":{"Procijenjeno vrijeme \u010ditanja":"7 minuta"},"schema":{"@context":"https:\/\/schema.org","@graph":[{"@type":"WebPage","@id":"https:\/\/sdf.hr\/hr\/nada\/mural-zenama-moral-narodu\/","url":"https:\/\/sdf.hr\/hr\/nada\/mural-zenama-moral-narodu\/","name":"Mural \u017eenama, moral narodu - SDF - Srpski demokratski forum","isPartOf":{"@id":"https:\/\/sdf.hr\/#website"},"primaryImageOfPage":{"@id":"https:\/\/sdf.hr\/hr\/nada\/mural-zenama-moral-narodu\/#primaryimage"},"image":{"@id":"https:\/\/sdf.hr\/hr\/nada\/mural-zenama-moral-narodu\/#primaryimage"},"thumbnailUrl":"https:\/\/sdf.hr\/wp-content\/uploads\/2025\/12\/Savicevic_Andrija-Zelmanovic-scaled.jpg","datePublished":"2026-02-13T07:02:43+00:00","dateModified":"2026-02-13T07:03:55+00:00","breadcrumb":{"@id":"https:\/\/sdf.hr\/hr\/nada\/mural-zenama-moral-narodu\/#breadcrumb"},"inLanguage":"hr","potentialAction":[{"@type":"ReadAction","target":["https:\/\/sdf.hr\/hr\/nada\/mural-zenama-moral-narodu\/"]}]},{"@type":"ImageObject","inLanguage":"hr","@id":"https:\/\/sdf.hr\/hr\/nada\/mural-zenama-moral-narodu\/#primaryimage","url":"https:\/\/sdf.hr\/wp-content\/uploads\/2025\/12\/Savicevic_Andrija-Zelmanovic-scaled.jpg","contentUrl":"https:\/\/sdf.hr\/wp-content\/uploads\/2025\/12\/Savicevic_Andrija-Zelmanovic-scaled.jpg","width":2560,"height":1703,"caption":"Olja Savi\u010devi\u0107 Ivan\u010devi\u0107 (Foto: Andrija Zelmanovi\u0107)"},{"@type":"BreadcrumbList","@id":"https:\/\/sdf.hr\/hr\/nada\/mural-zenama-moral-narodu\/#breadcrumb","itemListElement":[{"@type":"ListItem","position":1,"name":"Po\u010detna stranica","item":"https:\/\/sdf.hr\/hr\/"},{"@type":"ListItem","position":2,"name":"Nada","item":"https:\/\/sdf.hr\/nada\/"},{"@type":"ListItem","position":3,"name":"Mural \u017eenama, moral narodu"}]},{"@type":"WebSite","@id":"https:\/\/sdf.hr\/#website","url":"https:\/\/sdf.hr\/","name":"SDF - Srpski demokratski forum","description":"Srpski demokratski forum","publisher":{"@id":"https:\/\/sdf.hr\/#organization"},"potentialAction":[{"@type":"SearchAction","target":{"@type":"EntryPoint","urlTemplate":"https:\/\/sdf.hr\/?s={search_term_string}"},"query-input":{"@type":"PropertyValueSpecification","valueRequired":true,"valueName":"search_term_string"}}],"inLanguage":"hr"},{"@type":"Organization","@id":"https:\/\/sdf.hr\/#organization","name":"SDF - Srpski demokratski forum","url":"https:\/\/sdf.hr\/","logo":{"@type":"ImageObject","inLanguage":"hr","@id":"https:\/\/sdf.hr\/#\/schema\/logo\/image\/","url":"https:\/\/sdf.hr\/wp-content\/uploads\/2021\/07\/logo-hr.svg","contentUrl":"https:\/\/sdf.hr\/wp-content\/uploads\/2021\/07\/logo-hr.svg","width":271,"height":100,"caption":"SDF - Srpski demokratski forum"},"image":{"@id":"https:\/\/sdf.hr\/#\/schema\/logo\/image\/"}}]}},"_links":{"self":[{"href":"https:\/\/sdf.hr\/hr\/wp-json\/wp\/v2\/nada\/8053","targetHints":{"allow":["GET"]}}],"collection":[{"href":"https:\/\/sdf.hr\/hr\/wp-json\/wp\/v2\/nada"}],"about":[{"href":"https:\/\/sdf.hr\/hr\/wp-json\/wp\/v2\/types\/nada"}],"wp:featuredmedia":[{"embeddable":true,"href":"https:\/\/sdf.hr\/hr\/wp-json\/wp\/v2\/media\/7760"}],"wp:attachment":[{"href":"https:\/\/sdf.hr\/hr\/wp-json\/wp\/v2\/media?parent=8053"}],"wp:term":[{"taxonomy":"post_tag","embeddable":true,"href":"https:\/\/sdf.hr\/hr\/wp-json\/wp\/v2\/tags?post=8053"},{"taxonomy":"atribut","embeddable":true,"href":"https:\/\/sdf.hr\/hr\/wp-json\/wp\/v2\/atribut?post=8053"}],"curies":[{"name":"wp","href":"https:\/\/api.w.org\/{rel}","templated":true}]}}