{"id":8065,"date":"2026-02-15T07:35:01","date_gmt":"2026-02-15T06:35:01","guid":{"rendered":"https:\/\/sdf.hr\/nada\/agata-lucic-rad-s-djecom-mi-je-posebno-drag\/"},"modified":"2026-03-01T10:24:15","modified_gmt":"2026-03-01T09:24:15","slug":"agata-lucic-rad-s-djecom-mi-je-posebno-drag","status":"publish","type":"nada","link":"https:\/\/sdf.hr\/hr\/nada\/agata-lucic-rad-s-djecom-mi-je-posebno-drag\/","title":{"rendered":"Agata Lu\u010di\u0107: Rad s djecom mi je posebno drag"},"content":{"rendered":"<p>&#8220;Oprosti \u0161to ti pi\u0161emo na Badnjak\u2026 ovo su specifikacije&#8221; \u2013 to je bio moj prvi kontakt s <strong>Agatom<\/strong> <strong>Lu\u010di\u0107<\/strong>. Klasi\u010dna kulturnja\u010dka pri\u010da: lo\u0161 tajming, potpla\u0107en anga\u017eman, \u010dudni rokovi. Agata je u 44 poruke prepiske, uz maglovite upute tipa &#8220;ipak bismo naran\u010dastu&#8221;, stvorila ilustraciju za pro\u0161logodi\u0161nji fAKTIV-ov No\u0107ni mar\u0161. Godinu, jednu izlo\u017ebu i hrpu radova kasnije, upoznale smo se u\u017eivo za ovaj razgovor.<\/p>\n<p>Agata Lu\u010di\u0107 ro\u0111ena je 1995. godine. Djetinjstvo je provela u Delnicama, a srednju \u0161kolu i fakultet zavr\u0161ila u Zagrebu. Diplomirala je 2020. na Grafi\u010dkom odsjeku Akademije likovnih umjetnosti. Vizualna je umjetnica. Bavi se ilustracijom, keramikom, oslikava murale i izdaje slikovnice.<\/p>\n<p><strong>Kao srednjo\u0161kolka se selite iz Delnica u Zagreb i upisujete \u0160kolu primijenjene umjetnosti i dizajna. Odakle hrabrost da s petnaest godina odete od roditelja i upi\u0161ete \u0161kolu za koju odrasli gotovo jednoglasno govore da je financijski neisplativa?<\/strong><\/p>\n<p>Kao dijete sam puno crtala. Sestra i ja smo zajedno bile u tome \u2013 i\u0161le smo na radionice, crtale u \u0161koli i van \u0161kole. Ve\u0107 u petom razredu saznala sam da postoji srednja \u0161kola u kojoj se mo\u017ee u\u010diti crtati i razvijati se u tom smjeru, i to mi je odmah postala \u017eelja, a roditelji su me podr\u017eali. Vjerojatno mi je bilo lak\u0161e odseliti jer smo sestra blizanka <strong>Apolonija<\/strong> i ja zajedno oti\u0161le u Zagreb u Primijenjenu.<\/p>\n<p>\u017divjele smo u u\u010deni\u010dkom domu i osje\u0107aj slobode je u po\u010detku bio super, bilo nas je \u0161est u sobi, ve\u0107inom cure iz Primijenjene u domu na Maruli\u0107evom trgu. Prvih godinu-dvije bilo je uzbudljivo i intenzivno, ali nakon nekog vremena \u017eivot s puno ljudi u malom prostoru postane prebu\u010dan.<\/p>\n<p><strong>Znam da je to umjetnicima mo\u017eda i najmr\u017ee pitanje, ali kako biste opisali svoj stil?<\/strong><\/p>\n<p>Tijekom studiranja na Akademiji pro\u0161la sam i kroz klasi\u010dnije studije crtanja po promatranju, akta i portreta, u\u010denje kako napraviti crte\u017e koji opona\u0161a stvarnost. Na Grafi\u010dkom odsjeku prolazili smo i kroz razli\u010dite grafi\u010dke tehnike u radionicama i taj dio obrazovanja mi je bio dosta zanimljiv.<\/p>\n<p>Paralelno s tim, ve\u0107 od prve godine po\u010dele smo razvijati slobodnije crte\u017ee kroz teme koje su nam zadali profesori ili prema osobnom zanimanju. Na tre\u0107oj godini bira se klasa \u2013 upisala sam klasu <strong>Svjetlana Junakovi\u0107a<\/strong> i tada sam se jasnije usmjerila prema ilustraciji. Kroz ilustraciju sam po\u010dela razmi\u0161ljati o crte\u017eu kao odgovoru na neki narativ koji se stavlja pred umjetnika. Mislim da sam tada krenula imati jasniju sliku svog interesa u likovnosti, ali rukopis mi se stalno razvija. Ne \u017eelim raditi cijelo vrijeme u jednoj tehnici ili jednom mediju, to bi mi brzo postalo monotono.<\/p>\n<p>Kao \u0161to sam spomenula, \u010desto postoji neki narativ ili pri\u010da na koju vizualno odgovaram \u2013 to je mo\u017eda glavna poveznica u mom radu. Ako bih ba\u0161 morala opisivati svoj stil, rekla bih da je razigran, mo\u017eda \u010dak pomalo djetinji. Ne trudim se realisti\u010dno opona\u0161ati stvarnost: \u010dak i kad skiciram prema promatranju, odem u stilizaciju. U mojim se ilustracijama \u010desto pojavljuju pojednostavljeni ljudski i \u017eivotinjski likovi i biljke, a dosta se oslanjam i na ma\u0161tu kako bih izgradila kompoziciju. I shvatila sam da u radu dosta koristim plavu boju.<\/p>\n<figure id=\"attachment_8057\" aria-describedby=\"caption-attachment-8057\" style=\"width: 2000px\" class=\"wp-caption alignnone\"><img loading=\"lazy\" decoding=\"async\" class=\"wp-image-8057 size-full\" src=\"https:\/\/sdf.hr\/wp-content\/uploads\/2026\/02\/Lucic2_Davor-Konjikusic.jpg\" alt=\"\" width=\"2000\" height=\"1333\" srcset=\"https:\/\/sdf.hr\/wp-content\/uploads\/2026\/02\/Lucic2_Davor-Konjikusic.jpg 2000w, https:\/\/sdf.hr\/wp-content\/uploads\/2026\/02\/Lucic2_Davor-Konjikusic-300x200.jpg 300w, https:\/\/sdf.hr\/wp-content\/uploads\/2026\/02\/Lucic2_Davor-Konjikusic-1024x682.jpg 1024w, https:\/\/sdf.hr\/wp-content\/uploads\/2026\/02\/Lucic2_Davor-Konjikusic-768x512.jpg 768w, https:\/\/sdf.hr\/wp-content\/uploads\/2026\/02\/Lucic2_Davor-Konjikusic-1536x1024.jpg 1536w\" sizes=\"auto, (max-width: 2000px) 100vw, 2000px\" \/><figcaption id=\"caption-attachment-8057\" class=\"wp-caption-text\">Agata Lu\u010di\u0107 (Foto: Davor Konjiku\u0161i\u0107)<\/figcaption><\/figure>\n<p><strong> Kako izgleda va\u0161a svakodnevica slobodne umjetnice: pretpostavljam da je miks izme\u0111u autorskih projekata, narud\u017ebi i egzistencijalnih kompromisa?<\/strong><\/p>\n<p>Tako je, radim projekte po narud\u017ebi, nekad me ljudi prona\u0111u preko interneta, nekad do\u0111u do mene preko preporuke. Radila sam ilustracije za izdava\u010de i za druge namjene, murale s djecom\u2026 Svaki posao je druga\u010diji i tra\u017ei druga\u010diji pristup. Paralelno se prijavljujem na natje\u010daje. Tako sam, primjerice, izradila mural &#8220;Muzej za svakoga&#8221; na pro\u010delju Muzeja suvremene umjetnosti u Zagrebu. Prijavljujem se i sa svojim autorskim radovima na natje\u010daje Grada Zagreba i Ministarstva kulture, u tom okviru je lak\u0161e i mirnije raditi na autorskim stvarima, zbog osigurane financijske potpore za rad i materijale, a i zbog jasnih rokova projekt treba realizirati.<\/p>\n<p>Radim od ku\u0107e, a <em>freelancanje<\/em> sa sobom uvijek nosi odre\u0111enu neizvjesnost. Ipak, imam sre\u0107e da mi se ljudi kontinuirano javljaju i da se uvijek pojavi neki novi projekt, tako da se zasad ne mogu po\u017ealiti.<\/p>\n<p><strong>Koliko je va\u0161 posao osamljeni\u010dki? Sura\u0111ujete li s drugim mladim dizajnericama?<\/strong><\/p>\n<p>S Apolonijom sam na Akademiji znala raditi murale, neke ilustracije i plakate, ona mi je pomogla oslikati zadnja dva zida, ali dugo nismo osmislile neki rad zajedno. Ina\u010de, na projektima uglavnom radim samostalno, no, primjerice, za izlo\u017ebu &#8220;Od vlastite u\u010dionice do vlastite sobe&#8221; u organizaciji K-zone i Hrvatskog \u0161kolskog muzeja, sura\u0111ivala sam s ilustratoricama <strong>Klasjom Habjan<\/strong> i <strong>Anamarijom Kvas<\/strong> i animatoricom <strong>Petrom Baleki\u0107<\/strong>. Nekoliko puta smo se sastale i dogovorile zajedni\u010dki okvir \u2013 kolorit, format, broj stranica. Izlo\u017eba je tematizirala povijest borbe za \u017eensko obrazovanje u Hrvatskoj. Svaka je radila na pri\u010di o jednoj u\u010diteljici koju smo interpretirale na svoj na\u010din. Dizajnerica <strong>Barbara Bjeli\u0161<\/strong> je na\u0161e radove, zajedno s tekstovima objedinila u publikaciju i osmislila postav izlo\u017ebe.<\/p>\n<p>Raditi sama je druga\u010dije nego stvarati na Akademiji, u stalnom okru\u017eenju s ljudima, pa su mi, primjerice, otvorenja izlo\u017ebi, razni kulturni doga\u0111aji i savjeti kolega i prijatelja va\u017eni da se ne osje\u0107am izolirano.<\/p>\n<p><strong>Radili ste dosta murala, i samostalno i u sklopu radionica s djecom. Kako je raditi tako veliki format, koji je izlo\u017een propadanju i raznim vanjskim utjecajima?<\/strong><\/p>\n<p>Ne mogu usporediti rad na muralu s radom na ilustracijama kod ku\u0107e, to je potpuno druga\u010dije iskustvo. Mural je veliki format, veliki komad zida, i posao je fizi\u010dki puno zahtjevniji. I ba\u0161 mi to odgovara \u2013 kako naj\u010de\u0161\u0107e radim sama kod ku\u0107e, mural mi je odli\u010dan odmak od svakodnevice.<\/p>\n<p>Murale sam po\u010dela isprobavati jo\u0161 u osnovnoj \u0161koli na radionicama, i danas mi je super raditi s djecom jer me podsje\u0107a da sam i sama kao klinka imala priliku probati takvo ne\u0161to. A \u010dim ga krenete raditi, pomirite se s tim da nemate kontrolu nad njegovom budu\u0107no\u0161\u0107u. Prvi mural koji sam oslikala bio je davne 2013., sestra i ja smo oslikavale zid na recepciji kampa na Motovun film festivalu.<\/p>\n<figure id=\"attachment_8059\" aria-describedby=\"caption-attachment-8059\" style=\"width: 2560px\" class=\"wp-caption alignnone\"><img loading=\"lazy\" decoding=\"async\" class=\"wp-image-8059 size-full\" src=\"https:\/\/sdf.hr\/wp-content\/uploads\/2026\/02\/Lucic3_Sebastijan-Borovcak-scaled.jpg\" alt=\"\" width=\"2560\" height=\"1707\" srcset=\"https:\/\/sdf.hr\/wp-content\/uploads\/2026\/02\/Lucic3_Sebastijan-Borovcak-scaled.jpg 2560w, https:\/\/sdf.hr\/wp-content\/uploads\/2026\/02\/Lucic3_Sebastijan-Borovcak-300x200.jpg 300w, https:\/\/sdf.hr\/wp-content\/uploads\/2026\/02\/Lucic3_Sebastijan-Borovcak-1024x683.jpg 1024w, https:\/\/sdf.hr\/wp-content\/uploads\/2026\/02\/Lucic3_Sebastijan-Borovcak-768x512.jpg 768w, https:\/\/sdf.hr\/wp-content\/uploads\/2026\/02\/Lucic3_Sebastijan-Borovcak-1536x1024.jpg 1536w, https:\/\/sdf.hr\/wp-content\/uploads\/2026\/02\/Lucic3_Sebastijan-Borovcak-2048x1365.jpg 2048w\" sizes=\"auto, (max-width: 2560px) 100vw, 2560px\" \/><figcaption id=\"caption-attachment-8059\" class=\"wp-caption-text\">S izlo\u017ebe &#8220;Susreti&#8221; u Kleti (Foto: Sebastijan Borov\u010dak)<\/figcaption><\/figure>\n<p><strong>Osim na MSU-u, va\u0161i se murali nalaze na pro\u010deljima osnovnih \u0161kola i na trafostanicama, a u sklopu projekta &#8220;Boje solidarnosti&#8221; sa Zakladom Solidarna, radili ste i s u\u010denicima i u\u010denicama Osnovne \u0161kole Jabukovac. Kako je bilo stvarati s djecom na Baniji?<\/strong><\/p>\n<p>Prvo smo imali radionicu na kojoj su djeca smi\u0161ljala motive, a ja sam ih poslo\u017eila u kompoziciju, tako da svaka ideja na\u0111e svoje mjesto u cjelini. Radili smo u dva navrata i oslikali zidove njihove osnovne \u0161kole. Pozvana sam jer su vidjeli moj mural za MSU, koji je uklju\u010divao zajednicu, sa mnom su bojale djevojke koje su se prijavile za sudjelovanje i hrpa djece iz susjedstva.<\/p>\n<p>U Jabukovcu su uglavnom sudjelovali u\u010denici sedmog i osmog razreda. Trebalo ih je malo animirati dok su zapo\u010dinjali crtati skice, ali \u010dim su se opustili, potpuno su se u\u017eivjeli u rad. Neki su ostali sa mnom cijeli dan, farbali i oslikavali mural, vjerujem da im je bilo super vidjeti svoju ideju na zidu. Rad s djecom mi je posebno drag jer me podsje\u0107a na vlastitu kreativnu znati\u017eelju iz djetinjstva.<\/p>\n<p><strong>\u0160to je sve iscrtano na va\u0161im muralima?<\/strong><\/p>\n<p>Na Muzeju suvremene umjetnosti iscrtala sam posjetitelje muzeja isprepletene s umjetni\u010dkim artefaktima, skulpturama, slikama, postamentima, a jedan od elemenata je i performans <strong>Marine Abramovi\u0107<\/strong> i <strong>Ulaya<\/strong>. Dio motiva je izma\u0161tan, a dio je izravno inspiriran samim muzejom i njegovim sadr\u017eajem.<\/p>\n<p>Mural &#8220;Gumi gumi&#8221;, koji sam radila u sklopu projekta &#8220;Kvart u boji 2&#8221; na jednom od odzra\u010dnika na platou Mamutice, zami\u0161ljen je kao prizor bezbri\u017ene dje\u010dje igre. Nadam se da \u0107e potaknuti nove klince na igru u kvartu. Umjetni\u010dku intervenciju na trafostanici za dje\u010dji vrti\u0107 &#8220;Zapru\u0111e&#8221; izvela sam povodom 150. obljetnice ro\u0111enja <strong>Ivane Brli\u0107-Ma\u017eurani\u0107<\/strong>, oslikala sam motive iz \u0160ume Striborove i \u0160egrta Hlapi\u0107a.<\/p>\n<p><strong>Osim na papiru i zidu, radite i s keramikom. Na va\u0161oj izlo\u017ebi &#8220;Cirque Ceramic&#8221; iz 2020. godine keramika se pojavljuje kao nefunkcionalna i razigrana. Kako ste krenuli raditi s keramikom?<\/strong><\/p>\n<p>Sve je krenulo kao eksperiment na Akademiji, u po\u010detku sam radila funkcionalne predmete, poput pepeljara, a onda se to postupno pro\u0161irilo na maske i tanjure. Iz toga sam oti\u0161la u predmete koji nemaju funkciju: primjerice, izra\u0111ivala sam kru\u017enice od gline. Zanimalo me kako svoje ideje prebaciti u trodimenzionalni medij.<\/p>\n<p>Keramikom sam se tako dvije godine bavila usput, paralelno s drugim radovima. Nakon \u010detvrte godine fakulteta imali smo zavr\u0161nu izlo\u017ebu i kako sam skupila dosta kerami\u010dkih radova, slo\u017eila sam ih u kompoziciju na zidu, kroz kombinaciju funkcionalnih i nefunkcionalnih predmeta. Do\u017eivljavala sam to kao igru izme\u0111u oblika, boje i materijala, koristila sam glinu razli\u010ditih boja i bojala je engobama, bojama za keramiku. Na Akademiji smo imali pe\u0107 za keramiku, \u0161to je tada znatno olak\u0161avalo rad. Tako je nastala studentska izlo\u017eba u Kiosku u Studentskom centru.<\/p>\n<p>S tim radovima sam se prijavila na rezidenciju u sklopu programa CreArt u Portugalu i dobila rezidenciju u Aveiru. Puno smo obilazili muzeje i radionice, a ja sam radila u jednoj obiteljskoj radionici kod starijeg kerami\u010dara. Tamo sam se po\u010dela intenzivnije upoznavati s portugalskom keramikom, motive sam crpila s putovanja, iz muzeja i antikvarijata. Krenula sam raditi plo\u010dice koje su klasi\u010dne za Portugal i prvu seriju napravila sam upravo tamo.<\/p>\n<figure id=\"attachment_8061\" aria-describedby=\"caption-attachment-8061\" style=\"width: 2560px\" class=\"wp-caption alignnone\"><img loading=\"lazy\" decoding=\"async\" class=\"wp-image-8061 size-full\" src=\"https:\/\/sdf.hr\/wp-content\/uploads\/2026\/02\/Lucic4-scaled.jpg\" alt=\"\" width=\"2560\" height=\"1707\" srcset=\"https:\/\/sdf.hr\/wp-content\/uploads\/2026\/02\/Lucic4-scaled.jpg 2560w, https:\/\/sdf.hr\/wp-content\/uploads\/2026\/02\/Lucic4-300x200.jpg 300w, https:\/\/sdf.hr\/wp-content\/uploads\/2026\/02\/Lucic4-1024x683.jpg 1024w, https:\/\/sdf.hr\/wp-content\/uploads\/2026\/02\/Lucic4-768x512.jpg 768w, https:\/\/sdf.hr\/wp-content\/uploads\/2026\/02\/Lucic4-1536x1024.jpg 1536w, https:\/\/sdf.hr\/wp-content\/uploads\/2026\/02\/Lucic4-2048x1365.jpg 2048w\" sizes=\"auto, (max-width: 2560px) 100vw, 2560px\" \/><figcaption id=\"caption-attachment-8061\" class=\"wp-caption-text\">Autorska slikovnica &#8220;Umjetnost umije&#8221;<\/figcaption><\/figure>\n<p><strong>Pro\u0161le ste godine u studio-galeriji Klet otvorili samostalnu izlo\u017ebu &#8220;Susreti&#8221;. \u0160to ste na njoj izlo\u017eili i kako ste izabrali ba\u0161 taj prostor?<\/strong><\/p>\n<p>Izlo\u017eba je bila sastavljena najvi\u0161e od keramike, uz seriju ilustracija. Dio radova nastao je prvo za izlo\u017ebu &#8220;Zaboravljene stvari&#8221; u \u0160ibeniku \u2013 tu sam krenula s plo\u010dicama, potaknutima crte\u017eima iz moje istoimene knjige. Nakon toga nastao je mali kerami\u010dki orkestar, inspiriran figuricama koje sam vidjela u jednom antikvarijatu u Portugalu i koji sam tamo prvo realizirala. Kasnije sam ga pro\u0161irila i dodala mu dosta glazbenika. Za izlo\u017ebu u Kleti htjela sam nadograditi ideju kerami\u010dkih objekata pa sam napravila i druge predmete, vaze, manje skulpture \u017eivotinja i ljudskih likova.<\/p>\n<p>U realizaciji izlo\u017ebe su mi pomogli i &#8220;Plo\u010dica&#8221; (<strong>Lorena Alma\u0161i<\/strong> i <strong>Mihael Luk\u0161i\u0107<\/strong>), koji su mi tehni\u010dki pomogli ostvariti kerami\u010dke plo\u010dice koje sam izlagala, a koje su, kao i taj ciklus, inspirirane svakodnevicom, mojim okru\u017eenjem, susjedstvom. Ilustracije na kojima se ponavlja motiv zgrade i ptice sam u suradnji sa Smak Pressom otisnula u fanzin &#8220;Grad&#8221;.<\/p>\n<p>Klet mi je kao prostor bila jako privla\u010dna, svi\u0111a mi se kako je ure\u0111en, volim tamo dolaziti i gledati druge izlo\u017ebe i dru\u017eiti se, a program im je stvarno bogat. Posebno mi je va\u017eno \u0161to su otvoreni prema nezavisnoj sceni i \u0161to postoji prostor u kojem se mla\u0111e ilustratorice i umjetnice mogu predstaviti.<\/p>\n<p><strong>Potpisujete tri autorske slikovnice, a ilustrirali ste i prvu slikovnicu Dorte Jagi\u0107. Kako su se razvijali ti projekti?<\/strong><\/p>\n<p>Suradnja s <strong>Dortom Jagi\u0107<\/strong> dogodila se dok sam jo\u0161 bila studentica. Poslala sam svoj portfolio izdava\u010dkoj ku\u0107i &#8220;Mala zvona&#8221;, nisam nikoga tamo poznavala, ali im se rad svidio i pozvali su me da ilustriram Dortinu slikovnicu &#8220;Tri putnika u zemlju Nut&#8221;. Ubrzo je krenula korona pa se nismo \u010desto vi\u0111ale prije tiska. Poslala sam <em>storyboard<\/em> urednici <strong>Sanji Lovren\u010di\u0107<\/strong> i zatim krenula u razradu ilustracija. Imala sam veliku slobodu u radu i, koliko se sje\u0107am, nisam morala ni\u0161ta zna\u010dajno mijenjati.<\/p>\n<p>\u0160to se ti\u010de autorskih slikovnica, prva, &#8220;Ogledalo bez mana&#8221;, bila je moj diplomski rad. Kako sam bila u klasi primijenjene grafike, sve me vi\u0161e po\u010dela zanimati autorska knjiga. Dok sam bila na razmjeni u Antwerpenu, imali smo kolegij na kojem smo trebali osmisliti, otisnuti i uvesti svoju knjigu; moja se zvala &#8220;Vrt&#8221; i bila je ra\u0111ena u tehnikama litografije i sitotiska. Taj rad je bio poticaj za istra\u017eivanje podru\u010dja autorskih knjiga i fanzina.<\/p>\n<p>U &#8220;Ogledalu bez mana&#8221; bavila sam se tijelom i tjelesno\u0161\u0107u. Imala sam ranije stripove o menstruaciji i razmi\u0161ljala sam o toj temi, pogotovo u kontekstu vremena u kojem \u017eivimo, dru\u0161tvenih mre\u017ea i pritiska filtrirane slike tijela. U drugoj slikovnici, &#8220;Zaboravljenim stvarima&#8221;, bavila sam se atmosferom buvljaka i temom konzumerizma.<\/p>\n<figure id=\"attachment_8063\" aria-describedby=\"caption-attachment-8063\" style=\"width: 1333px\" class=\"wp-caption alignnone\"><img loading=\"lazy\" decoding=\"async\" class=\"wp-image-8063 size-full\" src=\"https:\/\/sdf.hr\/wp-content\/uploads\/2026\/02\/Lucic5_Davor-Konjikusic.jpg\" alt=\"\" width=\"1333\" height=\"2000\" srcset=\"https:\/\/sdf.hr\/wp-content\/uploads\/2026\/02\/Lucic5_Davor-Konjikusic.jpg 1333w, https:\/\/sdf.hr\/wp-content\/uploads\/2026\/02\/Lucic5_Davor-Konjikusic-200x300.jpg 200w, https:\/\/sdf.hr\/wp-content\/uploads\/2026\/02\/Lucic5_Davor-Konjikusic-682x1024.jpg 682w, https:\/\/sdf.hr\/wp-content\/uploads\/2026\/02\/Lucic5_Davor-Konjikusic-768x1152.jpg 768w, https:\/\/sdf.hr\/wp-content\/uploads\/2026\/02\/Lucic5_Davor-Konjikusic-1024x1536.jpg 1024w\" sizes=\"auto, (max-width: 1333px) 100vw, 1333px\" \/><figcaption id=\"caption-attachment-8063\" class=\"wp-caption-text\">Agata Lu\u010di\u0107 (Foto: Davor Konjiku\u0161i\u0107)<\/figcaption><\/figure>\n<p><strong>&#8220;Na neobi\u010dnim je mjestima prona\u0107i umjetnost sjajno&#8221;, pi\u0161ete u posljednjoj slikovnici &#8220;Umjetnost umije&#8221;. Kako ste njome poku\u0161ali pribli\u017eiti umjetnost djeci?<\/strong><\/p>\n<p>Htjela sam pokazati da umjetnost mo\u017ee biti i jest svuda oko nas, na predmetima koje svakodnevno koristimo. Htjela sam poru\u010diti da postoje razli\u010diti na\u010dini bavljenja umjetno\u0161\u0107u, a svi likovi koji predstavljaju umjetnike u toj knjizi prikazani su kao \u017eivotinje.<\/p>\n<p><strong>Mo\u017eete li izdvojiti neku slikovnicu koju volite?<\/strong><\/p>\n<p>Postoji puno ilustratora \u010diji mi se rad svi\u0111a, ali uvijek izdvajam slikovnicu &#8220;The Forest&#8221; <strong>Valerija Vidalija<\/strong> i <strong>Violete L\u00f3piz<\/strong>, prema tekstu <strong>Riccarda Bozzija<\/strong>.. Kroz metaforu \u0161ume autori pri\u010daju o \u017eivotu: od mladosti, nekoliko biljaka, preko guste \u0161ume i zrele dobi, sve do smrti. Knjiga mi je posebno lijepa zbog na\u010dina na koji je napravljena: portreti su otisnuti u slijepom tisku, dok su ilustracije \u0161ume ra\u0111ene u akvarelu.<\/p>\n<p><strong>Sudjelovali ste i u projektu Sindikata novinara Hrvatske i ilustrirali ubijene palestinske novinare.<\/strong><\/p>\n<p>Novinarka <strong>Ivana Peri\u0107<\/strong> mi se javila s idejom i kad sam vidjela o \u010demu se radi, bilo mi je va\u017eno pridru\u017eiti se i biti dio te mre\u017ee od preko 15 ilustratora, to je najmanje \u0161to smo mogli napraviti. Radila sam tri portreta za izlo\u017ebu &#8220;U\u010dinili smo \u0161to smo mogli, zapamtite nas&#8221;. Rije\u010d je o palestinskim novinarima <strong>Angam Ahman Edvanu<\/strong>, <strong>Rizku Al-Garabliju<\/strong> i <strong>D\u017eabru Abu Hadrusu<\/strong>.<\/p>\n<p><strong>Na kojem projektu trenuta\u010dno radite?<\/strong><\/p>\n<p>Ilustriram pri\u010du &#8220;Starije od svijeta&#8221; <strong>Sta\u0161e Aras<\/strong> u sklopu nadolaze\u0107e izlo\u017ebe projekta &#8220;Nastavi pri\u010du&#8221; udruge Skribonauti u studio-galeriji Klet. Izlo\u017eba nastaje kao nastavak istoimene zbirke, u kojoj su autorice pisale pri\u010de na temelju fragmenata nastalih na knji\u017eevnom klubu i radionici kreativnog pisanja u \u017denskoj kaznionici u Po\u017eegi.<\/p>\n<p><strong>\u0160to vam danas daje nadu?<\/strong><\/p>\n<p>Nadu mi, koliko god to zvu\u010dalo sladunjavo, daje ljubav. Ljubav prema onome \u0161to radim i prema ljudima oko mene.<\/p>\n<p><em>razgovor vodila Vedrana Bibi\u0107<\/em><\/p>\n","protected":false},"excerpt":{"rendered":"<p>Murale sam po\u010dela isprobavati jo\u0161 u osnovnoj \u0161koli i danas mi je super raditi s djecom jer me podsje\u0107a da sam i sama kao klinka imala priliku probati takvo ne\u0161to. A \u010dim ga krenete raditi, pomirite se s tim da nemate kontrolu nad njegovom budu\u0107no\u0161\u0107u<\/p>\n","protected":false},"featured_media":8056,"template":"","tags":[173],"atribut":[],"class_list":["post-8065","nada","type-nada","status-publish","has-post-thumbnail","hentry","tag-intervju-2-hr"],"acf":[],"yoast_head":"<!-- This site is optimized with the Yoast SEO plugin v27.4 - https:\/\/yoast.com\/product\/yoast-seo-wordpress\/ -->\n<title>Agata Lu\u010di\u0107: Rad s djecom mi je posebno drag - SDF - Srpski demokratski forum<\/title>\n<meta name=\"robots\" content=\"index, follow, max-snippet:-1, max-image-preview:large, max-video-preview:-1\" \/>\n<link rel=\"canonical\" href=\"https:\/\/sdf.hr\/hr\/nada\/agata-lucic-rad-s-djecom-mi-je-posebno-drag\/\" \/>\n<meta property=\"og:locale\" content=\"hr_HR\" \/>\n<meta property=\"og:type\" content=\"article\" \/>\n<meta property=\"og:title\" content=\"Agata Lu\u010di\u0107: Rad s djecom mi je posebno drag - SDF - Srpski demokratski forum\" \/>\n<meta property=\"og:description\" content=\"Murale sam po\u010dela isprobavati jo\u0161 u osnovnoj \u0161koli i danas mi je super raditi s djecom jer me podsje\u0107a da sam i sama kao klinka imala priliku probati takvo ne\u0161to. A \u010dim ga krenete raditi, pomirite se s tim da nemate kontrolu nad njegovom budu\u0107no\u0161\u0107u\" \/>\n<meta property=\"og:url\" content=\"https:\/\/sdf.hr\/hr\/nada\/agata-lucic-rad-s-djecom-mi-je-posebno-drag\/\" \/>\n<meta property=\"og:site_name\" content=\"SDF - Srpski demokratski forum\" \/>\n<meta property=\"article:modified_time\" content=\"2026-03-01T09:24:15+00:00\" \/>\n<meta property=\"og:image\" content=\"https:\/\/sdf.hr\/wp-content\/uploads\/2026\/02\/Lucic1_Davor-Konjikusic.jpg\" \/>\n\t<meta property=\"og:image:width\" content=\"2000\" \/>\n\t<meta property=\"og:image:height\" content=\"1333\" \/>\n\t<meta property=\"og:image:type\" content=\"image\/jpeg\" \/>\n<meta name=\"twitter:card\" content=\"summary_large_image\" \/>\n<meta name=\"twitter:label1\" content=\"Procijenjeno vrijeme \u010ditanja\" \/>\n\t<meta name=\"twitter:data1\" content=\"12 minuta\" \/>\n<script type=\"application\/ld+json\" class=\"yoast-schema-graph\">{\"@context\":\"https:\\\/\\\/schema.org\",\"@graph\":[{\"@type\":\"WebPage\",\"@id\":\"https:\\\/\\\/sdf.hr\\\/hr\\\/nada\\\/agata-lucic-rad-s-djecom-mi-je-posebno-drag\\\/\",\"url\":\"https:\\\/\\\/sdf.hr\\\/hr\\\/nada\\\/agata-lucic-rad-s-djecom-mi-je-posebno-drag\\\/\",\"name\":\"Agata Lu\u010di\u0107: Rad s djecom mi je posebno drag - SDF - Srpski demokratski forum\",\"isPartOf\":{\"@id\":\"https:\\\/\\\/sdf.hr\\\/#website\"},\"primaryImageOfPage\":{\"@id\":\"https:\\\/\\\/sdf.hr\\\/hr\\\/nada\\\/agata-lucic-rad-s-djecom-mi-je-posebno-drag\\\/#primaryimage\"},\"image\":{\"@id\":\"https:\\\/\\\/sdf.hr\\\/hr\\\/nada\\\/agata-lucic-rad-s-djecom-mi-je-posebno-drag\\\/#primaryimage\"},\"thumbnailUrl\":\"https:\\\/\\\/sdf.hr\\\/wp-content\\\/uploads\\\/2026\\\/02\\\/Lucic1_Davor-Konjikusic.jpg\",\"datePublished\":\"2026-02-15T06:35:01+00:00\",\"dateModified\":\"2026-03-01T09:24:15+00:00\",\"breadcrumb\":{\"@id\":\"https:\\\/\\\/sdf.hr\\\/hr\\\/nada\\\/agata-lucic-rad-s-djecom-mi-je-posebno-drag\\\/#breadcrumb\"},\"inLanguage\":\"hr\",\"potentialAction\":[{\"@type\":\"ReadAction\",\"target\":[\"https:\\\/\\\/sdf.hr\\\/hr\\\/nada\\\/agata-lucic-rad-s-djecom-mi-je-posebno-drag\\\/\"]}]},{\"@type\":\"ImageObject\",\"inLanguage\":\"hr\",\"@id\":\"https:\\\/\\\/sdf.hr\\\/hr\\\/nada\\\/agata-lucic-rad-s-djecom-mi-je-posebno-drag\\\/#primaryimage\",\"url\":\"https:\\\/\\\/sdf.hr\\\/wp-content\\\/uploads\\\/2026\\\/02\\\/Lucic1_Davor-Konjikusic.jpg\",\"contentUrl\":\"https:\\\/\\\/sdf.hr\\\/wp-content\\\/uploads\\\/2026\\\/02\\\/Lucic1_Davor-Konjikusic.jpg\",\"width\":2000,\"height\":1333,\"caption\":\"Agata Lu\u010di\u0107 (Foto: Davor Konjiku\u0161i\u0107)\"},{\"@type\":\"BreadcrumbList\",\"@id\":\"https:\\\/\\\/sdf.hr\\\/hr\\\/nada\\\/agata-lucic-rad-s-djecom-mi-je-posebno-drag\\\/#breadcrumb\",\"itemListElement\":[{\"@type\":\"ListItem\",\"position\":1,\"name\":\"Po\u010detna stranica\",\"item\":\"https:\\\/\\\/sdf.hr\\\/hr\\\/\"},{\"@type\":\"ListItem\",\"position\":2,\"name\":\"Nada\",\"item\":\"https:\\\/\\\/sdf.hr\\\/nada\\\/\"},{\"@type\":\"ListItem\",\"position\":3,\"name\":\"Agata Lu\u010di\u0107: Rad s djecom mi je posebno drag\"}]},{\"@type\":\"WebSite\",\"@id\":\"https:\\\/\\\/sdf.hr\\\/#website\",\"url\":\"https:\\\/\\\/sdf.hr\\\/\",\"name\":\"SDF - Srpski demokratski forum\",\"description\":\"Srpski demokratski forum\",\"publisher\":{\"@id\":\"https:\\\/\\\/sdf.hr\\\/#organization\"},\"potentialAction\":[{\"@type\":\"SearchAction\",\"target\":{\"@type\":\"EntryPoint\",\"urlTemplate\":\"https:\\\/\\\/sdf.hr\\\/?s={search_term_string}\"},\"query-input\":{\"@type\":\"PropertyValueSpecification\",\"valueRequired\":true,\"valueName\":\"search_term_string\"}}],\"inLanguage\":\"hr\"},{\"@type\":\"Organization\",\"@id\":\"https:\\\/\\\/sdf.hr\\\/#organization\",\"name\":\"SDF - Srpski demokratski forum\",\"url\":\"https:\\\/\\\/sdf.hr\\\/\",\"logo\":{\"@type\":\"ImageObject\",\"inLanguage\":\"hr\",\"@id\":\"https:\\\/\\\/sdf.hr\\\/#\\\/schema\\\/logo\\\/image\\\/\",\"url\":\"https:\\\/\\\/sdf.hr\\\/wp-content\\\/uploads\\\/2021\\\/07\\\/logo-hr.svg\",\"contentUrl\":\"https:\\\/\\\/sdf.hr\\\/wp-content\\\/uploads\\\/2021\\\/07\\\/logo-hr.svg\",\"width\":271,\"height\":100,\"caption\":\"SDF - Srpski demokratski forum\"},\"image\":{\"@id\":\"https:\\\/\\\/sdf.hr\\\/#\\\/schema\\\/logo\\\/image\\\/\"}}]}<\/script>\n<!-- \/ Yoast SEO plugin. -->","yoast_head_json":{"title":"Agata Lu\u010di\u0107: Rad s djecom mi je posebno drag - SDF - Srpski demokratski forum","robots":{"index":"index","follow":"follow","max-snippet":"max-snippet:-1","max-image-preview":"max-image-preview:large","max-video-preview":"max-video-preview:-1"},"canonical":"https:\/\/sdf.hr\/hr\/nada\/agata-lucic-rad-s-djecom-mi-je-posebno-drag\/","og_locale":"hr_HR","og_type":"article","og_title":"Agata Lu\u010di\u0107: Rad s djecom mi je posebno drag - SDF - Srpski demokratski forum","og_description":"Murale sam po\u010dela isprobavati jo\u0161 u osnovnoj \u0161koli i danas mi je super raditi s djecom jer me podsje\u0107a da sam i sama kao klinka imala priliku probati takvo ne\u0161to. A \u010dim ga krenete raditi, pomirite se s tim da nemate kontrolu nad njegovom budu\u0107no\u0161\u0107u","og_url":"https:\/\/sdf.hr\/hr\/nada\/agata-lucic-rad-s-djecom-mi-je-posebno-drag\/","og_site_name":"SDF - Srpski demokratski forum","article_modified_time":"2026-03-01T09:24:15+00:00","og_image":[{"width":2000,"height":1333,"url":"https:\/\/sdf.hr\/wp-content\/uploads\/2026\/02\/Lucic1_Davor-Konjikusic.jpg","type":"image\/jpeg"}],"twitter_card":"summary_large_image","twitter_misc":{"Procijenjeno vrijeme \u010ditanja":"12 minuta"},"schema":{"@context":"https:\/\/schema.org","@graph":[{"@type":"WebPage","@id":"https:\/\/sdf.hr\/hr\/nada\/agata-lucic-rad-s-djecom-mi-je-posebno-drag\/","url":"https:\/\/sdf.hr\/hr\/nada\/agata-lucic-rad-s-djecom-mi-je-posebno-drag\/","name":"Agata Lu\u010di\u0107: Rad s djecom mi je posebno drag - SDF - Srpski demokratski forum","isPartOf":{"@id":"https:\/\/sdf.hr\/#website"},"primaryImageOfPage":{"@id":"https:\/\/sdf.hr\/hr\/nada\/agata-lucic-rad-s-djecom-mi-je-posebno-drag\/#primaryimage"},"image":{"@id":"https:\/\/sdf.hr\/hr\/nada\/agata-lucic-rad-s-djecom-mi-je-posebno-drag\/#primaryimage"},"thumbnailUrl":"https:\/\/sdf.hr\/wp-content\/uploads\/2026\/02\/Lucic1_Davor-Konjikusic.jpg","datePublished":"2026-02-15T06:35:01+00:00","dateModified":"2026-03-01T09:24:15+00:00","breadcrumb":{"@id":"https:\/\/sdf.hr\/hr\/nada\/agata-lucic-rad-s-djecom-mi-je-posebno-drag\/#breadcrumb"},"inLanguage":"hr","potentialAction":[{"@type":"ReadAction","target":["https:\/\/sdf.hr\/hr\/nada\/agata-lucic-rad-s-djecom-mi-je-posebno-drag\/"]}]},{"@type":"ImageObject","inLanguage":"hr","@id":"https:\/\/sdf.hr\/hr\/nada\/agata-lucic-rad-s-djecom-mi-je-posebno-drag\/#primaryimage","url":"https:\/\/sdf.hr\/wp-content\/uploads\/2026\/02\/Lucic1_Davor-Konjikusic.jpg","contentUrl":"https:\/\/sdf.hr\/wp-content\/uploads\/2026\/02\/Lucic1_Davor-Konjikusic.jpg","width":2000,"height":1333,"caption":"Agata Lu\u010di\u0107 (Foto: Davor Konjiku\u0161i\u0107)"},{"@type":"BreadcrumbList","@id":"https:\/\/sdf.hr\/hr\/nada\/agata-lucic-rad-s-djecom-mi-je-posebno-drag\/#breadcrumb","itemListElement":[{"@type":"ListItem","position":1,"name":"Po\u010detna stranica","item":"https:\/\/sdf.hr\/hr\/"},{"@type":"ListItem","position":2,"name":"Nada","item":"https:\/\/sdf.hr\/nada\/"},{"@type":"ListItem","position":3,"name":"Agata Lu\u010di\u0107: Rad s djecom mi je posebno drag"}]},{"@type":"WebSite","@id":"https:\/\/sdf.hr\/#website","url":"https:\/\/sdf.hr\/","name":"SDF - Srpski demokratski forum","description":"Srpski demokratski forum","publisher":{"@id":"https:\/\/sdf.hr\/#organization"},"potentialAction":[{"@type":"SearchAction","target":{"@type":"EntryPoint","urlTemplate":"https:\/\/sdf.hr\/?s={search_term_string}"},"query-input":{"@type":"PropertyValueSpecification","valueRequired":true,"valueName":"search_term_string"}}],"inLanguage":"hr"},{"@type":"Organization","@id":"https:\/\/sdf.hr\/#organization","name":"SDF - Srpski demokratski forum","url":"https:\/\/sdf.hr\/","logo":{"@type":"ImageObject","inLanguage":"hr","@id":"https:\/\/sdf.hr\/#\/schema\/logo\/image\/","url":"https:\/\/sdf.hr\/wp-content\/uploads\/2021\/07\/logo-hr.svg","contentUrl":"https:\/\/sdf.hr\/wp-content\/uploads\/2021\/07\/logo-hr.svg","width":271,"height":100,"caption":"SDF - Srpski demokratski forum"},"image":{"@id":"https:\/\/sdf.hr\/#\/schema\/logo\/image\/"}}]}},"_links":{"self":[{"href":"https:\/\/sdf.hr\/hr\/wp-json\/wp\/v2\/nada\/8065","targetHints":{"allow":["GET"]}}],"collection":[{"href":"https:\/\/sdf.hr\/hr\/wp-json\/wp\/v2\/nada"}],"about":[{"href":"https:\/\/sdf.hr\/hr\/wp-json\/wp\/v2\/types\/nada"}],"wp:featuredmedia":[{"embeddable":true,"href":"https:\/\/sdf.hr\/hr\/wp-json\/wp\/v2\/media\/8056"}],"wp:attachment":[{"href":"https:\/\/sdf.hr\/hr\/wp-json\/wp\/v2\/media?parent=8065"}],"wp:term":[{"taxonomy":"post_tag","embeddable":true,"href":"https:\/\/sdf.hr\/hr\/wp-json\/wp\/v2\/tags?post=8065"},{"taxonomy":"atribut","embeddable":true,"href":"https:\/\/sdf.hr\/hr\/wp-json\/wp\/v2\/atribut?post=8065"}],"curies":[{"name":"wp","href":"https:\/\/api.w.org\/{rel}","templated":true}]}}