{"id":8096,"date":"2026-02-18T12:26:16","date_gmt":"2026-02-18T11:26:16","guid":{"rendered":"https:\/\/sdf.hr\/nada\/hercules-iz-alicantea\/"},"modified":"2026-02-18T12:26:16","modified_gmt":"2026-02-18T11:26:16","slug":"hercules-iz-alicantea","status":"publish","type":"nada","link":"https:\/\/sdf.hr\/hr\/nada\/hercules-iz-alicantea\/","title":{"rendered":"H\u00e9rcules iz Alicantea"},"content":{"rendered":"<p>Olujni vjetar rastjerao je ljude iz luke u Alicanteu. Promenada se ispraznila, palme su ostale same njihati svoje grane. Grupa turista i lokalaca sklonila se u obli\u017enju knji\u017earu. U izlogu knji\u017eare stoji knjiga &#8220;El H\u00e9rcules FC en la Guerra Civil&#8221; (&#8220;Nogometni klub H\u00e9rcules u Gra\u0111anskom ratu&#8221;).<\/p>\n<p>Knjigu su napisali povjesni\u010dar <strong>Josep Miquel Garcia Mart\u00edn<\/strong> i ekonomist <strong>Luis Javier Hern\u00e1ndez Munuera<\/strong>, obojica godinama vezani za klub iz Alicantea i \u010dlanovi stru\u010dne komisije osnovane na stotu obljetnicu postojanja kluba 2022. godine. Njihova knjiga detaljno dokumentira povijest H\u00e9rculesa tijekom \u0160panjolskog gra\u0111anskog rata i javnosti prvi put do\u010darava kako je klub tada funkcionirao, kakve su se utakmice igrale na istoku \u0160panjolske i kojom stranom povijesti su se kretali nogometa\u0161i u Alicanteu.<\/p>\n<p>U sezoni 1935.-1936., H\u00e9rcules je debitirao u Prvoj \u0161panjolskoj ligi pozicionirav\u0161i se na dobro \u0161esto mjesto. Njihov nastup u \u0160panjolskom nogometnom kupu te je sezone bio jo\u0161 bolji \u2013 stigli su do polufinala, najboljeg rezultata za klub ikad. Sve je tada ukazivalo na blistavu budu\u0107nost plavo-bijelih, a nada da bi s pravim poja\u010danjima mogli biti ozbiljni kandidati za nacionalni naslov imala je solidno upori\u0161te u stvarnosti. Rat koji je uslijedio uni\u0161tio je \u0161to\u0161ta, pa tako i te te\u017enje.<\/p>\n<p>Me\u0111utim, kako bilje\u017ee Mart\u00edn i Munuera, nogomet je u republikanskom gradu Alicanteu uspio \u017eivjeti i pre\u017eivjeti i tada, unato\u010d brutalnim bombardiranjima i drugim te\u0161ko\u0107ama ratne svakodnevice. Osim \u0161to je organizirao brojne humanitarne utakmice, H\u00e9rcules se natjecao u regionalnom prvenstvu Valencia-Murcia i natjecanju Copa de Espa\u00f1a Libre (Kup slobodne \u0160panjolske) 1937. i 1938. godine. Unato\u010d ratnim razaranjima, klub je uspio sa\u010duvati i velik dio svoje infrastrukture, ali nije mogao sprije\u010diti gubitak \u017eivota sportskih radnika, od kojih su se mnogi borili protiv fa\u0161ista.<\/p>\n<p>Mart\u00edn i Munuera \u017eivopisno smje\u0161taju osobne tragedije H\u00e9rculesovih igra\u010da u \u0161iri dru\u0161tveni kontekst, pa tako doznajemo da je u najte\u017eem bombardiranju grada 25. maja 1938. godine na centralnoj pijaci me\u0111u tristo ubijenih bio i biv\u0161i igra\u010d H\u00e9rculesa <strong>Rafael Rosell\u00f3<\/strong>. Trenera <strong>Manuela Su\u00e1reza<\/strong> frankisti su uhitili i ubili na cesti El Campello u augustu 1936. godine, a igra\u010d <strong>Manolo P\u00e1ez<\/strong> \u017eivot je dao bore\u0107i se za Republiku na rijeci Tajo.<\/p>\n<p>Nogometna natjecanja u \u0160panjolskoj po zavr\u0161etku rata 1939. godine ponovno su pokrenuta na razini \u010ditave zemlje i &#8220;reorganizirana&#8221; tako da su u su\u0161tini li\u0161ena svih demokratskih procesa. Frankisti\u010dke vlasti pokrenule su proces represije protiv sportskih saveza i klubova povezanih s republikancima, pa su i sportski radnici i radnice H\u00e9rculesa bili progonjeni i izlo\u017eeni vojnim sudovima \u2013 dio ih je zavr\u0161io u zatvoru, a neki su \u010dak osu\u0111eni na smrt. Kasnija poslijeratna uprava H\u00e9rculesa mic po mic se u\u0161timala s novim re\u017eimom i dogovorila povratak nekoliko va\u017enih igra\u010da iz Francuske, kao i postepeno smanjenje sankcija klubu u zamjenu za igranje po pravilima Francove \u0160panjolske.<\/p>\n<p>Alicante je ina\u010de bio posljednji veliki grad u \u0160panjolskoj koji je pao u ruke <strong>Francu<\/strong> \u2013 generalove trupe uspjele su ga okupirati tek 1. aprila 1939. godine. Tog je dana iz gradske luke na britanskom brodu Stanbrook evakuirano skoro tri tisu\u0107e republikanaca. Kapetan broda bio je Vel\u0161anin <strong>Archibald Dickson<\/strong>. Njegova bista danas stoji u luci, s palmama na vjetru, na suncu i u sjeni. Jedna knjiga, jedna bista \u2013 je li to sve \u0161to je od antifa\u0161izma u Alicanteu ostalo? Jest malo, ali sad ve\u0107 znamo da mo\u017ee i manje.<\/p>\n<p><em>pi\u0161e Ivana Peri\u0107<\/em><\/p>\n","protected":false},"excerpt":{"rendered":"<p>Taman kad je sve ukazivalo na blistavu budu\u0107nost plavo-bijelih nogometa\u0161a H\u00e9rculesa, uslijedio je rat koji je uni\u0161tio \u0161to\u0161ta, pa tako i njihove te\u017enje<\/p>\n","protected":false},"featured_media":8095,"template":"","tags":[40],"atribut":[],"class_list":["post-8096","nada","type-nada","status-publish","has-post-thumbnail","hentry","tag-dvokorak-naprijed"],"acf":[],"yoast_head":"<!-- This site is optimized with the Yoast SEO plugin v27.4 - https:\/\/yoast.com\/product\/yoast-seo-wordpress\/ -->\n<title>H\u00e9rcules iz Alicantea - SDF - Srpski demokratski forum<\/title>\n<meta name=\"robots\" content=\"index, follow, max-snippet:-1, max-image-preview:large, max-video-preview:-1\" \/>\n<link rel=\"canonical\" href=\"https:\/\/sdf.hr\/hr\/nada\/hercules-iz-alicantea\/\" \/>\n<meta property=\"og:locale\" content=\"hr_HR\" \/>\n<meta property=\"og:type\" content=\"article\" \/>\n<meta property=\"og:title\" content=\"H\u00e9rcules iz Alicantea - SDF - Srpski demokratski forum\" \/>\n<meta property=\"og:description\" content=\"Taman kad je sve ukazivalo na blistavu budu\u0107nost plavo-bijelih nogometa\u0161a H\u00e9rculesa, uslijedio je rat koji je uni\u0161tio \u0161to\u0161ta, pa tako i njihove te\u017enje\" \/>\n<meta property=\"og:url\" content=\"https:\/\/sdf.hr\/hr\/nada\/hercules-iz-alicantea\/\" \/>\n<meta property=\"og:site_name\" content=\"SDF - Srpski demokratski forum\" \/>\n<meta name=\"twitter:card\" content=\"summary_large_image\" \/>\n<meta name=\"twitter:label1\" content=\"Procijenjeno vrijeme \u010ditanja\" \/>\n\t<meta name=\"twitter:data1\" content=\"3 minute\" \/>\n<script type=\"application\/ld+json\" class=\"yoast-schema-graph\">{\"@context\":\"https:\\\/\\\/schema.org\",\"@graph\":[{\"@type\":\"WebPage\",\"@id\":\"https:\\\/\\\/sdf.hr\\\/hr\\\/nada\\\/hercules-iz-alicantea\\\/\",\"url\":\"https:\\\/\\\/sdf.hr\\\/hr\\\/nada\\\/hercules-iz-alicantea\\\/\",\"name\":\"H\u00e9rcules iz Alicantea - SDF - Srpski demokratski forum\",\"isPartOf\":{\"@id\":\"https:\\\/\\\/sdf.hr\\\/#website\"},\"primaryImageOfPage\":{\"@id\":\"https:\\\/\\\/sdf.hr\\\/hr\\\/nada\\\/hercules-iz-alicantea\\\/#primaryimage\"},\"image\":{\"@id\":\"https:\\\/\\\/sdf.hr\\\/hr\\\/nada\\\/hercules-iz-alicantea\\\/#primaryimage\"},\"thumbnailUrl\":\"https:\\\/\\\/sdf.hr\\\/wp-content\\\/uploads\\\/2026\\\/02\\\/Hercules_Facebook.jpg\",\"datePublished\":\"2026-02-18T11:26:16+00:00\",\"breadcrumb\":{\"@id\":\"https:\\\/\\\/sdf.hr\\\/hr\\\/nada\\\/hercules-iz-alicantea\\\/#breadcrumb\"},\"inLanguage\":\"hr\",\"potentialAction\":[{\"@type\":\"ReadAction\",\"target\":[\"https:\\\/\\\/sdf.hr\\\/hr\\\/nada\\\/hercules-iz-alicantea\\\/\"]}]},{\"@type\":\"ImageObject\",\"inLanguage\":\"hr\",\"@id\":\"https:\\\/\\\/sdf.hr\\\/hr\\\/nada\\\/hercules-iz-alicantea\\\/#primaryimage\",\"url\":\"https:\\\/\\\/sdf.hr\\\/wp-content\\\/uploads\\\/2026\\\/02\\\/Hercules_Facebook.jpg\",\"contentUrl\":\"https:\\\/\\\/sdf.hr\\\/wp-content\\\/uploads\\\/2026\\\/02\\\/Hercules_Facebook.jpg\",\"width\":2048,\"height\":1638,\"caption\":\"Knjiga Mart\u00edna i Munuere (Foto: Facebook)\"},{\"@type\":\"BreadcrumbList\",\"@id\":\"https:\\\/\\\/sdf.hr\\\/hr\\\/nada\\\/hercules-iz-alicantea\\\/#breadcrumb\",\"itemListElement\":[{\"@type\":\"ListItem\",\"position\":1,\"name\":\"Po\u010detna stranica\",\"item\":\"https:\\\/\\\/sdf.hr\\\/hr\\\/\"},{\"@type\":\"ListItem\",\"position\":2,\"name\":\"Nada\",\"item\":\"https:\\\/\\\/sdf.hr\\\/nada\\\/\"},{\"@type\":\"ListItem\",\"position\":3,\"name\":\"H\u00e9rcules iz Alicantea\"}]},{\"@type\":\"WebSite\",\"@id\":\"https:\\\/\\\/sdf.hr\\\/#website\",\"url\":\"https:\\\/\\\/sdf.hr\\\/\",\"name\":\"SDF - Srpski demokratski forum\",\"description\":\"Srpski demokratski forum\",\"publisher\":{\"@id\":\"https:\\\/\\\/sdf.hr\\\/#organization\"},\"potentialAction\":[{\"@type\":\"SearchAction\",\"target\":{\"@type\":\"EntryPoint\",\"urlTemplate\":\"https:\\\/\\\/sdf.hr\\\/?s={search_term_string}\"},\"query-input\":{\"@type\":\"PropertyValueSpecification\",\"valueRequired\":true,\"valueName\":\"search_term_string\"}}],\"inLanguage\":\"hr\"},{\"@type\":\"Organization\",\"@id\":\"https:\\\/\\\/sdf.hr\\\/#organization\",\"name\":\"SDF - Srpski demokratski forum\",\"url\":\"https:\\\/\\\/sdf.hr\\\/\",\"logo\":{\"@type\":\"ImageObject\",\"inLanguage\":\"hr\",\"@id\":\"https:\\\/\\\/sdf.hr\\\/#\\\/schema\\\/logo\\\/image\\\/\",\"url\":\"https:\\\/\\\/sdf.hr\\\/wp-content\\\/uploads\\\/2021\\\/07\\\/logo-hr.svg\",\"contentUrl\":\"https:\\\/\\\/sdf.hr\\\/wp-content\\\/uploads\\\/2021\\\/07\\\/logo-hr.svg\",\"width\":271,\"height\":100,\"caption\":\"SDF - Srpski demokratski forum\"},\"image\":{\"@id\":\"https:\\\/\\\/sdf.hr\\\/#\\\/schema\\\/logo\\\/image\\\/\"}}]}<\/script>\n<!-- \/ Yoast SEO plugin. -->","yoast_head_json":{"title":"H\u00e9rcules iz Alicantea - SDF - Srpski demokratski forum","robots":{"index":"index","follow":"follow","max-snippet":"max-snippet:-1","max-image-preview":"max-image-preview:large","max-video-preview":"max-video-preview:-1"},"canonical":"https:\/\/sdf.hr\/hr\/nada\/hercules-iz-alicantea\/","og_locale":"hr_HR","og_type":"article","og_title":"H\u00e9rcules iz Alicantea - SDF - Srpski demokratski forum","og_description":"Taman kad je sve ukazivalo na blistavu budu\u0107nost plavo-bijelih nogometa\u0161a H\u00e9rculesa, uslijedio je rat koji je uni\u0161tio \u0161to\u0161ta, pa tako i njihove te\u017enje","og_url":"https:\/\/sdf.hr\/hr\/nada\/hercules-iz-alicantea\/","og_site_name":"SDF - Srpski demokratski forum","twitter_card":"summary_large_image","twitter_misc":{"Procijenjeno vrijeme \u010ditanja":"3 minute"},"schema":{"@context":"https:\/\/schema.org","@graph":[{"@type":"WebPage","@id":"https:\/\/sdf.hr\/hr\/nada\/hercules-iz-alicantea\/","url":"https:\/\/sdf.hr\/hr\/nada\/hercules-iz-alicantea\/","name":"H\u00e9rcules iz Alicantea - SDF - Srpski demokratski forum","isPartOf":{"@id":"https:\/\/sdf.hr\/#website"},"primaryImageOfPage":{"@id":"https:\/\/sdf.hr\/hr\/nada\/hercules-iz-alicantea\/#primaryimage"},"image":{"@id":"https:\/\/sdf.hr\/hr\/nada\/hercules-iz-alicantea\/#primaryimage"},"thumbnailUrl":"https:\/\/sdf.hr\/wp-content\/uploads\/2026\/02\/Hercules_Facebook.jpg","datePublished":"2026-02-18T11:26:16+00:00","breadcrumb":{"@id":"https:\/\/sdf.hr\/hr\/nada\/hercules-iz-alicantea\/#breadcrumb"},"inLanguage":"hr","potentialAction":[{"@type":"ReadAction","target":["https:\/\/sdf.hr\/hr\/nada\/hercules-iz-alicantea\/"]}]},{"@type":"ImageObject","inLanguage":"hr","@id":"https:\/\/sdf.hr\/hr\/nada\/hercules-iz-alicantea\/#primaryimage","url":"https:\/\/sdf.hr\/wp-content\/uploads\/2026\/02\/Hercules_Facebook.jpg","contentUrl":"https:\/\/sdf.hr\/wp-content\/uploads\/2026\/02\/Hercules_Facebook.jpg","width":2048,"height":1638,"caption":"Knjiga Mart\u00edna i Munuere (Foto: Facebook)"},{"@type":"BreadcrumbList","@id":"https:\/\/sdf.hr\/hr\/nada\/hercules-iz-alicantea\/#breadcrumb","itemListElement":[{"@type":"ListItem","position":1,"name":"Po\u010detna stranica","item":"https:\/\/sdf.hr\/hr\/"},{"@type":"ListItem","position":2,"name":"Nada","item":"https:\/\/sdf.hr\/nada\/"},{"@type":"ListItem","position":3,"name":"H\u00e9rcules iz Alicantea"}]},{"@type":"WebSite","@id":"https:\/\/sdf.hr\/#website","url":"https:\/\/sdf.hr\/","name":"SDF - Srpski demokratski forum","description":"Srpski demokratski forum","publisher":{"@id":"https:\/\/sdf.hr\/#organization"},"potentialAction":[{"@type":"SearchAction","target":{"@type":"EntryPoint","urlTemplate":"https:\/\/sdf.hr\/?s={search_term_string}"},"query-input":{"@type":"PropertyValueSpecification","valueRequired":true,"valueName":"search_term_string"}}],"inLanguage":"hr"},{"@type":"Organization","@id":"https:\/\/sdf.hr\/#organization","name":"SDF - Srpski demokratski forum","url":"https:\/\/sdf.hr\/","logo":{"@type":"ImageObject","inLanguage":"hr","@id":"https:\/\/sdf.hr\/#\/schema\/logo\/image\/","url":"https:\/\/sdf.hr\/wp-content\/uploads\/2021\/07\/logo-hr.svg","contentUrl":"https:\/\/sdf.hr\/wp-content\/uploads\/2021\/07\/logo-hr.svg","width":271,"height":100,"caption":"SDF - Srpski demokratski forum"},"image":{"@id":"https:\/\/sdf.hr\/#\/schema\/logo\/image\/"}}]}},"_links":{"self":[{"href":"https:\/\/sdf.hr\/hr\/wp-json\/wp\/v2\/nada\/8096","targetHints":{"allow":["GET"]}}],"collection":[{"href":"https:\/\/sdf.hr\/hr\/wp-json\/wp\/v2\/nada"}],"about":[{"href":"https:\/\/sdf.hr\/hr\/wp-json\/wp\/v2\/types\/nada"}],"wp:featuredmedia":[{"embeddable":true,"href":"https:\/\/sdf.hr\/hr\/wp-json\/wp\/v2\/media\/8095"}],"wp:attachment":[{"href":"https:\/\/sdf.hr\/hr\/wp-json\/wp\/v2\/media?parent=8096"}],"wp:term":[{"taxonomy":"post_tag","embeddable":true,"href":"https:\/\/sdf.hr\/hr\/wp-json\/wp\/v2\/tags?post=8096"},{"taxonomy":"atribut","embeddable":true,"href":"https:\/\/sdf.hr\/hr\/wp-json\/wp\/v2\/atribut?post=8096"}],"curies":[{"name":"wp","href":"https:\/\/api.w.org\/{rel}","templated":true}]}}