{"id":8110,"date":"2026-02-20T07:36:58","date_gmt":"2026-02-20T06:36:58","guid":{"rendered":"https:\/\/sdf.hr\/nada\/cujte-odrzivi-glas\/"},"modified":"2026-02-20T07:37:09","modified_gmt":"2026-02-20T06:37:09","slug":"cujte-odrzivi-glas","status":"publish","type":"nada","link":"https:\/\/sdf.hr\/hr\/nada\/cujte-odrzivi-glas\/","title":{"rendered":"\u010cujte Odr\u017eivi glas"},"content":{"rendered":"<p>Pred kraj 2025. godine saznali smo da je francuski Senat usvojio zakon kojim se reguli\u0161u giganti ultra-brze mode Shein i Temu, da je globalna proizvodnja krzna opala za oko 85 posto u poslednjoj deceniji, da je femicid u Italiji prepoznat kao poseban zlo\u010din, kao i da se na Antarktiku ponovo formira led. Holandija zabranjuje prodaju vatrometa, dok je globalna smrtnost majki opala za 35 posto u jednoj deceniji. Sve ove informacije dolaze sa Instagram profila <a href=\"https:\/\/www.instagram.com\/odrziviglas\/\">Odr\u017eivi glas<\/a>.<\/p>\n<p>Ovaj profil nije nastao kao jo\u0161 jedan &#8220;eko&#8221; nalog u digitalnom moru zelenih etiketa. Nastao je iz potrebe \u2013 li\u010dne, profesionalne i dru\u0161tvene. Iz dugogodi\u0161njeg rada na temama ekologije i dru\u0161tvene odgovornosti, ali i iz frustracije zbog povr\u0161nih saveta, estetizovane odr\u017eivosti i sadr\u017eaja koji vi\u0161e slu\u017ee da umire savest nego da menjaju navike. U tom prostoru, izme\u0111u dobrih namera i lo\u0161ih praksi, rodila se ideja o glasu koji \u0107e biti iskren, obrazovan i kriti\u010dan, ali istovremeno blag prema ljudima koji tek ulaze u svet odr\u017eivosti.<\/p>\n<p>&#8211; Najvi\u0161e me inspiri\u0161e ose\u0107aj odgovornosti prema generacijama koje dolaze. Danas \u017eivimo na raskr\u0161\u0107u: s jedne strane je komfor brze potro\u0161nje, a s druge posledice koje ostavljamo prirodi i dru\u0161tvu. Kao ekolo\u0161ki in\u017eenjer i neko ko radi s ljudima, jasno vidim koliko se ekologija prepli\u0107e s ekonomijom, zdravljem, radni\u010dkim pravima i kvalitetom \u017eivota. Nisam vi\u0161e mogla da posmatram stvari sa strane. \u017delela sam da govorim o odr\u017eivosti kao o kulturi brige: za sebe, za druge i za planetu \u2013 isti\u010de Marija Petkovi\u0107.<\/p>\n<p>U vremenu preobilja informacija, potraga za istinom postaje jedan od najzahtevnijih zadataka. Pisanje joj slu\u017ei kao alat za razumevanje, kao na\u010din da izdvoji ono su\u0161tinsko i primenljivo. Iako obrazovanje u oblasti za\u0161tite \u017eivotne sredine donosi znanje, pravi izazov ostaje njegova primena u sistemu koji retko razmatra dugoro\u010dne posledice. Odr\u017eivost, prema njenom shvatanju, ne zna\u010di odricanje od savremenog \u017eivota, ve\u0107 odgovornost da svaki po\u010detak sagledamo kroz njegov kraj i uticaj.<\/p>\n<p>U vremenu u kojem se &#8220;eko&#8221; \u010desto koristi kao marketin\u0161ki ukras, potreba za kriti\u010dkim glasovima postaje sve ve\u0107a. Odr\u017eivi glas postoji upravo da bi razdvojio su\u0161tinu od marketinga, stvarnu odr\u017eivost od <em>greenwashinga<\/em>. To je platforma koja ne promovi\u0161e savr\u0161enstvo, ve\u0107 informisane izbore, kriti\u010dko razmi\u0161ljanje i male, ali dugoro\u010dno odr\u017eive korake. Jer bez postavljanja pitanja i razumevanja \u0161ire slike, lako ostajemo zarobljeni u iluziji promene.<\/p>\n<p>&#8211; Najvi\u0161e se bavim plastikom, industrijom lepote i potro\u0161njom jer su to oblasti u kojima se marketing naj\u010de\u0161\u0107e maskira u &#8220;odr\u017eivost&#8221;. Pi\u0161em o mikroplastici, toksi\u010dnim sastojcima u proizvodima, hiperprodukciji trendova, cirkularnoj i sporoj modi, ali i o odnosu dru\u0161tvenih navika i otpada. Istovremeno, va\u017eno mi je da povezujem ekologiju sa telom, zdravljem, \u017eenama, radom i dru\u0161tvenim nejednakostima, jer je odr\u017eivost uvek i politi\u010dko i socijalno pitanje \u2013 obja\u0161njava Marija.<\/p>\n<figure id=\"attachment_8108\" aria-describedby=\"caption-attachment-8108\" style=\"width: 1512px\" class=\"wp-caption alignnone\"><img loading=\"lazy\" decoding=\"async\" class=\"wp-image-8108 size-full\" src=\"https:\/\/sdf.hr\/wp-content\/uploads\/2026\/02\/Petkovic.jpeg\" alt=\"\" width=\"1512\" height=\"1932\" srcset=\"https:\/\/sdf.hr\/wp-content\/uploads\/2026\/02\/Petkovic.jpeg 1512w, https:\/\/sdf.hr\/wp-content\/uploads\/2026\/02\/Petkovic-235x300.jpeg 235w, https:\/\/sdf.hr\/wp-content\/uploads\/2026\/02\/Petkovic-801x1024.jpeg 801w, https:\/\/sdf.hr\/wp-content\/uploads\/2026\/02\/Petkovic-768x981.jpeg 768w, https:\/\/sdf.hr\/wp-content\/uploads\/2026\/02\/Petkovic-1202x1536.jpeg 1202w\" sizes=\"auto, (max-width: 1512px) 100vw, 1512px\" \/><figcaption id=\"caption-attachment-8108\" class=\"wp-caption-text\">Marija Petkovi\u0107<\/figcaption><\/figure>\n<p>Dru\u0161tvene mre\u017ee, posebno Instagram, u ovom kontekstu postaju va\u017eno mesto delovanja. Na njima se oblikuju estetski ideali, potro\u0161a\u010dke navike i svakodnevni izbori. Ako u tom prostoru ne postoje kriti\u010dki sadr\u017eaji, reklama ostaje jedini narativ. Odr\u017eivi glas koristi digitalne platforme kao poligon za edukaciju, dijalog i osna\u017eivanje zajednice. Povratne informacije pokazuju da ovaj pristup ima stvaran efekat. Ljudi po\u010dinju da \u010ditaju deklaracije, kupuju manje, propituju trendove i znanje dele dalje. To su mali pomaci, ali sa velikim potencijalom. Umesto osu\u0111ivanja, fokus je na razumevanju i vo\u0111enju kroz proces.<\/p>\n<p>&#8211; Zajednica se pokre\u0107e primerom, ne moralizovanjem. Najbolje funkcioni\u0161u aktivnosti koje kombinuju edukaciju, zajedni\u010dki rad i ose\u0107aj pripadnosti &#8211; govori Marija Petkovi\u0107.<\/p>\n<p>Video-formati i li\u010dne refleksije dodatno grade ose\u0107aj bliskosti i autenti\u010dnosti, \u0161to je klju\u010dno za stvaranje poverenja. Jedna od najve\u0107ih zabluda o odr\u017eivom \u017eivotu jeste da se on svodi na kupovinu &#8220;zelenijih&#8221; proizvoda. U stvarnosti, vi\u0161e ima veze sa smanjenjem potro\u0161nje, produ\u017eavanjem \u017eivotnog veka stvari i promenom svakodnevnih navika. Druga \u010desta zamka je perfekcionizam \u2013 uverenje da sve mora biti <em>zero waste<\/em> ili nema smisla. Suprotno tome, filozofija Odr\u017eivog glasa zasniva se na realnosti. Mali pomaci koje mo\u017eemo dugoro\u010dno da odr\u017eimo daleko su vredniji od radikalnih promena koje brzo iscrpe i vode ka odustajanju.<\/p>\n<p>Kao inspiraciju za druga\u010dije prakse, Marija \u010desto navodi primere iz sveta. Tako je 2015. godine u \u0161vedskom gradu Eskilstuna otvoren prvi recikla\u017eni centar ReTuna \u00c5terbruksgalleria u kojem gra\u0111ani doniraju stare stvari, od ode\u0107e i name\u0161taja do igra\u010daka i ku\u0107nih predmeta, koje se sortiraju, popravljaju i prodaju u okviru centra. Sve \u0161to se tamo nalazi je reciklirano, ponovo upotrebljeno ili proizvedeno na odr\u017eiv na\u010din. Ve\u0107 2018. godine ReTuna je ostvarila promet od 11,7 miliona \u0161vedskih kruna. Pored toga, centar je otvorio vi\u0161e od 50 novih radnih mesta, prete\u017eno u oblastima popravke, obrade materijala i dizajna, \u010dime je fokus sa klasi\u010dne maloprodaje preusmeren na odr\u017eive ve\u0161tine i znanja.<\/p>\n<p>Sli\u010dan duh mo\u017ee se prona\u0107i na mestima poput pulskog Rojca, novosadskog Najlona, zagreba\u010dkog Hreli\u0107a ili austrijskih buvljaka. To su lokacije na kojima se mogu prona\u0107i kvalitetni, <em>vintage<\/em> ili unikatni komadi ode\u0107e i predmeti za dom. Pravila su jednostavna: do\u0107i rano, pregovarati o ceni i poneti gotovinu.<\/p>\n<p>Kada govori o prvim koracima ka odr\u017eivijem \u017eivotu, Marija isti\u010de jednostavnost. Po\u010deti od onoga \u0161to ve\u0107 imamo i produ\u017eiti \u017eivot stvarima pre nego \u0161to kupimo nove, smanjiti impulsnu kupovinu postavljaju\u0107i sebi pitanje da li nam ne\u0161to zaista treba i nau\u010diti da \u010ditamo etikete i informacije, jer je informisan potro\u0161a\u010d najve\u0107a pretnja lo\u0161im praksama.<\/p>\n<p>&#8211; Ljudi \u017eele da vide da njihov doprinos ima smisla. Kada im damo prostor, znanje i podr\u0161ku, oni postaju nosioci promene, a ne samo publika \u2013 govori ona.<\/p>\n<p>Za pet godina, Odr\u017eivi glas vidi se kao zajednica sa sopstvenim ekosistemom znanja, ljudi i praksi. Zami\u0161ljen je kao prostor u kojem \u010ditaoci nisu pasivni posmatra\u010di, ve\u0107 edukatori, liderke, istra\u017eiva\u010dice i svesni gra\u0111ani u svojim sredinama, i kao sistem kroz koji se u\u010di oslanjanje na odr\u017eive ve\u0161tine i prakse, cirkularni krug znanja, pomo\u0107i i brige. Odr\u017eivi glas podse\u0107a da je promena mogu\u0107a, ali samo ako je stvarna, informisana i ukorenjena u odgovornosti prema ljudima i prirodi.<\/p>\n<p><em>pi\u0161e Jelena Miri\u0107<\/em><\/p>\n","protected":false},"excerpt":{"rendered":"<p>Zajednica se pokre\u0107e primerom, ne moralizovanjem. Najbolje funkcioni\u0161u aktivnosti koje kombinuju edukaciju, zajedni\u010dki rad i ose\u0107aj pripadnosti, poru\u010duje Marija Petkovi\u0107, pokreta\u010dica Odr\u017eivog glasa<\/p>\n","protected":false},"featured_media":8107,"template":"","tags":[136],"atribut":[],"class_list":["post-8110","nada","type-nada","status-publish","has-post-thumbnail","hentry","tag-portret"],"acf":[],"yoast_head":"<!-- This site is optimized with the Yoast SEO plugin v27.4 - https:\/\/yoast.com\/product\/yoast-seo-wordpress\/ -->\n<title>\u010cujte Odr\u017eivi glas - SDF - Srpski demokratski forum<\/title>\n<meta name=\"robots\" content=\"index, follow, max-snippet:-1, max-image-preview:large, max-video-preview:-1\" \/>\n<link rel=\"canonical\" href=\"https:\/\/sdf.hr\/hr\/nada\/cujte-odrzivi-glas\/\" \/>\n<meta property=\"og:locale\" content=\"hr_HR\" \/>\n<meta property=\"og:type\" content=\"article\" \/>\n<meta property=\"og:title\" content=\"\u010cujte Odr\u017eivi glas - SDF - Srpski demokratski forum\" \/>\n<meta property=\"og:description\" content=\"Zajednica se pokre\u0107e primerom, ne moralizovanjem. Najbolje funkcioni\u0161u aktivnosti koje kombinuju edukaciju, zajedni\u010dki rad i ose\u0107aj pripadnosti, poru\u010duje Marija Petkovi\u0107, pokreta\u010dica Odr\u017eivog glasa\" \/>\n<meta property=\"og:url\" content=\"https:\/\/sdf.hr\/hr\/nada\/cujte-odrzivi-glas\/\" \/>\n<meta property=\"og:site_name\" content=\"SDF - Srpski demokratski forum\" \/>\n<meta property=\"article:modified_time\" content=\"2026-02-20T06:37:09+00:00\" \/>\n<meta property=\"og:image\" content=\"https:\/\/sdf.hr\/wp-content\/uploads\/2026\/02\/Odrzzivi-glas.png\" \/>\n\t<meta property=\"og:image:width\" content=\"1080\" \/>\n\t<meta property=\"og:image:height\" content=\"1091\" \/>\n\t<meta property=\"og:image:type\" content=\"image\/png\" \/>\n<meta name=\"twitter:card\" content=\"summary_large_image\" \/>\n<meta name=\"twitter:label1\" content=\"Procijenjeno vrijeme \u010ditanja\" \/>\n\t<meta name=\"twitter:data1\" content=\"5 minuta\" \/>\n<script type=\"application\/ld+json\" class=\"yoast-schema-graph\">{\"@context\":\"https:\\\/\\\/schema.org\",\"@graph\":[{\"@type\":\"WebPage\",\"@id\":\"https:\\\/\\\/sdf.hr\\\/hr\\\/nada\\\/cujte-odrzivi-glas\\\/\",\"url\":\"https:\\\/\\\/sdf.hr\\\/hr\\\/nada\\\/cujte-odrzivi-glas\\\/\",\"name\":\"\u010cujte Odr\u017eivi glas - SDF - Srpski demokratski forum\",\"isPartOf\":{\"@id\":\"https:\\\/\\\/sdf.hr\\\/#website\"},\"primaryImageOfPage\":{\"@id\":\"https:\\\/\\\/sdf.hr\\\/hr\\\/nada\\\/cujte-odrzivi-glas\\\/#primaryimage\"},\"image\":{\"@id\":\"https:\\\/\\\/sdf.hr\\\/hr\\\/nada\\\/cujte-odrzivi-glas\\\/#primaryimage\"},\"thumbnailUrl\":\"https:\\\/\\\/sdf.hr\\\/wp-content\\\/uploads\\\/2026\\\/02\\\/Odrzzivi-glas.png\",\"datePublished\":\"2026-02-20T06:36:58+00:00\",\"dateModified\":\"2026-02-20T06:37:09+00:00\",\"breadcrumb\":{\"@id\":\"https:\\\/\\\/sdf.hr\\\/hr\\\/nada\\\/cujte-odrzivi-glas\\\/#breadcrumb\"},\"inLanguage\":\"hr\",\"potentialAction\":[{\"@type\":\"ReadAction\",\"target\":[\"https:\\\/\\\/sdf.hr\\\/hr\\\/nada\\\/cujte-odrzivi-glas\\\/\"]}]},{\"@type\":\"ImageObject\",\"inLanguage\":\"hr\",\"@id\":\"https:\\\/\\\/sdf.hr\\\/hr\\\/nada\\\/cujte-odrzivi-glas\\\/#primaryimage\",\"url\":\"https:\\\/\\\/sdf.hr\\\/wp-content\\\/uploads\\\/2026\\\/02\\\/Odrzzivi-glas.png\",\"contentUrl\":\"https:\\\/\\\/sdf.hr\\\/wp-content\\\/uploads\\\/2026\\\/02\\\/Odrzzivi-glas.png\",\"width\":1080,\"height\":1091,\"caption\":\"Odr\u017eivi glas \u2013 Instagram profil\"},{\"@type\":\"BreadcrumbList\",\"@id\":\"https:\\\/\\\/sdf.hr\\\/hr\\\/nada\\\/cujte-odrzivi-glas\\\/#breadcrumb\",\"itemListElement\":[{\"@type\":\"ListItem\",\"position\":1,\"name\":\"Po\u010detna stranica\",\"item\":\"https:\\\/\\\/sdf.hr\\\/hr\\\/\"},{\"@type\":\"ListItem\",\"position\":2,\"name\":\"Nada\",\"item\":\"https:\\\/\\\/sdf.hr\\\/nada\\\/\"},{\"@type\":\"ListItem\",\"position\":3,\"name\":\"\u010cujte Odr\u017eivi glas\"}]},{\"@type\":\"WebSite\",\"@id\":\"https:\\\/\\\/sdf.hr\\\/#website\",\"url\":\"https:\\\/\\\/sdf.hr\\\/\",\"name\":\"SDF - Srpski demokratski forum\",\"description\":\"Srpski demokratski forum\",\"publisher\":{\"@id\":\"https:\\\/\\\/sdf.hr\\\/#organization\"},\"potentialAction\":[{\"@type\":\"SearchAction\",\"target\":{\"@type\":\"EntryPoint\",\"urlTemplate\":\"https:\\\/\\\/sdf.hr\\\/?s={search_term_string}\"},\"query-input\":{\"@type\":\"PropertyValueSpecification\",\"valueRequired\":true,\"valueName\":\"search_term_string\"}}],\"inLanguage\":\"hr\"},{\"@type\":\"Organization\",\"@id\":\"https:\\\/\\\/sdf.hr\\\/#organization\",\"name\":\"SDF - Srpski demokratski forum\",\"url\":\"https:\\\/\\\/sdf.hr\\\/\",\"logo\":{\"@type\":\"ImageObject\",\"inLanguage\":\"hr\",\"@id\":\"https:\\\/\\\/sdf.hr\\\/#\\\/schema\\\/logo\\\/image\\\/\",\"url\":\"https:\\\/\\\/sdf.hr\\\/wp-content\\\/uploads\\\/2021\\\/07\\\/logo-hr.svg\",\"contentUrl\":\"https:\\\/\\\/sdf.hr\\\/wp-content\\\/uploads\\\/2021\\\/07\\\/logo-hr.svg\",\"width\":271,\"height\":100,\"caption\":\"SDF - Srpski demokratski forum\"},\"image\":{\"@id\":\"https:\\\/\\\/sdf.hr\\\/#\\\/schema\\\/logo\\\/image\\\/\"}}]}<\/script>\n<!-- \/ Yoast SEO plugin. -->","yoast_head_json":{"title":"\u010cujte Odr\u017eivi glas - SDF - Srpski demokratski forum","robots":{"index":"index","follow":"follow","max-snippet":"max-snippet:-1","max-image-preview":"max-image-preview:large","max-video-preview":"max-video-preview:-1"},"canonical":"https:\/\/sdf.hr\/hr\/nada\/cujte-odrzivi-glas\/","og_locale":"hr_HR","og_type":"article","og_title":"\u010cujte Odr\u017eivi glas - SDF - Srpski demokratski forum","og_description":"Zajednica se pokre\u0107e primerom, ne moralizovanjem. Najbolje funkcioni\u0161u aktivnosti koje kombinuju edukaciju, zajedni\u010dki rad i ose\u0107aj pripadnosti, poru\u010duje Marija Petkovi\u0107, pokreta\u010dica Odr\u017eivog glasa","og_url":"https:\/\/sdf.hr\/hr\/nada\/cujte-odrzivi-glas\/","og_site_name":"SDF - Srpski demokratski forum","article_modified_time":"2026-02-20T06:37:09+00:00","og_image":[{"width":1080,"height":1091,"url":"https:\/\/sdf.hr\/wp-content\/uploads\/2026\/02\/Odrzzivi-glas.png","type":"image\/png"}],"twitter_card":"summary_large_image","twitter_misc":{"Procijenjeno vrijeme \u010ditanja":"5 minuta"},"schema":{"@context":"https:\/\/schema.org","@graph":[{"@type":"WebPage","@id":"https:\/\/sdf.hr\/hr\/nada\/cujte-odrzivi-glas\/","url":"https:\/\/sdf.hr\/hr\/nada\/cujte-odrzivi-glas\/","name":"\u010cujte Odr\u017eivi glas - SDF - Srpski demokratski forum","isPartOf":{"@id":"https:\/\/sdf.hr\/#website"},"primaryImageOfPage":{"@id":"https:\/\/sdf.hr\/hr\/nada\/cujte-odrzivi-glas\/#primaryimage"},"image":{"@id":"https:\/\/sdf.hr\/hr\/nada\/cujte-odrzivi-glas\/#primaryimage"},"thumbnailUrl":"https:\/\/sdf.hr\/wp-content\/uploads\/2026\/02\/Odrzzivi-glas.png","datePublished":"2026-02-20T06:36:58+00:00","dateModified":"2026-02-20T06:37:09+00:00","breadcrumb":{"@id":"https:\/\/sdf.hr\/hr\/nada\/cujte-odrzivi-glas\/#breadcrumb"},"inLanguage":"hr","potentialAction":[{"@type":"ReadAction","target":["https:\/\/sdf.hr\/hr\/nada\/cujte-odrzivi-glas\/"]}]},{"@type":"ImageObject","inLanguage":"hr","@id":"https:\/\/sdf.hr\/hr\/nada\/cujte-odrzivi-glas\/#primaryimage","url":"https:\/\/sdf.hr\/wp-content\/uploads\/2026\/02\/Odrzzivi-glas.png","contentUrl":"https:\/\/sdf.hr\/wp-content\/uploads\/2026\/02\/Odrzzivi-glas.png","width":1080,"height":1091,"caption":"Odr\u017eivi glas \u2013 Instagram profil"},{"@type":"BreadcrumbList","@id":"https:\/\/sdf.hr\/hr\/nada\/cujte-odrzivi-glas\/#breadcrumb","itemListElement":[{"@type":"ListItem","position":1,"name":"Po\u010detna stranica","item":"https:\/\/sdf.hr\/hr\/"},{"@type":"ListItem","position":2,"name":"Nada","item":"https:\/\/sdf.hr\/nada\/"},{"@type":"ListItem","position":3,"name":"\u010cujte Odr\u017eivi glas"}]},{"@type":"WebSite","@id":"https:\/\/sdf.hr\/#website","url":"https:\/\/sdf.hr\/","name":"SDF - Srpski demokratski forum","description":"Srpski demokratski forum","publisher":{"@id":"https:\/\/sdf.hr\/#organization"},"potentialAction":[{"@type":"SearchAction","target":{"@type":"EntryPoint","urlTemplate":"https:\/\/sdf.hr\/?s={search_term_string}"},"query-input":{"@type":"PropertyValueSpecification","valueRequired":true,"valueName":"search_term_string"}}],"inLanguage":"hr"},{"@type":"Organization","@id":"https:\/\/sdf.hr\/#organization","name":"SDF - Srpski demokratski forum","url":"https:\/\/sdf.hr\/","logo":{"@type":"ImageObject","inLanguage":"hr","@id":"https:\/\/sdf.hr\/#\/schema\/logo\/image\/","url":"https:\/\/sdf.hr\/wp-content\/uploads\/2021\/07\/logo-hr.svg","contentUrl":"https:\/\/sdf.hr\/wp-content\/uploads\/2021\/07\/logo-hr.svg","width":271,"height":100,"caption":"SDF - Srpski demokratski forum"},"image":{"@id":"https:\/\/sdf.hr\/#\/schema\/logo\/image\/"}}]}},"_links":{"self":[{"href":"https:\/\/sdf.hr\/hr\/wp-json\/wp\/v2\/nada\/8110","targetHints":{"allow":["GET"]}}],"collection":[{"href":"https:\/\/sdf.hr\/hr\/wp-json\/wp\/v2\/nada"}],"about":[{"href":"https:\/\/sdf.hr\/hr\/wp-json\/wp\/v2\/types\/nada"}],"wp:featuredmedia":[{"embeddable":true,"href":"https:\/\/sdf.hr\/hr\/wp-json\/wp\/v2\/media\/8107"}],"wp:attachment":[{"href":"https:\/\/sdf.hr\/hr\/wp-json\/wp\/v2\/media?parent=8110"}],"wp:term":[{"taxonomy":"post_tag","embeddable":true,"href":"https:\/\/sdf.hr\/hr\/wp-json\/wp\/v2\/tags?post=8110"},{"taxonomy":"atribut","embeddable":true,"href":"https:\/\/sdf.hr\/hr\/wp-json\/wp\/v2\/atribut?post=8110"}],"curies":[{"name":"wp","href":"https:\/\/api.w.org\/{rel}","templated":true}]}}