{"id":8114,"date":"2026-02-21T07:40:56","date_gmt":"2026-02-21T06:40:56","guid":{"rendered":"https:\/\/sdf.hr\/nada\/kuglof-s-bundevom-i-sirom\/"},"modified":"2026-02-21T07:43:18","modified_gmt":"2026-02-21T06:43:18","slug":"kuglof-s-bundevom-i-sirom","status":"publish","type":"nada","link":"https:\/\/sdf.hr\/hr\/nada\/kuglof-s-bundevom-i-sirom\/","title":{"rendered":"Kuglof s bundevom i sirom"},"content":{"rendered":"<p>Volim kalupe za kuglofe jer su lijepi, dekorativni i podsje\u0107aju me na mirisne i tople kuhinje na\u0161ih baka. Imam nekoliko kalupa za kuglofe, malih i velikih, jednostavnih i rasko\u0161nih. Neke sam dobila, neki su prastari, neki su samo za ukras, neki su moderni, neki su od metala, a neki od keramike, ali svi su mi ba\u0161 jako dragi. Isto kao \u0161to volim te kalupe, volim pe\u0107i kuglofe jer taj kola\u010d nudi toliko varijacija u okusima i oblicima te je vrlo jednostavan za izradu.<\/p>\n<p>Jedan od kuglofa koji \u010desto radim je upravo ovaj s bundevom i sirom. Recept je nastao isprobavanjem razli\u010ditih drugih recepata s dodatkom pe\u010dene bundeve, inspirirana na\u0161om Bundevijadom (manifestacijom posve\u0107enom bundevi) i vrlo je ukusan, so\u010dan i mirisan. U njemu sam koristila li\u010dku basu, ali mo\u017ee se koristiti svje\u017ei kravlji sir ili skuta. Od za\u010dina mo\u017eete koristiti ono \u0161to volite, a ja sam stavila mje\u0161avinu cimeta, \u0111umbira, mu\u0161katnog ora\u0161\u010di\u0107a i klin\u010di\u0107a. Po \u017eelji mo\u017eete dodati i \u017elicu ruma ili malo naran\u010dine korice i soka.<\/p>\n<p>Mo\u017eete se poigrati pa prije dodavanja snijega podijeliti smjesu i dodati otopljenu \u010dokoladu ili dvije \u017elice kakao praha. Na taj na\u010din \u0107ete dobiti efekt mramornog kola\u010da.<\/p>\n<p>&nbsp;<\/p>\n<p><strong><em>Sastojci:<\/em><\/strong><\/p>\n<p>3 jaja veli\u010dine M (odvojite bjelanjke od \u017eumanjaka)<\/p>\n<p>prstohvat soli<\/p>\n<p>180 g \u0161e\u0107era<\/p>\n<p>vanilija burbon \u0161e\u0107er<\/p>\n<p>\u017dli\u010dica pra\u0161ka za pecivo<\/p>\n<p>pola \u017eli\u010dice sode bikarbone<\/p>\n<p>180 g glatkog p\u0161eni\u010dnog bra\u0161na<\/p>\n<p>100 g o\u0161trog p\u0161eni\u010dnog bra\u0161na<\/p>\n<p>2 \u017eli\u010dice za\u010dina (cimet, klin\u010di\u0107, \u0111umbir\u2026)<\/p>\n<p>100 ml suncokretovog ulja<\/p>\n<p>200 g svje\u017eeg sira ili skute (stavila sam li\u010dku basu)<\/p>\n<p>200 g pirea pe\u010dene ili kuhane bundeve<\/p>\n<p>&nbsp;<\/p>\n<p><strong><em>Priprema:<\/em><\/strong><\/p>\n<p>Uklju\u010dite pe\u0107nicu na 170 stupnjeva. Odvojite bjelanjke od \u017eumanjaka. Bjelanjcima dodajte prstohvat soli pa izradite \u010dvrst snijeg.<\/p>\n<p>\u017dumanjcima dodajte \u0161e\u0107er i vaniliju pa izradite svijetlu i pjenastu smjesu. Dodajte redom pire bundeve, ulje i sir pa izradite da se sve pove\u017ee. Pomije\u0161ajte obje vrste bra\u0161na, pra\u0161ak za pecivo, sodu bikarbonu i za\u010dine te sve sjedinite mikserom. Ru\u010dno umije\u0161ajte snijeg od bjelanjaka.<\/p>\n<p>Pripremite kalup za kuglof tako \u0161to \u0107ete ga premazati maslacem te posuti bra\u0161nom. Smjesu izlijte u kalup i lagano lupite o podlogu nekoliko puta da se smjesa poravna. Pecite na 170 do 180 stupnjeva (ovisno o pe\u0107nici) otprilike 60 minuta. Ukoliko vam pe\u0107nica ja\u010de pe\u010de, mo\u017eete prekriti papirom za pe\u010denje posljednjih 20 minuta kako vam kuglof ne bi jako potamnio.<\/p>\n<p>Pe\u010den kuglof izvadite, prekrijte \u010distom krpom i ostavite da se hladi u kalupu. Kada je jo\u0161 sasvim mlak, istresite ga na pladanj za poslu\u017eivanje. Mo\u017eete ga samo posuti \u0161e\u0107erom u prahu ili napraviti preljev po \u017eelji. Svoj sam prelila bijelom \u010dokoladom koju sam rastopila na pari uz dodatak \u017elice ulja. Ukrasila sam ga sjemenkama bundeve.<\/p>\n<p>Dobar tek!<\/p>\n<p><em>pi\u0161e Vanja Vukadinovi\u0107<\/em><\/p>\n","protected":false},"excerpt":{"rendered":"<p>Od za\u010dina mo\u017eete koristiti ono \u0161to volite, a ja sam stavila mje\u0161avinu cimeta, \u0111umbira, mu\u0161katnog ora\u0161\u010di\u0107a i klin\u010di\u0107a. Po \u017eelji mo\u017eete dodati i \u017elicu ruma ili malo naran\u010dine korice i soka<\/p>\n","protected":false},"featured_media":8113,"template":"","tags":[42],"atribut":[],"class_list":["post-8114","nada","type-nada","status-publish","has-post-thumbnail","hentry","tag-gorski-kotao"],"acf":[],"yoast_head":"<!-- This site is optimized with the Yoast SEO plugin v27.4 - https:\/\/yoast.com\/product\/yoast-seo-wordpress\/ -->\n<title>Kuglof s bundevom i sirom - SDF - Srpski demokratski forum<\/title>\n<meta name=\"robots\" content=\"index, follow, max-snippet:-1, max-image-preview:large, max-video-preview:-1\" \/>\n<link rel=\"canonical\" href=\"https:\/\/sdf.hr\/hr\/nada\/kuglof-s-bundevom-i-sirom\/\" \/>\n<meta property=\"og:locale\" content=\"hr_HR\" \/>\n<meta property=\"og:type\" content=\"article\" \/>\n<meta property=\"og:title\" content=\"Kuglof s bundevom i sirom - SDF - Srpski demokratski forum\" \/>\n<meta property=\"og:description\" content=\"Od za\u010dina mo\u017eete koristiti ono \u0161to volite, a ja sam stavila mje\u0161avinu cimeta, \u0111umbira, mu\u0161katnog ora\u0161\u010di\u0107a i klin\u010di\u0107a. Po \u017eelji mo\u017eete dodati i \u017elicu ruma ili malo naran\u010dine korice i soka\" \/>\n<meta property=\"og:url\" content=\"https:\/\/sdf.hr\/hr\/nada\/kuglof-s-bundevom-i-sirom\/\" \/>\n<meta property=\"og:site_name\" content=\"SDF - Srpski demokratski forum\" \/>\n<meta property=\"article:modified_time\" content=\"2026-02-21T06:43:18+00:00\" \/>\n<meta property=\"og:image\" content=\"https:\/\/sdf.hr\/wp-content\/uploads\/2026\/02\/Kuglof-scaled.jpeg\" \/>\n\t<meta property=\"og:image:width\" content=\"2560\" \/>\n\t<meta property=\"og:image:height\" content=\"1920\" \/>\n\t<meta property=\"og:image:type\" content=\"image\/jpeg\" \/>\n<meta name=\"twitter:card\" content=\"summary_large_image\" \/>\n<meta name=\"twitter:label1\" content=\"Procijenjeno vrijeme \u010ditanja\" \/>\n\t<meta name=\"twitter:data1\" content=\"2 minute\" \/>\n<script type=\"application\/ld+json\" class=\"yoast-schema-graph\">{\"@context\":\"https:\\\/\\\/schema.org\",\"@graph\":[{\"@type\":\"WebPage\",\"@id\":\"https:\\\/\\\/sdf.hr\\\/hr\\\/nada\\\/kuglof-s-bundevom-i-sirom\\\/\",\"url\":\"https:\\\/\\\/sdf.hr\\\/hr\\\/nada\\\/kuglof-s-bundevom-i-sirom\\\/\",\"name\":\"Kuglof s bundevom i sirom - SDF - Srpski demokratski forum\",\"isPartOf\":{\"@id\":\"https:\\\/\\\/sdf.hr\\\/#website\"},\"primaryImageOfPage\":{\"@id\":\"https:\\\/\\\/sdf.hr\\\/hr\\\/nada\\\/kuglof-s-bundevom-i-sirom\\\/#primaryimage\"},\"image\":{\"@id\":\"https:\\\/\\\/sdf.hr\\\/hr\\\/nada\\\/kuglof-s-bundevom-i-sirom\\\/#primaryimage\"},\"thumbnailUrl\":\"https:\\\/\\\/sdf.hr\\\/wp-content\\\/uploads\\\/2026\\\/02\\\/Kuglof-scaled.jpeg\",\"datePublished\":\"2026-02-21T06:40:56+00:00\",\"dateModified\":\"2026-02-21T06:43:18+00:00\",\"breadcrumb\":{\"@id\":\"https:\\\/\\\/sdf.hr\\\/hr\\\/nada\\\/kuglof-s-bundevom-i-sirom\\\/#breadcrumb\"},\"inLanguage\":\"hr\",\"potentialAction\":[{\"@type\":\"ReadAction\",\"target\":[\"https:\\\/\\\/sdf.hr\\\/hr\\\/nada\\\/kuglof-s-bundevom-i-sirom\\\/\"]}]},{\"@type\":\"ImageObject\",\"inLanguage\":\"hr\",\"@id\":\"https:\\\/\\\/sdf.hr\\\/hr\\\/nada\\\/kuglof-s-bundevom-i-sirom\\\/#primaryimage\",\"url\":\"https:\\\/\\\/sdf.hr\\\/wp-content\\\/uploads\\\/2026\\\/02\\\/Kuglof-scaled.jpeg\",\"contentUrl\":\"https:\\\/\\\/sdf.hr\\\/wp-content\\\/uploads\\\/2026\\\/02\\\/Kuglof-scaled.jpeg\",\"width\":2560,\"height\":1920},{\"@type\":\"BreadcrumbList\",\"@id\":\"https:\\\/\\\/sdf.hr\\\/hr\\\/nada\\\/kuglof-s-bundevom-i-sirom\\\/#breadcrumb\",\"itemListElement\":[{\"@type\":\"ListItem\",\"position\":1,\"name\":\"Po\u010detna stranica\",\"item\":\"https:\\\/\\\/sdf.hr\\\/hr\\\/\"},{\"@type\":\"ListItem\",\"position\":2,\"name\":\"Nada\",\"item\":\"https:\\\/\\\/sdf.hr\\\/nada\\\/\"},{\"@type\":\"ListItem\",\"position\":3,\"name\":\"Kuglof s bundevom i sirom\"}]},{\"@type\":\"WebSite\",\"@id\":\"https:\\\/\\\/sdf.hr\\\/#website\",\"url\":\"https:\\\/\\\/sdf.hr\\\/\",\"name\":\"SDF - Srpski demokratski forum\",\"description\":\"Srpski demokratski forum\",\"publisher\":{\"@id\":\"https:\\\/\\\/sdf.hr\\\/#organization\"},\"potentialAction\":[{\"@type\":\"SearchAction\",\"target\":{\"@type\":\"EntryPoint\",\"urlTemplate\":\"https:\\\/\\\/sdf.hr\\\/?s={search_term_string}\"},\"query-input\":{\"@type\":\"PropertyValueSpecification\",\"valueRequired\":true,\"valueName\":\"search_term_string\"}}],\"inLanguage\":\"hr\"},{\"@type\":\"Organization\",\"@id\":\"https:\\\/\\\/sdf.hr\\\/#organization\",\"name\":\"SDF - Srpski demokratski forum\",\"url\":\"https:\\\/\\\/sdf.hr\\\/\",\"logo\":{\"@type\":\"ImageObject\",\"inLanguage\":\"hr\",\"@id\":\"https:\\\/\\\/sdf.hr\\\/#\\\/schema\\\/logo\\\/image\\\/\",\"url\":\"https:\\\/\\\/sdf.hr\\\/wp-content\\\/uploads\\\/2021\\\/07\\\/logo-hr.svg\",\"contentUrl\":\"https:\\\/\\\/sdf.hr\\\/wp-content\\\/uploads\\\/2021\\\/07\\\/logo-hr.svg\",\"width\":271,\"height\":100,\"caption\":\"SDF - Srpski demokratski forum\"},\"image\":{\"@id\":\"https:\\\/\\\/sdf.hr\\\/#\\\/schema\\\/logo\\\/image\\\/\"}}]}<\/script>\n<!-- \/ Yoast SEO plugin. -->","yoast_head_json":{"title":"Kuglof s bundevom i sirom - SDF - Srpski demokratski forum","robots":{"index":"index","follow":"follow","max-snippet":"max-snippet:-1","max-image-preview":"max-image-preview:large","max-video-preview":"max-video-preview:-1"},"canonical":"https:\/\/sdf.hr\/hr\/nada\/kuglof-s-bundevom-i-sirom\/","og_locale":"hr_HR","og_type":"article","og_title":"Kuglof s bundevom i sirom - SDF - Srpski demokratski forum","og_description":"Od za\u010dina mo\u017eete koristiti ono \u0161to volite, a ja sam stavila mje\u0161avinu cimeta, \u0111umbira, mu\u0161katnog ora\u0161\u010di\u0107a i klin\u010di\u0107a. Po \u017eelji mo\u017eete dodati i \u017elicu ruma ili malo naran\u010dine korice i soka","og_url":"https:\/\/sdf.hr\/hr\/nada\/kuglof-s-bundevom-i-sirom\/","og_site_name":"SDF - Srpski demokratski forum","article_modified_time":"2026-02-21T06:43:18+00:00","og_image":[{"width":2560,"height":1920,"url":"https:\/\/sdf.hr\/wp-content\/uploads\/2026\/02\/Kuglof-scaled.jpeg","type":"image\/jpeg"}],"twitter_card":"summary_large_image","twitter_misc":{"Procijenjeno vrijeme \u010ditanja":"2 minute"},"schema":{"@context":"https:\/\/schema.org","@graph":[{"@type":"WebPage","@id":"https:\/\/sdf.hr\/hr\/nada\/kuglof-s-bundevom-i-sirom\/","url":"https:\/\/sdf.hr\/hr\/nada\/kuglof-s-bundevom-i-sirom\/","name":"Kuglof s bundevom i sirom - SDF - Srpski demokratski forum","isPartOf":{"@id":"https:\/\/sdf.hr\/#website"},"primaryImageOfPage":{"@id":"https:\/\/sdf.hr\/hr\/nada\/kuglof-s-bundevom-i-sirom\/#primaryimage"},"image":{"@id":"https:\/\/sdf.hr\/hr\/nada\/kuglof-s-bundevom-i-sirom\/#primaryimage"},"thumbnailUrl":"https:\/\/sdf.hr\/wp-content\/uploads\/2026\/02\/Kuglof-scaled.jpeg","datePublished":"2026-02-21T06:40:56+00:00","dateModified":"2026-02-21T06:43:18+00:00","breadcrumb":{"@id":"https:\/\/sdf.hr\/hr\/nada\/kuglof-s-bundevom-i-sirom\/#breadcrumb"},"inLanguage":"hr","potentialAction":[{"@type":"ReadAction","target":["https:\/\/sdf.hr\/hr\/nada\/kuglof-s-bundevom-i-sirom\/"]}]},{"@type":"ImageObject","inLanguage":"hr","@id":"https:\/\/sdf.hr\/hr\/nada\/kuglof-s-bundevom-i-sirom\/#primaryimage","url":"https:\/\/sdf.hr\/wp-content\/uploads\/2026\/02\/Kuglof-scaled.jpeg","contentUrl":"https:\/\/sdf.hr\/wp-content\/uploads\/2026\/02\/Kuglof-scaled.jpeg","width":2560,"height":1920},{"@type":"BreadcrumbList","@id":"https:\/\/sdf.hr\/hr\/nada\/kuglof-s-bundevom-i-sirom\/#breadcrumb","itemListElement":[{"@type":"ListItem","position":1,"name":"Po\u010detna stranica","item":"https:\/\/sdf.hr\/hr\/"},{"@type":"ListItem","position":2,"name":"Nada","item":"https:\/\/sdf.hr\/nada\/"},{"@type":"ListItem","position":3,"name":"Kuglof s bundevom i sirom"}]},{"@type":"WebSite","@id":"https:\/\/sdf.hr\/#website","url":"https:\/\/sdf.hr\/","name":"SDF - Srpski demokratski forum","description":"Srpski demokratski forum","publisher":{"@id":"https:\/\/sdf.hr\/#organization"},"potentialAction":[{"@type":"SearchAction","target":{"@type":"EntryPoint","urlTemplate":"https:\/\/sdf.hr\/?s={search_term_string}"},"query-input":{"@type":"PropertyValueSpecification","valueRequired":true,"valueName":"search_term_string"}}],"inLanguage":"hr"},{"@type":"Organization","@id":"https:\/\/sdf.hr\/#organization","name":"SDF - Srpski demokratski forum","url":"https:\/\/sdf.hr\/","logo":{"@type":"ImageObject","inLanguage":"hr","@id":"https:\/\/sdf.hr\/#\/schema\/logo\/image\/","url":"https:\/\/sdf.hr\/wp-content\/uploads\/2021\/07\/logo-hr.svg","contentUrl":"https:\/\/sdf.hr\/wp-content\/uploads\/2021\/07\/logo-hr.svg","width":271,"height":100,"caption":"SDF - Srpski demokratski forum"},"image":{"@id":"https:\/\/sdf.hr\/#\/schema\/logo\/image\/"}}]}},"_links":{"self":[{"href":"https:\/\/sdf.hr\/hr\/wp-json\/wp\/v2\/nada\/8114","targetHints":{"allow":["GET"]}}],"collection":[{"href":"https:\/\/sdf.hr\/hr\/wp-json\/wp\/v2\/nada"}],"about":[{"href":"https:\/\/sdf.hr\/hr\/wp-json\/wp\/v2\/types\/nada"}],"wp:featuredmedia":[{"embeddable":true,"href":"https:\/\/sdf.hr\/hr\/wp-json\/wp\/v2\/media\/8113"}],"wp:attachment":[{"href":"https:\/\/sdf.hr\/hr\/wp-json\/wp\/v2\/media?parent=8114"}],"wp:term":[{"taxonomy":"post_tag","embeddable":true,"href":"https:\/\/sdf.hr\/hr\/wp-json\/wp\/v2\/tags?post=8114"},{"taxonomy":"atribut","embeddable":true,"href":"https:\/\/sdf.hr\/hr\/wp-json\/wp\/v2\/atribut?post=8114"}],"curies":[{"name":"wp","href":"https:\/\/api.w.org\/{rel}","templated":true}]}}