{"id":812,"date":"2022-08-27T11:58:23","date_gmt":"2022-08-27T09:58:23","guid":{"rendered":"https:\/\/sdf.hr\/?post_type=nada&#038;p=812"},"modified":"2023-03-25T18:26:11","modified_gmt":"2023-03-25T17:26:11","slug":"danilo-serbedzija-drazen-i-lopta-moraju-biti-jedno","status":"publish","type":"nada","link":"https:\/\/sdf.hr\/hr\/nada\/danilo-serbedzija-drazen-i-lopta-moraju-biti-jedno\/","title":{"rendered":"Danilo \u0160erbed\u017eija: Dra\u017een i lopta moraju biti jedno"},"content":{"rendered":"<p>Naravno da se puno toga promijenilo, jer kina su nekad bila mjesta romanti\u010dnih izlazaka, a danas su postala \u0161oping centri. Nema tu romantike dok se provla\u010di\u0161 hodnicima izme\u0111u dva kata trgova\u010dkog centra i ulazi\u0161 u kino kojim se \u0161iri miris maslaca na kojem su se pekle kokice. Danas klinci idu u kino gdje \u0107e gledati ne\u0161to \u0161to \u0107e izabrati na licu mjesta. Kolika je onda \u0161ansa hrvatskog filma u usporedbi s nekakvim <em>blockbusterima<\/em> iz kojih iska\u010du kao iz pa\u0161tete razni batmani, spidermani i sli\u010dni? \u2013 naglas razmi\u0161lja filmski redatelj Danilo \u0160erbed\u017eija s kojim razgovaramo u eksterijeru ugostiteljske terase obasjane posljednjim zrakama miholjskog ljeta.<\/p>\n<p>Pa ipak, na\u0161 sugovornik, iza kojeg su filmovi &#8220;72 dana&#8221;, &#8220;Oslobo\u0111enje Skoplja&#8221; i najnoviji, lanjski &#8220;Tereza37&#8221;, vi\u0161estruko nagra\u0111en zlatnim pulskim arenama, nagra\u0111ivan sve vi\u0161e i u inozemstvu te kandidiran kao hrvatski film za ameri\u010dku nagradu &#8220;Oskar&#8221;, priprema novi ozbiljan filmski projekt. Ovaj put sportski, \u0161to nimalo ne \u010dudi kad \u010dujemo s kolikim \u017earom \u0160erbed\u017eija pri\u010da o ko\u0161arci i nogometu. Bit \u0107e to film o Dra\u017eenu Petrovi\u0107u. Zaintrigirao ga je scenarij Ivana Turkovi\u0107a Krnjaka, ali odmah odbacuje mogu\u0107nost da to bude jo\u0161 jedan sportski film kakav se mo\u017ee odgledati na televiziji obi\u010dno nedjeljom poslijepodne. Rije\u010d je o drami koja se bavi fenomenom jednog genija koji dolazi iz Europe i &#8220;grije&#8221; klupu ameri\u010dke mom\u010dadi. Premda se scenarij oslanja na ko\u0161arka\u0161ev \u017eivot, naglasak je na drami njegovog neigranja, toj vrsti za sporta\u0161a izrazito neugodne neizvjesnosti.<\/p>\n<h3>\u00a0Za mene je Dra\u017een najve\u0107i<\/h3>\n<p><strong>Pitanje svih pitanja glasi: tko bi trebao u filmu igrati Dra\u017eena?<\/strong><\/p>\n<p>Bavim se mi\u0161lju da to bude neki natur\u0161\u010dik koji je ujedno dobar ko\u0161arka\u0161 i ima smisla za glumu, prije nego da to bude profesionalni glumac kojeg \u0107emo u\u010diti ko\u0161arci. Jer takvog glumca koji igra jako dobro ko\u0161arku zasad ne poznajem, ali ako postoji neka mi se javi. Vjerujem da bih od pedeset ko\u0161arka\u0161a mogao na\u0107i nekog talentiranog za glumu. Radit \u0107u s njim ako treba i dvije godine samo da ga pripremim za snimanje. Ne \u017eelim u krupnim kadrovima i supertotalu vidjeti da glumac ne zna igrati ko\u0161arku. Dra\u017een i lopta moraju biti jedno, \u0161to mora biti o\u010dito u svakom njegovom pokretu. Tu nema kompromisa.<\/p>\n<p><strong>A za\u0161to ba\u0161 Dra\u017een? \u0160to je ono \u0161to vas je ipak najvi\u0161e privuklo njegovom liku?<\/strong><\/p>\n<p>Dra\u017een je bio i ostao moja prva ko\u0161arka\u0161ka ljubav. Recimo to ovak- u nogometu sam \u017eestoki hajdukovac, ali u ko\u0161arci sam cibona\u0161. Trenirao sam ko\u0161arku, i sad haklam dvaput tjedno. Sje\u0107am se velikih europskih utakmica u Domu sportova 1980-ih, koje sam gledao s pokojnom majkom, tako\u0111er velikom cibona\u0161icom. Za mene je Dra\u017een ipak najve\u0107i ikada, i tu sam subjektivan, naravno, ali za mene je on ve\u0107i \u010dak i od Michaela Jordana. Svidjela mi se njegova borbenost. Ne volim dosadne sporta\u0161e kakav je Ronaldo. Messi mi je tako\u0111er dosadan, a Maradona je bog. Zbog njega sam svojedobno bio u njegovoj ku\u0107i u Buenos Airesu. Odu\u0161evio sam se vidjev\u0161i koliko je ljudima u glavnom gradu Argentine Maradona iznad Messija. Dra\u017een je bio fakin. Imao je neku prgavost, vidjelo se da mu je stalo. Svi\u0111a mi se \u0161to je jedini vjerovao da mo\u017ee pobijediti Amerikance. Na parketu ne bi oprostio ni ro\u0111enom bratu. Bili smo na sastancima s njegovom obitelji i majkom Biserkom; u scenariju postoje neki elementi koji pokazuju i drugu stranu Dra\u017eena, ne nu\u017eno onu najbolju, ali ona je to prihvatila kao \u0161to se prihva\u0107a \u017eivot sa svojim dobrim i lo\u0161im stvarima. Nije imala prigovora na scenarij koji je pro\u010ditao i njezin ne\u0107ak, Acin sin, jer ne mo\u017ee\u0161 i\u0107i u ovakav projekt a da ti ga obitelj, u ovom slu\u010daju Dra\u017eenova, ne blagoslovi u neku ruku.<\/p>\n<p><strong>Na \u010demu po\u010diva scenarij?<\/strong><\/p>\n<p>Na razgovorima, dokumentima i \u2013 fikciji. Govorimo o igranom filmu, ta pri\u010da je fikcija, kao i ljubavna pri\u010da. Znamo kako je Dra\u017een \u017eivio i kako je umro, ali film ne\u0107e biti puka faktografija, \u010dak i, dakle, kad se radi o ne\u010dijem \u017eivotu. Volim kad se u snimanju ovakvih filmova, u kojima se radi o poznatim li\u010dnostima, napravi odmak od puke faktografije. U takvom slu\u010daju spreman sam na projektu raditi i du\u017ei niz godina.<\/p>\n<p><strong>Kako smo ve\u0107 dugo pod korona restrikcijama, koliko je zapravo zahtjevno raditi u ionako tana\u0161no financiranoj i specifi\u010dnoj doma\u0107oj filmskoj industriji?<\/strong><\/p>\n<p>Glupo mi je kukati, jer svi smo o\u0161te\u0107eni zbog korone. Ipak, film je doista specifi\u010dan posao. Na snimanju se okupi i sto ljudi, pa pod ovakvim okolnostima i mjerama sto\u017eera ispada gotovo nemogu\u0107e ili \u010dak duplo skuplje snimiti film. A kad ga snimi\u0161, kre\u0107e distribucija, pri \u010demu je opet ograni\u010den broj ljudi koji zbog mjera mogu u kina, a ljudi ih izbjegavaju i zbog straha od zaraze. To dodatno o\u0161te\u0107uje ionako ne pretjerano veliku gledanost na\u0161eg filma. Potom, kada do\u0111e festivalska promocija \u2013 i ona se otkazuje. Osam godina se mu\u010dim napraviti film, o\u010dito prema kritici dobar film &#8220;Tereza37&#8221;, koji je osvojio brojne nagrade, a pola festivala nam se otka\u017ee. Filmska industrija je svakako jedna od pogo\u0111enijih u ovoj korona krizi.<\/p>\n<h3>Dijete sam iz mije\u0161anog braka<\/h3>\n<p><strong>\u0160to vas je privuklo temi filma &#8220;Tereza37&#8221; za koji je scenarij napisala i glavnu ulogu tuma\u010dila Lana Bari\u0107; toj pri\u010di koja preispituje ulogu \u017eene u dru\u0161tvu, poti\u010de pitanje rodne ravnopravnosti u situaciji ustaljenih nametnutih pravila pona\u0161anja? Koliko vas je film koji ste re\u017eirali u tom smislu, da tako ka\u017eemo, rodno osvijestio?<\/strong><\/p>\n<p>Nadam se da jesam rodno osvije\u0161ten i volio bih da jesam, jer to je izuzeto bitno. Rade\u0107i film uz Lanu, zadnjih sam osam godina puno nau\u010dio. Najbitnije je poslu\u0161ati drugoga, poslu\u0161ati svoje kolegice \u2013 ako ti ka\u017eu da imaju problem i da ih ne\u0161to mu\u010di. I poku\u0161ati im pomo\u0107i, pa \u010dak ako se netko mo\u017eda i ne sla\u017ee s njima ili ne razumije o \u010demu govore. Apsolutno \u017eivimo u mu\u0161kom svijetu, cijela ljudska povijest je mu\u0161ka povijest. Civilizacijski smo predaleko oti\u0161li, a jo\u0161 uvijek nismo jednaki. To pokazuje i statistika: od pla\u0107a i rizika gubitka radnog mjesta za \u017eene u slu\u010daju njihove trudno\u0107e, do \u010du\u0111enja filmske ekipe kada im na set do\u0111u snimateljica ili redateljica, a ne mu\u0161ki kolege. Volim misliti da smo mi filma\u0161i osvije\u0161teni po tome pitanju, ali, eto, ima i tu problema. \u017divimo u nejednakom svijetu. Pogledajte samo koliko je puta \u017eena predsjedavala filmskim \u017eirijem velikih festivala od po\u010detka do danas \u2013 rije\u010d je o zanemarivom postotku \u017eena. To je pora\u017eavaju\u0107e. Ali to nije samo problem na\u0161eg dru\u0161tva, ve\u0107 je globalni problem.<\/p>\n<p><strong>Mo\u017ee li film pomo\u0107i ispraviti tu nepravdu?<\/strong><\/p>\n<p>Zato i radimo filmove da bismo kroz tu na\u0161u umjetnost progovorili o problemima koji nas ti\u0161te. Zato mi je bilo va\u017eno snimiti &#8220;Terezu37&#8221;, gdje sam se odu\u0161evio na prvo \u010ditanje scenarija: odli\u010dan pristup temi, \u017eivotni dijalozi&#8230; Nadam se da smo tim filmom otvorili nekome o\u010di.<\/p>\n<p><strong>\u010cini se da u ovom nestalnom svijetu film vi\u0161e nego ikad preispituje dru\u0161tvene nepravde i mikrodrame pojedinaca, \u0161to izgleda kao ispunjavanje potpune svrhe filmskog medija. \u0160to ka\u017eete o tome i kakvi su va\u0161i osobni uzori?<\/strong><\/p>\n<p>Prevladavaju male, rekao bih privatne teme, sudbine i pri\u010de, analize karaktera. Pa i &#8220;Tereza37&#8221; se bavi studijom jednog \u017eenskog lika. Volim takve filmove, a ne velike spektakle. Ruski redatelj Andrej Zvjagincev radi \u010dudesne filmove, odli\u010dna je i skandinavska filmografija, odu\u0161evio me njema\u010dki film &#8220;Toni Erdmann&#8221;. Te\u0161ko je pri\u010dati o redateljskim uzorima, bolje o samim filmovima: s ovih prostora izdvojio bih ipak \u017divojina Pavlovi\u0107a i njegov &#8220;Kad budem mrtav i beo&#8221;, kao i &#8220;Doga\u0111aj&#8221; Vatroslava Mimice, redatelja s kojim sam se bio prili\u010dno zbli\u017eio. I moj ukus se s vremenom promijenio, prvo sam obo\u017eavao crne komedije, pa sam napravio film &#8220;72 dana&#8221;. Danas mi vi\u0161e odgovaraju druga\u010diji filmovi i \u017eanrovi poput spomenute &#8220;Tereze37&#8221;. Rekao bih da mi je i poljski redatelj Krzysztof Kie\u015blowski jedan od uzora, posebno emocija koju imaju njegovi filmovi. Interesantno je da smo Lana Bari\u0107 i ja prilikom posjete Var\u0161avi oti\u0161li potra\u017eiti njegov grob. No nismo ga mogli prona\u0107i. Tada smo se slu\u010dajno zaustavili pokraj groba kod kojeg je jedna starica pripremala svje\u017ee cvije\u0107e. Pogledamo, pi\u0161e Kie\u015blowski. Ispostavilo se da je ta \u017eena njegova sestra i da mu je taj dan bio ro\u0111endan. Tada smo jo\u0161 razvijali scenarij, a Lana mi je rekla: &#8220;Prika, nije to sve slu\u010dajno, snimit \u0107emo mi taj film.&#8221;<\/p>\n<figure id=\"attachment_3115\" aria-describedby=\"caption-attachment-3115\" style=\"width: 2560px\" class=\"wp-caption alignnone\"><img loading=\"lazy\" decoding=\"async\" class=\"wp-image-3115 size-full\" src=\"https:\/\/sdf.hr\/wp-content\/uploads\/2022\/08\/Danilo2-scaled.jpg\" alt=\"\" width=\"2560\" height=\"1707\" srcset=\"https:\/\/sdf.hr\/wp-content\/uploads\/2022\/08\/Danilo2-scaled.jpg 2560w, https:\/\/sdf.hr\/wp-content\/uploads\/2022\/08\/Danilo2-300x200.jpg 300w, https:\/\/sdf.hr\/wp-content\/uploads\/2022\/08\/Danilo2-1024x683.jpg 1024w, https:\/\/sdf.hr\/wp-content\/uploads\/2022\/08\/Danilo2-768x512.jpg 768w, https:\/\/sdf.hr\/wp-content\/uploads\/2022\/08\/Danilo2-1536x1024.jpg 1536w, https:\/\/sdf.hr\/wp-content\/uploads\/2022\/08\/Danilo2-2048x1366.jpg 2048w\" sizes=\"auto, (max-width: 2560px) 100vw, 2560px\" \/><figcaption id=\"caption-attachment-3115\" class=\"wp-caption-text\">Foto: Sanjin Struki\u0107\/PIXSELL<\/figcaption><\/figure>\n<p><strong>U jednom intervju kazali ste da su za vas bitna osnovna ljudska prava, a dnevna politika je neva\u017ena. Protivim se, da vas citiram, svim vrstama ekstremizma, pogotovo kad zadiru u ljudska prava?<\/strong><\/p>\n<p>Ne pratim politiku, rijetko kad pogledam dnevnik. Ku\u0107ni sam tip, imam djecu, rijetko izlazim. Umara me dnevna, i na\u0161a i svjetska politika. Va\u017eno mi je samo da bude \u0161to manje nacionalizma i ekstremizma i da mogu slobodno disati. Da se ne ograni\u010davaju ni prava \u017eena, ni manjina, ni LGBTIQ prava. A to je i dalje problem, mada ide nabolje. Sjetite se prvog prajda i pogledajte danas, razlika je kao nebo i zemlja.<\/p>\n<p><strong>Pa ipak, vidjeli smo nedavno na primjeru i\u0161aranih i prijete\u0107ih natpisa na plakatima za kampanju &#8220;Budi e-Srbin&#8221;, postavljenima ususret aktualnom popisu stanovni\u0161tva, da postoje i dalje sitni mali ograni\u010davaju\u0107i nacionalizmi koji optere\u0107uju ovo dru\u0161tvo?<\/strong><\/p>\n<p>Onaj dan u kojem se nitko ne\u0107e osvrnuti na spomenute i sli\u010dne plakate, a koji ne\u0107e proizvesti taj tip \u0161oka, mo\u0107i \u0107emo re\u0107i da \u017eivimo u normalnom dru\u0161tvu. Sav taj na\u0161 nacionalizam i ekstremizam i dalje ple\u0161e uz melodiju devedesetih.<\/p>\n<p><strong>Da, postoje oni koji su bili jako bu\u010dni tih devedesetih, a danas se posve druga\u010dije pona\u0161aju, kako ste jednom tako\u0111er izjavili. Imaju li ti ljudi danas svijest o tome \u0161to su nekad bili? Kakve vi osobne uspomene nosite iz tog vremena?<\/strong><\/p>\n<p>Kod nekih, pa \u010dak i najgorih zlikovca, ima ne\u0161to potisnuto u njihovoj svijesti, kao &#8220;Nisam ja ni\u0161ta lo\u0161e napravio&#8221; ili &#8220;To je divan obiteljski \u010dovjek&#8221;. Ljudi jako vole zaboraviti na svoje gre\u0161ke i grijehe. Ljudski je grije\u0161iti, ne oprimjerujem ovdje grijehe najgorih zlo\u010dinaca, ali se treba znati i ispri\u010dati, kao \u0161to treba znati i oprostiti. Poku\u0161avam sve vi\u0161e pra\u0161tati jer, iako je to \u010desto te\u0161ko, valja se o\u010distiti od takve negativne energije. Tih 1990-ih lupali su mi po vratima, vikali da \u0107e nas klati. Dijete sam iz mje\u0161ovitog braka, Zagrep\u010danin koji jako voli svoj grad i svoju zemlju. Ne stane moj identitet u nacionalne ladice. Prije bih se prepoznao u toponimima Kegli\u0107a, Zagreba, Silbe, imenima mjesta gdje sam najvi\u0161e vremena proveo. Kao mlad sam se inatio, prkosio. Krajem 1980-ih za slu\u017eenja vojnog roka u Mariboru izjasnio sam se kao Hrvat. Poru\u010dnik je urlao na mene s pitanjem kako ja \u0160erbed\u017eija mogu biti Hrvat. &#8220;U \u010demu je problem&#8221;, odgovorio sam, &#8220;majka mi je Hrvatica, otac Srbin iz Hrvatske, a ro\u0111en sam u Zagrebu.&#8221; Za vrijeme popisa stanovni\u0161tva 1991. u op\u0107ini sam se oko pitanja nacionalnosti izjasnio neopredijeljenim. No onda su mi zabranili takvo izja\u0161njavanje, pa sam kazao da napi\u0161u &#8220;Eskim&#8221;. Tada je \u010dovjek \u010dak podviknuo u smislu da ga ne zezam, da su ratna vremena, pa sam kaza- u redu pi\u0161i onda &#8220;Srbin&#8221;. Iako se tako ne osje\u0107am, ali iz inata. Ne mislim da ima ne\u0161to lo\u0161e u tome da je netko ponosan Hrvat ili Srbin, ali ho\u0107u re\u0107i da sam kao dijete iz mije\u0161anog braka i danas osobno li\u0161en takvog osje\u0107aja pripadnosti.<\/p>\n<h3>\u00a0Gitare su moja velika ljubav<\/h3>\n<p><strong>Kako je bilo odrastati uz poznatog oca Radu, velikog glumca i po\u010detkom devedesetih \u010dovjeka koji se zalagao za mir? \u010cemu vas je otac podu\u010dio i koliko su va\u0161 \u017eivot i vrijednosti oblikovale zgode i nezgode svih onih koji su prijateljevali s Radom, sve te pri\u010de koje ste usput pokupili iz tih dru\u017eenja?<\/strong><\/p>\n<p>Podu\u010dio me upravo pra\u0161tanju i blagosti. Jer vu\u0107i sa sobom neku gor\u010dinu cijeli \u017eivot, za\u0161to da u sebi nosim problem onoga tko je ne\u0161to skrivio? Na kraju svi \u0107emo se jednom na\u0107i kao osamdesetogodi\u0161njaci u nekom svom sobi\u010dku, onemo\u0107ali s mislima koliko smo vremena izgubili inate\u0107i se i ljute\u0107i na neku osobu. Ne \u017eelim jednoga dana misliti o svemu \u0161to sam propustio zbog tvrdoglavosti ili svog ponosa. Sje\u0107am se raznih ljudi iz djetinjstva, poput pokojnog redatelja \u017dike Pavlovi\u0107a, koji je imao vikendicu na Zlatiboru i s \u010dijom sam se djecom dru\u017eio ondje. Sje\u0107am se Splita gdje je otac snimao i radio, i Tome Bebi\u0107a koji se s njim dru\u017eio i koji me je pla\u0161io zazivaju\u0107i svojim hrapavim glasom moje ime. Odrastao sam osje\u0107aju\u0107i blizinu gluma\u010dkih veli\u010dina poput Ivice Vidovi\u0107a i Mustafe Nadarevi\u0107a. Mo\u017eda je jedan od najve\u0107ih razloga da nikad u Zagrebu nisam poku\u0161ao upisati Akademiju i taj \u0161to su ljudi koji su sjedili u komisiji bili na\u0161i ku\u0107ni prijatelji. Onda sam oti\u0161ao u Ameriku na postdiplomski studij re\u017eije kod Rajka Grli\u0107a, koji je na neki na\u010din moj filmski otac. Ali osobno se dr\u017eim izuzetno mudrog savjeta koji je veliki Miroslav Krle\u017ea dao Radetu: zaboravi svaku nagradu \u0161to prije. Sva ta iskustva oblikovala su me definitivno kao osobu.<\/p>\n<p><strong>Trenutno ste umjetni\u010dki savjetnik za igrani film u HAVC-u. Kakvim vam se \u010dini recentni doma\u0107i film, kojem se \u010desto prigovaralo da mu manjka dobrih scenarija i pri\u010da?<\/strong><\/p>\n<p>Ima i dobrih pri\u010da i dobrih scenarija. Problem su mali bud\u017eeti, nije isto snimati film 50 ili upola manje dana. Ve\u0107inom samo osu\u0111eni na tridesetak dana snimanja \u0161to je opet malo; osu\u0111eni smo na puno kompromisa, na\u0161i scenaristi \u010desto rade mnogo drugih stvari da bi pre\u017eivjeli, dok vani oni dobivaju redovnu pla\u0107u za vrijeme razvijanja tog jednog filma. Tako da, s obzirom na to koliko filmova snimamo i na financije koje to prate, mo\u017eemo biti ponosni. S obzirom na raspolo\u017eiv novac mo\u017eemo tek oko tri filma odabrati, a svojom kvalitetom to zaslu\u017euje jo\u0161 bar drugih \u0161est scenarija. Tako\u0111er, u svijetu i Europi je najnormalnije da autor filma na osnovu autorskih prava prima tantijeme, kako bi imao slobodu stvaranja ili pisanja, a ne bio optere\u0107en time kako pre\u017eivjeti idu\u0107i dan. Ne radi se tu ni o kakvom nametu kako bi neki \u017eeljeli prikazati. Ipak, naravno da uvijek mo\u017ee i mora bolje. Upravo je nagra\u0111ena i kolegica Sonja Taroki\u0107, tu je i Hana Ju\u0161i\u0107, iako \u010dekamo na njihov drugi po redu film. Dva snimljena ima jedino Snje\u017eana Tribuson. Zrinka Matijevi\u0107 je snimila drugi film, ali jo\u0161 nije iza\u0161ao. Imamo i drugih divnih kolega redatelja: Zvonimira Juri\u0107a, Antonija Nui\u0107a, Ognjena Svili\u010di\u0107a, Neboj\u0161u Slijep\u010devi\u0107a, Zrinka Ogrestu i Vinka Bre\u0161ana, \u010dekamo s nestrpljenjem prvi dugometra\u017eni igrani film Juraja Leroti\u0107a, tu je i Igor Bezinovi\u0107, ne bih volio nekoga izostaviti.<\/p>\n<p><strong>Ka\u017eete mi da morate &#8220;pokupiti&#8221; va\u0161eg srednjeg sina iz vrti\u0107a. A va\u0161e najmla\u0111e dijete proslavilo je prvi mjesec \u017eivota. Kako je to postati po tre\u0107i put otac u pedesetima?<\/strong><\/p>\n<p>Divno. I moj je \u0107a\u0107a s 50 godina poput mene dobio najmla\u0111u k\u0107er, pa za\u0161to bih ja bio izuzetak sa svojom Kalom. Moji kolege koji nemalo prolaze krizu srednjih godina kupuju Harley Davidsona dok ja kupujem Peg Perego dje\u010dja kolica.<\/p>\n<p><strong>Ima neka \u010darolije u tome, svakako. A kako se razvija va\u0161a glazbena karijera s bendom Greaseballs?<\/strong><\/p>\n<p>To je moja najve\u0107a ljubav. Obo\u017eavam film i re\u017eiju, ali ni\u0161ta se ne mo\u017ee usporediti s osje\u0107ajem kad stoji\u0161 na bini sa svojim prijateljima i svira\u0161. Zauvijek sam izgubio osje\u0107aj treme nakon \u0161to sam s Radetom i Vanessom Redgrave devedeset i neke nastupio na jednom humanitarnom koncertu \u0161to ga je Vanessa organizirala za Sarajevo na prepunom stadionu San Paolo u Napulju. Bilo je to na poluvremenu dok su igrali talijanski pjeva\u010di protiv talijanskih sporta\u0161a. Iako sam i \u010dlan benda Luni Megumi, koji ne svira u zadnje vrijeme, moja glazbena karijera najvi\u0161e je vezana uz bend Greaseballs koji postoji od 1987. godine. Imat \u0107emo idu\u0107i mjesec koncert u zagreba\u010dkom klubu Bikers. Gitare su moja velika ljubav, imam ih petnaestak ukupno, pogotovo telecasteri i gretsch gitare. Mi smo jo\u0161 1989. snimili za Jugoton prvi album, ali onda smo svi oti\u0161li u vojsku. Na\u0161a je glazba, kako znate, ne\u0161to druga\u010dija, varira izme\u0111u rokenrola i rokabilija, \u010dak s primjesama punka, pa tako mogu re\u0107i i da smo, kao malotko, svojedobno imali desetak samostalnih koncerata u zagreba\u010dkom Kulu\u0161i\u0107u. Proputovali smo cijelu biv\u0161u dr\u017eavu, dvaput sudjelovali na gitarijadi u Subotici. Bilo smo veliko demo ime krajem 1980-ih, \u0161to je bila velika stvar jer je tada\u0161nja demo scena bila izuzetno jaka. A trebali bi uskoro snimiti i na\u0161 drugi album.<\/p>\n<p><em>razgovarao Dragan Grozdani\u0107<\/em><\/p>\n","protected":false},"excerpt":{"rendered":"<p>Takvog glumca koji igra jako dobro ko\u0161arku zasad ne poznajem, ali ako postoji neka mi se javi. Vjerujem da bih od pedeset ko\u0161arka\u0161a mogao na\u0107i nekog talentiranog za glumu. Na filmu o Dra\u017eenu spreman sam raditi godinama<\/p>\n","protected":false},"featured_media":3113,"template":"","tags":[29],"atribut":[],"class_list":["post-812","nada","type-nada","status-publish","has-post-thumbnail","hentry","tag-intervju"],"acf":[],"yoast_head":"<!-- This site is optimized with the Yoast SEO plugin v27.4 - https:\/\/yoast.com\/product\/yoast-seo-wordpress\/ -->\n<title>Danilo \u0160erbed\u017eija: Dra\u017een i lopta moraju biti jedno - SDF - Srpski demokratski forum<\/title>\n<meta name=\"robots\" content=\"index, follow, max-snippet:-1, max-image-preview:large, max-video-preview:-1\" \/>\n<link rel=\"canonical\" href=\"https:\/\/sdf.hr\/hr\/nada\/danilo-serbedzija-drazen-i-lopta-moraju-biti-jedno\/\" \/>\n<meta property=\"og:locale\" content=\"hr_HR\" \/>\n<meta property=\"og:type\" content=\"article\" \/>\n<meta property=\"og:title\" content=\"Danilo \u0160erbed\u017eija: Dra\u017een i lopta moraju biti jedno - SDF - Srpski demokratski forum\" \/>\n<meta property=\"og:description\" content=\"Takvog glumca koji igra jako dobro ko\u0161arku zasad ne poznajem, ali ako postoji neka mi se javi. Vjerujem da bih od pedeset ko\u0161arka\u0161a mogao na\u0107i nekog talentiranog za glumu. Na filmu o Dra\u017eenu spreman sam raditi godinama\" \/>\n<meta property=\"og:url\" content=\"https:\/\/sdf.hr\/hr\/nada\/danilo-serbedzija-drazen-i-lopta-moraju-biti-jedno\/\" \/>\n<meta property=\"og:site_name\" content=\"SDF - Srpski demokratski forum\" \/>\n<meta property=\"article:modified_time\" content=\"2023-03-25T17:26:11+00:00\" \/>\n<meta property=\"og:image\" content=\"https:\/\/sdf.hr\/wp-content\/uploads\/2022\/08\/Danilo1-scaled.jpg\" \/>\n\t<meta property=\"og:image:width\" content=\"2560\" \/>\n\t<meta property=\"og:image:height\" content=\"1718\" \/>\n\t<meta property=\"og:image:type\" content=\"image\/jpeg\" \/>\n<meta name=\"twitter:card\" content=\"summary_large_image\" \/>\n<meta name=\"twitter:label1\" content=\"Procijenjeno vrijeme \u010ditanja\" \/>\n\t<meta name=\"twitter:data1\" content=\"15 minuta\" \/>\n<script type=\"application\/ld+json\" class=\"yoast-schema-graph\">{\"@context\":\"https:\\\/\\\/schema.org\",\"@graph\":[{\"@type\":\"WebPage\",\"@id\":\"https:\\\/\\\/sdf.hr\\\/hr\\\/nada\\\/danilo-serbedzija-drazen-i-lopta-moraju-biti-jedno\\\/\",\"url\":\"https:\\\/\\\/sdf.hr\\\/hr\\\/nada\\\/danilo-serbedzija-drazen-i-lopta-moraju-biti-jedno\\\/\",\"name\":\"Danilo \u0160erbed\u017eija: Dra\u017een i lopta moraju biti jedno - SDF - Srpski demokratski forum\",\"isPartOf\":{\"@id\":\"https:\\\/\\\/sdf.hr\\\/#website\"},\"primaryImageOfPage\":{\"@id\":\"https:\\\/\\\/sdf.hr\\\/hr\\\/nada\\\/danilo-serbedzija-drazen-i-lopta-moraju-biti-jedno\\\/#primaryimage\"},\"image\":{\"@id\":\"https:\\\/\\\/sdf.hr\\\/hr\\\/nada\\\/danilo-serbedzija-drazen-i-lopta-moraju-biti-jedno\\\/#primaryimage\"},\"thumbnailUrl\":\"https:\\\/\\\/sdf.hr\\\/wp-content\\\/uploads\\\/2022\\\/08\\\/Danilo1-scaled.jpg\",\"datePublished\":\"2022-08-27T09:58:23+00:00\",\"dateModified\":\"2023-03-25T17:26:11+00:00\",\"breadcrumb\":{\"@id\":\"https:\\\/\\\/sdf.hr\\\/hr\\\/nada\\\/danilo-serbedzija-drazen-i-lopta-moraju-biti-jedno\\\/#breadcrumb\"},\"inLanguage\":\"hr\",\"potentialAction\":[{\"@type\":\"ReadAction\",\"target\":[\"https:\\\/\\\/sdf.hr\\\/hr\\\/nada\\\/danilo-serbedzija-drazen-i-lopta-moraju-biti-jedno\\\/\"]}]},{\"@type\":\"ImageObject\",\"inLanguage\":\"hr\",\"@id\":\"https:\\\/\\\/sdf.hr\\\/hr\\\/nada\\\/danilo-serbedzija-drazen-i-lopta-moraju-biti-jedno\\\/#primaryimage\",\"url\":\"https:\\\/\\\/sdf.hr\\\/wp-content\\\/uploads\\\/2022\\\/08\\\/Danilo1-scaled.jpg\",\"contentUrl\":\"https:\\\/\\\/sdf.hr\\\/wp-content\\\/uploads\\\/2022\\\/08\\\/Danilo1-scaled.jpg\",\"width\":2560,\"height\":1718,\"caption\":\"Foto: Sanjin Struki\u0107\\\/PIXSELL\"},{\"@type\":\"BreadcrumbList\",\"@id\":\"https:\\\/\\\/sdf.hr\\\/hr\\\/nada\\\/danilo-serbedzija-drazen-i-lopta-moraju-biti-jedno\\\/#breadcrumb\",\"itemListElement\":[{\"@type\":\"ListItem\",\"position\":1,\"name\":\"Po\u010detna stranica\",\"item\":\"https:\\\/\\\/sdf.hr\\\/hr\\\/\"},{\"@type\":\"ListItem\",\"position\":2,\"name\":\"Nada\",\"item\":\"https:\\\/\\\/sdf.hr\\\/nada\\\/\"},{\"@type\":\"ListItem\",\"position\":3,\"name\":\"Danilo \u0160erbed\u017eija: Dra\u017een i lopta moraju biti jedno\"}]},{\"@type\":\"WebSite\",\"@id\":\"https:\\\/\\\/sdf.hr\\\/#website\",\"url\":\"https:\\\/\\\/sdf.hr\\\/\",\"name\":\"SDF - Srpski demokratski forum\",\"description\":\"Srpski demokratski forum\",\"publisher\":{\"@id\":\"https:\\\/\\\/sdf.hr\\\/#organization\"},\"potentialAction\":[{\"@type\":\"SearchAction\",\"target\":{\"@type\":\"EntryPoint\",\"urlTemplate\":\"https:\\\/\\\/sdf.hr\\\/?s={search_term_string}\"},\"query-input\":{\"@type\":\"PropertyValueSpecification\",\"valueRequired\":true,\"valueName\":\"search_term_string\"}}],\"inLanguage\":\"hr\"},{\"@type\":\"Organization\",\"@id\":\"https:\\\/\\\/sdf.hr\\\/#organization\",\"name\":\"SDF - Srpski demokratski forum\",\"url\":\"https:\\\/\\\/sdf.hr\\\/\",\"logo\":{\"@type\":\"ImageObject\",\"inLanguage\":\"hr\",\"@id\":\"https:\\\/\\\/sdf.hr\\\/#\\\/schema\\\/logo\\\/image\\\/\",\"url\":\"https:\\\/\\\/sdf.hr\\\/wp-content\\\/uploads\\\/2021\\\/07\\\/logo-hr.svg\",\"contentUrl\":\"https:\\\/\\\/sdf.hr\\\/wp-content\\\/uploads\\\/2021\\\/07\\\/logo-hr.svg\",\"width\":271,\"height\":100,\"caption\":\"SDF - Srpski demokratski forum\"},\"image\":{\"@id\":\"https:\\\/\\\/sdf.hr\\\/#\\\/schema\\\/logo\\\/image\\\/\"}}]}<\/script>\n<!-- \/ Yoast SEO plugin. -->","yoast_head_json":{"title":"Danilo \u0160erbed\u017eija: Dra\u017een i lopta moraju biti jedno - SDF - Srpski demokratski forum","robots":{"index":"index","follow":"follow","max-snippet":"max-snippet:-1","max-image-preview":"max-image-preview:large","max-video-preview":"max-video-preview:-1"},"canonical":"https:\/\/sdf.hr\/hr\/nada\/danilo-serbedzija-drazen-i-lopta-moraju-biti-jedno\/","og_locale":"hr_HR","og_type":"article","og_title":"Danilo \u0160erbed\u017eija: Dra\u017een i lopta moraju biti jedno - SDF - Srpski demokratski forum","og_description":"Takvog glumca koji igra jako dobro ko\u0161arku zasad ne poznajem, ali ako postoji neka mi se javi. Vjerujem da bih od pedeset ko\u0161arka\u0161a mogao na\u0107i nekog talentiranog za glumu. Na filmu o Dra\u017eenu spreman sam raditi godinama","og_url":"https:\/\/sdf.hr\/hr\/nada\/danilo-serbedzija-drazen-i-lopta-moraju-biti-jedno\/","og_site_name":"SDF - Srpski demokratski forum","article_modified_time":"2023-03-25T17:26:11+00:00","og_image":[{"width":2560,"height":1718,"url":"https:\/\/sdf.hr\/wp-content\/uploads\/2022\/08\/Danilo1-scaled.jpg","type":"image\/jpeg"}],"twitter_card":"summary_large_image","twitter_misc":{"Procijenjeno vrijeme \u010ditanja":"15 minuta"},"schema":{"@context":"https:\/\/schema.org","@graph":[{"@type":"WebPage","@id":"https:\/\/sdf.hr\/hr\/nada\/danilo-serbedzija-drazen-i-lopta-moraju-biti-jedno\/","url":"https:\/\/sdf.hr\/hr\/nada\/danilo-serbedzija-drazen-i-lopta-moraju-biti-jedno\/","name":"Danilo \u0160erbed\u017eija: Dra\u017een i lopta moraju biti jedno - SDF - Srpski demokratski forum","isPartOf":{"@id":"https:\/\/sdf.hr\/#website"},"primaryImageOfPage":{"@id":"https:\/\/sdf.hr\/hr\/nada\/danilo-serbedzija-drazen-i-lopta-moraju-biti-jedno\/#primaryimage"},"image":{"@id":"https:\/\/sdf.hr\/hr\/nada\/danilo-serbedzija-drazen-i-lopta-moraju-biti-jedno\/#primaryimage"},"thumbnailUrl":"https:\/\/sdf.hr\/wp-content\/uploads\/2022\/08\/Danilo1-scaled.jpg","datePublished":"2022-08-27T09:58:23+00:00","dateModified":"2023-03-25T17:26:11+00:00","breadcrumb":{"@id":"https:\/\/sdf.hr\/hr\/nada\/danilo-serbedzija-drazen-i-lopta-moraju-biti-jedno\/#breadcrumb"},"inLanguage":"hr","potentialAction":[{"@type":"ReadAction","target":["https:\/\/sdf.hr\/hr\/nada\/danilo-serbedzija-drazen-i-lopta-moraju-biti-jedno\/"]}]},{"@type":"ImageObject","inLanguage":"hr","@id":"https:\/\/sdf.hr\/hr\/nada\/danilo-serbedzija-drazen-i-lopta-moraju-biti-jedno\/#primaryimage","url":"https:\/\/sdf.hr\/wp-content\/uploads\/2022\/08\/Danilo1-scaled.jpg","contentUrl":"https:\/\/sdf.hr\/wp-content\/uploads\/2022\/08\/Danilo1-scaled.jpg","width":2560,"height":1718,"caption":"Foto: Sanjin Struki\u0107\/PIXSELL"},{"@type":"BreadcrumbList","@id":"https:\/\/sdf.hr\/hr\/nada\/danilo-serbedzija-drazen-i-lopta-moraju-biti-jedno\/#breadcrumb","itemListElement":[{"@type":"ListItem","position":1,"name":"Po\u010detna stranica","item":"https:\/\/sdf.hr\/hr\/"},{"@type":"ListItem","position":2,"name":"Nada","item":"https:\/\/sdf.hr\/nada\/"},{"@type":"ListItem","position":3,"name":"Danilo \u0160erbed\u017eija: Dra\u017een i lopta moraju biti jedno"}]},{"@type":"WebSite","@id":"https:\/\/sdf.hr\/#website","url":"https:\/\/sdf.hr\/","name":"SDF - Srpski demokratski forum","description":"Srpski demokratski forum","publisher":{"@id":"https:\/\/sdf.hr\/#organization"},"potentialAction":[{"@type":"SearchAction","target":{"@type":"EntryPoint","urlTemplate":"https:\/\/sdf.hr\/?s={search_term_string}"},"query-input":{"@type":"PropertyValueSpecification","valueRequired":true,"valueName":"search_term_string"}}],"inLanguage":"hr"},{"@type":"Organization","@id":"https:\/\/sdf.hr\/#organization","name":"SDF - Srpski demokratski forum","url":"https:\/\/sdf.hr\/","logo":{"@type":"ImageObject","inLanguage":"hr","@id":"https:\/\/sdf.hr\/#\/schema\/logo\/image\/","url":"https:\/\/sdf.hr\/wp-content\/uploads\/2021\/07\/logo-hr.svg","contentUrl":"https:\/\/sdf.hr\/wp-content\/uploads\/2021\/07\/logo-hr.svg","width":271,"height":100,"caption":"SDF - Srpski demokratski forum"},"image":{"@id":"https:\/\/sdf.hr\/#\/schema\/logo\/image\/"}}]}},"_links":{"self":[{"href":"https:\/\/sdf.hr\/hr\/wp-json\/wp\/v2\/nada\/812","targetHints":{"allow":["GET"]}}],"collection":[{"href":"https:\/\/sdf.hr\/hr\/wp-json\/wp\/v2\/nada"}],"about":[{"href":"https:\/\/sdf.hr\/hr\/wp-json\/wp\/v2\/types\/nada"}],"wp:featuredmedia":[{"embeddable":true,"href":"https:\/\/sdf.hr\/hr\/wp-json\/wp\/v2\/media\/3113"}],"wp:attachment":[{"href":"https:\/\/sdf.hr\/hr\/wp-json\/wp\/v2\/media?parent=812"}],"wp:term":[{"taxonomy":"post_tag","embeddable":true,"href":"https:\/\/sdf.hr\/hr\/wp-json\/wp\/v2\/tags?post=812"},{"taxonomy":"atribut","embeddable":true,"href":"https:\/\/sdf.hr\/hr\/wp-json\/wp\/v2\/atribut?post=812"}],"curies":[{"name":"wp","href":"https:\/\/api.w.org\/{rel}","templated":true}]}}