{"id":8171,"date":"2026-03-01T08:21:12","date_gmt":"2026-03-01T07:21:12","guid":{"rendered":"https:\/\/sdf.hr\/nada\/darija-vucko-zene-pronalaze-nadu-i-kada-svet-deluje-haoticno\/"},"modified":"2026-03-15T09:46:35","modified_gmt":"2026-03-15T08:46:35","slug":"darija-vucko-zene-pronalaze-nadu-i-kada-svet-deluje-haoticno","status":"publish","type":"nada","link":"https:\/\/sdf.hr\/hr\/nada\/darija-vucko-zene-pronalaze-nadu-i-kada-svet-deluje-haoticno\/","title":{"rendered":"Darija Vu\u010dko: \u017dene pronalaze nadu i kada svet deluje haoti\u010dno"},"content":{"rendered":"<p>&#8220;Divan predlog, kao i tema o kojoj jo\u0161 uvek nisam govorila\u2026 Zainteresovana sam&#8221;, bila je prva Instagram poruka koju mi je <strong>Darija Vu\u010dko<\/strong> poslala kada smo po\u010dele da dogovaramo na\u0161 susret. Mo\u017eda mi je bilo lak\u0161e da uspostavim digitalni kontakt s njom nego da se pripremim za susret u\u017eivo, jer Darija poseduje onu retku harizmu koja ispuni prostor \u010dim se u njemu pojavi. A van mog li\u010dnog kruga, osvojila je i publiku pred malim ekranima u seriji &#8220;Tvr\u0111ava&#8221;, u kojoj se pojavljuje u ulozi Darije Tolj.<\/p>\n<p>&#8220;Tvr\u0111ava&#8221; je igrana serija \u010dija je radnja sme\u0161tena na prostoru Dalmacije, odnosno Knina, u turbulentne devedesete godine. Kroz intimnu ljubavnu pri\u010du prati sudbine obi\u010dnih ljudi rastrzanih ratom i li\u010dnim izborima. Na\u0161a sagovornica glavnu ulogu u &#8220;Tvr\u0111avi&#8221; deli sa svojim gluma\u010dkim partnerom <strong>Ognjenom Mi\u0107ovi\u0107em<\/strong>, kojeg poznaje dugi niz godina.<\/p>\n<p>Darija Vu\u010dko ro\u0111ena je 1999. godine. Prve gluma\u010dke korake napravila je u \u0161koli glume &#8220;Prvi koraci&#8221;, dok je formalno obrazovanje nastavila na Akademiji umetnosti u Novom Sadu, gde je diplomirala glumu u klasi <strong>Jasne \u0110uri\u010di\u0107<\/strong>. Paralelno sa glumom zavr\u0161ila je i ni\u017eu muzi\u010dku \u0161kolu. Svoje prvo veliko profesionalno iskustvo pred kamerama ostvarila je upravo u seriji &#8220;Tvr\u0111ava&#8221;.<\/p>\n<p><strong>Kako je va\u0161e odrastanje i porodi\u010dno okru\u017eenje oblikovalo put ka umetnosti?<\/strong><\/p>\n<p>Ro\u0111ena sam u Beogradu, ali sam poreklom iz Dalmacije sa tatine strane \u2013 moji su iz Slivna, pa su se spustili bli\u017ee moru, u Makarsku, gde i danas \u017eivi moj tata. Ovde sam odrasla, i\u0161la u Osnovnu \u0161kolu &#8220;Josif Pan\u010di\u0107&#8221;, \u0161to mi je posebno milo jer su tamo i\u0161le i moja mama i baka, a prabaka je \u010dak predavala u toj \u0161koli. Kao da postoji neka porodi\u010dna linija koja me ve\u017ee za to mesto.<\/p>\n<p>I\u0161la sam u muzi\u010dku \u0161kolu, svirala violinu, bila u baletu, kasnije u srednjoj imala dramski smer, dramaturgiju, re\u017eiju, produkciju\u2026 Ali mislim da je najva\u017enije bilo to \u0161to sam imala slobodu da svet istra\u017eujem svojim tempom. Najvi\u0161e sam vremena provodila sa bakom, ona me je odgajila pored samohrane majke. \u010citala mi je bajke, pri\u010dala pri\u010de iz svog \u017eivota i iz knjiga koje je volela. Mislim da je ba\u0161 tu krenula moja ljubav prema pri\u010danju pri\u010da. Gluma je u su\u0161tini to &#8220;pri\u010danje pri\u010da&#8221;, i to je ne\u0161to \u0161to me je prirodno povuklo.<\/p>\n<p><strong>Kako je izgledao va\u0161 \u017eivot pre nego \u0161to ste dobili ulogu u seriji &#8220;Tvr\u0111ava&#8221;, koja je premijerno po\u010dela da se emituje na Radio-televiziji Srbije polovinom novembra 2025. godine i kroz jedanaest epizoda pratila sudbine ljudi u turbulentnim devedesetim na podru\u010dju Knina?<\/strong><\/p>\n<p>To je bio ba\u0161 specifi\u010dan period. Kao da sam \u017eivela negde na \u010dardaku, ni na nebu, ni na zemlji. Postojala je ta mala Darija u meni koja je jako \u017eelela da bude glumica, ali realnost je bila druga\u010dija. Radila sam u kafi\u0107u, snalazila sam se, borila se za egzistenciju i prvi put se stvarno suo\u010dila sa tim da sam potpuno sama u svemu tome, za razliku od perioda studija gde smo bili za\u0161ti\u0107eni u zatvorenom krugu.<\/p>\n<p>Nisam imala agenta, nisam imala nikakvo &#8220;pokri\u0107e&#8221;, nikakvu sigurnu zonu. Samo sam i\u0161la napred, korak po korak. Po\u010deli su da se otvaraju kastinzi, manji, ve\u0107i\u2026 I imala sam ih po \u010detiri, pet, \u0161est mese\u010dno. Ulazila sam u u\u017ee izbore, ali se ni\u0161ta nije zavr\u0161avalo ulogom. To ume da bude zbunjuju\u0107e, jer nekad iza\u0111e\u0161 sa kastinga sa ose\u0107ajem: <em>to je to<\/em>. Nekad zna\u0161 da nije. Nekad ti ne\u0161to zazvoni. Ta intuicija uglavnom ne gre\u0161i. U jednom trenutku sam po\u010dela da se pitam postoji li neki klju\u010d, ne\u0161to \u0161to treba da uradi\u0161 da bi dobio ulogu. A onda sam shvatila da ne postoji univerzalna formula. Svaki materijal tra\u017ei druga\u010diji pristup. Nekad treba vi\u0161e, nekad manje, nekad ti je lik blizak, nekad dalek. Gorila sam od \u017eelje da se bavim ovim poslom. I ba\u0161 u tom stanju sam oti\u0161la na kasting za &#8220;Tvr\u0111avu&#8221;.<\/p>\n<figure id=\"attachment_8165\" aria-describedby=\"caption-attachment-8165\" style=\"width: 1724px\" class=\"wp-caption alignnone\"><img loading=\"lazy\" decoding=\"async\" class=\"wp-image-8165 size-full\" src=\"https:\/\/sdf.hr\/wp-content\/uploads\/2026\/02\/Vucko2_Marko-Risovic-scaled.jpg\" alt=\"\" width=\"1724\" height=\"2560\" srcset=\"https:\/\/sdf.hr\/wp-content\/uploads\/2026\/02\/Vucko2_Marko-Risovic-scaled.jpg 1724w, https:\/\/sdf.hr\/wp-content\/uploads\/2026\/02\/Vucko2_Marko-Risovic-202x300.jpg 202w, https:\/\/sdf.hr\/wp-content\/uploads\/2026\/02\/Vucko2_Marko-Risovic-690x1024.jpg 690w, https:\/\/sdf.hr\/wp-content\/uploads\/2026\/02\/Vucko2_Marko-Risovic-768x1140.jpg 768w, https:\/\/sdf.hr\/wp-content\/uploads\/2026\/02\/Vucko2_Marko-Risovic-1034x1536.jpg 1034w, https:\/\/sdf.hr\/wp-content\/uploads\/2026\/02\/Vucko2_Marko-Risovic-1379x2048.jpg 1379w\" sizes=\"auto, (max-width: 1724px) 100vw, 1724px\" \/><figcaption id=\"caption-attachment-8165\" class=\"wp-caption-text\">Darija Vu\u010dko (Foto: Marko Risovi\u0107)<\/figcaption><\/figure>\n<p><strong>Kako je onda dalje tekao proces dobijanja uloge Darije Tolj? Koliko vam je zna\u010dila li\u010dna bliskost teme, s obzirom na pomenuto dalmatinsko poreklo?<\/strong><\/p>\n<p>Lik Darije Tolj mi je odmah bio blizak. Njeno poreklo, ta Dalmacija, to je ne\u0161to \u0161to u meni zvoni kao neka su\u0161tina. Ne\u0161to \u0161to mi je blisko, a daleko. Ne\u0161to za \u010dim sam mo\u017eda nostalgi\u010dna. Njena samo\u0107a, \u010dekanje voljenog mu\u0161karca, ta tiha snaga\u2026 Sve mi je nekako odmah &#8220;kliknulo&#8221;. Po\u017eelela sam samo da se tih pet minuta na kastingu bavim tom \u017eenom, bez razmi\u0161ljanja o ishodu.<\/p>\n<p>Iza\u0161la sam sa kastinga sa jakim ose\u0107ajem da je to to. Bilo mi je lepo iskustvo, i zbog atmosfere, i zbog ljudi u prostoriji. Po\u010detna bliskost sa likom mi je mnogo pomogla. Nisam imala potrebu da je gradim od nule, ona je ve\u0107 bila tu negde u meni. I mislim da me je upravo ta unutra\u0161nja mirno\u0107a dovela do uloge. To prepoznavanje sa Darijom i po\u010detna bliskost sa ulogom mi je bila zna\u010dajna u celom procesu.<\/p>\n<p><strong>Kako biste opisali \u017eivotnu percepciju Darije Tolj? Njenu potrebu da voli, da bude voljena i da se, uprkos svemu, bori za ono \u0161to \u017eeli? Kakav je bio ose\u0107aj u\u0107i u njen emotivni svet?<\/strong><\/p>\n<p>Bilo mi je va\u017eno to \u0161to je scenario od po\u010detka bio o\u010di\u0161\u0107en od nametanja krivice i crno-belih pozicija. Nema tog momenta &#8220;on je ovakav, ona je onakva&#8221; \u2013 svako nosi svoju pri\u010du. Ve\u0107 na prvom \u010ditanju sam shvatila da je u su\u0161tini svega jedna izvorna pri\u010da o ljubavi. O dvoje ljudi koji zajedno odrastaju, sazrevaju i poku\u0161avaju da ostanu povezani u okolnostima koje ih razdvajaju. Mene je to jezgro stra\u0161no emotivno dotaklo. Svaki put kad sam \u010ditala scenario, prvi put, drugi, tre\u0107i, na probama, na setu, sama kod ku\u0107e, ja sam plakala. Prosto me je poga\u0111alo. Naravno, kao i svako ko tuma\u010di neku pri\u010du, imala sam i svoje li\u010dne misli o tome \u0161ta bih mo\u017eda napravila druga\u010dije, \u0161ta mi je bli\u017ee ili dalje.<\/p>\n<p>Darija Tolj me je pogodila na nekom vrlo li\u010dnom mestu. Bilo mi je nemogu\u0107e da je ne volim i da se s njom ne pove\u017eem. Njena potreba da voli, da bude voljena, njena tiha snaga i istrajnost. Sve je to za mene bilo jako ljudski.<\/p>\n<p><strong>U seriji va\u0161 lik ima oca koji je Hrvat i koji ne prihvata najbolje njenu ljubav sa Srbinom. Koju poruku mislite da ta pri\u010da nosi generalno za mlade i one u me\u0111uetni\u010dkim brakovima danas? Mo\u017eemo li na neki na\u010din poistovetiti situaciju iz 1990-ih sa sada\u0161njim vremenom<\/strong>?<\/p>\n<p>Razgovor lika Darije Tolj i Cvareta, njenog oca na njenoj svadbi, posebno me je pogodio. Toliko ne\u017enosti, ljubavi sa njene strane, potreba da je on razume, \u010duje i prihvati njene izbore. Vreme devedesetih je bilo posebno te\u0161ko, ali su\u0161tina je da treba verovati u ljubav i biti uz onog koga voli\u0161, a to je univerzalno za svako vreme, za sve nas, uprkos svim pritiscima i izazovima.<\/p>\n<p><strong>A \u0161ta gledaoci mogu da nau\u010de o smislu \u017eivota i opstanku u te\u0161kim situacijama?<\/strong><\/p>\n<p>Da nijedan rat nema pravi smisao, ali da ljudi ipak pronalaze na\u010din da \u017eive i pre\u017eive. Svako nosi svoje terete, ali ono \u0161to je klju\u010dno jeste da se prona\u0111e razlog i smisao za dalje. Tu je i figura Darije va\u017ena. Njena snaga je ljubav za koju se bori uprkos svemu. Ona razume i prihvata stvari, u jednom trenutku mo\u017eda i odabere da ne vidi ono \u0161to bi joj sru\u0161ilo odnos sa Lukom, jer joj je prioritet da ostane \u010dvrsta u svom jezgru i da za\u0161titi ono \u0161to je va\u017eno. Njena vera u to da je i u svetu koji se za nju ru\u0161i mogu\u0107e odr\u017eati brak, stvoriti porodicu, sa\u010duvati dom i to sigurno mesto. Kao, uostalom, i njena samo\u0107a u svemu tome, koja na kraju ukazuje da smo potrebni jedni drugima i da se tu mo\u017eemo sa\u010duvati u svemu te\u0161kom \u0161to nam \u017eivot donese. To sve otvara prostor da se podsetimo kako treba da \u010duvamo jedni druge.<\/p>\n<figure id=\"attachment_8167\" aria-describedby=\"caption-attachment-8167\" style=\"width: 2560px\" class=\"wp-caption alignnone\"><img loading=\"lazy\" decoding=\"async\" class=\"wp-image-8167 size-full\" src=\"https:\/\/sdf.hr\/wp-content\/uploads\/2026\/02\/Vucko3_Marko-Risovic-scaled.jpg\" alt=\"\" width=\"2560\" height=\"1707\" srcset=\"https:\/\/sdf.hr\/wp-content\/uploads\/2026\/02\/Vucko3_Marko-Risovic-scaled.jpg 2560w, https:\/\/sdf.hr\/wp-content\/uploads\/2026\/02\/Vucko3_Marko-Risovic-300x200.jpg 300w, https:\/\/sdf.hr\/wp-content\/uploads\/2026\/02\/Vucko3_Marko-Risovic-1024x683.jpg 1024w, https:\/\/sdf.hr\/wp-content\/uploads\/2026\/02\/Vucko3_Marko-Risovic-768x512.jpg 768w, https:\/\/sdf.hr\/wp-content\/uploads\/2026\/02\/Vucko3_Marko-Risovic-1536x1024.jpg 1536w, https:\/\/sdf.hr\/wp-content\/uploads\/2026\/02\/Vucko3_Marko-Risovic-2048x1366.jpg 2048w\" sizes=\"auto, (max-width: 2560px) 100vw, 2560px\" \/><figcaption id=\"caption-attachment-8167\" class=\"wp-caption-text\">Darija Vu\u010dko (Foto: Marko Risovi\u0107)<\/figcaption><\/figure>\n<p><strong>Kao neko ko radi sa mladima, kako vidite njihovu reakciju na teme rata koje se provla\u010de kroz seriju? Da li mislite da su dana\u0161nji mladi u Srbiji zarobljeni pro\u0161lo\u0161\u0107u ili su ipak donekle oslobo\u0111eni od tih tema?<\/strong><\/p>\n<p>Radim sa decom u \u0161koli glume i primetila sam koliko su zainteresovani i emotivno povezani sa pri\u010dom. Imaju izme\u0111u \u010detrnaest i osamnaest godina i jako im je zna\u010dajno kada gledaju seriju, pamte replike, scene, dolaze sa utiscima i pitanjima. Jedna devoj\u010dica mi je rekla da je gledala epizode po nekoliko puta, poku\u0161avaju\u0107i da razume sukobe i rat koji se pominje, i pitala me: &#8220;Ko tu koga ne voli? Koji je to rat?&#8221;<\/p>\n<p>Postoji rupa u znanju o tom periodu, kao i razumevanju istog. Jesmo generacija koja je ve\u0107inski oslobo\u0111ena strasti i predrasuda pro\u0161lih sukoba, ali jo\u0161 uvek postoji potreba da se razgovara o tome, da se razume i prihvati, prevazi\u0111e.<\/p>\n<p><strong>Kako onda mladi u Srbiji danas posmatraju generacije koje su do\u017eivele rat 1990-ih? I koliko uop\u0161te znaju o stvarnom uticaju tih doga\u0111aja na svakodnevni \u017eivot?<\/strong><\/p>\n<p>Rat nije jednodimenzionalan, nije banalan, nego svako ima svoju tragediju, svoju dilemu, svoj problem, pa i nedoslednosti i ljudske promene kroz vreme. On ih sve menja i deformi\u0161e. Iskreno, mnogi mladi nemaju dovoljno znanja o ratu 1990-ih, ili ga vide kroz pri\u010de roditelja i medija, ali ne kroz direktno iskustvo. Kada su gledali seriju i razgovarali o tim temama, bila sam iznena\u0111ena koliko ih je to iskreno emotivno pogodilo i po\u010deli su da se pitaju o stvarnim doga\u0111ajima i njihovim posledicama. To pokazuje da, iako rat nije deo njihovog li\u010dnog \u017eivota, njegova istorijska i dru\u0161tvena te\u017eina i dalje uti\u010de na sve nas i da je va\u017eno da se o tome pri\u010da otvoreno, iskreno i sa empatijom.<\/p>\n<p><strong>U pri\u010dama o ratu neretko se fokusiramo na mu\u0161karce kao ratnike, pobednike i gubitnike. Koliko je va\u017eno u serijama i medijima generalno prikazivati i \u017eensku perspektivu?<\/strong><\/p>\n<p>Meni je jako va\u017eno da se vidi i ta \u017eenska perspektiva, jer \u010desto kada se pri\u010da o ratu, pri\u010da se upravo samo o mu\u0161karcima, ko je pobedio, ko je izgubio, ko je bio na frontu\u2026 Ali \u017eene nose \u010ditavu drugu vrstu tereta. One moraju da \u010duvaju porodicu, dostojanstvo, integritet, ali i da pronalaze smisao u svemu \u0161to se de\u0161ava oko njih. Mislim da je to izuzetno va\u017eno za publiku, da vidi koliko je to tiha snaga, strpljenje, nenametljiva borba, i koliko se \u017eivot i ljubav neguju \u010dak i u najte\u017eim okolnostima. Za mene je to jako inspirativno jer pokazuje kako ljudi generalno, a posebno \u017eene, mogu da prona\u0111u smisao i nadu \u010dak i kada svet deluje haoti\u010dno i nepravedno.<\/p>\n<p><strong>\u0160ta za vas predstavlja snaga \u017eena koje nose te\u017einu svakodnevnog \u017eivota u te\u0161kim okolnostima?<\/strong><\/p>\n<p>Meni je neverovatno koliko je velika \u017ertva koju \u017eene podnose, \u010dak i kada se fokus pri\u010de tradicionalno stavlja na mu\u0161karce. One nose te\u017einu doma, ljubavi, porodice, i to je zapravo uloga koja \u010desto ostaje neprime\u0107ena. Serija &#8220;Tvr\u0111ava&#8221; mi je probudila upravo tu perspektivu, pokazala snagu \u017eene koja nosi \u017eivot u te\u0161kim okolnostima, tiho, strpljivo, ali sa ogromnim kapacitetom da iznese sve \u0161to joj se de\u0161ava.<\/p>\n<p>Ta \u017eena, na neki na\u010din, \u010duva su\u0161tinu, pokazuje kako da se izdr\u017ei, kako da veruje da \u017eivot mo\u017ee da se neguje i u najte\u017eim situacijama. Isto tako i svi mi, kada se suo\u010davamo sa izazovima i novim svetom, pronalazimo na\u010din da se odr\u017eimo i da verujemo u ono \u0161to je va\u017eno.<\/p>\n<figure id=\"attachment_8169\" aria-describedby=\"caption-attachment-8169\" style=\"width: 2560px\" class=\"wp-caption alignnone\"><img loading=\"lazy\" decoding=\"async\" class=\"wp-image-8169 size-full\" src=\"https:\/\/sdf.hr\/wp-content\/uploads\/2026\/02\/Vucko4_Marko-Risovic-scaled.jpg\" alt=\"\" width=\"2560\" height=\"1707\" srcset=\"https:\/\/sdf.hr\/wp-content\/uploads\/2026\/02\/Vucko4_Marko-Risovic-scaled.jpg 2560w, https:\/\/sdf.hr\/wp-content\/uploads\/2026\/02\/Vucko4_Marko-Risovic-300x200.jpg 300w, https:\/\/sdf.hr\/wp-content\/uploads\/2026\/02\/Vucko4_Marko-Risovic-1024x683.jpg 1024w, https:\/\/sdf.hr\/wp-content\/uploads\/2026\/02\/Vucko4_Marko-Risovic-768x512.jpg 768w, https:\/\/sdf.hr\/wp-content\/uploads\/2026\/02\/Vucko4_Marko-Risovic-1536x1024.jpg 1536w, https:\/\/sdf.hr\/wp-content\/uploads\/2026\/02\/Vucko4_Marko-Risovic-2048x1366.jpg 2048w\" sizes=\"auto, (max-width: 2560px) 100vw, 2560px\" \/><figcaption id=\"caption-attachment-8169\" class=\"wp-caption-text\">Darija Vu\u010dko (Foto: Marko Risovi\u0107)<\/figcaption><\/figure>\n<p><strong>Kako iskustvo odrastanja u manjim sredinama i selima mo\u017ee oblikovati mladog \u010doveka kada se suo\u010di sa \u017eivotom u velikim gradovima poput Beograda?<\/strong><\/p>\n<p>Za mladog \u010doveka iz manje sredine, dolazak u veliki i nemiran grad poput Beograda je \u010desto prelomni trenutak. Grad mo\u017ee da te &#8220;proguta&#8221; svojim brzim ritmom, disciplinom i izazovima, a sve \u0161to si nau\u010dio u ruralnoj sredini vi\u0161e automatski ne va\u017ei. Mladi \u010dovek \u017eeli da pro\u017eivi \u017eivot, ali istovremeno mora da balansira izme\u0111u svojih vrednosti i novih isku\u0161enja. Mi se svi suo\u010davamo sa isku\u0161enjima, kontradiktornostima i promenama koje nas tjeraju da donosimo te\u0161ke odluke i da artikuli\u0161emo svoje impulse. Mislim da je ba\u0161 taj susret sa novim svetom, sa razli\u010ditim ljudima i situacijama ono \u0161to oblikuje karakter mladih i omogu\u0107ava im da izrastu u zrele, samostalne osobe.<\/p>\n<p><strong>Bez \u010dega Darija Vu\u010dko ne mo\u017ee da zamisli \u017eivot?<\/strong><\/p>\n<p>Bez muzike. Ona mi je stalno neki <em>soundtrack<\/em> \u017eivota, ne\u0161to \u0161to me neguje. Volim da radim kreativne stvari rukama, telom, da budem u prirodi, da \u0107utim sama sa sobom. To su trenuci kad hranim du\u0161u i vra\u0107am se sebi.<\/p>\n<p><strong>\u0160ta za vas zna\u010di <em>tvr\u0111ava<\/em> u privatnom \u017eivotu? Da li je to simbol porodice, ljubavi, li\u010dne sigurnosti ili ne\u010deg drugog?<\/strong><\/p>\n<p>Tvr\u0111ava u privatnom \u017eivotu za mene simbolizuje moje mesto mira. Mesto gde sam u redu sa sobom i gde mogu da podnesem te\u017einu \u017eivota. To nije mesto bez izazova, ve\u0107 prostor u kojem mo\u017ee\u0161 da ostane\u0161 veran sebi, svojoj ljubavi, svojim vrednostima i svojoj porodici. \u017divot nosi i sre\u0107u i bol, i ba\u0161 u tome je njegov zna\u010daj. Svaka li\u010dna tvr\u0111ava pokazuje kako mo\u017eemo da prona\u0111emo snagu i smisao u svakodnevnim borbama.<\/p>\n<p><strong>\u0160ta za vas zna\u010di izlazak iz zone komfora u budu\u0107nosti?<\/strong><\/p>\n<p>Volela bih da ne ograni\u010davam sebe i da ostanem otvorena za sve: pozori\u0161te, film, muziku, pokret, putovanja. Volela bih da igram i uloge koje mi nisu bliske, da probam ne\u0161to naizgled daleko. Da sebi dam prostor u praznim periodima i napunim ga prirodom, morem i \u010ditanjem umesto brigom. Da \u010de\u0161\u0107e pobegnem iz grada.<\/p>\n<p><strong>\u0160ta vam onda danas daje nadu?<\/strong><\/p>\n<p>Nada se zove moj pas, ona je zaista moja nada. A pored nje, nada mi nije egzaktan pojam, ona za mene menja oblik, ona mo\u017ee biti sve \u0161to nas podi\u017ee i daje smisao u svakodnevici. Nekad mi to mo\u017ee biti trenutak lepote u prirodi, neki oblak, more, nekad pona\u0161anje ili uzbudljiva misao na \u010doveka, neka pesma. Svaki dan se pojavi ne\u0161to \u0161to mo\u017ee osna\u017eiti \u010doveka u tom smislu, to ne\u0161to \u0161to \u0107e nas gurati kroz dan i vra\u0107ati nam nadu ili smisao.<\/p>\n<p><em>razgovor vodila Jelena Miri\u0107<\/em><\/p>\n","protected":false},"excerpt":{"rendered":"<p>Neverovatno mi je koliko je velika \u017ertva koju \u017eene podnose, \u010dak i kada se fokus pri\u010de tradicionalno stavlja na mu\u0161karce. One nose te\u017einu doma, ljubavi, porodice, i to je zapravo uloga koja \u010desto ostaje neprime\u0107ena<\/p>\n","protected":false},"featured_media":8164,"template":"","tags":[173],"atribut":[],"class_list":["post-8171","nada","type-nada","status-publish","has-post-thumbnail","hentry","tag-intervju-2-hr"],"acf":[],"yoast_head":"<!-- This site is optimized with the Yoast SEO plugin v27.4 - https:\/\/yoast.com\/product\/yoast-seo-wordpress\/ -->\n<title>Darija Vu\u010dko: \u017dene pronalaze nadu i kada svet deluje haoti\u010dno - SDF - Srpski demokratski forum<\/title>\n<meta name=\"robots\" content=\"index, follow, max-snippet:-1, max-image-preview:large, max-video-preview:-1\" \/>\n<link rel=\"canonical\" href=\"https:\/\/sdf.hr\/hr\/nada\/darija-vucko-zene-pronalaze-nadu-i-kada-svet-deluje-haoticno\/\" \/>\n<meta property=\"og:locale\" content=\"hr_HR\" \/>\n<meta property=\"og:type\" content=\"article\" \/>\n<meta property=\"og:title\" content=\"Darija Vu\u010dko: \u017dene pronalaze nadu i kada svet deluje haoti\u010dno - SDF - Srpski demokratski forum\" \/>\n<meta property=\"og:description\" content=\"Neverovatno mi je koliko je velika \u017ertva koju \u017eene podnose, \u010dak i kada se fokus pri\u010de tradicionalno stavlja na mu\u0161karce. One nose te\u017einu doma, ljubavi, porodice, i to je zapravo uloga koja \u010desto ostaje neprime\u0107ena\" \/>\n<meta property=\"og:url\" content=\"https:\/\/sdf.hr\/hr\/nada\/darija-vucko-zene-pronalaze-nadu-i-kada-svet-deluje-haoticno\/\" \/>\n<meta property=\"og:site_name\" content=\"SDF - Srpski demokratski forum\" \/>\n<meta property=\"article:modified_time\" content=\"2026-03-15T08:46:35+00:00\" \/>\n<meta property=\"og:image\" content=\"https:\/\/sdf.hr\/wp-content\/uploads\/2026\/02\/Vucko1_Marko-Risovic-scaled.jpg\" \/>\n\t<meta property=\"og:image:width\" content=\"2560\" \/>\n\t<meta property=\"og:image:height\" content=\"1707\" \/>\n\t<meta property=\"og:image:type\" content=\"image\/jpeg\" \/>\n<meta name=\"twitter:card\" content=\"summary_large_image\" \/>\n<meta name=\"twitter:label1\" content=\"Procijenjeno vrijeme \u010ditanja\" \/>\n\t<meta name=\"twitter:data1\" content=\"13 minuta\" \/>\n<script type=\"application\/ld+json\" class=\"yoast-schema-graph\">{\"@context\":\"https:\\\/\\\/schema.org\",\"@graph\":[{\"@type\":\"WebPage\",\"@id\":\"https:\\\/\\\/sdf.hr\\\/hr\\\/nada\\\/darija-vucko-zene-pronalaze-nadu-i-kada-svet-deluje-haoticno\\\/\",\"url\":\"https:\\\/\\\/sdf.hr\\\/hr\\\/nada\\\/darija-vucko-zene-pronalaze-nadu-i-kada-svet-deluje-haoticno\\\/\",\"name\":\"Darija Vu\u010dko: \u017dene pronalaze nadu i kada svet deluje haoti\u010dno - SDF - Srpski demokratski forum\",\"isPartOf\":{\"@id\":\"https:\\\/\\\/sdf.hr\\\/#website\"},\"primaryImageOfPage\":{\"@id\":\"https:\\\/\\\/sdf.hr\\\/hr\\\/nada\\\/darija-vucko-zene-pronalaze-nadu-i-kada-svet-deluje-haoticno\\\/#primaryimage\"},\"image\":{\"@id\":\"https:\\\/\\\/sdf.hr\\\/hr\\\/nada\\\/darija-vucko-zene-pronalaze-nadu-i-kada-svet-deluje-haoticno\\\/#primaryimage\"},\"thumbnailUrl\":\"https:\\\/\\\/sdf.hr\\\/wp-content\\\/uploads\\\/2026\\\/02\\\/Vucko1_Marko-Risovic-scaled.jpg\",\"datePublished\":\"2026-03-01T07:21:12+00:00\",\"dateModified\":\"2026-03-15T08:46:35+00:00\",\"breadcrumb\":{\"@id\":\"https:\\\/\\\/sdf.hr\\\/hr\\\/nada\\\/darija-vucko-zene-pronalaze-nadu-i-kada-svet-deluje-haoticno\\\/#breadcrumb\"},\"inLanguage\":\"hr\",\"potentialAction\":[{\"@type\":\"ReadAction\",\"target\":[\"https:\\\/\\\/sdf.hr\\\/hr\\\/nada\\\/darija-vucko-zene-pronalaze-nadu-i-kada-svet-deluje-haoticno\\\/\"]}]},{\"@type\":\"ImageObject\",\"inLanguage\":\"hr\",\"@id\":\"https:\\\/\\\/sdf.hr\\\/hr\\\/nada\\\/darija-vucko-zene-pronalaze-nadu-i-kada-svet-deluje-haoticno\\\/#primaryimage\",\"url\":\"https:\\\/\\\/sdf.hr\\\/wp-content\\\/uploads\\\/2026\\\/02\\\/Vucko1_Marko-Risovic-scaled.jpg\",\"contentUrl\":\"https:\\\/\\\/sdf.hr\\\/wp-content\\\/uploads\\\/2026\\\/02\\\/Vucko1_Marko-Risovic-scaled.jpg\",\"width\":2560,\"height\":1707,\"caption\":\"06.02.2026. Glumica Darija Vu\u010dko fotografisana tokom intervjua u kulturnom centru \\\"Ku\u0107a umetnica\\\" u Beogradu. Foto: Marko Risovi\u0107\"},{\"@type\":\"BreadcrumbList\",\"@id\":\"https:\\\/\\\/sdf.hr\\\/hr\\\/nada\\\/darija-vucko-zene-pronalaze-nadu-i-kada-svet-deluje-haoticno\\\/#breadcrumb\",\"itemListElement\":[{\"@type\":\"ListItem\",\"position\":1,\"name\":\"Po\u010detna stranica\",\"item\":\"https:\\\/\\\/sdf.hr\\\/hr\\\/\"},{\"@type\":\"ListItem\",\"position\":2,\"name\":\"Nada\",\"item\":\"https:\\\/\\\/sdf.hr\\\/nada\\\/\"},{\"@type\":\"ListItem\",\"position\":3,\"name\":\"Darija Vu\u010dko: \u017dene pronalaze nadu i kada svet deluje haoti\u010dno\"}]},{\"@type\":\"WebSite\",\"@id\":\"https:\\\/\\\/sdf.hr\\\/#website\",\"url\":\"https:\\\/\\\/sdf.hr\\\/\",\"name\":\"SDF - Srpski demokratski forum\",\"description\":\"Srpski demokratski forum\",\"publisher\":{\"@id\":\"https:\\\/\\\/sdf.hr\\\/#organization\"},\"potentialAction\":[{\"@type\":\"SearchAction\",\"target\":{\"@type\":\"EntryPoint\",\"urlTemplate\":\"https:\\\/\\\/sdf.hr\\\/?s={search_term_string}\"},\"query-input\":{\"@type\":\"PropertyValueSpecification\",\"valueRequired\":true,\"valueName\":\"search_term_string\"}}],\"inLanguage\":\"hr\"},{\"@type\":\"Organization\",\"@id\":\"https:\\\/\\\/sdf.hr\\\/#organization\",\"name\":\"SDF - Srpski demokratski forum\",\"url\":\"https:\\\/\\\/sdf.hr\\\/\",\"logo\":{\"@type\":\"ImageObject\",\"inLanguage\":\"hr\",\"@id\":\"https:\\\/\\\/sdf.hr\\\/#\\\/schema\\\/logo\\\/image\\\/\",\"url\":\"https:\\\/\\\/sdf.hr\\\/wp-content\\\/uploads\\\/2021\\\/07\\\/logo-hr.svg\",\"contentUrl\":\"https:\\\/\\\/sdf.hr\\\/wp-content\\\/uploads\\\/2021\\\/07\\\/logo-hr.svg\",\"width\":271,\"height\":100,\"caption\":\"SDF - Srpski demokratski forum\"},\"image\":{\"@id\":\"https:\\\/\\\/sdf.hr\\\/#\\\/schema\\\/logo\\\/image\\\/\"}}]}<\/script>\n<!-- \/ Yoast SEO plugin. -->","yoast_head_json":{"title":"Darija Vu\u010dko: \u017dene pronalaze nadu i kada svet deluje haoti\u010dno - SDF - Srpski demokratski forum","robots":{"index":"index","follow":"follow","max-snippet":"max-snippet:-1","max-image-preview":"max-image-preview:large","max-video-preview":"max-video-preview:-1"},"canonical":"https:\/\/sdf.hr\/hr\/nada\/darija-vucko-zene-pronalaze-nadu-i-kada-svet-deluje-haoticno\/","og_locale":"hr_HR","og_type":"article","og_title":"Darija Vu\u010dko: \u017dene pronalaze nadu i kada svet deluje haoti\u010dno - SDF - Srpski demokratski forum","og_description":"Neverovatno mi je koliko je velika \u017ertva koju \u017eene podnose, \u010dak i kada se fokus pri\u010de tradicionalno stavlja na mu\u0161karce. One nose te\u017einu doma, ljubavi, porodice, i to je zapravo uloga koja \u010desto ostaje neprime\u0107ena","og_url":"https:\/\/sdf.hr\/hr\/nada\/darija-vucko-zene-pronalaze-nadu-i-kada-svet-deluje-haoticno\/","og_site_name":"SDF - Srpski demokratski forum","article_modified_time":"2026-03-15T08:46:35+00:00","og_image":[{"width":2560,"height":1707,"url":"https:\/\/sdf.hr\/wp-content\/uploads\/2026\/02\/Vucko1_Marko-Risovic-scaled.jpg","type":"image\/jpeg"}],"twitter_card":"summary_large_image","twitter_misc":{"Procijenjeno vrijeme \u010ditanja":"13 minuta"},"schema":{"@context":"https:\/\/schema.org","@graph":[{"@type":"WebPage","@id":"https:\/\/sdf.hr\/hr\/nada\/darija-vucko-zene-pronalaze-nadu-i-kada-svet-deluje-haoticno\/","url":"https:\/\/sdf.hr\/hr\/nada\/darija-vucko-zene-pronalaze-nadu-i-kada-svet-deluje-haoticno\/","name":"Darija Vu\u010dko: \u017dene pronalaze nadu i kada svet deluje haoti\u010dno - SDF - Srpski demokratski forum","isPartOf":{"@id":"https:\/\/sdf.hr\/#website"},"primaryImageOfPage":{"@id":"https:\/\/sdf.hr\/hr\/nada\/darija-vucko-zene-pronalaze-nadu-i-kada-svet-deluje-haoticno\/#primaryimage"},"image":{"@id":"https:\/\/sdf.hr\/hr\/nada\/darija-vucko-zene-pronalaze-nadu-i-kada-svet-deluje-haoticno\/#primaryimage"},"thumbnailUrl":"https:\/\/sdf.hr\/wp-content\/uploads\/2026\/02\/Vucko1_Marko-Risovic-scaled.jpg","datePublished":"2026-03-01T07:21:12+00:00","dateModified":"2026-03-15T08:46:35+00:00","breadcrumb":{"@id":"https:\/\/sdf.hr\/hr\/nada\/darija-vucko-zene-pronalaze-nadu-i-kada-svet-deluje-haoticno\/#breadcrumb"},"inLanguage":"hr","potentialAction":[{"@type":"ReadAction","target":["https:\/\/sdf.hr\/hr\/nada\/darija-vucko-zene-pronalaze-nadu-i-kada-svet-deluje-haoticno\/"]}]},{"@type":"ImageObject","inLanguage":"hr","@id":"https:\/\/sdf.hr\/hr\/nada\/darija-vucko-zene-pronalaze-nadu-i-kada-svet-deluje-haoticno\/#primaryimage","url":"https:\/\/sdf.hr\/wp-content\/uploads\/2026\/02\/Vucko1_Marko-Risovic-scaled.jpg","contentUrl":"https:\/\/sdf.hr\/wp-content\/uploads\/2026\/02\/Vucko1_Marko-Risovic-scaled.jpg","width":2560,"height":1707,"caption":"06.02.2026. Glumica Darija Vu\u010dko fotografisana tokom intervjua u kulturnom centru \"Ku\u0107a umetnica\" u Beogradu. Foto: Marko Risovi\u0107"},{"@type":"BreadcrumbList","@id":"https:\/\/sdf.hr\/hr\/nada\/darija-vucko-zene-pronalaze-nadu-i-kada-svet-deluje-haoticno\/#breadcrumb","itemListElement":[{"@type":"ListItem","position":1,"name":"Po\u010detna stranica","item":"https:\/\/sdf.hr\/hr\/"},{"@type":"ListItem","position":2,"name":"Nada","item":"https:\/\/sdf.hr\/nada\/"},{"@type":"ListItem","position":3,"name":"Darija Vu\u010dko: \u017dene pronalaze nadu i kada svet deluje haoti\u010dno"}]},{"@type":"WebSite","@id":"https:\/\/sdf.hr\/#website","url":"https:\/\/sdf.hr\/","name":"SDF - Srpski demokratski forum","description":"Srpski demokratski forum","publisher":{"@id":"https:\/\/sdf.hr\/#organization"},"potentialAction":[{"@type":"SearchAction","target":{"@type":"EntryPoint","urlTemplate":"https:\/\/sdf.hr\/?s={search_term_string}"},"query-input":{"@type":"PropertyValueSpecification","valueRequired":true,"valueName":"search_term_string"}}],"inLanguage":"hr"},{"@type":"Organization","@id":"https:\/\/sdf.hr\/#organization","name":"SDF - Srpski demokratski forum","url":"https:\/\/sdf.hr\/","logo":{"@type":"ImageObject","inLanguage":"hr","@id":"https:\/\/sdf.hr\/#\/schema\/logo\/image\/","url":"https:\/\/sdf.hr\/wp-content\/uploads\/2021\/07\/logo-hr.svg","contentUrl":"https:\/\/sdf.hr\/wp-content\/uploads\/2021\/07\/logo-hr.svg","width":271,"height":100,"caption":"SDF - Srpski demokratski forum"},"image":{"@id":"https:\/\/sdf.hr\/#\/schema\/logo\/image\/"}}]}},"_links":{"self":[{"href":"https:\/\/sdf.hr\/hr\/wp-json\/wp\/v2\/nada\/8171","targetHints":{"allow":["GET"]}}],"collection":[{"href":"https:\/\/sdf.hr\/hr\/wp-json\/wp\/v2\/nada"}],"about":[{"href":"https:\/\/sdf.hr\/hr\/wp-json\/wp\/v2\/types\/nada"}],"wp:featuredmedia":[{"embeddable":true,"href":"https:\/\/sdf.hr\/hr\/wp-json\/wp\/v2\/media\/8164"}],"wp:attachment":[{"href":"https:\/\/sdf.hr\/hr\/wp-json\/wp\/v2\/media?parent=8171"}],"wp:term":[{"taxonomy":"post_tag","embeddable":true,"href":"https:\/\/sdf.hr\/hr\/wp-json\/wp\/v2\/tags?post=8171"},{"taxonomy":"atribut","embeddable":true,"href":"https:\/\/sdf.hr\/hr\/wp-json\/wp\/v2\/atribut?post=8171"}],"curies":[{"name":"wp","href":"https:\/\/api.w.org\/{rel}","templated":true}]}}