{"id":818,"date":"2022-08-27T12:04:34","date_gmt":"2022-08-27T10:04:34","guid":{"rendered":"https:\/\/sdf.hr\/?post_type=nada&#038;p=818"},"modified":"2023-03-25T18:14:23","modified_gmt":"2023-03-25T17:14:23","slug":"bucni-kesidi","status":"publish","type":"nada","link":"https:\/\/sdf.hr\/hr\/nada\/bucni-kesidi\/","title":{"rendered":"Bu\u010dni Kesidi"},"content":{"rendered":"<p>Svi koji imaju pone\u0161to sta\u017ea u no\u0107nim izlascima, upoznavanjima u tami disko kluba i spontanim afterima, u zadnje vrijeme komentiraju tajnu uspjeha popularnog benda Bu\u010d Kesidi. Pan\u010deva\u010dki dvojac koji sam sebe opisuje kao &#8220;levoruki elektro pop rok disko boj bend duo&#8221; \u010dine dvadesetogodi\u0161njaci Zoran Zarubica na bubnju i Luka Raci\u0107 na gitari. U jednom intervjuu su izjavili da rade muziku koja ih &#8220;lo\u017ei&#8221; i da nema ni\u0161ta, opet, &#8220;lo\u017ea\u010dkog&#8221; u tome da pjeva\u0161 o minimalnoj pla\u0107i. I doista, malo je neobi\u010dno, makar na prvu, da je jedan takav bend \u2013 koji nije socijalno anga\u017eiran i ne di\u017ee publiku pokazuju\u0107i srednji prst sistemu, urlaju\u0107i da nema ni za rizle \u2013 rasprodao \u010dak pet koncerata krajem septembra u Zagrebu u dvori\u0161tu Akademije likovnih umjetnosti. Ako je vjerovati natpisima u medijima, to je zadnji put postigla Azra prije 40 godina u Kulu\u0161i\u0107u.<\/p>\n<p>Bend konceptualno vozi po svima aspektima izlazaka, eskapizma, anksioznosti, ljubavnih i generalno me\u0111uljudskih odnosa koji se na\u010dinju vikendom, a sve to prati taj neki, kako se voli re\u0107i, svjetski zvuk, koji tjera na ples, uz spotove koji nalikuju Netflixovim serijama. Generacijska je to pri\u010da, mada, i ne\u010diji roditelji su voljeli Bobana Petrovi\u0107a s po\u010detka 1980-ih kojeg su tako\u0111er stvarala\u010dki okupirale \u017eurke, kuhinje, kupatila, &#8220;ne\u017ene ruke, mnogo buke&#8221;.<\/p>\n<p>U razgovoru s muzi\u010darkom Sarom Renar i mutlimedijskim tehni\u010darem Radio Studenta Ivanom Kolarom analizirali smo popularnost i vrstu fenomena Bu\u010d Kesidija. Sara se prisjetila njihovog koncerta u Saxu iz januara 2020. koji je tako\u0111er bio rasprodan.<\/p>\n<p>\u2014 Klub je bio krcat, osje\u0107alo se na svla\u010dionicu na tjelesnom u \u0161koli, bilo je mnogo tinejd\u017eera i tinejd\u017eerica. Totalni show program, ljudi su padali u trans. Mislim da sam tamo bila najstarija osoba &#8211; govori Sara uz smijeh.<\/p>\n<p>Komentiraju\u0107i aktualni album &#8220;Euforija&#8221;, ona ka\u017ee da je u formi ovog albuma konceptualno zaokru\u017een izlazak, da je produkcija sjajna, zvuk moderan: uzeti su svi uzori koji su potrebni.<\/p>\n<p>\u2014 Bu\u010d Kesidi ima cijeli tim uz sebe. Oni su tome pristupili ozbiljno: ovo je sad projekt, mi \u0107emo od sebe napraviti brend. Gotovo svi regionalni <em>bookeri <\/em>igraju na sigurno. Kada vide da \u0107e ne\u0161to donijeti brzu lovu, da to nije projekt u koji \u0107e se ulagati pet ili \u0161est godina s neizvjesnim rezultatom, ve\u0107 da odmah donosi pare, dalje ide lak\u0161e, naravno ako je bend dovoljno pametan i marljiv. To govorim s \u010diste biznis strane &#8211; obja\u0161njava Sara Renar.<\/p>\n<p>Osim toga, Zoran i Luka imaju dobar <em>merch<\/em>, komercijalna sponzorstva, ne talasaju politi\u010dki, nagla\u0161ava ona, nisu ni po kojem slu\u010daju kontroverzni, sve je jako poslo\u017eeno da se u njih komercijalno ula\u017ee, a pritom je urbana muzika.<\/p>\n<p>Ivan smatra da bi bend iz Pan\u010deva puno ranije sru\u0161io rekorde iz 1980-ih da nije bilo pandemije. Siguran je da bi napunili malu dvoranu u Domu sportova te da je u Hrvatskoj koncertni ekvivalent toga, primjerice, Psihomodo pop.<\/p>\n<p>\u2014 Kad pogleda\u0161 singlove, njihovu prezentaciju i glazbeno-scenski identitet, jasno je za\u0161to su uspje\u0161ni. Ta se pri\u010da doima sli\u010dnom onom od Arctic monkeysa, kako su izgradili publiku preko no\u0107i. Me\u0111utim, to poslu\u0161a\u0161 i shvati\u0161 da je u maniri obi\u010dne <em>mainstream<\/em> pop glazbe koja se svira s gitarama, takti\u010dki gurnutim u pozadinu, a naprijed su vokali i ritam. To je klupski \u0111ir, tjera na ples, a vokal je tu da se ve\u017ee\u0161 uz njega. Zvuk se prilagodi trendu, nekom standardu, moduliran je zvuk bubnjeva, elektronska sintisajzerska podloga i na to se dodaju gitare da se mo\u017ee re\u0107i da je to rock bend. A to je formula pop benda: refreni, tekstovi, aran\u017eman. To \u0161to rade, rade jako dobro, u smislu proizvoda &#8211; detaljno poja\u0161njava Ivan.<\/p>\n<p>Uzimamo za primjer neki od njihovih tekstova, recimo iz pjesme &#8220;\u0110uskanje ne poma\u017ee&#8221;: <em>Ruka na njemu, ruka na tebi i suptilni poziv dok ekser te vozi i ruka na nozi i ruka u kosi i gu\u017eva vas pali, ali, u stvari samo on se zabavlja<\/em>. Pitamo Ivana da li, po njemu, Bu\u010d Kesidi vjerno prikazuje socijalni \u017eivot mladih.<\/p>\n<p>y Nimalo, po meni. Trebalo je samo re\u0107i ono \u0161to ti, tvoji vr\u0161njaci i dru\u0161tvo s kojim izlazi\u0161 misle. To je te\u017ee nego \u0161to se \u010dini. Pop glazba je plasti\u010dna, ta\u0161ta, nerijetko mega patrijarhalna. Mo\u017eda je pogre\u0161no stavljati taj zahtjev kritike Bu\u010d Kesidiju. Oni nisu Sonic Youth, oni su napravljeni za zabavu. Ako \u0107emo analizirati da li vjerno prikazuju socijalni \u017eivot \u2013 ne, ali govore ono \u0161to ljudi \u017eele \u010duti. Zato nose \u0161ljoki\u010dasta odjela, zato koriste ve\u0107 dobro provjerene aran\u017emanske i produkcijske trikove, a smatram da je takav pristup stvarala\u0161tvu kontraproduktivan za razvoj glazbene scene. Po meni, bolji prikaz dru\u0161tva i stanja svijesti prikazuju punk bendovi. Iako to nije poruka koju svi \u017eele \u010duti, iako nije glazba koju svi \u017eele slu\u0161ati, puno je prirodnija interakcija kroz tekstove sa slu\u0161ateljima. To je ono: &#8220;Subotom Ki\u0107o, nedjeljom Slabinac&#8221; (pjesma benda Debeli precjednik, op. a.). Ista je tema, vikend i kako pre\u017eivjeti sljede\u0107i dan. Bu\u010d Kesidi u ovom trenutku ne smije re\u0107i da je tu\u017ean na ljudski na\u010din. Ako \u017eeli odr\u017eati ovaj status, Bu\u010d ne smije biti iskren &#8211; smatra Ivan Kolar.<\/p>\n<p>Sara pak obja\u0161njava da osobno nije ljubiteljica pozicije u kojoj, kako ka\u017ee, mu\u0161karac \u017eenskoj osobi docira \u0161to ona zapravo \u017eeli, misli i treba, bilo u trijeznom, bilo u pijanom stanju. Ali s druge strane, dodaje da apsolutno razumije da su uboli i tekstualno i glazbeno za \u010ditavu jednu generaciju. Pitamo je kako onda do\u017eivljava njihov najpoznatiji stih: <em>Nema ljubavi u klubu, ljubav je na ulici<\/em>.<\/p>\n<p>\u2014 Svjesna sam da zvu\u010dim kao najgori <em>boomer<\/em>: ja sam se uvijek zaljubljivala u klubovima, ali mo\u017eda to tinder generaciji ne\u0161to drugo zna\u010di. \u0160ljoki\u010dasti kakvi jesu, i dalje se uklapaju u hetero normativ, zato nema toliko hejta, a mu\u0161karci generalno dobivaju manje hejta po internetu. Da dvije cure rade identi\u010dnu stvar, bilo bi drvlje i kamenje. Kada se pojavi\u0161 kao \u017eena i bilo \u0161to govori\u0161, ima\u0161 60 likova koji su frustrirani i pi\u0161u sva\u0161ta. Uz sve navedeno, ima i tu neki faktor X zbog kojeg mo\u017eemo analizirati koliko ho\u0107emo, ali ovo je ipak muzika, a ne matematika. Nepredvidivost, uostalom, i \u010dini pop kulturu toliko zanimljivom &#8211; komentira Sara.<\/p>\n<p>Poku\u0161avamo podvu\u0107i paralelu s onim \u0161to ona stvara, no obja\u0161njava da nije sigurna mo\u017ee li se ta paralela uop\u0107e na\u0107i.<\/p>\n<p>\u2014 Oni su daleko komercijalno isplativiji bend od mog. \u010cini mi se da su nam druge po\u010detne premise. Naravno, nastojim i ja od muzike imati nekakvu ekonomsku ra\u010dunicu, da putujemo i sviramo, jer od toga \u017eivim. Ali ne mo\u017ee\u0161 izdati album koji se zove &#8220;\u0160uti i pjevaj&#8221;, imati, izme\u0111u ostalog, podcrtane jake feministi\u010dke iskaze i o\u010dekivati da \u0107e\u0161 imati toliko publike na koncertu, to naprosto ne ide. Ili snimiti hermeti\u010dnu &#8220;Ti\u0161inu&#8221; bez ijednog klasi\u010dnog refrena i o\u010dekivati milijunske preglede. Ne znam koliko ima usporedbe izme\u0111u nas, osim \u0161to se u oba slu\u010daja, i u mom i u njihovom, radi o bendovima koji poslu krajnje ozbiljno pristupaju. Od odje\u0107e na bini, rasvjete, do \u010dega god ho\u0107e\u0161. To stvarno respektiram. Osim toga, upravo razgovaramo o njima u nedjelju popodne, \u0161to zna\u010di da su u kratkom vremenu ucrtali svoje mjesto u pop kulturi ovih prostora. Rijetko koji bend ba\u0161 tako eksplodira, svaka \u010dast &#8211; zaklju\u010duje Sara Renar.<\/p>\n<p><em>pi\u0161e Anja Ko\u017eul<\/em><\/p>\n","protected":false},"excerpt":{"rendered":"<p>Pan\u010deva\u010dki dvojac Bu\u010d Kesidi rasprodao je \u010dak pet koncerata krajem septembra u Zagrebu. Njihov fenomen analizirali smo s muzi\u010darkom Sarom Renar i Ivanom Kolarom s Radio Studenta. &#8220;Kad pogleda\u0161 singlove, njihovu prezentaciju i glazbeno-scenski identitet, jasno je za\u0161to su uspje\u0161ni&#8221;, ka\u017ee Ivan<\/p>\n","protected":false},"featured_media":3100,"template":"","tags":[141],"atribut":[],"class_list":["post-818","nada","type-nada","status-publish","has-post-thumbnail","hentry","tag-muzika-hr"],"acf":[],"yoast_head":"<!-- This site is optimized with the Yoast SEO plugin v27.4 - https:\/\/yoast.com\/product\/yoast-seo-wordpress\/ -->\n<title>Bu\u010dni Kesidi - SDF - Srpski demokratski forum<\/title>\n<meta name=\"robots\" content=\"index, follow, max-snippet:-1, max-image-preview:large, max-video-preview:-1\" \/>\n<link rel=\"canonical\" href=\"https:\/\/sdf.hr\/hr\/nada\/bucni-kesidi\/\" \/>\n<meta property=\"og:locale\" content=\"hr_HR\" \/>\n<meta property=\"og:type\" content=\"article\" \/>\n<meta property=\"og:title\" content=\"Bu\u010dni Kesidi - SDF - Srpski demokratski forum\" \/>\n<meta property=\"og:description\" content=\"Pan\u010deva\u010dki dvojac Bu\u010d Kesidi rasprodao je \u010dak pet koncerata krajem septembra u Zagrebu. Njihov fenomen analizirali smo s muzi\u010darkom Sarom Renar i Ivanom Kolarom s Radio Studenta. &quot;Kad pogleda\u0161 singlove, njihovu prezentaciju i glazbeno-scenski identitet, jasno je za\u0161to su uspje\u0161ni&quot;, ka\u017ee Ivan\" \/>\n<meta property=\"og:url\" content=\"https:\/\/sdf.hr\/hr\/nada\/bucni-kesidi\/\" \/>\n<meta property=\"og:site_name\" content=\"SDF - Srpski demokratski forum\" \/>\n<meta property=\"article:modified_time\" content=\"2023-03-25T17:14:23+00:00\" \/>\n<meta property=\"og:image\" content=\"https:\/\/sdf.hr\/wp-content\/uploads\/2022\/08\/Buc-Kesidi-1-scaled.jpg\" \/>\n\t<meta property=\"og:image:width\" content=\"2560\" \/>\n\t<meta property=\"og:image:height\" content=\"1837\" \/>\n\t<meta property=\"og:image:type\" content=\"image\/jpeg\" \/>\n<meta name=\"twitter:card\" content=\"summary_large_image\" \/>\n<meta name=\"twitter:label1\" content=\"Procijenjeno vrijeme \u010ditanja\" \/>\n\t<meta name=\"twitter:data1\" content=\"6 minuta\" \/>\n<script type=\"application\/ld+json\" class=\"yoast-schema-graph\">{\"@context\":\"https:\\\/\\\/schema.org\",\"@graph\":[{\"@type\":\"WebPage\",\"@id\":\"https:\\\/\\\/sdf.hr\\\/hr\\\/nada\\\/bucni-kesidi\\\/\",\"url\":\"https:\\\/\\\/sdf.hr\\\/hr\\\/nada\\\/bucni-kesidi\\\/\",\"name\":\"Bu\u010dni Kesidi - SDF - Srpski demokratski forum\",\"isPartOf\":{\"@id\":\"https:\\\/\\\/sdf.hr\\\/#website\"},\"primaryImageOfPage\":{\"@id\":\"https:\\\/\\\/sdf.hr\\\/hr\\\/nada\\\/bucni-kesidi\\\/#primaryimage\"},\"image\":{\"@id\":\"https:\\\/\\\/sdf.hr\\\/hr\\\/nada\\\/bucni-kesidi\\\/#primaryimage\"},\"thumbnailUrl\":\"https:\\\/\\\/sdf.hr\\\/wp-content\\\/uploads\\\/2022\\\/08\\\/Buc-Kesidi-1-scaled.jpg\",\"datePublished\":\"2022-08-27T10:04:34+00:00\",\"dateModified\":\"2023-03-25T17:14:23+00:00\",\"breadcrumb\":{\"@id\":\"https:\\\/\\\/sdf.hr\\\/hr\\\/nada\\\/bucni-kesidi\\\/#breadcrumb\"},\"inLanguage\":\"hr\",\"potentialAction\":[{\"@type\":\"ReadAction\",\"target\":[\"https:\\\/\\\/sdf.hr\\\/hr\\\/nada\\\/bucni-kesidi\\\/\"]}]},{\"@type\":\"ImageObject\",\"inLanguage\":\"hr\",\"@id\":\"https:\\\/\\\/sdf.hr\\\/hr\\\/nada\\\/bucni-kesidi\\\/#primaryimage\",\"url\":\"https:\\\/\\\/sdf.hr\\\/wp-content\\\/uploads\\\/2022\\\/08\\\/Buc-Kesidi-1-scaled.jpg\",\"contentUrl\":\"https:\\\/\\\/sdf.hr\\\/wp-content\\\/uploads\\\/2022\\\/08\\\/Buc-Kesidi-1-scaled.jpg\",\"width\":2560,\"height\":1837,\"caption\":\"Bu\u010d Kesidi \u2013 koncert u Zagrebu (Foto: Marko Lukuni\u0107\\\/PIXSELL)\"},{\"@type\":\"BreadcrumbList\",\"@id\":\"https:\\\/\\\/sdf.hr\\\/hr\\\/nada\\\/bucni-kesidi\\\/#breadcrumb\",\"itemListElement\":[{\"@type\":\"ListItem\",\"position\":1,\"name\":\"Po\u010detna stranica\",\"item\":\"https:\\\/\\\/sdf.hr\\\/hr\\\/\"},{\"@type\":\"ListItem\",\"position\":2,\"name\":\"Nada\",\"item\":\"https:\\\/\\\/sdf.hr\\\/nada\\\/\"},{\"@type\":\"ListItem\",\"position\":3,\"name\":\"Bu\u010dni Kesidi\"}]},{\"@type\":\"WebSite\",\"@id\":\"https:\\\/\\\/sdf.hr\\\/#website\",\"url\":\"https:\\\/\\\/sdf.hr\\\/\",\"name\":\"SDF - Srpski demokratski forum\",\"description\":\"Srpski demokratski forum\",\"publisher\":{\"@id\":\"https:\\\/\\\/sdf.hr\\\/#organization\"},\"potentialAction\":[{\"@type\":\"SearchAction\",\"target\":{\"@type\":\"EntryPoint\",\"urlTemplate\":\"https:\\\/\\\/sdf.hr\\\/?s={search_term_string}\"},\"query-input\":{\"@type\":\"PropertyValueSpecification\",\"valueRequired\":true,\"valueName\":\"search_term_string\"}}],\"inLanguage\":\"hr\"},{\"@type\":\"Organization\",\"@id\":\"https:\\\/\\\/sdf.hr\\\/#organization\",\"name\":\"SDF - Srpski demokratski forum\",\"url\":\"https:\\\/\\\/sdf.hr\\\/\",\"logo\":{\"@type\":\"ImageObject\",\"inLanguage\":\"hr\",\"@id\":\"https:\\\/\\\/sdf.hr\\\/#\\\/schema\\\/logo\\\/image\\\/\",\"url\":\"https:\\\/\\\/sdf.hr\\\/wp-content\\\/uploads\\\/2021\\\/07\\\/logo-hr.svg\",\"contentUrl\":\"https:\\\/\\\/sdf.hr\\\/wp-content\\\/uploads\\\/2021\\\/07\\\/logo-hr.svg\",\"width\":271,\"height\":100,\"caption\":\"SDF - Srpski demokratski forum\"},\"image\":{\"@id\":\"https:\\\/\\\/sdf.hr\\\/#\\\/schema\\\/logo\\\/image\\\/\"}}]}<\/script>\n<!-- \/ Yoast SEO plugin. -->","yoast_head_json":{"title":"Bu\u010dni Kesidi - SDF - Srpski demokratski forum","robots":{"index":"index","follow":"follow","max-snippet":"max-snippet:-1","max-image-preview":"max-image-preview:large","max-video-preview":"max-video-preview:-1"},"canonical":"https:\/\/sdf.hr\/hr\/nada\/bucni-kesidi\/","og_locale":"hr_HR","og_type":"article","og_title":"Bu\u010dni Kesidi - SDF - Srpski demokratski forum","og_description":"Pan\u010deva\u010dki dvojac Bu\u010d Kesidi rasprodao je \u010dak pet koncerata krajem septembra u Zagrebu. Njihov fenomen analizirali smo s muzi\u010darkom Sarom Renar i Ivanom Kolarom s Radio Studenta. \"Kad pogleda\u0161 singlove, njihovu prezentaciju i glazbeno-scenski identitet, jasno je za\u0161to su uspje\u0161ni\", ka\u017ee Ivan","og_url":"https:\/\/sdf.hr\/hr\/nada\/bucni-kesidi\/","og_site_name":"SDF - Srpski demokratski forum","article_modified_time":"2023-03-25T17:14:23+00:00","og_image":[{"width":2560,"height":1837,"url":"https:\/\/sdf.hr\/wp-content\/uploads\/2022\/08\/Buc-Kesidi-1-scaled.jpg","type":"image\/jpeg"}],"twitter_card":"summary_large_image","twitter_misc":{"Procijenjeno vrijeme \u010ditanja":"6 minuta"},"schema":{"@context":"https:\/\/schema.org","@graph":[{"@type":"WebPage","@id":"https:\/\/sdf.hr\/hr\/nada\/bucni-kesidi\/","url":"https:\/\/sdf.hr\/hr\/nada\/bucni-kesidi\/","name":"Bu\u010dni Kesidi - SDF - Srpski demokratski forum","isPartOf":{"@id":"https:\/\/sdf.hr\/#website"},"primaryImageOfPage":{"@id":"https:\/\/sdf.hr\/hr\/nada\/bucni-kesidi\/#primaryimage"},"image":{"@id":"https:\/\/sdf.hr\/hr\/nada\/bucni-kesidi\/#primaryimage"},"thumbnailUrl":"https:\/\/sdf.hr\/wp-content\/uploads\/2022\/08\/Buc-Kesidi-1-scaled.jpg","datePublished":"2022-08-27T10:04:34+00:00","dateModified":"2023-03-25T17:14:23+00:00","breadcrumb":{"@id":"https:\/\/sdf.hr\/hr\/nada\/bucni-kesidi\/#breadcrumb"},"inLanguage":"hr","potentialAction":[{"@type":"ReadAction","target":["https:\/\/sdf.hr\/hr\/nada\/bucni-kesidi\/"]}]},{"@type":"ImageObject","inLanguage":"hr","@id":"https:\/\/sdf.hr\/hr\/nada\/bucni-kesidi\/#primaryimage","url":"https:\/\/sdf.hr\/wp-content\/uploads\/2022\/08\/Buc-Kesidi-1-scaled.jpg","contentUrl":"https:\/\/sdf.hr\/wp-content\/uploads\/2022\/08\/Buc-Kesidi-1-scaled.jpg","width":2560,"height":1837,"caption":"Bu\u010d Kesidi \u2013 koncert u Zagrebu (Foto: Marko Lukuni\u0107\/PIXSELL)"},{"@type":"BreadcrumbList","@id":"https:\/\/sdf.hr\/hr\/nada\/bucni-kesidi\/#breadcrumb","itemListElement":[{"@type":"ListItem","position":1,"name":"Po\u010detna stranica","item":"https:\/\/sdf.hr\/hr\/"},{"@type":"ListItem","position":2,"name":"Nada","item":"https:\/\/sdf.hr\/nada\/"},{"@type":"ListItem","position":3,"name":"Bu\u010dni Kesidi"}]},{"@type":"WebSite","@id":"https:\/\/sdf.hr\/#website","url":"https:\/\/sdf.hr\/","name":"SDF - Srpski demokratski forum","description":"Srpski demokratski forum","publisher":{"@id":"https:\/\/sdf.hr\/#organization"},"potentialAction":[{"@type":"SearchAction","target":{"@type":"EntryPoint","urlTemplate":"https:\/\/sdf.hr\/?s={search_term_string}"},"query-input":{"@type":"PropertyValueSpecification","valueRequired":true,"valueName":"search_term_string"}}],"inLanguage":"hr"},{"@type":"Organization","@id":"https:\/\/sdf.hr\/#organization","name":"SDF - Srpski demokratski forum","url":"https:\/\/sdf.hr\/","logo":{"@type":"ImageObject","inLanguage":"hr","@id":"https:\/\/sdf.hr\/#\/schema\/logo\/image\/","url":"https:\/\/sdf.hr\/wp-content\/uploads\/2021\/07\/logo-hr.svg","contentUrl":"https:\/\/sdf.hr\/wp-content\/uploads\/2021\/07\/logo-hr.svg","width":271,"height":100,"caption":"SDF - Srpski demokratski forum"},"image":{"@id":"https:\/\/sdf.hr\/#\/schema\/logo\/image\/"}}]}},"_links":{"self":[{"href":"https:\/\/sdf.hr\/hr\/wp-json\/wp\/v2\/nada\/818","targetHints":{"allow":["GET"]}}],"collection":[{"href":"https:\/\/sdf.hr\/hr\/wp-json\/wp\/v2\/nada"}],"about":[{"href":"https:\/\/sdf.hr\/hr\/wp-json\/wp\/v2\/types\/nada"}],"wp:featuredmedia":[{"embeddable":true,"href":"https:\/\/sdf.hr\/hr\/wp-json\/wp\/v2\/media\/3100"}],"wp:attachment":[{"href":"https:\/\/sdf.hr\/hr\/wp-json\/wp\/v2\/media?parent=818"}],"wp:term":[{"taxonomy":"post_tag","embeddable":true,"href":"https:\/\/sdf.hr\/hr\/wp-json\/wp\/v2\/tags?post=818"},{"taxonomy":"atribut","embeddable":true,"href":"https:\/\/sdf.hr\/hr\/wp-json\/wp\/v2\/atribut?post=818"}],"curies":[{"name":"wp","href":"https:\/\/api.w.org\/{rel}","templated":true}]}}