{"id":8183,"date":"2026-03-04T08:34:58","date_gmt":"2026-03-04T07:34:58","guid":{"rendered":"https:\/\/sdf.hr\/nada\/sto-kad-ljubimca-boli\/"},"modified":"2026-03-02T12:35:33","modified_gmt":"2026-03-02T11:35:33","slug":"sto-kad-ljubimca-boli","status":"publish","type":"nada","link":"https:\/\/sdf.hr\/hr\/nada\/sto-kad-ljubimca-boli\/","title":{"rendered":"\u0160to kad ljubimca boli"},"content":{"rendered":"<p>Kada je prije skoro deset godina ultrakonzervativni portal Narod.hr objavio kolumnu u kojoj se ljude s ku\u0107nim ljubimcima &#8220;proziva&#8221; jer spavaju s njima u krevetu umjesto da ra\u0111aju djecu, \u0161ira javnost ismijala je ovaj krajnje tradicionalisti\u010dki stav. I uistinu, broj ku\u0107nih ljubimaca, posebice pasa i ma\u010daka raste iz godine u godinu, a oni se sve vi\u0161e do\u017eivljavaju kao punopravni \u010dlanovi obitelji. No emocionalni odnos prema njima ne prati porast njihovih prava, \u0161to se dobro vidi u zdravstvenoj skrbi. U slu\u010daju bolesti tro\u0161kovi lije\u010denja mogu dose\u0107i alarmantno visoke iznose, te\u0161ko podno\u0161ljive i za ku\u0107anstva prosje\u010dnih primanja.<\/p>\n<p>Ni Eurostat ni Dr\u017eavni zavod za statistiku ne prikupljaju podatke o broju ku\u0107nih ljubimaca, ve\u0107 oni naj\u010de\u0161\u0107e dolaze od industrijskih organizacija kao \u0161to je Europska federacija proizvo\u0111a\u010da hrane za ku\u0107ne ljubimce, prema kojoj je 2023. godine 139 milijuna europskih ku\u0107anstava (49 posto) posjedovalo jednog ili vi\u0161e od ukupno 299 milijuna ku\u0107nih ljubimaca u Europi. Od toga, 108 milijuna su bile ma\u010dke, a 90 milijuna psi. U Hrvatskoj je, prema ovoj procjeni, bilo 709.000 pasa i 419.000 ma\u010daka. O velikom broju ku\u0107nih ljubimaca govore i slu\u017ebene statistike Ministarstva poljoprivrede koje bilje\u017ee \u010dipiranje pasa. U razdoblju od 20 godina, godi\u0161nji broj \u010dipiranih pasa pove\u0107ao se sa 7351 u 2005. na 55.779 pro\u0161le godine.<\/p>\n<p>Unato\u010d tome, adekvatno zdravstveno osiguranje ku\u0107nih ljubimaca ne prati ovaj porast. Njihova skrb je u potpunosti na teretu ku\u0107anstava u kojima \u017eive, a opcije privatnih osiguranja su za ve\u0107inu neisplative.<\/p>\n<p>U velja\u010di ove godine dvogodi\u0161nja stafordica Zoi se otrovala. Do\u0161lo je do akutnog zatajenja bubrega, zbog \u010dega joj su joj bile potrebne dijaliza i intenzivna medicinska skrb. Budu\u0107i da takvo lije\u010denje u Hrvatskoj ne postoji, njena obitelj odvela ju je u Be\u010d.<\/p>\n<p>&#8211; Kada smo do\u0161li tamo, prva procjena tro\u0161kova lije\u010denja bila je osam tisu\u0107a eura \u2013 ispri\u010dala nam je <strong>Ana Brlek<\/strong>.<\/p>\n<p>Zbog toga je pokrenuta GO Fund kampanja preko koje su prikupljali sredstva. Na\u017ealost, u drugoj polovici velja\u010de Zoi je uginula, a kona\u010dni tro\u0161kovi koji su uklju\u010dili dijalizu i nekoliko transfuzija iznosili su 14,9 tisu\u0107a eura.<\/p>\n<p>Kad je rije\u010d o lije\u010denju ku\u0107nih ljubimaca, veterinarka i redateljica <strong>Sun\u010dica Ana Veldi\u0107<\/strong> procijenila je da su najskuplje kirur\u0161ke operacije na lokomotornom sustavu, kao \u0161to je operacija prednjeg kri\u017enog ligamenta kod pasa ili operacije na kralje\u017enici.<\/p>\n<p>&#8211; Od operacija na mekom tkivu i rje\u0111ih patologija to su operacija portosistemskog \u0161anta ili dijafragmatske hernije \u2013 ka\u017ee na\u0161a sugovornica, dodaju\u0107i kako nisu jeftine niti dijagnostike rijetkih bolesti, a naj\u010de\u0161\u0107a i najskuplja su hitna stanja.<\/p>\n<p>&#8211; To su, primjerice, neprilike kad usred no\u0107i \u017eivotinja mora biti hitno zaprimljena na neku od de\u017eurnih klinika, pa onda tamo i ostane jer se ne mo\u017ee lako do\u0107i do dijagnoze, a potrebna je intenzivna skrb. Takve situacije, ako potraju nekoliko dana, mogu napraviti tro\u0161ak vlasniku koji dose\u017ee i do nekoliko tisu\u0107a eura \u2013 objasnila je.<\/p>\n<figure id=\"attachment_8179\" aria-describedby=\"caption-attachment-8179\" style=\"width: 2560px\" class=\"wp-caption alignnone\"><img loading=\"lazy\" decoding=\"async\" class=\"wp-image-8179 size-full\" src=\"https:\/\/sdf.hr\/wp-content\/uploads\/2026\/03\/Veldic_Sandro-Lendler-scaled.jpg\" alt=\"\" width=\"2560\" height=\"1963\" srcset=\"https:\/\/sdf.hr\/wp-content\/uploads\/2026\/03\/Veldic_Sandro-Lendler-scaled.jpg 2560w, https:\/\/sdf.hr\/wp-content\/uploads\/2026\/03\/Veldic_Sandro-Lendler-300x230.jpg 300w, https:\/\/sdf.hr\/wp-content\/uploads\/2026\/03\/Veldic_Sandro-Lendler-1024x785.jpg 1024w, https:\/\/sdf.hr\/wp-content\/uploads\/2026\/03\/Veldic_Sandro-Lendler-768x589.jpg 768w, https:\/\/sdf.hr\/wp-content\/uploads\/2026\/03\/Veldic_Sandro-Lendler-1536x1178.jpg 1536w, https:\/\/sdf.hr\/wp-content\/uploads\/2026\/03\/Veldic_Sandro-Lendler-2048x1570.jpg 2048w\" sizes=\"auto, (max-width: 2560px) 100vw, 2560px\" \/><figcaption id=\"caption-attachment-8179\" class=\"wp-caption-text\">Sun\u010dica Ana Veldi\u0107 (Foto: Sandro Lendler)<\/figcaption><\/figure>\n<p>&#8211; Veterinarske usluge s godinama poskupljuju, no variraju od veterinara do veterinara \u2013 ispri\u010dala je za Nadu <strong>Rujana Jeger<\/strong>, autorica knjige o psima &#8220;Bez dlake na jeziku&#8221; i pokreta\u010dica portala <a href=\"https:\/\/www.rujanajeger.com\/\">Pasji \u017eivot<\/a>, dodaju\u0107i kako neki ne podi\u017eu cijene svojih usluga jer znaju da njihovi klijenti to ne mogu podnijeti, pa zaradu kompenziraju tako \u0161to obra\u0111uju ve\u0107i broj ljubimaca.<\/p>\n<p>Drugi pak postaju dio fran\u0161iza, \u010diji je cilj jedino profit nau\u0161trb usluge, \u0161to dovodi do pada kvalitete te napla\u0107ivanja pregleda koji nisu potrebni.<\/p>\n<p>&#8211; Svaka mala praksa ima neku svoju taktiku koja je bazirana na presjeku stanovni\u0161tva u njenom kvartu i iskustvima s tim ljudima i njihovim ljubimcima \u2013 rekla je Jeger, dodaju\u0107i kako okrupnjivanje malih veterinarskih ordinacija nikako nije dobro za bud\u017eete doma\u0107instava u kojima ljubimci \u017eive.<\/p>\n<p>Za ozbiljnije probleme, Veterinarski fakultet je za Jeger najbolja opcija. Imaju najstru\u010dniji kadar te obi\u010dno ni\u017ee cijene. No \u010desto su preoptere\u0107eni poslom jer njihovi veterinari ve\u0107inom predaju i na fakultetu pa im je radno vrijeme ograni\u010deno na dva sata tijekom jutra i popodneva. A to zna\u010di i da neke klinike primaju ku\u0107ne ljubimce po hitnosti, pa \u0107e onaj tko do\u0111e samo na pregled \u010dekati vjerojatno du\u017ee dok se ne obrade ljubimci s hitnijim dijagnozama.<\/p>\n<p>&#8211; Uvijek idem na Veterinarski fakultet jer za ono \u0161to mi je do sada trebalo su se pokazali visoko stru\u010dni. Na primjer, njihov kardiolog je najbolji u dr\u017eavi, tako da \u0107u radije \u010dekati dok ne do\u0111em na red jer znam da se isplati \u2013 rekla je Jeger i dodala kako ljudi \u010desto prigovaraju da im na Veterinarskom fakultetu ne pridaju dovoljno pa\u017enje, \u0161to je opet razumljivo jer su preoptere\u0107eni poslom.<\/p>\n<p>Veldi\u0107 je upozorila kako dana\u0161nja razina veterinarske medicine u svijetu i u Hrvatskoj name\u0107e vi\u0161e standarde lije\u010denja koji su ponekad vidljivi samo u cijeni usluge, a ne u kvaliteti.<\/p>\n<p>&#8211; Veterinari stare \u0161kole uglavnom nude solidnu uslugu, paletu osnovnih pretraga, ali i opse\u017eno iskustvo koje je ponekad bolje i korisnije za \u017eivotinju, ali i za vlasnika nego dijagnosti\u010dka obrada na razini akademskih ustanova \u2013 rekla je Veldi\u0107, dodaju\u0107i kako se uvijek treba dobro raspitati za iskustva s veterinarima.<\/p>\n<p>&#8211; Najbolji je veterinar onaj koji u osnovnom klini\u010dkom pregledu mo\u017ee do\u0107i do dijagnoze koju dodatne dijagnosti\u010dke metode potvr\u0111uju, isklju\u010duju ili preciziraju, a slab je veterinar onaj koji prije nego je razmi\u0161ljaju\u0107i o pacijentu, usmjeruju\u0107i i suzuju\u0107i pretragu, u startu napravio &#8220;sve \u0161to je mogao napraviti&#8221;. To \u010desto bude velik ra\u010dun za vlasnika \u017eivotinje, a dijagnoza je jo\u0161 u magli \u2013 pojasnila je.<\/p>\n<p>Posljednjih godina osiguravaju\u0107e ku\u0107e u Hrvatskoj nude opcije za ku\u0107ne ljubimce. Jedna od njih za patuljastu pudlicu staru sedam godina nudi po\u010detno osiguranje u godi\u0161njem iznosu od 16,67 eura. Ono pokriva tro\u0161kove uginu\u0107a ili eutanazije zbog bolesti ili nesretnog slu\u010daja, kao i \u0161tetu koju ljubimac pri\u010dini tre\u0107im osobama u iznosu od 2,7 tisu\u0107a eura. Za dodatnih 20,90 eura, osiguravaju se tro\u0161kovi jednog \u010di\u0161\u0107enja analnih \u017elijezdi do 25 eura te cjepiva do 25 eura. Ova osiguravaju\u0107a ku\u0107a nudi i tre\u0107u opciju od 118,74 eura, a pokriva tro\u0161kove lije\u010denja pasa i ma\u010daka tako \u0161to osiguravatelj snosi 15, 25 ili 40 posto tro\u0161kova veterinarskog lije\u010denja i dijagnosti\u010dkih postupaka do iznosa od 600 eura. Neke druge osiguravaju\u0107e ku\u0107e nude za\u0161titu ku\u0107nih ljubimaca, no samo uz osiguranje motornih vozila.<\/p>\n<p>S obzirom na popularnost njenog profila Pasji \u017eivot na Facebooku, iz jedne osiguravaju\u0107e ku\u0107e \u017eeljeli su da Rujana Jeger promovira njihovo osiguranje za ku\u0107ne ljubimce. Prou\u010dila je \u0161to nude i shvatila: &#8220;OK, ja tu nemam \u0161to reklamirati&#8221;. Staviv\u0161i na papir tro\u0161kove za njene pse kada su bili bolesni, izra\u010dunala je da joj se to jednostavno ne isplati. Trenuta\u010dno ima tri &#8220;seniorke&#8221;, od kojih je jedna, ina\u010de mali engleski hrt, imala neurolo\u0161ku bolest za \u010dije je lije\u010denje platila oko 1500 eura. Nju je dobila kao odraslog psa i ima je \u010detiri godine. Da je pla\u0107ala osiguranje sve te godine, opet joj se ne bi isplatilo jer postoje\u0107e police odobravaju tro\u0161kove lije\u010denja do odre\u0111enog iznosa koji pak ne pla\u0107aju u cijelosti.<\/p>\n<figure id=\"attachment_8181\" aria-describedby=\"caption-attachment-8181\" style=\"width: 2560px\" class=\"wp-caption alignnone\"><img loading=\"lazy\" decoding=\"async\" class=\"wp-image-8181 size-full\" src=\"https:\/\/sdf.hr\/wp-content\/uploads\/2026\/03\/Jeger_Davorin-Visnjic-scaled.jpg\" alt=\"\" width=\"2560\" height=\"1757\" srcset=\"https:\/\/sdf.hr\/wp-content\/uploads\/2026\/03\/Jeger_Davorin-Visnjic-scaled.jpg 2560w, https:\/\/sdf.hr\/wp-content\/uploads\/2026\/03\/Jeger_Davorin-Visnjic-300x206.jpg 300w, https:\/\/sdf.hr\/wp-content\/uploads\/2026\/03\/Jeger_Davorin-Visnjic-1024x703.jpg 1024w, https:\/\/sdf.hr\/wp-content\/uploads\/2026\/03\/Jeger_Davorin-Visnjic-768x527.jpg 768w, https:\/\/sdf.hr\/wp-content\/uploads\/2026\/03\/Jeger_Davorin-Visnjic-1536x1054.jpg 1536w, https:\/\/sdf.hr\/wp-content\/uploads\/2026\/03\/Jeger_Davorin-Visnjic-2048x1406.jpg 2048w\" sizes=\"auto, (max-width: 2560px) 100vw, 2560px\" \/><figcaption id=\"caption-attachment-8181\" class=\"wp-caption-text\">Rujana Jeger (Foto: Davorin Vi\u0161nji\u0107\/PIXSELL)<\/figcaption><\/figure>\n<p>Osim toga postoji i odre\u0111eni rasizam kod uginu\u0107a, kako je rekla, koji favorizira u smislu tro\u0161kova rasne pse u odnosu na mje\u0161ance.<\/p>\n<p>&#8211; Emocionalno meni svi moji psi jednako vrijede. Da mi sada ugine pas, ne bih se ni sjetila tra\u017eiti osiguranje jer \u0161to imam od toga da mi netko da 100, 300 ili 1000 eura kad vi\u0161e nemam psa? Zna\u010di, ni to se ne isplati, osim ako u \u017eivotu ne razmi\u0161lja\u0161 na taj na\u010din \u2013 rekla je.<\/p>\n<p>&#8211; Na\u017ealost, ljudi jo\u0161 uvijek ne shva\u0107aju da je pas zapravo luksuz \u2013 dodala je, napominju\u0107i kako mnogo ljudi prilikom uzimanja pasa ne razmi\u0161lja o tome mo\u017ee li u slu\u010daju njihove bolesti to financijski podnijeti.<\/p>\n<p>Jeger razumije da je to normalno jer smo emocionalna bi\u0107a i u ve\u0107ini slu\u010dajeva ne razmi\u0161ljamo tako kada \u017eelimo ku\u0107nog ljubimca.<\/p>\n<p>&#8211; Jako je te\u0161ko raspetljati taj emotivni odnos prema psu, staviti stvari na papir i upitati se da li si mogu dopustiti psa \u2013 rekla je, upozoravaju\u0107i ipak kako je u trenutku nabave ku\u0107nog ljubimca potrebno razborito postupati.<\/p>\n<p>Mije\u0161ane pasmine su malo manje sklone genetskim bolestima, ali ako \u010dovjek ba\u0161 \u017eeli rasnog psa, treba ga uzeti od odgovornih uzgajiva\u010da pri Hrvatskom kinolo\u0161kom savezu jer je kod njih manja vjerojatnost da \u0107e u budu\u0107nosti imati genetske bolesti.<\/p>\n<p>&#8211; Za rasne pse ljudi trebaju studiozno prou\u010diti tko je dobar uzgajiva\u010d i radi li sve propisane i sugerirane preglede. Ako nemaju tu mogu\u0107nost, onda je bolja opcija udomiti. U svojih 45 godina koliko sam imala pse jedino sam ih tako nabavljala \u2013 udomljavanjem ili iz kvalitetnog uzgoja \u2013 rekla je Jeger dodaju\u0107i kako bi &#8220;ljudi uvijek i ovce i novce&#8221; pa se upu\u0161taju u sumnjive kupovine egzoti\u010dnih pasa bez knji\u017eica i rodovnica, \u010desto pro\u0161vercanih iz drugih dr\u017eava, koje onda uop\u0107e ne mogu legalizirati jer ih veterinari prema zakonu ne smiju \u010dipirati.<\/p>\n<p>Upozorila je i kako je po njenom iskustvu najbolje ulagati u preventivu, odnosno kvalitetnu prehranu i redovite godi\u0161nje sistematske preglede.<\/p>\n<p>Vlasnici vjerojatno ne znaju puno o mogu\u0107im tro\u0161kovima prije nego se bolest dogodi i, prema Veldi\u0107, to ne bi trebao biti najve\u0107i faktor koji \u0107e ih odvratiti od udomljavanja jedne ili dviju \u017eivotinja. A kad se radi o ma\u010dki, u nekim europskim dr\u017eavama je \u010dak pravilo da se udomljuju dvije radi dru\u0161tva.<\/p>\n<p>&#8211; No protivim se prekobrojnom udomljavanju \u017eivotinja u privremeni ili stalni dom ku\u0107anstava koja ne mogu tim \u017eivotinjama pru\u017eiti higijenske uvjete, veterinarsku skrb i adekvatnu kvadraturu prostora za \u017eivot, takvog da nije prenapu\u010den drugim jedinkama. Tu pojavu popularno zovemo hordanje. Ono \u010desto na dru\u0161tvenim mre\u017eama prolazi pod pomaganje \u017eivotinjama, a zapravo se radi o vrsti zlostavljanja i zato\u010denja \u2013 rekla je Veldi\u0107 i dodala kako takvi pomaga\u010di \u010desto nemaju sredstava za lije\u010denje bolesti, od kojih su mnoge i uvjetovane prenapu\u010deno\u0161\u0107u i neadekvatnim dr\u017eanjem u prostoru u kojem kolaju infektivne bolesti.<\/p>\n<p>&#8211; Ponekad pomaga\u010di namjerno uzimaju te\u0161ko bolesnu \u017eivotinju, za koju je mo\u017eda spas humana eutanazija, kako bi se skupljale donacije koje se onda netransparentno utope u neprimjerene tro\u0161kove, prilikom \u010dega \u010desto ta \u017eivotinja i dalje ili jo\u0161 vi\u0161e pati \u2013 dodala je.<\/p>\n<p>&#8211; Potreba za osiguranjem apsolutno postoji na tr\u017ei\u0161tu. No to osiguranje bi trebalo biti isplativo i pokrivati sve tro\u0161kove bez diskriminacije s obzirom na dob ili pasminu kad je rije\u010d o psima \u2013 rekla je Jeger.<\/p>\n<p>Na ideju da se skrb za ku\u0107ne ljubimce ve\u017ee uz zdravstveno osiguranje ljudi, Jeger je odmahnula rukom. Prema njenom mi\u0161ljenju, to jednostavno nije mogu\u0107e ni iz prakti\u010dnih razloga jer su veterinarske ordinacije privatne uz izuzetak fakulteta, a i samo javno zdravstvo u Hrvatskoj polako, ali sigurno se privatizira.<\/p>\n<p>&#8211; Bilo bi super da tako ne\u0161to postoji, ali to bi bilo mogu\u0107e samo da \u017eivimo u znanstveno-fantasti\u010dnom romanu &#8220;Grad&#8221; <strong>Clifforda Simaka<\/strong>, gdje psi \u010duvaju kulturu na Zemlji, a ljudi odlaze na Mars \u2013 zaklju\u010dila je.<\/p>\n<p><em>pi\u0161e Ma\u0161enjka Ba\u010di\u0107<\/em><\/p>\n","protected":false},"excerpt":{"rendered":"<p>Procjenjuje se da u Hrvatskoj ima vi\u0161e od 709 tisu\u0107a pasa i 419 tisu\u0107a ma\u010daka. Iako broj ku\u0107nih ljubimaca stalno raste, zdravstvena skrb nije adekvatno rije\u0161ena, a tro\u0161kovi lije\u010denja \u010desto iznose vi\u0161e tisu\u0107a eura<\/p>\n","protected":false},"featured_media":8178,"template":"","tags":[130],"atribut":[],"class_list":["post-8183","nada","type-nada","status-publish","has-post-thumbnail","hentry","tag-tema"],"acf":[],"yoast_head":"<!-- This site is optimized with the Yoast SEO plugin v27.4 - https:\/\/yoast.com\/product\/yoast-seo-wordpress\/ -->\n<title>\u0160to kad ljubimca boli - SDF - Srpski demokratski forum<\/title>\n<meta name=\"robots\" content=\"index, follow, max-snippet:-1, max-image-preview:large, max-video-preview:-1\" \/>\n<link rel=\"canonical\" href=\"https:\/\/sdf.hr\/nada\/sto-kad-ljubimca-boli\/\" \/>\n<meta property=\"og:locale\" content=\"hr_HR\" \/>\n<meta property=\"og:type\" content=\"article\" \/>\n<meta property=\"og:title\" content=\"\u0160to kad ljubimca boli - SDF - Srpski demokratski forum\" \/>\n<meta property=\"og:description\" content=\"Procjenjuje se da u Hrvatskoj ima vi\u0161e od 709 tisu\u0107a pasa i 419 tisu\u0107a ma\u010daka. Iako broj ku\u0107nih ljubimaca stalno raste, zdravstvena skrb nije adekvatno rije\u0161ena, a tro\u0161kovi lije\u010denja \u010desto iznose vi\u0161e tisu\u0107a eura\" \/>\n<meta property=\"og:url\" content=\"https:\/\/sdf.hr\/nada\/sto-kad-ljubimca-boli\/\" \/>\n<meta property=\"og:site_name\" content=\"SDF - Srpski demokratski forum\" \/>\n<meta property=\"og:image\" content=\"https:\/\/sdf.hr\/wp-content\/uploads\/2026\/03\/Pas_Marko-Prpic-scaled.jpg\" \/>\n\t<meta property=\"og:image:width\" content=\"2560\" \/>\n\t<meta property=\"og:image:height\" content=\"1746\" \/>\n\t<meta property=\"og:image:type\" content=\"image\/jpeg\" \/>\n<meta name=\"twitter:card\" content=\"summary_large_image\" \/>\n<meta name=\"twitter:label1\" content=\"Procijenjeno vrijeme \u010ditanja\" \/>\n\t<meta name=\"twitter:data1\" content=\"10 minuta\" \/>\n<script type=\"application\/ld+json\" class=\"yoast-schema-graph\">{\"@context\":\"https:\\\/\\\/schema.org\",\"@graph\":[{\"@type\":\"WebPage\",\"@id\":\"https:\\\/\\\/sdf.hr\\\/nada\\\/sto-kad-ljubimca-boli\\\/\",\"url\":\"https:\\\/\\\/sdf.hr\\\/nada\\\/sto-kad-ljubimca-boli\\\/\",\"name\":\"\u0160to kad ljubimca boli - SDF - Srpski demokratski forum\",\"isPartOf\":{\"@id\":\"https:\\\/\\\/sdf.hr\\\/#website\"},\"primaryImageOfPage\":{\"@id\":\"https:\\\/\\\/sdf.hr\\\/nada\\\/sto-kad-ljubimca-boli\\\/#primaryimage\"},\"image\":{\"@id\":\"https:\\\/\\\/sdf.hr\\\/nada\\\/sto-kad-ljubimca-boli\\\/#primaryimage\"},\"thumbnailUrl\":\"https:\\\/\\\/sdf.hr\\\/wp-content\\\/uploads\\\/2026\\\/03\\\/Pas_Marko-Prpic-scaled.jpg\",\"datePublished\":\"2026-03-04T07:34:58+00:00\",\"breadcrumb\":{\"@id\":\"https:\\\/\\\/sdf.hr\\\/nada\\\/sto-kad-ljubimca-boli\\\/#breadcrumb\"},\"inLanguage\":\"hr\",\"potentialAction\":[{\"@type\":\"ReadAction\",\"target\":[\"https:\\\/\\\/sdf.hr\\\/nada\\\/sto-kad-ljubimca-boli\\\/\"]}]},{\"@type\":\"ImageObject\",\"inLanguage\":\"hr\",\"@id\":\"https:\\\/\\\/sdf.hr\\\/nada\\\/sto-kad-ljubimca-boli\\\/#primaryimage\",\"url\":\"https:\\\/\\\/sdf.hr\\\/wp-content\\\/uploads\\\/2026\\\/03\\\/Pas_Marko-Prpic-scaled.jpg\",\"contentUrl\":\"https:\\\/\\\/sdf.hr\\\/wp-content\\\/uploads\\\/2026\\\/03\\\/Pas_Marko-Prpic-scaled.jpg\",\"width\":2560,\"height\":1746,\"caption\":\"Hitna stanja i kirur\u0161ke operacije spadaju u najskuplje tro\u0161kove (Foto: Marko Prpi\u0107\\\/PIXSELL)\"},{\"@type\":\"BreadcrumbList\",\"@id\":\"https:\\\/\\\/sdf.hr\\\/nada\\\/sto-kad-ljubimca-boli\\\/#breadcrumb\",\"itemListElement\":[{\"@type\":\"ListItem\",\"position\":1,\"name\":\"Po\u010detna stranica\",\"item\":\"https:\\\/\\\/sdf.hr\\\/hr\\\/\"},{\"@type\":\"ListItem\",\"position\":2,\"name\":\"Nada\",\"item\":\"https:\\\/\\\/sdf.hr\\\/nada\\\/\"},{\"@type\":\"ListItem\",\"position\":3,\"name\":\"\u0160to kad ljubimca boli\"}]},{\"@type\":\"WebSite\",\"@id\":\"https:\\\/\\\/sdf.hr\\\/#website\",\"url\":\"https:\\\/\\\/sdf.hr\\\/\",\"name\":\"SDF - Srpski demokratski forum\",\"description\":\"Srpski demokratski forum\",\"publisher\":{\"@id\":\"https:\\\/\\\/sdf.hr\\\/#organization\"},\"potentialAction\":[{\"@type\":\"SearchAction\",\"target\":{\"@type\":\"EntryPoint\",\"urlTemplate\":\"https:\\\/\\\/sdf.hr\\\/?s={search_term_string}\"},\"query-input\":{\"@type\":\"PropertyValueSpecification\",\"valueRequired\":true,\"valueName\":\"search_term_string\"}}],\"inLanguage\":\"hr\"},{\"@type\":\"Organization\",\"@id\":\"https:\\\/\\\/sdf.hr\\\/#organization\",\"name\":\"SDF - Srpski demokratski forum\",\"url\":\"https:\\\/\\\/sdf.hr\\\/\",\"logo\":{\"@type\":\"ImageObject\",\"inLanguage\":\"hr\",\"@id\":\"https:\\\/\\\/sdf.hr\\\/#\\\/schema\\\/logo\\\/image\\\/\",\"url\":\"https:\\\/\\\/sdf.hr\\\/wp-content\\\/uploads\\\/2021\\\/07\\\/logo-hr.svg\",\"contentUrl\":\"https:\\\/\\\/sdf.hr\\\/wp-content\\\/uploads\\\/2021\\\/07\\\/logo-hr.svg\",\"width\":271,\"height\":100,\"caption\":\"SDF - Srpski demokratski forum\"},\"image\":{\"@id\":\"https:\\\/\\\/sdf.hr\\\/#\\\/schema\\\/logo\\\/image\\\/\"}}]}<\/script>\n<!-- \/ Yoast SEO plugin. -->","yoast_head_json":{"title":"\u0160to kad ljubimca boli - SDF - Srpski demokratski forum","robots":{"index":"index","follow":"follow","max-snippet":"max-snippet:-1","max-image-preview":"max-image-preview:large","max-video-preview":"max-video-preview:-1"},"canonical":"https:\/\/sdf.hr\/nada\/sto-kad-ljubimca-boli\/","og_locale":"hr_HR","og_type":"article","og_title":"\u0160to kad ljubimca boli - SDF - Srpski demokratski forum","og_description":"Procjenjuje se da u Hrvatskoj ima vi\u0161e od 709 tisu\u0107a pasa i 419 tisu\u0107a ma\u010daka. Iako broj ku\u0107nih ljubimaca stalno raste, zdravstvena skrb nije adekvatno rije\u0161ena, a tro\u0161kovi lije\u010denja \u010desto iznose vi\u0161e tisu\u0107a eura","og_url":"https:\/\/sdf.hr\/nada\/sto-kad-ljubimca-boli\/","og_site_name":"SDF - Srpski demokratski forum","og_image":[{"width":2560,"height":1746,"url":"https:\/\/sdf.hr\/wp-content\/uploads\/2026\/03\/Pas_Marko-Prpic-scaled.jpg","type":"image\/jpeg"}],"twitter_card":"summary_large_image","twitter_misc":{"Procijenjeno vrijeme \u010ditanja":"10 minuta"},"schema":{"@context":"https:\/\/schema.org","@graph":[{"@type":"WebPage","@id":"https:\/\/sdf.hr\/nada\/sto-kad-ljubimca-boli\/","url":"https:\/\/sdf.hr\/nada\/sto-kad-ljubimca-boli\/","name":"\u0160to kad ljubimca boli - SDF - Srpski demokratski forum","isPartOf":{"@id":"https:\/\/sdf.hr\/#website"},"primaryImageOfPage":{"@id":"https:\/\/sdf.hr\/nada\/sto-kad-ljubimca-boli\/#primaryimage"},"image":{"@id":"https:\/\/sdf.hr\/nada\/sto-kad-ljubimca-boli\/#primaryimage"},"thumbnailUrl":"https:\/\/sdf.hr\/wp-content\/uploads\/2026\/03\/Pas_Marko-Prpic-scaled.jpg","datePublished":"2026-03-04T07:34:58+00:00","breadcrumb":{"@id":"https:\/\/sdf.hr\/nada\/sto-kad-ljubimca-boli\/#breadcrumb"},"inLanguage":"hr","potentialAction":[{"@type":"ReadAction","target":["https:\/\/sdf.hr\/nada\/sto-kad-ljubimca-boli\/"]}]},{"@type":"ImageObject","inLanguage":"hr","@id":"https:\/\/sdf.hr\/nada\/sto-kad-ljubimca-boli\/#primaryimage","url":"https:\/\/sdf.hr\/wp-content\/uploads\/2026\/03\/Pas_Marko-Prpic-scaled.jpg","contentUrl":"https:\/\/sdf.hr\/wp-content\/uploads\/2026\/03\/Pas_Marko-Prpic-scaled.jpg","width":2560,"height":1746,"caption":"Hitna stanja i kirur\u0161ke operacije spadaju u najskuplje tro\u0161kove (Foto: Marko Prpi\u0107\/PIXSELL)"},{"@type":"BreadcrumbList","@id":"https:\/\/sdf.hr\/nada\/sto-kad-ljubimca-boli\/#breadcrumb","itemListElement":[{"@type":"ListItem","position":1,"name":"Po\u010detna stranica","item":"https:\/\/sdf.hr\/hr\/"},{"@type":"ListItem","position":2,"name":"Nada","item":"https:\/\/sdf.hr\/nada\/"},{"@type":"ListItem","position":3,"name":"\u0160to kad ljubimca boli"}]},{"@type":"WebSite","@id":"https:\/\/sdf.hr\/#website","url":"https:\/\/sdf.hr\/","name":"SDF - Srpski demokratski forum","description":"Srpski demokratski forum","publisher":{"@id":"https:\/\/sdf.hr\/#organization"},"potentialAction":[{"@type":"SearchAction","target":{"@type":"EntryPoint","urlTemplate":"https:\/\/sdf.hr\/?s={search_term_string}"},"query-input":{"@type":"PropertyValueSpecification","valueRequired":true,"valueName":"search_term_string"}}],"inLanguage":"hr"},{"@type":"Organization","@id":"https:\/\/sdf.hr\/#organization","name":"SDF - Srpski demokratski forum","url":"https:\/\/sdf.hr\/","logo":{"@type":"ImageObject","inLanguage":"hr","@id":"https:\/\/sdf.hr\/#\/schema\/logo\/image\/","url":"https:\/\/sdf.hr\/wp-content\/uploads\/2021\/07\/logo-hr.svg","contentUrl":"https:\/\/sdf.hr\/wp-content\/uploads\/2021\/07\/logo-hr.svg","width":271,"height":100,"caption":"SDF - Srpski demokratski forum"},"image":{"@id":"https:\/\/sdf.hr\/#\/schema\/logo\/image\/"}}]}},"_links":{"self":[{"href":"https:\/\/sdf.hr\/hr\/wp-json\/wp\/v2\/nada\/8183","targetHints":{"allow":["GET"]}}],"collection":[{"href":"https:\/\/sdf.hr\/hr\/wp-json\/wp\/v2\/nada"}],"about":[{"href":"https:\/\/sdf.hr\/hr\/wp-json\/wp\/v2\/types\/nada"}],"wp:featuredmedia":[{"embeddable":true,"href":"https:\/\/sdf.hr\/hr\/wp-json\/wp\/v2\/media\/8178"}],"wp:attachment":[{"href":"https:\/\/sdf.hr\/hr\/wp-json\/wp\/v2\/media?parent=8183"}],"wp:term":[{"taxonomy":"post_tag","embeddable":true,"href":"https:\/\/sdf.hr\/hr\/wp-json\/wp\/v2\/tags?post=8183"},{"taxonomy":"atribut","embeddable":true,"href":"https:\/\/sdf.hr\/hr\/wp-json\/wp\/v2\/atribut?post=8183"}],"curies":[{"name":"wp","href":"https:\/\/api.w.org\/{rel}","templated":true}]}}