{"id":8592,"date":"2026-04-24T07:58:22","date_gmt":"2026-04-24T05:58:22","guid":{"rendered":"https:\/\/sdf.hr\/nada\/fine-ljute-djevojke\/"},"modified":"2026-04-25T22:31:24","modified_gmt":"2026-04-25T20:31:24","slug":"fine-ljute-djevojke","status":"publish","type":"nada","link":"https:\/\/sdf.hr\/hr\/nada\/fine-ljute-djevojke\/","title":{"rendered":"Fine ljute djevojke"},"content":{"rendered":"<p>Jave se ponekad pojedini \u010ditatelji ove kolumne koji mi \u017eele objasniti u \u010demu sam u pravu, a u \u010demu grije\u0161im. Javljaju se isklju\u010divo \u010ditatelji, ne i \u010ditateljice, \u0161to je, priznajte, zanimljivo. Ne\u0107u to odmah sitni\u010davo proglasiti <em>mansplainingom<\/em>, nego, evo, pozivom i prilikom da i ja s njima drugarski podijelim znanja koja evidentno nisu bila prinesena njihovoj pa\u017enji, iako ih sve to itekako interesira.<\/p>\n<p>Na primjer, mogu ovdje, u kolumni, pisati o tome za\u0161to su danas djevojke ljute i s pravom se nadati da \u0107e netko, osim ljutih djevojaka i \u017eena, to i pro\u010ditati. Netko tko je ro\u0111enjem dobio privilegiju da s manje truda i muke stvari mijenja na bolje, u svojoj kuhinji, ku\u0107i, ulici, mjesnoj zajednici, redakciji, festivalu, udruzi, zbornici, stranci, sabornici, dr\u017eavici\u2026 Naravno, postoji i opcija da su \u017eene tek tako iz hira pomahnitale i obru\u0161ile se na <em>jednostavne, malo sirove, ali dobre u du\u0161i mu\u0161karce koji nisu svi isti<\/em>?<\/p>\n<p>Kako je ovo prvenstveno tekst o djevojkama, iskoristit \u0107u svoju malu, \u010dudnim \u010dudom izborenu vidljivost, da bih prepisala stihove pjesme &#8220;Matrilinearnost&#8221; <strong>Selme Asoti\u0107<\/strong>, a koja ka\u017ee ovako:<\/p>\n<p><em>Jednu rasto\u010de \/ na konce druga \/ isplete mre\u017eu tre\u0107a zahvati. \/ Jedna na ko\u017ei \/ zare\u017ee godine druga svine \/ re\u0161etke tre\u0107a istupi. \/ Jedna pod jezik \/ u\u0161u\u0161ka trn druga uzgoji \/ grlo tre\u0107a se usudi. \/ Jedna ugrize \/ pesnicu u ustima druga \/ proguta zube. Tre\u0107a pljune. \/ Progovori.<\/em><\/p>\n<p>Kada bi ova pjesma bila u \u010ditankama (a trebala bi iz mno\u0161tva razloga koji su iz nje razvidni), pitanja ispod pjesme mogla bi glasiti: Tko je rasto\u010dio lirsku protagonisticu nazvanu Jedna? \u0160to u prenesenom zna\u010denju predstavljaju u ko\u017eu urezane godine i re\u0161etke u pjesmi? Za\u0161to je lirska protagonistica grizla \u0161aku? Je li ti ovo mo\u017eda poznato iz tvoje okoline? Za\u0161to je Druga lirska protagonistica progutala zube, a Tre\u0107a pljunula? Tre\u0107e, one koje pljunu i progovore, ovdje su ve\u0107 neko vrijeme i ne planiraju oti\u0107i, no postoje li i \u010cetvrte?<\/p>\n<p>I \u0161to se doga\u0111a s njima, \u010cetvrtima, onim mladim \u017eenama koje su u tom matrilinearnom slijedu ve\u0107 stupile na scenu odraslijeg \u017eivota? Govori se o manosferi koja guta novu generaciju momaka, ali pritom kao da se opet zaboravlja na djevojke koje uspijevaju \u017eivjeti svoje \u017eivote na rubu te manosfere, dok \u010ditava stvar neprestano prijeti da se prelomi preko njihovih le\u0111a i vrati ih na po\u010detak pjesme, iza nevidljivih re\u0161etaka vlastitog doma gdje \u0107e gristi \u0161ake da ne bi opsovale.<\/p>\n<p>Ovog prolje\u0107a redovito sam se sretala upravo s tom novom Z generacijom. Radionica pisanja anga\u017eirane proze u PEN-u, na kojoj smo sura\u0111ivale, bila je otvorena svima, prijavio se ve\u0107i broj djevojaka u dvadesetima pa sam je tako i koncipirala \u2013 prema interesima polaznica. Nosila sam im &#8220;Nevidljivu \u017eenu&#8221; i &#8220;Na\u0161u \u017eenu&#8221; i &#8220;Mog mu\u017ea&#8221; i sjajne, luckaste pri\u010de o menstruaciji &#8220;Crvena nit&#8221; <strong>Marijane \u010canak<\/strong> i &#8220;Za\u0161to sam se spremna potu\u0107i&#8221; <strong>Ivane Bodro\u017ei\u0107<\/strong> i novi roman <strong>Ivane Sajko<\/strong> &#8220;Zadnji dan mira&#8221;. One su donijele <strong>Sally Rooney<\/strong> i &#8220;Sigurnu ku\u0107u&#8221; <strong>Marine Vuj\u010di\u0107<\/strong> i pri\u010dale smo o serijama &#8220;Derry Girls&#8221; i &#8220;Sram&#8221;, o <strong>Chappell Roan<\/strong> i <strong>Oliviji Rodrigo<\/strong> i Trnjanskim kresovima, razgovarale u\u017eivo s umjetnicom <strong>Arijanom Leki\u0107 Fridrih<\/strong>.<\/p>\n<p>Zanimalo ih je ono \u0161to ih se direktno ti\u010de, \u0161to svakodnevno utje\u010de na njihov \u017eivot.<\/p>\n<p>Pitanje za\u0161to bi netko pisao dru\u0161tveno anga\u017eiranu knji\u017eevnost jednako je besmisleno kao i ono za\u0161to ne bi. Samo \u0161to ovo drugo nitko ne postavlja. A zapravo oduvijek se knji\u017eevnost bavila aktualnim problemima dru\u0161tva i uvijek je to nekome smetalo.<\/p>\n<p>Sjetila sam se anegdote s jednog putovanja. Dok je na\u0161a grupica hodala s kraja na kraj grada, da bi nam vrijeme br\u017ee pro\u0161lo, kolega je postavio pitanje u kojem vremenu i na kojem mjestu u povijesti bismo najradije \u017eivjeli. Ali mi smo \u017eene, rekla sam misle\u0107i na sebe i kolegicu, ta igra za nas ne vrijedi, nama je kroz povijest uvijek bilo gore nego sada, kraljici je sigurno bilo bolje nego robinji, ali svim \u017eenama je kroz cijelu povijest bilo gore nego danas. Pa dobro, rekao je kolega, ali to je igra, poku\u0161aj zamisliti. Mogu zamisliti samo ako, u svim tim ure\u0111enim i bogatim ili divljim i egzoti\u010dnim dru\u0161tvima, sebe zamislim kao mu\u0161karca, a to je besmisleno. Ako ne \u017eivimo u zemljama gdje su nekad izborena prava izgubljena ili gdje ne bjesni rat, nikad u povijesti \u010dovje\u010danstva \u017eenama nije bilo bolje nego u ovom prili\u010dno u\u017easavaju\u0107em trenutku. I to je apsurd o kojemu vrijedi razmi\u0161ljati.<\/p>\n<p>Djevojke koje su vr\u0161njakinje moje k\u0107eri ili tek koju godinu starije, s roditeljima pribli\u017eno moje dobi, bez obzira na povratak konzervativizma u dijelu dru\u0161tva, u odnosu na nas imaju vi\u0161e izbora i puno vi\u0161e slobode za izgubiti. Ili za olako odbaciti. Njihovi planovi i snovi, kao i ljubavi i razo\u010darenja, nastali su u prostoru izme\u0111u #metoo pokreta i hodova za \u017eivot, a njihova tijela postala su klju\u010dno politi\u010dko pitanje. Pritom, malo tko pita za du\u0161e djevojaka. Kao da ikada i jest.<\/p>\n<p>U nesigurnim, kriznim vremenima, javlja se i potraga za strogim, konzervativnim okvirima. Istra\u017eivanja pokazuju da se dru\u0161tvena regresija zadnjih godina intenzivirala, posebice kod mladi\u0107a. Visok postotak mladi\u0107a isti\u010de djevi\u010danstvo partnerice kao bitan uvjet za stabilnu vezu, pokazuju ve\u0107i otpor prema pravu na prekid trudno\u0107e nego op\u0107a populacija, a porast religioznosti \u010desto prati porast netolerancije prema manjinskim skupinama. I tu dolazi do raskoraka, jer ve\u0107ini djevojaka nisu napete takve moma\u010dke nesigurnosti zaodjevene u ma\u010do pri\u010du, koja je ipak na\u0161la svoj \u017eenski odgovor u fenomenu <em>tradwives<\/em>.<\/p>\n<p>Slu\u0161aju\u0107i glas javnosti, ispada da je za sve probleme odgovoran TikTok, a te\u0161ko da je ba\u0161 tako. Najve\u0107i influenseri svojoj djeci jo\u0161 uvijek su njihovi roditelji. \u010cim iskora\u010dimo iz svog socijalnog mjehuri\u0107a, imamo priliku susresti se s nevoljko\u0161\u0107u o\u010deva da pove\u017eu pojavu kle\u010davaca ili hoda za \u017eivot sa sudbinama svojih k\u0107eri, ali jo\u0161 vi\u0161e razo\u010darava \u0161utnja \u017eena za stolom. Izdaja majki, rekle bi neke od dvadesetogodi\u0161njakinja s kojima se u svom radu sre\u0107em.<\/p>\n<p>Ikone njihove generacije mo\u017eda bi mogle biti poput Katniss iz &#8220;Igara gladi&#8221; ili Eleven i Robin iz &#8220;Stranger Things&#8221;, stvarne kao <strong>Greta<\/strong>, pa i od njih ne\u0161to starija kapetanica <strong>Morana Miljanovi\u0107<\/strong> ili jedna od buntovnih djevoj\u010dica \u010diji su istupi na protestima u Srbiji postali viralni, neka koja str\u0161i iz kalupa koji bi im skrojila sredina; ali puno \u010de\u0161\u0107e su to influenserice, mlade, pomno dizajnirane digitalne poduzetnice s pri\u010dom koja se pod egidom autenti\u010dnosti rijetko odmi\u010de od stereotipa. Pa ipak, unutar virtualnog svijeta, \u017eene od dvadeset i ne\u0161to kreirale su vrlo uzbudljive stvarnosti koje donose nevi\u0111ene stvari, ironi\u010dne estetske iskorake i etiku koja ne pristaje na kompromise na koje smo mi prethodnice pristajale, jer, kao, druga\u010dije nije bilo mogu\u0107e.<\/p>\n<p>Teme koje ih zanimaju i kojima smo se bavile na radionici stavile smo pod nazivnik &#8220;\u010dudovi\u0161ta&#8221;.<\/p>\n<p>Na\u0161li su se tako me\u0111u \u010dudovi\u0161tima i mikroplastika, siroma\u0161tvo, stambeni problemi, ratovi, femicid, fa\u0161izam, neznanje\u2026, ali ba\u0161 u svakoj pri\u010di glavno \u010dudovi\u0161te je STRAH. Strah koji ih sprje\u010dava da budu ono \u0161to jesu, da se ostvare, strah od osude okoline.<\/p>\n<p>Slobodna u glavi, to je jaka stvar, ali i dalje je te\u0161ko tu slobodu \u017eivjeti u svakodnevici, u susretu sa svijetom koji nagra\u0111uje nasilje i nasilnike, u kojem je idealna \u017eena i dalje savr\u0161ena \u017ertva, a fine mrtve djevojke prihvatljivije od ljutih.<\/p>\n<p>Kad \u0107e se to promijeniti? Kad osim dovoljnog broja feministkinja bude i dovoljan broj feminista na ovome svijetu? Ako se to ikad dogodi, mogao bi se naglo pove\u0107ati indeks sre\u0107e. Ali o tome \u0107e generacija Z napisati svoje pri\u010de.<\/p>\n<p><em>pi\u0161e Olja Savi\u010devi\u0107 Ivan\u010devi\u0107<\/em><\/p>\n","protected":false},"excerpt":{"rendered":"<p>\u017dene od dvadeset i ne\u0161to kreirale su vrlo uzbudljive stvarnosti koje donose nevi\u0111ene stvari, ironi\u010dne estetske iskorake i etiku koja ne pristaje na kompromise na koje smo mi prethodnice pristajale, jer, kao, druga\u010dije nije bilo mogu\u0107e<\/p>\n","protected":false},"featured_media":8544,"template":"","tags":[105],"atribut":[],"class_list":["post-8592","nada","type-nada","status-publish","has-post-thumbnail","hentry","tag-razum-i-osjecaji"],"acf":[],"yoast_head":"<!-- This site is optimized with the Yoast SEO plugin v27.4 - https:\/\/yoast.com\/product\/yoast-seo-wordpress\/ -->\n<title>Fine ljute djevojke - SDF - Srpski demokratski forum<\/title>\n<meta name=\"robots\" content=\"index, follow, max-snippet:-1, max-image-preview:large, max-video-preview:-1\" \/>\n<link rel=\"canonical\" href=\"https:\/\/sdf.hr\/hr\/nada\/fine-ljute-djevojke\/\" \/>\n<meta property=\"og:locale\" content=\"hr_HR\" \/>\n<meta property=\"og:type\" content=\"article\" \/>\n<meta property=\"og:title\" content=\"Fine ljute djevojke - SDF - Srpski demokratski forum\" \/>\n<meta property=\"og:description\" content=\"\u017dene od dvadeset i ne\u0161to kreirale su vrlo uzbudljive stvarnosti koje donose nevi\u0111ene stvari, ironi\u010dne estetske iskorake i etiku koja ne pristaje na kompromise na koje smo mi prethodnice pristajale, jer, kao, druga\u010dije nije bilo mogu\u0107e\" \/>\n<meta property=\"og:url\" content=\"https:\/\/sdf.hr\/hr\/nada\/fine-ljute-djevojke\/\" \/>\n<meta property=\"og:site_name\" content=\"SDF - Srpski demokratski forum\" \/>\n<meta property=\"article:modified_time\" content=\"2026-04-25T20:31:24+00:00\" \/>\n<meta property=\"og:image\" content=\"https:\/\/sdf.hr\/wp-content\/uploads\/2026\/04\/Savicevic_Andrija-Zelmanovic-scaled.jpg\" \/>\n\t<meta property=\"og:image:width\" content=\"2560\" \/>\n\t<meta property=\"og:image:height\" content=\"1703\" \/>\n\t<meta property=\"og:image:type\" content=\"image\/jpeg\" \/>\n<meta name=\"twitter:card\" content=\"summary_large_image\" \/>\n<meta name=\"twitter:label1\" content=\"Procijenjeno vrijeme \u010ditanja\" \/>\n\t<meta name=\"twitter:data1\" content=\"7 minuta\" \/>\n<script type=\"application\/ld+json\" class=\"yoast-schema-graph\">{\"@context\":\"https:\\\/\\\/schema.org\",\"@graph\":[{\"@type\":\"WebPage\",\"@id\":\"https:\\\/\\\/sdf.hr\\\/hr\\\/nada\\\/fine-ljute-djevojke\\\/\",\"url\":\"https:\\\/\\\/sdf.hr\\\/hr\\\/nada\\\/fine-ljute-djevojke\\\/\",\"name\":\"Fine ljute djevojke - SDF - Srpski demokratski forum\",\"isPartOf\":{\"@id\":\"https:\\\/\\\/sdf.hr\\\/#website\"},\"primaryImageOfPage\":{\"@id\":\"https:\\\/\\\/sdf.hr\\\/hr\\\/nada\\\/fine-ljute-djevojke\\\/#primaryimage\"},\"image\":{\"@id\":\"https:\\\/\\\/sdf.hr\\\/hr\\\/nada\\\/fine-ljute-djevojke\\\/#primaryimage\"},\"thumbnailUrl\":\"https:\\\/\\\/sdf.hr\\\/wp-content\\\/uploads\\\/2026\\\/04\\\/Savicevic_Andrija-Zelmanovic-scaled.jpg\",\"datePublished\":\"2026-04-24T05:58:22+00:00\",\"dateModified\":\"2026-04-25T20:31:24+00:00\",\"breadcrumb\":{\"@id\":\"https:\\\/\\\/sdf.hr\\\/hr\\\/nada\\\/fine-ljute-djevojke\\\/#breadcrumb\"},\"inLanguage\":\"hr\",\"potentialAction\":[{\"@type\":\"ReadAction\",\"target\":[\"https:\\\/\\\/sdf.hr\\\/hr\\\/nada\\\/fine-ljute-djevojke\\\/\"]}]},{\"@type\":\"ImageObject\",\"inLanguage\":\"hr\",\"@id\":\"https:\\\/\\\/sdf.hr\\\/hr\\\/nada\\\/fine-ljute-djevojke\\\/#primaryimage\",\"url\":\"https:\\\/\\\/sdf.hr\\\/wp-content\\\/uploads\\\/2026\\\/04\\\/Savicevic_Andrija-Zelmanovic-scaled.jpg\",\"contentUrl\":\"https:\\\/\\\/sdf.hr\\\/wp-content\\\/uploads\\\/2026\\\/04\\\/Savicevic_Andrija-Zelmanovic-scaled.jpg\",\"width\":2560,\"height\":1703,\"caption\":\"Olja Savi\u010devi\u0107 Ivan\u010devi\u0107 (Foto: Andrija Zelmanovi\u0107)\"},{\"@type\":\"BreadcrumbList\",\"@id\":\"https:\\\/\\\/sdf.hr\\\/hr\\\/nada\\\/fine-ljute-djevojke\\\/#breadcrumb\",\"itemListElement\":[{\"@type\":\"ListItem\",\"position\":1,\"name\":\"Po\u010detna stranica\",\"item\":\"https:\\\/\\\/sdf.hr\\\/hr\\\/\"},{\"@type\":\"ListItem\",\"position\":2,\"name\":\"Nada\",\"item\":\"https:\\\/\\\/sdf.hr\\\/nada\\\/\"},{\"@type\":\"ListItem\",\"position\":3,\"name\":\"Fine ljute djevojke\"}]},{\"@type\":\"WebSite\",\"@id\":\"https:\\\/\\\/sdf.hr\\\/#website\",\"url\":\"https:\\\/\\\/sdf.hr\\\/\",\"name\":\"SDF - Srpski demokratski forum\",\"description\":\"Srpski demokratski forum\",\"publisher\":{\"@id\":\"https:\\\/\\\/sdf.hr\\\/#organization\"},\"potentialAction\":[{\"@type\":\"SearchAction\",\"target\":{\"@type\":\"EntryPoint\",\"urlTemplate\":\"https:\\\/\\\/sdf.hr\\\/?s={search_term_string}\"},\"query-input\":{\"@type\":\"PropertyValueSpecification\",\"valueRequired\":true,\"valueName\":\"search_term_string\"}}],\"inLanguage\":\"hr\"},{\"@type\":\"Organization\",\"@id\":\"https:\\\/\\\/sdf.hr\\\/#organization\",\"name\":\"SDF - Srpski demokratski forum\",\"url\":\"https:\\\/\\\/sdf.hr\\\/\",\"logo\":{\"@type\":\"ImageObject\",\"inLanguage\":\"hr\",\"@id\":\"https:\\\/\\\/sdf.hr\\\/#\\\/schema\\\/logo\\\/image\\\/\",\"url\":\"https:\\\/\\\/sdf.hr\\\/wp-content\\\/uploads\\\/2021\\\/07\\\/logo-hr.svg\",\"contentUrl\":\"https:\\\/\\\/sdf.hr\\\/wp-content\\\/uploads\\\/2021\\\/07\\\/logo-hr.svg\",\"width\":271,\"height\":100,\"caption\":\"SDF - Srpski demokratski forum\"},\"image\":{\"@id\":\"https:\\\/\\\/sdf.hr\\\/#\\\/schema\\\/logo\\\/image\\\/\"}}]}<\/script>\n<!-- \/ Yoast SEO plugin. -->","yoast_head_json":{"title":"Fine ljute djevojke - SDF - Srpski demokratski forum","robots":{"index":"index","follow":"follow","max-snippet":"max-snippet:-1","max-image-preview":"max-image-preview:large","max-video-preview":"max-video-preview:-1"},"canonical":"https:\/\/sdf.hr\/hr\/nada\/fine-ljute-djevojke\/","og_locale":"hr_HR","og_type":"article","og_title":"Fine ljute djevojke - SDF - Srpski demokratski forum","og_description":"\u017dene od dvadeset i ne\u0161to kreirale su vrlo uzbudljive stvarnosti koje donose nevi\u0111ene stvari, ironi\u010dne estetske iskorake i etiku koja ne pristaje na kompromise na koje smo mi prethodnice pristajale, jer, kao, druga\u010dije nije bilo mogu\u0107e","og_url":"https:\/\/sdf.hr\/hr\/nada\/fine-ljute-djevojke\/","og_site_name":"SDF - Srpski demokratski forum","article_modified_time":"2026-04-25T20:31:24+00:00","og_image":[{"width":2560,"height":1703,"url":"https:\/\/sdf.hr\/wp-content\/uploads\/2026\/04\/Savicevic_Andrija-Zelmanovic-scaled.jpg","type":"image\/jpeg"}],"twitter_card":"summary_large_image","twitter_misc":{"Procijenjeno vrijeme \u010ditanja":"7 minuta"},"schema":{"@context":"https:\/\/schema.org","@graph":[{"@type":"WebPage","@id":"https:\/\/sdf.hr\/hr\/nada\/fine-ljute-djevojke\/","url":"https:\/\/sdf.hr\/hr\/nada\/fine-ljute-djevojke\/","name":"Fine ljute djevojke - SDF - Srpski demokratski forum","isPartOf":{"@id":"https:\/\/sdf.hr\/#website"},"primaryImageOfPage":{"@id":"https:\/\/sdf.hr\/hr\/nada\/fine-ljute-djevojke\/#primaryimage"},"image":{"@id":"https:\/\/sdf.hr\/hr\/nada\/fine-ljute-djevojke\/#primaryimage"},"thumbnailUrl":"https:\/\/sdf.hr\/wp-content\/uploads\/2026\/04\/Savicevic_Andrija-Zelmanovic-scaled.jpg","datePublished":"2026-04-24T05:58:22+00:00","dateModified":"2026-04-25T20:31:24+00:00","breadcrumb":{"@id":"https:\/\/sdf.hr\/hr\/nada\/fine-ljute-djevojke\/#breadcrumb"},"inLanguage":"hr","potentialAction":[{"@type":"ReadAction","target":["https:\/\/sdf.hr\/hr\/nada\/fine-ljute-djevojke\/"]}]},{"@type":"ImageObject","inLanguage":"hr","@id":"https:\/\/sdf.hr\/hr\/nada\/fine-ljute-djevojke\/#primaryimage","url":"https:\/\/sdf.hr\/wp-content\/uploads\/2026\/04\/Savicevic_Andrija-Zelmanovic-scaled.jpg","contentUrl":"https:\/\/sdf.hr\/wp-content\/uploads\/2026\/04\/Savicevic_Andrija-Zelmanovic-scaled.jpg","width":2560,"height":1703,"caption":"Olja Savi\u010devi\u0107 Ivan\u010devi\u0107 (Foto: Andrija Zelmanovi\u0107)"},{"@type":"BreadcrumbList","@id":"https:\/\/sdf.hr\/hr\/nada\/fine-ljute-djevojke\/#breadcrumb","itemListElement":[{"@type":"ListItem","position":1,"name":"Po\u010detna stranica","item":"https:\/\/sdf.hr\/hr\/"},{"@type":"ListItem","position":2,"name":"Nada","item":"https:\/\/sdf.hr\/nada\/"},{"@type":"ListItem","position":3,"name":"Fine ljute djevojke"}]},{"@type":"WebSite","@id":"https:\/\/sdf.hr\/#website","url":"https:\/\/sdf.hr\/","name":"SDF - Srpski demokratski forum","description":"Srpski demokratski forum","publisher":{"@id":"https:\/\/sdf.hr\/#organization"},"potentialAction":[{"@type":"SearchAction","target":{"@type":"EntryPoint","urlTemplate":"https:\/\/sdf.hr\/?s={search_term_string}"},"query-input":{"@type":"PropertyValueSpecification","valueRequired":true,"valueName":"search_term_string"}}],"inLanguage":"hr"},{"@type":"Organization","@id":"https:\/\/sdf.hr\/#organization","name":"SDF - Srpski demokratski forum","url":"https:\/\/sdf.hr\/","logo":{"@type":"ImageObject","inLanguage":"hr","@id":"https:\/\/sdf.hr\/#\/schema\/logo\/image\/","url":"https:\/\/sdf.hr\/wp-content\/uploads\/2021\/07\/logo-hr.svg","contentUrl":"https:\/\/sdf.hr\/wp-content\/uploads\/2021\/07\/logo-hr.svg","width":271,"height":100,"caption":"SDF - Srpski demokratski forum"},"image":{"@id":"https:\/\/sdf.hr\/#\/schema\/logo\/image\/"}}]}},"_links":{"self":[{"href":"https:\/\/sdf.hr\/hr\/wp-json\/wp\/v2\/nada\/8592","targetHints":{"allow":["GET"]}}],"collection":[{"href":"https:\/\/sdf.hr\/hr\/wp-json\/wp\/v2\/nada"}],"about":[{"href":"https:\/\/sdf.hr\/hr\/wp-json\/wp\/v2\/types\/nada"}],"wp:featuredmedia":[{"embeddable":true,"href":"https:\/\/sdf.hr\/hr\/wp-json\/wp\/v2\/media\/8544"}],"wp:attachment":[{"href":"https:\/\/sdf.hr\/hr\/wp-json\/wp\/v2\/media?parent=8592"}],"wp:term":[{"taxonomy":"post_tag","embeddable":true,"href":"https:\/\/sdf.hr\/hr\/wp-json\/wp\/v2\/tags?post=8592"},{"taxonomy":"atribut","embeddable":true,"href":"https:\/\/sdf.hr\/hr\/wp-json\/wp\/v2\/atribut?post=8592"}],"curies":[{"name":"wp","href":"https:\/\/api.w.org\/{rel}","templated":true}]}}