{"id":8647,"date":"2026-04-26T07:38:49","date_gmt":"2026-04-26T05:38:49","guid":{"rendered":"https:\/\/sdf.hr\/nada\/alma-gacanin-zivot-nije-kurirani-sadrzaj-na-instagramu\/"},"modified":"2026-04-24T11:39:57","modified_gmt":"2026-04-24T09:39:57","slug":"alma-gacanin-zivot-nije-kurirani-sadrzaj-na-instagramu","status":"publish","type":"nada","link":"https:\/\/sdf.hr\/hr\/nada\/alma-gacanin-zivot-nije-kurirani-sadrzaj-na-instagramu\/","title":{"rendered":"Alma Ga\u010danin: \u017divot nije kurirani sadr\u017eaj na Instagramu"},"content":{"rendered":"<p>Kada otvorite <a href=\"https:\/\/www.almagacanin.com\/\">web stranicu<\/a> sarajevske vizualne umjetnice, pjesnikinje i feministkinje <strong>Alme Ga\u010danin<\/strong>, do\u010dekat \u0107e vas sljede\u0107a poruka: &#8220;Dragi putnici, dobrodo\u0161li. Ovdje sam da vas slu\u017eim.&#8221; Poigravanje s kapitalisti\u010dkim jezikom servilnosti prema publici, kao prema korisnicima i kupcima, \u010desto je u njenom radu. Inspiracija je do\u0161la iz posla stjuardese koji je radila jedno vrijeme, kao i drugih poslova u uslu\u017enim djelatnostima s kojima se bavila sve dok nije postala <em>full time<\/em> umjetnica. Magistrirala je likovnu pedagogiju na Akademiji likovnih umjetnosti u Sarajevu. Trenutno je studentica Evropskog regionalnog magistarskog programa Demokratija i ljudska prava u Jugoisto\u010dnoj Evropi (ERMA).<\/p>\n<p>Prije \u010detiri godine dobila je nagradu ZVONO kao najbolja umjetnica u Bosni i Hercegovini, a 2024. nagra\u0111ena je putem programa &#8220;Artist Changemaker&#8221; od strane Globalnog fonda za \u017eene za doprinos rodnoj pravdi i feminizmu u svojoj praksi. Teme radnih odnosa, prekarnosti, kapitalisti\u010dkog pritiska i polo\u017eaja \u017eena i radnica pro\u017eimaju ve\u0107inu njenih crte\u017ea i performansa.<\/p>\n<p><strong>Posljednjih par godina \u017eivite kao <em>full time<\/em> umjetnica. Ne kre\u0107emo slu\u010dajno s tom konstatacijom \u2013 ranije ste se bavili razli\u010ditim dodatnim poslovima i oni su puno i direktno utjecali na va\u0161u umjetnost, teme koje obra\u0111ujete, jezik koji koristite. Kako je biti u ovoj novoj poziciji?<\/strong><\/p>\n<p>Desilo se da su mi se 2023. godine, nakon povratka u Sarajevo s jedne rezidencije, nekako poslo\u017eile izlo\u017ebe i honorari i shvatila sam da sam se neplanirano na\u0161la u \u017eeljenoj situaciji \u2013 bavim se samo umjetno\u0161\u0107u i \u017eivim od toga. Koliko god ju mi umjetnici sami romantizirali prije nego do\u0111emo u nju, to je zapravo vrlo stresna i ranjiva pozicija i vrlo \u010desto po\u017eelim da odustanem. Ne znam dodu\u0161e koliko je to izgledno jer se uvijek na\u0111e na\u010din da se izbori\u0161 i ispliva\u0161, ali je stvarno jako naporno. Ne znam da li \u0107u biti pozvana na sljede\u0107u izlo\u017ebu i kada \u0107u dobiti honorar, a istovremeno su konstantno u pitanju neka poskupljenja i krize. To je pozicija za koju stalno ima\u0161 osje\u0107aj da ti izmi\u010de iz ruku.<\/p>\n<p><strong>Kako to mislite?<\/strong><\/p>\n<p>Uvijek je: samo da dobijem ovu stipendiju, samo da dobijem onaj honorar, samo da dobijem dvije godine u tom studiju. A ne mo\u017ee\u0161 \u017eivjeti od nade da \u0107e\u0161 ne\u0161to dobiti, jer ako se to ne desi, ti ne mo\u017ee\u0161 pre\u017eivjeti, platiti hranu, re\u017eije. Zato naj\u010de\u0161\u0107e i odlu\u010di\u0161 ne\u0161to drugo da radi\u0161.<\/p>\n<p><strong>Prije nego \u0161to popri\u010damo o tome kako su drugi poslovi utjecali na va\u0161 umjetni\u010dki rad, da vas pitam: jeste li se kao umjetnica osje\u0107ali krivo ili posramljeno dok ste radili druge stvari?<\/strong><\/p>\n<p>Jako puno vremena sam osje\u0107ala internaliziranu krivicu i sram dok sam imala druge poslove. Ima\u0161 osje\u0107aj da te osu\u0111uje cijela umjetni\u010dka zajednica i da u umjetni\u010dkom svijetu postoji taj neki <em>work shaming<\/em>. Ne osje\u0107a\u0161 se dovoljno uspje\u0161nom, dobrom i ostvarenom umjetnicom jer ne mo\u017ee\u0161 da \u017eivi\u0161 od umjetnosti. Osje\u0107a\u0161 se neadekvatno, iako je to zapravo realna situacija za ve\u0107inu. Pona\u0161amo se kao da je taj procenat minoran, a zapravo je u pitanju devedeset posto umjetnika i umjetnica. \u017divot nije kurirani sadr\u017eaj na Instagramu.<\/p>\n<figure id=\"attachment_8641\" aria-describedby=\"caption-attachment-8641\" style=\"width: 2560px\" class=\"wp-caption alignnone\"><img loading=\"lazy\" decoding=\"async\" class=\"wp-image-8641 size-full\" src=\"https:\/\/sdf.hr\/wp-content\/uploads\/2026\/04\/Gacanin2_Amina-Imamovic-scaled.jpg\" alt=\"\" width=\"2560\" height=\"1707\" srcset=\"https:\/\/sdf.hr\/wp-content\/uploads\/2026\/04\/Gacanin2_Amina-Imamovic-scaled.jpg 2560w, https:\/\/sdf.hr\/wp-content\/uploads\/2026\/04\/Gacanin2_Amina-Imamovic-300x200.jpg 300w, https:\/\/sdf.hr\/wp-content\/uploads\/2026\/04\/Gacanin2_Amina-Imamovic-1024x683.jpg 1024w, https:\/\/sdf.hr\/wp-content\/uploads\/2026\/04\/Gacanin2_Amina-Imamovic-768x512.jpg 768w, https:\/\/sdf.hr\/wp-content\/uploads\/2026\/04\/Gacanin2_Amina-Imamovic-1536x1024.jpg 1536w, https:\/\/sdf.hr\/wp-content\/uploads\/2026\/04\/Gacanin2_Amina-Imamovic-2048x1365.jpg 2048w\" sizes=\"auto, (max-width: 2560px) 100vw, 2560px\" \/><figcaption id=\"caption-attachment-8641\" class=\"wp-caption-text\">Alma Ga\u010danin (Foto: Amina Imamovi\u0107)<\/figcaption><\/figure>\n<p><strong>Radili ste, recimo, kao stjuardesa u Saudijskoj Arabiji i to vas je inspiriralo za vi\u0161e radova, izme\u0111u ostaloga performans &#8220;White Gloves&#8221;. Sam naziv sugerira \u010dime se rad bavi \u2013 savr\u0161enom uslugom.<\/strong><\/p>\n<p>Taj performans uklju\u010duje set vje\u017ebi, odnosno trening kao pripremu za obavljanje posla koji se na kraju sastoji od slu\u017eenja publike. Pokazivala sam nevidljivi rad koji \u010dini velik dio posla stjuardese. Mora\u0161 biti spremna \u010detiri sata prije nego \u0161to \u0107e te pokupiti prijevoz do aerodroma, i ti sati se ne ra\u010dunaju u radno vrijeme. Mora\u0161, recimo, ustati u \u010detiri ujutru da ispegla\u0161 uniformu, na\u0161minka\u0161 se, pripremi\u0161. U performansu se obla\u010dim, \u0161minkam i pripremam da poslu\u017eim publiku sa ne\u010dim slatkim, bila je rije\u010d o puslicama. To je bila nagrada za njihov anga\u017eman i ulo\u017eeno vrijeme u dolazak na izlo\u017ebu i gledanje rada.<\/p>\n<p><strong>\u0160minka, uniforma, serviranje hrane\u2026 \u0160to jo\u0161 ulazi u savr\u0161enu uslugu stjuardese, a inspiriralo vas je za umjetni\u010dki rad?<\/strong><\/p>\n<p>Posao stjuardese je <em>customer service<\/em> kao i posao <em>client carea<\/em>, brige za klijente, na kojem sam tako\u0111er radila. Bitno je da je tvoj ton glasa uvijek na nivou, da se ne osjeti da si umorna. Podrazumijeva se da dolazi\u0161 raspolo\u017eena i da \u0107e\u0161 posao odraditi bez ikakve pristrasnosti. Taj konstantni emocionalni rad se podrazumijeva. Podrazumijeva se da bude\u0161 totalno neosjetljiv na odnos klijenata prema tebi, recimo na ono kad ka\u017eu da ne psuju tebe ve\u0107 firmu. Odnos putnika prema stjuardesama je kao da smo mi njihove slu\u0161kinje. To je zato \u0161to taj profil putnika i ina\u010de \u017eivi u kulturi u kojoj sluge i slu\u0161kinje zapravo jesu zadati <em>setting <\/em>ljudskih uloga i njima je sasvim normalno da su svi radnici sluge za njih.<\/p>\n<p><strong>Spomenuli ste <em>client care<\/em>, mo\u017eete li re\u0107i kako je to izgledalo i kako to da se opet prelilo u va\u0161u umjetnost?<\/strong><\/p>\n<p>Bila sam zaposlena u jednoj kanadskoj firmi koja se bavi agentima za nekretnine i moja pozicija je podrazumijevala zadr\u017eavanje klijenata koji \u017eele da otka\u017eu ili pauziraju na\u0161e usluge. Dnevno bih obavila po 50 poziva. Imala sam radni dnevnik i jedna od mojih obaveza je bila da zapisujem razgovore kako bi cijeli tim imao uvid u to \u0161to se de\u0161ava s klijentom i kako bi sve ostalo zabilje\u017eeno i kad ja napustim tu poziciju. Zapisuju\u0107i razgovore sam shvatila da su oni du\u017ei nego \u0161to bi trebalo da budu, da puno pri\u010damo o \u017eivotu, kapitalizmu, psihi\u010dkom zdravlju, svakodnevnim temama. Pomislila sam da tu postoji potencijal da se pretvori u tekst koji sam iskoristila u performansu &#8220;How Well Did You Perform Today?&#8221;.<\/p>\n<p><strong>Jednu verziju tog performansa smo gledali u Zagrebu prije nekoliko godina, na otvorenju izlo\u017ebe u produkciji kustoskog kolektiva BLOK. Bavili ste se imperativom u\u010dinkovitosti koji je nametnut radnici u kapitalizmu, ako sam dobro shvatila rad?<\/strong><\/p>\n<p>Da, konstantnom prekvalifikacijom i optimizacijom u skladu sa zahtjevom tr\u017ei\u0161ta da stalno bude\u0161 bolji, uradi\u0161 vi\u0161e, performira\u0161 bolje. Za to sam koristila analogiju vje\u017ebanja, fizi\u010dke aktivnosti, kao i u crte\u017eima u seriji &#8220;Workout&#8221;, koje sam tako\u0111er pokazala u Zagrebu. U dvojezi\u010dnoj verziji performansa koji sam radila u produkciji Maske u Ljubljani sam htjela da razdvojim radnicu od osobe, pa sam imala glumce da igraju mene kao radnicu, a ja sam igrala osobu koja ima svoj li\u010dni i emotivni \u017eivot izvan radnih odnosa.<\/p>\n<p>Uklju\u010dila sam razgovore s klijentima, djelomi\u010dno \u010dinjeni\u010dne, djelomi\u010dno izmi\u0161ljene, mada je bilo toliko dobrih razgovora da nisam morala puno izmi\u0161ljati. Za sljede\u0107u iteraciju u Skoplju na Queer festivalu sam rad u\u010dinila manje emotivnim, tvr\u0111im. Jedina emocija je bila ona koja je proizlazila iz mu\u010denja tokom treninga koji traje sat i dvadeset minuta. U fokus sam stavila preoptere\u0107enost radom, odnosno vi\u0161e vrsta rada jer u isto vrijeme vje\u017ebam i izvodim tekst.<\/p>\n<p><strong>Jeste li morali trenirati tokom pripreme za performans, da ga uop\u0107e uspijete izvesti?<\/strong><\/p>\n<p>Jesam, naravno, \u010dak sam i glumce natjerala da treniraju. Po\u0161to je fizi\u010dki bilo zahtjevno, bilo mi je zanimljivije da glumci nisu u top formi, \u0161to je \u010dinilo cijeli proces izazovnim i transformativnim. Imala sam privatni trening, a i jednu glumicu s kojom sam radila na izvedbi teksta i pripremi glasa.<\/p>\n<figure id=\"attachment_8643\" aria-describedby=\"caption-attachment-8643\" style=\"width: 1707px\" class=\"wp-caption alignnone\"><img loading=\"lazy\" decoding=\"async\" class=\"wp-image-8643 size-full\" src=\"https:\/\/sdf.hr\/wp-content\/uploads\/2026\/04\/Gacanin3_Amina-Imamovic-scaled.jpg\" alt=\"\" width=\"1707\" height=\"2560\" srcset=\"https:\/\/sdf.hr\/wp-content\/uploads\/2026\/04\/Gacanin3_Amina-Imamovic-scaled.jpg 1707w, https:\/\/sdf.hr\/wp-content\/uploads\/2026\/04\/Gacanin3_Amina-Imamovic-200x300.jpg 200w, https:\/\/sdf.hr\/wp-content\/uploads\/2026\/04\/Gacanin3_Amina-Imamovic-683x1024.jpg 683w, https:\/\/sdf.hr\/wp-content\/uploads\/2026\/04\/Gacanin3_Amina-Imamovic-768x1152.jpg 768w, https:\/\/sdf.hr\/wp-content\/uploads\/2026\/04\/Gacanin3_Amina-Imamovic-1024x1536.jpg 1024w, https:\/\/sdf.hr\/wp-content\/uploads\/2026\/04\/Gacanin3_Amina-Imamovic-1365x2048.jpg 1365w\" sizes=\"auto, (max-width: 1707px) 100vw, 1707px\" \/><figcaption id=\"caption-attachment-8643\" class=\"wp-caption-text\">Alma Ga\u010danin (Foto: Amina Imamovi\u0107)<\/figcaption><\/figure>\n<p><strong>Spomenuli ste seriju crte\u017ea &#8220;Workout&#8221; koju smo vidjeli u Zagrebu. Njihova protagonistkinja se bori s tim kapitalisti\u010dkim tr\u017ei\u0161tem, radi na sebi, &#8220;vje\u017eba naporno, igra grubo&#8221;, kako se zvala izlo\u017eba. Zove se Djevina i va\u0161 je alter ego. Izgledala je emancipirano, fajterski, malo zastra\u0161uju\u0107e. Iznenadila sam se kad sam vidjela va\u0161u posljednju seriju crte\u017ea &#8220;Ni\u010dija draga&#8221; s nje\u017enim i ranjivim \u017eenskim likovima.<\/strong><\/p>\n<p>Radila sam je pro\u0161le godine za izlo\u017ebu Crvene u Sarajevu. &#8220;Ni\u010dija draga&#8221; nije vi\u0161e sna\u017ena i stra\u0161na, u njoj je \u010dak ne\u0161to lijepo, a uvijek sam bje\u017eala od toga, kako zbog svih nemogu\u0107ih standarda ljepote, tako i zbog historije umjetnosti. Uvijek sam mislila da je lijepa umjetnost ne\u0161to \u0161to pripada privilegiranima i da ja treba da se pozabavim ru\u017eno\u0107om i suo\u010dim s time od \u010dega bje\u017eim. Nakon nekog vremena sam shvatila da ne moram konstantno biti u borbenoj poziciji.<\/p>\n<p>U toj novoj seriji sam se dosta ogolila i postala ranjiva u odnosu na Djevinu, pokazala sam kako se osje\u0107a\u0161 kad si plijen. Osje\u0107ala sam se tako od kad sam bila djevoj\u010dica i prvi put shvatila \u0161ta je to <em>male gaze <\/em>(mu\u0161ki pogled). Tad prvi put shvati\u0161 da tvoje tijelo, odnosno to kako \u0107e ga netko percipirati ne pripada tebi. Mislim da je to ogromna trauma za djevoj\u010dice, ja i sada pamtim taj trenutak. Vjerojatno sam se do tridesete borila da ishendlam to i uspostavim agensnost nad svojim tijelom.<\/p>\n<p><strong>Sli\u010dnom autofikcijom se bavite i u recentnom performansu &#8220;Autonomni agent&#8221; izvedenom u Beogradu krajem pro\u0161le godine?<\/strong><\/p>\n<p>U tom radu sam htjela biti tako ranjiva kao u &#8220;Na\u0161oj dragoj&#8221;. Vratila sam se u djetinjstvo i rana iskustva sa seksualnim posramljivanjem u konzervativnom dru\u0161tvu kakvo je u BiH, odrastanjem u radni\u010dkoj porodici, seksualnim uznemiravanjem na fakultetu. Govorim o odrastanju i promjenama sistema kroz koje prolazi moja dr\u017eava iz socijalizma u socijaldemokratiju i \u0161to to zna\u010di za na\u0161u porodicu, na\u0161u ekonomsku situaciju i izazove koje nosi \u017eivot odrasle \u017eene. Bavim se stigmatizacijom seksualnog rada i siroma\u0161tva.<\/p>\n<p>U radu koristim simboliku krompira i govorim o filmu &#8220;The Milk of Sorrow&#8221; u kojem glavna glumica stavlja krompir u svoju vaginu da bi sprije\u010dila ne\u017eeljeni seks, a rad zavr\u0161avam guljenjem krompira prilikom \u010dega prepri\u010davam san u kojem moja najbolja prijateljica i ja dobivamo posao u javnoj ku\u0107i, suo\u010davamo se s posramljivanjem i na kraju uspijevam pobje\u0107i iz bordela. Rad se zavr\u0161ava re\u010denicom: &#8220;Najve\u0107a sramota nije seksualni rad, najve\u0107a sramota je biti siroma\u0161na.&#8221; Taj rad mi je bitan jer povezuje sve probleme u mojoj praksi, ali rekla bih i probleme umjetnica moje generacije: <em>slut shaming<\/em>, <em>work shaming<\/em> i sram od siroma\u0161tva. Sve mislimo \u2013 samo da nisam percipirana na taj i taj na\u010din. Odgovornost se prebacuje na pojedinca, a ne na dru\u0161tvo.<\/p>\n<p><strong>Znam da puno \u010ditate i inspirirate se marksisti\u010dkim feminizmom. To je dosta vidljivo u na\u010dinu na koji obra\u0111ujete probleme \u017eena u kapitalizmu.<\/strong><\/p>\n<p>U posljednje vrijeme dosta me zanima tema nasilja, orodnjeno nasilje, ali i nasilje kao odgovor na otpor. Na \u017eensko oslobo\u0111enje, recimo, kapitalizam odgovara pornografijom pa mi je jako va\u017eno uhvatiti se u ko\u0161tac sa svim oblicima rada i na\u010dinima \u017eivota koje kapitalizam iskori\u0161tava protiv \u017eena. Vrlo mi je zanimljivo ono \u0161to, na primjer, <strong>Leopoldina Fortunati<\/strong> govori o <em>tradwives<\/em>, \u017eenama koje ostaju kod ku\u0107e i brinu o porodici. \u017denama jednostavno nije ostalo puno opcija. Feministi\u010dki pokret je nekako previdio kampanju &#8220;Wages for Housework&#8221; (Nadnice za ku\u0107anski rad). Ljevica se nije bavila time. \u017dene nisu vi\u0161e spremne da rade dupli posao, kako ka\u017ee moja mama, odnosno dva posla, jer se ku\u0107anski rad mora obavljati. Tako da je i <em>tradlife <\/em>samo posljedica nebavljenja tim problemom. Dr\u017eava je previ\u0161e zauzeta nasiljem i ratovima da bi se bavila \u017eenama.<\/p>\n<figure id=\"attachment_8645\" aria-describedby=\"caption-attachment-8645\" style=\"width: 2560px\" class=\"wp-caption alignnone\"><img loading=\"lazy\" decoding=\"async\" class=\"wp-image-8645 size-full\" src=\"https:\/\/sdf.hr\/wp-content\/uploads\/2026\/04\/Gacanin4_Amina-Imamovic-scaled.jpg\" alt=\"\" width=\"2560\" height=\"1707\" srcset=\"https:\/\/sdf.hr\/wp-content\/uploads\/2026\/04\/Gacanin4_Amina-Imamovic-scaled.jpg 2560w, https:\/\/sdf.hr\/wp-content\/uploads\/2026\/04\/Gacanin4_Amina-Imamovic-300x200.jpg 300w, https:\/\/sdf.hr\/wp-content\/uploads\/2026\/04\/Gacanin4_Amina-Imamovic-1024x683.jpg 1024w, https:\/\/sdf.hr\/wp-content\/uploads\/2026\/04\/Gacanin4_Amina-Imamovic-768x512.jpg 768w, https:\/\/sdf.hr\/wp-content\/uploads\/2026\/04\/Gacanin4_Amina-Imamovic-1536x1024.jpg 1536w, https:\/\/sdf.hr\/wp-content\/uploads\/2026\/04\/Gacanin4_Amina-Imamovic-2048x1365.jpg 2048w\" sizes=\"auto, (max-width: 2560px) 100vw, 2560px\" \/><figcaption id=\"caption-attachment-8645\" class=\"wp-caption-text\">Alma Ga\u010danin (Foto: Amina Imamovi\u0107)<\/figcaption><\/figure>\n<p><strong>Ako se uop\u0107e mo\u017ee govoriti o njemu mimo institucionalnog i medijskog pozicioniranja i financijske stabilnosti, \u0161to bi za vas privatno bio umjetni\u010dki uspjeh?<\/strong><\/p>\n<p>Uvijek sam smatrala da je to kad uspije\u0161 izgraditi likovnu praksu koja je autenti\u010dna koliko god mo\u017ee biti, odraz \u017eivota umjetnice. Svi mi stojimo na le\u0111ima divova, nismo ni\u0161ta izmislili, ali mislim da je va\u017eno govoriti istinu i \u017eivjeti je kroz umjetnost. Ali znamo da su parametri po kojima se mjeri uspjeh danas potpuno druga\u010diji.<\/p>\n<p><strong>Kad ve\u0107 ma\u0161tamo o autenti\u010dnosti, mo\u017eemo i o poslu iz snova. \u0160to bi bio dobar posao, odnosno dobra radna pozicija umjetnice danas?<\/strong><\/p>\n<p>Realno, univerzalni temeljni dohodak. Imam status samostalne istaknute umjetnice i s njim imam pla\u0107eno zdravstveno i penziono osiguranje. Pa zar to ne bi trebalo biti pravo svake osobe, da u\u017eiva neka osnovna prava? Za\u0161to sam ja tu poziciju morala izboriti svojom istaknuto\u0161\u0107u? Ali pritom, ja dok u\u017eivam taj status ne smijem zaraditi vi\u0161e od dvije godi\u0161nje prosje\u010dne plate i ne smijem boraviti vi\u0161e od \u0161est mjeseci u inostranstvu, tako da on ograni\u010dava koliko i poma\u017ee. Univerzalni temeljni dohodak za sve ljude osigurao bi svim radnicima i radnicama ono esencijalno. Ne bi imali pritisak i mogli bi da \u017eive od svog rada. Umjetnici bi mogli da rade u studiju i da povremeno prave izlo\u017ebe. Sad iz nu\u017ede stalno ne\u0161to produciramo, ali je li to realno i da li stvarno i umjetnici i mi svi imamo potrebu za tolikim radovima, za toliko skulptura, slika, umjetni\u010dkih sajmova koje ni sami umjetnici ne mogu sve procesuirati? Kome sve to toliko treba?<\/p>\n<p><strong>Sami ste kazali da se hiperproducira iz nu\u017ede. Od premalih honorara te\u0161ko se pla\u0107a stanarina.<\/strong><\/p>\n<p>Ba\u0161 sam neki dan \u010ditala \u010dlanak <strong>Josha Klinea<\/strong> o tome kako cijene i dostupnost nekretnina strukturno uvjetuju \u017eivot umjetnika u New Yorku. Isti\u010de da se u umjetni\u010dkom svijetu vrlo malo govori o klasi i klasnim problemima, ali da ga to pritom uop\u0107e ne \u010dudi jer je taj svijet totalno odvojen od stvarnosti. On je dekoracija kojoj pristup imaju samo oni koji pripadaju dovoljno privilegiranim klasama.<\/p>\n<p><strong>Vjerujem da malo umjetnika u Sarajevu koji \u017eive od projekta do projekta imaju rije\u0161eno stambeno pitanje, a pretpostavljam da nemaju ni adekvatne prostore za rad?<\/strong><\/p>\n<p>U Sarajevu je puno praznih stanova i poslovnih prostora. Ali nitko nema viziju odnosno ne smatra da je uop\u0161te va\u017eno da umjetnicima da neke prostore za rad jer mislim da se na umjetnost ovdje jo\u0161 ne gleda kao na rad, nego kao na hobi. Za mene bi najvi\u0161e imalo smisla da se mogu posvetiti praksi u studiju i tome te\u017eim, ali za to bi mi trebala neka stabilnost i da ne putujem toliko. U polju umjetnosti ljudi stalno negdje idu jer se tako stvaraju konekcije i putovanje se predstavlja kao uspjeh.<\/p>\n<p><strong>Fotografije koje prate ovaj intervju snimljene su u studiju koji Vam solidarno ustupa feministi\u010dka organizacija Crvena. Njihova ste \u010dlanica i drugarica. \u0160to vam to donosi osim krova nad glavom za va\u0161e radove?<\/strong><\/p>\n<p>Od drugarica iz Crvene sam dosta nau\u010dila, prije svega od <strong>Andreje <\/strong>i<strong> Danijele Dugand\u017ei\u0107<\/strong>. Njihovo iskustvo s feminizmom, aktivizmom i radom u kulturi je bilo jako va\u017eno za mene. Bile su mi ogromna podr\u0161ka od samog po\u010detka i validirale moj rad uvijek kad mi je bilo krucijalno da on bude validiran. Feministi\u010dka solidarnost je jedna od najva\u017enijih stvari. Drugarice op\u0107enito su mo\u017eda ne\u0161to najbolje \u0161to imamo. To me doslovno odr\u017eava na \u017eivotu u svim krizama.<\/p>\n<p><strong>Vrijeme nam je na\u017ealost iscurilo, moramo zavr\u0161iti. \u0160to smo propustile i, da ne ispustim ni pitanje kojim uvijek zaklju\u010dimo intervju, \u0161to vam daje nadu?<\/strong><\/p>\n<p>Pa evo u ovih sat i pol koliko razgovaramo nismo stigle spomenuti Palestinu. Svaki dan razmi\u0161ljam o otporu i Palestini, bez koje nema antifa\u0161izma. Nadu mi daje vjera da se mo\u017ee ostvariti neka vanzemaljska pravda za sve narode koji pate, za Iran, za Palestinu prije svega. Ali, s druge strane, nadu mi zaista ipak najvi\u0161e daju drugarice i razgovor s njima i mojom mamom. Tako nikad nisam sama.<\/p>\n<p><em>razgovor vodila Dunja Ku\u010dinac<\/em><\/p>\n","protected":false},"excerpt":{"rendered":"<p>Uvijek sam mislila da je lijepa umjetnost ne\u0161to \u0161to pripada privilegiranima i da ja treba da se pozabavim ru\u017eno\u0107om i suo\u010dim s time od \u010dega bje\u017eim. Nakon nekog vremena sam shvatila da ne moram konstantno biti u borbenoj poziciji<\/p>\n","protected":false},"featured_media":8640,"template":"","tags":[29,173],"atribut":[15],"class_list":["post-8647","nada","type-nada","status-publish","has-post-thumbnail","hentry","tag-intervju","tag-intervju-2-hr","atribut-izdvojeno-hr"],"acf":[],"yoast_head":"<!-- This site is optimized with the Yoast SEO plugin v27.4 - https:\/\/yoast.com\/product\/yoast-seo-wordpress\/ -->\n<title>Alma Ga\u010danin: \u017divot nije kurirani sadr\u017eaj na Instagramu - SDF - Srpski demokratski forum<\/title>\n<meta name=\"robots\" content=\"index, follow, max-snippet:-1, max-image-preview:large, max-video-preview:-1\" \/>\n<link rel=\"canonical\" href=\"https:\/\/sdf.hr\/nada\/alma-gacanin-zivot-nije-kurirani-sadrzaj-na-instagramu\/\" \/>\n<meta property=\"og:locale\" content=\"hr_HR\" \/>\n<meta property=\"og:type\" content=\"article\" \/>\n<meta property=\"og:title\" content=\"Alma Ga\u010danin: \u017divot nije kurirani sadr\u017eaj na Instagramu - SDF - Srpski demokratski forum\" \/>\n<meta property=\"og:description\" content=\"Uvijek sam mislila da je lijepa umjetnost ne\u0161to \u0161to pripada privilegiranima i da ja treba da se pozabavim ru\u017eno\u0107om i suo\u010dim s time od \u010dega bje\u017eim. Nakon nekog vremena sam shvatila da ne moram konstantno biti u borbenoj poziciji\" \/>\n<meta property=\"og:url\" content=\"https:\/\/sdf.hr\/nada\/alma-gacanin-zivot-nije-kurirani-sadrzaj-na-instagramu\/\" \/>\n<meta property=\"og:site_name\" content=\"SDF - Srpski demokratski forum\" \/>\n<meta property=\"og:image\" content=\"https:\/\/sdf.hr\/wp-content\/uploads\/2026\/04\/Gacanin1_Amina-Imamovic-scaled.jpg\" \/>\n\t<meta property=\"og:image:width\" content=\"2560\" \/>\n\t<meta property=\"og:image:height\" content=\"1707\" \/>\n\t<meta property=\"og:image:type\" content=\"image\/jpeg\" \/>\n<meta name=\"twitter:card\" content=\"summary_large_image\" \/>\n<meta name=\"twitter:label1\" content=\"Procijenjeno vrijeme \u010ditanja\" \/>\n\t<meta name=\"twitter:data1\" content=\"13 minuta\" \/>\n<script type=\"application\/ld+json\" class=\"yoast-schema-graph\">{\"@context\":\"https:\\\/\\\/schema.org\",\"@graph\":[{\"@type\":\"WebPage\",\"@id\":\"https:\\\/\\\/sdf.hr\\\/nada\\\/alma-gacanin-zivot-nije-kurirani-sadrzaj-na-instagramu\\\/\",\"url\":\"https:\\\/\\\/sdf.hr\\\/nada\\\/alma-gacanin-zivot-nije-kurirani-sadrzaj-na-instagramu\\\/\",\"name\":\"Alma Ga\u010danin: \u017divot nije kurirani sadr\u017eaj na Instagramu - SDF - Srpski demokratski forum\",\"isPartOf\":{\"@id\":\"https:\\\/\\\/sdf.hr\\\/#website\"},\"primaryImageOfPage\":{\"@id\":\"https:\\\/\\\/sdf.hr\\\/nada\\\/alma-gacanin-zivot-nije-kurirani-sadrzaj-na-instagramu\\\/#primaryimage\"},\"image\":{\"@id\":\"https:\\\/\\\/sdf.hr\\\/nada\\\/alma-gacanin-zivot-nije-kurirani-sadrzaj-na-instagramu\\\/#primaryimage\"},\"thumbnailUrl\":\"https:\\\/\\\/sdf.hr\\\/wp-content\\\/uploads\\\/2026\\\/04\\\/Gacanin1_Amina-Imamovic-scaled.jpg\",\"datePublished\":\"2026-04-26T05:38:49+00:00\",\"breadcrumb\":{\"@id\":\"https:\\\/\\\/sdf.hr\\\/nada\\\/alma-gacanin-zivot-nije-kurirani-sadrzaj-na-instagramu\\\/#breadcrumb\"},\"inLanguage\":\"hr\",\"potentialAction\":[{\"@type\":\"ReadAction\",\"target\":[\"https:\\\/\\\/sdf.hr\\\/nada\\\/alma-gacanin-zivot-nije-kurirani-sadrzaj-na-instagramu\\\/\"]}]},{\"@type\":\"ImageObject\",\"inLanguage\":\"hr\",\"@id\":\"https:\\\/\\\/sdf.hr\\\/nada\\\/alma-gacanin-zivot-nije-kurirani-sadrzaj-na-instagramu\\\/#primaryimage\",\"url\":\"https:\\\/\\\/sdf.hr\\\/wp-content\\\/uploads\\\/2026\\\/04\\\/Gacanin1_Amina-Imamovic-scaled.jpg\",\"contentUrl\":\"https:\\\/\\\/sdf.hr\\\/wp-content\\\/uploads\\\/2026\\\/04\\\/Gacanin1_Amina-Imamovic-scaled.jpg\",\"width\":2560,\"height\":1707,\"caption\":\"Alma Ga\u010danin (Foto: Amina Imamovi\u0107)\"},{\"@type\":\"BreadcrumbList\",\"@id\":\"https:\\\/\\\/sdf.hr\\\/nada\\\/alma-gacanin-zivot-nije-kurirani-sadrzaj-na-instagramu\\\/#breadcrumb\",\"itemListElement\":[{\"@type\":\"ListItem\",\"position\":1,\"name\":\"Po\u010detna stranica\",\"item\":\"https:\\\/\\\/sdf.hr\\\/hr\\\/\"},{\"@type\":\"ListItem\",\"position\":2,\"name\":\"Nada\",\"item\":\"https:\\\/\\\/sdf.hr\\\/nada\\\/\"},{\"@type\":\"ListItem\",\"position\":3,\"name\":\"Alma Ga\u010danin: \u017divot nije kurirani sadr\u017eaj na Instagramu\"}]},{\"@type\":\"WebSite\",\"@id\":\"https:\\\/\\\/sdf.hr\\\/#website\",\"url\":\"https:\\\/\\\/sdf.hr\\\/\",\"name\":\"SDF - Srpski demokratski forum\",\"description\":\"Srpski demokratski forum\",\"publisher\":{\"@id\":\"https:\\\/\\\/sdf.hr\\\/#organization\"},\"potentialAction\":[{\"@type\":\"SearchAction\",\"target\":{\"@type\":\"EntryPoint\",\"urlTemplate\":\"https:\\\/\\\/sdf.hr\\\/?s={search_term_string}\"},\"query-input\":{\"@type\":\"PropertyValueSpecification\",\"valueRequired\":true,\"valueName\":\"search_term_string\"}}],\"inLanguage\":\"hr\"},{\"@type\":\"Organization\",\"@id\":\"https:\\\/\\\/sdf.hr\\\/#organization\",\"name\":\"SDF - Srpski demokratski forum\",\"url\":\"https:\\\/\\\/sdf.hr\\\/\",\"logo\":{\"@type\":\"ImageObject\",\"inLanguage\":\"hr\",\"@id\":\"https:\\\/\\\/sdf.hr\\\/#\\\/schema\\\/logo\\\/image\\\/\",\"url\":\"https:\\\/\\\/sdf.hr\\\/wp-content\\\/uploads\\\/2021\\\/07\\\/logo-hr.svg\",\"contentUrl\":\"https:\\\/\\\/sdf.hr\\\/wp-content\\\/uploads\\\/2021\\\/07\\\/logo-hr.svg\",\"width\":271,\"height\":100,\"caption\":\"SDF - Srpski demokratski forum\"},\"image\":{\"@id\":\"https:\\\/\\\/sdf.hr\\\/#\\\/schema\\\/logo\\\/image\\\/\"}}]}<\/script>\n<!-- \/ Yoast SEO plugin. -->","yoast_head_json":{"title":"Alma Ga\u010danin: \u017divot nije kurirani sadr\u017eaj na Instagramu - SDF - Srpski demokratski forum","robots":{"index":"index","follow":"follow","max-snippet":"max-snippet:-1","max-image-preview":"max-image-preview:large","max-video-preview":"max-video-preview:-1"},"canonical":"https:\/\/sdf.hr\/nada\/alma-gacanin-zivot-nije-kurirani-sadrzaj-na-instagramu\/","og_locale":"hr_HR","og_type":"article","og_title":"Alma Ga\u010danin: \u017divot nije kurirani sadr\u017eaj na Instagramu - SDF - Srpski demokratski forum","og_description":"Uvijek sam mislila da je lijepa umjetnost ne\u0161to \u0161to pripada privilegiranima i da ja treba da se pozabavim ru\u017eno\u0107om i suo\u010dim s time od \u010dega bje\u017eim. Nakon nekog vremena sam shvatila da ne moram konstantno biti u borbenoj poziciji","og_url":"https:\/\/sdf.hr\/nada\/alma-gacanin-zivot-nije-kurirani-sadrzaj-na-instagramu\/","og_site_name":"SDF - Srpski demokratski forum","og_image":[{"width":2560,"height":1707,"url":"https:\/\/sdf.hr\/wp-content\/uploads\/2026\/04\/Gacanin1_Amina-Imamovic-scaled.jpg","type":"image\/jpeg"}],"twitter_card":"summary_large_image","twitter_misc":{"Procijenjeno vrijeme \u010ditanja":"13 minuta"},"schema":{"@context":"https:\/\/schema.org","@graph":[{"@type":"WebPage","@id":"https:\/\/sdf.hr\/nada\/alma-gacanin-zivot-nije-kurirani-sadrzaj-na-instagramu\/","url":"https:\/\/sdf.hr\/nada\/alma-gacanin-zivot-nije-kurirani-sadrzaj-na-instagramu\/","name":"Alma Ga\u010danin: \u017divot nije kurirani sadr\u017eaj na Instagramu - SDF - Srpski demokratski forum","isPartOf":{"@id":"https:\/\/sdf.hr\/#website"},"primaryImageOfPage":{"@id":"https:\/\/sdf.hr\/nada\/alma-gacanin-zivot-nije-kurirani-sadrzaj-na-instagramu\/#primaryimage"},"image":{"@id":"https:\/\/sdf.hr\/nada\/alma-gacanin-zivot-nije-kurirani-sadrzaj-na-instagramu\/#primaryimage"},"thumbnailUrl":"https:\/\/sdf.hr\/wp-content\/uploads\/2026\/04\/Gacanin1_Amina-Imamovic-scaled.jpg","datePublished":"2026-04-26T05:38:49+00:00","breadcrumb":{"@id":"https:\/\/sdf.hr\/nada\/alma-gacanin-zivot-nije-kurirani-sadrzaj-na-instagramu\/#breadcrumb"},"inLanguage":"hr","potentialAction":[{"@type":"ReadAction","target":["https:\/\/sdf.hr\/nada\/alma-gacanin-zivot-nije-kurirani-sadrzaj-na-instagramu\/"]}]},{"@type":"ImageObject","inLanguage":"hr","@id":"https:\/\/sdf.hr\/nada\/alma-gacanin-zivot-nije-kurirani-sadrzaj-na-instagramu\/#primaryimage","url":"https:\/\/sdf.hr\/wp-content\/uploads\/2026\/04\/Gacanin1_Amina-Imamovic-scaled.jpg","contentUrl":"https:\/\/sdf.hr\/wp-content\/uploads\/2026\/04\/Gacanin1_Amina-Imamovic-scaled.jpg","width":2560,"height":1707,"caption":"Alma Ga\u010danin (Foto: Amina Imamovi\u0107)"},{"@type":"BreadcrumbList","@id":"https:\/\/sdf.hr\/nada\/alma-gacanin-zivot-nije-kurirani-sadrzaj-na-instagramu\/#breadcrumb","itemListElement":[{"@type":"ListItem","position":1,"name":"Po\u010detna stranica","item":"https:\/\/sdf.hr\/hr\/"},{"@type":"ListItem","position":2,"name":"Nada","item":"https:\/\/sdf.hr\/nada\/"},{"@type":"ListItem","position":3,"name":"Alma Ga\u010danin: \u017divot nije kurirani sadr\u017eaj na Instagramu"}]},{"@type":"WebSite","@id":"https:\/\/sdf.hr\/#website","url":"https:\/\/sdf.hr\/","name":"SDF - Srpski demokratski forum","description":"Srpski demokratski forum","publisher":{"@id":"https:\/\/sdf.hr\/#organization"},"potentialAction":[{"@type":"SearchAction","target":{"@type":"EntryPoint","urlTemplate":"https:\/\/sdf.hr\/?s={search_term_string}"},"query-input":{"@type":"PropertyValueSpecification","valueRequired":true,"valueName":"search_term_string"}}],"inLanguage":"hr"},{"@type":"Organization","@id":"https:\/\/sdf.hr\/#organization","name":"SDF - Srpski demokratski forum","url":"https:\/\/sdf.hr\/","logo":{"@type":"ImageObject","inLanguage":"hr","@id":"https:\/\/sdf.hr\/#\/schema\/logo\/image\/","url":"https:\/\/sdf.hr\/wp-content\/uploads\/2021\/07\/logo-hr.svg","contentUrl":"https:\/\/sdf.hr\/wp-content\/uploads\/2021\/07\/logo-hr.svg","width":271,"height":100,"caption":"SDF - Srpski demokratski forum"},"image":{"@id":"https:\/\/sdf.hr\/#\/schema\/logo\/image\/"}}]}},"_links":{"self":[{"href":"https:\/\/sdf.hr\/hr\/wp-json\/wp\/v2\/nada\/8647","targetHints":{"allow":["GET"]}}],"collection":[{"href":"https:\/\/sdf.hr\/hr\/wp-json\/wp\/v2\/nada"}],"about":[{"href":"https:\/\/sdf.hr\/hr\/wp-json\/wp\/v2\/types\/nada"}],"wp:featuredmedia":[{"embeddable":true,"href":"https:\/\/sdf.hr\/hr\/wp-json\/wp\/v2\/media\/8640"}],"wp:attachment":[{"href":"https:\/\/sdf.hr\/hr\/wp-json\/wp\/v2\/media?parent=8647"}],"wp:term":[{"taxonomy":"post_tag","embeddable":true,"href":"https:\/\/sdf.hr\/hr\/wp-json\/wp\/v2\/tags?post=8647"},{"taxonomy":"atribut","embeddable":true,"href":"https:\/\/sdf.hr\/hr\/wp-json\/wp\/v2\/atribut?post=8647"}],"curies":[{"name":"wp","href":"https:\/\/api.w.org\/{rel}","templated":true}]}}