{"id":881,"date":"2022-08-28T21:40:01","date_gmt":"2022-08-28T19:40:01","guid":{"rendered":"https:\/\/sdf.hr\/?post_type=nada&#038;p=881"},"modified":"2023-03-25T12:38:49","modified_gmt":"2023-03-25T11:38:49","slug":"jasenka-grujic-ginekologija-je-klerikalizirana","status":"publish","type":"nada","link":"https:\/\/sdf.hr\/hr\/nada\/jasenka-grujic-ginekologija-je-klerikalizirana\/","title":{"rendered":"Jasenka Gruji\u0107: Ginekologija je klerikalizirana"},"content":{"rendered":"<p>Jasenka Gruji\u0107 je specijalistkinja za ginekologiju i porodni\u0161tvo, koja se ve\u0107 pola stolje\u0107a bavi medicinom. Godinama je najglasnija lije\u010dnica koja u Hrvatskoj otvoreno i dosljedno zagovara pravo na poba\u010daj i regulaciju priziva savjesti. Gruji\u0107 je ro\u0111ena 1951. u obitelji lije\u010dnika u Zagrebu, a na Medicinskom fakultetu diplomirala je 1975. Prvih dvadeset godina karijere radila je u javnom zdravstvu, od po\u010detni\u010dkih godina koje je provela kao lije\u010dnica terenka u Ustanovi za hitnu pomo\u0107 do rada na Odjelu za planiranje obitelji Dje\u010dje bolnice u Klai\u0107evoj. Od 1994. po\u010dela je s radom u vlastitoj ginekolo\u0161koj ordinaciji u Zagrebu. U poliklinici na Gup\u010devoj zvijezdi pacijentice do\u010dekuje i danas, a \u0161irokog je osmijeha u nju primila i na\u0161u malu novinarsku svitu. Zbog ultrazvuka je soba u kojoj sjedimo uvijek u polumraku, pa takva ostaje i tijekom na\u0161eg razgovora. Umanjeni vizualni podra\u017eaji vode do toga da se jo\u0161 ja\u010de osjeti kako na stolu miri\u0161e odli\u010dna, jaka kava. Svoju \u0161alicu Gruji\u0107 tijekom razgovora ipak ne\u0107e ni dotaknuti. I u \u0161irokoj \u017eivotnoj slici i u ovom malom momentalnom kadru \u2013 previ\u0161e je zanesena da bi zastala.<\/p>\n<p><strong>Vratimo se na po\u010detku u 1970-e, kad ste diplomirali medicinu. \u0160to vas je vuklo ba\u0161 toj profesiji?<\/strong><\/p>\n<p>U gimnaziji me jako zanimala biologija, posebno biologija reprodukcije. Na medicinu sam se odlu\u010dila jer mi drugi put nije bio blizak, barem ne u toj mjeri. Moj tata Miroslav je bio poznati lije\u010dnik, kirurg traumatolog, koji je unio u mene ljubav za medicinu na na\u010din da je to poziv, a ne samo posao. Ne biste vjerovali, alternativa mi je bila gluma. U gimnaziji smo imali dramsku grupu u kojoj sam bila prili\u010dno uspje\u0161na pa su me pozvali na Akademiju. Jednom rije\u010dju, bila sam Antigona (smijeh). I tada sam voljela one \u017eene koje su htjele re\u0107i NE sustavu. Ipak je prevagnula medicina, koja je pro\u0161la glatko. Bio je to lijep studij i 1975. sam diplomirala.<\/p>\n<h3>Vidjela sam svaku uli\u010dicu<\/h3>\n<p><strong>Nakon toga ste radili kao lije\u010dnica terenka u Ustanovi za hitnu pomo\u0107?<\/strong><\/p>\n<p>Da, budu\u0107i da nisam mogla dobiti specijalizaciju odmah, radila sam pune \u010detiri godine terenski na Hitnoj. Tada sam zaista upoznala drugu stranu medalje gradskog \u017eivota. Mi smo intervenirali i po ku\u0107ama, u saobra\u0107ajnim nesre\u0107ama, kod samoubojstava, tu\u010dnjava itd. Imate bazi\u010dnu opremu, malo vremena, svoje znanje, i to je sve. Jedan vrlo te\u017eak posao, po meni i najte\u017ei u medicini. Sada je mo\u017eda druga\u010dije, jer postoje modernija prijevozna sredstva i modernija oprema, ali i dalje sigurno nije lako.<\/p>\n<p><strong>Ka\u017eete da ste tada upoznali drugu stranu grada. \u0160to je bilo na toj drugoj strani, \u0161to vas je najvi\u0161e iznenadilo?<\/strong><\/p>\n<p>Znala sam da u ovom gradu ima ljudi koji \u017eive jako dobro i onih koji \u017eive jako jadno. Pamtim jednu prostitutku koja je bila premla\u0107ena na Glavnom kolodvoru i mi smo do\u0161li na intervenciju. Le\u017eala je na podu, sva krvava. Uveli smo je u auto i pregledala sam je, napravili smo osnovne stvari. Ona je sjela i vozili smo je u bolnicu, da provjerimo ima li te\u017eih ozljeda. Bila je lijepa, mla\u0111a \u017eena. Ona je taj \u010das iz torbice izvadila malo ogledalo i pogledala se. Otvorila je usta i kad je shvatila da joj je onaj koji ju je mlatio izbio sve zube, u\u017easno se rasplakala. To su suze koje dan danas \u010dujem. Tada sam razmi\u0161ljala \u0161to je to za nju moralo zna\u010diti, ostati bez zuba. Vidjela sam u te \u010detiri godine svaki kvart, svaku uli\u010dicu grada. Upoznala sam i Struge, iza broja \u010detrdeset, gdje je bilo romsko naselje. Nigdje nisam vidjela toliko lijepe djece kao ondje.<\/p>\n<p><strong>Nakon toga ste dobili specijalizaciju u Vinogradskoj, dana\u0161njem KBC-u Sestre milosrdnice. Kakvo je to bilo iskustvo?<\/strong><\/p>\n<p>Tamo sam ispekla zanat, u jednom ugodnom kolektivu, s nekoliko vrsnih ginekologa i porodni\u010dara. Najvi\u0161e sam se bavila porodni\u0161tvom, ali sam radila i sve drugo. Na\u0161 \u0161ef je imao viziju da ginekolozi moraju znati sve, \u0161to je danas sa svim subspecijalizacijama te\u0161ko zamislivo. Tada je takav pristup imao nekih prednosti, a jedna je svakako to da smo, gdje god smo bili, morali redovito operirati, raditi sve klasi\u010dne ginekolo\u0161ke operacije. Kako nas nije bilo puno, radili smo i u ambulanti za ultrazvuk i u dje\u010djoj ambulanti koja je utemeljena prvo u Vinogradskoj.<\/p>\n<p><strong>Da pro\u0161irimo malo kontekst tog vremena \u2013 to je i doba kada je Jugoslavija usvojila Zakon o zdravstvenim mjerama za ostvarivanje prava na slobodno odlu\u010divanje o ra\u0111anju djece. Kako je tada izgledalo izvo\u0111enje poba\u010daja u Vinogradskoj i kako se generalno gledalo na poba\u010daj?<\/strong><\/p>\n<p>Taj odli\u010dni zakon je na snagu stupio 1978. godine, iako bi ga danas trebalo nadograditi zbog novih metoda izvo\u0111enja poba\u010daja i sl. I prije 1970-ih je bilo mogu\u0107e pobaciti, ali to nije bilo dobro regulirano. Svjedo\u010dila sam posljedicama kriminalnih poba\u010daja i nikada to ne\u0107u zaboraviti. To je u meni rodilo i spoznaju i otpor. Kad sam radila u Vinogradskoj, na odjelu su se svaki dan radili poba\u010daji i radila sam ih i ja. Ujutro bi na\u0161 \u0161ef napravio raspored operacija i de\u017eurstava u ambulantama, popis tko je od mla\u0111ih i starijih na poba\u010dajima. Tako smo se rotirali. Ne sje\u0107am se da je bilo ikakvog protivljenja toj praksi. Znam samo za jednu kolegicu koja je ve\u0107 bila oti\u0161la kad sam ja do\u0161la u bolnicu, a koja je rekla da ne \u017eeli raditi poba\u010daje. To joj je nekako tolerirano, iako se to izolirano protivljenje toleriralo s podsmijehom. U stilu \u2013 za\u0161to se baviti odre\u0111enim poslom ako ne \u017eeli\u0161 obavljati zahvat koji je sastavni dio tog posla.<\/p>\n<figure id=\"attachment_3068\" aria-describedby=\"caption-attachment-3068\" style=\"width: 2560px\" class=\"wp-caption alignnone\"><img loading=\"lazy\" decoding=\"async\" class=\"wp-image-3068 size-full\" src=\"https:\/\/sdf.hr\/wp-content\/uploads\/2022\/08\/Grujic2-1-scaled.jpg\" alt=\"\" width=\"2560\" height=\"1920\" srcset=\"https:\/\/sdf.hr\/wp-content\/uploads\/2022\/08\/Grujic2-1-scaled.jpg 2560w, https:\/\/sdf.hr\/wp-content\/uploads\/2022\/08\/Grujic2-1-300x225.jpg 300w, https:\/\/sdf.hr\/wp-content\/uploads\/2022\/08\/Grujic2-1-1024x768.jpg 1024w, https:\/\/sdf.hr\/wp-content\/uploads\/2022\/08\/Grujic2-1-768x576.jpg 768w, https:\/\/sdf.hr\/wp-content\/uploads\/2022\/08\/Grujic2-1-1536x1152.jpg 1536w, https:\/\/sdf.hr\/wp-content\/uploads\/2022\/08\/Grujic2-1-2048x1536.jpg 2048w\" sizes=\"auto, (max-width: 2560px) 100vw, 2560px\" \/><figcaption id=\"caption-attachment-3068\" class=\"wp-caption-text\">Foto: Davor Konjiku\u0161i\u0107<\/figcaption><\/figure>\n<p><strong>Radili ste i na Odjelu za planiranje obitelji 1990-ih u Klai\u0107evoj. Kako je funkcionirao taj odjel, \u0161to je sve uklju\u010divao rad s mladima?<\/strong><\/p>\n<p>Tada sam shvatila da su mladi nedovoljno educirani. Ali upravo su se kolegice koje su radile u tom Centru za planiranje obitelji, koji je utemeljila profesorica Bosiljka \u0160tampar, jako trudile da izlaze van, da idu u \u0161kole, da organiziraju predavanja o reproduktivnom zdravlju. Ono \u0161to sam shvatila kasnije kao poruku i \u0161to bi moralo biti i danas, a nije, jest to da su u takvu ustanovu mogle do\u0107i mlade djevojke bez uputnice. Direktno, bez znanja roditelja. Naravno da se zala\u017eem za to da mladi ljudi imaju dobar odnos s roditeljima i da im se mogu povjeriti, ali realitet je \u010desto druga\u010diji. Te su djevojke dolazile po kontracepciju, po mi\u0161ljenje, savjet. Bilo je i ozbiljnih situacija, bolova, endometrioze, tumora jajnika itd. Radile smo i istra\u017eivanja o prevalenciji kontracepcije, bio je to zaista dobar i ugodan kolektiv.<\/p>\n<h3>\u00a0Nedostaje mi rad u bolnici<\/h3>\n<p><strong>Kako je do\u0161lo do toga da ste pre\u0161li u privatnu praksu?<\/strong><\/p>\n<p>Moram priznati da mi nedostaje bolni\u010dki kontekst, ali na\u017ealost nije bilo mogu\u0107nosti da u njemu nastavim raditi. Kad ve\u0107 nisam imala priliku raditi dalje u bolnici, odlu\u010dila sam pokrenuti privatnu praksu, u \u010demu mi je financijski pomoglo puno prijatelja i za to \u0107u im uvijek biti zahvalna. Trudila sam se opremiti ordinaciju najbolje \u0161to sam mogla, i od 1994. radim sama. Iako, ovdje mogu re\u0107i, nakon tolikih godina provedenih u privatnom sektoru, uspore\u0111uju\u0107i ga s javnim, mislim da medicini uop\u0107e ne treba privatni sektor. Znam da je danas re\u0107i takvo ne\u0161to blasfemija, ali to zaista mislim. Naravno, govorim o javnom sustavu koji bi funkcionirao kako spada i u kojem bi lije\u010dnici bili pla\u0107eni adekvatno. Onda bi zaista mogli re\u0107i da je zdravstvo dostupno svima. Taj se socijalni aspekt uvijek mora uzeti u obzir. Bilo je pacijentica koje su meni dolazile, a da nisu imale novca da plate. Donijele bi ne\u0161to drugo, mo\u017eda kokicu ili jaja. To sam uvijek cijenila i iako od svog posla \u017eivim, nisam ga nikad gledala kao biznis, nego kao poziv.<\/p>\n<p><strong>Kao privatnica niste ovla\u0161teni za vr\u0161enje poba\u010daja, pa nakon bolni\u010dkog rada vi\u0161e ne obavljate taj zahvat. Kome \u0161aljete svoje pacijentice koje \u017eele pobaciti?<\/strong><\/p>\n<p>Pacijentice \u0161aljem u bolnice u koje imam povjerenja. Slala sam ih u Bre\u017eice, bolnicu u koju su nekad na\u0161e \u017eene odlazile ra\u0111ati jer je bila nova bolnica s modernim pristupom porodu. Slala sam ih i u Rijeku na medikamentozni poba\u010daj, za koji mi nije jasno za\u0161to je kod nas tako malo dostupan. Vjerojatno zbog nedostatka lije\u010dni\u010dkog iskustva s takvim praksama i op\u0107e klime prema poba\u010daju. Iskustvo se ne mo\u017ee ni stvarati ako ne po\u010dne\u0161 raditi odre\u0111enu proceduru. U drugim su se zemljama ve\u0107 davno prilagodili tim procedurama, Hrvatska je nevjerojatno nazadna po tom pitanju.<\/p>\n<p><strong>Kako je tolika razlika izme\u0111u Hrvatske i Slovenije kada su u pitanju oni koji se prizivaju na savjest? I u Sloveniji priziv postoji kao opcija, ali je jako rijetko prakticiran?<\/strong><\/p>\n<p>Masovniji oblik prizivanja savjesti u Hrvatskoj se pojavio tek 2000-ih. Bitan je tu bio i Zakon o lije\u010dni\u0161tvu iz 2003. koji je ozakonio prigovor savjesti u medicini. Imali smo tu nesre\u0107u da su na vode\u0107im pozicijama ljudi koji su bliski crkvenim promi\u0161ljanjima o poba\u010daju. Ginekologija je klerikalizirana. Imali smo i nalet desno konzervativnih, militantnih udruga, koje su dobro umre\u017eene, dobro financijski potkovane i imaju sna\u017ean utjecaj. Grozim se propagiranja ideja da su \u017eensko znanje i \u017eenski talenti svedeni samo na maj\u010dinstvo, to je u\u017easan gubitak za \u010ditavo dru\u0161tvo, za kompletne obitelji i za svaku \u017eenu ponaosob. Slovenci se isto izja\u0161njavaju kao katolici, ali o\u010dito je tamo druga\u010dija klima me\u0111u onima koji vode struku. \u010cini mi se da je \u017eelja kolega koji su vodili struku kod nas bila vi\u0161e da budu politi\u010dari, nego lije\u010dnici. Daleko sam danas od uvjeta da znam detalje o situaciji u javnozdravstvenim ustanovama, ali nemam nikakve dileme oko toga da poba\u010daj jednostavno mora biti dostupan.<\/p>\n<p><strong>\u010clanica ste Inicijative za regulaciju priziva savjesti i zala\u017eete se za javni registar priziva\u010da savjesti. Za\u0161to je registar bitan?<\/strong><\/p>\n<p>To nije nikakav priziv savjesti, to je odbijanje vr\u0161enja du\u017enosti i kao takvo bi trebalo biti sankcionirano. I glavne me\u0111unarodne rezolucije ka\u017eu da se dozvoljava prigovor savjesti, ali lije\u010dnik ne smije nametati svoj svjetonazor pacijentici. Dalje, mora se javno izjasniti da se i na \u0161to se priziva. Dalje, mora uputiti pacijenticu drugom lije\u010dniku, specijalistu iste struke, koji \u0107e obaviti zahvat. I dalje, ako je hitan slu\u010daj i nema nikoga drugog, taj lije\u010dnik ipak mora obaviti zahvat. Problem je kod nas u medicinskoj hijerarhiji i onima koji vode struku. Ministarstvo zdravstva mora imati te podatke da bi moglo organizirati posao, ispisati javno tko sve \u017eeli ili ne \u017eeli obavljati poba\u010daj i prema tome slo\u017eiti radne smjene i dostupnost lije\u010dnika. Ali i pobrinuti se za jo\u0161 jednu klju\u010dnu stvar, koja \u0107e tek do\u0107i na naplatu, a to je nedovoljna edukacija. Naime, lije\u010dnik u hitnoj situaciji mora znati obaviti neki zahvat, ginekolog mora znati izvr\u0161iti poba\u010daj ako je \u017eivot \u017eene u opasnosti. A kako \u0107e to znati ako ne stje\u010de iskustvo u obavljanju zahvata? Koliko sam vidjela programe iz specijalizacije ginekologije porodni\u0161tva, poba\u010daj u prvom trimestru nije obra\u0111en kako spada, a znam da mladi kolege ni iz prakse nemaju gdje nau\u010diti, s obzirom na to da se oko 60 posto lije\u010dnika priziva na savjest. Nove generacije su po tom pitanju nekompetentne i to je opasno. Sve se mo\u017ee promijeniti ako postoji volja, kao \u0161to sad postoji volja da medicinske ustanove budu baze Katoli\u010dkog fakulteta, a da ni ne znamo kakvi su to ugovori.<\/p>\n<figure id=\"attachment_3070\" aria-describedby=\"caption-attachment-3070\" style=\"width: 2560px\" class=\"wp-caption alignnone\"><img loading=\"lazy\" decoding=\"async\" class=\"wp-image-3070 size-full\" src=\"https:\/\/sdf.hr\/wp-content\/uploads\/2022\/08\/Grujic3-scaled.jpg\" alt=\"\" width=\"2560\" height=\"1920\" srcset=\"https:\/\/sdf.hr\/wp-content\/uploads\/2022\/08\/Grujic3-scaled.jpg 2560w, https:\/\/sdf.hr\/wp-content\/uploads\/2022\/08\/Grujic3-300x225.jpg 300w, https:\/\/sdf.hr\/wp-content\/uploads\/2022\/08\/Grujic3-1024x768.jpg 1024w, https:\/\/sdf.hr\/wp-content\/uploads\/2022\/08\/Grujic3-768x576.jpg 768w, https:\/\/sdf.hr\/wp-content\/uploads\/2022\/08\/Grujic3-1536x1152.jpg 1536w, https:\/\/sdf.hr\/wp-content\/uploads\/2022\/08\/Grujic3-2048x1536.jpg 2048w\" sizes=\"auto, (max-width: 2560px) 100vw, 2560px\" \/><figcaption id=\"caption-attachment-3070\" class=\"wp-caption-text\">Foto: Davor Konjiku\u0161i\u0107<\/figcaption><\/figure>\n<h3>Poba\u010daj treba biti javno financiran<\/h3>\n<p><strong>Kada govorimo o dostupnosti poba\u010daja, bitno je govoriti i o njegovoj cijeni. Primjerice, feministi\u010dki kolektiv fAKTIV godinama zagovara da poba\u010daj bude besplatan. \u0160to mislite o tom zahtjevu?<\/strong><\/p>\n<p>Sla\u017eem se, to bi bio prvi korak prema stabilizaciji ili normalizaciji situacije, pogotovo kad govorimo o vjerojatnosti odljeva u ilegalu. Ja nisam DORH, ne mogu to istra\u017eiti, ali katkada mi do\u0111u djeca sa zastra\u0161uju\u0107im pri\u010dama da ih ginekolog \u0161alje kolegi da im napravi poba\u010daj u kuhinji za jeftinu lovu, i sli\u010dne grozote i sramote. Poba\u010daj treba biti na teret zdravstvenog osiguranja, javno financiran. Tu se treba gurati i medikamentozni poba\u010daj, koji je financijski isplativiji, a za mnoge \u017eene i generalno prihvatljiviji. Dodatno, treba nagra\u0111ivati one lije\u010dnike i lije\u010dnice koji \u017eele pomo\u0107i \u017eenama. Treba re\u0107i i da kontracepcija kod nas zapravo nije potpuno dostupna jer nije besplatna. U Francuskoj je, primjerice, nedavno za mlade \u017eene osigurana besplatna kontracepcija, to je divno. HZZO kod nas participira za neke tablete, ali to je nedovoljno, pogotovo za mlade \u017eene i adolescentice, me\u0111u kojima iz godine u godinu raste broj poba\u010daja. Na\u0161 je posao aktivnije promovirati kontracepciju, promovirati slobodu, odgovornost i u\u017eitak.<\/p>\n<p><strong>Va\u017eno je dotaknuti se i pristupa LGBTIQ osobama pri ginekolo\u0161kim pregledima, odnosno uva\u017eavanju razli\u010ditih seksualnih iskustava koja ne potpadaju pod kategoriju penetrativnog seksa izme\u0111u mu\u0161karca i \u017eene, koji je glavna matrica informativnih razgovora ginekolo\u0161kih pregleda. Koliko se uop\u0107e ginekologija bavi tim iskustvima?<\/strong><\/p>\n<p>Kod nas je to vrlo slabo obuhva\u0107eno i pristup sigurno nije ba\u0161 inkluzivan. Tome se ne poklanja puno pa\u017enje, a sigurno dio tih ljudi u sustavu prolazi nezapa\u017eeno jer ne \u017eele biti stigmatizirani ili naprosto strahuju od povratne reakcije, \u0161to isto govori o tome koliko povjerenja ljudi osje\u0107aju u ordinacijama. Imam prili\u010dan broj pacijentica razli\u010ditih orijentacija i uvijek prilago\u0111avam pitanja i proceduru pregleda prema tim \u010dinjenicama, to je zaista najmanje \u0161to mogu u\u010diniti. I kad je oprema u pitanju \u2013 danas ipak postoje i raznoliki spekulumi, i mali i veliki, i metalni i plasti\u010dni. Uz pripremu i temeljni mir, sve mo\u017ee pro\u0107i dobro. Ta pitanja povjerenja i otvorenosti u kontekstu ginekologije nisu vezana samo uz razli\u010dite seksualne orijentacije. \u010cini mi se da je op\u0107enito neka vrsta nelagode, ali i trauma i straha vezana uz intimne sfere velikog broja ljudi, i zato su va\u017eni podr\u0161ka i razumijevanje ginekologa.<\/p>\n<p><strong>Kad uspore\u0111ujete glavne probleme s kojima ste se susretali prije 40-ak godina i probleme u praksi sada, postoje li neke zna\u010dajne razlike u razinama ugro\u017eenosti, dominantnim zdravstvenim pote\u0161ko\u0107ama?<\/strong><\/p>\n<p>Medicina ide zna\u010dajno naprijed. Nekada nismo toliku pa\u017enju obra\u0107ali na spolno prenosive bolesti, a danas svakako savjetujemo razli\u010dita testiranja. Ali bazi\u010dni posao je uvijek isti. Papa test je Papa test. Ostaje du\u017enost da kad vam pacijentica do\u0111e na preventivni pregled, da joj prvo pogledate spolovilo, to smo radili i tamo, i tada, i ovdje, i sada. Drugo, morate u\u0107i u rodnicu, pogledati vrat maternice, uzeti Papa test, to smo radili i tamo, i tada, i ovdje, i sada. Slijedi palpacija, da se vidi postoje li upalni procesi, i nakon toga jedna klju\u010dna razlika, a to je pregled ultrazvukom. Ultrazvuk je bitno pomaknuo kvalitetu ginekolo\u0161kog pregleda, na takav se tip pregleda prije moralo posebno dolaziti. Danas ga radim u sklopu redovnog ginekolo\u0161kog pregleda, \u0161to zna\u010dajno poma\u017ee jer vidimo strukturu jajnika, debljinu sluznice itd.<\/p>\n<p><strong>\u0160to ka\u017eete na one pri\u010de o ultrazvuku i tome kako su lije\u010dnici zbog te metode postali senzibiliziraniji za trudno\u0107u, odnosno za poimanje ploda?<\/strong><\/p>\n<p>Ima nekih koje to mo\u017eda mo\u017ee dirnuti ili fascinirati. Me\u0111utim, za to postoji na\u0161e medicinsko znanje, a znanje omogu\u0107uje da se distancira\u0161 od tog impulsa. To je znanje koje sa sobom nosi sigurnost i ono ka\u017ee da je jedno materijalno tkivo i organizam, a drugo osoba. Ne mo\u017eete razvijati osobnost ako neke strukture nisu razvijene. Treba znati da se spinotalami\u010dke strukture ne nalaze prije 20. tjedna, da prije 23. ili 24. tjedna nema mogu\u0107nosti pohranjivanja informacija u korteks, nema mogu\u0107nosti da plod ide prema svijesti i samosvijesti, onome \u0161to je klju\u010dno za ljudsko bi\u0107e.<\/p>\n<p><strong>Jedna ste od rijetkih, gotovo jedina lije\u010dnica, koja sustavno istupa o ovim pitanjima u javnosti. Je li vas to ko\u0161talo?<\/strong><\/p>\n<p>Slobodna sam, ali i izolirana. Oni koji su shvatili kako razmi\u0161ljam i kojima se to ne svi\u0111a jednostavno me se klone. Neugode i prijetnje nisam do\u017eivljavala. Nadam se da me ne\u0107e spaliti tu na Zvijezdi nakon ovog razgovora (smijeh).<\/p>\n<p><strong>Sedamdeset vam je godina, a i dalje se \u017eustro borite. \u0160to vam daje nadu?<\/strong><\/p>\n<p>Pro\u0161la sam rak dojke, imam i dijabetes, ali i dalje sam tu. Imam te dvije glavne ladice, u jednoj su moja djeca, u drugoj je moja ljubav. Ali te ladice stoje u ormaru koji je temelj i koji zna\u010di moju struku. Bez ove profesije se ne vidim i radit \u0107u dokle god je to pametno i odgovorno, dokle god mogu doprinijeti svojim pacijenticama i ovom dru\u0161tvu.<\/p>\n<p><em>razgovarala Ivana Peri\u0107<\/em><\/p>\n","protected":false},"excerpt":{"rendered":"<p>Grozim se propagiranja ideja da su \u017eensko znanje i \u017eenski talenti svedeni samo na maj\u010dinstvo, to je u\u017easan gubitak za \u010ditavo dru\u0161tvo, za kompletne obitelji i za svaku \u017eenu ponaosob<\/p>\n","protected":false},"featured_media":3065,"template":"","tags":[29],"atribut":[],"class_list":["post-881","nada","type-nada","status-publish","has-post-thumbnail","hentry","tag-intervju"],"acf":[],"yoast_head":"<!-- This site is optimized with the Yoast SEO plugin v27.4 - https:\/\/yoast.com\/product\/yoast-seo-wordpress\/ -->\n<title>Jasenka Gruji\u0107: Ginekologija je klerikalizirana - SDF - Srpski demokratski forum<\/title>\n<meta name=\"robots\" content=\"index, follow, max-snippet:-1, max-image-preview:large, max-video-preview:-1\" \/>\n<link rel=\"canonical\" href=\"https:\/\/sdf.hr\/hr\/nada\/jasenka-grujic-ginekologija-je-klerikalizirana\/\" \/>\n<meta property=\"og:locale\" content=\"hr_HR\" \/>\n<meta property=\"og:type\" content=\"article\" \/>\n<meta property=\"og:title\" content=\"Jasenka Gruji\u0107: Ginekologija je klerikalizirana - SDF - Srpski demokratski forum\" \/>\n<meta property=\"og:description\" content=\"Grozim se propagiranja ideja da su \u017eensko znanje i \u017eenski talenti svedeni samo na maj\u010dinstvo, to je u\u017easan gubitak za \u010ditavo dru\u0161tvo, za kompletne obitelji i za svaku \u017eenu ponaosob\" \/>\n<meta property=\"og:url\" content=\"https:\/\/sdf.hr\/hr\/nada\/jasenka-grujic-ginekologija-je-klerikalizirana\/\" \/>\n<meta property=\"og:site_name\" content=\"SDF - Srpski demokratski forum\" \/>\n<meta property=\"article:modified_time\" content=\"2023-03-25T11:38:49+00:00\" \/>\n<meta property=\"og:image\" content=\"https:\/\/sdf.hr\/wp-content\/uploads\/2022\/08\/Grujic1-scaled.jpg\" \/>\n\t<meta property=\"og:image:width\" content=\"2560\" \/>\n\t<meta property=\"og:image:height\" content=\"1920\" \/>\n\t<meta property=\"og:image:type\" content=\"image\/jpeg\" \/>\n<meta name=\"twitter:card\" content=\"summary_large_image\" \/>\n<meta name=\"twitter:label1\" content=\"Procijenjeno vrijeme \u010ditanja\" \/>\n\t<meta name=\"twitter:data1\" content=\"14 minuta\" \/>\n<script type=\"application\/ld+json\" class=\"yoast-schema-graph\">{\"@context\":\"https:\\\/\\\/schema.org\",\"@graph\":[{\"@type\":\"WebPage\",\"@id\":\"https:\\\/\\\/sdf.hr\\\/hr\\\/nada\\\/jasenka-grujic-ginekologija-je-klerikalizirana\\\/\",\"url\":\"https:\\\/\\\/sdf.hr\\\/hr\\\/nada\\\/jasenka-grujic-ginekologija-je-klerikalizirana\\\/\",\"name\":\"Jasenka Gruji\u0107: Ginekologija je klerikalizirana - SDF - Srpski demokratski forum\",\"isPartOf\":{\"@id\":\"https:\\\/\\\/sdf.hr\\\/#website\"},\"primaryImageOfPage\":{\"@id\":\"https:\\\/\\\/sdf.hr\\\/hr\\\/nada\\\/jasenka-grujic-ginekologija-je-klerikalizirana\\\/#primaryimage\"},\"image\":{\"@id\":\"https:\\\/\\\/sdf.hr\\\/hr\\\/nada\\\/jasenka-grujic-ginekologija-je-klerikalizirana\\\/#primaryimage\"},\"thumbnailUrl\":\"https:\\\/\\\/sdf.hr\\\/wp-content\\\/uploads\\\/2022\\\/08\\\/Grujic1-scaled.jpg\",\"datePublished\":\"2022-08-28T19:40:01+00:00\",\"dateModified\":\"2023-03-25T11:38:49+00:00\",\"breadcrumb\":{\"@id\":\"https:\\\/\\\/sdf.hr\\\/hr\\\/nada\\\/jasenka-grujic-ginekologija-je-klerikalizirana\\\/#breadcrumb\"},\"inLanguage\":\"hr\",\"potentialAction\":[{\"@type\":\"ReadAction\",\"target\":[\"https:\\\/\\\/sdf.hr\\\/hr\\\/nada\\\/jasenka-grujic-ginekologija-je-klerikalizirana\\\/\"]}]},{\"@type\":\"ImageObject\",\"inLanguage\":\"hr\",\"@id\":\"https:\\\/\\\/sdf.hr\\\/hr\\\/nada\\\/jasenka-grujic-ginekologija-je-klerikalizirana\\\/#primaryimage\",\"url\":\"https:\\\/\\\/sdf.hr\\\/wp-content\\\/uploads\\\/2022\\\/08\\\/Grujic1-scaled.jpg\",\"contentUrl\":\"https:\\\/\\\/sdf.hr\\\/wp-content\\\/uploads\\\/2022\\\/08\\\/Grujic1-scaled.jpg\",\"width\":2560,\"height\":1920,\"caption\":\"Foto: Davor Konjiku\u0161i\u0107\"},{\"@type\":\"BreadcrumbList\",\"@id\":\"https:\\\/\\\/sdf.hr\\\/hr\\\/nada\\\/jasenka-grujic-ginekologija-je-klerikalizirana\\\/#breadcrumb\",\"itemListElement\":[{\"@type\":\"ListItem\",\"position\":1,\"name\":\"Po\u010detna stranica\",\"item\":\"https:\\\/\\\/sdf.hr\\\/hr\\\/\"},{\"@type\":\"ListItem\",\"position\":2,\"name\":\"Nada\",\"item\":\"https:\\\/\\\/sdf.hr\\\/nada\\\/\"},{\"@type\":\"ListItem\",\"position\":3,\"name\":\"Jasenka Gruji\u0107: Ginekologija je klerikalizirana\"}]},{\"@type\":\"WebSite\",\"@id\":\"https:\\\/\\\/sdf.hr\\\/#website\",\"url\":\"https:\\\/\\\/sdf.hr\\\/\",\"name\":\"SDF - Srpski demokratski forum\",\"description\":\"Srpski demokratski forum\",\"publisher\":{\"@id\":\"https:\\\/\\\/sdf.hr\\\/#organization\"},\"potentialAction\":[{\"@type\":\"SearchAction\",\"target\":{\"@type\":\"EntryPoint\",\"urlTemplate\":\"https:\\\/\\\/sdf.hr\\\/?s={search_term_string}\"},\"query-input\":{\"@type\":\"PropertyValueSpecification\",\"valueRequired\":true,\"valueName\":\"search_term_string\"}}],\"inLanguage\":\"hr\"},{\"@type\":\"Organization\",\"@id\":\"https:\\\/\\\/sdf.hr\\\/#organization\",\"name\":\"SDF - Srpski demokratski forum\",\"url\":\"https:\\\/\\\/sdf.hr\\\/\",\"logo\":{\"@type\":\"ImageObject\",\"inLanguage\":\"hr\",\"@id\":\"https:\\\/\\\/sdf.hr\\\/#\\\/schema\\\/logo\\\/image\\\/\",\"url\":\"https:\\\/\\\/sdf.hr\\\/wp-content\\\/uploads\\\/2021\\\/07\\\/logo-hr.svg\",\"contentUrl\":\"https:\\\/\\\/sdf.hr\\\/wp-content\\\/uploads\\\/2021\\\/07\\\/logo-hr.svg\",\"width\":271,\"height\":100,\"caption\":\"SDF - Srpski demokratski forum\"},\"image\":{\"@id\":\"https:\\\/\\\/sdf.hr\\\/#\\\/schema\\\/logo\\\/image\\\/\"}}]}<\/script>\n<!-- \/ Yoast SEO plugin. -->","yoast_head_json":{"title":"Jasenka Gruji\u0107: Ginekologija je klerikalizirana - SDF - Srpski demokratski forum","robots":{"index":"index","follow":"follow","max-snippet":"max-snippet:-1","max-image-preview":"max-image-preview:large","max-video-preview":"max-video-preview:-1"},"canonical":"https:\/\/sdf.hr\/hr\/nada\/jasenka-grujic-ginekologija-je-klerikalizirana\/","og_locale":"hr_HR","og_type":"article","og_title":"Jasenka Gruji\u0107: Ginekologija je klerikalizirana - SDF - Srpski demokratski forum","og_description":"Grozim se propagiranja ideja da su \u017eensko znanje i \u017eenski talenti svedeni samo na maj\u010dinstvo, to je u\u017easan gubitak za \u010ditavo dru\u0161tvo, za kompletne obitelji i za svaku \u017eenu ponaosob","og_url":"https:\/\/sdf.hr\/hr\/nada\/jasenka-grujic-ginekologija-je-klerikalizirana\/","og_site_name":"SDF - Srpski demokratski forum","article_modified_time":"2023-03-25T11:38:49+00:00","og_image":[{"width":2560,"height":1920,"url":"https:\/\/sdf.hr\/wp-content\/uploads\/2022\/08\/Grujic1-scaled.jpg","type":"image\/jpeg"}],"twitter_card":"summary_large_image","twitter_misc":{"Procijenjeno vrijeme \u010ditanja":"14 minuta"},"schema":{"@context":"https:\/\/schema.org","@graph":[{"@type":"WebPage","@id":"https:\/\/sdf.hr\/hr\/nada\/jasenka-grujic-ginekologija-je-klerikalizirana\/","url":"https:\/\/sdf.hr\/hr\/nada\/jasenka-grujic-ginekologija-je-klerikalizirana\/","name":"Jasenka Gruji\u0107: Ginekologija je klerikalizirana - SDF - Srpski demokratski forum","isPartOf":{"@id":"https:\/\/sdf.hr\/#website"},"primaryImageOfPage":{"@id":"https:\/\/sdf.hr\/hr\/nada\/jasenka-grujic-ginekologija-je-klerikalizirana\/#primaryimage"},"image":{"@id":"https:\/\/sdf.hr\/hr\/nada\/jasenka-grujic-ginekologija-je-klerikalizirana\/#primaryimage"},"thumbnailUrl":"https:\/\/sdf.hr\/wp-content\/uploads\/2022\/08\/Grujic1-scaled.jpg","datePublished":"2022-08-28T19:40:01+00:00","dateModified":"2023-03-25T11:38:49+00:00","breadcrumb":{"@id":"https:\/\/sdf.hr\/hr\/nada\/jasenka-grujic-ginekologija-je-klerikalizirana\/#breadcrumb"},"inLanguage":"hr","potentialAction":[{"@type":"ReadAction","target":["https:\/\/sdf.hr\/hr\/nada\/jasenka-grujic-ginekologija-je-klerikalizirana\/"]}]},{"@type":"ImageObject","inLanguage":"hr","@id":"https:\/\/sdf.hr\/hr\/nada\/jasenka-grujic-ginekologija-je-klerikalizirana\/#primaryimage","url":"https:\/\/sdf.hr\/wp-content\/uploads\/2022\/08\/Grujic1-scaled.jpg","contentUrl":"https:\/\/sdf.hr\/wp-content\/uploads\/2022\/08\/Grujic1-scaled.jpg","width":2560,"height":1920,"caption":"Foto: Davor Konjiku\u0161i\u0107"},{"@type":"BreadcrumbList","@id":"https:\/\/sdf.hr\/hr\/nada\/jasenka-grujic-ginekologija-je-klerikalizirana\/#breadcrumb","itemListElement":[{"@type":"ListItem","position":1,"name":"Po\u010detna stranica","item":"https:\/\/sdf.hr\/hr\/"},{"@type":"ListItem","position":2,"name":"Nada","item":"https:\/\/sdf.hr\/nada\/"},{"@type":"ListItem","position":3,"name":"Jasenka Gruji\u0107: Ginekologija je klerikalizirana"}]},{"@type":"WebSite","@id":"https:\/\/sdf.hr\/#website","url":"https:\/\/sdf.hr\/","name":"SDF - Srpski demokratski forum","description":"Srpski demokratski forum","publisher":{"@id":"https:\/\/sdf.hr\/#organization"},"potentialAction":[{"@type":"SearchAction","target":{"@type":"EntryPoint","urlTemplate":"https:\/\/sdf.hr\/?s={search_term_string}"},"query-input":{"@type":"PropertyValueSpecification","valueRequired":true,"valueName":"search_term_string"}}],"inLanguage":"hr"},{"@type":"Organization","@id":"https:\/\/sdf.hr\/#organization","name":"SDF - Srpski demokratski forum","url":"https:\/\/sdf.hr\/","logo":{"@type":"ImageObject","inLanguage":"hr","@id":"https:\/\/sdf.hr\/#\/schema\/logo\/image\/","url":"https:\/\/sdf.hr\/wp-content\/uploads\/2021\/07\/logo-hr.svg","contentUrl":"https:\/\/sdf.hr\/wp-content\/uploads\/2021\/07\/logo-hr.svg","width":271,"height":100,"caption":"SDF - Srpski demokratski forum"},"image":{"@id":"https:\/\/sdf.hr\/#\/schema\/logo\/image\/"}}]}},"_links":{"self":[{"href":"https:\/\/sdf.hr\/hr\/wp-json\/wp\/v2\/nada\/881","targetHints":{"allow":["GET"]}}],"collection":[{"href":"https:\/\/sdf.hr\/hr\/wp-json\/wp\/v2\/nada"}],"about":[{"href":"https:\/\/sdf.hr\/hr\/wp-json\/wp\/v2\/types\/nada"}],"wp:featuredmedia":[{"embeddable":true,"href":"https:\/\/sdf.hr\/hr\/wp-json\/wp\/v2\/media\/3065"}],"wp:attachment":[{"href":"https:\/\/sdf.hr\/hr\/wp-json\/wp\/v2\/media?parent=881"}],"wp:term":[{"taxonomy":"post_tag","embeddable":true,"href":"https:\/\/sdf.hr\/hr\/wp-json\/wp\/v2\/tags?post=881"},{"taxonomy":"atribut","embeddable":true,"href":"https:\/\/sdf.hr\/hr\/wp-json\/wp\/v2\/atribut?post=881"}],"curies":[{"name":"wp","href":"https:\/\/api.w.org\/{rel}","templated":true}]}}