{"id":893,"date":"2022-08-28T21:56:24","date_gmt":"2022-08-28T19:56:24","guid":{"rendered":"https:\/\/sdf.hr\/?post_type=nada&#038;p=893"},"modified":"2023-03-25T12:30:14","modified_gmt":"2023-03-25T11:30:14","slug":"zene-za-promjene","status":"publish","type":"nada","link":"https:\/\/sdf.hr\/hr\/nada\/zene-za-promjene\/","title":{"rendered":"\u017dene za promjene"},"content":{"rendered":"<p>Kada se 2011. godine sa suprugom i troje maloljetne djece iz Banjaluke vratila u Uzdolje, rodno selo svog supruga, Radmila Beri\u0107 nije se mogla pomiriti sa jednim izborom koji je tada imala, da svi zajedno \u017eive od socijalne pomo\u0107i. Trebalo je uraditi ne\u0161to za sebe i svoju porodicu ali, kako ka\u017ee, u okviru zajednice u kojoj su \u017eeljeli ostaviti neki svoj trag. Iako je fakultetski obrazovana, po struci profesorica razredne nastave, za kratko vrijeme dobila je oko \u0161ezdeset odbijenica za posao i ni jednu priliku za isti u dr\u017eavnoj slu\u017ebi. Civilni sektor bio je jedina izvjesna opcija i prilika da se doka\u017ee po principu &#8220;koliko znate &#8211; toliko vrijedite&#8221;. Mogu\u0107nosti koje su se otvorile ulaskom Hrvatske u Evropsku uniju vidjela je kao plodno tlo za one koji razmi\u0161ljaju kako obezbjediti pristojne izvore prihoda sebi i drugima, ujedno rje\u0161avaju\u0107i niz socijalnih i egzistencijalnih problema u zajednici. Potreba za samozaposlenjem bila je i prvi motiv za osnivanje udru\u017eenja \u017dene kosovske doline u op\u0161tini Biskupija.<\/p>\n<p>\u2014 Kada se radi o radno sposobnim \u017eenama, situacija na podru\u010dju na\u0161e op\u0161tine u tom trenutku nije bila ba\u0161 sjajna. Do posla je bilo gotovo nemogu\u0107e do\u0107i, problema je bilo na svim poljima, a volja i \u017eelja da se to promjeni nikada nisu bile upitne. Po\u010detkom 2013. nas tri \u017eene do\u0161le smo na ideju da osnujemo udru\u017eenje kroz koje \u0107emo se zaposliti i tako rje\u0161avati goru\u0107e probleme u zajednici. Imale smo viziju i cilj, znanje koje smo do tada sticale, ali ne previ\u0161e iskustva za ono \u0161to nas je \u010dekalo. Tako je sve i po\u010delo, u skromnim uslovima koje smo stvorile u jednoj prostoriji ku\u0107e, uz radni stol i dje\u010dji ra\u010dunar koji smo imale na raspolaganju. Tu smo ostale dvije, tri godine, aplicirale na neke sitnije projekte. Tako smo s vremenom do\u0161le do onih ve\u0107ih i zahtjevnijih &#8211; prisje\u0107a se Radmila Beri\u0107 po\u010detaka rada udru\u017eenja.<\/p>\n<p>\u2014 Uz pomo\u0107 Op\u0161tine, ljudi iz dijaspore koji su prepoznali na\u0161e namjere i podr\u0161ku onih koji su nam se s vremenom priklju\u010divali, obnovile smo zgradu nekada\u0161nje osnovne \u0161kole u Ri\u0111anima i preselile se u multifunkcionalan prostor u kojem se sada nalazimo i koji nam daje mogu\u0107nosti da i dalje napredujemo &#8211; govori Radmila i dodaje da im je prvi uspjeh bio zapo\u0161ljavanje pet \u017eena sa podru\u010dja Biskupije na javnim radovima.<\/p>\n<p>Ono \u0161to se u tom trenutku nametnulo kao nasu\u0161na potreba u gotovo svakom od osam sela u sastavu op\u0161tine Biskupija jeste briga o stanovnicima tre\u0107e \u017eivotne dobi. Najve\u0107i broj njih, po Radmilinim rije\u010dima, \u017eivjeli su sami, nerijetko obremenjeni brojnim bolestima, nemo\u0107ni da odu do ljekara ili trgovine, uz brojne egzistencijalne te\u0161ko\u0107e sa kojima su se nosili. Uz sve to ve\u0107ina njih \u017eivjeli su sami, daleko od najbli\u017eih \u010dlanova porodice i o\u010diju onih koji bi se mogli ili trebali brinuti o njima. To je, ujedno, i odredilo smjernice djelovanje udru\u017eenja.<\/p>\n<figure id=\"attachment_3060\" aria-describedby=\"caption-attachment-3060\" style=\"width: 2560px\" class=\"wp-caption alignnone\"><img loading=\"lazy\" decoding=\"async\" class=\"wp-image-3060 size-full\" src=\"https:\/\/sdf.hr\/wp-content\/uploads\/2022\/08\/Beric-scaled.jpg\" alt=\"\" width=\"2560\" height=\"1920\" srcset=\"https:\/\/sdf.hr\/wp-content\/uploads\/2022\/08\/Beric-scaled.jpg 2560w, https:\/\/sdf.hr\/wp-content\/uploads\/2022\/08\/Beric-300x225.jpg 300w, https:\/\/sdf.hr\/wp-content\/uploads\/2022\/08\/Beric-1024x768.jpg 1024w, https:\/\/sdf.hr\/wp-content\/uploads\/2022\/08\/Beric-768x576.jpg 768w, https:\/\/sdf.hr\/wp-content\/uploads\/2022\/08\/Beric-1536x1152.jpg 1536w, https:\/\/sdf.hr\/wp-content\/uploads\/2022\/08\/Beric-2048x1536.jpg 2048w\" sizes=\"auto, (max-width: 2560px) 100vw, 2560px\" \/><figcaption id=\"caption-attachment-3060\" class=\"wp-caption-text\">Radmila Beri\u0107<\/figcaption><\/figure>\n<p>\u2014 Realizovale smo program &#8220;Pomo\u0107 u ku\u0107i&#8221; kroz koji u kontinuitetu zapo\u0161ljavamo \u017eene koje na dnevnom nivou brinu o svim starijim osobama na podru\u010dju Biskupije. Kroz svaki projekat &#8220;Za\u017eeli&#8221; uve\u0107avale smo tu brojku i \u0161irile polje djelovanja na susjedne op\u0161tine Ervenik i Kistanje. Preko tri stotine korisnika obuhvatale smo kroz razli\u010dite programe i ponosno ka\u017eem da smo, u odnosu na na\u0161e po\u010detke kada nijedna \u017eena nije bila zaposlena, uspjele do\u0107i do toga da danas nijedna \u017eena nije bez posla. Usto, nema starije, bolesne i nemo\u0107ne osobe koja nema adekvatnu njegu. Zahvaljuju\u0107i saradnji sa Pu\u010dkim otvorenim u\u010dili\u0161tem iz Knina, ve\u0107ini \u017eena omogu\u0107ile smo brojne edukacije, osposobljavanja za rad sa starijim osobama, ali i neke druge kurseve shodno njihovim afinitetima &#8211; navodi Radmila Beri\u0107.<\/p>\n<p>\u2014 Uspostavile smo dobru saradnju i komunikaciju sa brojnim ministarstvima, razli\u010ditim institucijama, organizacijama i pojedincima kako ovdje, tako i u Srbiji i zahvaljuju\u0107i tome uspjele na\u0161e ideje sprovesti u djelo. Otvorile smo poludnevni boravak za osobe starije od 65 godina u prostorijama udru\u017eenja, gdje smo im obezbjedile uslove za dru\u017eenje, osmislile razli\u010dite sadr\u017eaje i uz to osigurale dolazak medicinske sestre koja im redovno mjeri pritisak, \u0161e\u0107er u krvi, te fizioterapeuta koji im je na raspolaganju &#8211; dodaje ona, zadovoljno isti\u010du\u0107i kako nisu dozvolile ni da ih pandemija u tome ograni\u010di.<\/p>\n<p>Naprotiv, prilagodile su se novonastaloj situaciji i realizovale rad kuhinje na koju su posebno ponosne. Naime, zahvaljuju\u0107i pomo\u0107i Op\u0161tine Biskupija u prostorijama udru\u017eenja kompletno je ure\u0111ena i osposobljena kuhinja u kojoj se svakodnevno priprema vi\u0161e od dvadeset obroka za one kojima je to, po procjeni gerontodoma\u0107ica, najpotrebnije, ali sa tendencijom da se ta praksa u budu\u0107nosti pro\u0161iri. Kroz trogodi\u0161nji period realizacije programa osigurale su sredstva za nabavku namirnica, razvo\u017eenje hrane i plate za kuharicu i voza\u010da. U uslovima kada svoje korisnike nisu u mogu\u0107nosti dovoziti na dru\u017eenja i zajedni\u010dki ru\u010dak u prostorije udru\u017eenja, bri\u017eno pripremani, zdravi i topli kuvani obroci svakodnevno sti\u017eu na njihov ku\u0107ni prag. Ipak, briga o starijoj populaciji i njihovim potrebama nije jedina kada su u pitanju ove ambiciozne i vrijedne \u017eene.<\/p>\n<p>\u2014 Koliko smo osjetile dug da brinemo o najstarijima, toliko osje\u0107amo isti da brinemo o na\u0161oj djeci, jer na taj na\u010din \u017eelimo odr\u017eati \u017eivot u selu. Vi\u0161e od stotinu \u0111aka razli\u010ditih dobi nastojimo objediniti kroz razne projekte. Proteklih godina organizovale smo brojne radionice edukativnog karaktera, kampove za djecu kroz koje smo ih vodile da upoznaju gotovo sve ve\u0107e gradove u Hrvatskoj i pravoslavne hramove u Dalmaciji. Pokrenule smo &#8220;\u0160kolu srpske kulture&#8221; kroz koju \u017eelimo da na jedan druga\u010diji, kreativniji na\u010din djeci iz na\u0161e op\u0161tine pribli\u017eimo srpsku istoriju, kulturu, tradiciju i sve ono drugo \u0161to nemaju priliku da u\u010de u svojim \u0161kolama. U saradnji sa na\u0161im prijateljima koji su imali sluha za potrebe djece, vodile smo ih u Srbiju i \u010dak dva puta u Rusiju &#8211; nabraja nam predsjednica udru\u017eenja \u017dene kosovske doline.<\/p>\n<p>Uspjele su realizovati i \u0161tampanje prvih, lokalnih novina pod nazivom &#8220;Bac&#8217; de oko&#8221;, koje kompletno osmi\u0161ljavaju, pi\u0161u i ure\u0111uju djeca.<\/p>\n<p>\u2014 Njima smo pru\u017eile priliku da se doka\u017eu, da budu kreativni i vrijedni, da sami istra\u017euju kako se to nekada ovdje \u017eivjelo, kakvi su obi\u010daji po\u0161tovani, \u0161ta je to \u0161to je specifi\u010dno i zanimljivo a vezano za mjesto odakle poti\u010du. Novine se \u0161tampaju u tira\u017eu od 500 primjeraka, koliko je otprilike i doma\u0107instava u op\u0161tini, tako da svaka ku\u0107a ima svoj besplatan primjerak. Aktivno smo u\u010destvovale i u pripremama ure\u0111enja prvog vrti\u0107a na podru\u010dju na\u0161e op\u0161tine, koji \u0107e, nadamo se, do kraja ove godine biti u funkciji &#8211; navodi Radmila Beri\u0107, nagla\u0161avaju\u0107i kako su to samo neki od ve\u0107ih projekata na koje su ponosne.<\/p>\n<p>Brojnih dje\u010djih priredbi, predstava, takmi\u010denja i dru\u017eenja, kreativnih radionica, vi\u0161e od deset hiljada sati volonterskih akcija te\u0161ko se u trenutku mo\u017ee i sjetiti, ali zna da \u0107e istim tempom nastaviti i dalje, zarad dobrobiti zajednice i svih onih koji su odlu\u010dni ostati u svom kraju.<\/p>\n<p><em>pi\u0161e Vaska Radulovi\u0107<\/em><\/p>\n","protected":false},"excerpt":{"rendered":"<p>Udru\u017eenje \u017dene kosovske doline iz Biskupije ve\u0107 osam godina vodi brigu o najugro\u017eenijima. Od osnivanja pa do danas odrastaju s najmla\u0111ima i stare s onima kojima je samo\u0107a najve\u0107e breme<\/p>\n","protected":false},"featured_media":3057,"template":"","tags":[130],"atribut":[],"class_list":["post-893","nada","type-nada","status-publish","has-post-thumbnail","hentry","tag-tema"],"acf":[],"yoast_head":"<!-- This site is optimized with the Yoast SEO plugin v27.4 - https:\/\/yoast.com\/product\/yoast-seo-wordpress\/ -->\n<title>\u017dene za promjene - SDF - Srpski demokratski forum<\/title>\n<meta name=\"robots\" content=\"index, follow, max-snippet:-1, max-image-preview:large, max-video-preview:-1\" \/>\n<link rel=\"canonical\" href=\"https:\/\/sdf.hr\/hr\/nada\/zene-za-promjene\/\" \/>\n<meta property=\"og:locale\" content=\"hr_HR\" \/>\n<meta property=\"og:type\" content=\"article\" \/>\n<meta property=\"og:title\" content=\"\u017dene za promjene - SDF - Srpski demokratski forum\" \/>\n<meta property=\"og:description\" content=\"Udru\u017eenje \u017dene kosovske doline iz Biskupije ve\u0107 osam godina vodi brigu o najugro\u017eenijima. Od osnivanja pa do danas odrastaju s najmla\u0111ima i stare s onima kojima je samo\u0107a najve\u0107e breme\" \/>\n<meta property=\"og:url\" content=\"https:\/\/sdf.hr\/hr\/nada\/zene-za-promjene\/\" \/>\n<meta property=\"og:site_name\" content=\"SDF - Srpski demokratski forum\" \/>\n<meta property=\"article:modified_time\" content=\"2023-03-25T11:30:14+00:00\" \/>\n<meta property=\"og:image\" content=\"https:\/\/sdf.hr\/wp-content\/uploads\/2022\/08\/Zene-1-scaled.jpg\" \/>\n\t<meta property=\"og:image:width\" content=\"2560\" \/>\n\t<meta property=\"og:image:height\" content=\"1703\" \/>\n\t<meta property=\"og:image:type\" content=\"image\/jpeg\" \/>\n<meta name=\"twitter:card\" content=\"summary_large_image\" \/>\n<meta name=\"twitter:label1\" content=\"Procijenjeno vrijeme \u010ditanja\" \/>\n\t<meta name=\"twitter:data1\" content=\"6 minuta\" \/>\n<script type=\"application\/ld+json\" class=\"yoast-schema-graph\">{\"@context\":\"https:\\\/\\\/schema.org\",\"@graph\":[{\"@type\":\"WebPage\",\"@id\":\"https:\\\/\\\/sdf.hr\\\/hr\\\/nada\\\/zene-za-promjene\\\/\",\"url\":\"https:\\\/\\\/sdf.hr\\\/hr\\\/nada\\\/zene-za-promjene\\\/\",\"name\":\"\u017dene za promjene - SDF - Srpski demokratski forum\",\"isPartOf\":{\"@id\":\"https:\\\/\\\/sdf.hr\\\/#website\"},\"primaryImageOfPage\":{\"@id\":\"https:\\\/\\\/sdf.hr\\\/hr\\\/nada\\\/zene-za-promjene\\\/#primaryimage\"},\"image\":{\"@id\":\"https:\\\/\\\/sdf.hr\\\/hr\\\/nada\\\/zene-za-promjene\\\/#primaryimage\"},\"thumbnailUrl\":\"https:\\\/\\\/sdf.hr\\\/wp-content\\\/uploads\\\/2022\\\/08\\\/Zene-1-scaled.jpg\",\"datePublished\":\"2022-08-28T19:56:24+00:00\",\"dateModified\":\"2023-03-25T11:30:14+00:00\",\"breadcrumb\":{\"@id\":\"https:\\\/\\\/sdf.hr\\\/hr\\\/nada\\\/zene-za-promjene\\\/#breadcrumb\"},\"inLanguage\":\"hr\",\"potentialAction\":[{\"@type\":\"ReadAction\",\"target\":[\"https:\\\/\\\/sdf.hr\\\/hr\\\/nada\\\/zene-za-promjene\\\/\"]}]},{\"@type\":\"ImageObject\",\"inLanguage\":\"hr\",\"@id\":\"https:\\\/\\\/sdf.hr\\\/hr\\\/nada\\\/zene-za-promjene\\\/#primaryimage\",\"url\":\"https:\\\/\\\/sdf.hr\\\/wp-content\\\/uploads\\\/2022\\\/08\\\/Zene-1-scaled.jpg\",\"contentUrl\":\"https:\\\/\\\/sdf.hr\\\/wp-content\\\/uploads\\\/2022\\\/08\\\/Zene-1-scaled.jpg\",\"width\":2560,\"height\":1703,\"caption\":\"Vrijedne \u017eene kosovske doline\"},{\"@type\":\"BreadcrumbList\",\"@id\":\"https:\\\/\\\/sdf.hr\\\/hr\\\/nada\\\/zene-za-promjene\\\/#breadcrumb\",\"itemListElement\":[{\"@type\":\"ListItem\",\"position\":1,\"name\":\"Po\u010detna stranica\",\"item\":\"https:\\\/\\\/sdf.hr\\\/hr\\\/\"},{\"@type\":\"ListItem\",\"position\":2,\"name\":\"Nada\",\"item\":\"https:\\\/\\\/sdf.hr\\\/nada\\\/\"},{\"@type\":\"ListItem\",\"position\":3,\"name\":\"\u017dene za promjene\"}]},{\"@type\":\"WebSite\",\"@id\":\"https:\\\/\\\/sdf.hr\\\/#website\",\"url\":\"https:\\\/\\\/sdf.hr\\\/\",\"name\":\"SDF - Srpski demokratski forum\",\"description\":\"Srpski demokratski forum\",\"publisher\":{\"@id\":\"https:\\\/\\\/sdf.hr\\\/#organization\"},\"potentialAction\":[{\"@type\":\"SearchAction\",\"target\":{\"@type\":\"EntryPoint\",\"urlTemplate\":\"https:\\\/\\\/sdf.hr\\\/?s={search_term_string}\"},\"query-input\":{\"@type\":\"PropertyValueSpecification\",\"valueRequired\":true,\"valueName\":\"search_term_string\"}}],\"inLanguage\":\"hr\"},{\"@type\":\"Organization\",\"@id\":\"https:\\\/\\\/sdf.hr\\\/#organization\",\"name\":\"SDF - Srpski demokratski forum\",\"url\":\"https:\\\/\\\/sdf.hr\\\/\",\"logo\":{\"@type\":\"ImageObject\",\"inLanguage\":\"hr\",\"@id\":\"https:\\\/\\\/sdf.hr\\\/#\\\/schema\\\/logo\\\/image\\\/\",\"url\":\"https:\\\/\\\/sdf.hr\\\/wp-content\\\/uploads\\\/2021\\\/07\\\/logo-hr.svg\",\"contentUrl\":\"https:\\\/\\\/sdf.hr\\\/wp-content\\\/uploads\\\/2021\\\/07\\\/logo-hr.svg\",\"width\":271,\"height\":100,\"caption\":\"SDF - Srpski demokratski forum\"},\"image\":{\"@id\":\"https:\\\/\\\/sdf.hr\\\/#\\\/schema\\\/logo\\\/image\\\/\"}}]}<\/script>\n<!-- \/ Yoast SEO plugin. -->","yoast_head_json":{"title":"\u017dene za promjene - SDF - Srpski demokratski forum","robots":{"index":"index","follow":"follow","max-snippet":"max-snippet:-1","max-image-preview":"max-image-preview:large","max-video-preview":"max-video-preview:-1"},"canonical":"https:\/\/sdf.hr\/hr\/nada\/zene-za-promjene\/","og_locale":"hr_HR","og_type":"article","og_title":"\u017dene za promjene - SDF - Srpski demokratski forum","og_description":"Udru\u017eenje \u017dene kosovske doline iz Biskupije ve\u0107 osam godina vodi brigu o najugro\u017eenijima. Od osnivanja pa do danas odrastaju s najmla\u0111ima i stare s onima kojima je samo\u0107a najve\u0107e breme","og_url":"https:\/\/sdf.hr\/hr\/nada\/zene-za-promjene\/","og_site_name":"SDF - Srpski demokratski forum","article_modified_time":"2023-03-25T11:30:14+00:00","og_image":[{"width":2560,"height":1703,"url":"https:\/\/sdf.hr\/wp-content\/uploads\/2022\/08\/Zene-1-scaled.jpg","type":"image\/jpeg"}],"twitter_card":"summary_large_image","twitter_misc":{"Procijenjeno vrijeme \u010ditanja":"6 minuta"},"schema":{"@context":"https:\/\/schema.org","@graph":[{"@type":"WebPage","@id":"https:\/\/sdf.hr\/hr\/nada\/zene-za-promjene\/","url":"https:\/\/sdf.hr\/hr\/nada\/zene-za-promjene\/","name":"\u017dene za promjene - SDF - Srpski demokratski forum","isPartOf":{"@id":"https:\/\/sdf.hr\/#website"},"primaryImageOfPage":{"@id":"https:\/\/sdf.hr\/hr\/nada\/zene-za-promjene\/#primaryimage"},"image":{"@id":"https:\/\/sdf.hr\/hr\/nada\/zene-za-promjene\/#primaryimage"},"thumbnailUrl":"https:\/\/sdf.hr\/wp-content\/uploads\/2022\/08\/Zene-1-scaled.jpg","datePublished":"2022-08-28T19:56:24+00:00","dateModified":"2023-03-25T11:30:14+00:00","breadcrumb":{"@id":"https:\/\/sdf.hr\/hr\/nada\/zene-za-promjene\/#breadcrumb"},"inLanguage":"hr","potentialAction":[{"@type":"ReadAction","target":["https:\/\/sdf.hr\/hr\/nada\/zene-za-promjene\/"]}]},{"@type":"ImageObject","inLanguage":"hr","@id":"https:\/\/sdf.hr\/hr\/nada\/zene-za-promjene\/#primaryimage","url":"https:\/\/sdf.hr\/wp-content\/uploads\/2022\/08\/Zene-1-scaled.jpg","contentUrl":"https:\/\/sdf.hr\/wp-content\/uploads\/2022\/08\/Zene-1-scaled.jpg","width":2560,"height":1703,"caption":"Vrijedne \u017eene kosovske doline"},{"@type":"BreadcrumbList","@id":"https:\/\/sdf.hr\/hr\/nada\/zene-za-promjene\/#breadcrumb","itemListElement":[{"@type":"ListItem","position":1,"name":"Po\u010detna stranica","item":"https:\/\/sdf.hr\/hr\/"},{"@type":"ListItem","position":2,"name":"Nada","item":"https:\/\/sdf.hr\/nada\/"},{"@type":"ListItem","position":3,"name":"\u017dene za promjene"}]},{"@type":"WebSite","@id":"https:\/\/sdf.hr\/#website","url":"https:\/\/sdf.hr\/","name":"SDF - Srpski demokratski forum","description":"Srpski demokratski forum","publisher":{"@id":"https:\/\/sdf.hr\/#organization"},"potentialAction":[{"@type":"SearchAction","target":{"@type":"EntryPoint","urlTemplate":"https:\/\/sdf.hr\/?s={search_term_string}"},"query-input":{"@type":"PropertyValueSpecification","valueRequired":true,"valueName":"search_term_string"}}],"inLanguage":"hr"},{"@type":"Organization","@id":"https:\/\/sdf.hr\/#organization","name":"SDF - Srpski demokratski forum","url":"https:\/\/sdf.hr\/","logo":{"@type":"ImageObject","inLanguage":"hr","@id":"https:\/\/sdf.hr\/#\/schema\/logo\/image\/","url":"https:\/\/sdf.hr\/wp-content\/uploads\/2021\/07\/logo-hr.svg","contentUrl":"https:\/\/sdf.hr\/wp-content\/uploads\/2021\/07\/logo-hr.svg","width":271,"height":100,"caption":"SDF - Srpski demokratski forum"},"image":{"@id":"https:\/\/sdf.hr\/#\/schema\/logo\/image\/"}}]}},"_links":{"self":[{"href":"https:\/\/sdf.hr\/hr\/wp-json\/wp\/v2\/nada\/893","targetHints":{"allow":["GET"]}}],"collection":[{"href":"https:\/\/sdf.hr\/hr\/wp-json\/wp\/v2\/nada"}],"about":[{"href":"https:\/\/sdf.hr\/hr\/wp-json\/wp\/v2\/types\/nada"}],"wp:featuredmedia":[{"embeddable":true,"href":"https:\/\/sdf.hr\/hr\/wp-json\/wp\/v2\/media\/3057"}],"wp:attachment":[{"href":"https:\/\/sdf.hr\/hr\/wp-json\/wp\/v2\/media?parent=893"}],"wp:term":[{"taxonomy":"post_tag","embeddable":true,"href":"https:\/\/sdf.hr\/hr\/wp-json\/wp\/v2\/tags?post=893"},{"taxonomy":"atribut","embeddable":true,"href":"https:\/\/sdf.hr\/hr\/wp-json\/wp\/v2\/atribut?post=893"}],"curies":[{"name":"wp","href":"https:\/\/api.w.org\/{rel}","templated":true}]}}